{"version":"1.0","provider_name":"gijonbasket","provider_url":"https:\/\/gijonbasket.com\/en","author_name":"Cesar Morales","author_url":"https:\/\/gijonbasket.com\/en\/author\/cesar\/","title":"\u00d3liver Arteaga adi\u00f3s a la temporada - gijonbasket","type":"rich","width":600,"height":338,"html":"<blockquote class=\"wp-embedded-content\" data-secret=\"CouUk0k4Ku\"><a href=\"https:\/\/gijonbasket.com\/en\/2023\/04\/27\/oliver-arteaga-adios-a-la-temporada\/\">\u00d3liver Arteaga adi\u00f3s a la temporada<\/a><\/blockquote><iframe sandbox=\"allow-scripts\" security=\"restricted\" src=\"https:\/\/gijonbasket.com\/en\/2023\/04\/27\/oliver-arteaga-adios-a-la-temporada\/embed\/#?secret=CouUk0k4Ku\" width=\"600\" height=\"338\" title=\"&#8220;\u00d3liver Arteaga adi\u00f3s a la temporada&#8221; &#8212; gijonbasket\" data-secret=\"CouUk0k4Ku\" frameborder=\"0\" marginwidth=\"0\" marginheight=\"0\" scrolling=\"no\" class=\"wp-embedded-content\"><\/iframe><script>\n\/*! This file is auto-generated *\/\n!function(d,l){\"use strict\";l.querySelector&&d.addEventListener&&\"undefined\"!=typeof URL&&(d.wp=d.wp||{},d.wp.receiveEmbedMessage||(d.wp.receiveEmbedMessage=function(e){var t=e.data;if((t||t.secret||t.message||t.value)&&!\/[^a-zA-Z0-9]\/.test(t.secret)){for(var s,r,n,a=l.querySelectorAll('iframe[data-secret=\"'+t.secret+'\"]'),o=l.querySelectorAll('blockquote[data-secret=\"'+t.secret+'\"]'),c=new RegExp(\"^https?:$\",\"i\"),i=0;i<o.length;i++)o[i].style.display=\"none\";for(i=0;i<a.length;i++)s=a[i],e.source===s.contentWindow&&(s.removeAttribute(\"style\"),\"height\"===t.message?(1e3<(r=parseInt(t.value,10))?r=1e3:~~r<200&&(r=200),s.height=r):\"link\"===t.message&&(r=new URL(s.getAttribute(\"src\")),n=new URL(t.value),c.test(n.protocol))&&n.host===r.host&&l.activeElement===s&&(d.top.location.href=t.value))}},d.addEventListener(\"message\",d.wp.receiveEmbedMessage,!1),l.addEventListener(\"DOMContentLoaded\",function(){for(var e,t,s=l.querySelectorAll(\"iframe.wp-embedded-content\"),r=0;r<s.length;r++)(t=(e=s[r]).getAttribute(\"data-secret\"))||(t=Math.random().toString(36).substring(2,12),e.src+=\"#?secret=\"+t,e.setAttribute(\"data-secret\",t)),e.contentWindow.postMessage({message:\"ready\",secret:t},\"*\")},!1)))}(window,document);\n\/\/# sourceURL=https:\/\/gijonbasket.com\/wp-includes\/js\/wp-embed.min.js\n<\/script>","description":"Duro golpe para el Alimerka Oviedo Baloncesto, tras conocer el alcance exacto de la lesi\u00f3n de \u00d3liver Artega, lesionado el pasado viernes en la pista del HLA Alicante. El capit\u00e1n del conjunto carbay\u00f3n sufri\u00f3 una doble fractura en la meseta tibial de su rodilla derecha, con lo que se despide de la temporada. \u00d3liver Arteaga&hellip;&nbsp;Read More &raquo;"}