{"version":"1.0","provider_name":"gijonbasket","provider_url":"https:\/\/gijonbasket.com\/en","author_name":"Cesar Morales","author_url":"https:\/\/gijonbasket.com\/en\/author\/cesar\/","title":"Sasa Obradovic destituido en AS M\u00f3naco - gijonbasket","type":"rich","width":600,"height":338,"html":"<blockquote class=\"wp-embedded-content\" data-secret=\"DcytXjua0p\"><a href=\"https:\/\/gijonbasket.com\/en\/2024\/11\/19\/sasa-obradovic-destituido-en-as-monaco\/\">Sasa Obradovic destituido en AS M\u00f3naco<\/a><\/blockquote><iframe sandbox=\"allow-scripts\" security=\"restricted\" src=\"https:\/\/gijonbasket.com\/en\/2024\/11\/19\/sasa-obradovic-destituido-en-as-monaco\/embed\/#?secret=DcytXjua0p\" width=\"600\" height=\"338\" title=\"&#8220;Sasa Obradovic destituido en AS M\u00f3naco&#8221; &#8212; gijonbasket\" data-secret=\"DcytXjua0p\" frameborder=\"0\" marginwidth=\"0\" marginheight=\"0\" scrolling=\"no\" class=\"wp-embedded-content\"><\/iframe><script>\n\/*! This file is auto-generated *\/\n!function(d,l){\"use strict\";l.querySelector&&d.addEventListener&&\"undefined\"!=typeof URL&&(d.wp=d.wp||{},d.wp.receiveEmbedMessage||(d.wp.receiveEmbedMessage=function(e){var t=e.data;if((t||t.secret||t.message||t.value)&&!\/[^a-zA-Z0-9]\/.test(t.secret)){for(var s,r,n,a=l.querySelectorAll('iframe[data-secret=\"'+t.secret+'\"]'),o=l.querySelectorAll('blockquote[data-secret=\"'+t.secret+'\"]'),c=new RegExp(\"^https?:$\",\"i\"),i=0;i<o.length;i++)o[i].style.display=\"none\";for(i=0;i<a.length;i++)s=a[i],e.source===s.contentWindow&&(s.removeAttribute(\"style\"),\"height\"===t.message?(1e3<(r=parseInt(t.value,10))?r=1e3:~~r<200&&(r=200),s.height=r):\"link\"===t.message&&(r=new URL(s.getAttribute(\"src\")),n=new URL(t.value),c.test(n.protocol))&&n.host===r.host&&l.activeElement===s&&(d.top.location.href=t.value))}},d.addEventListener(\"message\",d.wp.receiveEmbedMessage,!1),l.addEventListener(\"DOMContentLoaded\",function(){for(var e,t,s=l.querySelectorAll(\"iframe.wp-embedded-content\"),r=0;r<s.length;r++)(t=(e=s[r]).getAttribute(\"data-secret\"))||(t=Math.random().toString(36).substring(2,12),e.src+=\"#?secret=\"+t,e.setAttribute(\"data-secret\",t)),e.contentWindow.postMessage({message:\"ready\",secret:t},\"*\")},!1)))}(window,document);\n\/\/# sourceURL=https:\/\/gijonbasket.com\/wp-includes\/js\/wp-embed.min.js\n<\/script>","description":"El AS M\u00f3naco anunci\u00f3 la destituci\u00f3n de Sasa Obradovic como t\u00e9cnico del conjunto monegasco. Sasa Obradovic, t\u00e9cnico serbio de 55 a\u00f1os, se hizo cargo del AS M\u00f3naco en diciembre de 2021. Campe\u00f3n Betclic Elite Pro A en las temporadas 2022\/2023 y 2023\/2024. Clasificaci\u00f3n para la Final Four de la Euroliga 2022\/2023. Esta temporada AS M\u00f3naco&hellip;&nbsp;Read More &raquo;"}