{"version":"1.0","provider_name":"gijonbasket","provider_url":"https:\/\/gijonbasket.com\/en","author_name":"Cesar Morales","author_url":"https:\/\/gijonbasket.com\/en\/author\/cesar\/","title":"Guillem Arcos segundo fichaje del C\u00edrculo Gij\u00f3n Baloncesto - gijonbasket","type":"rich","width":600,"height":338,"html":"<blockquote class=\"wp-embedded-content\" data-secret=\"jQhgtm3vZF\"><a href=\"https:\/\/gijonbasket.com\/en\/2025\/07\/31\/guillem-arcos-segundo-fichaje-del-circulo-gijon-baloncesto\/\">Guillem Arcos segundo fichaje del C\u00edrculo Gij\u00f3n Baloncesto<\/a><\/blockquote><iframe sandbox=\"allow-scripts\" security=\"restricted\" src=\"https:\/\/gijonbasket.com\/en\/2025\/07\/31\/guillem-arcos-segundo-fichaje-del-circulo-gijon-baloncesto\/embed\/#?secret=jQhgtm3vZF\" width=\"600\" height=\"338\" title=\"&#8220;Guillem Arcos segundo fichaje del C\u00edrculo Gij\u00f3n Baloncesto&#8221; &#8212; gijonbasket\" data-secret=\"jQhgtm3vZF\" frameborder=\"0\" marginwidth=\"0\" marginheight=\"0\" scrolling=\"no\" class=\"wp-embedded-content\"><\/iframe><script>\n\/*! This file is auto-generated *\/\n!function(d,l){\"use strict\";l.querySelector&&d.addEventListener&&\"undefined\"!=typeof URL&&(d.wp=d.wp||{},d.wp.receiveEmbedMessage||(d.wp.receiveEmbedMessage=function(e){var t=e.data;if((t||t.secret||t.message||t.value)&&!\/[^a-zA-Z0-9]\/.test(t.secret)){for(var s,r,n,a=l.querySelectorAll('iframe[data-secret=\"'+t.secret+'\"]'),o=l.querySelectorAll('blockquote[data-secret=\"'+t.secret+'\"]'),c=new RegExp(\"^https?:$\",\"i\"),i=0;i<o.length;i++)o[i].style.display=\"none\";for(i=0;i<a.length;i++)s=a[i],e.source===s.contentWindow&&(s.removeAttribute(\"style\"),\"height\"===t.message?(1e3<(r=parseInt(t.value,10))?r=1e3:~~r<200&&(r=200),s.height=r):\"link\"===t.message&&(r=new URL(s.getAttribute(\"src\")),n=new URL(t.value),c.test(n.protocol))&&n.host===r.host&&l.activeElement===s&&(d.top.location.href=t.value))}},d.addEventListener(\"message\",d.wp.receiveEmbedMessage,!1),l.addEventListener(\"DOMContentLoaded\",function(){for(var e,t,s=l.querySelectorAll(\"iframe.wp-embedded-content\"),r=0;r<s.length;r++)(t=(e=s[r]).getAttribute(\"data-secret\"))||(t=Math.random().toString(36).substring(2,12),e.src+=\"#?secret=\"+t,e.setAttribute(\"data-secret\",t)),e.contentWindow.postMessage({message:\"ready\",secret:t},\"*\")},!1)))}(window,document);\n\/\/# sourceURL=https:\/\/gijonbasket.com\/wp-includes\/js\/wp-embed.min.js\n<\/script>","description":"El C\u00edrculo Gij\u00f3n Baloncesto anunci\u00f3 el fichaje de Guillem Arcos para la pr\u00f3xima temporada. Escolta alicantino de 24 a\u00f1os y 1.93 m. procedente del Amics Castell\u00f3. Guillem Arcos coincidir\u00e1 en el C\u00edrculo Gij\u00f3n Baloncesto con Javi Men\u00e9ndez, que compartieron equipo la pasada temporada con el Amics Castell\u00f3, aunque no pudieron evitar la p\u00e9rdida de categor\u00eda&hellip;&nbsp;Read More &raquo;"}