{"id":172,"date":"2023-03-06T10:08:43","date_gmt":"2023-03-06T10:08:43","guid":{"rendered":"https:\/\/gijonbasket.com\/?page_id=172"},"modified":"2024-12-30T10:07:25","modified_gmt":"2024-12-30T09:07:25","slug":"archivo-noticias-2023","status":"publish","type":"page","link":"https:\/\/gijonbasket.com\/en\/archivo-noticias-2023\/","title":{"rendered":"Archivo Noticias 2023"},"content":{"rendered":"<div data-elementor-type=\"wp-page\" data-elementor-id=\"172\" class=\"elementor elementor-172\" data-elementor-post-type=\"page\">\n\t\t\t\t\t\t<section class=\"elementor-section elementor-top-section elementor-element elementor-element-5111e71 elementor-section-full_width elementor-section-height-default elementor-section-height-default\" data-id=\"5111e71\" data-element_type=\"section\" data-e-type=\"section\">\n\t\t\t\t\t\t<div class=\"elementor-container elementor-column-gap-default\">\n\t\t\t\t\t<div class=\"elementor-column elementor-col-16 elementor-top-column elementor-element elementor-element-2a2209d\" data-id=\"2a2209d\" data-element_type=\"column\" data-e-type=\"column\">\n\t\t\t<div class=\"elementor-widget-wrap elementor-element-populated\">\n\t\t\t\t\t\t<div class=\"elementor-element elementor-element-e4c3a36 elementor-widget elementor-widget-sidebar\" data-id=\"e4c3a36\" data-element_type=\"widget\" data-e-type=\"widget\" data-widget_type=\"sidebar.default\">\n\t\t\t\t<div class=\"elementor-widget-container\">\n\t\t\t\t\t\t\t<div id=\"sponsors_widget-3\" class=\"widget widget_sponsors_widget\">\t\t        <ul class=\"vertical\">\n\t\t\t\t\t\t\t                <li class=\"sponsors-item\">\n                                            <a href=\"https:\/\/zerocontrol.es\/\"  target=\"_blank\" rel=\"nofollow\" >\n                        <img fetchpriority=\"high\" decoding=\"async\" width=\"293\" height=\"300\" src=\"https:\/\/gijonbasket.com\/wp-content\/uploads\/2023\/03\/LogoZerotekCuadro.png\" class=\"attachment-medium size-medium wp-post-image\" alt=\"\" \/><\/a>                <\/li>\n\t\t\t\t\t\t\t                <li class=\"sponsors-item\">\n                                            <a href=\"https:\/\/zerotek.es\/\"  target=\"_blank\" rel=\"nofollow\" >\n                        <img fetchpriority=\"high\" decoding=\"async\" width=\"293\" height=\"300\" src=\"https:\/\/gijonbasket.com\/wp-content\/uploads\/2023\/03\/LogoZerotekCuadro.png\" class=\"attachment-medium size-medium wp-post-image\" alt=\"\" \/><\/a>                <\/li>\n\t\t\t        <\/ul>\n\t\t<\/div>\t\t\t\t\t\t<\/div>\n\t\t\t\t<\/div>\n\t\t\t\t\t<\/div>\n\t\t<\/div>\n\t\t\t\t<div class=\"elementor-column elementor-col-66 elementor-top-column elementor-element elementor-element-46bd785\" data-id=\"46bd785\" data-element_type=\"column\" data-e-type=\"column\">\n\t\t\t<div class=\"elementor-widget-wrap elementor-element-populated\">\n\t\t\t\t\t\t<div class=\"elementor-element elementor-element-8893641 elementor-widget elementor-widget-heading\" data-id=\"8893641\" data-element_type=\"widget\" data-e-type=\"widget\" data-widget_type=\"heading.default\">\n\t\t\t\t<div class=\"elementor-widget-container\">\n\t\t\t\t\t<h2 class=\"elementor-heading-title elementor-size-default\">Archivo 2023<\/h2>\t\t\t\t<\/div>\n\t\t\t\t<\/div>\n\t\t\t\t<div class=\"elementor-element elementor-element-9af9598 elementor-grid-3 elementor-grid-tablet-2 elementor-grid-mobile-1 elementor-posts--thumbnail-top elementor-posts--show-avatar elementor-card-shadow-yes elementor-posts__hover-gradient elementor-widget elementor-widget-posts\" data-id=\"9af9598\" data-element_type=\"widget\" data-e-type=\"widget\" data-settings=\"{&quot;cards_columns&quot;:&quot;3&quot;,&quot;cards_columns_tablet&quot;:&quot;2&quot;,&quot;cards_columns_mobile&quot;:&quot;1&quot;,&quot;cards_row_gap&quot;:{&quot;unit&quot;:&quot;px&quot;,&quot;size&quot;:35,&quot;sizes&quot;:[]},&quot;cards_row_gap_tablet&quot;:{&quot;unit&quot;:&quot;px&quot;,&quot;size&quot;:&quot;&quot;,&quot;sizes&quot;:[]},&quot;cards_row_gap_mobile&quot;:{&quot;unit&quot;:&quot;px&quot;,&quot;size&quot;:&quot;&quot;,&quot;sizes&quot;:[]}}\" data-widget_type=\"posts.cards\">\n\t\t\t\t<div class=\"elementor-widget-container\">\n\t\t\t\t\t\t\t<div class=\"elementor-posts-container elementor-posts elementor-posts--skin-cards elementor-grid\">\n\t\t\t\t<article class=\"elementor-post elementor-grid-item post-2462 post type-post status-publish format-standard hentry category-noticias\">\n\t\t\t<div class=\"elementor-post__card\">\n\t\t\t\t<div class=\"elementor-post__text\">\n\t\t\t\t<h2 class=\"elementor-post__title\">\n\t\t\t<a href=\"https:\/\/gijonbasket.com\/en\/2023\/12\/30\/alimerka-oviedo-baloncesto-uemc-real-valladolid-baloncesto-83-66\/\" >\n\t\t\t\tAlimerka Oviedo Baloncesto &#8211; UEMC Real Valladolid Baloncesto (83-66)\t\t\t<\/a>\n\t\t<\/h2>\n\t\t\t\t<div class=\"elementor-post__excerpt\">\n\t\t\t<p>Espectacular victoria del Alimerka Oviedo Baloncesto para cerrar 2023, cortando una racha de tres derrotas consecutivas y superar al UEMC Real Valladolid Baloncesto (83-66). UEMC<\/p>\n\t\t<\/div>\n\t\t\n\t\t<a class=\"elementor-post__read-more\" href=\"https:\/\/gijonbasket.com\/en\/2023\/12\/30\/alimerka-oviedo-baloncesto-uemc-real-valladolid-baloncesto-83-66\/\" aria-label=\"Read more about Alimerka Oviedo Baloncesto &#8211; UEMC Real Valladolid Baloncesto (83-66)\" tabindex=\"-1\" >\n\t\t\tRead more &#034;\t\t<\/a>\n\n\t\t\t\t<\/div>\n\t\t\t\t<div class=\"elementor-post__meta-data\">\n\t\t\t\t\t<span class=\"elementor-post-date\">\n\t\t\t30 de December de 2023\t\t<\/span>\n\t\t\t\t<\/div>\n\t\t\t\t\t<\/div>\n\t\t<\/article>\n\t\t\t\t<article class=\"elementor-post elementor-grid-item post-2460 post type-post status-publish format-standard hentry category-noticias\">\n\t\t\t<div class=\"elementor-post__card\">\n\t\t\t\t<div class=\"elementor-post__text\">\n\t\t\t\t<h2 class=\"elementor-post__title\">\n\t\t\t<a href=\"https:\/\/gijonbasket.com\/en\/2023\/12\/30\/diego-ocampo-renovado-como-tecnico-del-grupo-ureta-tizona-burgos-por-tres-temporadas\/\" >\n\t\t\t\tDiego Ocampo renovado como t\u00e9cnico del Grupo Ureta Tizona Burgos por tres temporadas\t\t\t<\/a>\n\t\t<\/h2>\n\t\t\t\t<div class=\"elementor-post__excerpt\">\n\t\t\t<p>El Grupo Ureta Tizona Burgos oficializ\u00f3 la renovaci\u00f3n de su t\u00e9cnico Diego Ocampo hasta el final de la temporada 2026\/2027. El conjunto burgal\u00e9s est\u00e1 siendo<\/p>\n\t\t<\/div>\n\t\t\n\t\t<a class=\"elementor-post__read-more\" href=\"https:\/\/gijonbasket.com\/en\/2023\/12\/30\/diego-ocampo-renovado-como-tecnico-del-grupo-ureta-tizona-burgos-por-tres-temporadas\/\" aria-label=\"Read more about Diego Ocampo renovado como t\u00e9cnico del Grupo Ureta Tizona Burgos por tres temporadas\" tabindex=\"-1\" >\n\t\t\tRead more &#034;\t\t<\/a>\n\n\t\t\t\t<\/div>\n\t\t\t\t<div class=\"elementor-post__meta-data\">\n\t\t\t\t\t<span class=\"elementor-post-date\">\n\t\t\t30 de December de 2023\t\t<\/span>\n\t\t\t\t<\/div>\n\t\t\t\t\t<\/div>\n\t\t<\/article>\n\t\t\t\t<article class=\"elementor-post elementor-grid-item post-2458 post type-post status-publish format-standard hentry category-noticias\">\n\t\t\t<div class=\"elementor-post__card\">\n\t\t\t\t<div class=\"elementor-post__text\">\n\t\t\t\t<h2 class=\"elementor-post__title\">\n\t\t\t<a href=\"https:\/\/gijonbasket.com\/en\/2023\/12\/30\/mercado-de-fichajes-nba-12\/\" >\n\t\t\t\tMercado de Fichajes NBA\t\t\t<\/a>\n\t\t<\/h2>\n\t\t\t\t<div class=\"elementor-post__excerpt\">\n\t\t\t<p>Boston Celtics : Inter\u00e9s por Kelly Olynyk (Utah Jazz). Los \u00c1ngeles Lakers : Inter\u00e9s por Dejounte Murray (Atlanta Hawks). Orlando Magic : Inter\u00e9s por Tyus<\/p>\n\t\t<\/div>\n\t\t\n\t\t<a class=\"elementor-post__read-more\" href=\"https:\/\/gijonbasket.com\/en\/2023\/12\/30\/mercado-de-fichajes-nba-12\/\" aria-label=\"Read more about Mercado de Fichajes NBA\" tabindex=\"-1\" >\n\t\t\tRead more &#034;\t\t<\/a>\n\n\t\t\t\t<\/div>\n\t\t\t\t<div class=\"elementor-post__meta-data\">\n\t\t\t\t\t<span class=\"elementor-post-date\">\n\t\t\t30 de December de 2023\t\t<\/span>\n\t\t\t\t<\/div>\n\t\t\t\t\t<\/div>\n\t\t<\/article>\n\t\t\t\t<article class=\"elementor-post elementor-grid-item post-2455 post type-post status-publish format-standard hentry category-noticias\">\n\t\t\t<div class=\"elementor-post__card\">\n\t\t\t\t<div class=\"elementor-post__text\">\n\t\t\t\t<h2 class=\"elementor-post__title\">\n\t\t\t<a href=\"https:\/\/gijonbasket.com\/en\/2023\/12\/30\/patricio-garino-fichaje-top-para-baloncesto-fuenlabrada\/\" >\n\t\t\t\tPatricio Garino fichaje Top para Baloncesto Fuenlabrada\t\t\t<\/a>\n\t\t<\/h2>\n\t\t\t\t<div class=\"elementor-post__excerpt\">\n\t\t\t<p>El Baloncesto Fuenlabrada, cerr\u00f3 el fichaje de Patricio Garino, alero argentino con nacionalidad italiana de 30 a\u00f1os y 1.96 m., que la pasada temporada milit\u00f3<\/p>\n\t\t<\/div>\n\t\t\n\t\t<a class=\"elementor-post__read-more\" href=\"https:\/\/gijonbasket.com\/en\/2023\/12\/30\/patricio-garino-fichaje-top-para-baloncesto-fuenlabrada\/\" aria-label=\"Read more about Patricio Garino fichaje Top para Baloncesto Fuenlabrada\" tabindex=\"-1\" >\n\t\t\tRead more &#034;\t\t<\/a>\n\n\t\t\t\t<\/div>\n\t\t\t\t<div class=\"elementor-post__meta-data\">\n\t\t\t\t\t<span class=\"elementor-post-date\">\n\t\t\t30 de December de 2023\t\t<\/span>\n\t\t\t\t<\/div>\n\t\t\t\t\t<\/div>\n\t\t<\/article>\n\t\t\t\t<article class=\"elementor-post elementor-grid-item post-2453 post type-post status-publish format-standard hentry category-noticias\">\n\t\t\t<div class=\"elementor-post__card\">\n\t\t\t\t<div class=\"elementor-post__text\">\n\t\t\t\t<h2 class=\"elementor-post__title\">\n\t\t\t<a href=\"https:\/\/gijonbasket.com\/en\/2023\/12\/29\/actualidad-nba-8\/\" >\n\t\t\t\tActualidad NBA\t\t\t<\/a>\n\t\t<\/h2>\n\t\t\t\t<div class=\"elementor-post__excerpt\">\n\t\t\t<p>Chicago Bulls : Baja de Nikola Vucevic por una distensi\u00f3n en la ingle. Denver Nuggets : Baja de Aaron Gordon por una mordedura de perro<\/p>\n\t\t<\/div>\n\t\t\n\t\t<a class=\"elementor-post__read-more\" href=\"https:\/\/gijonbasket.com\/en\/2023\/12\/29\/actualidad-nba-8\/\" aria-label=\"Read more about Actualidad NBA\" tabindex=\"-1\" >\n\t\t\tRead more &#034;\t\t<\/a>\n\n\t\t\t\t<\/div>\n\t\t\t\t<div class=\"elementor-post__meta-data\">\n\t\t\t\t\t<span class=\"elementor-post-date\">\n\t\t\t29 de December de 2023\t\t<\/span>\n\t\t\t\t<\/div>\n\t\t\t\t\t<\/div>\n\t\t<\/article>\n\t\t\t\t<article class=\"elementor-post elementor-grid-item post-2450 post type-post status-publish format-standard hentry category-noticias\">\n\t\t\t<div class=\"elementor-post__card\">\n\t\t\t\t<div class=\"elementor-post__text\">\n\t\t\t\t<h2 class=\"elementor-post__title\">\n\t\t\t<a href=\"https:\/\/gijonbasket.com\/en\/2023\/12\/28\/mercado-de-fichajes-liga-endesa-25\/\" >\n\t\t\t\tMercado de Fichajes Liga Endesa\t\t\t<\/a>\n\t\t<\/h2>\n\t\t\t\t<div class=\"elementor-post__excerpt\">\n\t\t\t<p>Dreamland Gran Canaria : Fichaje de Amar Gegic (Boulogne-Levallois Metropolitans 92). Zunder Palencia : Pr\u00f3ximo a cerrar el fichaje de Stefan Moody (BC Igokea Mtel<\/p>\n\t\t<\/div>\n\t\t\n\t\t<a class=\"elementor-post__read-more\" href=\"https:\/\/gijonbasket.com\/en\/2023\/12\/28\/mercado-de-fichajes-liga-endesa-25\/\" aria-label=\"Read more about Mercado de Fichajes Liga Endesa\" tabindex=\"-1\" >\n\t\t\tRead more &#034;\t\t<\/a>\n\n\t\t\t\t<\/div>\n\t\t\t\t<div class=\"elementor-post__meta-data\">\n\t\t\t\t\t<span class=\"elementor-post-date\">\n\t\t\t28 de December de 2023\t\t<\/span>\n\t\t\t\t<\/div>\n\t\t\t\t\t<\/div>\n\t\t<\/article>\n\t\t\t\t<article class=\"elementor-post elementor-grid-item post-2448 post type-post status-publish format-standard hentry category-noticias\">\n\t\t\t<div class=\"elementor-post__card\">\n\t\t\t\t<div class=\"elementor-post__text\">\n\t\t\t\t<h2 class=\"elementor-post__title\">\n\t\t\t<a href=\"https:\/\/gijonbasket.com\/en\/2023\/12\/27\/mercado-de-fichajes-108\/\" >\n\t\t\t\tMercado de Fichajes\t\t\t<\/a>\n\t\t<\/h2>\n\t\t\t\t<div class=\"elementor-post__excerpt\">\n\t\t\t<p>Virtus Segafredo Bolonia : Fichaje de Rihards Lomasz (Yukatel Merkezefendi Belediyesi Basket Denizli). Inter\u00e9s por Cory Higgins (F.C. Barcelona) actualmente sin equipo. AEK Atenas :<\/p>\n\t\t<\/div>\n\t\t\n\t\t<a class=\"elementor-post__read-more\" href=\"https:\/\/gijonbasket.com\/en\/2023\/12\/27\/mercado-de-fichajes-108\/\" aria-label=\"Read more about Mercado de Fichajes\" tabindex=\"-1\" >\n\t\t\tRead more &#034;\t\t<\/a>\n\n\t\t\t\t<\/div>\n\t\t\t\t<div class=\"elementor-post__meta-data\">\n\t\t\t\t\t<span class=\"elementor-post-date\">\n\t\t\t27 de December de 2023\t\t<\/span>\n\t\t\t\t<\/div>\n\t\t\t\t\t<\/div>\n\t\t<\/article>\n\t\t\t\t<article class=\"elementor-post elementor-grid-item post-2446 post type-post status-publish format-standard hentry category-noticias\">\n\t\t\t<div class=\"elementor-post__card\">\n\t\t\t\t<div class=\"elementor-post__text\">\n\t\t\t\t<h2 class=\"elementor-post__title\">\n\t\t\t<a href=\"https:\/\/gijonbasket.com\/en\/2023\/12\/27\/martynas-zigmantavicius-al-uemc-real-valladolid-baloncesto-y-seydou-aboubacar-al-amics-castello\/\" >\n\t\t\t\tMartynas Zigmantavicius al UEMC Real Valladolid Baloncesto y Seydou Aboubacar al Amics Castell\u00f3\t\t\t<\/a>\n\t\t<\/h2>\n\t\t\t\t<div class=\"elementor-post__excerpt\">\n\t\t\t<p>\u00daltimos d\u00edas de 2023 con fichajes en LEB Oro. Martynas Zigmantavicius nuevo fichaje del UEMC Real Valladolid Baloncesto y Seydou Aboubacar nueva incorporaci\u00f3n para el<\/p>\n\t\t<\/div>\n\t\t\n\t\t<a class=\"elementor-post__read-more\" href=\"https:\/\/gijonbasket.com\/en\/2023\/12\/27\/martynas-zigmantavicius-al-uemc-real-valladolid-baloncesto-y-seydou-aboubacar-al-amics-castello\/\" aria-label=\"Read more about Martynas Zigmantavicius al UEMC Real Valladolid Baloncesto y Seydou Aboubacar al Amics Castell\u00f3\" tabindex=\"-1\" >\n\t\t\tRead more &#034;\t\t<\/a>\n\n\t\t\t\t<\/div>\n\t\t\t\t<div class=\"elementor-post__meta-data\">\n\t\t\t\t\t<span class=\"elementor-post-date\">\n\t\t\t27 de December de 2023\t\t<\/span>\n\t\t\t\t<\/div>\n\t\t\t\t\t<\/div>\n\t\t<\/article>\n\t\t\t\t<article class=\"elementor-post elementor-grid-item post-2444 post type-post status-publish format-standard hentry category-exclusivas category-noticias\">\n\t\t\t<div class=\"elementor-post__card\">\n\t\t\t\t<div class=\"elementor-post__text\">\n\t\t\t\t<h2 class=\"elementor-post__title\">\n\t\t\t<a href=\"https:\/\/gijonbasket.com\/en\/2023\/12\/26\/jorge-escapa-de-vuelta-al-real-grupo-de-cultura-covadonga\/\" >\n\t\t\t\tJorge Escapa de vuelta al Real Grupo de Cultura Covadonga\t\t\t<\/a>\n\t\t<\/h2>\n\t\t\t\t<div class=\"elementor-post__excerpt\">\n\t\t\t<p>Desde www.gijonbasket.com, adelantamos en exclusiva, el fichaje de Jorge Escapa por el Real Grupo de Cultura Covadonga. Jorge Escapa, p\u00edvot gijon\u00e9s de 31 a\u00f1os y<\/p>\n\t\t<\/div>\n\t\t\n\t\t<a class=\"elementor-post__read-more\" href=\"https:\/\/gijonbasket.com\/en\/2023\/12\/26\/jorge-escapa-de-vuelta-al-real-grupo-de-cultura-covadonga\/\" aria-label=\"Read more about Jorge Escapa de vuelta al Real Grupo de Cultura Covadonga\" tabindex=\"-1\" >\n\t\t\tRead more &#034;\t\t<\/a>\n\n\t\t\t\t<\/div>\n\t\t\t\t<div class=\"elementor-post__meta-data\">\n\t\t\t\t\t<span class=\"elementor-post-date\">\n\t\t\t26 de December de 2023\t\t<\/span>\n\t\t\t\t<\/div>\n\t\t\t\t\t<\/div>\n\t\t<\/article>\n\t\t\t\t<article class=\"elementor-post elementor-grid-item post-2442 post type-post status-publish format-standard hentry category-noticias\">\n\t\t\t<div class=\"elementor-post__card\">\n\t\t\t\t<div class=\"elementor-post__text\">\n\t\t\t\t<h2 class=\"elementor-post__title\">\n\t\t\t<a href=\"https:\/\/gijonbasket.com\/en\/2023\/12\/25\/wade-baldwin-2-meses-de-baja-para-maccabi-playtika-tel-aviv\/\" >\n\t\t\t\tWade Baldwin 2 meses de baja para Maccabi Playtika Tel-Aviv\t\t\t<\/a>\n\t\t<\/h2>\n\t\t\t\t<div class=\"elementor-post__excerpt\">\n\t\t\t<p>El Maccabi Playtika Tel-Aviv contar\u00e1 con la baja de Wade Baldwin, por una lesi\u00f3n en los isquiotibiales, que le tendr\u00e1n alejado de las canchas alrededor<\/p>\n\t\t<\/div>\n\t\t\n\t\t<a class=\"elementor-post__read-more\" href=\"https:\/\/gijonbasket.com\/en\/2023\/12\/25\/wade-baldwin-2-meses-de-baja-para-maccabi-playtika-tel-aviv\/\" aria-label=\"Read more about Wade Baldwin 2 meses de baja para Maccabi Playtika Tel-Aviv\" tabindex=\"-1\" >\n\t\t\tRead more &#034;\t\t<\/a>\n\n\t\t\t\t<\/div>\n\t\t\t\t<div class=\"elementor-post__meta-data\">\n\t\t\t\t\t<span class=\"elementor-post-date\">\n\t\t\t25 de December de 2023\t\t<\/span>\n\t\t\t\t<\/div>\n\t\t\t\t\t<\/div>\n\t\t<\/article>\n\t\t\t\t<article class=\"elementor-post elementor-grid-item post-2440 post type-post status-publish format-standard hentry category-noticias\">\n\t\t\t<div class=\"elementor-post__card\">\n\t\t\t\t<div class=\"elementor-post__text\">\n\t\t\t\t<h2 class=\"elementor-post__title\">\n\t\t\t<a href=\"https:\/\/gijonbasket.com\/en\/2023\/12\/25\/mercado-de-fichajes-107\/\" >\n\t\t\t\tMercado de Fichajes\t\t\t<\/a>\n\t\t<\/h2>\n\t\t\t\t<div class=\"elementor-post__excerpt\">\n\t\t\t<p>Club Joventut Badalona : No continuidad de Kenny Chery tras finalizar su contrato temporal de dos meses. KK Buducnost VOLI Podgorica : Fichaje de Nikola<\/p>\n\t\t<\/div>\n\t\t\n\t\t<a class=\"elementor-post__read-more\" href=\"https:\/\/gijonbasket.com\/en\/2023\/12\/25\/mercado-de-fichajes-107\/\" aria-label=\"Read more about Mercado de Fichajes\" tabindex=\"-1\" >\n\t\t\tRead more &#034;\t\t<\/a>\n\n\t\t\t\t<\/div>\n\t\t\t\t<div class=\"elementor-post__meta-data\">\n\t\t\t\t\t<span class=\"elementor-post-date\">\n\t\t\t25 de December de 2023\t\t<\/span>\n\t\t\t\t<\/div>\n\t\t\t\t\t<\/div>\n\t\t<\/article>\n\t\t\t\t<article class=\"elementor-post elementor-grid-item post-2434 post type-post status-publish format-standard hentry category-noticias\">\n\t\t\t<div class=\"elementor-post__card\">\n\t\t\t\t<div class=\"elementor-post__text\">\n\t\t\t\t<h2 class=\"elementor-post__title\">\n\t\t\t<a href=\"https:\/\/gijonbasket.com\/en\/2023\/12\/24\/www-gijonbasket-com-os-desea-feliz-navidad\/\" >\n\t\t\t\twww.gijonbasket.com os desea Feliz Navidad\t\t\t<\/a>\n\t\t<\/h2>\n\t\t\t\t<div class=\"elementor-post__excerpt\">\n\t\t\t<p>En unas fechas tan especiales, desde www.gijonbasket.com, os deseamos que pas\u00e9is una Feliz Navidad en compa\u00f1\u00eda de vuestros seres queridos.<\/p>\n\t\t<\/div>\n\t\t\n\t\t<a class=\"elementor-post__read-more\" href=\"https:\/\/gijonbasket.com\/en\/2023\/12\/24\/www-gijonbasket-com-os-desea-feliz-navidad\/\" aria-label=\"Read more about www.gijonbasket.com os desea Feliz Navidad\" tabindex=\"-1\" >\n\t\t\tRead more &#034;\t\t<\/a>\n\n\t\t\t\t<\/div>\n\t\t\t\t<div class=\"elementor-post__meta-data\">\n\t\t\t\t\t<span class=\"elementor-post-date\">\n\t\t\t24 de December de 2023\t\t<\/span>\n\t\t\t\t<\/div>\n\t\t\t\t\t<\/div>\n\t\t<\/article>\n\t\t\t\t<article class=\"elementor-post elementor-grid-item post-2432 post type-post status-publish format-standard hentry category-noticias\">\n\t\t\t<div class=\"elementor-post__card\">\n\t\t\t\t<div class=\"elementor-post__text\">\n\t\t\t\t<h2 class=\"elementor-post__title\">\n\t\t\t<a href=\"https:\/\/gijonbasket.com\/en\/2023\/12\/24\/justin-anderson-del-rio-breogan-al-valencia-basket\/\" >\n\t\t\t\tJustin Anderson del R\u00edo Breog\u00e1n al Valencia Basket\t\t\t<\/a>\n\t\t<\/h2>\n\t\t\t\t<div class=\"elementor-post__excerpt\">\n\t\t\t<p>El Valencia Basket cerr\u00f3 el fichaje de Justin Anderson procedente del R\u00edo Breog\u00e1n ante la baja por lesi\u00f3n de V\u00edctor Claver Alero estadounidense de 30<\/p>\n\t\t<\/div>\n\t\t\n\t\t<a class=\"elementor-post__read-more\" href=\"https:\/\/gijonbasket.com\/en\/2023\/12\/24\/justin-anderson-del-rio-breogan-al-valencia-basket\/\" aria-label=\"Read more about Justin Anderson del R\u00edo Breog\u00e1n al Valencia Basket\" tabindex=\"-1\" >\n\t\t\tRead more &#034;\t\t<\/a>\n\n\t\t\t\t<\/div>\n\t\t\t\t<div class=\"elementor-post__meta-data\">\n\t\t\t\t\t<span class=\"elementor-post-date\">\n\t\t\t24 de December de 2023\t\t<\/span>\n\t\t\t\t<\/div>\n\t\t\t\t\t<\/div>\n\t\t<\/article>\n\t\t\t\t<article class=\"elementor-post elementor-grid-item post-2430 post type-post status-publish format-standard hentry category-noticias\">\n\t\t\t<div class=\"elementor-post__card\">\n\t\t\t\t<div class=\"elementor-post__text\">\n\t\t\t\t<h2 class=\"elementor-post__title\">\n\t\t\t<a href=\"https:\/\/gijonbasket.com\/en\/2023\/12\/24\/enrique-urrutia-dimite-como-tecnico-de-tartiere-auto-gijon-basket\/\" >\n\t\t\t\tEnrique Urrutia dimite como t\u00e9cnico de Tartiere Auto Gij\u00f3n Basket\t\t\t<\/a>\n\t\t<\/h2>\n\t\t\t\t<div class=\"elementor-post__excerpt\">\n\t\t\t<p>Tartiere Auto Gij\u00f3n Basket, anunci\u00f3 esta ma\u00f1ana, la dimisi\u00f3n de Enrique Urrutia como t\u00e9cnico del conjunto rojiblanco. El t\u00e9cnico de San Juan de la Arena,<\/p>\n\t\t<\/div>\n\t\t\n\t\t<a class=\"elementor-post__read-more\" href=\"https:\/\/gijonbasket.com\/en\/2023\/12\/24\/enrique-urrutia-dimite-como-tecnico-de-tartiere-auto-gijon-basket\/\" aria-label=\"Read more about Enrique Urrutia dimite como t\u00e9cnico de Tartiere Auto Gij\u00f3n Basket\" tabindex=\"-1\" >\n\t\t\tRead more &#034;\t\t<\/a>\n\n\t\t\t\t<\/div>\n\t\t\t\t<div class=\"elementor-post__meta-data\">\n\t\t\t\t\t<span class=\"elementor-post-date\">\n\t\t\t24 de December de 2023\t\t<\/span>\n\t\t\t\t<\/div>\n\t\t\t\t\t<\/div>\n\t\t<\/article>\n\t\t\t\t<article class=\"elementor-post elementor-grid-item post-2428 post type-post status-publish format-standard hentry category-noticias\">\n\t\t\t<div class=\"elementor-post__card\">\n\t\t\t\t<div class=\"elementor-post__text\">\n\t\t\t\t<h2 class=\"elementor-post__title\">\n\t\t\t<a href=\"https:\/\/gijonbasket.com\/en\/2023\/12\/24\/actualidad-liga-endesa-7\/\" >\n\t\t\t\tActualidad Liga Endesa\t\t\t<\/a>\n\t\t<\/h2>\n\t\t\t\t<div class=\"elementor-post__excerpt\">\n\t\t\t<p>Zunder Palencia : Rescisi\u00f3n de contrato a Brandon Brown. Valencia Basket : Baja de V\u00edctor Claver para tres semanas por una rotura muscular en el<\/p>\n\t\t<\/div>\n\t\t\n\t\t<a class=\"elementor-post__read-more\" href=\"https:\/\/gijonbasket.com\/en\/2023\/12\/24\/actualidad-liga-endesa-7\/\" aria-label=\"Read more about Actualidad Liga Endesa\" tabindex=\"-1\" >\n\t\t\tRead more &#034;\t\t<\/a>\n\n\t\t\t\t<\/div>\n\t\t\t\t<div class=\"elementor-post__meta-data\">\n\t\t\t\t\t<span class=\"elementor-post-date\">\n\t\t\t24 de December de 2023\t\t<\/span>\n\t\t\t\t<\/div>\n\t\t\t\t\t<\/div>\n\t\t<\/article>\n\t\t\t\t<article class=\"elementor-post elementor-grid-item post-2425 post type-post status-publish format-standard hentry category-noticias\">\n\t\t\t<div class=\"elementor-post__card\">\n\t\t\t\t<div class=\"elementor-post__text\">\n\t\t\t\t<h2 class=\"elementor-post__title\">\n\t\t\t<a href=\"https:\/\/gijonbasket.com\/en\/2023\/12\/23\/calvo-basket-xiria-tartiere-auto-gijon-basket-87-80\/\" >\n\t\t\t\tCalvo Basket Xiria &#8211; Tartiere Auto Gij\u00f3n Basket (87-80)\t\t\t<\/a>\n\t\t<\/h2>\n\t\t\t\t<div class=\"elementor-post__excerpt\">\n\t\t\t<p>Derrota de Tartiere Auto Gij\u00f3n Basket ante el Calvo Basket Xiria para cerrar la primera vuelta de la competici\u00f3n. Encuentro adelantado de la Jornada 13.<\/p>\n\t\t<\/div>\n\t\t\n\t\t<a class=\"elementor-post__read-more\" href=\"https:\/\/gijonbasket.com\/en\/2023\/12\/23\/calvo-basket-xiria-tartiere-auto-gijon-basket-87-80\/\" aria-label=\"Read more about Calvo Basket Xiria &#8211; Tartiere Auto Gij\u00f3n Basket (87-80)\" tabindex=\"-1\" >\n\t\t\tRead more &#034;\t\t<\/a>\n\n\t\t\t\t<\/div>\n\t\t\t\t<div class=\"elementor-post__meta-data\">\n\t\t\t\t\t<span class=\"elementor-post-date\">\n\t\t\t23 de December de 2023\t\t<\/span>\n\t\t\t\t<\/div>\n\t\t\t\t\t<\/div>\n\t\t<\/article>\n\t\t\t\t<article class=\"elementor-post elementor-grid-item post-2422 post type-post status-publish format-standard hentry category-noticias\">\n\t\t\t<div class=\"elementor-post__card\">\n\t\t\t\t<div class=\"elementor-post__text\">\n\t\t\t\t<h2 class=\"elementor-post__title\">\n\t\t\t<a href=\"https:\/\/gijonbasket.com\/en\/2023\/12\/23\/caio-pacheco-al-grupo-ureta-tizona-burgos-para-nueva-baja-en-el-real-betis-baloncesto\/\" >\n\t\t\t\tCaio Pacheco al Grupo Ureta Tizona Burgos y nueva baja en el Real Betis Baloncesto\t\t\t<\/a>\n\t\t<\/h2>\n\t\t\t\t<div class=\"elementor-post__excerpt\">\n\t\t\t<p>El Grupo Ureta Tizona Burgos cerr\u00f3 el fichaje de Caio Pacheco procedente del Real Betis Baloncesto. Base brasile\u00f1o de 24 a\u00f1os y 1.90 m., que<\/p>\n\t\t<\/div>\n\t\t\n\t\t<a class=\"elementor-post__read-more\" href=\"https:\/\/gijonbasket.com\/en\/2023\/12\/23\/caio-pacheco-al-grupo-ureta-tizona-burgos-para-nueva-baja-en-el-real-betis-baloncesto\/\" aria-label=\"Read more about Caio Pacheco al Grupo Ureta Tizona Burgos y nueva baja en el Real Betis Baloncesto\" tabindex=\"-1\" >\n\t\t\tRead more &#034;\t\t<\/a>\n\n\t\t\t\t<\/div>\n\t\t\t\t<div class=\"elementor-post__meta-data\">\n\t\t\t\t\t<span class=\"elementor-post-date\">\n\t\t\t23 de December de 2023\t\t<\/span>\n\t\t\t\t<\/div>\n\t\t\t\t\t<\/div>\n\t\t<\/article>\n\t\t\t\t<article class=\"elementor-post elementor-grid-item post-2420 post type-post status-publish format-standard hentry category-noticias\">\n\t\t\t<div class=\"elementor-post__card\">\n\t\t\t\t<div class=\"elementor-post__text\">\n\t\t\t\t<h2 class=\"elementor-post__title\">\n\t\t\t<a href=\"https:\/\/gijonbasket.com\/en\/2023\/12\/23\/ben-mclemore-fichaje-estrella-para-rio-breogan\/\" >\n\t\t\t\tBen McLemore fichaje estrella para R\u00edo Breog\u00e1n\t\t\t<\/a>\n\t\t<\/h2>\n\t\t\t\t<div class=\"elementor-post__excerpt\">\n\t\t\t<p>El R\u00edo Breog\u00e1n cerr\u00f3 ayer el fichaje de Ben McLemore procedente del AEK Atenas. Ben McLemore, escolta estadounidense de 30 a\u00f1os y 1.96 m., seleccionado<\/p>\n\t\t<\/div>\n\t\t\n\t\t<a class=\"elementor-post__read-more\" href=\"https:\/\/gijonbasket.com\/en\/2023\/12\/23\/ben-mclemore-fichaje-estrella-para-rio-breogan\/\" aria-label=\"Read more about Ben McLemore fichaje estrella para R\u00edo Breog\u00e1n\" tabindex=\"-1\" >\n\t\t\tRead more &#034;\t\t<\/a>\n\n\t\t\t\t<\/div>\n\t\t\t\t<div class=\"elementor-post__meta-data\">\n\t\t\t\t\t<span class=\"elementor-post-date\">\n\t\t\t23 de December de 2023\t\t<\/span>\n\t\t\t\t<\/div>\n\t\t\t\t\t<\/div>\n\t\t<\/article>\n\t\t\t\t<article class=\"elementor-post elementor-grid-item post-2418 post type-post status-publish format-standard hentry category-noticias\">\n\t\t\t<div class=\"elementor-post__card\">\n\t\t\t\t<div class=\"elementor-post__text\">\n\t\t\t\t<h2 class=\"elementor-post__title\">\n\t\t\t<a href=\"https:\/\/gijonbasket.com\/en\/2023\/12\/23\/garly-sojo-1999-2023\/\" >\n\t\t\t\tGarly Sojo (1999-2023)\t\t\t<\/a>\n\t\t<\/h2>\n\t\t\t\t<div class=\"elementor-post__excerpt\">\n\t\t\t<p>Nuevo golpe tr\u00e1gico para el mundo del baloncesto, con la noticia del fallecimiento repentino de Garly Sojo por un ataque epil\u00e9ptico, a los 24 a\u00f1os.<\/p>\n\t\t<\/div>\n\t\t\n\t\t<a class=\"elementor-post__read-more\" href=\"https:\/\/gijonbasket.com\/en\/2023\/12\/23\/garly-sojo-1999-2023\/\" aria-label=\"Read more about Garly Sojo (1999-2023)\" tabindex=\"-1\" >\n\t\t\tRead more &#034;\t\t<\/a>\n\n\t\t\t\t<\/div>\n\t\t\t\t<div class=\"elementor-post__meta-data\">\n\t\t\t\t\t<span class=\"elementor-post-date\">\n\t\t\t23 de December de 2023\t\t<\/span>\n\t\t\t\t<\/div>\n\t\t\t\t\t<\/div>\n\t\t<\/article>\n\t\t\t\t<article class=\"elementor-post elementor-grid-item post-2414 post type-post status-publish format-standard hentry category-noticias\">\n\t\t\t<div class=\"elementor-post__card\">\n\t\t\t\t<div class=\"elementor-post__text\">\n\t\t\t\t<h2 class=\"elementor-post__title\">\n\t\t\t<a href=\"https:\/\/gijonbasket.com\/en\/2023\/12\/23\/icg-forca-lleida-alimerka-oviedo-baloncesto-90-84\/\" >\n\t\t\t\tICG For\u00e7a Lleida &#8211; Alimerka Oviedo Baloncesto (90-84)\t\t\t<\/a>\n\t\t<\/h2>\n\t\t\t\t<div class=\"elementor-post__excerpt\">\n\t\t\t<p>Tercera derrota consecutiva del Alimerka Oviedo Baloncesto, en un fat\u00eddico \u00faltimo cuarto, tras dominar durante 38:50. El Alimerka Oviedo Baloncesto encaj\u00f3 un parcial en la<\/p>\n\t\t<\/div>\n\t\t\n\t\t<a class=\"elementor-post__read-more\" href=\"https:\/\/gijonbasket.com\/en\/2023\/12\/23\/icg-forca-lleida-alimerka-oviedo-baloncesto-90-84\/\" aria-label=\"Read more about ICG For\u00e7a Lleida &#8211; Alimerka Oviedo Baloncesto (90-84)\" tabindex=\"-1\" >\n\t\t\tRead more &#034;\t\t<\/a>\n\n\t\t\t\t<\/div>\n\t\t\t\t<div class=\"elementor-post__meta-data\">\n\t\t\t\t\t<span class=\"elementor-post-date\">\n\t\t\t23 de December de 2023\t\t<\/span>\n\t\t\t\t<\/div>\n\t\t\t\t\t<\/div>\n\t\t<\/article>\n\t\t\t\t<article class=\"elementor-post elementor-grid-item post-2412 post type-post status-publish format-standard hentry category-noticias\">\n\t\t\t<div class=\"elementor-post__card\">\n\t\t\t\t<div class=\"elementor-post__text\">\n\t\t\t\t<h2 class=\"elementor-post__title\">\n\t\t\t<a href=\"https:\/\/gijonbasket.com\/en\/2023\/12\/22\/mercado-de-fichajes-106\/\" >\n\t\t\t\tMercado de Fichajes\t\t\t<\/a>\n\t\t<\/h2>\n\t\t\t\t<div class=\"elementor-post__excerpt\">\n\t\t\t<p>Balikesir Buyuksehir Belediyesi : Fichaje de Khalil Shabazz (Seattle Super Hawks). Kolossos H Hotels Rodou : Fichaje de Simi Shittu (Limoges CSP Elite). Bertham Derthona<\/p>\n\t\t<\/div>\n\t\t\n\t\t<a class=\"elementor-post__read-more\" href=\"https:\/\/gijonbasket.com\/en\/2023\/12\/22\/mercado-de-fichajes-106\/\" aria-label=\"Read more about Mercado de Fichajes\" tabindex=\"-1\" >\n\t\t\tRead more &#034;\t\t<\/a>\n\n\t\t\t\t<\/div>\n\t\t\t\t<div class=\"elementor-post__meta-data\">\n\t\t\t\t\t<span class=\"elementor-post-date\">\n\t\t\t22 de December de 2023\t\t<\/span>\n\t\t\t\t<\/div>\n\t\t\t\t\t<\/div>\n\t\t<\/article>\n\t\t\t\t<article class=\"elementor-post elementor-grid-item post-2410 post type-post status-publish format-standard hentry category-noticias\">\n\t\t\t<div class=\"elementor-post__card\">\n\t\t\t\t<div class=\"elementor-post__text\">\n\t\t\t\t<h2 class=\"elementor-post__title\">\n\t\t\t<a href=\"https:\/\/gijonbasket.com\/en\/2023\/12\/22\/nico-mannion-al-openjobmetis-varese-y-shabazz-napier-al-ea7-emporio-armani-milan\/\" >\n\t\t\t\tNico Mannion al Openjobmetis Varese y Shabazz Napier al EA7 Emporio Armani Milan\t\t\t<\/a>\n\t\t<\/h2>\n\t\t\t\t<div class=\"elementor-post__excerpt\">\n\t\t\t<p>Fichajes en Euroliga con Nico Mannion y Shabazz Napier como protagonistas. El Openjobmetis Varese cerr\u00f3 el fichaje de Nico Mannion procedente de Baskonia, mientras que<\/p>\n\t\t<\/div>\n\t\t\n\t\t<a class=\"elementor-post__read-more\" href=\"https:\/\/gijonbasket.com\/en\/2023\/12\/22\/nico-mannion-al-openjobmetis-varese-y-shabazz-napier-al-ea7-emporio-armani-milan\/\" aria-label=\"Read more about Nico Mannion al Openjobmetis Varese y Shabazz Napier al EA7 Emporio Armani Milan\" tabindex=\"-1\" >\n\t\t\tRead more &#034;\t\t<\/a>\n\n\t\t\t\t<\/div>\n\t\t\t\t<div class=\"elementor-post__meta-data\">\n\t\t\t\t\t<span class=\"elementor-post-date\">\n\t\t\t22 de December de 2023\t\t<\/span>\n\t\t\t\t<\/div>\n\t\t\t\t\t<\/div>\n\t\t<\/article>\n\t\t\t\t<article class=\"elementor-post elementor-grid-item post-2408 post type-post status-publish format-standard hentry category-noticias\">\n\t\t\t<div class=\"elementor-post__card\">\n\t\t\t\t<div class=\"elementor-post__text\">\n\t\t\t\t<h2 class=\"elementor-post__title\">\n\t\t\t<a href=\"https:\/\/gijonbasket.com\/en\/2023\/12\/21\/lucas-faggiano-y-emmanuel-wembi-nuevos-fichajes-del-real-betis-baloncesto-adios-a-roko-rogic\/\" >\n\t\t\t\tLucas Faggiano y Emmanuel Wembi nuevos fichajes del Real Betis Baloncesto. Adi\u00f3s a Roko Rogic.\t\t\t<\/a>\n\t\t<\/h2>\n\t\t\t\t<div class=\"elementor-post__excerpt\">\n\t\t\t<p>El Real Betis Baloncesto y su carrusel de fichajes con las incorporaciones de Lucas Faggiano (Fuerza Regia Monterrey) y Emmanuel Wembi (Libertadores de Quer\u00e9taro). El<\/p>\n\t\t<\/div>\n\t\t\n\t\t<a class=\"elementor-post__read-more\" href=\"https:\/\/gijonbasket.com\/en\/2023\/12\/21\/lucas-faggiano-y-emmanuel-wembi-nuevos-fichajes-del-real-betis-baloncesto-adios-a-roko-rogic\/\" aria-label=\"Read more about Lucas Faggiano y Emmanuel Wembi nuevos fichajes del Real Betis Baloncesto. Adi\u00f3s a Roko Rogic.\" tabindex=\"-1\" >\n\t\t\tRead more &#034;\t\t<\/a>\n\n\t\t\t\t<\/div>\n\t\t\t\t<div class=\"elementor-post__meta-data\">\n\t\t\t\t\t<span class=\"elementor-post-date\">\n\t\t\t21 de December de 2023\t\t<\/span>\n\t\t\t\t<\/div>\n\t\t\t\t\t<\/div>\n\t\t<\/article>\n\t\t\t\t<article class=\"elementor-post elementor-grid-item post-2404 post type-post status-publish format-standard hentry category-noticias\">\n\t\t\t<div class=\"elementor-post__card\">\n\t\t\t\t<div class=\"elementor-post__text\">\n\t\t\t\t<h2 class=\"elementor-post__title\">\n\t\t\t<a href=\"https:\/\/gijonbasket.com\/en\/2023\/12\/20\/mercado-de-fichajes-105\/\" >\n\t\t\t\tMercado de Fichajes\t\t\t<\/a>\n\t\t<\/h2>\n\t\t\t\t<div class=\"elementor-post__excerpt\">\n\t\t\t<p>Taiwan Beer Leopards : Fichaje de DeMarcus Cousins (Mets de Guaynabo). Carpegna Prosciutto Pesaro : Rescisi\u00f3n de contrato a Ray McCallum. Zalakameria ZTE KK :<\/p>\n\t\t<\/div>\n\t\t\n\t\t<a class=\"elementor-post__read-more\" href=\"https:\/\/gijonbasket.com\/en\/2023\/12\/20\/mercado-de-fichajes-105\/\" aria-label=\"Read more about Mercado de Fichajes\" tabindex=\"-1\" >\n\t\t\tRead more &#034;\t\t<\/a>\n\n\t\t\t\t<\/div>\n\t\t\t\t<div class=\"elementor-post__meta-data\">\n\t\t\t\t\t<span class=\"elementor-post-date\">\n\t\t\t20 de December de 2023\t\t<\/span>\n\t\t\t\t<\/div>\n\t\t\t\t\t<\/div>\n\t\t<\/article>\n\t\t\t\t<article class=\"elementor-post elementor-grid-item post-2401 post type-post status-publish format-standard hentry category-noticias\">\n\t\t\t<div class=\"elementor-post__card\">\n\t\t\t\t<div class=\"elementor-post__text\">\n\t\t\t\t<h2 class=\"elementor-post__title\">\n\t\t\t<a href=\"https:\/\/gijonbasket.com\/en\/2023\/12\/19\/mercado-de-fichajes-104\/\" >\n\t\t\t\tMercado de Fichajes\t\t\t<\/a>\n\t\t<\/h2>\n\t\t\t\t<div class=\"elementor-post__excerpt\">\n\t\t\t<p>Estrella Roja : Fichaje de Freddie Gillespie (Bayern Munich). AEK Atenas : Inter\u00e9s por Shannon Evans (Beijing Ducks). LDLC Asvel Villeurbanne : Inter\u00e9s por Nico<\/p>\n\t\t<\/div>\n\t\t\n\t\t<a class=\"elementor-post__read-more\" href=\"https:\/\/gijonbasket.com\/en\/2023\/12\/19\/mercado-de-fichajes-104\/\" aria-label=\"Read more about Mercado de Fichajes\" tabindex=\"-1\" >\n\t\t\tRead more &#034;\t\t<\/a>\n\n\t\t\t\t<\/div>\n\t\t\t\t<div class=\"elementor-post__meta-data\">\n\t\t\t\t\t<span class=\"elementor-post-date\">\n\t\t\t19 de December de 2023\t\t<\/span>\n\t\t\t\t<\/div>\n\t\t\t\t\t<\/div>\n\t\t<\/article>\n\t\t\t\t<article class=\"elementor-post elementor-grid-item post-2397 post type-post status-publish format-standard hentry category-noticias\">\n\t\t\t<div class=\"elementor-post__card\">\n\t\t\t\t<div class=\"elementor-post__text\">\n\t\t\t\t<h2 class=\"elementor-post__title\">\n\t\t\t<a href=\"https:\/\/gijonbasket.com\/en\/2023\/12\/19\/eric-montross-1971-2023\/\" >\n\t\t\t\tEric Montross (1971-2023)\t\t\t<\/a>\n\t\t<\/h2>\n\t\t\t\t<div class=\"elementor-post__excerpt\">\n\t\t\t<p>El mundo del baloncesto vuelve a estar de luto, al conocerse este pasado domingo, el fallecimiento de Eric Montross v\u00edctima de un c\u00e1ncer a la<\/p>\n\t\t<\/div>\n\t\t\n\t\t<a class=\"elementor-post__read-more\" href=\"https:\/\/gijonbasket.com\/en\/2023\/12\/19\/eric-montross-1971-2023\/\" aria-label=\"Read more about Eric Montross (1971-2023)\" tabindex=\"-1\" >\n\t\t\tRead more &#034;\t\t<\/a>\n\n\t\t\t\t<\/div>\n\t\t\t\t<div class=\"elementor-post__meta-data\">\n\t\t\t\t\t<span class=\"elementor-post-date\">\n\t\t\t19 de December de 2023\t\t<\/span>\n\t\t\t\t<\/div>\n\t\t\t\t\t<\/div>\n\t\t<\/article>\n\t\t\t\t<article class=\"elementor-post elementor-grid-item post-2395 post type-post status-publish format-standard hentry category-noticias\">\n\t\t\t<div class=\"elementor-post__card\">\n\t\t\t\t<div class=\"elementor-post__text\">\n\t\t\t\t<h2 class=\"elementor-post__title\">\n\t\t\t<a href=\"https:\/\/gijonbasket.com\/en\/2023\/12\/18\/tiempo-muerto-onda-penes-18-12-2023\/\" >\n\t\t\t\tTiempo Muerto \u2013 Onda Pe\u00f1es \u2013 18\/12\/2023\t\t\t<\/a>\n\t\t<\/h2>\n\t\t\t\t<div class=\"elementor-post__excerpt\">\n\t\t\t<p>https:\/\/www.ivoox.com\/tiempo-muerto-18-12-2023-audios-mp3_rf_121283180_1.html<\/p>\n\t\t<\/div>\n\t\t\n\t\t<a class=\"elementor-post__read-more\" href=\"https:\/\/gijonbasket.com\/en\/2023\/12\/18\/tiempo-muerto-onda-penes-18-12-2023\/\" aria-label=\"Read more about Tiempo Muerto \u2013 Onda Pe\u00f1es \u2013 18\/12\/2023\" tabindex=\"-1\" >\n\t\t\tRead more &#034;\t\t<\/a>\n\n\t\t\t\t<\/div>\n\t\t\t\t<div class=\"elementor-post__meta-data\">\n\t\t\t\t\t<span class=\"elementor-post-date\">\n\t\t\t18 de December de 2023\t\t<\/span>\n\t\t\t\t<\/div>\n\t\t\t\t\t<\/div>\n\t\t<\/article>\n\t\t\t\t<article class=\"elementor-post elementor-grid-item post-2393 post type-post status-publish format-standard hentry category-noticias\">\n\t\t\t<div class=\"elementor-post__card\">\n\t\t\t\t<div class=\"elementor-post__text\">\n\t\t\t\t<h2 class=\"elementor-post__title\">\n\t\t\t<a href=\"https:\/\/gijonbasket.com\/en\/2023\/12\/18\/mercado-de-fichajes-nba-11\/\" >\n\t\t\t\tMercado de Fichajes NBA\t\t\t<\/a>\n\t\t<\/h2>\n\t\t\t\t<div class=\"elementor-post__excerpt\">\n\t\t\t<p>Sacramento Kings : Fichaje de Juan Toscano-Anderson (Capitanes de Ciudad de M\u00e9xico). Boston Celtics : Fichaje de Drew Peterson (Sioux Falls Skyforce). New York Knicks<\/p>\n\t\t<\/div>\n\t\t\n\t\t<a class=\"elementor-post__read-more\" href=\"https:\/\/gijonbasket.com\/en\/2023\/12\/18\/mercado-de-fichajes-nba-11\/\" aria-label=\"Read more about Mercado de Fichajes NBA\" tabindex=\"-1\" >\n\t\t\tRead more &#034;\t\t<\/a>\n\n\t\t\t\t<\/div>\n\t\t\t\t<div class=\"elementor-post__meta-data\">\n\t\t\t\t\t<span class=\"elementor-post-date\">\n\t\t\t18 de December de 2023\t\t<\/span>\n\t\t\t\t<\/div>\n\t\t\t\t\t<\/div>\n\t\t<\/article>\n\t\t\t\t<article class=\"elementor-post elementor-grid-item post-2391 post type-post status-publish format-standard hentry category-noticias\">\n\t\t\t<div class=\"elementor-post__card\">\n\t\t\t\t<div class=\"elementor-post__text\">\n\t\t\t\t<h2 class=\"elementor-post__title\">\n\t\t\t<a href=\"https:\/\/gijonbasket.com\/en\/2023\/12\/18\/actualidad-nba-7\/\" >\n\t\t\t\tActualidad NBA\t\t\t<\/a>\n\t\t<\/h2>\n\t\t\t\t<div class=\"elementor-post__excerpt\">\n\t\t\t<p>Phoenix Suns : Baja de Bradley Beal por un esguince en su tobillo derecho. Cleveland Cavaliers : Bajas de Darius Garland (fractura mand\u00edbula) y Evan<\/p>\n\t\t<\/div>\n\t\t\n\t\t<a class=\"elementor-post__read-more\" href=\"https:\/\/gijonbasket.com\/en\/2023\/12\/18\/actualidad-nba-7\/\" aria-label=\"Read more about Actualidad NBA\" tabindex=\"-1\" >\n\t\t\tRead more &#034;\t\t<\/a>\n\n\t\t\t\t<\/div>\n\t\t\t\t<div class=\"elementor-post__meta-data\">\n\t\t\t\t\t<span class=\"elementor-post-date\">\n\t\t\t18 de December de 2023\t\t<\/span>\n\t\t\t\t<\/div>\n\t\t\t\t\t<\/div>\n\t\t<\/article>\n\t\t\t\t<article class=\"elementor-post elementor-grid-item post-2389 post type-post status-publish format-standard hentry category-noticias\">\n\t\t\t<div class=\"elementor-post__card\">\n\t\t\t\t<div class=\"elementor-post__text\">\n\t\t\t\t<h2 class=\"elementor-post__title\">\n\t\t\t<a href=\"https:\/\/gijonbasket.com\/en\/2023\/12\/17\/xoborg-la-antigua-cb-tormes-circulo-gijon-baloncesto-100-73\/\" >\n\t\t\t\tXoborg La Antigua CB Tormes &#8211; C\u00edrculo Gij\u00f3n Baloncesto (100-73)\t\t\t<\/a>\n\t\t<\/h2>\n\t\t\t\t<div class=\"elementor-post__excerpt\">\n\t\t\t<p>Ba\u00f1o de realidad para el C\u00edrculo Gij\u00f3n Baloncesto siendo arrollado por el Xoborg La Antigua CB Tormes. El conjunto geom\u00e9trico sum\u00f3 su segunda derrota consecutiva,<\/p>\n\t\t<\/div>\n\t\t\n\t\t<a class=\"elementor-post__read-more\" href=\"https:\/\/gijonbasket.com\/en\/2023\/12\/17\/xoborg-la-antigua-cb-tormes-circulo-gijon-baloncesto-100-73\/\" aria-label=\"Read more about Xoborg La Antigua CB Tormes &#8211; C\u00edrculo Gij\u00f3n Baloncesto (100-73)\" tabindex=\"-1\" >\n\t\t\tRead more &#034;\t\t<\/a>\n\n\t\t\t\t<\/div>\n\t\t\t\t<div class=\"elementor-post__meta-data\">\n\t\t\t\t\t<span class=\"elementor-post-date\">\n\t\t\t17 de December de 2023\t\t<\/span>\n\t\t\t\t<\/div>\n\t\t\t\t\t<\/div>\n\t\t<\/article>\n\t\t\t\t<article class=\"elementor-post elementor-grid-item post-2386 post type-post status-publish format-standard hentry category-noticias\">\n\t\t\t<div class=\"elementor-post__card\">\n\t\t\t\t<div class=\"elementor-post__text\">\n\t\t\t\t<h2 class=\"elementor-post__title\">\n\t\t\t<a href=\"https:\/\/gijonbasket.com\/en\/2023\/12\/17\/tartiere-auto-gijon-basket-hotel-4postes-avila-autentica-el-bulevar-86-75\/\" >\n\t\t\t\tTartiere Auto Gij\u00f3n Basket &#8211; Hotel 4Postes-\u00c1vila Aut\u00e9ntica-El Bulevar (86-75)\t\t\t<\/a>\n\t\t<\/h2>\n\t\t\t\t<div class=\"elementor-post__excerpt\">\n\t\t\t<p>Tartiere Auto Gij\u00f3n Basket sum\u00f3 su segunda victoria de la temporada cortando una racha de diez derrotas consecutivas. La mejor versi\u00f3n del conjunto rojiblanco de<\/p>\n\t\t<\/div>\n\t\t\n\t\t<a class=\"elementor-post__read-more\" href=\"https:\/\/gijonbasket.com\/en\/2023\/12\/17\/tartiere-auto-gijon-basket-hotel-4postes-avila-autentica-el-bulevar-86-75\/\" aria-label=\"Read more about Tartiere Auto Gij\u00f3n Basket &#8211; Hotel 4Postes-\u00c1vila Aut\u00e9ntica-El Bulevar (86-75)\" tabindex=\"-1\" >\n\t\t\tRead more &#034;\t\t<\/a>\n\n\t\t\t\t<\/div>\n\t\t\t\t<div class=\"elementor-post__meta-data\">\n\t\t\t\t\t<span class=\"elementor-post-date\">\n\t\t\t17 de December de 2023\t\t<\/span>\n\t\t\t\t<\/div>\n\t\t\t\t\t<\/div>\n\t\t<\/article>\n\t\t\t\t<article class=\"elementor-post elementor-grid-item post-2383 post type-post status-publish format-standard hentry category-noticias\">\n\t\t\t<div class=\"elementor-post__card\">\n\t\t\t\t<div class=\"elementor-post__text\">\n\t\t\t\t<h2 class=\"elementor-post__title\">\n\t\t\t<a href=\"https:\/\/gijonbasket.com\/en\/2023\/12\/16\/mercado-de-fichajes-leb-plata-12\/\" >\n\t\t\t\tMercado de Fichajes LEB Plata\t\t\t<\/a>\n\t\t<\/h2>\n\t\t\t\t<div class=\"elementor-post__excerpt\">\n\t\t\t<p>Damex UDEA Algeciras : Fichajes de Sami Eleraki (Horsens IC) y Berni Garc\u00eda (Colegio El Pinar). Bueno Arenas Albacete Basket : Fichaje de Antonio Guerrero<\/p>\n\t\t<\/div>\n\t\t\n\t\t<a class=\"elementor-post__read-more\" href=\"https:\/\/gijonbasket.com\/en\/2023\/12\/16\/mercado-de-fichajes-leb-plata-12\/\" aria-label=\"Read more about Mercado de Fichajes LEB Plata\" tabindex=\"-1\" >\n\t\t\tRead more &#034;\t\t<\/a>\n\n\t\t\t\t<\/div>\n\t\t\t\t<div class=\"elementor-post__meta-data\">\n\t\t\t\t\t<span class=\"elementor-post-date\">\n\t\t\t16 de December de 2023\t\t<\/span>\n\t\t\t\t<\/div>\n\t\t\t\t\t<\/div>\n\t\t<\/article>\n\t\t\t\t<article class=\"elementor-post elementor-grid-item post-2380 post type-post status-publish format-standard hentry category-noticias\">\n\t\t\t<div class=\"elementor-post__card\">\n\t\t\t\t<div class=\"elementor-post__text\">\n\t\t\t\t<h2 class=\"elementor-post__title\">\n\t\t\t<a href=\"https:\/\/gijonbasket.com\/en\/2023\/12\/16\/mercado-de-fichajes-leb-oro-28\/\" >\n\t\t\t\tMercado de Fichajes LEB Oro\t\t\t<\/a>\n\t\t<\/h2>\n\t\t\t\t<div class=\"elementor-post__excerpt\">\n\t\t\t<p>Real Betis Baloncesto : Fichaje de Branden Frazier (Capit\u00e1n de Libertadores de Quer\u00e9taro). No continuidad de Nikola Rakocevic. Longevida San Pablo Burgos : baja de<\/p>\n\t\t<\/div>\n\t\t\n\t\t<a class=\"elementor-post__read-more\" href=\"https:\/\/gijonbasket.com\/en\/2023\/12\/16\/mercado-de-fichajes-leb-oro-28\/\" aria-label=\"Read more about Mercado de Fichajes LEB Oro\" tabindex=\"-1\" >\n\t\t\tRead more &#034;\t\t<\/a>\n\n\t\t\t\t<\/div>\n\t\t\t\t<div class=\"elementor-post__meta-data\">\n\t\t\t\t\t<span class=\"elementor-post-date\">\n\t\t\t16 de December de 2023\t\t<\/span>\n\t\t\t\t<\/div>\n\t\t\t\t\t<\/div>\n\t\t<\/article>\n\t\t\t\t<article class=\"elementor-post elementor-grid-item post-2374 post type-post status-publish format-standard hentry category-noticias\">\n\t\t\t<div class=\"elementor-post__card\">\n\t\t\t\t<div class=\"elementor-post__text\">\n\t\t\t\t<h2 class=\"elementor-post__title\">\n\t\t\t<a href=\"https:\/\/gijonbasket.com\/en\/2023\/12\/15\/hla-alicante-alimerka-oviedo-baloncesto-83-73\/\" >\n\t\t\t\tHLA Alicante &#8211; Alimerka Oviedo Baloncesto (83-73)\t\t\t<\/a>\n\t\t<\/h2>\n\t\t\t\t<div class=\"elementor-post__excerpt\">\n\t\t\t<p>Segunda derrota consecutiva del Alimerka Oviedo Baloncesto al caer ante HLA Alicante (83-73). Encuentro marcado por la gran diferencia de faltas personales se\u00f1aladas (18-28) y<\/p>\n\t\t<\/div>\n\t\t\n\t\t<a class=\"elementor-post__read-more\" href=\"https:\/\/gijonbasket.com\/en\/2023\/12\/15\/hla-alicante-alimerka-oviedo-baloncesto-83-73\/\" aria-label=\"Read more about HLA Alicante &#8211; Alimerka Oviedo Baloncesto (83-73)\" tabindex=\"-1\" >\n\t\t\tRead more &#034;\t\t<\/a>\n\n\t\t\t\t<\/div>\n\t\t\t\t<div class=\"elementor-post__meta-data\">\n\t\t\t\t\t<span class=\"elementor-post-date\">\n\t\t\t15 de December de 2023\t\t<\/span>\n\t\t\t\t<\/div>\n\t\t\t\t\t<\/div>\n\t\t<\/article>\n\t\t\t\t<article class=\"elementor-post elementor-grid-item post-2371 post type-post status-publish format-standard hentry category-noticias\">\n\t\t\t<div class=\"elementor-post__card\">\n\t\t\t\t<div class=\"elementor-post__text\">\n\t\t\t\t<h2 class=\"elementor-post__title\">\n\t\t\t<a href=\"https:\/\/gijonbasket.com\/en\/2023\/12\/15\/ucam-murcia-renovacion-rodions-kurucs-fichaje-marko-todorovic-lesiones-birgander-y-hakanson\/\" >\n\t\t\t\tUCAM Murcia. Renovaci\u00f3n Rodions Kurucs. Fichaje Marko Todorovic. Lesiones Birgander y Hakanson.\t\t\t<\/a>\n\t\t<\/h2>\n\t\t\t\t<div class=\"elementor-post__excerpt\">\n\t\t\t<p>UCAM Murcia anuncia la renovaci\u00f3n de Rodions Kurucs hasta el final de la temporada 2025\/2026. Fichaje de Marko Todorovic (Ningbo Rockets). El p\u00edvot montenegrino de<\/p>\n\t\t<\/div>\n\t\t\n\t\t<a class=\"elementor-post__read-more\" href=\"https:\/\/gijonbasket.com\/en\/2023\/12\/15\/ucam-murcia-renovacion-rodions-kurucs-fichaje-marko-todorovic-lesiones-birgander-y-hakanson\/\" aria-label=\"Read more about UCAM Murcia. Renovaci\u00f3n Rodions Kurucs. Fichaje Marko Todorovic. Lesiones Birgander y Hakanson.\" tabindex=\"-1\" >\n\t\t\tRead more &#034;\t\t<\/a>\n\n\t\t\t\t<\/div>\n\t\t\t\t<div class=\"elementor-post__meta-data\">\n\t\t\t\t\t<span class=\"elementor-post-date\">\n\t\t\t15 de December de 2023\t\t<\/span>\n\t\t\t\t<\/div>\n\t\t\t\t\t<\/div>\n\t\t<\/article>\n\t\t\t\t<article class=\"elementor-post elementor-grid-item post-2369 post type-post status-publish format-standard hentry category-noticias\">\n\t\t\t<div class=\"elementor-post__card\">\n\t\t\t\t<div class=\"elementor-post__text\">\n\t\t\t\t<h2 class=\"elementor-post__title\">\n\t\t\t<a href=\"https:\/\/gijonbasket.com\/en\/2023\/12\/14\/sarunas-jasikevicius-nuevo-tecnico-del-fenerbahce-beko-istanbul\/\" >\n\t\t\t\tSarunas Jasikevicius nuevo t\u00e9cnico del Fenerbahce Beko Istanbul\t\t\t<\/a>\n\t\t<\/h2>\n\t\t\t\t<div class=\"elementor-post__excerpt\">\n\t\t\t<p>Como estaba previsto, tras la destituci\u00f3n ayer de Dimitris Itoudis, Sarunas Jasikevicius fue oficializado como nuevo t\u00e9cnico del conjunto otomano hasta el final de la<\/p>\n\t\t<\/div>\n\t\t\n\t\t<a class=\"elementor-post__read-more\" href=\"https:\/\/gijonbasket.com\/en\/2023\/12\/14\/sarunas-jasikevicius-nuevo-tecnico-del-fenerbahce-beko-istanbul\/\" aria-label=\"Read more about Sarunas Jasikevicius nuevo t\u00e9cnico del Fenerbahce Beko Istanbul\" tabindex=\"-1\" >\n\t\t\tRead more &#034;\t\t<\/a>\n\n\t\t\t\t<\/div>\n\t\t\t\t<div class=\"elementor-post__meta-data\">\n\t\t\t\t\t<span class=\"elementor-post-date\">\n\t\t\t14 de December de 2023\t\t<\/span>\n\t\t\t\t<\/div>\n\t\t\t\t\t<\/div>\n\t\t<\/article>\n\t\t\t\t<article class=\"elementor-post elementor-grid-item post-2367 post type-post status-publish format-standard hentry category-exclusivas category-noticias\">\n\t\t\t<div class=\"elementor-post__card\">\n\t\t\t\t<div class=\"elementor-post__text\">\n\t\t\t\t<h2 class=\"elementor-post__title\">\n\t\t\t<a href=\"https:\/\/gijonbasket.com\/en\/2023\/12\/14\/david-jimenez-con-el-alta-medica-en-tartiere-auto-gijon-basket\/\" >\n\t\t\t\tDavid Jim\u00e9nez con el alta m\u00e9dica en Tartiere Auto Gij\u00f3n Basket\t\t\t<\/a>\n\t\t<\/h2>\n\t\t\t\t<div class=\"elementor-post__excerpt\">\n\t\t\t<p>Desde www.gijonbasket.com, adelantamos en exclusiva, que David Jim\u00e9nez ya cuenta con el alta m\u00e9dica y se entrena con Tartiere Auto Gij\u00f3n Basket, por lo que<\/p>\n\t\t<\/div>\n\t\t\n\t\t<a class=\"elementor-post__read-more\" href=\"https:\/\/gijonbasket.com\/en\/2023\/12\/14\/david-jimenez-con-el-alta-medica-en-tartiere-auto-gijon-basket\/\" aria-label=\"Read more about David Jim\u00e9nez con el alta m\u00e9dica en Tartiere Auto Gij\u00f3n Basket\" tabindex=\"-1\" >\n\t\t\tRead more &#034;\t\t<\/a>\n\n\t\t\t\t<\/div>\n\t\t\t\t<div class=\"elementor-post__meta-data\">\n\t\t\t\t\t<span class=\"elementor-post-date\">\n\t\t\t14 de December de 2023\t\t<\/span>\n\t\t\t\t<\/div>\n\t\t\t\t\t<\/div>\n\t\t<\/article>\n\t\t\t\t<article class=\"elementor-post elementor-grid-item post-2364 post type-post status-publish format-standard hentry category-noticias\">\n\t\t\t<div class=\"elementor-post__card\">\n\t\t\t\t<div class=\"elementor-post__text\">\n\t\t\t\t<h2 class=\"elementor-post__title\">\n\t\t\t<a href=\"https:\/\/gijonbasket.com\/en\/2023\/12\/14\/luis-guil-nuevo-tecnico-de-zunder-palencia\/\" >\n\t\t\t\tLuis Guil nuevo t\u00e9cnico de Zunder Palencia\t\t\t<\/a>\n\t\t<\/h2>\n\t\t\t\t<div class=\"elementor-post__excerpt\">\n\t\t\t<p>El Zunder Palencia cerr\u00f3 la contrataci\u00f3n de Luis Guil como nuevo t\u00e9cnico tras la destituci\u00f3n de Marco Justo. Luis Guil forma parte desde 2017 del<\/p>\n\t\t<\/div>\n\t\t\n\t\t<a class=\"elementor-post__read-more\" href=\"https:\/\/gijonbasket.com\/en\/2023\/12\/14\/luis-guil-nuevo-tecnico-de-zunder-palencia\/\" aria-label=\"Read more about Luis Guil nuevo t\u00e9cnico de Zunder Palencia\" tabindex=\"-1\" >\n\t\t\tRead more &#034;\t\t<\/a>\n\n\t\t\t\t<\/div>\n\t\t\t\t<div class=\"elementor-post__meta-data\">\n\t\t\t\t\t<span class=\"elementor-post-date\">\n\t\t\t14 de December de 2023\t\t<\/span>\n\t\t\t\t<\/div>\n\t\t\t\t\t<\/div>\n\t\t<\/article>\n\t\t\t\t<article class=\"elementor-post elementor-grid-item post-2361 post type-post status-publish format-standard hentry category-noticias\">\n\t\t\t<div class=\"elementor-post__card\">\n\t\t\t\t<div class=\"elementor-post__text\">\n\t\t\t\t<h2 class=\"elementor-post__title\">\n\t\t\t<a href=\"https:\/\/gijonbasket.com\/en\/2023\/12\/13\/dimitris-itoudis-destituido-en-fenerbahce-beko-istanbul-con-sarunas-jasikevicius-como-principal-sustituto\/\" >\n\t\t\t\tDimitris Itoudis destituido en Fenerbahce Beko Istanbul con Sarunas Jasikevicius como principal candidato\t\t\t<\/a>\n\t\t<\/h2>\n\t\t\t\t<div class=\"elementor-post__excerpt\">\n\t\t\t<p>El Fenerbahce Beko Istanbul destituy\u00f3 a su t\u00e9cnico Dimitris Itoudis al que le quedaba esta temporada y la siguiente de contrato. La derrota ante Anadolu<\/p>\n\t\t<\/div>\n\t\t\n\t\t<a class=\"elementor-post__read-more\" href=\"https:\/\/gijonbasket.com\/en\/2023\/12\/13\/dimitris-itoudis-destituido-en-fenerbahce-beko-istanbul-con-sarunas-jasikevicius-como-principal-sustituto\/\" aria-label=\"Read more about Dimitris Itoudis destituido en Fenerbahce Beko Istanbul con Sarunas Jasikevicius como principal candidato\" tabindex=\"-1\" >\n\t\t\tRead more &#034;\t\t<\/a>\n\n\t\t\t\t<\/div>\n\t\t\t\t<div class=\"elementor-post__meta-data\">\n\t\t\t\t\t<span class=\"elementor-post-date\">\n\t\t\t13 de December de 2023\t\t<\/span>\n\t\t\t\t<\/div>\n\t\t\t\t\t<\/div>\n\t\t<\/article>\n\t\t\t\t<article class=\"elementor-post elementor-grid-item post-2359 post type-post status-publish format-standard hentry category-noticias\">\n\t\t\t<div class=\"elementor-post__card\">\n\t\t\t\t<div class=\"elementor-post__text\">\n\t\t\t\t<h2 class=\"elementor-post__title\">\n\t\t\t<a href=\"https:\/\/gijonbasket.com\/en\/2023\/12\/13\/josep-perez-nueva-baja-por-lesion-en-el-alimerka-oviedo-baloncesto\/\" >\n\t\t\t\tJosep P\u00e9rez nueva baja por lesi\u00f3n en el Alimerka Oviedo Baloncesto\t\t\t<\/a>\n\t\t<\/h2>\n\t\t\t\t<div class=\"elementor-post__excerpt\">\n\t\t\t<p>Josep P\u00e9rez se suma a las bajas de Dan Duscak y Francisco Amarante, al sufrir una lesi\u00f3n en el menisco externo de su rodilla izquierda.<\/p>\n\t\t<\/div>\n\t\t\n\t\t<a class=\"elementor-post__read-more\" href=\"https:\/\/gijonbasket.com\/en\/2023\/12\/13\/josep-perez-nueva-baja-por-lesion-en-el-alimerka-oviedo-baloncesto\/\" aria-label=\"Read more about Josep P\u00e9rez nueva baja por lesi\u00f3n en el Alimerka Oviedo Baloncesto\" tabindex=\"-1\" >\n\t\t\tRead more &#034;\t\t<\/a>\n\n\t\t\t\t<\/div>\n\t\t\t\t<div class=\"elementor-post__meta-data\">\n\t\t\t\t\t<span class=\"elementor-post-date\">\n\t\t\t13 de December de 2023\t\t<\/span>\n\t\t\t\t<\/div>\n\t\t\t\t\t<\/div>\n\t\t<\/article>\n\t\t\t\t<article class=\"elementor-post elementor-grid-item post-2356 post type-post status-publish format-standard hentry category-noticias\">\n\t\t\t<div class=\"elementor-post__card\">\n\t\t\t\t<div class=\"elementor-post__text\">\n\t\t\t\t<h2 class=\"elementor-post__title\">\n\t\t\t<a href=\"https:\/\/gijonbasket.com\/en\/2023\/12\/13\/adrian-chapela-nuevo-fichaje-del-alimerka-oviedo-baloncesto\/\" >\n\t\t\t\tAdri\u00e1n Chapela nuevo fichaje del Alimerka Oviedo Baloncesto\t\t\t<\/a>\n\t\t<\/h2>\n\t\t\t\t<div class=\"elementor-post__excerpt\">\n\t\t\t<p>El Alimerka Oviedo Baloncesto se refuerza con el fichaje de Adri\u00e1n Chapela (Palmer Basket Mallorca Palma), hasta final de temporada, debido a las bajas por<\/p>\n\t\t<\/div>\n\t\t\n\t\t<a class=\"elementor-post__read-more\" href=\"https:\/\/gijonbasket.com\/en\/2023\/12\/13\/adrian-chapela-nuevo-fichaje-del-alimerka-oviedo-baloncesto\/\" aria-label=\"Read more about Adri\u00e1n Chapela nuevo fichaje del Alimerka Oviedo Baloncesto\" tabindex=\"-1\" >\n\t\t\tRead more &#034;\t\t<\/a>\n\n\t\t\t\t<\/div>\n\t\t\t\t<div class=\"elementor-post__meta-data\">\n\t\t\t\t\t<span class=\"elementor-post-date\">\n\t\t\t13 de December de 2023\t\t<\/span>\n\t\t\t\t<\/div>\n\t\t\t\t\t<\/div>\n\t\t<\/article>\n\t\t\t\t<article class=\"elementor-post elementor-grid-item post-2352 post type-post status-publish format-standard hentry category-noticias\">\n\t\t\t<div class=\"elementor-post__card\">\n\t\t\t\t<div class=\"elementor-post__text\">\n\t\t\t\t<h2 class=\"elementor-post__title\">\n\t\t\t<a href=\"https:\/\/gijonbasket.com\/en\/2023\/12\/12\/mercado-de-fichajes-103\/\" >\n\t\t\t\tMercado de Fichajes\t\t\t<\/a>\n\t\t<\/h2>\n\t\t\t\t<div class=\"elementor-post__excerpt\">\n\t\t\t<p>Zalgiris Kaunas : Fichaje de Austin Hollins (Maccabi Playtika Tel-Aviv). AEK Atenas : No continuidad de Ben McLemore y Thomas Kottas. KK FMP Meridian Beograd<\/p>\n\t\t<\/div>\n\t\t\n\t\t<a class=\"elementor-post__read-more\" href=\"https:\/\/gijonbasket.com\/en\/2023\/12\/12\/mercado-de-fichajes-103\/\" aria-label=\"Read more about Mercado de Fichajes\" tabindex=\"-1\" >\n\t\t\tRead more &#034;\t\t<\/a>\n\n\t\t\t\t<\/div>\n\t\t\t\t<div class=\"elementor-post__meta-data\">\n\t\t\t\t\t<span class=\"elementor-post-date\">\n\t\t\t12 de December de 2023\t\t<\/span>\n\t\t\t\t<\/div>\n\t\t\t\t\t<\/div>\n\t\t<\/article>\n\t\t\t\t<article class=\"elementor-post elementor-grid-item post-2348 post type-post status-publish format-standard hentry category-noticias\">\n\t\t\t<div class=\"elementor-post__card\">\n\t\t\t\t<div class=\"elementor-post__text\">\n\t\t\t\t<h2 class=\"elementor-post__title\">\n\t\t\t<a href=\"https:\/\/gijonbasket.com\/en\/2023\/12\/11\/tiempo-muerto-onda-penes-11-12-2023\/\" >\n\t\t\t\tTiempo Muerto \u2013 Onda Pe\u00f1es \u2013 11\/12\/2023\t\t\t<\/a>\n\t\t<\/h2>\n\t\t\t\t<div class=\"elementor-post__excerpt\">\n\t\t\t<p>https:\/\/www.ivoox.com\/tiempo-muerto-11-12-2023-audios-mp3_rf_120905028_1.html<\/p>\n\t\t<\/div>\n\t\t\n\t\t<a class=\"elementor-post__read-more\" href=\"https:\/\/gijonbasket.com\/en\/2023\/12\/11\/tiempo-muerto-onda-penes-11-12-2023\/\" aria-label=\"Read more about Tiempo Muerto \u2013 Onda Pe\u00f1es \u2013 11\/12\/2023\" tabindex=\"-1\" >\n\t\t\tRead more &#034;\t\t<\/a>\n\n\t\t\t\t<\/div>\n\t\t\t\t<div class=\"elementor-post__meta-data\">\n\t\t\t\t\t<span class=\"elementor-post-date\">\n\t\t\t11 de December de 2023\t\t<\/span>\n\t\t\t\t<\/div>\n\t\t\t\t\t<\/div>\n\t\t<\/article>\n\t\t\t\t<article class=\"elementor-post elementor-grid-item post-2346 post type-post status-publish format-standard hentry category-noticias\">\n\t\t\t<div class=\"elementor-post__card\">\n\t\t\t\t<div class=\"elementor-post__text\">\n\t\t\t\t<h2 class=\"elementor-post__title\">\n\t\t\t<a href=\"https:\/\/gijonbasket.com\/en\/2023\/12\/11\/ultimo-encuentro-de-la-primera-vuelta-cambia-de-fecha-para-tartiere-auto-gijon-basket\/\" >\n\t\t\t\t\u00daltimo encuentro de la primera vuelta cambia de fecha para Tartiere Auto Gij\u00f3n Basket\t\t\t<\/a>\n\t\t<\/h2>\n\t\t\t\t<div class=\"elementor-post__excerpt\">\n\t\t\t<p>El encuentro Calvo Basket Xiria &#8211; Tartiere Auto Gij\u00f3n Basket, correspondiente a la Jornada 13 y \u00faltimo de la primera vuelta, se adelantar\u00e1 al s\u00e1bado<\/p>\n\t\t<\/div>\n\t\t\n\t\t<a class=\"elementor-post__read-more\" href=\"https:\/\/gijonbasket.com\/en\/2023\/12\/11\/ultimo-encuentro-de-la-primera-vuelta-cambia-de-fecha-para-tartiere-auto-gijon-basket\/\" aria-label=\"Read more about \u00daltimo encuentro de la primera vuelta cambia de fecha para Tartiere Auto Gij\u00f3n Basket\" tabindex=\"-1\" >\n\t\t\tRead more &#034;\t\t<\/a>\n\n\t\t\t\t<\/div>\n\t\t\t\t<div class=\"elementor-post__meta-data\">\n\t\t\t\t\t<span class=\"elementor-post-date\">\n\t\t\t11 de December de 2023\t\t<\/span>\n\t\t\t\t<\/div>\n\t\t\t\t\t<\/div>\n\t\t<\/article>\n\t\t\t\t<article class=\"elementor-post elementor-grid-item post-2344 post type-post status-publish format-standard hentry category-noticias\">\n\t\t\t<div class=\"elementor-post__card\">\n\t\t\t\t<div class=\"elementor-post__text\">\n\t\t\t\t<h2 class=\"elementor-post__title\">\n\t\t\t<a href=\"https:\/\/gijonbasket.com\/en\/2023\/12\/11\/mercado-de-fichajes-leb-oro-27\/\" >\n\t\t\t\tMercado de Fichajes LEB Oro\t\t\t<\/a>\n\t\t<\/h2>\n\t\t\t\t<div class=\"elementor-post__excerpt\">\n\t\t\t<p>Baloncesto Fuenlabrada : Fichaje de V\u00edctor Moreno (Bueno Arenas Albacete Basket) con un contrato temporal de un mes. Baja de Blaz Mesicek por unos problemas<\/p>\n\t\t<\/div>\n\t\t\n\t\t<a class=\"elementor-post__read-more\" href=\"https:\/\/gijonbasket.com\/en\/2023\/12\/11\/mercado-de-fichajes-leb-oro-27\/\" aria-label=\"Read more about Mercado de Fichajes LEB Oro\" tabindex=\"-1\" >\n\t\t\tRead more &#034;\t\t<\/a>\n\n\t\t\t\t<\/div>\n\t\t\t\t<div class=\"elementor-post__meta-data\">\n\t\t\t\t\t<span class=\"elementor-post-date\">\n\t\t\t11 de December de 2023\t\t<\/span>\n\t\t\t\t<\/div>\n\t\t\t\t\t<\/div>\n\t\t<\/article>\n\t\t\t\t<article class=\"elementor-post elementor-grid-item post-2342 post type-post status-publish format-standard hentry category-noticias\">\n\t\t\t<div class=\"elementor-post__card\">\n\t\t\t\t<div class=\"elementor-post__text\">\n\t\t\t\t<h2 class=\"elementor-post__title\">\n\t\t\t<a href=\"https:\/\/gijonbasket.com\/en\/2023\/12\/11\/oliver-stevic-fichaje-de-altura-para-el-hestia-menorca\/\" >\n\t\t\t\tOliver Stevic fichaje de altura para el Hestia Menorca\t\t\t<\/a>\n\t\t<\/h2>\n\t\t\t\t<div class=\"elementor-post__excerpt\">\n\t\t\t<p>El Hestia Menorca oficializ\u00f3 el fichaje de Oliver Stevic, p\u00edvot serbio de 39 a\u00f1os y 2.04 m., que la pasada temporada milit\u00f3 en el Dreamland<\/p>\n\t\t<\/div>\n\t\t\n\t\t<a class=\"elementor-post__read-more\" href=\"https:\/\/gijonbasket.com\/en\/2023\/12\/11\/oliver-stevic-fichaje-de-altura-para-el-hestia-menorca\/\" aria-label=\"Read more about Oliver Stevic fichaje de altura para el Hestia Menorca\" tabindex=\"-1\" >\n\t\t\tRead more &#034;\t\t<\/a>\n\n\t\t\t\t<\/div>\n\t\t\t\t<div class=\"elementor-post__meta-data\">\n\t\t\t\t\t<span class=\"elementor-post-date\">\n\t\t\t11 de December de 2023\t\t<\/span>\n\t\t\t\t<\/div>\n\t\t\t\t\t<\/div>\n\t\t<\/article>\n\t\t\t\t<article class=\"elementor-post elementor-grid-item post-2340 post type-post status-publish format-standard hentry category-noticias\">\n\t\t\t<div class=\"elementor-post__card\">\n\t\t\t\t<div class=\"elementor-post__text\">\n\t\t\t\t<h2 class=\"elementor-post__title\">\n\t\t\t<a href=\"https:\/\/gijonbasket.com\/en\/2023\/12\/10\/solgaleo-bosco-salesianos-tartiere-auto-gijon-basket-92-70\/\" >\n\t\t\t\tSolgaleo Bosco Salesianos &#8211; Tartiere Auto Gij\u00f3n Basket (92-70)\t\t\t<\/a>\n\t\t<\/h2>\n\t\t\t\t<div class=\"elementor-post__excerpt\">\n\t\t\t<p>D\u00e9cima derrota consecutiva de Tartiere Auto Gij\u00f3n Basket al caer en la pista del Solgaleo Bosco Salesianos. Con s\u00f3lo una \u00fanica ventaja en todo el<\/p>\n\t\t<\/div>\n\t\t\n\t\t<a class=\"elementor-post__read-more\" href=\"https:\/\/gijonbasket.com\/en\/2023\/12\/10\/solgaleo-bosco-salesianos-tartiere-auto-gijon-basket-92-70\/\" aria-label=\"Read more about Solgaleo Bosco Salesianos &#8211; Tartiere Auto Gij\u00f3n Basket (92-70)\" tabindex=\"-1\" >\n\t\t\tRead more &#034;\t\t<\/a>\n\n\t\t\t\t<\/div>\n\t\t\t\t<div class=\"elementor-post__meta-data\">\n\t\t\t\t\t<span class=\"elementor-post-date\">\n\t\t\t10 de December de 2023\t\t<\/span>\n\t\t\t\t<\/div>\n\t\t\t\t\t<\/div>\n\t\t<\/article>\n\t\t\t\t<article class=\"elementor-post elementor-grid-item post-2336 post type-post status-publish format-standard hentry category-noticias\">\n\t\t\t<div class=\"elementor-post__card\">\n\t\t\t\t<div class=\"elementor-post__text\">\n\t\t\t\t<h2 class=\"elementor-post__title\">\n\t\t\t<a href=\"https:\/\/gijonbasket.com\/en\/2023\/12\/10\/circulo-gijon-baloncesto-cultural-y-deportiva-leonesa-72-83\/\" >\n\t\t\t\tC\u00edrculo Gij\u00f3n Baloncesto &#8211; Cultural y Deportiva Leonesa (72-83)\t\t\t<\/a>\n\t\t<\/h2>\n\t\t\t\t<div class=\"elementor-post__excerpt\">\n\t\t\t<p>El C\u00edrculo Gij\u00f3n Baloncesto en su mejor encuentro de la temporada logr\u00f3 llevar a la Cultural y Deportiva Leonesa, l\u00edder invicto, hasta la pr\u00f3rroga pero<\/p>\n\t\t<\/div>\n\t\t\n\t\t<a class=\"elementor-post__read-more\" href=\"https:\/\/gijonbasket.com\/en\/2023\/12\/10\/circulo-gijon-baloncesto-cultural-y-deportiva-leonesa-72-83\/\" aria-label=\"Read more about C\u00edrculo Gij\u00f3n Baloncesto &#8211; Cultural y Deportiva Leonesa (72-83)\" tabindex=\"-1\" >\n\t\t\tRead more &#034;\t\t<\/a>\n\n\t\t\t\t<\/div>\n\t\t\t\t<div class=\"elementor-post__meta-data\">\n\t\t\t\t\t<span class=\"elementor-post-date\">\n\t\t\t10 de December de 2023\t\t<\/span>\n\t\t\t\t<\/div>\n\t\t\t\t\t<\/div>\n\t\t<\/article>\n\t\t\t\t<article class=\"elementor-post elementor-grid-item post-2334 post type-post status-publish format-standard hentry category-noticias\">\n\t\t\t<div class=\"elementor-post__card\">\n\t\t\t\t<div class=\"elementor-post__text\">\n\t\t\t\t<h2 class=\"elementor-post__title\">\n\t\t\t<a href=\"https:\/\/gijonbasket.com\/en\/2023\/12\/10\/alimerka-oviedo-baloncesto-hestia-menorca-78-84\/\" >\n\t\t\t\tAlimerka Oviedo Baloncesto &#8211; Hestia Menorca (78-84)\t\t\t<\/a>\n\t\t<\/h2>\n\t\t\t\t<div class=\"elementor-post__excerpt\">\n\t\t\t<p>El Hestia Menorca cort\u00f3 ayer la racha de tres triunfos consecutivos del Alimerka Oviedo Baloncesto y a la vez rompi\u00f3 su din\u00e1mica de seis encuentros<\/p>\n\t\t<\/div>\n\t\t\n\t\t<a class=\"elementor-post__read-more\" href=\"https:\/\/gijonbasket.com\/en\/2023\/12\/10\/alimerka-oviedo-baloncesto-hestia-menorca-78-84\/\" aria-label=\"Read more about Alimerka Oviedo Baloncesto &#8211; Hestia Menorca (78-84)\" tabindex=\"-1\" >\n\t\t\tRead more &#034;\t\t<\/a>\n\n\t\t\t\t<\/div>\n\t\t\t\t<div class=\"elementor-post__meta-data\">\n\t\t\t\t\t<span class=\"elementor-post-date\">\n\t\t\t10 de December de 2023\t\t<\/span>\n\t\t\t\t<\/div>\n\t\t\t\t\t<\/div>\n\t\t<\/article>\n\t\t\t\t<article class=\"elementor-post elementor-grid-item post-2332 post type-post status-publish format-standard hentry category-noticias\">\n\t\t\t<div class=\"elementor-post__card\">\n\t\t\t\t<div class=\"elementor-post__text\">\n\t\t\t\t<h2 class=\"elementor-post__title\">\n\t\t\t<a href=\"https:\/\/gijonbasket.com\/en\/2023\/12\/09\/mercado-de-fichajes-102\/\" >\n\t\t\t\tMercado de Fichajes\t\t\t<\/a>\n\t\t<\/h2>\n\t\t\t\t<div class=\"elementor-post__excerpt\">\n\t\t\t<p>Galatasaray Ekmas : Fichajes de Klemen Prepelic (Cedevita Olimpija Ljubljana) y David Mc.Cormack (Darussafaka Lassa Istanbul). Onvo Buyukcekmece Basketbol : Fichaje de Malcolm Thomas (Wonju<\/p>\n\t\t<\/div>\n\t\t\n\t\t<a class=\"elementor-post__read-more\" href=\"https:\/\/gijonbasket.com\/en\/2023\/12\/09\/mercado-de-fichajes-102\/\" aria-label=\"Read more about Mercado de Fichajes\" tabindex=\"-1\" >\n\t\t\tRead more &#034;\t\t<\/a>\n\n\t\t\t\t<\/div>\n\t\t\t\t<div class=\"elementor-post__meta-data\">\n\t\t\t\t\t<span class=\"elementor-post-date\">\n\t\t\t9 de December de 2023\t\t<\/span>\n\t\t\t\t<\/div>\n\t\t\t\t\t<\/div>\n\t\t<\/article>\n\t\t\t\t<article class=\"elementor-post elementor-grid-item post-2330 post type-post status-publish format-standard hentry category-noticias\">\n\t\t\t<div class=\"elementor-post__card\">\n\t\t\t\t<div class=\"elementor-post__text\">\n\t\t\t\t<h2 class=\"elementor-post__title\">\n\t\t\t<a href=\"https:\/\/gijonbasket.com\/en\/2023\/12\/08\/zaid-hearst-nuevo-fichaje-del-melilla-ciudad-del-deporte\/\" >\n\t\t\t\tZaid Hearst nuevo fichaje del Melilla Ciudad del Deporte\t\t\t<\/a>\n\t\t<\/h2>\n\t\t\t\t<div class=\"elementor-post__excerpt\">\n\t\t\t<p>Zaid Hearst regresa a la LEB Oro de la mano del Melilla Ciudad del Deporte. El base estadounidense de 30 a\u00f1os y 1.93 m. con<\/p>\n\t\t<\/div>\n\t\t\n\t\t<a class=\"elementor-post__read-more\" href=\"https:\/\/gijonbasket.com\/en\/2023\/12\/08\/zaid-hearst-nuevo-fichaje-del-melilla-ciudad-del-deporte\/\" aria-label=\"Read more about Zaid Hearst nuevo fichaje del Melilla Ciudad del Deporte\" tabindex=\"-1\" >\n\t\t\tRead more &#034;\t\t<\/a>\n\n\t\t\t\t<\/div>\n\t\t\t\t<div class=\"elementor-post__meta-data\">\n\t\t\t\t\t<span class=\"elementor-post-date\">\n\t\t\t8 de December de 2023\t\t<\/span>\n\t\t\t\t<\/div>\n\t\t\t\t\t<\/div>\n\t\t<\/article>\n\t\t\t\t<article class=\"elementor-post elementor-grid-item post-2328 post type-post status-publish format-standard hentry category-noticias\">\n\t\t\t<div class=\"elementor-post__card\">\n\t\t\t\t<div class=\"elementor-post__text\">\n\t\t\t\t<h2 class=\"elementor-post__title\">\n\t\t\t<a href=\"https:\/\/gijonbasket.com\/en\/2023\/12\/08\/fibwi-palma-elige-a-ricardo-uriz-como-nuevo-entrenador\/\" >\n\t\t\t\tFibwi Palma elige a Ricardo Uriz como nuevo entrenador\t\t\t<\/a>\n\t\t<\/h2>\n\t\t\t\t<div class=\"elementor-post__excerpt\">\n\t\t\t<p>Fibwi Palma cerr\u00f3 la contrataci\u00f3n de Ricardo Uriz como nuevo t\u00e9cnico por delante de la opci\u00f3n de Guillermo Arenas. El t\u00e9cnico ovetense se posicion\u00f3 como<\/p>\n\t\t<\/div>\n\t\t\n\t\t<a class=\"elementor-post__read-more\" href=\"https:\/\/gijonbasket.com\/en\/2023\/12\/08\/fibwi-palma-elige-a-ricardo-uriz-como-nuevo-entrenador\/\" aria-label=\"Read more about Fibwi Palma elige a Ricardo Uriz como nuevo entrenador\" tabindex=\"-1\" >\n\t\t\tRead more &#034;\t\t<\/a>\n\n\t\t\t\t<\/div>\n\t\t\t\t<div class=\"elementor-post__meta-data\">\n\t\t\t\t\t<span class=\"elementor-post-date\">\n\t\t\t8 de December de 2023\t\t<\/span>\n\t\t\t\t<\/div>\n\t\t\t\t\t<\/div>\n\t\t<\/article>\n\t\t\t\t<article class=\"elementor-post elementor-grid-item post-2325 post type-post status-publish format-standard hentry category-noticias\">\n\t\t\t<div class=\"elementor-post__card\">\n\t\t\t\t<div class=\"elementor-post__text\">\n\t\t\t\t<h2 class=\"elementor-post__title\">\n\t\t\t<a href=\"https:\/\/gijonbasket.com\/en\/2023\/12\/07\/mercado-de-fichajes-liga-endesa-24\/\" >\n\t\t\t\tMercado de Fichajes Liga Endesa\t\t\t<\/a>\n\t\t<\/h2>\n\t\t\t\t<div class=\"elementor-post__excerpt\">\n\t\t\t<p>UCAM Murcia : Fichaje de Arturs Kurucs (ASP Promitheas Patras) para coincidir con su hermano Rodions en el conjunto pimentonero. Baskonia : Inter\u00e9s por Kevin<\/p>\n\t\t<\/div>\n\t\t\n\t\t<a class=\"elementor-post__read-more\" href=\"https:\/\/gijonbasket.com\/en\/2023\/12\/07\/mercado-de-fichajes-liga-endesa-24\/\" aria-label=\"Read more about Mercado de Fichajes Liga Endesa\" tabindex=\"-1\" >\n\t\t\tRead more &#034;\t\t<\/a>\n\n\t\t\t\t<\/div>\n\t\t\t\t<div class=\"elementor-post__meta-data\">\n\t\t\t\t\t<span class=\"elementor-post-date\">\n\t\t\t7 de December de 2023\t\t<\/span>\n\t\t\t\t<\/div>\n\t\t\t\t\t<\/div>\n\t\t<\/article>\n\t\t\t\t<article class=\"elementor-post elementor-grid-item post-2323 post type-post status-publish format-standard hentry category-exclusivas category-noticias\">\n\t\t\t<div class=\"elementor-post__card\">\n\t\t\t\t<div class=\"elementor-post__text\">\n\t\t\t\t<h2 class=\"elementor-post__title\">\n\t\t\t<a href=\"https:\/\/gijonbasket.com\/en\/2023\/12\/06\/dusan-marjanovic-nuevo-fichaje-de-tartiere-auto-gijon-basket-confirmacion-exclusiva-www-gijonbasket-com\/\" >\n\t\t\t\tDusan Marjanovic nuevo fichaje de Tartiere Auto Gij\u00f3n Basket. Confirmaci\u00f3n exclusiva www.gijonbasket.com.\t\t\t<\/a>\n\t\t<\/h2>\n\t\t\t\t<div class=\"elementor-post__excerpt\">\n\t\t\t<p>Tal como adelantamos en exclusiva en www.gijonbasket.com a las 10:40, sobre el fichaje de Dusan Marjanovic por Tartiere Auto Gij\u00f3n Basket, el conjunto rojiblanco anunci\u00f3<\/p>\n\t\t<\/div>\n\t\t\n\t\t<a class=\"elementor-post__read-more\" href=\"https:\/\/gijonbasket.com\/en\/2023\/12\/06\/dusan-marjanovic-nuevo-fichaje-de-tartiere-auto-gijon-basket-confirmacion-exclusiva-www-gijonbasket-com\/\" aria-label=\"Read more about Dusan Marjanovic nuevo fichaje de Tartiere Auto Gij\u00f3n Basket. Confirmaci\u00f3n exclusiva www.gijonbasket.com.\" tabindex=\"-1\" >\n\t\t\tRead more &#034;\t\t<\/a>\n\n\t\t\t\t<\/div>\n\t\t\t\t<div class=\"elementor-post__meta-data\">\n\t\t\t\t\t<span class=\"elementor-post-date\">\n\t\t\t6 de December de 2023\t\t<\/span>\n\t\t\t\t<\/div>\n\t\t\t\t\t<\/div>\n\t\t<\/article>\n\t\t\t\t<article class=\"elementor-post elementor-grid-item post-2321 post type-post status-publish format-standard hentry category-exclusivas category-noticias\">\n\t\t\t<div class=\"elementor-post__card\">\n\t\t\t\t<div class=\"elementor-post__text\">\n\t\t\t\t<h2 class=\"elementor-post__title\">\n\t\t\t<a href=\"https:\/\/gijonbasket.com\/en\/2023\/12\/06\/dusan-marjanovic-proximo-fichaje-de-tartiere-auto-gijon-basket\/\" >\n\t\t\t\tDusan Marjanovic pr\u00f3ximo fichaje de Tartiere Auto Gij\u00f3n Basket\t\t\t<\/a>\n\t\t<\/h2>\n\t\t\t\t<div class=\"elementor-post__excerpt\">\n\t\t\t<p>Desde www.gijonbasket.com, adelantamos en exclusiva, que Dusan Marjanovic (Eset Ontinet) ser\u00e1 nuevo fichaje de Tartiere Auto Gij\u00f3n Basket para debutar el domingo ante el Solgaleo<\/p>\n\t\t<\/div>\n\t\t\n\t\t<a class=\"elementor-post__read-more\" href=\"https:\/\/gijonbasket.com\/en\/2023\/12\/06\/dusan-marjanovic-proximo-fichaje-de-tartiere-auto-gijon-basket\/\" aria-label=\"Read more about Dusan Marjanovic pr\u00f3ximo fichaje de Tartiere Auto Gij\u00f3n Basket\" tabindex=\"-1\" >\n\t\t\tRead more &#034;\t\t<\/a>\n\n\t\t\t\t<\/div>\n\t\t\t\t<div class=\"elementor-post__meta-data\">\n\t\t\t\t\t<span class=\"elementor-post-date\">\n\t\t\t6 de December de 2023\t\t<\/span>\n\t\t\t\t<\/div>\n\t\t\t\t\t<\/div>\n\t\t<\/article>\n\t\t\t\t<article class=\"elementor-post elementor-grid-item post-2319 post type-post status-publish format-standard hentry category-noticias\">\n\t\t\t<div class=\"elementor-post__card\">\n\t\t\t\t<div class=\"elementor-post__text\">\n\t\t\t\t<h2 class=\"elementor-post__title\">\n\t\t\t<a href=\"https:\/\/gijonbasket.com\/en\/2023\/12\/06\/guillermo-arenas-a-un-paso-del-fibwi-palma\/\" >\n\t\t\t\tGuillermo Arenas a un paso del Fibwi Palma\t\t\t<\/a>\n\t\t<\/h2>\n\t\t\t\t<div class=\"elementor-post__excerpt\">\n\t\t\t<p>Guillermo Arenas est\u00e1 muy cerca de convertirse en nuevo t\u00e9cnico del Fibwi Palma (LEB Plata-Grupo Este). La destituci\u00f3n de Pau Tom\u00e1s, como t\u00e9cnico del conjunto<\/p>\n\t\t<\/div>\n\t\t\n\t\t<a class=\"elementor-post__read-more\" href=\"https:\/\/gijonbasket.com\/en\/2023\/12\/06\/guillermo-arenas-a-un-paso-del-fibwi-palma\/\" aria-label=\"Read more about Guillermo Arenas a un paso del Fibwi Palma\" tabindex=\"-1\" >\n\t\t\tRead more &#034;\t\t<\/a>\n\n\t\t\t\t<\/div>\n\t\t\t\t<div class=\"elementor-post__meta-data\">\n\t\t\t\t\t<span class=\"elementor-post-date\">\n\t\t\t6 de December de 2023\t\t<\/span>\n\t\t\t\t<\/div>\n\t\t\t\t\t<\/div>\n\t\t<\/article>\n\t\t\t\t<article class=\"elementor-post elementor-grid-item post-2317 post type-post status-publish format-standard hentry category-noticias\">\n\t\t\t<div class=\"elementor-post__card\">\n\t\t\t\t<div class=\"elementor-post__text\">\n\t\t\t\t<h2 class=\"elementor-post__title\">\n\t\t\t<a href=\"https:\/\/gijonbasket.com\/en\/2023\/12\/06\/ea7-emporio-armani-milan-renovacion-de-contrato-a-ettore-messina\/\" >\n\t\t\t\tEA7 Emporio Armani Milan renovaci\u00f3n de contrato a Ettore Messina\t\t\t<\/a>\n\t\t<\/h2>\n\t\t\t\t<div class=\"elementor-post__excerpt\">\n\t\t\t<p>EA7 Emporio Armani Milan y Ettore Messina seguir\u00e1n juntos hasta el final de la temporada 2025\/2026. Renovaci\u00f3n de contrato a Ettore Messina a pesar de<\/p>\n\t\t<\/div>\n\t\t\n\t\t<a class=\"elementor-post__read-more\" href=\"https:\/\/gijonbasket.com\/en\/2023\/12\/06\/ea7-emporio-armani-milan-renovacion-de-contrato-a-ettore-messina\/\" aria-label=\"Read more about EA7 Emporio Armani Milan renovaci\u00f3n de contrato a Ettore Messina\" tabindex=\"-1\" >\n\t\t\tRead more &#034;\t\t<\/a>\n\n\t\t\t\t<\/div>\n\t\t\t\t<div class=\"elementor-post__meta-data\">\n\t\t\t\t\t<span class=\"elementor-post-date\">\n\t\t\t6 de December de 2023\t\t<\/span>\n\t\t\t\t<\/div>\n\t\t\t\t\t<\/div>\n\t\t<\/article>\n\t\t\t\t<article class=\"elementor-post elementor-grid-item post-2314 post type-post status-publish format-standard hentry category-noticias\">\n\t\t\t<div class=\"elementor-post__card\">\n\t\t\t\t<div class=\"elementor-post__text\">\n\t\t\t\t<h2 class=\"elementor-post__title\">\n\t\t\t<a href=\"https:\/\/gijonbasket.com\/en\/2023\/12\/05\/i-torneo-baloncesto-blanco-3x3-adba-sanfer\/\" >\n\t\t\t\tI Torneo Baloncesto Blanco 3&#215;3 ADBA-Sanfer\t\t\t<\/a>\n\t\t<\/h2>\n\t\t\t\t<div class=\"elementor-post__excerpt\">\n\t\t\t<p>ADBA-Sanfer organizar\u00e1 los d\u00edas 27-28 Diciembre, un evento in\u00e9dito en el Principado de Asturias, como es I Torneo Baloncesto Blanco 3&#215;3 en la Estaci\u00f3n Invernal<\/p>\n\t\t<\/div>\n\t\t\n\t\t<a class=\"elementor-post__read-more\" href=\"https:\/\/gijonbasket.com\/en\/2023\/12\/05\/i-torneo-baloncesto-blanco-3x3-adba-sanfer\/\" aria-label=\"Read more about I Torneo Baloncesto Blanco 3&#215;3 ADBA-Sanfer\" tabindex=\"-1\" >\n\t\t\tRead more &#034;\t\t<\/a>\n\n\t\t\t\t<\/div>\n\t\t\t\t<div class=\"elementor-post__meta-data\">\n\t\t\t\t\t<span class=\"elementor-post-date\">\n\t\t\t5 de December de 2023\t\t<\/span>\n\t\t\t\t<\/div>\n\t\t\t\t\t<\/div>\n\t\t<\/article>\n\t\t\t\t<article class=\"elementor-post elementor-grid-item post-2312 post type-post status-publish format-standard hentry category-noticias\">\n\t\t\t<div class=\"elementor-post__card\">\n\t\t\t\t<div class=\"elementor-post__text\">\n\t\t\t\t<h2 class=\"elementor-post__title\">\n\t\t\t<a href=\"https:\/\/gijonbasket.com\/en\/2023\/12\/05\/oliver-stevic-incorporacion-para-el-hestia-menorca\/\" >\n\t\t\t\tOliver Stevic incorporaci\u00f3n para el Hestia Menorca\t\t\t<\/a>\n\t\t<\/h2>\n\t\t\t\t<div class=\"elementor-post__excerpt\">\n\t\t\t<p>El Hestia Menorca, pr\u00f3ximo rival del Alimerka Oviedo Baloncesto (s\u00e1bado 9 diciembre &#8211; 17:00), ha incorporado a Oliver Stevic (Gran Canaria), para reforzar las sesiones<\/p>\n\t\t<\/div>\n\t\t\n\t\t<a class=\"elementor-post__read-more\" href=\"https:\/\/gijonbasket.com\/en\/2023\/12\/05\/oliver-stevic-incorporacion-para-el-hestia-menorca\/\" aria-label=\"Read more about Oliver Stevic incorporaci\u00f3n para el Hestia Menorca\" tabindex=\"-1\" >\n\t\t\tRead more &#034;\t\t<\/a>\n\n\t\t\t\t<\/div>\n\t\t\t\t<div class=\"elementor-post__meta-data\">\n\t\t\t\t\t<span class=\"elementor-post-date\">\n\t\t\t5 de December de 2023\t\t<\/span>\n\t\t\t\t<\/div>\n\t\t\t\t\t<\/div>\n\t\t<\/article>\n\t\t\t\t<article class=\"elementor-post elementor-grid-item post-2310 post type-post status-publish format-standard hentry category-noticias\">\n\t\t\t<div class=\"elementor-post__card\">\n\t\t\t\t<div class=\"elementor-post__text\">\n\t\t\t\t<h2 class=\"elementor-post__title\">\n\t\t\t<a href=\"https:\/\/gijonbasket.com\/en\/2023\/12\/04\/tiempo-muerto-onda-penes-04-12-2023\/\" >\n\t\t\t\tTiempo Muerto \u2013 Onda Pe\u00f1es \u2013 04\/12\/2023\t\t\t<\/a>\n\t\t<\/h2>\n\t\t\t\t<div class=\"elementor-post__excerpt\">\n\t\t\t<p>https:\/\/www.ivoox.com\/tiempo-muerto-04-12-2023-audios-mp3_rf_120533480_1.html<\/p>\n\t\t<\/div>\n\t\t\n\t\t<a class=\"elementor-post__read-more\" href=\"https:\/\/gijonbasket.com\/en\/2023\/12\/04\/tiempo-muerto-onda-penes-04-12-2023\/\" aria-label=\"Read more about Tiempo Muerto \u2013 Onda Pe\u00f1es \u2013 04\/12\/2023\" tabindex=\"-1\" >\n\t\t\tRead more &#034;\t\t<\/a>\n\n\t\t\t\t<\/div>\n\t\t\t\t<div class=\"elementor-post__meta-data\">\n\t\t\t\t\t<span class=\"elementor-post-date\">\n\t\t\t4 de December de 2023\t\t<\/span>\n\t\t\t\t<\/div>\n\t\t\t\t\t<\/div>\n\t\t<\/article>\n\t\t\t\t<article class=\"elementor-post elementor-grid-item post-2306 post type-post status-publish format-standard hentry category-noticias\">\n\t\t\t<div class=\"elementor-post__card\">\n\t\t\t\t<div class=\"elementor-post__text\">\n\t\t\t\t<h2 class=\"elementor-post__title\">\n\t\t\t<a href=\"https:\/\/gijonbasket.com\/en\/2023\/12\/04\/circulo-gijon-baloncesto-y-ayuntamiento-de-gijon-acercando-posturas-de-futuro\/\" >\n\t\t\t\tC\u00edrculo Gij\u00f3n Baloncesto y Ayuntamiento de Gij\u00f3n acercando posturas de futuro\t\t\t<\/a>\n\t\t<\/h2>\n\t\t\t\t<div class=\"elementor-post__excerpt\">\n\t\t\t<p>El C\u00edrculo Gij\u00f3n Baloncesto y el Ayuntamiento de Gij\u00f3n con Jorge Pa\u00f1eda al frente como Concejal de Deportes y Presidente del Patronato Deportivo Municipal, est\u00e1n<\/p>\n\t\t<\/div>\n\t\t\n\t\t<a class=\"elementor-post__read-more\" href=\"https:\/\/gijonbasket.com\/en\/2023\/12\/04\/circulo-gijon-baloncesto-y-ayuntamiento-de-gijon-acercando-posturas-de-futuro\/\" aria-label=\"Read more about C\u00edrculo Gij\u00f3n Baloncesto y Ayuntamiento de Gij\u00f3n acercando posturas de futuro\" tabindex=\"-1\" >\n\t\t\tRead more &#034;\t\t<\/a>\n\n\t\t\t\t<\/div>\n\t\t\t\t<div class=\"elementor-post__meta-data\">\n\t\t\t\t\t<span class=\"elementor-post-date\">\n\t\t\t4 de December de 2023\t\t<\/span>\n\t\t\t\t<\/div>\n\t\t\t\t\t<\/div>\n\t\t<\/article>\n\t\t\t\t<article class=\"elementor-post elementor-grid-item post-2304 post type-post status-publish format-standard hentry category-noticias\">\n\t\t\t<div class=\"elementor-post__card\">\n\t\t\t\t<div class=\"elementor-post__text\">\n\t\t\t\t<h2 class=\"elementor-post__title\">\n\t\t\t<a href=\"https:\/\/gijonbasket.com\/en\/2023\/12\/03\/debut-de-krasimir-marinchevski-con-el-baloncesto-talavera\/\" >\n\t\t\t\tDebut de Krasimir Marinchevski con el Baloncesto Talavera\t\t\t<\/a>\n\t\t<\/h2>\n\t\t\t\t<div class=\"elementor-post__excerpt\">\n\t\t\t<p>Krasimir Marinchevski debut\u00f3 ayer con el Baloncesto Talavera en la victoria en la pista del R.C. Canoe NC (63-84). El ala-p\u00edvot bulgaro inici\u00f3 la temporada<\/p>\n\t\t<\/div>\n\t\t\n\t\t<a class=\"elementor-post__read-more\" href=\"https:\/\/gijonbasket.com\/en\/2023\/12\/03\/debut-de-krasimir-marinchevski-con-el-baloncesto-talavera\/\" aria-label=\"Read more about Debut de Krasimir Marinchevski con el Baloncesto Talavera\" tabindex=\"-1\" >\n\t\t\tRead more &#034;\t\t<\/a>\n\n\t\t\t\t<\/div>\n\t\t\t\t<div class=\"elementor-post__meta-data\">\n\t\t\t\t\t<span class=\"elementor-post-date\">\n\t\t\t3 de December de 2023\t\t<\/span>\n\t\t\t\t<\/div>\n\t\t\t\t\t<\/div>\n\t\t<\/article>\n\t\t\t\t<article class=\"elementor-post elementor-grid-item post-2302 post type-post status-publish format-standard hentry category-noticias\">\n\t\t\t<div class=\"elementor-post__card\">\n\t\t\t\t<div class=\"elementor-post__text\">\n\t\t\t\t<h2 class=\"elementor-post__title\">\n\t\t\t<a href=\"https:\/\/gijonbasket.com\/en\/2023\/12\/03\/real-betis-baloncesto-alimerka-oviedo-baloncesto-85-94\/\" >\n\t\t\t\tReal Betis Baloncesto &#8211; Alimerka Oviedo Baloncesto (85-94)\t\t\t<\/a>\n\t\t<\/h2>\n\t\t\t\t<div class=\"elementor-post__excerpt\">\n\t\t\t<p>Tercera victoria consecutiva del Alimerka Oviedo Baloncesto, en nueve d\u00edas, para imponerse en la pr\u00f3rroga al Real Betis Baloncesto (85-94). Josep P\u00e9rez con 10 puntos<\/p>\n\t\t<\/div>\n\t\t\n\t\t<a class=\"elementor-post__read-more\" href=\"https:\/\/gijonbasket.com\/en\/2023\/12\/03\/real-betis-baloncesto-alimerka-oviedo-baloncesto-85-94\/\" aria-label=\"Read more about Real Betis Baloncesto &#8211; Alimerka Oviedo Baloncesto (85-94)\" tabindex=\"-1\" >\n\t\t\tRead more &#034;\t\t<\/a>\n\n\t\t\t\t<\/div>\n\t\t\t\t<div class=\"elementor-post__meta-data\">\n\t\t\t\t\t<span class=\"elementor-post-date\">\n\t\t\t3 de December de 2023\t\t<\/span>\n\t\t\t\t<\/div>\n\t\t\t\t\t<\/div>\n\t\t<\/article>\n\t\t\t\t<article class=\"elementor-post elementor-grid-item post-2300 post type-post status-publish format-standard hentry category-noticias\">\n\t\t\t<div class=\"elementor-post__card\">\n\t\t\t\t<div class=\"elementor-post__text\">\n\t\t\t\t<h2 class=\"elementor-post__title\">\n\t\t\t<a href=\"https:\/\/gijonbasket.com\/en\/2023\/12\/02\/mundioma-marin-ence-peixegalego-tartiere-auto-gijon-basket-73-49\/\" >\n\t\t\t\tMundioma Mar\u00edn Ence PeixeGalego &#8211; Tartiere Auto Gij\u00f3n Basket (73-49)\t\t\t<\/a>\n\t\t<\/h2>\n\t\t\t\t<div class=\"elementor-post__excerpt\">\n\t\t\t<p>Novena derrota consecutiva de Tartiere Auto Gij\u00f3n Basket al caer ante el Mundioma Mar\u00edn Ence Peixegalego. Cr\u00f3nica de una derrota esperada. La inferioridad de condiciones<\/p>\n\t\t<\/div>\n\t\t\n\t\t<a class=\"elementor-post__read-more\" href=\"https:\/\/gijonbasket.com\/en\/2023\/12\/02\/mundioma-marin-ence-peixegalego-tartiere-auto-gijon-basket-73-49\/\" aria-label=\"Read more about Mundioma Mar\u00edn Ence PeixeGalego &#8211; Tartiere Auto Gij\u00f3n Basket (73-49)\" tabindex=\"-1\" >\n\t\t\tRead more &#034;\t\t<\/a>\n\n\t\t\t\t<\/div>\n\t\t\t\t<div class=\"elementor-post__meta-data\">\n\t\t\t\t\t<span class=\"elementor-post-date\">\n\t\t\t2 de December de 2023\t\t<\/span>\n\t\t\t\t<\/div>\n\t\t\t\t\t<\/div>\n\t\t<\/article>\n\t\t\t\t<article class=\"elementor-post elementor-grid-item post-2298 post type-post status-publish format-standard hentry category-noticias\">\n\t\t\t<div class=\"elementor-post__card\">\n\t\t\t\t<div class=\"elementor-post__text\">\n\t\t\t\t<h2 class=\"elementor-post__title\">\n\t\t\t<a href=\"https:\/\/gijonbasket.com\/en\/2023\/12\/02\/ismael-romero-desvinculacion-del-real-betis-baloncesto\/\" >\n\t\t\t\tIsmael Romero desvinculaci\u00f3n del Real Betis Baloncesto\t\t\t<\/a>\n\t\t<\/h2>\n\t\t\t\t<div class=\"elementor-post__excerpt\">\n\t\t\t<p>El Real Betis Baloncesto e Ismael Romero separan sus caminos por motivos personales. El p\u00edvot cubano, internacional por Puerto Rico, abandona el conjunto verdiblanco previo<\/p>\n\t\t<\/div>\n\t\t\n\t\t<a class=\"elementor-post__read-more\" href=\"https:\/\/gijonbasket.com\/en\/2023\/12\/02\/ismael-romero-desvinculacion-del-real-betis-baloncesto\/\" aria-label=\"Read more about Ismael Romero desvinculaci\u00f3n del Real Betis Baloncesto\" tabindex=\"-1\" >\n\t\t\tRead more &#034;\t\t<\/a>\n\n\t\t\t\t<\/div>\n\t\t\t\t<div class=\"elementor-post__meta-data\">\n\t\t\t\t\t<span class=\"elementor-post-date\">\n\t\t\t2 de December de 2023\t\t<\/span>\n\t\t\t\t<\/div>\n\t\t\t\t\t<\/div>\n\t\t<\/article>\n\t\t\t\t<article class=\"elementor-post elementor-grid-item post-2295 post type-post status-publish format-standard hentry category-noticias\">\n\t\t\t<div class=\"elementor-post__card\">\n\t\t\t\t<div class=\"elementor-post__text\">\n\t\t\t\t<h2 class=\"elementor-post__title\">\n\t\t\t<a href=\"https:\/\/gijonbasket.com\/en\/2023\/12\/02\/mercado-de-fichajes-101\/\" >\n\t\t\t\tMercado de Fichajes\t\t\t<\/a>\n\t\t<\/h2>\n\t\t\t\t<div class=\"elementor-post__excerpt\">\n\t\t\t<p>Anadolu Efes : Fichaje de Daniel Oturu (Yukatel Merkezefendi Belediyesi Basket Denizli). Hapoel Yossi Avrahami Eilat : Fichaje de Deishuan Booker (NutriBullet Treviso Basket). Palmer<\/p>\n\t\t<\/div>\n\t\t\n\t\t<a class=\"elementor-post__read-more\" href=\"https:\/\/gijonbasket.com\/en\/2023\/12\/02\/mercado-de-fichajes-101\/\" aria-label=\"Read more about Mercado de Fichajes\" tabindex=\"-1\" >\n\t\t\tRead more &#034;\t\t<\/a>\n\n\t\t\t\t<\/div>\n\t\t\t\t<div class=\"elementor-post__meta-data\">\n\t\t\t\t\t<span class=\"elementor-post-date\">\n\t\t\t2 de December de 2023\t\t<\/span>\n\t\t\t\t<\/div>\n\t\t\t\t\t<\/div>\n\t\t<\/article>\n\t\t\t\t<article class=\"elementor-post elementor-grid-item post-2293 post type-post status-publish format-standard hentry category-noticias\">\n\t\t\t<div class=\"elementor-post__card\">\n\t\t\t\t<div class=\"elementor-post__text\">\n\t\t\t\t<h2 class=\"elementor-post__title\">\n\t\t\t<a href=\"https:\/\/gijonbasket.com\/en\/2023\/12\/02\/actualidad-liga-endesa-6\/\" >\n\t\t\t\tActualidad Liga Endesa\t\t\t<\/a>\n\t\t<\/h2>\n\t\t\t\t<div class=\"elementor-post__excerpt\">\n\t\t\t<p>Surne Bilbao Basket : Baja de Tryggvi Hlinason al sufrir un esguince severo del ligamento lateral externo de su tobillo izquierdo. Monbus Obradoiro : Renovaci\u00f3n<\/p>\n\t\t<\/div>\n\t\t\n\t\t<a class=\"elementor-post__read-more\" href=\"https:\/\/gijonbasket.com\/en\/2023\/12\/02\/actualidad-liga-endesa-6\/\" aria-label=\"Read more about Actualidad Liga Endesa\" tabindex=\"-1\" >\n\t\t\tRead more &#034;\t\t<\/a>\n\n\t\t\t\t<\/div>\n\t\t\t\t<div class=\"elementor-post__meta-data\">\n\t\t\t\t\t<span class=\"elementor-post-date\">\n\t\t\t2 de December de 2023\t\t<\/span>\n\t\t\t\t<\/div>\n\t\t\t\t\t<\/div>\n\t\t<\/article>\n\t\t\t\t<article class=\"elementor-post elementor-grid-item post-2289 post type-post status-publish format-standard hentry category-noticias\">\n\t\t\t<div class=\"elementor-post__card\">\n\t\t\t\t<div class=\"elementor-post__text\">\n\t\t\t\t<h2 class=\"elementor-post__title\">\n\t\t\t<a href=\"https:\/\/gijonbasket.com\/en\/2023\/12\/01\/tartiere-auto-gijon-basket-sin-jeronimo-luis-para-el-encuentro-ante-mundioma-marin-ence-peixegalego\/\" >\n\t\t\t\tTartiere Auto Gij\u00f3n Basket sin Jer\u00f3nimo Luis para el encuentro ante Mundioma Mar\u00edn Ence Peixegalego\t\t\t<\/a>\n\t\t<\/h2>\n\t\t\t\t<div class=\"elementor-post__excerpt\">\n\t\t\t<p>Tartiere Auto Gij\u00f3n Basket no podr\u00e1 contar ma\u00f1ana con Jer\u00f3nimo Luis, como ya avanzabamos ayer, para el encuentro ante el Mundioma Mar\u00edn Ence Peixegalego. El<\/p>\n\t\t<\/div>\n\t\t\n\t\t<a class=\"elementor-post__read-more\" href=\"https:\/\/gijonbasket.com\/en\/2023\/12\/01\/tartiere-auto-gijon-basket-sin-jeronimo-luis-para-el-encuentro-ante-mundioma-marin-ence-peixegalego\/\" aria-label=\"Read more about Tartiere Auto Gij\u00f3n Basket sin Jer\u00f3nimo Luis para el encuentro ante Mundioma Mar\u00edn Ence Peixegalego\" tabindex=\"-1\" >\n\t\t\tRead more &#034;\t\t<\/a>\n\n\t\t\t\t<\/div>\n\t\t\t\t<div class=\"elementor-post__meta-data\">\n\t\t\t\t\t<span class=\"elementor-post-date\">\n\t\t\t1 de December de 2023\t\t<\/span>\n\t\t\t\t<\/div>\n\t\t\t\t\t<\/div>\n\t\t<\/article>\n\t\t\t\t<article class=\"elementor-post elementor-grid-item post-2287 post type-post status-publish format-standard hentry category-noticias\">\n\t\t\t<div class=\"elementor-post__card\">\n\t\t\t\t<div class=\"elementor-post__text\">\n\t\t\t\t<h2 class=\"elementor-post__title\">\n\t\t\t<a href=\"https:\/\/gijonbasket.com\/en\/2023\/11\/30\/tartiere-auto-gijon-basket-sin-soluciones-inmediatas\/\" >\n\t\t\t\tTartiere Auto Gij\u00f3n Basket sin soluciones inmediatas\t\t\t<\/a>\n\t\t<\/h2>\n\t\t\t\t<div class=\"elementor-post__excerpt\">\n\t\t\t<p>Tartiere Auto Gij\u00f3n Basket, con una racha de 8 derrotas consecutivas y 2 meses sin conocer la victoria, ante la crisis m\u00e1s importante en sus<\/p>\n\t\t<\/div>\n\t\t\n\t\t<a class=\"elementor-post__read-more\" href=\"https:\/\/gijonbasket.com\/en\/2023\/11\/30\/tartiere-auto-gijon-basket-sin-soluciones-inmediatas\/\" aria-label=\"Read more about Tartiere Auto Gij\u00f3n Basket sin soluciones inmediatas\" tabindex=\"-1\" >\n\t\t\tRead more &#034;\t\t<\/a>\n\n\t\t\t\t<\/div>\n\t\t\t\t<div class=\"elementor-post__meta-data\">\n\t\t\t\t\t<span class=\"elementor-post-date\">\n\t\t\t30 de November de 2023\t\t<\/span>\n\t\t\t\t<\/div>\n\t\t\t\t\t<\/div>\n\t\t<\/article>\n\t\t\t\t<article class=\"elementor-post elementor-grid-item post-2285 post type-post status-publish format-standard hentry category-noticias\">\n\t\t\t<div class=\"elementor-post__card\">\n\t\t\t\t<div class=\"elementor-post__text\">\n\t\t\t\t<h2 class=\"elementor-post__title\">\n\t\t\t<a href=\"https:\/\/gijonbasket.com\/en\/2023\/11\/29\/francisco-amarante-nueva-baja-por-lesion-en-el-alimerka-oviedo-baloncesto\/\" >\n\t\t\t\tFrancisco Amarante nueva baja por lesi\u00f3n en el Alimerka Oviedo Baloncesto\t\t\t<\/a>\n\t\t<\/h2>\n\t\t\t\t<div class=\"elementor-post__excerpt\">\n\t\t\t<p>El Alimerka Oviedo Baloncesto suma una nueva baja por lesi\u00f3n por segundo encuentro consecutivo. Si ante el Baloncesto Fuenlabrada, Dan Duscak sufri\u00f3 la fractura del<\/p>\n\t\t<\/div>\n\t\t\n\t\t<a class=\"elementor-post__read-more\" href=\"https:\/\/gijonbasket.com\/en\/2023\/11\/29\/francisco-amarante-nueva-baja-por-lesion-en-el-alimerka-oviedo-baloncesto\/\" aria-label=\"Read more about Francisco Amarante nueva baja por lesi\u00f3n en el Alimerka Oviedo Baloncesto\" tabindex=\"-1\" >\n\t\t\tRead more &#034;\t\t<\/a>\n\n\t\t\t\t<\/div>\n\t\t\t\t<div class=\"elementor-post__meta-data\">\n\t\t\t\t\t<span class=\"elementor-post-date\">\n\t\t\t29 de November de 2023\t\t<\/span>\n\t\t\t\t<\/div>\n\t\t\t\t\t<\/div>\n\t\t<\/article>\n\t\t\t\t<article class=\"elementor-post elementor-grid-item post-2283 post type-post status-publish format-standard hentry category-noticias\">\n\t\t\t<div class=\"elementor-post__card\">\n\t\t\t\t<div class=\"elementor-post__text\">\n\t\t\t\t<h2 class=\"elementor-post__title\">\n\t\t\t<a href=\"https:\/\/gijonbasket.com\/en\/2023\/11\/29\/kyle-kaemingk-nuevo-fichaje-del-mundioma-marin-ence-peixegalego\/\" >\n\t\t\t\tKyle Kaemingk nuevo fichaje del Mundioma Mar\u00edn Ence Peixegalego\t\t\t<\/a>\n\t\t<\/h2>\n\t\t\t\t<div class=\"elementor-post__excerpt\">\n\t\t\t<p>El Mundioma Mar\u00edn Ence Peixegalego se refuerza con el fichaje de Kyle Kaemingk (Northwestern-St. Paul University), para dar un salto cualitativo al conjunto gallego, en<\/p>\n\t\t<\/div>\n\t\t\n\t\t<a class=\"elementor-post__read-more\" href=\"https:\/\/gijonbasket.com\/en\/2023\/11\/29\/kyle-kaemingk-nuevo-fichaje-del-mundioma-marin-ence-peixegalego\/\" aria-label=\"Read more about Kyle Kaemingk nuevo fichaje del Mundioma Mar\u00edn Ence Peixegalego\" tabindex=\"-1\" >\n\t\t\tRead more &#034;\t\t<\/a>\n\n\t\t\t\t<\/div>\n\t\t\t\t<div class=\"elementor-post__meta-data\">\n\t\t\t\t\t<span class=\"elementor-post-date\">\n\t\t\t29 de November de 2023\t\t<\/span>\n\t\t\t\t<\/div>\n\t\t\t\t\t<\/div>\n\t\t<\/article>\n\t\t\t\t<article class=\"elementor-post elementor-grid-item post-2280 post type-post status-publish format-standard hentry category-noticias\">\n\t\t\t<div class=\"elementor-post__card\">\n\t\t\t\t<div class=\"elementor-post__text\">\n\t\t\t\t<h2 class=\"elementor-post__title\">\n\t\t\t<a href=\"https:\/\/gijonbasket.com\/en\/2023\/11\/29\/mercado-de-fichajes-100\/\" >\n\t\t\t\tMercado de Fichajes\t\t\t<\/a>\n\t\t<\/h2>\n\t\t\t\t<div class=\"elementor-post__excerpt\">\n\t\t\t<p>Olympiacos : Fichaje de Filip Petrusev (Stockton Kings). Zalgiris Kaunas : Fichaje de Edmond Sumner (Charlotte Hornets). Hebraica Macabi Montevideo : Fichaje de Golan Gutt<\/p>\n\t\t<\/div>\n\t\t\n\t\t<a class=\"elementor-post__read-more\" href=\"https:\/\/gijonbasket.com\/en\/2023\/11\/29\/mercado-de-fichajes-100\/\" aria-label=\"Read more about Mercado de Fichajes\" tabindex=\"-1\" >\n\t\t\tRead more &#034;\t\t<\/a>\n\n\t\t\t\t<\/div>\n\t\t\t\t<div class=\"elementor-post__meta-data\">\n\t\t\t\t\t<span class=\"elementor-post-date\">\n\t\t\t29 de November de 2023\t\t<\/span>\n\t\t\t\t<\/div>\n\t\t\t\t\t<\/div>\n\t\t<\/article>\n\t\t\t\t<article class=\"elementor-post elementor-grid-item post-2277 post type-post status-publish format-standard hentry category-noticias\">\n\t\t\t<div class=\"elementor-post__card\">\n\t\t\t\t<div class=\"elementor-post__text\">\n\t\t\t\t<h2 class=\"elementor-post__title\">\n\t\t\t<a href=\"https:\/\/gijonbasket.com\/en\/2023\/11\/28\/alimerka-oviedo-baloncesto-rioverde-clavijo-80-59\/\" >\n\t\t\t\tAlimerka Oviedo Baloncesto &#8211; Rioverde Clavijo (80-59)\t\t\t<\/a>\n\t\t<\/h2>\n\t\t\t\t<div class=\"elementor-post__excerpt\">\n\t\t\t<p>Segunda victoria consecutiva del Alimerka Oviedo Baloncesto ante un rival directo por la permanencia como el Rioverde Clavijo (80-59). El Rioverde Clavijo s\u00f3lo tuvo m\u00ednimas<\/p>\n\t\t<\/div>\n\t\t\n\t\t<a class=\"elementor-post__read-more\" href=\"https:\/\/gijonbasket.com\/en\/2023\/11\/28\/alimerka-oviedo-baloncesto-rioverde-clavijo-80-59\/\" aria-label=\"Read more about Alimerka Oviedo Baloncesto &#8211; Rioverde Clavijo (80-59)\" tabindex=\"-1\" >\n\t\t\tRead more &#034;\t\t<\/a>\n\n\t\t\t\t<\/div>\n\t\t\t\t<div class=\"elementor-post__meta-data\">\n\t\t\t\t\t<span class=\"elementor-post-date\">\n\t\t\t28 de November de 2023\t\t<\/span>\n\t\t\t\t<\/div>\n\t\t\t\t\t<\/div>\n\t\t<\/article>\n\t\t\t\t<article class=\"elementor-post elementor-grid-item post-2275 post type-post status-publish format-standard hentry category-noticias\">\n\t\t\t<div class=\"elementor-post__card\">\n\t\t\t\t<div class=\"elementor-post__text\">\n\t\t\t\t<h2 class=\"elementor-post__title\">\n\t\t\t<a href=\"https:\/\/gijonbasket.com\/en\/2023\/11\/28\/tiempo-muerto-onda-penes-27-11-2023\/\" >\n\t\t\t\tTiempo Muerto \u2013 Onda Pe\u00f1es \u2013 27\/11\/2023\t\t\t<\/a>\n\t\t<\/h2>\n\t\t\t\t<div class=\"elementor-post__excerpt\">\n\t\t\t<p>https:\/\/www.ivoox.com\/tiempo-muerto-27-11-2023-audios-mp3_rf_120145317_1.html<\/p>\n\t\t<\/div>\n\t\t\n\t\t<a class=\"elementor-post__read-more\" href=\"https:\/\/gijonbasket.com\/en\/2023\/11\/28\/tiempo-muerto-onda-penes-27-11-2023\/\" aria-label=\"Read more about Tiempo Muerto \u2013 Onda Pe\u00f1es \u2013 27\/11\/2023\" tabindex=\"-1\" >\n\t\t\tRead more &#034;\t\t<\/a>\n\n\t\t\t\t<\/div>\n\t\t\t\t<div class=\"elementor-post__meta-data\">\n\t\t\t\t\t<span class=\"elementor-post-date\">\n\t\t\t28 de November de 2023\t\t<\/span>\n\t\t\t\t<\/div>\n\t\t\t\t\t<\/div>\n\t\t<\/article>\n\t\t\t\t<article class=\"elementor-post elementor-grid-item post-2270 post type-post status-publish format-standard hentry category-noticias\">\n\t\t\t<div class=\"elementor-post__card\">\n\t\t\t\t<div class=\"elementor-post__text\">\n\t\t\t\t<h2 class=\"elementor-post__title\">\n\t\t\t<a href=\"https:\/\/gijonbasket.com\/en\/2023\/11\/27\/preolimpico-paris-2024-hoja-de-ruta-para-espana\/\" >\n\t\t\t\tSorteo Preol\u00edmpico Paris 2024 &#8211; Hoja de Ruta para Espa\u00f1a\t\t\t<\/a>\n\t\t<\/h2>\n\t\t\t\t<div class=\"elementor-post__excerpt\">\n\t\t\t<p>Espa\u00f1a ya conoce la Hoja de Ruta para llegar a los Juegos Ol\u00edmpicos Par\u00eds 2024 partiendo como anfitri\u00f3n en Valencia. La Primera Fase, Espa\u00f1a encuadrada<\/p>\n\t\t<\/div>\n\t\t\n\t\t<a class=\"elementor-post__read-more\" href=\"https:\/\/gijonbasket.com\/en\/2023\/11\/27\/preolimpico-paris-2024-hoja-de-ruta-para-espana\/\" aria-label=\"Read more about Sorteo Preol\u00edmpico Paris 2024 &#8211; Hoja de Ruta para Espa\u00f1a\" tabindex=\"-1\" >\n\t\t\tRead more &#034;\t\t<\/a>\n\n\t\t\t\t<\/div>\n\t\t\t\t<div class=\"elementor-post__meta-data\">\n\t\t\t\t\t<span class=\"elementor-post-date\">\n\t\t\t27 de November de 2023\t\t<\/span>\n\t\t\t\t<\/div>\n\t\t\t\t\t<\/div>\n\t\t<\/article>\n\t\t\t\t<article class=\"elementor-post elementor-grid-item post-2268 post type-post status-publish format-standard hentry category-noticias\">\n\t\t\t<div class=\"elementor-post__card\">\n\t\t\t\t<div class=\"elementor-post__text\">\n\t\t\t\t<h2 class=\"elementor-post__title\">\n\t\t\t<a href=\"https:\/\/gijonbasket.com\/en\/2023\/11\/27\/espana-se-jugara-el-billete-a-paris-2024-en-valencia\/\" >\n\t\t\t\tEspa\u00f1a se jugar\u00e1 el billete a Par\u00eds 2024 en Valencia\t\t\t<\/a>\n\t\t<\/h2>\n\t\t\t\t<div class=\"elementor-post__excerpt\">\n\t\t\t<p>Valencia con la Fuente de San Luis, fue elegida por FIBA, como una de las sedes de los cuatro Preol\u00edmpicos para Par\u00eds 2024 en categor\u00eda<\/p>\n\t\t<\/div>\n\t\t\n\t\t<a class=\"elementor-post__read-more\" href=\"https:\/\/gijonbasket.com\/en\/2023\/11\/27\/espana-se-jugara-el-billete-a-paris-2024-en-valencia\/\" aria-label=\"Read more about Espa\u00f1a se jugar\u00e1 el billete a Par\u00eds 2024 en Valencia\" tabindex=\"-1\" >\n\t\t\tRead more &#034;\t\t<\/a>\n\n\t\t\t\t<\/div>\n\t\t\t\t<div class=\"elementor-post__meta-data\">\n\t\t\t\t\t<span class=\"elementor-post-date\">\n\t\t\t27 de November de 2023\t\t<\/span>\n\t\t\t\t<\/div>\n\t\t\t\t\t<\/div>\n\t\t<\/article>\n\t\t\t\t<article class=\"elementor-post elementor-grid-item post-2266 post type-post status-publish format-standard hentry category-noticias\">\n\t\t\t<div class=\"elementor-post__card\">\n\t\t\t\t<div class=\"elementor-post__text\">\n\t\t\t\t<h2 class=\"elementor-post__title\">\n\t\t\t<a href=\"https:\/\/gijonbasket.com\/en\/2023\/11\/27\/dan-duscak-baja-mes-y-medio-para-el-alimerka-oviedo-baloncesto\/\" >\n\t\t\t\tDan Duscak baja mes y medio para el Alimerka Oviedo Baloncesto\t\t\t<\/a>\n\t\t<\/h2>\n\t\t\t\t<div class=\"elementor-post__excerpt\">\n\t\t\t<p>Lesi\u00f3n de Dan Duscak, al sufrir la fractura del cuarto metacarpiano de su mano derecha, que le mantendr\u00e1 de baja mes y medio (6-8 semanas).<\/p>\n\t\t<\/div>\n\t\t\n\t\t<a class=\"elementor-post__read-more\" href=\"https:\/\/gijonbasket.com\/en\/2023\/11\/27\/dan-duscak-baja-mes-y-medio-para-el-alimerka-oviedo-baloncesto\/\" aria-label=\"Read more about Dan Duscak baja mes y medio para el Alimerka Oviedo Baloncesto\" tabindex=\"-1\" >\n\t\t\tRead more &#034;\t\t<\/a>\n\n\t\t\t\t<\/div>\n\t\t\t\t<div class=\"elementor-post__meta-data\">\n\t\t\t\t\t<span class=\"elementor-post-date\">\n\t\t\t27 de November de 2023\t\t<\/span>\n\t\t\t\t<\/div>\n\t\t\t\t\t<\/div>\n\t\t<\/article>\n\t\t\t\t<article class=\"elementor-post elementor-grid-item post-2259 post type-post status-publish format-standard hentry category-noticias\">\n\t\t\t<div class=\"elementor-post__card\">\n\t\t\t\t<div class=\"elementor-post__text\">\n\t\t\t\t<h2 class=\"elementor-post__title\">\n\t\t\t<a href=\"https:\/\/gijonbasket.com\/en\/2023\/11\/26\/adba-sanfer-nautico-tenerife-ull-76-60\/\" >\n\t\t\t\tADBA-Sanfer &#8211; N\u00e1utico Tenerife Ull (76-60)\t\t\t<\/a>\n\t\t<\/h2>\n\t\t\t\t<div class=\"elementor-post__excerpt\">\n\t\t\t<p>Segunda victoria de la temporada para ADBA-Sanfer con el triunfo logrado ayer s\u00e1bado ante el N\u00e1utico Tenerife Ull (76-60). Dominio completo de ADBA-Sanfer, en un<\/p>\n\t\t<\/div>\n\t\t\n\t\t<a class=\"elementor-post__read-more\" href=\"https:\/\/gijonbasket.com\/en\/2023\/11\/26\/adba-sanfer-nautico-tenerife-ull-76-60\/\" aria-label=\"Read more about ADBA-Sanfer &#8211; N\u00e1utico Tenerife Ull (76-60)\" tabindex=\"-1\" >\n\t\t\tRead more &#034;\t\t<\/a>\n\n\t\t\t\t<\/div>\n\t\t\t\t<div class=\"elementor-post__meta-data\">\n\t\t\t\t\t<span class=\"elementor-post-date\">\n\t\t\t26 de November de 2023\t\t<\/span>\n\t\t\t\t<\/div>\n\t\t\t\t\t<\/div>\n\t\t<\/article>\n\t\t\t\t<article class=\"elementor-post elementor-grid-item post-2257 post type-post status-publish format-standard hentry category-noticias\">\n\t\t\t<div class=\"elementor-post__card\">\n\t\t\t\t<div class=\"elementor-post__text\">\n\t\t\t\t<h2 class=\"elementor-post__title\">\n\t\t\t<a href=\"https:\/\/gijonbasket.com\/en\/2023\/11\/26\/tartiere-auto-gijon-basket-traumacor-culleredo-63-74\/\" >\n\t\t\t\tTartiere Auto Gij\u00f3n Basket &#8211; Traumacor Culleredo (63-74)\t\t\t<\/a>\n\t\t<\/h2>\n\t\t\t\t<div class=\"elementor-post__excerpt\">\n\t\t\t<p>Alberto Corbacho (23 puntos; 6\/12-T3) y un fat\u00eddico parcial de 0-18, provocaron la octava derrota consecutiva de Tartiere Auto Gij\u00f3n Basket, ayer s\u00e1bado, ante un<\/p>\n\t\t<\/div>\n\t\t\n\t\t<a class=\"elementor-post__read-more\" href=\"https:\/\/gijonbasket.com\/en\/2023\/11\/26\/tartiere-auto-gijon-basket-traumacor-culleredo-63-74\/\" aria-label=\"Read more about Tartiere Auto Gij\u00f3n Basket &#8211; Traumacor Culleredo (63-74)\" tabindex=\"-1\" >\n\t\t\tRead more &#034;\t\t<\/a>\n\n\t\t\t\t<\/div>\n\t\t\t\t<div class=\"elementor-post__meta-data\">\n\t\t\t\t\t<span class=\"elementor-post-date\">\n\t\t\t26 de November de 2023\t\t<\/span>\n\t\t\t\t<\/div>\n\t\t\t\t\t<\/div>\n\t\t<\/article>\n\t\t\t\t<article class=\"elementor-post elementor-grid-item post-2255 post type-post status-publish format-standard hentry category-noticias\">\n\t\t\t<div class=\"elementor-post__card\">\n\t\t\t\t<div class=\"elementor-post__text\">\n\t\t\t\t<h2 class=\"elementor-post__title\">\n\t\t\t<a href=\"https:\/\/gijonbasket.com\/en\/2023\/11\/25\/jeronimo-luis-proximo-fichaje-de-tartiere-auto-gijon-basket\/\" >\n\t\t\t\tJer\u00f3nimo Luis pr\u00f3ximo fichaje de Tartiere Auto Gij\u00f3n Basket\t\t\t<\/a>\n\t\t<\/h2>\n\t\t\t\t<div class=\"elementor-post__excerpt\">\n\t\t\t<p>Jer\u00f3nimo Luis, alero angole\u00f1o de 23 a\u00f1os y 1.97 m., es el elegido por Tartiere Auto Gij\u00f3n Basket para convertirse en el segundo fichaje del<\/p>\n\t\t<\/div>\n\t\t\n\t\t<a class=\"elementor-post__read-more\" href=\"https:\/\/gijonbasket.com\/en\/2023\/11\/25\/jeronimo-luis-proximo-fichaje-de-tartiere-auto-gijon-basket\/\" aria-label=\"Read more about Jer\u00f3nimo Luis pr\u00f3ximo fichaje de Tartiere Auto Gij\u00f3n Basket\" tabindex=\"-1\" >\n\t\t\tRead more &#034;\t\t<\/a>\n\n\t\t\t\t<\/div>\n\t\t\t\t<div class=\"elementor-post__meta-data\">\n\t\t\t\t\t<span class=\"elementor-post-date\">\n\t\t\t25 de November de 2023\t\t<\/span>\n\t\t\t\t<\/div>\n\t\t\t\t\t<\/div>\n\t\t<\/article>\n\t\t\t\t<article class=\"elementor-post elementor-grid-item post-2253 post type-post status-publish format-standard hentry category-noticias\">\n\t\t\t<div class=\"elementor-post__card\">\n\t\t\t\t<div class=\"elementor-post__text\">\n\t\t\t\t<h2 class=\"elementor-post__title\">\n\t\t\t<a href=\"https:\/\/gijonbasket.com\/en\/2023\/11\/24\/baba-fall-operado-con-exito-de-la-rodilla-derecha\/\" >\n\t\t\t\tBaba Fall operado con \u00e9xito de la rodilla derecha\t\t\t<\/a>\n\t\t<\/h2>\n\t\t\t\t<div class=\"elementor-post__excerpt\">\n\t\t\t<p>Baba Fall pas\u00f3 esta tarde por quir\u00f3fano para ser intervenido de su lesi\u00f3n en la rodilla derecha. La intervenci\u00f3n quir\u00fargica tuvo lugar en el Hospital<\/p>\n\t\t<\/div>\n\t\t\n\t\t<a class=\"elementor-post__read-more\" href=\"https:\/\/gijonbasket.com\/en\/2023\/11\/24\/baba-fall-operado-con-exito-de-la-rodilla-derecha\/\" aria-label=\"Read more about Baba Fall operado con \u00e9xito de la rodilla derecha\" tabindex=\"-1\" >\n\t\t\tRead more &#034;\t\t<\/a>\n\n\t\t\t\t<\/div>\n\t\t\t\t<div class=\"elementor-post__meta-data\">\n\t\t\t\t\t<span class=\"elementor-post-date\">\n\t\t\t24 de November de 2023\t\t<\/span>\n\t\t\t\t<\/div>\n\t\t\t\t\t<\/div>\n\t\t<\/article>\n\t\t\t\t<article class=\"elementor-post elementor-grid-item post-2248 post type-post status-publish format-standard hentry category-noticias\">\n\t\t\t<div class=\"elementor-post__card\">\n\t\t\t\t<div class=\"elementor-post__text\">\n\t\t\t\t<h2 class=\"elementor-post__title\">\n\t\t\t<a href=\"https:\/\/gijonbasket.com\/en\/2023\/11\/24\/mercado-de-fichajes-99\/\" >\n\t\t\t\tMercado de Fichajes\t\t\t<\/a>\n\t\t<\/h2>\n\t\t\t\t<div class=\"elementor-post__excerpt\">\n\t\t\t<p>Partizan Mozzart Bet Belgrado : Fichaje de Yogi Ferrell (Shanghai Sharks). Zalgiris Kaunas : Inter\u00e9s por Kevin Pangos (EA7 Emporio Armani Milan). CSM Targu Jiu<\/p>\n\t\t<\/div>\n\t\t\n\t\t<a class=\"elementor-post__read-more\" href=\"https:\/\/gijonbasket.com\/en\/2023\/11\/24\/mercado-de-fichajes-99\/\" aria-label=\"Read more about Mercado de Fichajes\" tabindex=\"-1\" >\n\t\t\tRead more &#034;\t\t<\/a>\n\n\t\t\t\t<\/div>\n\t\t\t\t<div class=\"elementor-post__meta-data\">\n\t\t\t\t\t<span class=\"elementor-post-date\">\n\t\t\t24 de November de 2023\t\t<\/span>\n\t\t\t\t<\/div>\n\t\t\t\t\t<\/div>\n\t\t<\/article>\n\t\t\t\t<article class=\"elementor-post elementor-grid-item post-2246 post type-post status-publish format-standard hentry category-noticias\">\n\t\t\t<div class=\"elementor-post__card\">\n\t\t\t\t<div class=\"elementor-post__text\">\n\t\t\t\t<h2 class=\"elementor-post__title\">\n\t\t\t<a href=\"https:\/\/gijonbasket.com\/en\/2023\/11\/24\/actualidad-liga-endesa-5\/\" >\n\t\t\t\tActualidad Liga Endesa\t\t\t<\/a>\n\t\t<\/h2>\n\t\t\t\t<div class=\"elementor-post__excerpt\">\n\t\t\t<p>Lenovo Tenerife : Baja de Fran Guerra al sufrir una rotura muscular en el recto anterior del cuadr\u00edceps izquierdo. MoraBanc Andorra : Baja de Tyson<\/p>\n\t\t<\/div>\n\t\t\n\t\t<a class=\"elementor-post__read-more\" href=\"https:\/\/gijonbasket.com\/en\/2023\/11\/24\/actualidad-liga-endesa-5\/\" aria-label=\"Read more about Actualidad Liga Endesa\" tabindex=\"-1\" >\n\t\t\tRead more &#034;\t\t<\/a>\n\n\t\t\t\t<\/div>\n\t\t\t\t<div class=\"elementor-post__meta-data\">\n\t\t\t\t\t<span class=\"elementor-post-date\">\n\t\t\t24 de November de 2023\t\t<\/span>\n\t\t\t\t<\/div>\n\t\t\t\t\t<\/div>\n\t\t<\/article>\n\t\t\t\t<article class=\"elementor-post elementor-grid-item post-2243 post type-post status-publish format-standard hentry category-exclusivas category-noticias\">\n\t\t\t<div class=\"elementor-post__card\">\n\t\t\t\t<div class=\"elementor-post__text\">\n\t\t\t\t<h2 class=\"elementor-post__title\">\n\t\t\t<a href=\"https:\/\/gijonbasket.com\/en\/2023\/11\/23\/baba-fall-en-lista-de-espera\/\" >\n\t\t\t\tBaba Fall en lista de espera\t\t\t<\/a>\n\t\t<\/h2>\n\t\t\t\t<div class=\"elementor-post__excerpt\">\n\t\t\t<p>Ampliando la exclusiva publicada ayer en www.gijonbasket.com sobre Baba Fall, se encuentra en lista de espera para ser intervenido quir\u00fargicamente, de la lesi\u00f3n en su<\/p>\n\t\t<\/div>\n\t\t\n\t\t<a class=\"elementor-post__read-more\" href=\"https:\/\/gijonbasket.com\/en\/2023\/11\/23\/baba-fall-en-lista-de-espera\/\" aria-label=\"Read more about Baba Fall en lista de espera\" tabindex=\"-1\" >\n\t\t\tRead more &#034;\t\t<\/a>\n\n\t\t\t\t<\/div>\n\t\t\t\t<div class=\"elementor-post__meta-data\">\n\t\t\t\t\t<span class=\"elementor-post-date\">\n\t\t\t23 de November de 2023\t\t<\/span>\n\t\t\t\t<\/div>\n\t\t\t\t\t<\/div>\n\t\t<\/article>\n\t\t\t\t<article class=\"elementor-post elementor-grid-item post-2241 post type-post status-publish format-standard hentry category-noticias\">\n\t\t\t<div class=\"elementor-post__card\">\n\t\t\t\t<div class=\"elementor-post__text\">\n\t\t\t\t<h2 class=\"elementor-post__title\">\n\t\t\t<a href=\"https:\/\/gijonbasket.com\/en\/2023\/11\/23\/thad-mcfadden-del-ucam-murcia-al-casademont-zaragoza\/\" >\n\t\t\t\tThad McFadden del UCAM Murcia al Casademont Zaragoza\t\t\t<\/a>\n\t\t<\/h2>\n\t\t\t\t<div class=\"elementor-post__excerpt\">\n\t\t\t<p>El Casademont Zaragoza cerr\u00f3 el fichaje de Thad McFadden procedente del UCAM Murcia. El escolta estadounidense con nacionalidad georgiana de 36 a\u00f1os y 1.88 m.<\/p>\n\t\t<\/div>\n\t\t\n\t\t<a class=\"elementor-post__read-more\" href=\"https:\/\/gijonbasket.com\/en\/2023\/11\/23\/thad-mcfadden-del-ucam-murcia-al-casademont-zaragoza\/\" aria-label=\"Read more about Thad McFadden del UCAM Murcia al Casademont Zaragoza\" tabindex=\"-1\" >\n\t\t\tRead more &#034;\t\t<\/a>\n\n\t\t\t\t<\/div>\n\t\t\t\t<div class=\"elementor-post__meta-data\">\n\t\t\t\t\t<span class=\"elementor-post-date\">\n\t\t\t23 de November de 2023\t\t<\/span>\n\t\t\t\t<\/div>\n\t\t\t\t\t<\/div>\n\t\t<\/article>\n\t\t\t\t<article class=\"elementor-post elementor-grid-item post-2239 post type-post status-publish format-standard hentry category-exclusivas category-noticias\">\n\t\t\t<div class=\"elementor-post__card\">\n\t\t\t\t<div class=\"elementor-post__text\">\n\t\t\t\t<h2 class=\"elementor-post__title\">\n\t\t\t<a href=\"https:\/\/gijonbasket.com\/en\/2023\/11\/22\/baba-fall-adios-a-tartiere-auto-gijon-basket\/\" >\n\t\t\t\tBaba Fall adi\u00f3s a Tartiere Auto Gij\u00f3n Basket\t\t\t<\/a>\n\t\t<\/h2>\n\t\t\t\t<div class=\"elementor-post__excerpt\">\n\t\t\t<p>Desde www.gijonbasket.com, adelantamos en exclusiva, el adi\u00f3s de Baba Fall a Tartiere Auto Gij\u00f3n Basket. Cr\u00f3nica de una marcha anunciada y a la espera de<\/p>\n\t\t<\/div>\n\t\t\n\t\t<a class=\"elementor-post__read-more\" href=\"https:\/\/gijonbasket.com\/en\/2023\/11\/22\/baba-fall-adios-a-tartiere-auto-gijon-basket\/\" aria-label=\"Read more about Baba Fall adi\u00f3s a Tartiere Auto Gij\u00f3n Basket\" tabindex=\"-1\" >\n\t\t\tRead more &#034;\t\t<\/a>\n\n\t\t\t\t<\/div>\n\t\t\t\t<div class=\"elementor-post__meta-data\">\n\t\t\t\t\t<span class=\"elementor-post-date\">\n\t\t\t22 de November de 2023\t\t<\/span>\n\t\t\t\t<\/div>\n\t\t\t\t\t<\/div>\n\t\t<\/article>\n\t\t\t\t<article class=\"elementor-post elementor-grid-item post-2236 post type-post status-publish format-standard hentry category-noticias\">\n\t\t\t<div class=\"elementor-post__card\">\n\t\t\t\t<div class=\"elementor-post__text\">\n\t\t\t\t<h2 class=\"elementor-post__title\">\n\t\t\t<a href=\"https:\/\/gijonbasket.com\/en\/2023\/11\/21\/mercado-de-fichajes-liga-endesa-23\/\" >\n\t\t\t\tMercado de Fichajes Liga Endesa\t\t\t<\/a>\n\t\t<\/h2>\n\t\t\t\t<div class=\"elementor-post__excerpt\">\n\t\t\t<p>UCAM Murcia : Rescisi\u00f3n de contrato a Thad McFadden. Casademont Zaragoza : No continuidad de Obi Emegano tras hacer efectiva la cl\u00e1usula de revisi\u00f3n para<\/p>\n\t\t<\/div>\n\t\t\n\t\t<a class=\"elementor-post__read-more\" href=\"https:\/\/gijonbasket.com\/en\/2023\/11\/21\/mercado-de-fichajes-liga-endesa-23\/\" aria-label=\"Read more about Mercado de Fichajes Liga Endesa\" tabindex=\"-1\" >\n\t\t\tRead more &#034;\t\t<\/a>\n\n\t\t\t\t<\/div>\n\t\t\t\t<div class=\"elementor-post__meta-data\">\n\t\t\t\t\t<span class=\"elementor-post-date\">\n\t\t\t21 de November de 2023\t\t<\/span>\n\t\t\t\t<\/div>\n\t\t\t\t\t<\/div>\n\t\t<\/article>\n\t\t\t\t<article class=\"elementor-post elementor-grid-item post-2234 post type-post status-publish format-standard hentry category-noticias\">\n\t\t\t<div class=\"elementor-post__card\">\n\t\t\t\t<div class=\"elementor-post__text\">\n\t\t\t\t<h2 class=\"elementor-post__title\">\n\t\t\t<a href=\"https:\/\/gijonbasket.com\/en\/2023\/11\/20\/tiempo-muerto-onda-penes-20-11-2023\/\" >\n\t\t\t\tTiempo Muerto \u2013 Onda Pe\u00f1es \u2013 20\/11\/2023\t\t\t<\/a>\n\t\t<\/h2>\n\t\t\t\t<div class=\"elementor-post__excerpt\">\n\t\t\t<p>https:\/\/www.ivoox.com\/tiempo-muerto-20-11-2023-audios-mp3_rf_119771826_1.html<\/p>\n\t\t<\/div>\n\t\t\n\t\t<a class=\"elementor-post__read-more\" href=\"https:\/\/gijonbasket.com\/en\/2023\/11\/20\/tiempo-muerto-onda-penes-20-11-2023\/\" aria-label=\"Read more about Tiempo Muerto \u2013 Onda Pe\u00f1es \u2013 20\/11\/2023\" tabindex=\"-1\" >\n\t\t\tRead more &#034;\t\t<\/a>\n\n\t\t\t\t<\/div>\n\t\t\t\t<div class=\"elementor-post__meta-data\">\n\t\t\t\t\t<span class=\"elementor-post-date\">\n\t\t\t20 de November de 2023\t\t<\/span>\n\t\t\t\t<\/div>\n\t\t\t\t\t<\/div>\n\t\t<\/article>\n\t\t\t\t<article class=\"elementor-post elementor-grid-item post-2232 post type-post status-publish format-standard hentry category-noticias\">\n\t\t\t<div class=\"elementor-post__card\">\n\t\t\t\t<div class=\"elementor-post__text\">\n\t\t\t\t<h2 class=\"elementor-post__title\">\n\t\t\t<a href=\"https:\/\/gijonbasket.com\/en\/2023\/11\/20\/mercado-de-fichajes-98\/\" >\n\t\t\t\tMercado de Fichajes\t\t\t<\/a>\n\t\t<\/h2>\n\t\t\t\t<div class=\"elementor-post__excerpt\">\n\t\t\t<p>Sagesse-Al Hekmeh Beirut : Fichaje de Pierre Jackson (Wuhan Dangdai). Atomeromu SE Paks : No continuidad de Darrin Govens. Okapi Aalst : Fichaje de Sigfredo<\/p>\n\t\t<\/div>\n\t\t\n\t\t<a class=\"elementor-post__read-more\" href=\"https:\/\/gijonbasket.com\/en\/2023\/11\/20\/mercado-de-fichajes-98\/\" aria-label=\"Read more about Mercado de Fichajes\" tabindex=\"-1\" >\n\t\t\tRead more &#034;\t\t<\/a>\n\n\t\t\t\t<\/div>\n\t\t\t\t<div class=\"elementor-post__meta-data\">\n\t\t\t\t\t<span class=\"elementor-post-date\">\n\t\t\t20 de November de 2023\t\t<\/span>\n\t\t\t\t<\/div>\n\t\t\t\t\t<\/div>\n\t\t<\/article>\n\t\t\t\t<article class=\"elementor-post elementor-grid-item post-2229 post type-post status-publish format-standard hentry category-noticias\">\n\t\t\t<div class=\"elementor-post__card\">\n\t\t\t\t<div class=\"elementor-post__text\">\n\t\t\t\t<h2 class=\"elementor-post__title\">\n\t\t\t<a href=\"https:\/\/gijonbasket.com\/en\/2023\/11\/19\/obradoiro-ames-tartiere-auto-gijon-basket-95-81\/\" >\n\t\t\t\tObradoiro Ames &#8211; Tartiere Auto Gij\u00f3n Basket (95-81)\t\t\t<\/a>\n\t\t<\/h2>\n\t\t\t\t<div class=\"elementor-post__excerpt\">\n\t\t\t<p>S\u00e9ptima derrota consecutiva de Tartiere Auto Gij\u00f3n Basket, pagando muy caro el hundimiento sufrido en el segundo cuarto (33-14), para caer ante el Obradoiro Ames.<\/p>\n\t\t<\/div>\n\t\t\n\t\t<a class=\"elementor-post__read-more\" href=\"https:\/\/gijonbasket.com\/en\/2023\/11\/19\/obradoiro-ames-tartiere-auto-gijon-basket-95-81\/\" aria-label=\"Read more about Obradoiro Ames &#8211; Tartiere Auto Gij\u00f3n Basket (95-81)\" tabindex=\"-1\" >\n\t\t\tRead more &#034;\t\t<\/a>\n\n\t\t\t\t<\/div>\n\t\t\t\t<div class=\"elementor-post__meta-data\">\n\t\t\t\t\t<span class=\"elementor-post-date\">\n\t\t\t19 de November de 2023\t\t<\/span>\n\t\t\t\t<\/div>\n\t\t\t\t\t<\/div>\n\t\t<\/article>\n\t\t\t\t<article class=\"elementor-post elementor-grid-item post-2227 post type-post status-publish format-standard hentry category-noticias\">\n\t\t\t<div class=\"elementor-post__card\">\n\t\t\t\t<div class=\"elementor-post__text\">\n\t\t\t\t<h2 class=\"elementor-post__title\">\n\t\t\t<a href=\"https:\/\/gijonbasket.com\/en\/2023\/11\/19\/actualidad-nba-6\/\" >\n\t\t\t\tActualidad NBA\t\t\t<\/a>\n\t\t<\/h2>\n\t\t\t\t<div class=\"elementor-post__excerpt\">\n\t\t\t<p>Memphis Grizzlies : Baja de Marcus Smart entre 3-5 semanas por un esguince en su pie izquierdo. Phoenix Suns : Baja de Bradley Beal para<\/p>\n\t\t<\/div>\n\t\t\n\t\t<a class=\"elementor-post__read-more\" href=\"https:\/\/gijonbasket.com\/en\/2023\/11\/19\/actualidad-nba-6\/\" aria-label=\"Read more about Actualidad NBA\" tabindex=\"-1\" >\n\t\t\tRead more &#034;\t\t<\/a>\n\n\t\t\t\t<\/div>\n\t\t\t\t<div class=\"elementor-post__meta-data\">\n\t\t\t\t\t<span class=\"elementor-post-date\">\n\t\t\t19 de November de 2023\t\t<\/span>\n\t\t\t\t<\/div>\n\t\t\t\t\t<\/div>\n\t\t<\/article>\n\t\t\t\t<article class=\"elementor-post elementor-grid-item post-2223 post type-post status-publish format-standard hentry category-noticias\">\n\t\t\t<div class=\"elementor-post__card\">\n\t\t\t\t<div class=\"elementor-post__text\">\n\t\t\t\t<h2 class=\"elementor-post__title\">\n\t\t\t<a href=\"https:\/\/gijonbasket.com\/en\/2023\/11\/18\/homs-u-e-mataro-adba-sanfer-66-62\/\" >\n\t\t\t\tHoms U.E. Matar\u00f3 &#8211; ADBA-Sanfer (66-62)\t\t\t<\/a>\n\t\t<\/h2>\n\t\t\t\t<div class=\"elementor-post__excerpt\">\n\t\t\t<p>Quinta derrota consecutiva de ADBA-Sanfer, en un encuentro marcado por la sangr\u00eda de faltas personales en contra del conjunto avilesino (15-25) teniendo su reflejo con<\/p>\n\t\t<\/div>\n\t\t\n\t\t<a class=\"elementor-post__read-more\" href=\"https:\/\/gijonbasket.com\/en\/2023\/11\/18\/homs-u-e-mataro-adba-sanfer-66-62\/\" aria-label=\"Read more about Homs U.E. Matar\u00f3 &#8211; ADBA-Sanfer (66-62)\" tabindex=\"-1\" >\n\t\t\tRead more &#034;\t\t<\/a>\n\n\t\t\t\t<\/div>\n\t\t\t\t<div class=\"elementor-post__meta-data\">\n\t\t\t\t\t<span class=\"elementor-post-date\">\n\t\t\t18 de November de 2023\t\t<\/span>\n\t\t\t\t<\/div>\n\t\t\t\t\t<\/div>\n\t\t<\/article>\n\t\t\t\t<article class=\"elementor-post elementor-grid-item post-2221 post type-post status-publish format-standard hentry category-noticias\">\n\t\t\t<div class=\"elementor-post__card\">\n\t\t\t\t<div class=\"elementor-post__text\">\n\t\t\t\t<h2 class=\"elementor-post__title\">\n\t\t\t<a href=\"https:\/\/gijonbasket.com\/en\/2023\/11\/18\/actualidad-liga-endesa-4\/\" >\n\t\t\t\tActualidad Liga Endesa\t\t\t<\/a>\n\t\t<\/h2>\n\t\t\t\t<div class=\"elementor-post__excerpt\">\n\t\t\t<p>Covir\u00e1n Granada : Baja de Evaldas Kairys al sufrir una rotura en el ligamento de su tobillo izquierdo. Lenovo Tenerife : Baja de Jaime Fern\u00e1ndez<\/p>\n\t\t<\/div>\n\t\t\n\t\t<a class=\"elementor-post__read-more\" href=\"https:\/\/gijonbasket.com\/en\/2023\/11\/18\/actualidad-liga-endesa-4\/\" aria-label=\"Read more about Actualidad Liga Endesa\" tabindex=\"-1\" >\n\t\t\tRead more &#034;\t\t<\/a>\n\n\t\t\t\t<\/div>\n\t\t\t\t<div class=\"elementor-post__meta-data\">\n\t\t\t\t\t<span class=\"elementor-post-date\">\n\t\t\t18 de November de 2023\t\t<\/span>\n\t\t\t\t<\/div>\n\t\t\t\t\t<\/div>\n\t\t<\/article>\n\t\t\t\t<article class=\"elementor-post elementor-grid-item post-2219 post type-post status-publish format-standard hentry category-noticias\">\n\t\t\t<div class=\"elementor-post__card\">\n\t\t\t\t<div class=\"elementor-post__text\">\n\t\t\t\t<h2 class=\"elementor-post__title\">\n\t\t\t<a href=\"https:\/\/gijonbasket.com\/en\/2023\/11\/18\/mercado-de-fichajes-97\/\" >\n\t\t\t\tMercado de Fichajes\t\t\t<\/a>\n\t\t<\/h2>\n\t\t\t\t<div class=\"elementor-post__excerpt\">\n\t\t\t<p>Los \u00c1ngeles Clippers : Inter\u00e9s por Daniel Theis (Indiana Pacers). Olympiacos : Inter\u00e9s por Filip Petrusev (Stockton Kings). Palmer Basket Mallorca Palma : Contrataci\u00f3n de<\/p>\n\t\t<\/div>\n\t\t\n\t\t<a class=\"elementor-post__read-more\" href=\"https:\/\/gijonbasket.com\/en\/2023\/11\/18\/mercado-de-fichajes-97\/\" aria-label=\"Read more about Mercado de Fichajes\" tabindex=\"-1\" >\n\t\t\tRead more &#034;\t\t<\/a>\n\n\t\t\t\t<\/div>\n\t\t\t\t<div class=\"elementor-post__meta-data\">\n\t\t\t\t\t<span class=\"elementor-post-date\">\n\t\t\t18 de November de 2023\t\t<\/span>\n\t\t\t\t<\/div>\n\t\t\t\t\t<\/div>\n\t\t<\/article>\n\t\t\t\t<article class=\"elementor-post elementor-grid-item post-2217 post type-post status-publish format-standard hentry category-noticias\">\n\t\t\t<div class=\"elementor-post__card\">\n\t\t\t\t<div class=\"elementor-post__text\">\n\t\t\t\t<h2 class=\"elementor-post__title\">\n\t\t\t<a href=\"https:\/\/gijonbasket.com\/en\/2023\/11\/18\/guerschon-yabusele-baja-por-lesion-en-el-real-madrid\/\" >\n\t\t\t\tGuerschon Yabusele baja por lesi\u00f3n en el Real Madrid\t\t\t<\/a>\n\t\t<\/h2>\n\t\t\t\t<div class=\"elementor-post__excerpt\">\n\t\t\t<p>Guerschon Yabusele causa baja por lesi\u00f3n en el Real Madrid, debido a una rotura parcial del ligamento lateral interno de su rodilla izquierda.<\/p>\n\t\t<\/div>\n\t\t\n\t\t<a class=\"elementor-post__read-more\" href=\"https:\/\/gijonbasket.com\/en\/2023\/11\/18\/guerschon-yabusele-baja-por-lesion-en-el-real-madrid\/\" aria-label=\"Read more about Guerschon Yabusele baja por lesi\u00f3n en el Real Madrid\" tabindex=\"-1\" >\n\t\t\tRead more &#034;\t\t<\/a>\n\n\t\t\t\t<\/div>\n\t\t\t\t<div class=\"elementor-post__meta-data\">\n\t\t\t\t\t<span class=\"elementor-post-date\">\n\t\t\t18 de November de 2023\t\t<\/span>\n\t\t\t\t<\/div>\n\t\t\t\t\t<\/div>\n\t\t<\/article>\n\t\t\t\t<article class=\"elementor-post elementor-grid-item post-2215 post type-post status-publish format-standard hentry category-noticias\">\n\t\t\t<div class=\"elementor-post__card\">\n\t\t\t\t<div class=\"elementor-post__text\">\n\t\t\t\t<h2 class=\"elementor-post__title\">\n\t\t\t<a href=\"https:\/\/gijonbasket.com\/en\/2023\/11\/17\/mercado-de-fichajes-liga-endesa-22\/\" >\n\t\t\t\tMercado de Fichajes Liga Endesa\t\t\t<\/a>\n\t\t<\/h2>\n\t\t\t\t<div class=\"elementor-post__excerpt\">\n\t\t\t<p>Club Joventut Badalona : Fichaje de Tyler Cook (South East Melbourne Phoenix). Monbus Obradoiro : Fichaje de Oleksandr Kovliar (BC Klaev\/Cramo Tallinn).<\/p>\n\t\t<\/div>\n\t\t\n\t\t<a class=\"elementor-post__read-more\" href=\"https:\/\/gijonbasket.com\/en\/2023\/11\/17\/mercado-de-fichajes-liga-endesa-22\/\" aria-label=\"Read more about Mercado de Fichajes Liga Endesa\" tabindex=\"-1\" >\n\t\t\tRead more &#034;\t\t<\/a>\n\n\t\t\t\t<\/div>\n\t\t\t\t<div class=\"elementor-post__meta-data\">\n\t\t\t\t\t<span class=\"elementor-post-date\">\n\t\t\t17 de November de 2023\t\t<\/span>\n\t\t\t\t<\/div>\n\t\t\t\t\t<\/div>\n\t\t<\/article>\n\t\t\t\t<article class=\"elementor-post elementor-grid-item post-2212 post type-post status-publish format-standard hentry category-noticias\">\n\t\t\t<div class=\"elementor-post__card\">\n\t\t\t\t<div class=\"elementor-post__text\">\n\t\t\t\t<h2 class=\"elementor-post__title\">\n\t\t\t<a href=\"https:\/\/gijonbasket.com\/en\/2023\/11\/17\/mercado-de-fichajes-leb-oro-26\/\" >\n\t\t\t\tMercado de Fichajes LEB Oro\t\t\t<\/a>\n\t\t<\/h2>\n\t\t\t\t<div class=\"elementor-post__excerpt\">\n\t\t\t<p>Real Betis Baloncesto : Fichaje de Kaspars Berzins (Rigas Zelli). Melilla Ciudad del Deporte : Fichaje de Mario Dellas (Guuk Gipuzkoa Basket).<\/p>\n\t\t<\/div>\n\t\t\n\t\t<a class=\"elementor-post__read-more\" href=\"https:\/\/gijonbasket.com\/en\/2023\/11\/17\/mercado-de-fichajes-leb-oro-26\/\" aria-label=\"Read more about Mercado de Fichajes LEB Oro\" tabindex=\"-1\" >\n\t\t\tRead more &#034;\t\t<\/a>\n\n\t\t\t\t<\/div>\n\t\t\t\t<div class=\"elementor-post__meta-data\">\n\t\t\t\t\t<span class=\"elementor-post-date\">\n\t\t\t17 de November de 2023\t\t<\/span>\n\t\t\t\t<\/div>\n\t\t\t\t\t<\/div>\n\t\t<\/article>\n\t\t\t\t<article class=\"elementor-post elementor-grid-item post-2209 post type-post status-publish format-standard hentry category-noticias\">\n\t\t\t<div class=\"elementor-post__card\">\n\t\t\t\t<div class=\"elementor-post__text\">\n\t\t\t\t<h2 class=\"elementor-post__title\">\n\t\t\t<a href=\"https:\/\/gijonbasket.com\/en\/2023\/11\/17\/sebastiaan-boissevain-nuevo-fichaje-de-tartiere-auto-gijon-basket\/\" >\n\t\t\t\tSebastiaan Boissevain nuevo fichaje de Tartiere Auto Gij\u00f3n Basket\t\t\t<\/a>\n\t\t<\/h2>\n\t\t\t\t<div class=\"elementor-post__excerpt\">\n\t\t\t<p>Sebastiaan Boissevain (Vitaly I La Mar CB Badajoz), ala-p\u00edvot holand\u00e9s de 26 a\u00f1os y 2.05 m., nuevo fichaje de Tartiere Auto Gij\u00f3n Basket. Esta temporada<\/p>\n\t\t<\/div>\n\t\t\n\t\t<a class=\"elementor-post__read-more\" href=\"https:\/\/gijonbasket.com\/en\/2023\/11\/17\/sebastiaan-boissevain-nuevo-fichaje-de-tartiere-auto-gijon-basket\/\" aria-label=\"Read more about Sebastiaan Boissevain nuevo fichaje de Tartiere Auto Gij\u00f3n Basket\" tabindex=\"-1\" >\n\t\t\tRead more &#034;\t\t<\/a>\n\n\t\t\t\t<\/div>\n\t\t\t\t<div class=\"elementor-post__meta-data\">\n\t\t\t\t\t<span class=\"elementor-post-date\">\n\t\t\t17 de November de 2023\t\t<\/span>\n\t\t\t\t<\/div>\n\t\t\t\t\t<\/div>\n\t\t<\/article>\n\t\t\t\t<article class=\"elementor-post elementor-grid-item post-2205 post type-post status-publish format-standard hentry category-noticias\">\n\t\t\t<div class=\"elementor-post__card\">\n\t\t\t\t<div class=\"elementor-post__text\">\n\t\t\t\t<h2 class=\"elementor-post__title\">\n\t\t\t<a href=\"https:\/\/gijonbasket.com\/en\/2023\/11\/16\/dimision-de-pedro-alvarez-cortizo-como-director-general-de-tartiere-auto-gijon-basket\/\" >\n\t\t\t\tDimisi\u00f3n de Pedro \u00c1lvarez Cortizo como Director General de Tartiere Auto Gij\u00f3n Basket\t\t\t<\/a>\n\t\t<\/h2>\n\t\t\t\t<div class=\"elementor-post__excerpt\">\n\t\t\t<p>Nueva salida en Tartiere Auto Gij\u00f3n Basket con la dimisi\u00f3n de Pedro \u00c1lvarez Cortizo como Director General del conjunto rojiblanco. A las bajas de jugadores<\/p>\n\t\t<\/div>\n\t\t\n\t\t<a class=\"elementor-post__read-more\" href=\"https:\/\/gijonbasket.com\/en\/2023\/11\/16\/dimision-de-pedro-alvarez-cortizo-como-director-general-de-tartiere-auto-gijon-basket\/\" aria-label=\"Read more about Dimisi\u00f3n de Pedro \u00c1lvarez Cortizo como Director General de Tartiere Auto Gij\u00f3n Basket\" tabindex=\"-1\" >\n\t\t\tRead more &#034;\t\t<\/a>\n\n\t\t\t\t<\/div>\n\t\t\t\t<div class=\"elementor-post__meta-data\">\n\t\t\t\t\t<span class=\"elementor-post-date\">\n\t\t\t16 de November de 2023\t\t<\/span>\n\t\t\t\t<\/div>\n\t\t\t\t\t<\/div>\n\t\t<\/article>\n\t\t\t\t<article class=\"elementor-post elementor-grid-item post-2203 post type-post status-publish format-standard hentry category-noticias\">\n\t\t\t<div class=\"elementor-post__card\">\n\t\t\t\t<div class=\"elementor-post__text\">\n\t\t\t\t<h2 class=\"elementor-post__title\">\n\t\t\t<a href=\"https:\/\/gijonbasket.com\/en\/2023\/11\/16\/mateo-gonzalez-perez-santamarina-nueva-baja-en-tartiere-auto-gijon-basket\/\" >\n\t\t\t\tMateo Gonz\u00e1lez P\u00e9rez-Santamarina nueva baja en Tartiere Auto Gij\u00f3n Basket\t\t\t<\/a>\n\t\t<\/h2>\n\t\t\t\t<div class=\"elementor-post__excerpt\">\n\t\t\t<p>1 mes y 16 d\u00edas despu\u00e9s del primer encuentro oficial de Tartiere Auto Gij\u00f3n Basket, el conjunto rojiblanco suma una nueva baja a su plantilla,<\/p>\n\t\t<\/div>\n\t\t\n\t\t<a class=\"elementor-post__read-more\" href=\"https:\/\/gijonbasket.com\/en\/2023\/11\/16\/mateo-gonzalez-perez-santamarina-nueva-baja-en-tartiere-auto-gijon-basket\/\" aria-label=\"Read more about Mateo Gonz\u00e1lez P\u00e9rez-Santamarina nueva baja en Tartiere Auto Gij\u00f3n Basket\" tabindex=\"-1\" >\n\t\t\tRead more &#034;\t\t<\/a>\n\n\t\t\t\t<\/div>\n\t\t\t\t<div class=\"elementor-post__meta-data\">\n\t\t\t\t\t<span class=\"elementor-post-date\">\n\t\t\t16 de November de 2023\t\t<\/span>\n\t\t\t\t<\/div>\n\t\t\t\t\t<\/div>\n\t\t<\/article>\n\t\t\t\t<article class=\"elementor-post elementor-grid-item post-2200 post type-post status-publish format-standard hentry category-noticias\">\n\t\t\t<div class=\"elementor-post__card\">\n\t\t\t\t<div class=\"elementor-post__text\">\n\t\t\t\t<h2 class=\"elementor-post__title\">\n\t\t\t<a href=\"https:\/\/gijonbasket.com\/en\/2023\/11\/15\/mercado-de-fichajes-96\/\" >\n\t\t\t\tMercado de Fichajes\t\t\t<\/a>\n\t\t<\/h2>\n\t\t\t\t<div class=\"elementor-post__excerpt\">\n\t\t\t<p>BCM Gravelines Dunkerque : Fichaje de Chris Babb (Bnei Hertzeliya). BC Orchies : Fichaje de Dovydas Redikas (Alliance Sport Alsace Gries-Souffer). Palmer Basket Mallorca Palma<\/p>\n\t\t<\/div>\n\t\t\n\t\t<a class=\"elementor-post__read-more\" href=\"https:\/\/gijonbasket.com\/en\/2023\/11\/15\/mercado-de-fichajes-96\/\" aria-label=\"Read more about Mercado de Fichajes\" tabindex=\"-1\" >\n\t\t\tRead more &#034;\t\t<\/a>\n\n\t\t\t\t<\/div>\n\t\t\t\t<div class=\"elementor-post__meta-data\">\n\t\t\t\t\t<span class=\"elementor-post-date\">\n\t\t\t15 de November de 2023\t\t<\/span>\n\t\t\t\t<\/div>\n\t\t\t\t\t<\/div>\n\t\t<\/article>\n\t\t\t\t<article class=\"elementor-post elementor-grid-item post-2198 post type-post status-publish format-standard hentry category-noticias\">\n\t\t\t<div class=\"elementor-post__card\">\n\t\t\t\t<div class=\"elementor-post__text\">\n\t\t\t\t<h2 class=\"elementor-post__title\">\n\t\t\t<a href=\"https:\/\/gijonbasket.com\/en\/2023\/11\/14\/mercado-de-fichajes-leb-oro-25\/\" >\n\t\t\t\tMercado de Fichajes LEB Oro\t\t\t<\/a>\n\t\t<\/h2>\n\t\t\t\t<div class=\"elementor-post__excerpt\">\n\t\t\t<p>Guuk Gipuzkoa Basket : Fichaje de Branislav Vujadinovic (CSM VSKC Miercurea CIUC). No continuidad de Mason Harrell. Melilla Ciudad del Deporte : Rescisi\u00f3n de contrato<\/p>\n\t\t<\/div>\n\t\t\n\t\t<a class=\"elementor-post__read-more\" href=\"https:\/\/gijonbasket.com\/en\/2023\/11\/14\/mercado-de-fichajes-leb-oro-25\/\" aria-label=\"Read more about Mercado de Fichajes LEB Oro\" tabindex=\"-1\" >\n\t\t\tRead more &#034;\t\t<\/a>\n\n\t\t\t\t<\/div>\n\t\t\t\t<div class=\"elementor-post__meta-data\">\n\t\t\t\t\t<span class=\"elementor-post-date\">\n\t\t\t14 de November de 2023\t\t<\/span>\n\t\t\t\t<\/div>\n\t\t\t\t\t<\/div>\n\t\t<\/article>\n\t\t\t\t<article class=\"elementor-post elementor-grid-item post-2195 post type-post status-publish format-standard hentry category-noticias\">\n\t\t\t<div class=\"elementor-post__card\">\n\t\t\t\t<div class=\"elementor-post__text\">\n\t\t\t\t<h2 class=\"elementor-post__title\">\n\t\t\t<a href=\"https:\/\/gijonbasket.com\/en\/2023\/11\/14\/krasimir-marinchevski-cronica-de-una-baja-cantada-en-tartiere-auto-gijon-basket\/\" >\n\t\t\t\tKrasimir Marinchevski  cr\u00f3nica de una baja cantada en Tartiere Auto Gij\u00f3n Basket\t\t\t<\/a>\n\t\t<\/h2>\n\t\t\t\t<div class=\"elementor-post__excerpt\">\n\t\t\t<p>Desde www.gijonbasket.com, venimos informando de la marcha de Krasimir Marinchevski desde el pasado 2 de noviembre y el s\u00e1bado publicamos su marcha de Gij\u00f3n que<\/p>\n\t\t<\/div>\n\t\t\n\t\t<a class=\"elementor-post__read-more\" href=\"https:\/\/gijonbasket.com\/en\/2023\/11\/14\/krasimir-marinchevski-cronica-de-una-baja-cantada-en-tartiere-auto-gijon-basket\/\" aria-label=\"Read more about Krasimir Marinchevski  cr\u00f3nica de una baja cantada en Tartiere Auto Gij\u00f3n Basket\" tabindex=\"-1\" >\n\t\t\tRead more &#034;\t\t<\/a>\n\n\t\t\t\t<\/div>\n\t\t\t\t<div class=\"elementor-post__meta-data\">\n\t\t\t\t\t<span class=\"elementor-post-date\">\n\t\t\t14 de November de 2023\t\t<\/span>\n\t\t\t\t<\/div>\n\t\t\t\t\t<\/div>\n\t\t<\/article>\n\t\t\t\t<article class=\"elementor-post elementor-grid-item post-2193 post type-post status-publish format-standard hentry category-noticias\">\n\t\t\t<div class=\"elementor-post__card\">\n\t\t\t\t<div class=\"elementor-post__text\">\n\t\t\t\t<h2 class=\"elementor-post__title\">\n\t\t\t<a href=\"https:\/\/gijonbasket.com\/en\/2023\/11\/14\/tiempo-muerto-onda-penes-13-11-2023\/\" >\n\t\t\t\tTiempo Muerto \u2013 Onda Pe\u00f1es \u2013 13\/11\/2023\t\t\t<\/a>\n\t\t<\/h2>\n\t\t\t\t<div class=\"elementor-post__excerpt\">\n\t\t\t<p>https:\/\/www.ivoox.com\/tiempo-muerto-13-11-2023-audios-mp3_rf_119390136_1.html<\/p>\n\t\t<\/div>\n\t\t\n\t\t<a class=\"elementor-post__read-more\" href=\"https:\/\/gijonbasket.com\/en\/2023\/11\/14\/tiempo-muerto-onda-penes-13-11-2023\/\" aria-label=\"Read more about Tiempo Muerto \u2013 Onda Pe\u00f1es \u2013 13\/11\/2023\" tabindex=\"-1\" >\n\t\t\tRead more &#034;\t\t<\/a>\n\n\t\t\t\t<\/div>\n\t\t\t\t<div class=\"elementor-post__meta-data\">\n\t\t\t\t\t<span class=\"elementor-post-date\">\n\t\t\t14 de November de 2023\t\t<\/span>\n\t\t\t\t<\/div>\n\t\t\t\t\t<\/div>\n\t\t<\/article>\n\t\t\t\t<article class=\"elementor-post elementor-grid-item post-2191 post type-post status-publish format-standard hentry category-exclusivas category-noticias\">\n\t\t\t<div class=\"elementor-post__card\">\n\t\t\t\t<div class=\"elementor-post__text\">\n\t\t\t\t<h2 class=\"elementor-post__title\">\n\t\t\t<a href=\"https:\/\/gijonbasket.com\/en\/2023\/11\/13\/tartiere-auto-gijon-basket-traumacor-culleredo-cambio-de-hora-confirmacion-exclusiva-www-gijonbasket-com\/\" >\n\t\t\t\tTartiere Auto Gij\u00f3n Basket \u2013 Traumacor Culleredo cambio de hora. Confirmaci\u00f3n exclusiva www.gijonbasket.com.\t\t\t<\/a>\n\t\t<\/h2>\n\t\t\t\t<div class=\"elementor-post__excerpt\">\n\t\t\t<p>El pasado s\u00e1bado 11 de noviembre, adelantamos en exclusiva en www.gijonbasket.com, que el encuentro Tartiere Auto Gij\u00f3n Basket &#8211; Traumacor Culleredo estaba en el aire,<\/p>\n\t\t<\/div>\n\t\t\n\t\t<a class=\"elementor-post__read-more\" href=\"https:\/\/gijonbasket.com\/en\/2023\/11\/13\/tartiere-auto-gijon-basket-traumacor-culleredo-cambio-de-hora-confirmacion-exclusiva-www-gijonbasket-com\/\" aria-label=\"Read more about Tartiere Auto Gij\u00f3n Basket \u2013 Traumacor Culleredo cambio de hora. Confirmaci\u00f3n exclusiva www.gijonbasket.com.\" tabindex=\"-1\" >\n\t\t\tRead more &#034;\t\t<\/a>\n\n\t\t\t\t<\/div>\n\t\t\t\t<div class=\"elementor-post__meta-data\">\n\t\t\t\t\t<span class=\"elementor-post-date\">\n\t\t\t13 de November de 2023\t\t<\/span>\n\t\t\t\t<\/div>\n\t\t\t\t\t<\/div>\n\t\t<\/article>\n\t\t\t\t<article class=\"elementor-post elementor-grid-item post-2187 post type-post status-publish format-standard hentry category-noticias\">\n\t\t\t<div class=\"elementor-post__card\">\n\t\t\t\t<div class=\"elementor-post__text\">\n\t\t\t\t<h2 class=\"elementor-post__title\">\n\t\t\t<a href=\"https:\/\/gijonbasket.com\/en\/2023\/11\/13\/actualidad-liga-endesa-3\/\" >\n\t\t\t\tActualidad Liga Endesa\t\t\t<\/a>\n\t\t<\/h2>\n\t\t\t\t<div class=\"elementor-post__excerpt\">\n\t\t\t<p>Valencia Basket : Baja de Jared Harper al sufrir una rotura en la musculatura isquiotibial de su pierna izquierda. Zunder Palencia : No continuidad de<\/p>\n\t\t<\/div>\n\t\t\n\t\t<a class=\"elementor-post__read-more\" href=\"https:\/\/gijonbasket.com\/en\/2023\/11\/13\/actualidad-liga-endesa-3\/\" aria-label=\"Read more about Actualidad Liga Endesa\" tabindex=\"-1\" >\n\t\t\tRead more &#034;\t\t<\/a>\n\n\t\t\t\t<\/div>\n\t\t\t\t<div class=\"elementor-post__meta-data\">\n\t\t\t\t\t<span class=\"elementor-post-date\">\n\t\t\t13 de November de 2023\t\t<\/span>\n\t\t\t\t<\/div>\n\t\t\t\t\t<\/div>\n\t\t<\/article>\n\t\t\t\t<article class=\"elementor-post elementor-grid-item post-2185 post type-post status-publish format-standard hentry category-noticias\">\n\t\t\t<div class=\"elementor-post__card\">\n\t\t\t\t<div class=\"elementor-post__text\">\n\t\t\t\t<h2 class=\"elementor-post__title\">\n\t\t\t<a href=\"https:\/\/gijonbasket.com\/en\/2023\/11\/13\/actualidad-nba-5\/\" >\n\t\t\t\tActualidad NBA\t\t\t<\/a>\n\t\t<\/h2>\n\t\t\t\t<div class=\"elementor-post__excerpt\">\n\t\t\t<p>Dallas Mavericks : Baja de Maxi Kleber por una dislocaci\u00f3n en el dedo me\u00f1ique de su pie derecho. Portland Trail Blazers : Baja de Robert<\/p>\n\t\t<\/div>\n\t\t\n\t\t<a class=\"elementor-post__read-more\" href=\"https:\/\/gijonbasket.com\/en\/2023\/11\/13\/actualidad-nba-5\/\" aria-label=\"Read more about Actualidad NBA\" tabindex=\"-1\" >\n\t\t\tRead more &#034;\t\t<\/a>\n\n\t\t\t\t<\/div>\n\t\t\t\t<div class=\"elementor-post__meta-data\">\n\t\t\t\t\t<span class=\"elementor-post-date\">\n\t\t\t13 de November de 2023\t\t<\/span>\n\t\t\t\t<\/div>\n\t\t\t\t\t<\/div>\n\t\t<\/article>\n\t\t\t\t<article class=\"elementor-post elementor-grid-item post-2182 post type-post status-publish format-standard hentry category-noticias\">\n\t\t\t<div class=\"elementor-post__card\">\n\t\t\t\t<div class=\"elementor-post__text\">\n\t\t\t\t<h2 class=\"elementor-post__title\">\n\t\t\t<a href=\"https:\/\/gijonbasket.com\/en\/2023\/11\/12\/tartiere-auto-gijon-basket-ucoga-seguros-c-b-chantada-64-83\/\" >\n\t\t\t\tTartiere Auto Gij\u00f3n Basket &#8211; Ucoga Seguros C.B. Chantada (64-83)\t\t\t<\/a>\n\t\t<\/h2>\n\t\t\t\t<div class=\"elementor-post__excerpt\">\n\t\t\t<p>Sexta derrota consecutiva de Tartiere Auto Gij\u00f3n Basket al caer ayer ante Ucoga Seguros C.B. Chantada. Derrota totalmente esperada, en la traves\u00eda del desierto que<\/p>\n\t\t<\/div>\n\t\t\n\t\t<a class=\"elementor-post__read-more\" href=\"https:\/\/gijonbasket.com\/en\/2023\/11\/12\/tartiere-auto-gijon-basket-ucoga-seguros-c-b-chantada-64-83\/\" aria-label=\"Read more about Tartiere Auto Gij\u00f3n Basket &#8211; Ucoga Seguros C.B. Chantada (64-83)\" tabindex=\"-1\" >\n\t\t\tRead more &#034;\t\t<\/a>\n\n\t\t\t\t<\/div>\n\t\t\t\t<div class=\"elementor-post__meta-data\">\n\t\t\t\t\t<span class=\"elementor-post-date\">\n\t\t\t12 de November de 2023\t\t<\/span>\n\t\t\t\t<\/div>\n\t\t\t\t\t<\/div>\n\t\t<\/article>\n\t\t\t\t<article class=\"elementor-post elementor-grid-item post-2180 post type-post status-publish format-standard hentry category-exclusivas category-noticias\">\n\t\t\t<div class=\"elementor-post__card\">\n\t\t\t\t<div class=\"elementor-post__text\">\n\t\t\t\t<h2 class=\"elementor-post__title\">\n\t\t\t<a href=\"https:\/\/gijonbasket.com\/en\/2023\/11\/11\/tartiere-auto-gijon-basket-traumacor-culleredo-en-el-aire\/\" >\n\t\t\t\tTartiere Auto Gij\u00f3n Basket &#8211; Traumacor Culleredo en el aire\t\t\t<\/a>\n\t\t<\/h2>\n\t\t\t\t<div class=\"elementor-post__excerpt\">\n\t\t\t<p>Desde www.gijonbasket.com, adelantamos en exclusiva, que el encuentro Tartiere Auto Gij\u00f3n Basket &#8211; Traumacor Culleredo pudiera cambiar su fecha prevista del s\u00e1bado 25 de noviembre<\/p>\n\t\t<\/div>\n\t\t\n\t\t<a class=\"elementor-post__read-more\" href=\"https:\/\/gijonbasket.com\/en\/2023\/11\/11\/tartiere-auto-gijon-basket-traumacor-culleredo-en-el-aire\/\" aria-label=\"Read more about Tartiere Auto Gij\u00f3n Basket &#8211; Traumacor Culleredo en el aire\" tabindex=\"-1\" >\n\t\t\tRead more &#034;\t\t<\/a>\n\n\t\t\t\t<\/div>\n\t\t\t\t<div class=\"elementor-post__meta-data\">\n\t\t\t\t\t<span class=\"elementor-post-date\">\n\t\t\t11 de November de 2023\t\t<\/span>\n\t\t\t\t<\/div>\n\t\t\t\t\t<\/div>\n\t\t<\/article>\n\t\t\t\t<article class=\"elementor-post elementor-grid-item post-2178 post type-post status-publish format-standard hentry category-noticias\">\n\t\t\t<div class=\"elementor-post__card\">\n\t\t\t\t<div class=\"elementor-post__text\">\n\t\t\t\t<h2 class=\"elementor-post__title\">\n\t\t\t<a href=\"https:\/\/gijonbasket.com\/en\/2023\/11\/11\/krasimir-marinchevski-adios-a-gijon\/\" >\n\t\t\t\tKrasimir Marinchevski adi\u00f3s a Gij\u00f3n\t\t\t<\/a>\n\t\t<\/h2>\n\t\t\t\t<div class=\"elementor-post__excerpt\">\n\t\t\t<p>Krasimir Marinchevski, ala-p\u00edvot bulgaro de 21 a\u00f1os y 2.08 m., abandon\u00f3 ayer Gij\u00f3n. Tartiere Auto Gij\u00f3n Basket est\u00e1 pendiente de concretar la baja federativa con<\/p>\n\t\t<\/div>\n\t\t\n\t\t<a class=\"elementor-post__read-more\" href=\"https:\/\/gijonbasket.com\/en\/2023\/11\/11\/krasimir-marinchevski-adios-a-gijon\/\" aria-label=\"Read more about Krasimir Marinchevski adi\u00f3s a Gij\u00f3n\" tabindex=\"-1\" >\n\t\t\tRead more &#034;\t\t<\/a>\n\n\t\t\t\t<\/div>\n\t\t\t\t<div class=\"elementor-post__meta-data\">\n\t\t\t\t\t<span class=\"elementor-post-date\">\n\t\t\t11 de November de 2023\t\t<\/span>\n\t\t\t\t<\/div>\n\t\t\t\t\t<\/div>\n\t\t<\/article>\n\t\t\t\t<article class=\"elementor-post elementor-grid-item post-2176 post type-post status-publish format-standard hentry category-noticias\">\n\t\t\t<div class=\"elementor-post__card\">\n\t\t\t\t<div class=\"elementor-post__text\">\n\t\t\t\t<h2 class=\"elementor-post__title\">\n\t\t\t<a href=\"https:\/\/gijonbasket.com\/en\/2023\/11\/11\/mercado-de-fichajes-95\/\" >\n\t\t\t\tMercado de Fichajes\t\t\t<\/a>\n\t\t<\/h2>\n\t\t\t\t<div class=\"elementor-post__excerpt\">\n\t\t\t<p>Panathinaikos : Inter\u00e9s por Jordan Usher (Perth Wildcats). Stockton Kings : Fichaje de Filip Petrusev (Sacramento Kings). PAOK Salonica : Fichaje de Kendall Smith (Cayirova<\/p>\n\t\t<\/div>\n\t\t\n\t\t<a class=\"elementor-post__read-more\" href=\"https:\/\/gijonbasket.com\/en\/2023\/11\/11\/mercado-de-fichajes-95\/\" aria-label=\"Read more about Mercado de Fichajes\" tabindex=\"-1\" >\n\t\t\tRead more &#034;\t\t<\/a>\n\n\t\t\t\t<\/div>\n\t\t\t\t<div class=\"elementor-post__meta-data\">\n\t\t\t\t\t<span class=\"elementor-post-date\">\n\t\t\t11 de November de 2023\t\t<\/span>\n\t\t\t\t<\/div>\n\t\t\t\t\t<\/div>\n\t\t<\/article>\n\t\t\t\t<article class=\"elementor-post elementor-grid-item post-2174 post type-post status-publish format-standard hentry category-noticias\">\n\t\t\t<div class=\"elementor-post__card\">\n\t\t\t\t<div class=\"elementor-post__text\">\n\t\t\t\t<h2 class=\"elementor-post__title\">\n\t\t\t<a href=\"https:\/\/gijonbasket.com\/en\/2023\/11\/11\/actualidad-nba-4\/\" >\n\t\t\t\tActualidad NBA\t\t\t<\/a>\n\t\t<\/h2>\n\t\t\t\t<div class=\"elementor-post__excerpt\">\n\t\t\t<p>Denver Nuggets : Baja de Jamal Murray por una lesi\u00f3n muscular en la pierna derecha con afectaci\u00f3n a los musculos isquiotibiales que pudieran tenerle inactivo<\/p>\n\t\t<\/div>\n\t\t\n\t\t<a class=\"elementor-post__read-more\" href=\"https:\/\/gijonbasket.com\/en\/2023\/11\/11\/actualidad-nba-4\/\" aria-label=\"Read more about Actualidad NBA\" tabindex=\"-1\" >\n\t\t\tRead more &#034;\t\t<\/a>\n\n\t\t\t\t<\/div>\n\t\t\t\t<div class=\"elementor-post__meta-data\">\n\t\t\t\t\t<span class=\"elementor-post-date\">\n\t\t\t11 de November de 2023\t\t<\/span>\n\t\t\t\t<\/div>\n\t\t\t\t\t<\/div>\n\t\t<\/article>\n\t\t\t\t<article class=\"elementor-post elementor-grid-item post-2172 post type-post status-publish format-standard hentry category-noticias\">\n\t\t\t<div class=\"elementor-post__card\">\n\t\t\t\t<div class=\"elementor-post__text\">\n\t\t\t\t<h2 class=\"elementor-post__title\">\n\t\t\t<a href=\"https:\/\/gijonbasket.com\/en\/2023\/11\/10\/mercado-de-fichajes-94\/\" >\n\t\t\t\tMercado de Fichajes\t\t\t<\/a>\n\t\t<\/h2>\n\t\t\t\t<div class=\"elementor-post__excerpt\">\n\t\t\t<p>BC Raiffeisen Flyers Wels : Fichaje de Terrell Allen (B. Braun Sheffield Sharks). Manisa Buyuksehir Belediye : Fichaje de Ege Arar (Cagdas Bodrum Spor). Shangai<\/p>\n\t\t<\/div>\n\t\t\n\t\t<a class=\"elementor-post__read-more\" href=\"https:\/\/gijonbasket.com\/en\/2023\/11\/10\/mercado-de-fichajes-94\/\" aria-label=\"Read more about Mercado de Fichajes\" tabindex=\"-1\" >\n\t\t\tRead more &#034;\t\t<\/a>\n\n\t\t\t\t<\/div>\n\t\t\t\t<div class=\"elementor-post__meta-data\">\n\t\t\t\t\t<span class=\"elementor-post-date\">\n\t\t\t10 de November de 2023\t\t<\/span>\n\t\t\t\t<\/div>\n\t\t\t\t\t<\/div>\n\t\t<\/article>\n\t\t\t\t<article class=\"elementor-post elementor-grid-item post-2170 post type-post status-publish format-standard hentry category-noticias\">\n\t\t\t<div class=\"elementor-post__card\">\n\t\t\t\t<div class=\"elementor-post__text\">\n\t\t\t\t<h2 class=\"elementor-post__title\">\n\t\t\t<a href=\"https:\/\/gijonbasket.com\/en\/2023\/11\/09\/tartiere-auto-gijon-basket-sin-novedades-para-el-encuentro-ante-ucoga-seguros-c-b-chantada\/\" >\n\t\t\t\tTartiere Auto Gij\u00f3n Basket, sin novedades, para el encuentro ante Ucoga Seguros C.B. Chantada\t\t\t<\/a>\n\t\t<\/h2>\n\t\t\t\t<div class=\"elementor-post__excerpt\">\n\t\t\t<p>A poco m\u00e1s de 48 horas, Tartiere Auto Gij\u00f3n Basket afrontar\u00e1 muy limitado de efectivos el encuentro ante Ucoga Seguros C.B. Chantada (s\u00e1bado 11 noviembre<\/p>\n\t\t<\/div>\n\t\t\n\t\t<a class=\"elementor-post__read-more\" href=\"https:\/\/gijonbasket.com\/en\/2023\/11\/09\/tartiere-auto-gijon-basket-sin-novedades-para-el-encuentro-ante-ucoga-seguros-c-b-chantada\/\" aria-label=\"Read more about Tartiere Auto Gij\u00f3n Basket, sin novedades, para el encuentro ante Ucoga Seguros C.B. Chantada\" tabindex=\"-1\" >\n\t\t\tRead more &#034;\t\t<\/a>\n\n\t\t\t\t<\/div>\n\t\t\t\t<div class=\"elementor-post__meta-data\">\n\t\t\t\t\t<span class=\"elementor-post-date\">\n\t\t\t9 de November de 2023\t\t<\/span>\n\t\t\t\t<\/div>\n\t\t\t\t\t<\/div>\n\t\t<\/article>\n\t\t\t\t<article class=\"elementor-post elementor-grid-item post-2168 post type-post status-publish format-standard hentry category-noticias\">\n\t\t\t<div class=\"elementor-post__card\">\n\t\t\t\t<div class=\"elementor-post__text\">\n\t\t\t\t<h2 class=\"elementor-post__title\">\n\t\t\t<a href=\"https:\/\/gijonbasket.com\/en\/2023\/11\/08\/shaquille-harrison-y-juan-nunez-opciones-para-ea7-emporio-armani-milan\/\" >\n\t\t\t\tShaquille Harrison y Juan N\u00fa\u00f1ez opciones para EA7 Emporio Armani Milan\t\t\t<\/a>\n\t\t<\/h2>\n\t\t\t\t<div class=\"elementor-post__excerpt\">\n\t\t\t<p>Shaquille Harrison (Memphis Grizzlies) y Juan N\u00fa\u00f1ez (Ratiopharm \u00dclm) en la agenda de fichajes para el EA7 Emporio Armani Milan. El mal inicio de temporada<\/p>\n\t\t<\/div>\n\t\t\n\t\t<a class=\"elementor-post__read-more\" href=\"https:\/\/gijonbasket.com\/en\/2023\/11\/08\/shaquille-harrison-y-juan-nunez-opciones-para-ea7-emporio-armani-milan\/\" aria-label=\"Read more about Shaquille Harrison y Juan N\u00fa\u00f1ez opciones para EA7 Emporio Armani Milan\" tabindex=\"-1\" >\n\t\t\tRead more &#034;\t\t<\/a>\n\n\t\t\t\t<\/div>\n\t\t\t\t<div class=\"elementor-post__meta-data\">\n\t\t\t\t\t<span class=\"elementor-post-date\">\n\t\t\t8 de November de 2023\t\t<\/span>\n\t\t\t\t<\/div>\n\t\t\t\t\t<\/div>\n\t\t<\/article>\n\t\t\t\t<article class=\"elementor-post elementor-grid-item post-2166 post type-post status-publish format-standard hentry category-noticias\">\n\t\t\t<div class=\"elementor-post__card\">\n\t\t\t\t<div class=\"elementor-post__text\">\n\t\t\t\t<h2 class=\"elementor-post__title\">\n\t\t\t<a href=\"https:\/\/gijonbasket.com\/en\/2023\/11\/08\/actualidad-nba-3\/\" >\n\t\t\t\tActualidad NBA\t\t\t<\/a>\n\t\t<\/h2>\n\t\t\t\t<div class=\"elementor-post__excerpt\">\n\t\t\t<p>Charlotte Hornets : Baja de Terry Rozier por una distensi\u00f3n en la ingle. Portland Trail Blazers : Baja de Robert Williams por una lesi\u00f3n en<\/p>\n\t\t<\/div>\n\t\t\n\t\t<a class=\"elementor-post__read-more\" href=\"https:\/\/gijonbasket.com\/en\/2023\/11\/08\/actualidad-nba-3\/\" aria-label=\"Read more about Actualidad NBA\" tabindex=\"-1\" >\n\t\t\tRead more &#034;\t\t<\/a>\n\n\t\t\t\t<\/div>\n\t\t\t\t<div class=\"elementor-post__meta-data\">\n\t\t\t\t\t<span class=\"elementor-post-date\">\n\t\t\t8 de November de 2023\t\t<\/span>\n\t\t\t\t<\/div>\n\t\t\t\t\t<\/div>\n\t\t<\/article>\n\t\t\t\t<article class=\"elementor-post elementor-grid-item post-2164 post type-post status-publish format-standard hentry category-noticias\">\n\t\t\t<div class=\"elementor-post__card\">\n\t\t\t\t<div class=\"elementor-post__text\">\n\t\t\t\t<h2 class=\"elementor-post__title\">\n\t\t\t<a href=\"https:\/\/gijonbasket.com\/en\/2023\/11\/08\/juancho-hernangomez-baja-por-lesion-en-panathinaikos\/\" >\n\t\t\t\tJuancho Hernang\u00f3mez baja por lesi\u00f3n en Panathinaikos\t\t\t<\/a>\n\t\t<\/h2>\n\t\t\t\t<div class=\"elementor-post__excerpt\">\n\t\t\t<p>Una fractura del dedo me\u00f1ique de su mano izquierda, tendr\u00e1 de baja a Juancho Hernang\u00f3mez por espacio de dos meses.<\/p>\n\t\t<\/div>\n\t\t\n\t\t<a class=\"elementor-post__read-more\" href=\"https:\/\/gijonbasket.com\/en\/2023\/11\/08\/juancho-hernangomez-baja-por-lesion-en-panathinaikos\/\" aria-label=\"Read more about Juancho Hernang\u00f3mez baja por lesi\u00f3n en Panathinaikos\" tabindex=\"-1\" >\n\t\t\tRead more &#034;\t\t<\/a>\n\n\t\t\t\t<\/div>\n\t\t\t\t<div class=\"elementor-post__meta-data\">\n\t\t\t\t\t<span class=\"elementor-post-date\">\n\t\t\t8 de November de 2023\t\t<\/span>\n\t\t\t\t<\/div>\n\t\t\t\t\t<\/div>\n\t\t<\/article>\n\t\t\t\t<article class=\"elementor-post elementor-grid-item post-2162 post type-post status-publish format-standard hentry category-noticias\">\n\t\t\t<div class=\"elementor-post__card\">\n\t\t\t\t<div class=\"elementor-post__text\">\n\t\t\t\t<h2 class=\"elementor-post__title\">\n\t\t\t<a href=\"https:\/\/gijonbasket.com\/en\/2023\/11\/07\/bruno-savignani-nuevo-tecnico-del-real-betis-baloncesto\/\" >\n\t\t\t\tBruno Savignani nuevo t\u00e9cnico del Real Betis Baloncesto\t\t\t<\/a>\n\t\t<\/h2>\n\t\t\t\t<div class=\"elementor-post__excerpt\">\n\t\t\t<p>Sorpresa en el Real Betis Baloncesto con la contrataci\u00f3n de Bruno Savignani como nuevo t\u00e9cnico del conjunto verdiblanco. La opci\u00f3n de Savignani se impuso a<\/p>\n\t\t<\/div>\n\t\t\n\t\t<a class=\"elementor-post__read-more\" href=\"https:\/\/gijonbasket.com\/en\/2023\/11\/07\/bruno-savignani-nuevo-tecnico-del-real-betis-baloncesto\/\" aria-label=\"Read more about Bruno Savignani nuevo t\u00e9cnico del Real Betis Baloncesto\" tabindex=\"-1\" >\n\t\t\tRead more &#034;\t\t<\/a>\n\n\t\t\t\t<\/div>\n\t\t\t\t<div class=\"elementor-post__meta-data\">\n\t\t\t\t\t<span class=\"elementor-post-date\">\n\t\t\t7 de November de 2023\t\t<\/span>\n\t\t\t\t<\/div>\n\t\t\t\t\t<\/div>\n\t\t<\/article>\n\t\t\t\t<article class=\"elementor-post elementor-grid-item post-2160 post type-post status-publish format-standard hentry category-noticias\">\n\t\t\t<div class=\"elementor-post__card\">\n\t\t\t\t<div class=\"elementor-post__text\">\n\t\t\t\t<h2 class=\"elementor-post__title\">\n\t\t\t<a href=\"https:\/\/gijonbasket.com\/en\/2023\/11\/07\/tiempo-muerto-onda-penes-06-11-2023\/\" >\n\t\t\t\tTiempo Muerto \u2013 Onda Pe\u00f1es \u2013 06\/11\/2023\t\t\t<\/a>\n\t\t<\/h2>\n\t\t\t\t<div class=\"elementor-post__excerpt\">\n\t\t\t<p>https:\/\/www.ivoox.com\/tiempo-muerto-06-11-2023-audios-mp3_rf_119024463_1.html<\/p>\n\t\t<\/div>\n\t\t\n\t\t<a class=\"elementor-post__read-more\" href=\"https:\/\/gijonbasket.com\/en\/2023\/11\/07\/tiempo-muerto-onda-penes-06-11-2023\/\" aria-label=\"Read more about Tiempo Muerto \u2013 Onda Pe\u00f1es \u2013 06\/11\/2023\" tabindex=\"-1\" >\n\t\t\tRead more &#034;\t\t<\/a>\n\n\t\t\t\t<\/div>\n\t\t\t\t<div class=\"elementor-post__meta-data\">\n\t\t\t\t\t<span class=\"elementor-post-date\">\n\t\t\t7 de November de 2023\t\t<\/span>\n\t\t\t\t<\/div>\n\t\t\t\t\t<\/div>\n\t\t<\/article>\n\t\t\t\t<article class=\"elementor-post elementor-grid-item post-2157 post type-post status-publish format-standard hentry category-noticias\">\n\t\t\t<div class=\"elementor-post__card\">\n\t\t\t\t<div class=\"elementor-post__text\">\n\t\t\t\t<h2 class=\"elementor-post__title\">\n\t\t\t<a href=\"https:\/\/gijonbasket.com\/en\/2023\/11\/06\/mercado-de-fichajes-leb-oro-24\/\" >\n\t\t\t\tMercado de Fichajes LEB Oro\t\t\t<\/a>\n\t\t<\/h2>\n\t\t\t\t<div class=\"elementor-post__excerpt\">\n\t\t\t<p>Melilla Ciudad del Deporte : Rescisi\u00f3n de contrato a Ryan Richmond. ICG For\u00e7a Lleida : Fichaje de Cameron Krutwig (Real Betis Baloncesto). C\u00e1ceres Patrimonio de<\/p>\n\t\t<\/div>\n\t\t\n\t\t<a class=\"elementor-post__read-more\" href=\"https:\/\/gijonbasket.com\/en\/2023\/11\/06\/mercado-de-fichajes-leb-oro-24\/\" aria-label=\"Read more about Mercado de Fichajes LEB Oro\" tabindex=\"-1\" >\n\t\t\tRead more &#034;\t\t<\/a>\n\n\t\t\t\t<\/div>\n\t\t\t\t<div class=\"elementor-post__meta-data\">\n\t\t\t\t\t<span class=\"elementor-post-date\">\n\t\t\t6 de November de 2023\t\t<\/span>\n\t\t\t\t<\/div>\n\t\t\t\t\t<\/div>\n\t\t<\/article>\n\t\t\t\t<article class=\"elementor-post elementor-grid-item post-2155 post type-post status-publish format-standard hentry category-noticias\">\n\t\t\t<div class=\"elementor-post__card\">\n\t\t\t\t<div class=\"elementor-post__text\">\n\t\t\t\t<h2 class=\"elementor-post__title\">\n\t\t\t<a href=\"https:\/\/gijonbasket.com\/en\/2023\/11\/06\/real-betis-baloncesto-destitucion-de-javier-carrasco-y-paco-olmos-principal-candidato-al-banquillo\/\" >\n\t\t\t\tReal Betis Baloncesto destituci\u00f3n de Javier Carrasco y Paco Olmos principal candidato al banquillo\t\t\t<\/a>\n\t\t<\/h2>\n\t\t\t\t<div class=\"elementor-post__excerpt\">\n\t\t\t<p>El Real Betis Baloncesto destituy\u00f3 a Javier Carrasco como t\u00e9cnico del conjunto verdiblanco debido a la mala situaci\u00f3n deportiva del equipo, pen\u00faltimo clasificado con un<\/p>\n\t\t<\/div>\n\t\t\n\t\t<a class=\"elementor-post__read-more\" href=\"https:\/\/gijonbasket.com\/en\/2023\/11\/06\/real-betis-baloncesto-destitucion-de-javier-carrasco-y-paco-olmos-principal-candidato-al-banquillo\/\" aria-label=\"Read more about Real Betis Baloncesto destituci\u00f3n de Javier Carrasco y Paco Olmos principal candidato al banquillo\" tabindex=\"-1\" >\n\t\t\tRead more &#034;\t\t<\/a>\n\n\t\t\t\t<\/div>\n\t\t\t\t<div class=\"elementor-post__meta-data\">\n\t\t\t\t\t<span class=\"elementor-post-date\">\n\t\t\t6 de November de 2023\t\t<\/span>\n\t\t\t\t<\/div>\n\t\t\t\t\t<\/div>\n\t\t<\/article>\n\t\t\t\t<article class=\"elementor-post elementor-grid-item post-2153 post type-post status-publish format-standard hentry category-noticias\">\n\t\t\t<div class=\"elementor-post__card\">\n\t\t\t\t<div class=\"elementor-post__text\">\n\t\t\t\t<h2 class=\"elementor-post__title\">\n\t\t\t<a href=\"https:\/\/gijonbasket.com\/en\/2023\/11\/05\/mercado-de-fichajes-93\/\" >\n\t\t\t\tMercado de Fichajes\t\t\t<\/a>\n\t\t<\/h2>\n\t\t\t\t<div class=\"elementor-post__excerpt\">\n\t\t\t<p>Club Joventut Badalona : Rescisi\u00f3n de contrato a Chinanu Onuaku. Zhejiang Golden Bulls : Fichaje de Carlik Jones (Chicago Bulls). Fibwi Palma : Rescisi\u00f3n de<\/p>\n\t\t<\/div>\n\t\t\n\t\t<a class=\"elementor-post__read-more\" href=\"https:\/\/gijonbasket.com\/en\/2023\/11\/05\/mercado-de-fichajes-93\/\" aria-label=\"Read more about Mercado de Fichajes\" tabindex=\"-1\" >\n\t\t\tRead more &#034;\t\t<\/a>\n\n\t\t\t\t<\/div>\n\t\t\t\t<div class=\"elementor-post__meta-data\">\n\t\t\t\t\t<span class=\"elementor-post-date\">\n\t\t\t5 de November de 2023\t\t<\/span>\n\t\t\t\t<\/div>\n\t\t\t\t\t<\/div>\n\t\t<\/article>\n\t\t\t\t<article class=\"elementor-post elementor-grid-item post-2148 post type-post status-publish format-standard hentry category-noticias\">\n\t\t\t<div class=\"elementor-post__card\">\n\t\t\t\t<div class=\"elementor-post__text\">\n\t\t\t\t<h2 class=\"elementor-post__title\">\n\t\t\t<a href=\"https:\/\/gijonbasket.com\/en\/2023\/11\/05\/xoborg-la-antigua-cb-tormes-tartiere-auto-gijon-basket-104-70\/\" >\n\t\t\t\tXoborg La Antigua CB Tormes &#8211; Tartiere Auto Gij\u00f3n Basket (104-70)\t\t\t<\/a>\n\t\t<\/h2>\n\t\t\t\t<div class=\"elementor-post__excerpt\">\n\t\t\t<p>Tartiere Auto Gij\u00f3n Basket sum\u00f3 ayer su quinta derrota consecutiva, al caer en la pista del Xoborg La Antigua CB Tormes. El conjunto rojiblanco se<\/p>\n\t\t<\/div>\n\t\t\n\t\t<a class=\"elementor-post__read-more\" href=\"https:\/\/gijonbasket.com\/en\/2023\/11\/05\/xoborg-la-antigua-cb-tormes-tartiere-auto-gijon-basket-104-70\/\" aria-label=\"Read more about Xoborg La Antigua CB Tormes &#8211; Tartiere Auto Gij\u00f3n Basket (104-70)\" tabindex=\"-1\" >\n\t\t\tRead more &#034;\t\t<\/a>\n\n\t\t\t\t<\/div>\n\t\t\t\t<div class=\"elementor-post__meta-data\">\n\t\t\t\t\t<span class=\"elementor-post-date\">\n\t\t\t5 de November de 2023\t\t<\/span>\n\t\t\t\t<\/div>\n\t\t\t\t\t<\/div>\n\t\t<\/article>\n\t\t\t\t<article class=\"elementor-post elementor-grid-item post-2146 post type-post status-publish format-standard hentry category-noticias\">\n\t\t\t<div class=\"elementor-post__card\">\n\t\t\t\t<div class=\"elementor-post__text\">\n\t\t\t\t<h2 class=\"elementor-post__title\">\n\t\t\t<a href=\"https:\/\/gijonbasket.com\/en\/2023\/11\/04\/convocatoria-tartiere-auto-gijon-basket-para-el-encuentro-ante-xoborg-la-antigua-cb-tormes\/\" >\n\t\t\t\tConvocatoria Tartiere Auto Gij\u00f3n Basket para el encuentro ante Xoborg La Antigua CB Tormes\t\t\t<\/a>\n\t\t<\/h2>\n\t\t\t\t<div class=\"elementor-post__excerpt\">\n\t\t\t<p>Tartiere Auto Gij\u00f3n Basket volver\u00e1 a afrontar un nuevo encuentro bajo m\u00ednimo de efectivos. Bajas por lesi\u00f3n de David Jim\u00e9nez, Baba Fall y Ra\u00fal Fern\u00e1ndez.<\/p>\n\t\t<\/div>\n\t\t\n\t\t<a class=\"elementor-post__read-more\" href=\"https:\/\/gijonbasket.com\/en\/2023\/11\/04\/convocatoria-tartiere-auto-gijon-basket-para-el-encuentro-ante-xoborg-la-antigua-cb-tormes\/\" aria-label=\"Read more about Convocatoria Tartiere Auto Gij\u00f3n Basket para el encuentro ante Xoborg La Antigua CB Tormes\" tabindex=\"-1\" >\n\t\t\tRead more &#034;\t\t<\/a>\n\n\t\t\t\t<\/div>\n\t\t\t\t<div class=\"elementor-post__meta-data\">\n\t\t\t\t\t<span class=\"elementor-post-date\">\n\t\t\t4 de November de 2023\t\t<\/span>\n\t\t\t\t<\/div>\n\t\t\t\t\t<\/div>\n\t\t<\/article>\n\t\t\t\t<article class=\"elementor-post elementor-grid-item post-2144 post type-post status-publish format-standard hentry category-noticias\">\n\t\t\t<div class=\"elementor-post__card\">\n\t\t\t\t<div class=\"elementor-post__text\">\n\t\t\t\t<h2 class=\"elementor-post__title\">\n\t\t\t<a href=\"https:\/\/gijonbasket.com\/en\/2023\/11\/04\/alonso-grela-segunda-convocatoria-con-monbus-obradoiro-a-la-espera-del-debut-en-liga-endesa\/\" >\n\t\t\t\tAlonso Grela segunda convocatoria con Monbus Obradoiro a la espera del debut en Liga Endesa\t\t\t<\/a>\n\t\t<\/h2>\n\t\t\t\t<div class=\"elementor-post__excerpt\">\n\t\t\t<p>Alonso Grela, base mierense de 17 a\u00f1os y 1.85 m., convocado por segunda vez con el Monbus Obradoiro para el encuentro de hoy ante Unicaja<\/p>\n\t\t<\/div>\n\t\t\n\t\t<a class=\"elementor-post__read-more\" href=\"https:\/\/gijonbasket.com\/en\/2023\/11\/04\/alonso-grela-segunda-convocatoria-con-monbus-obradoiro-a-la-espera-del-debut-en-liga-endesa\/\" aria-label=\"Read more about Alonso Grela segunda convocatoria con Monbus Obradoiro a la espera del debut en Liga Endesa\" tabindex=\"-1\" >\n\t\t\tRead more &#034;\t\t<\/a>\n\n\t\t\t\t<\/div>\n\t\t\t\t<div class=\"elementor-post__meta-data\">\n\t\t\t\t\t<span class=\"elementor-post-date\">\n\t\t\t4 de November de 2023\t\t<\/span>\n\t\t\t\t<\/div>\n\t\t\t\t\t<\/div>\n\t\t<\/article>\n\t\t\t\t<article class=\"elementor-post elementor-grid-item post-2142 post type-post status-publish format-standard hentry category-noticias\">\n\t\t\t<div class=\"elementor-post__card\">\n\t\t\t\t<div class=\"elementor-post__text\">\n\t\t\t\t<h2 class=\"elementor-post__title\">\n\t\t\t<a href=\"https:\/\/gijonbasket.com\/en\/2023\/11\/03\/mercado-de-fichajes-nba-10\/\" >\n\t\t\t\tMercado de Fichajes NBA\t\t\t<\/a>\n\t\t<\/h2>\n\t\t\t\t<div class=\"elementor-post__excerpt\">\n\t\t\t<p>Memphis Grizzlies : Fichaje de Bismack Biyombo (Phoenix Suns). Sacramento Kings : Fichaje de Filip Petrusev (Los \u00c1ngeles Clippers). Brooklyn Nets : Fichaje de Keon<\/p>\n\t\t<\/div>\n\t\t\n\t\t<a class=\"elementor-post__read-more\" href=\"https:\/\/gijonbasket.com\/en\/2023\/11\/03\/mercado-de-fichajes-nba-10\/\" aria-label=\"Read more about Mercado de Fichajes NBA\" tabindex=\"-1\" >\n\t\t\tRead more &#034;\t\t<\/a>\n\n\t\t\t\t<\/div>\n\t\t\t\t<div class=\"elementor-post__meta-data\">\n\t\t\t\t\t<span class=\"elementor-post-date\">\n\t\t\t3 de November de 2023\t\t<\/span>\n\t\t\t\t<\/div>\n\t\t\t\t\t<\/div>\n\t\t<\/article>\n\t\t\t\t<article class=\"elementor-post elementor-grid-item post-2140 post type-post status-publish format-standard hentry category-noticias\">\n\t\t\t<div class=\"elementor-post__card\">\n\t\t\t\t<div class=\"elementor-post__text\">\n\t\t\t\t<h2 class=\"elementor-post__title\">\n\t\t\t<a href=\"https:\/\/gijonbasket.com\/en\/2023\/11\/02\/krasimir-marinchevski-y-tartiere-auto-gijon-basket-a-punto-de-separar-sus-caminos\/\" >\n\t\t\t\tKrasimir Marinchevski y Tartiere Auto Gij\u00f3n Basket a punto de separar sus caminos\t\t\t<\/a>\n\t\t<\/h2>\n\t\t\t\t<div class=\"elementor-post__excerpt\">\n\t\t\t<p>Tartiere Auto Gij\u00f3n Basket est\u00e1 en proceso de desvinculaci\u00f3n con Krasimir Marinchevski, que causar\u00e1 baja para el encuentro ante Xoborg La Antigua C.B. Tormes. El<\/p>\n\t\t<\/div>\n\t\t\n\t\t<a class=\"elementor-post__read-more\" href=\"https:\/\/gijonbasket.com\/en\/2023\/11\/02\/krasimir-marinchevski-y-tartiere-auto-gijon-basket-a-punto-de-separar-sus-caminos\/\" aria-label=\"Read more about Krasimir Marinchevski y Tartiere Auto Gij\u00f3n Basket a punto de separar sus caminos\" tabindex=\"-1\" >\n\t\t\tRead more &#034;\t\t<\/a>\n\n\t\t\t\t<\/div>\n\t\t\t\t<div class=\"elementor-post__meta-data\">\n\t\t\t\t\t<span class=\"elementor-post-date\">\n\t\t\t2 de November de 2023\t\t<\/span>\n\t\t\t\t<\/div>\n\t\t\t\t\t<\/div>\n\t\t<\/article>\n\t\t\t\t<article class=\"elementor-post elementor-grid-item post-2138 post type-post status-publish format-standard hentry category-noticias\">\n\t\t\t<div class=\"elementor-post__card\">\n\t\t\t\t<div class=\"elementor-post__text\">\n\t\t\t\t<h2 class=\"elementor-post__title\">\n\t\t\t<a href=\"https:\/\/gijonbasket.com\/en\/2023\/11\/02\/bobby-knight-1940-2023\/\" >\n\t\t\t\tBobby Knight (1940-2023)\t\t\t<\/a>\n\t\t<\/h2>\n\t\t\t\t<div class=\"elementor-post__excerpt\">\n\t\t\t<p>El mundo del baloncesto se ti\u00f1\u00f3 de luto, en el d\u00eda de ayer, por el fallecimiento de Bobby Knight a los 83 a\u00f1os. Aut\u00e9ntica leyenda<\/p>\n\t\t<\/div>\n\t\t\n\t\t<a class=\"elementor-post__read-more\" href=\"https:\/\/gijonbasket.com\/en\/2023\/11\/02\/bobby-knight-1940-2023\/\" aria-label=\"Read more about Bobby Knight (1940-2023)\" tabindex=\"-1\" >\n\t\t\tRead more &#034;\t\t<\/a>\n\n\t\t\t\t<\/div>\n\t\t\t\t<div class=\"elementor-post__meta-data\">\n\t\t\t\t\t<span class=\"elementor-post-date\">\n\t\t\t2 de November de 2023\t\t<\/span>\n\t\t\t\t<\/div>\n\t\t\t\t\t<\/div>\n\t\t<\/article>\n\t\t\t\t<article class=\"elementor-post elementor-grid-item post-2134 post type-post status-publish format-standard hentry category-noticias\">\n\t\t\t<div class=\"elementor-post__card\">\n\t\t\t\t<div class=\"elementor-post__text\">\n\t\t\t\t<h2 class=\"elementor-post__title\">\n\t\t\t<a href=\"https:\/\/gijonbasket.com\/en\/2023\/11\/01\/retirada-de-los-equipos-de-israel-en-fiba-europe-cup\/\" >\n\t\t\t\tRetirada de los equipos de Israel en FIBA Europe Cup\t\t\t<\/a>\n\t\t<\/h2>\n\t\t\t\t<div class=\"elementor-post__excerpt\">\n\t\t\t<p>Bnei Ofek Dist Herzliya, Ironi Ness Ziona y Hapoel Galil Elion decidieron retirarse de la FIBA Europe Cup como consecuencia del conflicto b\u00e9lico Israel vs<\/p>\n\t\t<\/div>\n\t\t\n\t\t<a class=\"elementor-post__read-more\" href=\"https:\/\/gijonbasket.com\/en\/2023\/11\/01\/retirada-de-los-equipos-de-israel-en-fiba-europe-cup\/\" aria-label=\"Read more about Retirada de los equipos de Israel en FIBA Europe Cup\" tabindex=\"-1\" >\n\t\t\tRead more &#034;\t\t<\/a>\n\n\t\t\t\t<\/div>\n\t\t\t\t<div class=\"elementor-post__meta-data\">\n\t\t\t\t\t<span class=\"elementor-post-date\">\n\t\t\t1 de November de 2023\t\t<\/span>\n\t\t\t\t<\/div>\n\t\t\t\t\t<\/div>\n\t\t<\/article>\n\t\t\t\t<article class=\"elementor-post elementor-grid-item post-2132 post type-post status-publish format-standard hentry category-noticias\">\n\t\t\t<div class=\"elementor-post__card\">\n\t\t\t\t<div class=\"elementor-post__text\">\n\t\t\t\t<h2 class=\"elementor-post__title\">\n\t\t\t<a href=\"https:\/\/gijonbasket.com\/en\/2023\/11\/01\/chris-chiozza-nuevo-fichaje-de-baskonia\/\" >\n\t\t\t\tChris Chiozza nuevo fichaje de Baskonia\t\t\t<\/a>\n\t\t<\/h2>\n\t\t\t\t<div class=\"elementor-post__excerpt\">\n\t\t\t<p>Siguen los movimientos en Baskonia. Al relevo en el banquillo, con la llegada de Dusko Ivanovic en sustituci\u00f3n de Joan Pe\u00f1arroya, se une el fichaje<\/p>\n\t\t<\/div>\n\t\t\n\t\t<a class=\"elementor-post__read-more\" href=\"https:\/\/gijonbasket.com\/en\/2023\/11\/01\/chris-chiozza-nuevo-fichaje-de-baskonia\/\" aria-label=\"Read more about Chris Chiozza nuevo fichaje de Baskonia\" tabindex=\"-1\" >\n\t\t\tRead more &#034;\t\t<\/a>\n\n\t\t\t\t<\/div>\n\t\t\t\t<div class=\"elementor-post__meta-data\">\n\t\t\t\t\t<span class=\"elementor-post-date\">\n\t\t\t1 de November de 2023\t\t<\/span>\n\t\t\t\t<\/div>\n\t\t\t\t\t<\/div>\n\t\t<\/article>\n\t\t\t\t<article class=\"elementor-post elementor-grid-item post-2130 post type-post status-publish format-standard hentry category-noticias\">\n\t\t\t<div class=\"elementor-post__card\">\n\t\t\t\t<div class=\"elementor-post__text\">\n\t\t\t\t<h2 class=\"elementor-post__title\">\n\t\t\t<a href=\"https:\/\/gijonbasket.com\/en\/2023\/11\/01\/kendrick-nunn-al-panathinaikos-y-bruno-caboclo-al-partizan-mozzart-bet-belgrado\/\" >\n\t\t\t\tKendrick Nunn al Panathinaikos y Bruno Caboclo al Partizan Mozzart Bet Belgrado\t\t\t<\/a>\n\t\t<\/h2>\n\t\t\t\t<div class=\"elementor-post__excerpt\">\n\t\t\t<p>Fichajes de altura para Panathinakos y Partizan Mozzart Bet Belgrado. El Panathinaikos se refuerza con Kendrick Nunn procedente de Washington Wizards mientras que el Partizan<\/p>\n\t\t<\/div>\n\t\t\n\t\t<a class=\"elementor-post__read-more\" href=\"https:\/\/gijonbasket.com\/en\/2023\/11\/01\/kendrick-nunn-al-panathinaikos-y-bruno-caboclo-al-partizan-mozzart-bet-belgrado\/\" aria-label=\"Read more about Kendrick Nunn al Panathinaikos y Bruno Caboclo al Partizan Mozzart Bet Belgrado\" tabindex=\"-1\" >\n\t\t\tRead more &#034;\t\t<\/a>\n\n\t\t\t\t<\/div>\n\t\t\t\t<div class=\"elementor-post__meta-data\">\n\t\t\t\t\t<span class=\"elementor-post-date\">\n\t\t\t1 de November de 2023\t\t<\/span>\n\t\t\t\t<\/div>\n\t\t\t\t\t<\/div>\n\t\t<\/article>\n\t\t\t\t<article class=\"elementor-post elementor-grid-item post-2126 post type-post status-publish format-standard hentry category-noticias\">\n\t\t\t<div class=\"elementor-post__card\">\n\t\t\t\t<div class=\"elementor-post__text\">\n\t\t\t\t<h2 class=\"elementor-post__title\">\n\t\t\t<a href=\"https:\/\/gijonbasket.com\/en\/2023\/11\/01\/alimerka-oviedo-baloncesto-club-ourense-baloncesto-87-78\/\" >\n\t\t\t\tAlimerka Oviedo Baloncesto &#8211; Club Ourense Baloncesto (87-78)\t\t\t<\/a>\n\t\t<\/h2>\n\t\t\t\t<div class=\"elementor-post__excerpt\">\n\t\t\t<p>Victoria del Alimerka Oviedo Baloncesto para romper una racha de dos derrotas consecutivas junto a la imbatibilidad del Club Ourense Baloncesto que sufri\u00f3 su primera<\/p>\n\t\t<\/div>\n\t\t\n\t\t<a class=\"elementor-post__read-more\" href=\"https:\/\/gijonbasket.com\/en\/2023\/11\/01\/alimerka-oviedo-baloncesto-club-ourense-baloncesto-87-78\/\" aria-label=\"Read more about Alimerka Oviedo Baloncesto &#8211; Club Ourense Baloncesto (87-78)\" tabindex=\"-1\" >\n\t\t\tRead more &#034;\t\t<\/a>\n\n\t\t\t\t<\/div>\n\t\t\t\t<div class=\"elementor-post__meta-data\">\n\t\t\t\t\t<span class=\"elementor-post-date\">\n\t\t\t1 de November de 2023\t\t<\/span>\n\t\t\t\t<\/div>\n\t\t\t\t\t<\/div>\n\t\t<\/article>\n\t\t\t\t<article class=\"elementor-post elementor-grid-item post-2123 post type-post status-publish format-standard hentry category-noticias\">\n\t\t\t<div class=\"elementor-post__card\">\n\t\t\t\t<div class=\"elementor-post__text\">\n\t\t\t\t<h2 class=\"elementor-post__title\">\n\t\t\t<a href=\"https:\/\/gijonbasket.com\/en\/2023\/10\/31\/dusko-ivanovic-vuelve-a-baskonia-tras-la-destitucion-de-joan-penarroya\/\" >\n\t\t\t\tDusko Ivanovic vuelve a Baskonia tras la destituci\u00f3n de Joan Pe\u00f1arroya\t\t\t<\/a>\n\t\t<\/h2>\n\t\t\t\t<div class=\"elementor-post__excerpt\">\n\t\t\t<p>Dusko Ivanovic, mejor entrenador de la historia del Baskonia, fue nombrado ayer nuevo t\u00e9cnico baskonista tras la destituci\u00f3n de Joan Pe\u00f1arroya. Dusko Ivanovic fue destituido<\/p>\n\t\t<\/div>\n\t\t\n\t\t<a class=\"elementor-post__read-more\" href=\"https:\/\/gijonbasket.com\/en\/2023\/10\/31\/dusko-ivanovic-vuelve-a-baskonia-tras-la-destitucion-de-joan-penarroya\/\" aria-label=\"Read more about Dusko Ivanovic vuelve a Baskonia tras la destituci\u00f3n de Joan Pe\u00f1arroya\" tabindex=\"-1\" >\n\t\t\tRead more &#034;\t\t<\/a>\n\n\t\t\t\t<\/div>\n\t\t\t\t<div class=\"elementor-post__meta-data\">\n\t\t\t\t\t<span class=\"elementor-post-date\">\n\t\t\t31 de October de 2023\t\t<\/span>\n\t\t\t\t<\/div>\n\t\t\t\t\t<\/div>\n\t\t<\/article>\n\t\t\t\t<article class=\"elementor-post elementor-grid-item post-2120 post type-post status-publish format-standard hentry category-noticias\">\n\t\t\t<div class=\"elementor-post__card\">\n\t\t\t\t<div class=\"elementor-post__text\">\n\t\t\t\t<h2 class=\"elementor-post__title\">\n\t\t\t<a href=\"https:\/\/gijonbasket.com\/en\/2023\/10\/31\/james-harden-fichaje-estrella-de-los-angeles-clippers\/\" >\n\t\t\t\tJames Harden fichaje estrella de Los \u00c1ngeles Clippers\t\t\t<\/a>\n\t\t<\/h2>\n\t\t\t\t<div class=\"elementor-post__excerpt\">\n\t\t\t<p>Los \u00c1ngeles Clippers, dan un golpe encima de la mesa, con el fichaje de James Harden procedente de Philadelphia 76 ers. El conjunto angelino con<\/p>\n\t\t<\/div>\n\t\t\n\t\t<a class=\"elementor-post__read-more\" href=\"https:\/\/gijonbasket.com\/en\/2023\/10\/31\/james-harden-fichaje-estrella-de-los-angeles-clippers\/\" aria-label=\"Read more about James Harden fichaje estrella de Los \u00c1ngeles Clippers\" tabindex=\"-1\" >\n\t\t\tRead more &#034;\t\t<\/a>\n\n\t\t\t\t<\/div>\n\t\t\t\t<div class=\"elementor-post__meta-data\">\n\t\t\t\t\t<span class=\"elementor-post-date\">\n\t\t\t31 de October de 2023\t\t<\/span>\n\t\t\t\t<\/div>\n\t\t\t\t\t<\/div>\n\t\t<\/article>\n\t\t\t\t<article class=\"elementor-post elementor-grid-item post-2118 post type-post status-publish format-standard hentry category-noticias\">\n\t\t\t<div class=\"elementor-post__card\">\n\t\t\t\t<div class=\"elementor-post__text\">\n\t\t\t\t<h2 class=\"elementor-post__title\">\n\t\t\t<a href=\"https:\/\/gijonbasket.com\/en\/2023\/10\/30\/tiempo-muerto-onda-penes-30-10-2023\/\" >\n\t\t\t\tTiempo Muerto \u2013 Onda Pe\u00f1es \u2013 30\/10\/2023\t\t\t<\/a>\n\t\t<\/h2>\n\t\t\t\t<div class=\"elementor-post__excerpt\">\n\t\t\t<p>https:\/\/www.ivoox.com\/tiempo-muerto-30-10-2023-audios-mp3_rf_118633176_1.html<\/p>\n\t\t<\/div>\n\t\t\n\t\t<a class=\"elementor-post__read-more\" href=\"https:\/\/gijonbasket.com\/en\/2023\/10\/30\/tiempo-muerto-onda-penes-30-10-2023\/\" aria-label=\"Read more about Tiempo Muerto \u2013 Onda Pe\u00f1es \u2013 30\/10\/2023\" tabindex=\"-1\" >\n\t\t\tRead more &#034;\t\t<\/a>\n\n\t\t\t\t<\/div>\n\t\t\t\t<div class=\"elementor-post__meta-data\">\n\t\t\t\t\t<span class=\"elementor-post-date\">\n\t\t\t30 de October de 2023\t\t<\/span>\n\t\t\t\t<\/div>\n\t\t\t\t\t<\/div>\n\t\t<\/article>\n\t\t\t\t<article class=\"elementor-post elementor-grid-item post-2116 post type-post status-publish format-standard hentry category-noticias\">\n\t\t\t<div class=\"elementor-post__card\">\n\t\t\t\t<div class=\"elementor-post__text\">\n\t\t\t\t<h2 class=\"elementor-post__title\">\n\t\t\t<a href=\"https:\/\/gijonbasket.com\/en\/2023\/10\/30\/mercado-de-fichajes-92\/\" >\n\t\t\t\tMercado de Fichajes\t\t\t<\/a>\n\t\t<\/h2>\n\t\t\t\t<div class=\"elementor-post__excerpt\">\n\t\t\t<p>Baskonia : Fichaje de Makar Voronin (HLA Alicante) en calidad de cedido por el conjunto alicantino. Anadolu Efes : Inter\u00e9s por Khem Birch (Toronto Raptors).<\/p>\n\t\t<\/div>\n\t\t\n\t\t<a class=\"elementor-post__read-more\" href=\"https:\/\/gijonbasket.com\/en\/2023\/10\/30\/mercado-de-fichajes-92\/\" aria-label=\"Read more about Mercado de Fichajes\" tabindex=\"-1\" >\n\t\t\tRead more &#034;\t\t<\/a>\n\n\t\t\t\t<\/div>\n\t\t\t\t<div class=\"elementor-post__meta-data\">\n\t\t\t\t\t<span class=\"elementor-post-date\">\n\t\t\t30 de October de 2023\t\t<\/span>\n\t\t\t\t<\/div>\n\t\t\t\t\t<\/div>\n\t\t<\/article>\n\t\t\t\t<article class=\"elementor-post elementor-grid-item post-2114 post type-post status-publish format-standard hentry category-noticias\">\n\t\t\t<div class=\"elementor-post__card\">\n\t\t\t\t<div class=\"elementor-post__text\">\n\t\t\t\t<h2 class=\"elementor-post__title\">\n\t\t\t<a href=\"https:\/\/gijonbasket.com\/en\/2023\/10\/29\/mercado-de-fichajes-91\/\" >\n\t\t\t\tMercado de Fichajes\t\t\t<\/a>\n\t\t<\/h2>\n\t\t\t\t<div class=\"elementor-post__excerpt\">\n\t\t\t<p>Hestia Menorca : Fichaje de Jacob Grandison (Duke University). Fibwi Palma : Fichaje de Lukas Kvedaravicius (Safir Fruits Alginet). WKS Slask Wroclaw : Fichaje de<\/p>\n\t\t<\/div>\n\t\t\n\t\t<a class=\"elementor-post__read-more\" href=\"https:\/\/gijonbasket.com\/en\/2023\/10\/29\/mercado-de-fichajes-91\/\" aria-label=\"Read more about Mercado de Fichajes\" tabindex=\"-1\" >\n\t\t\tRead more &#034;\t\t<\/a>\n\n\t\t\t\t<\/div>\n\t\t\t\t<div class=\"elementor-post__meta-data\">\n\t\t\t\t\t<span class=\"elementor-post-date\">\n\t\t\t29 de October de 2023\t\t<\/span>\n\t\t\t\t<\/div>\n\t\t\t\t\t<\/div>\n\t\t<\/article>\n\t\t\t\t<article class=\"elementor-post elementor-grid-item post-2112 post type-post status-publish format-standard hentry category-noticias\">\n\t\t\t<div class=\"elementor-post__card\">\n\t\t\t\t<div class=\"elementor-post__text\">\n\t\t\t\t<h2 class=\"elementor-post__title\">\n\t\t\t<a href=\"https:\/\/gijonbasket.com\/en\/2023\/10\/28\/tartiere-auto-gijon-basket-cultural-y-deportiva-leonesa-57-108\/\" >\n\t\t\t\tTartiere Auto Gij\u00f3n Basket &#8211; Cultural y Deportiva Leonesa (57-108)\t\t\t<\/a>\n\t\t<\/h2>\n\t\t\t\t<div class=\"elementor-post__excerpt\">\n\t\t\t<p>La Cultural y Deportiva Leonesa cumpli\u00f3 el pr\u00f3nostico, con una f\u00e1cil y amplia victoria sobre Tartiere Auto Gij\u00f3n Basket, para salir l\u00edder en solitario tras<\/p>\n\t\t<\/div>\n\t\t\n\t\t<a class=\"elementor-post__read-more\" href=\"https:\/\/gijonbasket.com\/en\/2023\/10\/28\/tartiere-auto-gijon-basket-cultural-y-deportiva-leonesa-57-108\/\" aria-label=\"Read more about Tartiere Auto Gij\u00f3n Basket &#8211; Cultural y Deportiva Leonesa (57-108)\" tabindex=\"-1\" >\n\t\t\tRead more &#034;\t\t<\/a>\n\n\t\t\t\t<\/div>\n\t\t\t\t<div class=\"elementor-post__meta-data\">\n\t\t\t\t\t<span class=\"elementor-post-date\">\n\t\t\t28 de October de 2023\t\t<\/span>\n\t\t\t\t<\/div>\n\t\t\t\t\t<\/div>\n\t\t<\/article>\n\t\t\t\t<article class=\"elementor-post elementor-grid-item post-2109 post type-post status-publish format-standard hentry category-noticias\">\n\t\t\t<div class=\"elementor-post__card\">\n\t\t\t\t<div class=\"elementor-post__text\">\n\t\t\t\t<h2 class=\"elementor-post__title\">\n\t\t\t<a href=\"https:\/\/gijonbasket.com\/en\/2023\/10\/28\/mercado-de-fichajes-leb-oro-leb-plata\/\" >\n\t\t\t\tMercado de Fichajes LEB Oro &#8211; LEB Plata\t\t\t<\/a>\n\t\t<\/h2>\n\t\t\t\t<div class=\"elementor-post__excerpt\">\n\t\t\t<p>Real Betis Baloncesto : Fichaje de Ondrej Hanzlik (B\u00e1squet Girona) en calidad de cedido por Baskonia. Fibwi Palma : Fichaje de Javier Garc\u00eda (Casademont Zaragoza).<\/p>\n\t\t<\/div>\n\t\t\n\t\t<a class=\"elementor-post__read-more\" href=\"https:\/\/gijonbasket.com\/en\/2023\/10\/28\/mercado-de-fichajes-leb-oro-leb-plata\/\" aria-label=\"Read more about Mercado de Fichajes LEB Oro &#8211; LEB Plata\" tabindex=\"-1\" >\n\t\t\tRead more &#034;\t\t<\/a>\n\n\t\t\t\t<\/div>\n\t\t\t\t<div class=\"elementor-post__meta-data\">\n\t\t\t\t\t<span class=\"elementor-post-date\">\n\t\t\t28 de October de 2023\t\t<\/span>\n\t\t\t\t<\/div>\n\t\t\t\t\t<\/div>\n\t\t<\/article>\n\t\t\t\t<article class=\"elementor-post elementor-grid-item post-2107 post type-post status-publish format-standard hentry category-noticias\">\n\t\t\t<div class=\"elementor-post__card\">\n\t\t\t\t<div class=\"elementor-post__text\">\n\t\t\t\t<h2 class=\"elementor-post__title\">\n\t\t\t<a href=\"https:\/\/gijonbasket.com\/en\/2023\/10\/27\/grupo-ureta-tizona-burgos-alimerka-oviedo-baloncesto-109-93\/\" >\n\t\t\t\tGrupo Ureta Tizona Burgos &#8211; Alimerka Oviedo Baloncesto (109-93)\t\t\t<\/a>\n\t\t<\/h2>\n\t\t\t\t<div class=\"elementor-post__excerpt\">\n\t\t\t<p>Recital anotador del Grupo Ureta Tizona, liderado por un espectacular Gerard Jofresa (27 puntos; 4\/5-T2; 5\/6-T3; 4\/4-TL; 23:54), para imponerse al Alimerka Oviedo Baloncesto que<\/p>\n\t\t<\/div>\n\t\t\n\t\t<a class=\"elementor-post__read-more\" href=\"https:\/\/gijonbasket.com\/en\/2023\/10\/27\/grupo-ureta-tizona-burgos-alimerka-oviedo-baloncesto-109-93\/\" aria-label=\"Read more about Grupo Ureta Tizona Burgos &#8211; Alimerka Oviedo Baloncesto (109-93)\" tabindex=\"-1\" >\n\t\t\tRead more &#034;\t\t<\/a>\n\n\t\t\t\t<\/div>\n\t\t\t\t<div class=\"elementor-post__meta-data\">\n\t\t\t\t\t<span class=\"elementor-post-date\">\n\t\t\t27 de October de 2023\t\t<\/span>\n\t\t\t\t<\/div>\n\t\t\t\t\t<\/div>\n\t\t<\/article>\n\t\t\t\t<article class=\"elementor-post elementor-grid-item post-2105 post type-post status-publish format-standard hentry category-noticias\">\n\t\t\t<div class=\"elementor-post__card\">\n\t\t\t\t<div class=\"elementor-post__text\">\n\t\t\t\t<h2 class=\"elementor-post__title\">\n\t\t\t<a href=\"https:\/\/gijonbasket.com\/en\/2023\/10\/27\/mercado-de-fichajes-90\/\" >\n\t\t\t\tMercado de Fichajes\t\t\t<\/a>\n\t\t<\/h2>\n\t\t\t\t<div class=\"elementor-post__excerpt\">\n\t\t\t<p>SIG Strasbourg : Fichaje de Nysier Brooks (VEF Riga). Dallas Mavericks : Inter\u00e9s por Bojan Bogdanovic (Detroit Pistons). Atlanta Hawks : Inter\u00e9s por O.G. Anunoby<\/p>\n\t\t<\/div>\n\t\t\n\t\t<a class=\"elementor-post__read-more\" href=\"https:\/\/gijonbasket.com\/en\/2023\/10\/27\/mercado-de-fichajes-90\/\" aria-label=\"Read more about Mercado de Fichajes\" tabindex=\"-1\" >\n\t\t\tRead more &#034;\t\t<\/a>\n\n\t\t\t\t<\/div>\n\t\t\t\t<div class=\"elementor-post__meta-data\">\n\t\t\t\t\t<span class=\"elementor-post-date\">\n\t\t\t27 de October de 2023\t\t<\/span>\n\t\t\t\t<\/div>\n\t\t\t\t\t<\/div>\n\t\t<\/article>\n\t\t\t\t<article class=\"elementor-post elementor-grid-item post-2103 post type-post status-publish format-standard hentry category-noticias\">\n\t\t\t<div class=\"elementor-post__card\">\n\t\t\t\t<div class=\"elementor-post__text\">\n\t\t\t\t<h2 class=\"elementor-post__title\">\n\t\t\t<a href=\"https:\/\/gijonbasket.com\/en\/2023\/10\/27\/actualidad-liga-endesa-2\/\" >\n\t\t\t\tActualidad Liga Endesa\t\t\t<\/a>\n\t\t<\/h2>\n\t\t\t\t<div class=\"elementor-post__excerpt\">\n\t\t\t<p>MoraBanc Andorra : Baja de Rafa Luz por una lesi\u00f3n muscular del aductor izquierdo. Casademont Zaragoza : Rescisi\u00f3n de contrato a Javier Garc\u00eda que se<\/p>\n\t\t<\/div>\n\t\t\n\t\t<a class=\"elementor-post__read-more\" href=\"https:\/\/gijonbasket.com\/en\/2023\/10\/27\/actualidad-liga-endesa-2\/\" aria-label=\"Read more about Actualidad Liga Endesa\" tabindex=\"-1\" >\n\t\t\tRead more &#034;\t\t<\/a>\n\n\t\t\t\t<\/div>\n\t\t\t\t<div class=\"elementor-post__meta-data\">\n\t\t\t\t\t<span class=\"elementor-post-date\">\n\t\t\t27 de October de 2023\t\t<\/span>\n\t\t\t\t<\/div>\n\t\t\t\t\t<\/div>\n\t\t<\/article>\n\t\t\t\t<article class=\"elementor-post elementor-grid-item post-2101 post type-post status-publish format-standard hentry category-noticias\">\n\t\t\t<div class=\"elementor-post__card\">\n\t\t\t\t<div class=\"elementor-post__text\">\n\t\t\t\t<h2 class=\"elementor-post__title\">\n\t\t\t<a href=\"https:\/\/gijonbasket.com\/en\/2023\/10\/26\/maccabi-playtika-tel-aviv-traslado-a-belgrado-para-sus-encuentros-de-euroliga\/\" >\n\t\t\t\tMaccabi Playtika Tel Aviv traslado a Belgrado para sus encuentros de Euroliga\t\t\t<\/a>\n\t\t<\/h2>\n\t\t\t\t<div class=\"elementor-post__excerpt\">\n\t\t\t<p>El conflicto b\u00e9lico entre Israel y Hamas provoca que el Maccabi Playtika Tel Aviv, traslade la sede de sus encuentros de Euroliga a Belgrado, para<\/p>\n\t\t<\/div>\n\t\t\n\t\t<a class=\"elementor-post__read-more\" href=\"https:\/\/gijonbasket.com\/en\/2023\/10\/26\/maccabi-playtika-tel-aviv-traslado-a-belgrado-para-sus-encuentros-de-euroliga\/\" aria-label=\"Read more about Maccabi Playtika Tel Aviv traslado a Belgrado para sus encuentros de Euroliga\" tabindex=\"-1\" >\n\t\t\tRead more &#034;\t\t<\/a>\n\n\t\t\t\t<\/div>\n\t\t\t\t<div class=\"elementor-post__meta-data\">\n\t\t\t\t\t<span class=\"elementor-post-date\">\n\t\t\t26 de October de 2023\t\t<\/span>\n\t\t\t\t<\/div>\n\t\t\t\t\t<\/div>\n\t\t<\/article>\n\t\t\t\t<article class=\"elementor-post elementor-grid-item post-2099 post type-post status-publish format-standard hentry category-noticias\">\n\t\t\t<div class=\"elementor-post__card\">\n\t\t\t\t<div class=\"elementor-post__text\">\n\t\t\t\t<h2 class=\"elementor-post__title\">\n\t\t\t<a href=\"https:\/\/gijonbasket.com\/en\/2023\/10\/26\/michael-drame-al-zamora-enamora-por-rob-ukawuba\/\" >\n\t\t\t\tMichael Drame al Zamora Enamora por Rob Ukawuba\t\t\t<\/a>\n\t\t<\/h2>\n\t\t\t\t<div class=\"elementor-post__excerpt\">\n\t\t\t<p>Zamora Enamora incorpora a Michael Drame (Movistar Estudiantes B), que realiz\u00f3 la pretemporada con el Alimerka Oviedo Baloncesto, para cubrir la baja de Rob Ukawuba<\/p>\n\t\t<\/div>\n\t\t\n\t\t<a class=\"elementor-post__read-more\" href=\"https:\/\/gijonbasket.com\/en\/2023\/10\/26\/michael-drame-al-zamora-enamora-por-rob-ukawuba\/\" aria-label=\"Read more about Michael Drame al Zamora Enamora por Rob Ukawuba\" tabindex=\"-1\" >\n\t\t\tRead more &#034;\t\t<\/a>\n\n\t\t\t\t<\/div>\n\t\t\t\t<div class=\"elementor-post__meta-data\">\n\t\t\t\t\t<span class=\"elementor-post-date\">\n\t\t\t26 de October de 2023\t\t<\/span>\n\t\t\t\t<\/div>\n\t\t\t\t\t<\/div>\n\t\t<\/article>\n\t\t\t\t<article class=\"elementor-post elementor-grid-item post-2097 post type-post status-publish format-standard hentry category-noticias\">\n\t\t\t<div class=\"elementor-post__card\">\n\t\t\t\t<div class=\"elementor-post__text\">\n\t\t\t\t<h2 class=\"elementor-post__title\">\n\t\t\t<a href=\"https:\/\/gijonbasket.com\/en\/2023\/10\/26\/chus-poves-nuevo-director-deportivo-de-tartiere-auto-gijon-basket\/\" >\n\t\t\t\tChus Poves nuevo Director Deportivo de Tartiere Auto Gij\u00f3n Basket\t\t\t<\/a>\n\t\t<\/h2>\n\t\t\t\t<div class=\"elementor-post__excerpt\">\n\t\t\t<p>Chus Poves regresa a la que fue su casa, Tartiere Auto Gij\u00f3n Basket, para ser el nuevo Director Deportivo del conjunto rojiblanco. Tartiere Auto Gij\u00f3n<\/p>\n\t\t<\/div>\n\t\t\n\t\t<a class=\"elementor-post__read-more\" href=\"https:\/\/gijonbasket.com\/en\/2023\/10\/26\/chus-poves-nuevo-director-deportivo-de-tartiere-auto-gijon-basket\/\" aria-label=\"Read more about Chus Poves nuevo Director Deportivo de Tartiere Auto Gij\u00f3n Basket\" tabindex=\"-1\" >\n\t\t\tRead more &#034;\t\t<\/a>\n\n\t\t\t\t<\/div>\n\t\t\t\t<div class=\"elementor-post__meta-data\">\n\t\t\t\t\t<span class=\"elementor-post-date\">\n\t\t\t26 de October de 2023\t\t<\/span>\n\t\t\t\t<\/div>\n\t\t\t\t\t<\/div>\n\t\t<\/article>\n\t\t\t\t<article class=\"elementor-post elementor-grid-item post-2095 post type-post status-publish format-standard hentry category-noticias\">\n\t\t\t<div class=\"elementor-post__card\">\n\t\t\t\t<div class=\"elementor-post__text\">\n\t\t\t\t<h2 class=\"elementor-post__title\">\n\t\t\t<a href=\"https:\/\/gijonbasket.com\/en\/2023\/10\/25\/gianmarco-pozzecco-nuevo-entrenador-del-ldlc-asvel-villeurbanne\/\" >\n\t\t\t\tGianmarco Pozzecco nuevo entrenador del LDLC Asvel Villeurbanne\t\t\t<\/a>\n\t\t<\/h2>\n\t\t\t\t<div class=\"elementor-post__excerpt\">\n\t\t\t<p>LDLC Asvel Villeurbanne cerr\u00f3 la contrataci\u00f3n de Gianmarco Pozzecco, seleccionador de Italia, como nuevo t\u00e9cnico del conjunto franc\u00e9s tras la destituci\u00f3n de T.J. Parker.<\/p>\n\t\t<\/div>\n\t\t\n\t\t<a class=\"elementor-post__read-more\" href=\"https:\/\/gijonbasket.com\/en\/2023\/10\/25\/gianmarco-pozzecco-nuevo-entrenador-del-ldlc-asvel-villeurbanne\/\" aria-label=\"Read more about Gianmarco Pozzecco nuevo entrenador del LDLC Asvel Villeurbanne\" tabindex=\"-1\" >\n\t\t\tRead more &#034;\t\t<\/a>\n\n\t\t\t\t<\/div>\n\t\t\t\t<div class=\"elementor-post__meta-data\">\n\t\t\t\t\t<span class=\"elementor-post-date\">\n\t\t\t25 de October de 2023\t\t<\/span>\n\t\t\t\t<\/div>\n\t\t\t\t\t<\/div>\n\t\t<\/article>\n\t\t\t\t<article class=\"elementor-post elementor-grid-item post-2093 post type-post status-publish format-standard hentry category-noticias\">\n\t\t\t<div class=\"elementor-post__card\">\n\t\t\t\t<div class=\"elementor-post__text\">\n\t\t\t\t<h2 class=\"elementor-post__title\">\n\t\t\t<a href=\"https:\/\/gijonbasket.com\/en\/2023\/10\/25\/mercado-de-fichajes-liga-endesa-21\/\" >\n\t\t\t\tMercado de Fichajes Liga Endesa\t\t\t<\/a>\n\t\t<\/h2>\n\t\t\t\t<div class=\"elementor-post__excerpt\">\n\t\t\t<p>R\u00edo Breog\u00e1n : Inter\u00e9s por Joe Chealey (MKS Dabrowa Gornicza). Monbus Obradoiro : No continuidad de Eric Washington por un problema familiar grave. MoraBanc Andorra<\/p>\n\t\t<\/div>\n\t\t\n\t\t<a class=\"elementor-post__read-more\" href=\"https:\/\/gijonbasket.com\/en\/2023\/10\/25\/mercado-de-fichajes-liga-endesa-21\/\" aria-label=\"Read more about Mercado de Fichajes Liga Endesa\" tabindex=\"-1\" >\n\t\t\tRead more &#034;\t\t<\/a>\n\n\t\t\t\t<\/div>\n\t\t\t\t<div class=\"elementor-post__meta-data\">\n\t\t\t\t\t<span class=\"elementor-post-date\">\n\t\t\t25 de October de 2023\t\t<\/span>\n\t\t\t\t<\/div>\n\t\t\t\t\t<\/div>\n\t\t<\/article>\n\t\t\t\t<article class=\"elementor-post elementor-grid-item post-2087 post type-post status-publish format-standard hentry category-noticias\">\n\t\t\t<div class=\"elementor-post__card\">\n\t\t\t\t<div class=\"elementor-post__text\">\n\t\t\t\t<h2 class=\"elementor-post__title\">\n\t\t\t<a href=\"https:\/\/gijonbasket.com\/en\/2023\/10\/25\/mercado-de-fichajes-nba-9\/\" >\n\t\t\t\tMercado de Fichajes NBA\t\t\t<\/a>\n\t\t<\/h2>\n\t\t\t\t<div class=\"elementor-post__excerpt\">\n\t\t\t<p>Memphis Grizzlies : Renovaci\u00f3n de contrato a Santi Aldama hasta el final de la temporada 2024\/2025. Baja de Steven Adams para toda la temporada 2023\/2024<\/p>\n\t\t<\/div>\n\t\t\n\t\t<a class=\"elementor-post__read-more\" href=\"https:\/\/gijonbasket.com\/en\/2023\/10\/25\/mercado-de-fichajes-nba-9\/\" aria-label=\"Read more about Mercado de Fichajes NBA\" tabindex=\"-1\" >\n\t\t\tRead more &#034;\t\t<\/a>\n\n\t\t\t\t<\/div>\n\t\t\t\t<div class=\"elementor-post__meta-data\">\n\t\t\t\t\t<span class=\"elementor-post-date\">\n\t\t\t25 de October de 2023\t\t<\/span>\n\t\t\t\t<\/div>\n\t\t\t\t\t<\/div>\n\t\t<\/article>\n\t\t\t\t<article class=\"elementor-post elementor-grid-item post-2085 post type-post status-publish format-standard hentry category-noticias\">\n\t\t\t<div class=\"elementor-post__card\">\n\t\t\t\t<div class=\"elementor-post__text\">\n\t\t\t\t<h2 class=\"elementor-post__title\">\n\t\t\t<a href=\"https:\/\/gijonbasket.com\/en\/2023\/10\/24\/jordan-barnes-y-eddy-polanco-refuerzos-para-el-real-betis-baloncesto\/\" >\n\t\t\t\tJordan Barnes y Eddy Polanco refuerzos para el Real Betis Baloncesto\t\t\t<\/a>\n\t\t<\/h2>\n\t\t\t\t<div class=\"elementor-post__excerpt\">\n\t\t\t<p>El Real Betis Baloncesto, colista de LEB Oro y \u00fanico equipo que no conoce la victoria (3 derrotas), se refuerza con los fichajes de Jordan<\/p>\n\t\t<\/div>\n\t\t\n\t\t<a class=\"elementor-post__read-more\" href=\"https:\/\/gijonbasket.com\/en\/2023\/10\/24\/jordan-barnes-y-eddy-polanco-refuerzos-para-el-real-betis-baloncesto\/\" aria-label=\"Read more about Jordan Barnes y Eddy Polanco refuerzos para el Real Betis Baloncesto\" tabindex=\"-1\" >\n\t\t\tRead more &#034;\t\t<\/a>\n\n\t\t\t\t<\/div>\n\t\t\t\t<div class=\"elementor-post__meta-data\">\n\t\t\t\t\t<span class=\"elementor-post-date\">\n\t\t\t24 de October de 2023\t\t<\/span>\n\t\t\t\t<\/div>\n\t\t\t\t\t<\/div>\n\t\t<\/article>\n\t\t\t\t<article class=\"elementor-post elementor-grid-item post-2082 post type-post status-publish format-standard hentry category-noticias\">\n\t\t\t<div class=\"elementor-post__card\">\n\t\t\t\t<div class=\"elementor-post__text\">\n\t\t\t\t<h2 class=\"elementor-post__title\">\n\t\t\t<a href=\"https:\/\/gijonbasket.com\/en\/2023\/10\/24\/mercado-de-fichajes-liga-endesa-20\/\" >\n\t\t\t\tMercado de Fichajes Liga Endesa\t\t\t<\/a>\n\t\t<\/h2>\n\t\t\t\t<div class=\"elementor-post__excerpt\">\n\t\t\t<p>Zunder Palencia : Fichaje de Greg Whittington (Hapoel Altshuler Shaham Beer Sheva). Club Joventut Badalona : Fichaje de Kenny Chery (Socar Petkimspor) para cubrir la<\/p>\n\t\t<\/div>\n\t\t\n\t\t<a class=\"elementor-post__read-more\" href=\"https:\/\/gijonbasket.com\/en\/2023\/10\/24\/mercado-de-fichajes-liga-endesa-20\/\" aria-label=\"Read more about Mercado de Fichajes Liga Endesa\" tabindex=\"-1\" >\n\t\t\tRead more &#034;\t\t<\/a>\n\n\t\t\t\t<\/div>\n\t\t\t\t<div class=\"elementor-post__meta-data\">\n\t\t\t\t\t<span class=\"elementor-post-date\">\n\t\t\t24 de October de 2023\t\t<\/span>\n\t\t\t\t<\/div>\n\t\t\t\t\t<\/div>\n\t\t<\/article>\n\t\t\t\t<article class=\"elementor-post elementor-grid-item post-2080 post type-post status-publish format-standard hentry category-noticias\">\n\t\t\t<div class=\"elementor-post__card\">\n\t\t\t\t<div class=\"elementor-post__text\">\n\t\t\t\t<h2 class=\"elementor-post__title\">\n\t\t\t<a href=\"https:\/\/gijonbasket.com\/en\/2023\/10\/24\/tiempo-muerto-onda-penes-23-10-2023\/\" >\n\t\t\t\tTiempo Muerto \u2013 Onda Pe\u00f1es \u2013 23\/10\/2023\t\t\t<\/a>\n\t\t<\/h2>\n\t\t\t\t<div class=\"elementor-post__excerpt\">\n\t\t\t<p>https:\/\/www.ivoox.com\/tiempo-muerto-23-10-2023-audios-mp3_rf_118238606_1.html<\/p>\n\t\t<\/div>\n\t\t\n\t\t<a class=\"elementor-post__read-more\" href=\"https:\/\/gijonbasket.com\/en\/2023\/10\/24\/tiempo-muerto-onda-penes-23-10-2023\/\" aria-label=\"Read more about Tiempo Muerto \u2013 Onda Pe\u00f1es \u2013 23\/10\/2023\" tabindex=\"-1\" >\n\t\t\tRead more &#034;\t\t<\/a>\n\n\t\t\t\t<\/div>\n\t\t\t\t<div class=\"elementor-post__meta-data\">\n\t\t\t\t\t<span class=\"elementor-post-date\">\n\t\t\t24 de October de 2023\t\t<\/span>\n\t\t\t\t<\/div>\n\t\t\t\t\t<\/div>\n\t\t<\/article>\n\t\t\t\t<article class=\"elementor-post elementor-grid-item post-2078 post type-post status-publish format-standard hentry category-noticias\">\n\t\t\t<div class=\"elementor-post__card\">\n\t\t\t\t<div class=\"elementor-post__text\">\n\t\t\t\t<h2 class=\"elementor-post__title\">\n\t\t\t<a href=\"https:\/\/gijonbasket.com\/en\/2023\/10\/23\/mercado-de-fichajes-89\/\" >\n\t\t\t\tMercado de Fichajes\t\t\t<\/a>\n\t\t<\/h2>\n\t\t\t\t<div class=\"elementor-post__excerpt\">\n\t\t\t<p>Baskonia : Ampliaci\u00f3n de contrato a Pavel Savkov hasta el final de la temporada 2027\/2028. BC Siauliai : Fichaje de Dovydas Romancenkov (Gargzdu SC Gargzdai).<\/p>\n\t\t<\/div>\n\t\t\n\t\t<a class=\"elementor-post__read-more\" href=\"https:\/\/gijonbasket.com\/en\/2023\/10\/23\/mercado-de-fichajes-89\/\" aria-label=\"Read more about Mercado de Fichajes\" tabindex=\"-1\" >\n\t\t\tRead more &#034;\t\t<\/a>\n\n\t\t\t\t<\/div>\n\t\t\t\t<div class=\"elementor-post__meta-data\">\n\t\t\t\t\t<span class=\"elementor-post-date\">\n\t\t\t23 de October de 2023\t\t<\/span>\n\t\t\t\t<\/div>\n\t\t\t\t\t<\/div>\n\t\t<\/article>\n\t\t\t\t<article class=\"elementor-post elementor-grid-item post-2071 post type-post status-publish format-standard hentry category-noticias\">\n\t\t\t<div class=\"elementor-post__card\">\n\t\t\t\t<div class=\"elementor-post__text\">\n\t\t\t\t<h2 class=\"elementor-post__title\">\n\t\t\t<a href=\"https:\/\/gijonbasket.com\/en\/2023\/10\/22\/alimerka-oviedo-baloncesto-guuk-gipuzkoa-basket-81-86\/\" >\n\t\t\t\tAlimerka Oviedo Baloncesto &#8211; Guuk Gipuzkoa Basket (81-86)\t\t\t<\/a>\n\t\t<\/h2>\n\t\t\t\t<div class=\"elementor-post__excerpt\">\n\t\t\t<p>El Guuk Gipuzkoa Basket rompi\u00f3 la imbatibilidad del Alimerka Oviedo Baloncesto (81-86). El \u00faltimo cuarto fue clave en la derrota del Alimerka Oviedo Baloncesto, que<\/p>\n\t\t<\/div>\n\t\t\n\t\t<a class=\"elementor-post__read-more\" href=\"https:\/\/gijonbasket.com\/en\/2023\/10\/22\/alimerka-oviedo-baloncesto-guuk-gipuzkoa-basket-81-86\/\" aria-label=\"Read more about Alimerka Oviedo Baloncesto &#8211; Guuk Gipuzkoa Basket (81-86)\" tabindex=\"-1\" >\n\t\t\tRead more &#034;\t\t<\/a>\n\n\t\t\t\t<\/div>\n\t\t\t\t<div class=\"elementor-post__meta-data\">\n\t\t\t\t\t<span class=\"elementor-post-date\">\n\t\t\t22 de October de 2023\t\t<\/span>\n\t\t\t\t<\/div>\n\t\t\t\t\t<\/div>\n\t\t<\/article>\n\t\t\t\t<article class=\"elementor-post elementor-grid-item post-2069 post type-post status-publish format-standard hentry category-noticias\">\n\t\t\t<div class=\"elementor-post__card\">\n\t\t\t\t<div class=\"elementor-post__text\">\n\t\t\t\t<h2 class=\"elementor-post__title\">\n\t\t\t<a href=\"https:\/\/gijonbasket.com\/en\/2023\/10\/22\/zunder-palencia-primera-victoria-de-su-historia-en-liga-endesa\/\" >\n\t\t\t\tZunder Palencia primera victoria de su historia en Liga Endesa\t\t\t<\/a>\n\t\t<\/h2>\n\t\t\t\t<div class=\"elementor-post__excerpt\">\n\t\t\t<p>El Zunder Palencia logr\u00f3 su primera e hist\u00f3rica victoria en Liga Endesa ayer al imponerse al R\u00edo Breog\u00e1n (74-59). El Pabell\u00f3n Municipal de Deportes de<\/p>\n\t\t<\/div>\n\t\t\n\t\t<a class=\"elementor-post__read-more\" href=\"https:\/\/gijonbasket.com\/en\/2023\/10\/22\/zunder-palencia-primera-victoria-de-su-historia-en-liga-endesa\/\" aria-label=\"Read more about Zunder Palencia primera victoria de su historia en Liga Endesa\" tabindex=\"-1\" >\n\t\t\tRead more &#034;\t\t<\/a>\n\n\t\t\t\t<\/div>\n\t\t\t\t<div class=\"elementor-post__meta-data\">\n\t\t\t\t\t<span class=\"elementor-post-date\">\n\t\t\t22 de October de 2023\t\t<\/span>\n\t\t\t\t<\/div>\n\t\t\t\t\t<\/div>\n\t\t<\/article>\n\t\t\t\t<article class=\"elementor-post elementor-grid-item post-2066 post type-post status-publish format-standard hentry category-noticias\">\n\t\t\t<div class=\"elementor-post__card\">\n\t\t\t\t<div class=\"elementor-post__text\">\n\t\t\t\t<h2 class=\"elementor-post__title\">\n\t\t\t<a href=\"https:\/\/gijonbasket.com\/en\/2023\/10\/22\/estrella-roja-destitucion-de-dusko-ivanovic-ioannis-sfairopoulos-principal-candidato-al-banquillo\/\" >\n\t\t\t\tEstrella Roja destituci\u00f3n de Dusko Ivanovic. Ioannis Sfairopoulos principal candidato al banquillo.\t\t\t<\/a>\n\t\t<\/h2>\n\t\t\t\t<div class=\"elementor-post__excerpt\">\n\t\t\t<p>El Estrella Roja destituy\u00f3 en el d\u00eda de ayer a Dusko Ivanovic como consecuencia de los resultados en Euroliga (1 victoria &#8211; 3 derrotas). Las<\/p>\n\t\t<\/div>\n\t\t\n\t\t<a class=\"elementor-post__read-more\" href=\"https:\/\/gijonbasket.com\/en\/2023\/10\/22\/estrella-roja-destitucion-de-dusko-ivanovic-ioannis-sfairopoulos-principal-candidato-al-banquillo\/\" aria-label=\"Read more about Estrella Roja destituci\u00f3n de Dusko Ivanovic. Ioannis Sfairopoulos principal candidato al banquillo.\" tabindex=\"-1\" >\n\t\t\tRead more &#034;\t\t<\/a>\n\n\t\t\t\t<\/div>\n\t\t\t\t<div class=\"elementor-post__meta-data\">\n\t\t\t\t\t<span class=\"elementor-post-date\">\n\t\t\t22 de October de 2023\t\t<\/span>\n\t\t\t\t<\/div>\n\t\t\t\t\t<\/div>\n\t\t<\/article>\n\t\t\t\t<article class=\"elementor-post elementor-grid-item post-2063 post type-post status-publish format-standard hentry category-noticias\">\n\t\t\t<div class=\"elementor-post__card\">\n\t\t\t\t<div class=\"elementor-post__text\">\n\t\t\t\t<h2 class=\"elementor-post__title\">\n\t\t\t<a href=\"https:\/\/gijonbasket.com\/en\/2023\/10\/21\/circulo-gijon-baloncesto-tartiere-auto-gijon-basket-88-52\/\" >\n\t\t\t\tC\u00edrculo Gij\u00f3n Baloncesto &#8211; Tartiere Auto Gij\u00f3n Basket (88-52)\t\t\t<\/a>\n\t\t<\/h2>\n\t\t\t\t<div class=\"elementor-post__excerpt\">\n\t\t\t<p>Victoria del C\u00edrculo Gij\u00f3n Baloncesto, totalmente previsible, ante Tartiere Auto Gij\u00f3n Basket mermado por las bajas. Tartiere Auto Gij\u00f3n Basket cont\u00f3 con las bajas por<\/p>\n\t\t<\/div>\n\t\t\n\t\t<a class=\"elementor-post__read-more\" href=\"https:\/\/gijonbasket.com\/en\/2023\/10\/21\/circulo-gijon-baloncesto-tartiere-auto-gijon-basket-88-52\/\" aria-label=\"Read more about C\u00edrculo Gij\u00f3n Baloncesto &#8211; Tartiere Auto Gij\u00f3n Basket (88-52)\" tabindex=\"-1\" >\n\t\t\tRead more &#034;\t\t<\/a>\n\n\t\t\t\t<\/div>\n\t\t\t\t<div class=\"elementor-post__meta-data\">\n\t\t\t\t\t<span class=\"elementor-post-date\">\n\t\t\t21 de October de 2023\t\t<\/span>\n\t\t\t\t<\/div>\n\t\t\t\t\t<\/div>\n\t\t<\/article>\n\t\t\t\t<article class=\"elementor-post elementor-grid-item post-2060 post type-post status-publish format-standard hentry category-noticias\">\n\t\t\t<div class=\"elementor-post__card\">\n\t\t\t\t<div class=\"elementor-post__text\">\n\t\t\t\t<h2 class=\"elementor-post__title\">\n\t\t\t<a href=\"https:\/\/gijonbasket.com\/en\/2023\/10\/21\/mercado-de-fichajes-88\/\" >\n\t\t\t\tMercado de Fichajes\t\t\t<\/a>\n\t\t<\/h2>\n\t\t\t\t<div class=\"elementor-post__excerpt\">\n\t\t\t<p>Mundioma Mar\u00edn Ence PeixeGalego : Fichaje de Khadim Fall (Ecoculture Costa de Almer\u00eda). Fibwi Palma : Baja de Naoll Balfourier por un esguince de grado<\/p>\n\t\t<\/div>\n\t\t\n\t\t<a class=\"elementor-post__read-more\" href=\"https:\/\/gijonbasket.com\/en\/2023\/10\/21\/mercado-de-fichajes-88\/\" aria-label=\"Read more about Mercado de Fichajes\" tabindex=\"-1\" >\n\t\t\tRead more &#034;\t\t<\/a>\n\n\t\t\t\t<\/div>\n\t\t\t\t<div class=\"elementor-post__meta-data\">\n\t\t\t\t\t<span class=\"elementor-post-date\">\n\t\t\t21 de October de 2023\t\t<\/span>\n\t\t\t\t<\/div>\n\t\t\t\t\t<\/div>\n\t\t<\/article>\n\t\t\t\t<article class=\"elementor-post elementor-grid-item post-2058 post type-post status-publish format-standard hentry category-noticias\">\n\t\t\t<div class=\"elementor-post__card\">\n\t\t\t\t<div class=\"elementor-post__text\">\n\t\t\t\t<h2 class=\"elementor-post__title\">\n\t\t\t<a href=\"https:\/\/gijonbasket.com\/en\/2023\/10\/21\/mercado-de-fichajes-nba-8\/\" >\n\t\t\t\tMercado de Fichajes NBA\t\t\t<\/a>\n\t\t<\/h2>\n\t\t\t\t<div class=\"elementor-post__excerpt\">\n\t\t\t<p>Chicago Bulls : No continuidad de Carlik Jones. New York Knicks : No continuidad de Isaiah Roby y Jaylen Martin. Minnesota Timberwolves : No continuidad<\/p>\n\t\t<\/div>\n\t\t\n\t\t<a class=\"elementor-post__read-more\" href=\"https:\/\/gijonbasket.com\/en\/2023\/10\/21\/mercado-de-fichajes-nba-8\/\" aria-label=\"Read more about Mercado de Fichajes NBA\" tabindex=\"-1\" >\n\t\t\tRead more &#034;\t\t<\/a>\n\n\t\t\t\t<\/div>\n\t\t\t\t<div class=\"elementor-post__meta-data\">\n\t\t\t\t\t<span class=\"elementor-post-date\">\n\t\t\t21 de October de 2023\t\t<\/span>\n\t\t\t\t<\/div>\n\t\t\t\t\t<\/div>\n\t\t<\/article>\n\t\t\t\t<article class=\"elementor-post elementor-grid-item post-2054 post type-post status-publish format-standard hentry category-noticias\">\n\t\t\t<div class=\"elementor-post__card\">\n\t\t\t\t<div class=\"elementor-post__text\">\n\t\t\t\t<h2 class=\"elementor-post__title\">\n\t\t\t<a href=\"https:\/\/gijonbasket.com\/en\/2023\/10\/20\/tartiere-auto-gijon-basket-en-cuadro-por-las-bajas-por-lesion\/\" >\n\t\t\t\tTartiere Auto Gij\u00f3n Basket en cuadro por las bajas por lesi\u00f3n\t\t\t<\/a>\n\t\t<\/h2>\n\t\t\t\t<div class=\"elementor-post__excerpt\">\n\t\t\t<p>Tartiere Auto Gij\u00f3n Basket afrontar\u00e1 bajo m\u00ednimos, el encuentro de ma\u00f1ana ante el C\u00edrculo Gij\u00f3n Baloncesto a las 20:00, en el Palacio de Deportes de<\/p>\n\t\t<\/div>\n\t\t\n\t\t<a class=\"elementor-post__read-more\" href=\"https:\/\/gijonbasket.com\/en\/2023\/10\/20\/tartiere-auto-gijon-basket-en-cuadro-por-las-bajas-por-lesion\/\" aria-label=\"Read more about Tartiere Auto Gij\u00f3n Basket en cuadro por las bajas por lesi\u00f3n\" tabindex=\"-1\" >\n\t\t\tRead more &#034;\t\t<\/a>\n\n\t\t\t\t<\/div>\n\t\t\t\t<div class=\"elementor-post__meta-data\">\n\t\t\t\t\t<span class=\"elementor-post-date\">\n\t\t\t20 de October de 2023\t\t<\/span>\n\t\t\t\t<\/div>\n\t\t\t\t\t<\/div>\n\t\t<\/article>\n\t\t\t\t<article class=\"elementor-post elementor-grid-item post-2052 post type-post status-publish format-standard hentry category-noticias\">\n\t\t\t<div class=\"elementor-post__card\">\n\t\t\t\t<div class=\"elementor-post__text\">\n\t\t\t\t<h2 class=\"elementor-post__title\">\n\t\t\t<a href=\"https:\/\/gijonbasket.com\/en\/2023\/10\/19\/matt-halam-finaliza-su-vinculacion-con-tartiere-auto-gijon-basket\/\" >\n\t\t\t\tMatt Halam finaliza su vinculaci\u00f3n con Tartiere Auto Gij\u00f3n Basket\t\t\t<\/a>\n\t\t<\/h2>\n\t\t\t\t<div class=\"elementor-post__excerpt\">\n\t\t\t<p>Matt Halam y Tartiere Auto Gij\u00f3n Basket separan sus caminos tras no superar el periodo de prueba de un mes. El p\u00edvot australiano con nacionalidad<\/p>\n\t\t<\/div>\n\t\t\n\t\t<a class=\"elementor-post__read-more\" href=\"https:\/\/gijonbasket.com\/en\/2023\/10\/19\/matt-halam-finaliza-su-vinculacion-con-tartiere-auto-gijon-basket\/\" aria-label=\"Read more about Matt Halam finaliza su vinculaci\u00f3n con Tartiere Auto Gij\u00f3n Basket\" tabindex=\"-1\" >\n\t\t\tRead more &#034;\t\t<\/a>\n\n\t\t\t\t<\/div>\n\t\t\t\t<div class=\"elementor-post__meta-data\">\n\t\t\t\t\t<span class=\"elementor-post-date\">\n\t\t\t19 de October de 2023\t\t<\/span>\n\t\t\t\t<\/div>\n\t\t\t\t\t<\/div>\n\t\t<\/article>\n\t\t\t\t<article class=\"elementor-post elementor-grid-item post-2050 post type-post status-publish format-standard hentry category-noticias\">\n\t\t\t<div class=\"elementor-post__card\">\n\t\t\t\t<div class=\"elementor-post__text\">\n\t\t\t\t<h2 class=\"elementor-post__title\">\n\t\t\t<a href=\"https:\/\/gijonbasket.com\/en\/2023\/10\/18\/mercado-de-fichajes-nba-7\/\" >\n\t\t\t\tMercado de Fichajes NBA\t\t\t<\/a>\n\t\t<\/h2>\n\t\t\t\t<div class=\"elementor-post__excerpt\">\n\t\t\t<p>Oklahoma City Thunder : Fichaje de Kevin Porter Jr. (Houston Rockets). Houston Rockets : Fichajes de Victor Oladipo y Jeremiah Robinson-Earl procedentes de Oklahoma City<\/p>\n\t\t<\/div>\n\t\t\n\t\t<a class=\"elementor-post__read-more\" href=\"https:\/\/gijonbasket.com\/en\/2023\/10\/18\/mercado-de-fichajes-nba-7\/\" aria-label=\"Read more about Mercado de Fichajes NBA\" tabindex=\"-1\" >\n\t\t\tRead more &#034;\t\t<\/a>\n\n\t\t\t\t<\/div>\n\t\t\t\t<div class=\"elementor-post__meta-data\">\n\t\t\t\t\t<span class=\"elementor-post-date\">\n\t\t\t18 de October de 2023\t\t<\/span>\n\t\t\t\t<\/div>\n\t\t\t\t\t<\/div>\n\t\t<\/article>\n\t\t\t\t<article class=\"elementor-post elementor-grid-item post-2048 post type-post status-publish format-standard hentry category-noticias\">\n\t\t\t<div class=\"elementor-post__card\">\n\t\t\t\t<div class=\"elementor-post__text\">\n\t\t\t\t<h2 class=\"elementor-post__title\">\n\t\t\t<a href=\"https:\/\/gijonbasket.com\/en\/2023\/10\/17\/tyler-dorsey-fenerbahce-beko-istabul-y-arturs-zagars-bc-wolves-bajas-por-lesion\/\" >\n\t\t\t\tTyler Dorsey (Fenerbahce Beko Istabul) y Arturs Zagars (BC Wolves) bajas por lesi\u00f3n\t\t\t<\/a>\n\t\t<\/h2>\n\t\t\t\t<div class=\"elementor-post__excerpt\">\n\t\t\t<p>Tyler Dorsey (Fenerbahce Beko Istabul) estar\u00e1 de baja por espacio de dos meses al sufrir la rotura del hueso metatarsiano de su pie derecho. Arturs<\/p>\n\t\t<\/div>\n\t\t\n\t\t<a class=\"elementor-post__read-more\" href=\"https:\/\/gijonbasket.com\/en\/2023\/10\/17\/tyler-dorsey-fenerbahce-beko-istabul-y-arturs-zagars-bc-wolves-bajas-por-lesion\/\" aria-label=\"Read more about Tyler Dorsey (Fenerbahce Beko Istabul) y Arturs Zagars (BC Wolves) bajas por lesi\u00f3n\" tabindex=\"-1\" >\n\t\t\tRead more &#034;\t\t<\/a>\n\n\t\t\t\t<\/div>\n\t\t\t\t<div class=\"elementor-post__meta-data\">\n\t\t\t\t\t<span class=\"elementor-post-date\">\n\t\t\t17 de October de 2023\t\t<\/span>\n\t\t\t\t<\/div>\n\t\t\t\t\t<\/div>\n\t\t<\/article>\n\t\t\t\t<article class=\"elementor-post elementor-grid-item post-2046 post type-post status-publish format-standard hentry category-noticias\">\n\t\t\t<div class=\"elementor-post__card\">\n\t\t\t\t<div class=\"elementor-post__text\">\n\t\t\t\t<h2 class=\"elementor-post__title\">\n\t\t\t<a href=\"https:\/\/gijonbasket.com\/en\/2023\/10\/17\/mercado-de-fichajes-87\/\" >\n\t\t\t\tMercado de Fichajes\t\t\t<\/a>\n\t\t<\/h2>\n\t\t\t\t<div class=\"elementor-post__excerpt\">\n\t\t\t<p>Maccabi Rehovot : Fichaje de Torin Washington (Virginia Dream). Tbilisi State University : Fichaje de Rati Andronikashvili (UCAM Murcia). WKS Slask Wroclaw : Fichaje de<\/p>\n\t\t<\/div>\n\t\t\n\t\t<a class=\"elementor-post__read-more\" href=\"https:\/\/gijonbasket.com\/en\/2023\/10\/17\/mercado-de-fichajes-87\/\" aria-label=\"Read more about Mercado de Fichajes\" tabindex=\"-1\" >\n\t\t\tRead more &#034;\t\t<\/a>\n\n\t\t\t\t<\/div>\n\t\t\t\t<div class=\"elementor-post__meta-data\">\n\t\t\t\t\t<span class=\"elementor-post-date\">\n\t\t\t17 de October de 2023\t\t<\/span>\n\t\t\t\t<\/div>\n\t\t\t\t\t<\/div>\n\t\t<\/article>\n\t\t\t\t<article class=\"elementor-post elementor-grid-item post-2044 post type-post status-publish format-standard hentry category-noticias\">\n\t\t\t<div class=\"elementor-post__card\">\n\t\t\t\t<div class=\"elementor-post__text\">\n\t\t\t\t<h2 class=\"elementor-post__title\">\n\t\t\t<a href=\"https:\/\/gijonbasket.com\/en\/2023\/10\/16\/tiempo-muerto-onda-penes-16-10-2023\/\" >\n\t\t\t\tTiempo Muerto \u2013 Onda Pe\u00f1es \u2013 16\/10\/2023\t\t\t<\/a>\n\t\t<\/h2>\n\t\t\t\t<div class=\"elementor-post__excerpt\">\n\t\t\t<p>https:\/\/www.ivoox.com\/tiempo-muerto-16-10-2023-audios-mp3_rf_117860949_1.html<\/p>\n\t\t<\/div>\n\t\t\n\t\t<a class=\"elementor-post__read-more\" href=\"https:\/\/gijonbasket.com\/en\/2023\/10\/16\/tiempo-muerto-onda-penes-16-10-2023\/\" aria-label=\"Read more about Tiempo Muerto \u2013 Onda Pe\u00f1es \u2013 16\/10\/2023\" tabindex=\"-1\" >\n\t\t\tRead more &#034;\t\t<\/a>\n\n\t\t\t\t<\/div>\n\t\t\t\t<div class=\"elementor-post__meta-data\">\n\t\t\t\t\t<span class=\"elementor-post-date\">\n\t\t\t16 de October de 2023\t\t<\/span>\n\t\t\t\t<\/div>\n\t\t\t\t\t<\/div>\n\t\t<\/article>\n\t\t\t\t<article class=\"elementor-post elementor-grid-item post-2042 post type-post status-publish format-standard hentry category-noticias\">\n\t\t\t<div class=\"elementor-post__card\">\n\t\t\t\t<div class=\"elementor-post__text\">\n\t\t\t\t<h2 class=\"elementor-post__title\">\n\t\t\t<a href=\"https:\/\/gijonbasket.com\/en\/2023\/10\/16\/mercado-de-fichajes-86\/\" >\n\t\t\t\tMercado de Fichajes\t\t\t<\/a>\n\t\t<\/h2>\n\t\t\t\t<div class=\"elementor-post__excerpt\">\n\t\t\t<p>Telenet Giants Antwerp : Fichaje de Nikola Jovanovic (Filou Oostende). Basket Swans Gmunden : Fichaje de Orri Gunnarsson (Haukar Hafnarfjordur). Arkadia Traiskirchen Lions : Fichaje<\/p>\n\t\t<\/div>\n\t\t\n\t\t<a class=\"elementor-post__read-more\" href=\"https:\/\/gijonbasket.com\/en\/2023\/10\/16\/mercado-de-fichajes-86\/\" aria-label=\"Read more about Mercado de Fichajes\" tabindex=\"-1\" >\n\t\t\tRead more &#034;\t\t<\/a>\n\n\t\t\t\t<\/div>\n\t\t\t\t<div class=\"elementor-post__meta-data\">\n\t\t\t\t\t<span class=\"elementor-post-date\">\n\t\t\t16 de October de 2023\t\t<\/span>\n\t\t\t\t<\/div>\n\t\t\t\t\t<\/div>\n\t\t<\/article>\n\t\t\t\t<article class=\"elementor-post elementor-grid-item post-2037 post type-post status-publish format-standard hentry category-noticias\">\n\t\t\t<div class=\"elementor-post__card\">\n\t\t\t\t<div class=\"elementor-post__text\">\n\t\t\t\t<h2 class=\"elementor-post__title\">\n\t\t\t<a href=\"https:\/\/gijonbasket.com\/en\/2023\/10\/15\/tartiere-auto-gijon-basket-estudiantes-lugo-rio-de-galicia-60-81\/\" >\n\t\t\t\tTartiere Auto Gij\u00f3n Basket &#8211; Estudiantes Lugo R\u00edo de Galicia (60-81)\t\t\t<\/a>\n\t\t<\/h2>\n\t\t\t\t<div class=\"elementor-post__excerpt\">\n\t\t\t<p>Dura derrota ayer de Tartiere Auto Gij\u00f3n Basket ante el Estudiantes Lugo R\u00edo de Galicia que super\u00f3 con claridad al conjunto rojiblanco. Tartiere Auto Gij\u00f3n<\/p>\n\t\t<\/div>\n\t\t\n\t\t<a class=\"elementor-post__read-more\" href=\"https:\/\/gijonbasket.com\/en\/2023\/10\/15\/tartiere-auto-gijon-basket-estudiantes-lugo-rio-de-galicia-60-81\/\" aria-label=\"Read more about Tartiere Auto Gij\u00f3n Basket &#8211; Estudiantes Lugo R\u00edo de Galicia (60-81)\" tabindex=\"-1\" >\n\t\t\tRead more &#034;\t\t<\/a>\n\n\t\t\t\t<\/div>\n\t\t\t\t<div class=\"elementor-post__meta-data\">\n\t\t\t\t\t<span class=\"elementor-post-date\">\n\t\t\t15 de October de 2023\t\t<\/span>\n\t\t\t\t<\/div>\n\t\t\t\t\t<\/div>\n\t\t<\/article>\n\t\t\t\t<article class=\"elementor-post elementor-grid-item post-2034 post type-post status-publish format-standard hentry category-noticias\">\n\t\t\t<div class=\"elementor-post__card\">\n\t\t\t\t<div class=\"elementor-post__text\">\n\t\t\t\t<h2 class=\"elementor-post__title\">\n\t\t\t<a href=\"https:\/\/gijonbasket.com\/en\/2023\/10\/14\/mercado-de-fichajes-liga-endesa-19\/\" >\n\t\t\t\tMercado de Fichajes Liga Endesa\t\t\t<\/a>\n\t\t<\/h2>\n\t\t\t\t<div class=\"elementor-post__excerpt\">\n\t\t\t<p>BAXI Manresa : Fichaje de Pierre Oriola (MoraBanc Andorra) regresando al conjunto manresano donde milit\u00f3 en las temporadas 2009\/2010-2010\/2011-2011\/2012. MoraBanc Andorra : Fichaje de Jean<\/p>\n\t\t<\/div>\n\t\t\n\t\t<a class=\"elementor-post__read-more\" href=\"https:\/\/gijonbasket.com\/en\/2023\/10\/14\/mercado-de-fichajes-liga-endesa-19\/\" aria-label=\"Read more about Mercado de Fichajes Liga Endesa\" tabindex=\"-1\" >\n\t\t\tRead more &#034;\t\t<\/a>\n\n\t\t\t\t<\/div>\n\t\t\t\t<div class=\"elementor-post__meta-data\">\n\t\t\t\t\t<span class=\"elementor-post-date\">\n\t\t\t14 de October de 2023\t\t<\/span>\n\t\t\t\t<\/div>\n\t\t\t\t\t<\/div>\n\t\t<\/article>\n\t\t\t\t<article class=\"elementor-post elementor-grid-item post-2032 post type-post status-publish format-standard hentry category-noticias\">\n\t\t\t<div class=\"elementor-post__card\">\n\t\t\t\t<div class=\"elementor-post__text\">\n\t\t\t\t<h2 class=\"elementor-post__title\">\n\t\t\t<a href=\"https:\/\/gijonbasket.com\/en\/2023\/10\/14\/mercado-de-fichajes-85\/\" >\n\t\t\t\tMercado de Fichajes\t\t\t<\/a>\n\t\t<\/h2>\n\t\t\t\t<div class=\"elementor-post__excerpt\">\n\t\t\t<p>Panathinaikos : Baja de Kostas Sloukas por una distensi\u00f3n en su pie izquierdo. Maroussi B.C. : Fichaje de Georgios Bogris (AS Apollon Patras). Paris Basketball<\/p>\n\t\t<\/div>\n\t\t\n\t\t<a class=\"elementor-post__read-more\" href=\"https:\/\/gijonbasket.com\/en\/2023\/10\/14\/mercado-de-fichajes-85\/\" aria-label=\"Read more about Mercado de Fichajes\" tabindex=\"-1\" >\n\t\t\tRead more &#034;\t\t<\/a>\n\n\t\t\t\t<\/div>\n\t\t\t\t<div class=\"elementor-post__meta-data\">\n\t\t\t\t\t<span class=\"elementor-post-date\">\n\t\t\t14 de October de 2023\t\t<\/span>\n\t\t\t\t<\/div>\n\t\t\t\t\t<\/div>\n\t\t<\/article>\n\t\t\t\t<article class=\"elementor-post elementor-grid-item post-2030 post type-post status-publish format-standard hentry category-noticias\">\n\t\t\t<div class=\"elementor-post__card\">\n\t\t\t\t<div class=\"elementor-post__text\">\n\t\t\t\t<h2 class=\"elementor-post__title\">\n\t\t\t<a href=\"https:\/\/gijonbasket.com\/en\/2023\/10\/14\/rob-ukawuba-al-zamora-enamora\/\" >\n\t\t\t\tRob Ukawuba al Zamora Enamora\t\t\t<\/a>\n\t\t<\/h2>\n\t\t\t\t<div class=\"elementor-post__excerpt\">\n\t\t\t<p>Zamora Enamora cerr\u00f3 el fichaje de Rob Ukawuba (Rioverde Clavijo) que milit\u00f3 en las filas del C\u00edrculo Gij\u00f3n Baloncesto en la temporada 2019\/2020.<\/p>\n\t\t<\/div>\n\t\t\n\t\t<a class=\"elementor-post__read-more\" href=\"https:\/\/gijonbasket.com\/en\/2023\/10\/14\/rob-ukawuba-al-zamora-enamora\/\" aria-label=\"Read more about Rob Ukawuba al Zamora Enamora\" tabindex=\"-1\" >\n\t\t\tRead more &#034;\t\t<\/a>\n\n\t\t\t\t<\/div>\n\t\t\t\t<div class=\"elementor-post__meta-data\">\n\t\t\t\t\t<span class=\"elementor-post-date\">\n\t\t\t14 de October de 2023\t\t<\/span>\n\t\t\t\t<\/div>\n\t\t\t\t\t<\/div>\n\t\t<\/article>\n\t\t\t\t<article class=\"elementor-post elementor-grid-item post-2028 post type-post status-publish format-standard hentry category-exclusivas category-noticias\">\n\t\t\t<div class=\"elementor-post__card\">\n\t\t\t\t<div class=\"elementor-post__text\">\n\t\t\t\t<h2 class=\"elementor-post__title\">\n\t\t\t<a href=\"https:\/\/gijonbasket.com\/en\/2023\/10\/13\/nuevo-contratiempo-para-tartiere-auto-gijon-basket-por-la-lesion-de-jose-ramon-torres\/\" >\n\t\t\t\tNuevo contratiempo para Tartiere Auto Gij\u00f3n Basket por la lesi\u00f3n de Jos\u00e9 Ram\u00f3n Torres\t\t\t<\/a>\n\t\t<\/h2>\n\t\t\t\t<div class=\"elementor-post__excerpt\">\n\t\t\t<p>Desde www.gijonbasket.com, adelantamos en exclusiva, la baja por lesi\u00f3n de Jos\u00e9 Ram\u00f3n Torres en Tartiere Auto Gij\u00f3n Basket. La mala suerte persigue al conjunto rojiblanco<\/p>\n\t\t<\/div>\n\t\t\n\t\t<a class=\"elementor-post__read-more\" href=\"https:\/\/gijonbasket.com\/en\/2023\/10\/13\/nuevo-contratiempo-para-tartiere-auto-gijon-basket-por-la-lesion-de-jose-ramon-torres\/\" aria-label=\"Read more about Nuevo contratiempo para Tartiere Auto Gij\u00f3n Basket por la lesi\u00f3n de Jos\u00e9 Ram\u00f3n Torres\" tabindex=\"-1\" >\n\t\t\tRead more &#034;\t\t<\/a>\n\n\t\t\t\t<\/div>\n\t\t\t\t<div class=\"elementor-post__meta-data\">\n\t\t\t\t\t<span class=\"elementor-post-date\">\n\t\t\t13 de October de 2023\t\t<\/span>\n\t\t\t\t<\/div>\n\t\t\t\t\t<\/div>\n\t\t<\/article>\n\t\t\t\t<article class=\"elementor-post elementor-grid-item post-2025 post type-post status-publish format-standard hentry category-noticias\">\n\t\t\t<div class=\"elementor-post__card\">\n\t\t\t\t<div class=\"elementor-post__text\">\n\t\t\t\t<h2 class=\"elementor-post__title\">\n\t\t\t<a href=\"https:\/\/gijonbasket.com\/en\/2023\/10\/12\/tyson-perez-al-unicaja-para-la-proxima-temporada\/\" >\n\t\t\t\tTyson P\u00e9rez al Unicaja para la pr\u00f3xima temporada\t\t\t<\/a>\n\t\t<\/h2>\n\t\t\t\t<div class=\"elementor-post__excerpt\">\n\t\t\t<p>Unicaja cierra el fichaje de Tyson P\u00e9rez hasta el final de la temporada 2026\/2027. Esta campa\u00f1a seguir\u00e1 militando en MoraBanc Andorra en calidad de cedido.<\/p>\n\t\t<\/div>\n\t\t\n\t\t<a class=\"elementor-post__read-more\" href=\"https:\/\/gijonbasket.com\/en\/2023\/10\/12\/tyson-perez-al-unicaja-para-la-proxima-temporada\/\" aria-label=\"Read more about Tyson P\u00e9rez al Unicaja para la pr\u00f3xima temporada\" tabindex=\"-1\" >\n\t\t\tRead more &#034;\t\t<\/a>\n\n\t\t\t\t<\/div>\n\t\t\t\t<div class=\"elementor-post__meta-data\">\n\t\t\t\t\t<span class=\"elementor-post-date\">\n\t\t\t12 de October de 2023\t\t<\/span>\n\t\t\t\t<\/div>\n\t\t\t\t\t<\/div>\n\t\t<\/article>\n\t\t\t\t<article class=\"elementor-post elementor-grid-item post-2023 post type-post status-publish format-standard hentry category-noticias\">\n\t\t\t<div class=\"elementor-post__card\">\n\t\t\t\t<div class=\"elementor-post__text\">\n\t\t\t\t<h2 class=\"elementor-post__title\">\n\t\t\t<a href=\"https:\/\/gijonbasket.com\/en\/2023\/10\/11\/noticias-liga-endesa\/\" >\n\t\t\t\tNoticias Liga Endesa\t\t\t<\/a>\n\t\t<\/h2>\n\t\t\t\t<div class=\"elementor-post__excerpt\">\n\t\t\t<p>Valencia Basket : Baja de Jared Harper por un esguince en su hombro derecho. R\u00edo Breog\u00e1n : No continuidad de Dimitrios Agravanis tras finalizar su<\/p>\n\t\t<\/div>\n\t\t\n\t\t<a class=\"elementor-post__read-more\" href=\"https:\/\/gijonbasket.com\/en\/2023\/10\/11\/noticias-liga-endesa\/\" aria-label=\"Read more about Noticias Liga Endesa\" tabindex=\"-1\" >\n\t\t\tRead more &#034;\t\t<\/a>\n\n\t\t\t\t<\/div>\n\t\t\t\t<div class=\"elementor-post__meta-data\">\n\t\t\t\t\t<span class=\"elementor-post-date\">\n\t\t\t11 de October de 2023\t\t<\/span>\n\t\t\t\t<\/div>\n\t\t\t\t\t<\/div>\n\t\t<\/article>\n\t\t\t\t<article class=\"elementor-post elementor-grid-item post-2020 post type-post status-publish format-standard hentry category-noticias\">\n\t\t\t<div class=\"elementor-post__card\">\n\t\t\t\t<div class=\"elementor-post__text\">\n\t\t\t\t<h2 class=\"elementor-post__title\">\n\t\t\t<a href=\"https:\/\/gijonbasket.com\/en\/2023\/10\/10\/mercado-de-fichajes-84\/\" >\n\t\t\t\tMercado de Fichajes\t\t\t<\/a>\n\t\t<\/h2>\n\t\t\t\t<div class=\"elementor-post__excerpt\">\n\t\t\t<p>Mincidelice JL Bourg en Bresse : Fichaje de Earl Rowland (Tauron GTK Gliwice). Al Zamalek Cairo : Renovaci\u00f3n de contrato a O.J. Mayo. Alba Berl\u00edn<\/p>\n\t\t<\/div>\n\t\t\n\t\t<a class=\"elementor-post__read-more\" href=\"https:\/\/gijonbasket.com\/en\/2023\/10\/10\/mercado-de-fichajes-84\/\" aria-label=\"Read more about Mercado de Fichajes\" tabindex=\"-1\" >\n\t\t\tRead more &#034;\t\t<\/a>\n\n\t\t\t\t<\/div>\n\t\t\t\t<div class=\"elementor-post__meta-data\">\n\t\t\t\t\t<span class=\"elementor-post-date\">\n\t\t\t10 de October de 2023\t\t<\/span>\n\t\t\t\t<\/div>\n\t\t\t\t\t<\/div>\n\t\t<\/article>\n\t\t\t\t<article class=\"elementor-post elementor-grid-item post-2018 post type-post status-publish format-standard hentry category-noticias\">\n\t\t\t<div class=\"elementor-post__card\">\n\t\t\t\t<div class=\"elementor-post__text\">\n\t\t\t\t<h2 class=\"elementor-post__title\">\n\t\t\t<a href=\"https:\/\/gijonbasket.com\/en\/2023\/10\/09\/tiempo-muerto-onda-penes-09-10-2023\/\" >\n\t\t\t\tTiempo Muerto \u2013 Onda Pe\u00f1es \u2013 09\/10\/2023\t\t\t<\/a>\n\t\t<\/h2>\n\t\t\t\t<div class=\"elementor-post__excerpt\">\n\t\t\t<p>https:\/\/www.ivoox.com\/tiempo-muerto-09-10-2023-audios-mp3_rf_117447384_1.html<\/p>\n\t\t<\/div>\n\t\t\n\t\t<a class=\"elementor-post__read-more\" href=\"https:\/\/gijonbasket.com\/en\/2023\/10\/09\/tiempo-muerto-onda-penes-09-10-2023\/\" aria-label=\"Read more about Tiempo Muerto \u2013 Onda Pe\u00f1es \u2013 09\/10\/2023\" tabindex=\"-1\" >\n\t\t\tRead more &#034;\t\t<\/a>\n\n\t\t\t\t<\/div>\n\t\t\t\t<div class=\"elementor-post__meta-data\">\n\t\t\t\t\t<span class=\"elementor-post-date\">\n\t\t\t9 de October de 2023\t\t<\/span>\n\t\t\t\t<\/div>\n\t\t\t\t\t<\/div>\n\t\t<\/article>\n\t\t\t\t<article class=\"elementor-post elementor-grid-item post-2016 post type-post status-publish format-standard hentry category-noticias\">\n\t\t\t<div class=\"elementor-post__card\">\n\t\t\t\t<div class=\"elementor-post__text\">\n\t\t\t\t<h2 class=\"elementor-post__title\">\n\t\t\t<a href=\"https:\/\/gijonbasket.com\/en\/2023\/10\/09\/mercado-de-fichajes-nba-6\/\" >\n\t\t\t\tMercado de Fichajes NBA\t\t\t<\/a>\n\t\t<\/h2>\n\t\t\t\t<div class=\"elementor-post__excerpt\">\n\t\t\t<p>Boston Celtics : Ampliaci\u00f3n de contrato a Payton Pritchard para las pr\u00f3ximas cuatro temporadas. Los \u00c1ngeles Clippers : Inter\u00e9s por James Harden (Philadelphia 76 ers).<\/p>\n\t\t<\/div>\n\t\t\n\t\t<a class=\"elementor-post__read-more\" href=\"https:\/\/gijonbasket.com\/en\/2023\/10\/09\/mercado-de-fichajes-nba-6\/\" aria-label=\"Read more about Mercado de Fichajes NBA\" tabindex=\"-1\" >\n\t\t\tRead more &#034;\t\t<\/a>\n\n\t\t\t\t<\/div>\n\t\t\t\t<div class=\"elementor-post__meta-data\">\n\t\t\t\t\t<span class=\"elementor-post-date\">\n\t\t\t9 de October de 2023\t\t<\/span>\n\t\t\t\t<\/div>\n\t\t\t\t\t<\/div>\n\t\t<\/article>\n\t\t\t\t<article class=\"elementor-post elementor-grid-item post-2014 post type-post status-publish format-standard hentry category-noticias\">\n\t\t\t<div class=\"elementor-post__card\">\n\t\t\t\t<div class=\"elementor-post__text\">\n\t\t\t\t<h2 class=\"elementor-post__title\">\n\t\t\t<a href=\"https:\/\/gijonbasket.com\/en\/2023\/10\/09\/mercado-de-fichajes-liga-endesa-18\/\" >\n\t\t\t\tMercado de Fichajes Liga Endesa\t\t\t<\/a>\n\t\t<\/h2>\n\t\t\t\t<div class=\"elementor-post__excerpt\">\n\t\t\t<p>R\u00edo Breog\u00e1n : Fichaje de Conner Frankamp (Gaziantep Basketbol). Casademont Zaragoza : Fichaje de Yoanki Menc\u00eda (Gimnasia y Esgrima Comodoro Rivadavia).<\/p>\n\t\t<\/div>\n\t\t\n\t\t<a class=\"elementor-post__read-more\" href=\"https:\/\/gijonbasket.com\/en\/2023\/10\/09\/mercado-de-fichajes-liga-endesa-18\/\" aria-label=\"Read more about Mercado de Fichajes Liga Endesa\" tabindex=\"-1\" >\n\t\t\tRead more &#034;\t\t<\/a>\n\n\t\t\t\t<\/div>\n\t\t\t\t<div class=\"elementor-post__meta-data\">\n\t\t\t\t\t<span class=\"elementor-post-date\">\n\t\t\t9 de October de 2023\t\t<\/span>\n\t\t\t\t<\/div>\n\t\t\t\t\t<\/div>\n\t\t<\/article>\n\t\t\t\t<article class=\"elementor-post elementor-grid-item post-2008 post type-post status-publish format-standard hentry category-noticias\">\n\t\t\t<div class=\"elementor-post__card\">\n\t\t\t\t<div class=\"elementor-post__text\">\n\t\t\t\t<h2 class=\"elementor-post__title\">\n\t\t\t<a href=\"https:\/\/gijonbasket.com\/en\/2023\/10\/08\/caja-rural-de-zamora-tartiere-auto-gijon-basket-79-75\/\" >\n\t\t\t\tCaja Rural de Zamora &#8211; Tartiere Auto Gij\u00f3n Basket (79-75)\t\t\t<\/a>\n\t\t<\/h2>\n\t\t\t\t<div class=\"elementor-post__excerpt\">\n\t\t\t<p>Derrota de Tartiere Auto Gij\u00f3n Basket en un disputado encuentro ante el Caja Rural de Zamora. El bache del conjunto gijon\u00e9s en el \u00faltimo cuarto<\/p>\n\t\t<\/div>\n\t\t\n\t\t<a class=\"elementor-post__read-more\" href=\"https:\/\/gijonbasket.com\/en\/2023\/10\/08\/caja-rural-de-zamora-tartiere-auto-gijon-basket-79-75\/\" aria-label=\"Read more about Caja Rural de Zamora &#8211; Tartiere Auto Gij\u00f3n Basket (79-75)\" tabindex=\"-1\" >\n\t\t\tRead more &#034;\t\t<\/a>\n\n\t\t\t\t<\/div>\n\t\t\t\t<div class=\"elementor-post__meta-data\">\n\t\t\t\t\t<span class=\"elementor-post-date\">\n\t\t\t8 de October de 2023\t\t<\/span>\n\t\t\t\t<\/div>\n\t\t\t\t\t<\/div>\n\t\t<\/article>\n\t\t\t\t<article class=\"elementor-post elementor-grid-item post-2002 post type-post status-publish format-standard hentry category-noticias\">\n\t\t\t<div class=\"elementor-post__card\">\n\t\t\t\t<div class=\"elementor-post__text\">\n\t\t\t\t<h2 class=\"elementor-post__title\">\n\t\t\t<a href=\"https:\/\/gijonbasket.com\/en\/2023\/10\/08\/adba-sanfer-segle-xxi-53-78\/\" >\n\t\t\t\tADBA-Sanfer &#8211; Segle XXI (53-78)\t\t\t<\/a>\n\t\t<\/h2>\n\t\t\t\t<div class=\"elementor-post__excerpt\">\n\t\t\t<p>Derrota de ADBA-Sanfer en su vuelta a la Liga Femenina 2 cayendo ante el Segle XXI (53-78) que domin\u00f3 de principio a fin. El Segle<\/p>\n\t\t<\/div>\n\t\t\n\t\t<a class=\"elementor-post__read-more\" href=\"https:\/\/gijonbasket.com\/en\/2023\/10\/08\/adba-sanfer-segle-xxi-53-78\/\" aria-label=\"Read more about ADBA-Sanfer &#8211; Segle XXI (53-78)\" tabindex=\"-1\" >\n\t\t\tRead more &#034;\t\t<\/a>\n\n\t\t\t\t<\/div>\n\t\t\t\t<div class=\"elementor-post__meta-data\">\n\t\t\t\t\t<span class=\"elementor-post-date\">\n\t\t\t8 de October de 2023\t\t<\/span>\n\t\t\t\t<\/div>\n\t\t\t\t\t<\/div>\n\t\t<\/article>\n\t\t\t\t<article class=\"elementor-post elementor-grid-item post-2000 post type-post status-publish format-standard hentry category-noticias\">\n\t\t\t<div class=\"elementor-post__card\">\n\t\t\t\t<div class=\"elementor-post__text\">\n\t\t\t\t<h2 class=\"elementor-post__title\">\n\t\t\t<a href=\"https:\/\/gijonbasket.com\/en\/2023\/10\/07\/mercado-de-fichajes-liga-endesa-17\/\" >\n\t\t\t\tMercado de Fichajes Liga Endesa\t\t\t<\/a>\n\t\t<\/h2>\n\t\t\t\t<div class=\"elementor-post__excerpt\">\n\t\t\t<p>Monbus Obradoiro : Fichaje de Roko Badzim 8Buyuksehir Hastanesi Konyaspor Basketbol) ante la baja por lesi\u00f3n de Rigoberto Mendoza. R\u00edo Breog\u00e1n : Inter\u00e9s por Conner<\/p>\n\t\t<\/div>\n\t\t\n\t\t<a class=\"elementor-post__read-more\" href=\"https:\/\/gijonbasket.com\/en\/2023\/10\/07\/mercado-de-fichajes-liga-endesa-17\/\" aria-label=\"Read more about Mercado de Fichajes Liga Endesa\" tabindex=\"-1\" >\n\t\t\tRead more &#034;\t\t<\/a>\n\n\t\t\t\t<\/div>\n\t\t\t\t<div class=\"elementor-post__meta-data\">\n\t\t\t\t\t<span class=\"elementor-post-date\">\n\t\t\t7 de October de 2023\t\t<\/span>\n\t\t\t\t<\/div>\n\t\t\t\t\t<\/div>\n\t\t<\/article>\n\t\t\t\t<article class=\"elementor-post elementor-grid-item post-1998 post type-post status-publish format-standard hentry category-noticias\">\n\t\t\t<div class=\"elementor-post__card\">\n\t\t\t\t<div class=\"elementor-post__text\">\n\t\t\t\t<h2 class=\"elementor-post__title\">\n\t\t\t<a href=\"https:\/\/gijonbasket.com\/en\/2023\/10\/06\/mercado-de-fichajes-83\/\" >\n\t\t\t\tMercado de Fichajes\t\t\t<\/a>\n\t\t<\/h2>\n\t\t\t\t<div class=\"elementor-post__excerpt\">\n\t\t\t<p>Baskonia : Ampliaci\u00f3n de contrato a Markus Howard hasta el final de la temporada 2025\/2026. ICG For\u00e7a Lleida : Fichaje de Djordje Simeunovic (Leyma Coru\u00f1a).<\/p>\n\t\t<\/div>\n\t\t\n\t\t<a class=\"elementor-post__read-more\" href=\"https:\/\/gijonbasket.com\/en\/2023\/10\/06\/mercado-de-fichajes-83\/\" aria-label=\"Read more about Mercado de Fichajes\" tabindex=\"-1\" >\n\t\t\tRead more &#034;\t\t<\/a>\n\n\t\t\t\t<\/div>\n\t\t\t\t<div class=\"elementor-post__meta-data\">\n\t\t\t\t\t<span class=\"elementor-post-date\">\n\t\t\t6 de October de 2023\t\t<\/span>\n\t\t\t\t<\/div>\n\t\t\t\t\t<\/div>\n\t\t<\/article>\n\t\t\t\t<article class=\"elementor-post elementor-grid-item post-1996 post type-post status-publish format-standard hentry category-noticias\">\n\t\t\t<div class=\"elementor-post__card\">\n\t\t\t\t<div class=\"elementor-post__text\">\n\t\t\t\t<h2 class=\"elementor-post__title\">\n\t\t\t<a href=\"https:\/\/gijonbasket.com\/en\/2023\/10\/05\/real-betis-baloncesto-vendido-al-grupo-mexicano-conglomerado-xoy\/\" >\n\t\t\t\tReal Betis Baloncesto vendido al grupo mexicano Conglomerado Xoy\t\t\t<\/a>\n\t\t<\/h2>\n\t\t\t\t<div class=\"elementor-post__excerpt\">\n\t\t\t<p>El Real Betis Baloncesto pasa su propiedad a manos del grupo mexicano Conglomerado Xoy. De esta forma el Real Betis Balompie vende la propiedad de<\/p>\n\t\t<\/div>\n\t\t\n\t\t<a class=\"elementor-post__read-more\" href=\"https:\/\/gijonbasket.com\/en\/2023\/10\/05\/real-betis-baloncesto-vendido-al-grupo-mexicano-conglomerado-xoy\/\" aria-label=\"Read more about Real Betis Baloncesto vendido al grupo mexicano Conglomerado Xoy\" tabindex=\"-1\" >\n\t\t\tRead more &#034;\t\t<\/a>\n\n\t\t\t\t<\/div>\n\t\t\t\t<div class=\"elementor-post__meta-data\">\n\t\t\t\t\t<span class=\"elementor-post-date\">\n\t\t\t5 de October de 2023\t\t<\/span>\n\t\t\t\t<\/div>\n\t\t\t\t\t<\/div>\n\t\t<\/article>\n\t\t\t\t<article class=\"elementor-post elementor-grid-item post-1994 post type-post status-publish format-standard hentry category-noticias\">\n\t\t\t<div class=\"elementor-post__card\">\n\t\t\t\t<div class=\"elementor-post__text\">\n\t\t\t\t<h2 class=\"elementor-post__title\">\n\t\t\t<a href=\"https:\/\/gijonbasket.com\/en\/2023\/10\/05\/giannis-ioannidis-1945-2023\/\" >\n\t\t\t\tGiannis Ioannidis (1945-2023)\t\t\t<\/a>\n\t\t<\/h2>\n\t\t\t\t<div class=\"elementor-post__excerpt\">\n\t\t\t<p>El mundo del baloncesto se ti\u00f1\u00f3 de luto, con el fallecimiento en el d\u00eda de ayer de Giannis Ioannidis, a los 78 a\u00f1os aut\u00e9ntica leyenda<\/p>\n\t\t<\/div>\n\t\t\n\t\t<a class=\"elementor-post__read-more\" href=\"https:\/\/gijonbasket.com\/en\/2023\/10\/05\/giannis-ioannidis-1945-2023\/\" aria-label=\"Read more about Giannis Ioannidis (1945-2023)\" tabindex=\"-1\" >\n\t\t\tRead more &#034;\t\t<\/a>\n\n\t\t\t\t<\/div>\n\t\t\t\t<div class=\"elementor-post__meta-data\">\n\t\t\t\t\t<span class=\"elementor-post-date\">\n\t\t\t5 de October de 2023\t\t<\/span>\n\t\t\t\t<\/div>\n\t\t\t\t\t<\/div>\n\t\t<\/article>\n\t\t\t\t<article class=\"elementor-post elementor-grid-item post-1989 post type-post status-publish format-standard hentry category-noticias\">\n\t\t\t<div class=\"elementor-post__card\">\n\t\t\t\t<div class=\"elementor-post__text\">\n\t\t\t\t<h2 class=\"elementor-post__title\">\n\t\t\t<a href=\"https:\/\/gijonbasket.com\/en\/2023\/10\/04\/mercado-de-fichajes-82\/\" >\n\t\t\t\tMercado de Fichajes\t\t\t<\/a>\n\t\t<\/h2>\n\t\t\t\t<div class=\"elementor-post__excerpt\">\n\t\t\t<p>Unicaja : No continuidad de Ilimane Diop tras finalizar su contrato temporal. R\u00edoverde Clavijo : No continuidad de Tapha Diakhate. Boston Celtics : Fichaje de<\/p>\n\t\t<\/div>\n\t\t\n\t\t<a class=\"elementor-post__read-more\" href=\"https:\/\/gijonbasket.com\/en\/2023\/10\/04\/mercado-de-fichajes-82\/\" aria-label=\"Read more about Mercado de Fichajes\" tabindex=\"-1\" >\n\t\t\tRead more &#034;\t\t<\/a>\n\n\t\t\t\t<\/div>\n\t\t\t\t<div class=\"elementor-post__meta-data\">\n\t\t\t\t\t<span class=\"elementor-post-date\">\n\t\t\t4 de October de 2023\t\t<\/span>\n\t\t\t\t<\/div>\n\t\t\t\t\t<\/div>\n\t\t<\/article>\n\t\t\t\t<article class=\"elementor-post elementor-grid-item post-1987 post type-post status-publish format-standard hentry category-noticias\">\n\t\t\t<div class=\"elementor-post__card\">\n\t\t\t\t<div class=\"elementor-post__text\">\n\t\t\t\t<h2 class=\"elementor-post__title\">\n\t\t\t<a href=\"https:\/\/gijonbasket.com\/en\/2023\/10\/03\/mercado-de-fichajes-nba-5\/\" >\n\t\t\t\tMercado de Fichajes NBA\t\t\t<\/a>\n\t\t<\/h2>\n\t\t\t\t<div class=\"elementor-post__excerpt\">\n\t\t\t<p>Boston Celtics : Fichajes de Jrue Holiday (Portland Trail Blazers). Portland Trail Blazers : Fichajes de Robert Williams y Malcolm Brogdon procedentes de Boston Celtics.<\/p>\n\t\t<\/div>\n\t\t\n\t\t<a class=\"elementor-post__read-more\" href=\"https:\/\/gijonbasket.com\/en\/2023\/10\/03\/mercado-de-fichajes-nba-5\/\" aria-label=\"Read more about Mercado de Fichajes NBA\" tabindex=\"-1\" >\n\t\t\tRead more &#034;\t\t<\/a>\n\n\t\t\t\t<\/div>\n\t\t\t\t<div class=\"elementor-post__meta-data\">\n\t\t\t\t\t<span class=\"elementor-post-date\">\n\t\t\t3 de October de 2023\t\t<\/span>\n\t\t\t\t<\/div>\n\t\t\t\t\t<\/div>\n\t\t<\/article>\n\t\t\t\t<article class=\"elementor-post elementor-grid-item post-1985 post type-post status-publish format-standard hentry category-noticias\">\n\t\t\t<div class=\"elementor-post__card\">\n\t\t\t\t<div class=\"elementor-post__text\">\n\t\t\t\t<h2 class=\"elementor-post__title\">\n\t\t\t<a href=\"https:\/\/gijonbasket.com\/en\/2023\/10\/03\/tiempo-muerto-onda-penes-02-10-2023\/\" >\n\t\t\t\tTiempo Muerto \u2013 Onda Pe\u00f1es \u2013 02\/10\/2023\t\t\t<\/a>\n\t\t<\/h2>\n\t\t\t\t<div class=\"elementor-post__excerpt\">\n\t\t\t<p>Estrenamos nueva temporada con Tiempo Muerto en Onda Pe\u00f1es (107.2 FM \u2013 107.7 FM). Und\u00e9cima temporada bajo la direcci\u00f3n de C\u00e9sar Morales, de un programa<\/p>\n\t\t<\/div>\n\t\t\n\t\t<a class=\"elementor-post__read-more\" href=\"https:\/\/gijonbasket.com\/en\/2023\/10\/03\/tiempo-muerto-onda-penes-02-10-2023\/\" aria-label=\"Read more about Tiempo Muerto \u2013 Onda Pe\u00f1es \u2013 02\/10\/2023\" tabindex=\"-1\" >\n\t\t\tRead more &#034;\t\t<\/a>\n\n\t\t\t\t<\/div>\n\t\t\t\t<div class=\"elementor-post__meta-data\">\n\t\t\t\t\t<span class=\"elementor-post-date\">\n\t\t\t3 de October de 2023\t\t<\/span>\n\t\t\t\t<\/div>\n\t\t\t\t\t<\/div>\n\t\t<\/article>\n\t\t\t\t<article class=\"elementor-post elementor-grid-item post-1983 post type-post status-publish format-standard hentry category-noticias\">\n\t\t\t<div class=\"elementor-post__card\">\n\t\t\t\t<div class=\"elementor-post__text\">\n\t\t\t\t<h2 class=\"elementor-post__title\">\n\t\t\t<a href=\"https:\/\/gijonbasket.com\/en\/2023\/10\/02\/mercado-de-fichajes-leb-oro-23\/\" >\n\t\t\t\tMercado de Fichajes LEB Oro\t\t\t<\/a>\n\t\t<\/h2>\n\t\t\t\t<div class=\"elementor-post__excerpt\">\n\t\t\t<p>Grupo Alega Cantabria : Fichaje de Marc Pe\u00f1arroya (Alimerka Oviedo Baloncesto). ICG For\u00e7a Lleida : Fichaje de Quintrell Thomas (Defensor Sporting Club). Real Betis Baloncesto<\/p>\n\t\t<\/div>\n\t\t\n\t\t<a class=\"elementor-post__read-more\" href=\"https:\/\/gijonbasket.com\/en\/2023\/10\/02\/mercado-de-fichajes-leb-oro-23\/\" aria-label=\"Read more about Mercado de Fichajes LEB Oro\" tabindex=\"-1\" >\n\t\t\tRead more &#034;\t\t<\/a>\n\n\t\t\t\t<\/div>\n\t\t\t\t<div class=\"elementor-post__meta-data\">\n\t\t\t\t\t<span class=\"elementor-post-date\">\n\t\t\t2 de October de 2023\t\t<\/span>\n\t\t\t\t<\/div>\n\t\t\t\t\t<\/div>\n\t\t<\/article>\n\t\t\t\t<article class=\"elementor-post elementor-grid-item post-1981 post type-post status-publish format-standard hentry category-noticias\">\n\t\t\t<div class=\"elementor-post__card\">\n\t\t\t\t<div class=\"elementor-post__text\">\n\t\t\t\t<h2 class=\"elementor-post__title\">\n\t\t\t<a href=\"https:\/\/gijonbasket.com\/en\/2023\/10\/02\/tiempo-muerto-estrenamos-nueva-temporada\/\" >\n\t\t\t\tTiempo Muerto estrenamos nueva temporada\t\t\t<\/a>\n\t\t<\/h2>\n\t\t\t\t<div class=\"elementor-post__excerpt\">\n\t\t\t<p>Hoy a partir de las 20:00 estrenamos nueva temporada con Tiempo Muerto en Onda Pe\u00f1es (107.2 FM &#8211; 107.7 FM). Und\u00e9cima temporada bajo la direcci\u00f3n<\/p>\n\t\t<\/div>\n\t\t\n\t\t<a class=\"elementor-post__read-more\" href=\"https:\/\/gijonbasket.com\/en\/2023\/10\/02\/tiempo-muerto-estrenamos-nueva-temporada\/\" aria-label=\"Read more about Tiempo Muerto estrenamos nueva temporada\" tabindex=\"-1\" >\n\t\t\tRead more &#034;\t\t<\/a>\n\n\t\t\t\t<\/div>\n\t\t\t\t<div class=\"elementor-post__meta-data\">\n\t\t\t\t\t<span class=\"elementor-post-date\">\n\t\t\t2 de October de 2023\t\t<\/span>\n\t\t\t\t<\/div>\n\t\t\t\t\t<\/div>\n\t\t<\/article>\n\t\t\t\t<article class=\"elementor-post elementor-grid-item post-1976 post type-post status-publish format-standard hentry category-noticias\">\n\t\t\t<div class=\"elementor-post__card\">\n\t\t\t\t<div class=\"elementor-post__text\">\n\t\t\t\t<h2 class=\"elementor-post__title\">\n\t\t\t<a href=\"https:\/\/gijonbasket.com\/en\/2023\/10\/02\/tartiere-auto-gijon-basket-universidad-de-oviedo-75-67\/\" >\n\t\t\t\tTartiere Auto Gij\u00f3n Basket &#8211; Universidad de Oviedo (75-67)\t\t\t<\/a>\n\t\t<\/h2>\n\t\t\t\t<div class=\"elementor-post__excerpt\">\n\t\t\t<p>Victoria con remontada,ayer domingo, para Tartiere Auto Gij\u00f3n Basket ante el Universidad de Oviedo en el estreno de la temporada 2023\/2024. Encuentro sin estad\u00edsticas oficiales<\/p>\n\t\t<\/div>\n\t\t\n\t\t<a class=\"elementor-post__read-more\" href=\"https:\/\/gijonbasket.com\/en\/2023\/10\/02\/tartiere-auto-gijon-basket-universidad-de-oviedo-75-67\/\" aria-label=\"Read more about Tartiere Auto Gij\u00f3n Basket &#8211; Universidad de Oviedo (75-67)\" tabindex=\"-1\" >\n\t\t\tRead more &#034;\t\t<\/a>\n\n\t\t\t\t<\/div>\n\t\t\t\t<div class=\"elementor-post__meta-data\">\n\t\t\t\t\t<span class=\"elementor-post-date\">\n\t\t\t2 de October de 2023\t\t<\/span>\n\t\t\t\t<\/div>\n\t\t\t\t\t<\/div>\n\t\t<\/article>\n\t\t\t\t<article class=\"elementor-post elementor-grid-item post-1974 post type-post status-publish format-standard hentry category-noticias\">\n\t\t\t<div class=\"elementor-post__card\">\n\t\t\t\t<div class=\"elementor-post__text\">\n\t\t\t\t<h2 class=\"elementor-post__title\">\n\t\t\t<a href=\"https:\/\/gijonbasket.com\/en\/2023\/10\/01\/mercado-de-fichajes-leb-plata-11\/\" >\n\t\t\t\tMercado de Fichajes LEB Plata\t\t\t<\/a>\n\t\t<\/h2>\n\t\t\t\t<div class=\"elementor-post__excerpt\">\n\t\t\t<p>Huelva Comercio Viridis : Renovaci\u00f3n de contrato a Cameron Gaines. Homs Rentals UE Matar\u00f3 : Fichaje de Malick Ciss\u00e9 (HUSA). Cl\u00ednica Ponferrada SDP : Rescisi\u00f3n<\/p>\n\t\t<\/div>\n\t\t\n\t\t<a class=\"elementor-post__read-more\" href=\"https:\/\/gijonbasket.com\/en\/2023\/10\/01\/mercado-de-fichajes-leb-plata-11\/\" aria-label=\"Read more about Mercado de Fichajes LEB Plata\" tabindex=\"-1\" >\n\t\t\tRead more &#034;\t\t<\/a>\n\n\t\t\t\t<\/div>\n\t\t\t\t<div class=\"elementor-post__meta-data\">\n\t\t\t\t\t<span class=\"elementor-post-date\">\n\t\t\t1 de October de 2023\t\t<\/span>\n\t\t\t\t<\/div>\n\t\t\t\t\t<\/div>\n\t\t<\/article>\n\t\t\t\t<article class=\"elementor-post elementor-grid-item post-1972 post type-post status-publish format-standard hentry category-noticias\">\n\t\t\t<div class=\"elementor-post__card\">\n\t\t\t\t<div class=\"elementor-post__text\">\n\t\t\t\t<h2 class=\"elementor-post__title\">\n\t\t\t<a href=\"https:\/\/gijonbasket.com\/en\/2023\/09\/30\/alimerka-oviedo-baloncesto-grupo-alega-cantabria-77-68\/\" >\n\t\t\t\tAlimerka Oviedo Baloncesto &#8211; Grupo Alega Cantabria (77-68)\t\t\t<\/a>\n\t\t<\/h2>\n\t\t\t\t<div class=\"elementor-post__excerpt\">\n\t\t\t<p>El Alimerka Oviedo Baloncesto cerr\u00f3 la pretemporada con pleno de victorias (6) imponi\u00e9ndose en el \u00faltimo partido al Grupo Alega Cantabria (77-68). Completo dominio del<\/p>\n\t\t<\/div>\n\t\t\n\t\t<a class=\"elementor-post__read-more\" href=\"https:\/\/gijonbasket.com\/en\/2023\/09\/30\/alimerka-oviedo-baloncesto-grupo-alega-cantabria-77-68\/\" aria-label=\"Read more about Alimerka Oviedo Baloncesto &#8211; Grupo Alega Cantabria (77-68)\" tabindex=\"-1\" >\n\t\t\tRead more &#034;\t\t<\/a>\n\n\t\t\t\t<\/div>\n\t\t\t\t<div class=\"elementor-post__meta-data\">\n\t\t\t\t\t<span class=\"elementor-post-date\">\n\t\t\t30 de September de 2023\t\t<\/span>\n\t\t\t\t<\/div>\n\t\t\t\t\t<\/div>\n\t\t<\/article>\n\t\t\t\t<article class=\"elementor-post elementor-grid-item post-1970 post type-post status-publish format-standard hentry category-noticias\">\n\t\t\t<div class=\"elementor-post__card\">\n\t\t\t\t<div class=\"elementor-post__text\">\n\t\t\t\t<h2 class=\"elementor-post__title\">\n\t\t\t<a href=\"https:\/\/gijonbasket.com\/en\/2023\/09\/30\/seikhou-konte-al-caja-rural-de-zamora\/\" >\n\t\t\t\tSeikhou Konte al Caja Rural de Zamora\t\t\t<\/a>\n\t\t<\/h2>\n\t\t\t\t<div class=\"elementor-post__excerpt\">\n\t\t\t<p>Seikhou Konte,escolta de 22 a\u00f1os y 1.90 m., que la pasada temporada milit\u00f3 en Corinto Gij\u00f3n Basket, militar\u00e1 esta pr\u00f3xima temporada en el Caja Rural<\/p>\n\t\t<\/div>\n\t\t\n\t\t<a class=\"elementor-post__read-more\" href=\"https:\/\/gijonbasket.com\/en\/2023\/09\/30\/seikhou-konte-al-caja-rural-de-zamora\/\" aria-label=\"Read more about Seikhou Konte al Caja Rural de Zamora\" tabindex=\"-1\" >\n\t\t\tRead more &#034;\t\t<\/a>\n\n\t\t\t\t<\/div>\n\t\t\t\t<div class=\"elementor-post__meta-data\">\n\t\t\t\t\t<span class=\"elementor-post-date\">\n\t\t\t30 de September de 2023\t\t<\/span>\n\t\t\t\t<\/div>\n\t\t\t\t\t<\/div>\n\t\t<\/article>\n\t\t\t\t<article class=\"elementor-post elementor-grid-item post-1968 post type-post status-publish format-standard hentry category-noticias\">\n\t\t\t<div class=\"elementor-post__card\">\n\t\t\t\t<div class=\"elementor-post__text\">\n\t\t\t\t<h2 class=\"elementor-post__title\">\n\t\t\t<a href=\"https:\/\/gijonbasket.com\/en\/2023\/09\/30\/mercado-de-fichajes-liga-endesa-16\/\" >\n\t\t\t\tMercado de Fichajes Liga Endesa\t\t\t<\/a>\n\t\t<\/h2>\n\t\t\t\t<div class=\"elementor-post__excerpt\">\n\t\t\t<p>Casademont Zaragoza : Fichaje de Mitchell Watt (Umana Reyer Venezia). Covir\u00e1n Granada : Fichaje de Rokas Gustys (Neptunas Klaipeda) con un contrato temporal hasta final<\/p>\n\t\t<\/div>\n\t\t\n\t\t<a class=\"elementor-post__read-more\" href=\"https:\/\/gijonbasket.com\/en\/2023\/09\/30\/mercado-de-fichajes-liga-endesa-16\/\" aria-label=\"Read more about Mercado de Fichajes Liga Endesa\" tabindex=\"-1\" >\n\t\t\tRead more &#034;\t\t<\/a>\n\n\t\t\t\t<\/div>\n\t\t\t\t<div class=\"elementor-post__meta-data\">\n\t\t\t\t\t<span class=\"elementor-post-date\">\n\t\t\t30 de September de 2023\t\t<\/span>\n\t\t\t\t<\/div>\n\t\t\t\t\t<\/div>\n\t\t<\/article>\n\t\t\t\t<article class=\"elementor-post elementor-grid-item post-1966 post type-post status-publish format-standard hentry category-noticias\">\n\t\t\t<div class=\"elementor-post__card\">\n\t\t\t\t<div class=\"elementor-post__text\">\n\t\t\t\t<h2 class=\"elementor-post__title\">\n\t\t\t<a href=\"https:\/\/gijonbasket.com\/en\/2023\/09\/29\/mercado-de-fichajes-leb-oro-22\/\" >\n\t\t\t\tMercado de Fichajes LEB Oro\t\t\t<\/a>\n\t\t<\/h2>\n\t\t\t\t<div class=\"elementor-post__excerpt\">\n\t\t\t<p>Grupo Ureta Tizona Burgos : Fichaje de David B\u00f6hm (USK Praga). Rioverde Clavijo : No continuidad de Tapha Diakhate. Guuk Gipuzkoa Basket : Fichaje de<\/p>\n\t\t<\/div>\n\t\t\n\t\t<a class=\"elementor-post__read-more\" href=\"https:\/\/gijonbasket.com\/en\/2023\/09\/29\/mercado-de-fichajes-leb-oro-22\/\" aria-label=\"Read more about Mercado de Fichajes LEB Oro\" tabindex=\"-1\" >\n\t\t\tRead more &#034;\t\t<\/a>\n\n\t\t\t\t<\/div>\n\t\t\t\t<div class=\"elementor-post__meta-data\">\n\t\t\t\t\t<span class=\"elementor-post-date\">\n\t\t\t29 de September de 2023\t\t<\/span>\n\t\t\t\t<\/div>\n\t\t\t\t\t<\/div>\n\t\t<\/article>\n\t\t\t\t<article class=\"elementor-post elementor-grid-item post-1964 post type-post status-publish format-standard hentry category-noticias\">\n\t\t\t<div class=\"elementor-post__card\">\n\t\t\t\t<div class=\"elementor-post__text\">\n\t\t\t\t<h2 class=\"elementor-post__title\">\n\t\t\t<a href=\"https:\/\/gijonbasket.com\/en\/2023\/09\/29\/mercado-de-fichajes-81\/\" >\n\t\t\t\tMercado de Fichajes\t\t\t<\/a>\n\t\t<\/h2>\n\t\t\t\t<div class=\"elementor-post__excerpt\">\n\t\t\t<p>Olympiacos : Fichaje de Ignas Brazdeikis (Zalgiris Kaunas). Frutti Extra Bursaspor : Fichaje de Semih Erden (T\u00fcrk Telekom Ankara). Samsun BSB Anakent : Fichaje de<\/p>\n\t\t<\/div>\n\t\t\n\t\t<a class=\"elementor-post__read-more\" href=\"https:\/\/gijonbasket.com\/en\/2023\/09\/29\/mercado-de-fichajes-81\/\" aria-label=\"Read more about Mercado de Fichajes\" tabindex=\"-1\" >\n\t\t\tRead more &#034;\t\t<\/a>\n\n\t\t\t\t<\/div>\n\t\t\t\t<div class=\"elementor-post__meta-data\">\n\t\t\t\t\t<span class=\"elementor-post-date\">\n\t\t\t29 de September de 2023\t\t<\/span>\n\t\t\t\t<\/div>\n\t\t\t\t\t<\/div>\n\t\t<\/article>\n\t\t\t\t<article class=\"elementor-post elementor-grid-item post-1961 post type-post status-publish format-standard hentry category-noticias\">\n\t\t\t<div class=\"elementor-post__card\">\n\t\t\t\t<div class=\"elementor-post__text\">\n\t\t\t\t<h2 class=\"elementor-post__title\">\n\t\t\t<a href=\"https:\/\/gijonbasket.com\/en\/2023\/09\/28\/mercado-de-fichajes-nba-4\/\" >\n\t\t\t\tMercado de Fichajes NBA\t\t\t<\/a>\n\t\t<\/h2>\n\t\t\t\t<div class=\"elementor-post__excerpt\">\n\t\t\t<p>Milwaukee Bucks : Fichaje de Damian Lillard (Portland Trail Blazers). Portland Trail Blazers : Fichajes de DeAndre Ayton y Toumani Camera procedentes de Phoenix Suns<\/p>\n\t\t<\/div>\n\t\t\n\t\t<a class=\"elementor-post__read-more\" href=\"https:\/\/gijonbasket.com\/en\/2023\/09\/28\/mercado-de-fichajes-nba-4\/\" aria-label=\"Read more about Mercado de Fichajes NBA\" tabindex=\"-1\" >\n\t\t\tRead more &#034;\t\t<\/a>\n\n\t\t\t\t<\/div>\n\t\t\t\t<div class=\"elementor-post__meta-data\">\n\t\t\t\t\t<span class=\"elementor-post-date\">\n\t\t\t28 de September de 2023\t\t<\/span>\n\t\t\t\t<\/div>\n\t\t\t\t\t<\/div>\n\t\t<\/article>\n\t\t\t\t<article class=\"elementor-post elementor-grid-item post-1958 post type-post status-publish format-standard hentry category-exclusivas category-noticias\">\n\t\t\t<div class=\"elementor-post__card\">\n\t\t\t\t<div class=\"elementor-post__text\">\n\t\t\t\t<h2 class=\"elementor-post__title\">\n\t\t\t<a href=\"https:\/\/gijonbasket.com\/en\/2023\/09\/27\/matt-hallam-nuevo-fichaje-a-prueba-para-tartiere-auto-gijon-basket-confirmacion-exclusiva-www-gijonbasket-com\/\" >\n\t\t\t\tMatt Hallam nuevo fichaje a prueba para Tartiere Auto Gij\u00f3n Basket. Confirmaci\u00f3n exclusiva www.gijonbasket.com.\t\t\t<\/a>\n\t\t<\/h2>\n\t\t\t\t<div class=\"elementor-post__excerpt\">\n\t\t\t<p>Tal como adelantamos en exclusiva en www.gijonbasket.com a las 10:06, sobre el fichaje de Matt Hallam por Tartiere Auto Gij\u00f3n Basket, el conjunto rojiblanco anunci\u00f3<\/p>\n\t\t<\/div>\n\t\t\n\t\t<a class=\"elementor-post__read-more\" href=\"https:\/\/gijonbasket.com\/en\/2023\/09\/27\/matt-hallam-nuevo-fichaje-a-prueba-para-tartiere-auto-gijon-basket-confirmacion-exclusiva-www-gijonbasket-com\/\" aria-label=\"Read more about Matt Hallam nuevo fichaje a prueba para Tartiere Auto Gij\u00f3n Basket. Confirmaci\u00f3n exclusiva www.gijonbasket.com.\" tabindex=\"-1\" >\n\t\t\tRead more &#034;\t\t<\/a>\n\n\t\t\t\t<\/div>\n\t\t\t\t<div class=\"elementor-post__meta-data\">\n\t\t\t\t\t<span class=\"elementor-post-date\">\n\t\t\t27 de September de 2023\t\t<\/span>\n\t\t\t\t<\/div>\n\t\t\t\t\t<\/div>\n\t\t<\/article>\n\t\t\t\t<article class=\"elementor-post elementor-grid-item post-1955 post type-post status-publish format-standard hentry category-exclusivas category-noticias\">\n\t\t\t<div class=\"elementor-post__card\">\n\t\t\t\t<div class=\"elementor-post__text\">\n\t\t\t\t<h2 class=\"elementor-post__title\">\n\t\t\t<a href=\"https:\/\/gijonbasket.com\/en\/2023\/09\/27\/matt-hallam-proximo-fichaje-a-prueba-para-tartiere-auto-gijon-basket\/\" >\n\t\t\t\tMatt Hallam  pr\u00f3ximo fichaje a prueba para Tartiere Auto Gij\u00f3n Basket\t\t\t<\/a>\n\t\t<\/h2>\n\t\t\t\t<div class=\"elementor-post__excerpt\">\n\t\t\t<p>Desde www.gijonbasket.com, adelantamos en exclusiva, que Matt Hallam (BBG Herford) ser\u00e1 el pr\u00f3ximo fichaje de Tartiere Auto Gij\u00f3n Basket para cubrir la baja de Papa<\/p>\n\t\t<\/div>\n\t\t\n\t\t<a class=\"elementor-post__read-more\" href=\"https:\/\/gijonbasket.com\/en\/2023\/09\/27\/matt-hallam-proximo-fichaje-a-prueba-para-tartiere-auto-gijon-basket\/\" aria-label=\"Read more about Matt Hallam  pr\u00f3ximo fichaje a prueba para Tartiere Auto Gij\u00f3n Basket\" tabindex=\"-1\" >\n\t\t\tRead more &#034;\t\t<\/a>\n\n\t\t\t\t<\/div>\n\t\t\t\t<div class=\"elementor-post__meta-data\">\n\t\t\t\t\t<span class=\"elementor-post-date\">\n\t\t\t27 de September de 2023\t\t<\/span>\n\t\t\t\t<\/div>\n\t\t\t\t\t<\/div>\n\t\t<\/article>\n\t\t\t\t<article class=\"elementor-post elementor-grid-item post-1953 post type-post status-publish format-standard hentry category-noticias\">\n\t\t\t<div class=\"elementor-post__card\">\n\t\t\t\t<div class=\"elementor-post__text\">\n\t\t\t\t<h2 class=\"elementor-post__title\">\n\t\t\t<a href=\"https:\/\/gijonbasket.com\/en\/2023\/09\/26\/copa-principado-de-asturias-2023-final-alimerka-oviedo-baloncesto-universidad-de-oviedo-103-56\/\" >\n\t\t\t\tCopa Principado de Asturias 2023. Final. Alimerka Oviedo Baloncesto &#8211; Universidad de Oviedo (103-56).\t\t\t<\/a>\n\t\t<\/h2>\n\t\t\t\t<div class=\"elementor-post__excerpt\">\n\t\t\t<p>El Alimerka Oviedo Baloncesto se proclam\u00f3 Campe\u00f3n de la Copa Principado de Asturias tras superar con facilidad al Universidad de Oviedo (103-56). Encuentro vistoso y<\/p>\n\t\t<\/div>\n\t\t\n\t\t<a class=\"elementor-post__read-more\" href=\"https:\/\/gijonbasket.com\/en\/2023\/09\/26\/copa-principado-de-asturias-2023-final-alimerka-oviedo-baloncesto-universidad-de-oviedo-103-56\/\" aria-label=\"Read more about Copa Principado de Asturias 2023. Final. Alimerka Oviedo Baloncesto &#8211; Universidad de Oviedo (103-56).\" tabindex=\"-1\" >\n\t\t\tRead more &#034;\t\t<\/a>\n\n\t\t\t\t<\/div>\n\t\t\t\t<div class=\"elementor-post__meta-data\">\n\t\t\t\t\t<span class=\"elementor-post-date\">\n\t\t\t26 de September de 2023\t\t<\/span>\n\t\t\t\t<\/div>\n\t\t\t\t\t<\/div>\n\t\t<\/article>\n\t\t\t\t<article class=\"elementor-post elementor-grid-item post-1950 post type-post status-publish format-standard hentry category-exclusivas category-noticias\">\n\t\t\t<div class=\"elementor-post__card\">\n\t\t\t\t<div class=\"elementor-post__text\">\n\t\t\t\t<h2 class=\"elementor-post__title\">\n\t\t\t<a href=\"https:\/\/gijonbasket.com\/en\/2023\/09\/26\/tartiere-auto-gijon-basket-cambio-de-fecha-para-su-debut-ante-el-universidad-de-oviedo-confirmacion-de-exclusiva-de-www-gijonbasket-com\/\" >\n\t\t\t\tTartiere Auto Gij\u00f3n Basket cambio de fecha para su debut ante el Universidad de Oviedo. Confirmaci\u00f3n de exclusiva de www.gijonbasket.com.\t\t\t<\/a>\n\t\t<\/h2>\n\t\t\t\t<div class=\"elementor-post__excerpt\">\n\t\t\t<p>El domingo adelantamos en exclusiva el cambio de fecha, para el debut de Tartiere Auto Gij\u00f3n Basket ante el Universidad de Oviedo. Del s\u00e1bado 30<\/p>\n\t\t<\/div>\n\t\t\n\t\t<a class=\"elementor-post__read-more\" href=\"https:\/\/gijonbasket.com\/en\/2023\/09\/26\/tartiere-auto-gijon-basket-cambio-de-fecha-para-su-debut-ante-el-universidad-de-oviedo-confirmacion-de-exclusiva-de-www-gijonbasket-com\/\" aria-label=\"Read more about Tartiere Auto Gij\u00f3n Basket cambio de fecha para su debut ante el Universidad de Oviedo. Confirmaci\u00f3n de exclusiva de www.gijonbasket.com.\" tabindex=\"-1\" >\n\t\t\tRead more &#034;\t\t<\/a>\n\n\t\t\t\t<\/div>\n\t\t\t\t<div class=\"elementor-post__meta-data\">\n\t\t\t\t\t<span class=\"elementor-post-date\">\n\t\t\t26 de September de 2023\t\t<\/span>\n\t\t\t\t<\/div>\n\t\t\t\t\t<\/div>\n\t\t<\/article>\n\t\t\t\t<article class=\"elementor-post elementor-grid-item post-1948 post type-post status-publish format-standard hentry category-exclusivas category-noticias\">\n\t\t\t<div class=\"elementor-post__card\">\n\t\t\t\t<div class=\"elementor-post__text\">\n\t\t\t\t<h2 class=\"elementor-post__title\">\n\t\t\t<a href=\"https:\/\/gijonbasket.com\/en\/2023\/09\/25\/golpe-para-tartiere-auto-gijon-basket-por-la-lesion-de-miguel-gonzalez\/\" >\n\t\t\t\tGolpe para Tartiere Auto Gij\u00f3n Basket por la lesi\u00f3n de Miguel Gonz\u00e1lez\t\t\t<\/a>\n\t\t<\/h2>\n\t\t\t\t<div class=\"elementor-post__excerpt\">\n\t\t\t<p>Desde www.gijonbasket.com, adelantamos en exclusiva, el alcance de la lesi\u00f3n de Miguel Gonz\u00e1lez y el periodo aproximado de baja. Miguel Gonz\u00e1lez sufri\u00f3 una fisura en<\/p>\n\t\t<\/div>\n\t\t\n\t\t<a class=\"elementor-post__read-more\" href=\"https:\/\/gijonbasket.com\/en\/2023\/09\/25\/golpe-para-tartiere-auto-gijon-basket-por-la-lesion-de-miguel-gonzalez\/\" aria-label=\"Read more about Golpe para Tartiere Auto Gij\u00f3n Basket por la lesi\u00f3n de Miguel Gonz\u00e1lez\" tabindex=\"-1\" >\n\t\t\tRead more &#034;\t\t<\/a>\n\n\t\t\t\t<\/div>\n\t\t\t\t<div class=\"elementor-post__meta-data\">\n\t\t\t\t\t<span class=\"elementor-post-date\">\n\t\t\t25 de September de 2023\t\t<\/span>\n\t\t\t\t<\/div>\n\t\t\t\t\t<\/div>\n\t\t<\/article>\n\t\t\t\t<article class=\"elementor-post elementor-grid-item post-1946 post type-post status-publish format-standard hentry category-exclusivas category-noticias\">\n\t\t\t<div class=\"elementor-post__card\">\n\t\t\t\t<div class=\"elementor-post__text\">\n\t\t\t\t<h2 class=\"elementor-post__title\">\n\t\t\t<a href=\"https:\/\/gijonbasket.com\/en\/2023\/09\/24\/tartiere-auto-gijon-basket-cambio-de-fecha-para-su-debut-ante-el-universidad-de-oviedo\/\" >\n\t\t\t\tTartiere Auto Gij\u00f3n Basket cambio de fecha para su debut ante el Universidad de Oviedo\t\t\t<\/a>\n\t\t<\/h2>\n\t\t\t\t<div class=\"elementor-post__excerpt\">\n\t\t\t<p>Desde www.gijonbasket.com, adelantamos en exclusiva, que el debut de Tartiere Auto Gij\u00f3n Basket ante el Universidad de Oviedo cambiar\u00e1 de fecha. El primer derbi asturiano<\/p>\n\t\t<\/div>\n\t\t\n\t\t<a class=\"elementor-post__read-more\" href=\"https:\/\/gijonbasket.com\/en\/2023\/09\/24\/tartiere-auto-gijon-basket-cambio-de-fecha-para-su-debut-ante-el-universidad-de-oviedo\/\" aria-label=\"Read more about Tartiere Auto Gij\u00f3n Basket cambio de fecha para su debut ante el Universidad de Oviedo\" tabindex=\"-1\" >\n\t\t\tRead more &#034;\t\t<\/a>\n\n\t\t\t\t<\/div>\n\t\t\t\t<div class=\"elementor-post__meta-data\">\n\t\t\t\t\t<span class=\"elementor-post-date\">\n\t\t\t24 de September de 2023\t\t<\/span>\n\t\t\t\t<\/div>\n\t\t\t\t\t<\/div>\n\t\t<\/article>\n\t\t\t\t<article class=\"elementor-post elementor-grid-item post-1944 post type-post status-publish format-standard hentry category-noticias\">\n\t\t\t<div class=\"elementor-post__card\">\n\t\t\t\t<div class=\"elementor-post__text\">\n\t\t\t\t<h2 class=\"elementor-post__title\">\n\t\t\t<a href=\"https:\/\/gijonbasket.com\/en\/2023\/09\/24\/copa-principado-de-asturias-2023-final-adba-sanfer-mg-cyasa-fodeba-gijon-83-52\/\" >\n\t\t\t\tCopa Principado de Asturias 2023. Final. ADBA-Sanfer &#8211; MG Cyasa FODEBA Gij\u00f3n (83-52).\t\t\t<\/a>\n\t\t<\/h2>\n\t\t\t\t<div class=\"elementor-post__excerpt\">\n\t\t\t<p>ADBA-Sanfer se proclam\u00f3 ayer Campe\u00f3n de la Copa Principado de Asturias 2023, en categoria femenina, superando al MG Cyasa FODEBA Gij\u00f3n (83-52) en el Complejo<\/p>\n\t\t<\/div>\n\t\t\n\t\t<a class=\"elementor-post__read-more\" href=\"https:\/\/gijonbasket.com\/en\/2023\/09\/24\/copa-principado-de-asturias-2023-final-adba-sanfer-mg-cyasa-fodeba-gijon-83-52\/\" aria-label=\"Read more about Copa Principado de Asturias 2023. Final. ADBA-Sanfer &#8211; MG Cyasa FODEBA Gij\u00f3n (83-52).\" tabindex=\"-1\" >\n\t\t\tRead more &#034;\t\t<\/a>\n\n\t\t\t\t<\/div>\n\t\t\t\t<div class=\"elementor-post__meta-data\">\n\t\t\t\t\t<span class=\"elementor-post-date\">\n\t\t\t24 de September de 2023\t\t<\/span>\n\t\t\t\t<\/div>\n\t\t\t\t\t<\/div>\n\t\t<\/article>\n\t\t\t\t<article class=\"elementor-post elementor-grid-item post-1942 post type-post status-publish format-standard hentry category-noticias\">\n\t\t\t<div class=\"elementor-post__card\">\n\t\t\t\t<div class=\"elementor-post__text\">\n\t\t\t\t<h2 class=\"elementor-post__title\">\n\t\t\t<a href=\"https:\/\/gijonbasket.com\/en\/2023\/09\/23\/cirkeline-rimdal-adios-a-la-temporada-con-adba-sanfer\/\" >\n\t\t\t\tCirkeline Rimdal adi\u00f3s a la temporada con ADBA-Sanfer\t\t\t<\/a>\n\t\t<\/h2>\n\t\t\t\t<div class=\"elementor-post__excerpt\">\n\t\t\t<p>Duro golpe para ADBA-Sanfer por la grave lesi\u00f3n sufrida por Cirkeline Rimdal. Rotura del tend\u00f3n de Aquiles de su pierna derecha con lo que dice<\/p>\n\t\t<\/div>\n\t\t\n\t\t<a class=\"elementor-post__read-more\" href=\"https:\/\/gijonbasket.com\/en\/2023\/09\/23\/cirkeline-rimdal-adios-a-la-temporada-con-adba-sanfer\/\" aria-label=\"Read more about Cirkeline Rimdal adi\u00f3s a la temporada con ADBA-Sanfer\" tabindex=\"-1\" >\n\t\t\tRead more &#034;\t\t<\/a>\n\n\t\t\t\t<\/div>\n\t\t\t\t<div class=\"elementor-post__meta-data\">\n\t\t\t\t\t<span class=\"elementor-post-date\">\n\t\t\t23 de September de 2023\t\t<\/span>\n\t\t\t\t<\/div>\n\t\t\t\t\t<\/div>\n\t\t<\/article>\n\t\t\t\t<article class=\"elementor-post elementor-grid-item post-1938 post type-post status-publish format-standard hentry category-noticias\">\n\t\t\t<div class=\"elementor-post__card\">\n\t\t\t\t<div class=\"elementor-post__text\">\n\t\t\t\t<h2 class=\"elementor-post__title\">\n\t\t\t<a href=\"https:\/\/gijonbasket.com\/en\/2023\/09\/22\/mercado-de-fichajes-80\/\" >\n\t\t\t\tMercado de Fichajes\t\t\t<\/a>\n\t\t<\/h2>\n\t\t\t\t<div class=\"elementor-post__excerpt\">\n\t\t\t<p>Umana Reyer Venezia : Fichaje de Kyle Wiltjer (Zhejiang Guangsha Lions). CSKA Sofia : No continuidad de Troy Baxter Jr. Hapoel Afula : Fichaje de<\/p>\n\t\t<\/div>\n\t\t\n\t\t<a class=\"elementor-post__read-more\" href=\"https:\/\/gijonbasket.com\/en\/2023\/09\/22\/mercado-de-fichajes-80\/\" aria-label=\"Read more about Mercado de Fichajes\" tabindex=\"-1\" >\n\t\t\tRead more &#034;\t\t<\/a>\n\n\t\t\t\t<\/div>\n\t\t\t\t<div class=\"elementor-post__meta-data\">\n\t\t\t\t\t<span class=\"elementor-post-date\">\n\t\t\t22 de September de 2023\t\t<\/span>\n\t\t\t\t<\/div>\n\t\t\t\t\t<\/div>\n\t\t<\/article>\n\t\t\t\t<article class=\"elementor-post elementor-grid-item post-1935 post type-post status-publish format-standard hentry category-noticias\">\n\t\t\t<div class=\"elementor-post__card\">\n\t\t\t\t<div class=\"elementor-post__text\">\n\t\t\t\t<h2 class=\"elementor-post__title\">\n\t\t\t<a href=\"https:\/\/gijonbasket.com\/en\/2023\/09\/21\/torneo-ibaseta-adba-sanfer\/\" >\n\t\t\t\tTorneo Ibaseta ADBA-Sanfer\t\t\t<\/a>\n\t\t<\/h2>\n\t\t\t\t<div class=\"elementor-post__excerpt\">\n\t\t\t<p>Este s\u00e1bado y domingo regresa el baloncesto de cantera a Avil\u00e9s con el Torneo Ibaseta ADBA-Sanfer. El Complejo Deportivo Avil\u00e9s ser\u00e1 la sede del Torneo<\/p>\n\t\t<\/div>\n\t\t\n\t\t<a class=\"elementor-post__read-more\" href=\"https:\/\/gijonbasket.com\/en\/2023\/09\/21\/torneo-ibaseta-adba-sanfer\/\" aria-label=\"Read more about Torneo Ibaseta ADBA-Sanfer\" tabindex=\"-1\" >\n\t\t\tRead more &#034;\t\t<\/a>\n\n\t\t\t\t<\/div>\n\t\t\t\t<div class=\"elementor-post__meta-data\">\n\t\t\t\t\t<span class=\"elementor-post-date\">\n\t\t\t21 de September de 2023\t\t<\/span>\n\t\t\t\t<\/div>\n\t\t\t\t\t<\/div>\n\t\t<\/article>\n\t\t\t\t<article class=\"elementor-post elementor-grid-item post-1931 post type-post status-publish format-standard hentry category-noticias\">\n\t\t\t<div class=\"elementor-post__card\">\n\t\t\t\t<div class=\"elementor-post__text\">\n\t\t\t\t<h2 class=\"elementor-post__title\">\n\t\t\t<a href=\"https:\/\/gijonbasket.com\/en\/2023\/09\/21\/mercado-de-fichajes-leb-plata-10\/\" >\n\t\t\t\tMercado de Fichajes LEB Plata\t\t\t<\/a>\n\t\t<\/h2>\n\t\t\t\t<div class=\"elementor-post__excerpt\">\n\t\t\t<p>CB Almansa con AFANION : Fichaje de Victor Andrade (Pato Basquete). Palmer Basquet Mallorca Palma : Fichaje de Arminas Urbutis (BC Siauliai).<\/p>\n\t\t<\/div>\n\t\t\n\t\t<a class=\"elementor-post__read-more\" href=\"https:\/\/gijonbasket.com\/en\/2023\/09\/21\/mercado-de-fichajes-leb-plata-10\/\" aria-label=\"Read more about Mercado de Fichajes LEB Plata\" tabindex=\"-1\" >\n\t\t\tRead more &#034;\t\t<\/a>\n\n\t\t\t\t<\/div>\n\t\t\t\t<div class=\"elementor-post__meta-data\">\n\t\t\t\t\t<span class=\"elementor-post-date\">\n\t\t\t21 de September de 2023\t\t<\/span>\n\t\t\t\t<\/div>\n\t\t\t\t\t<\/div>\n\t\t<\/article>\n\t\t\t\t<article class=\"elementor-post elementor-grid-item post-1929 post type-post status-publish format-standard hentry category-noticias\">\n\t\t\t<div class=\"elementor-post__card\">\n\t\t\t\t<div class=\"elementor-post__text\">\n\t\t\t\t<h2 class=\"elementor-post__title\">\n\t\t\t<a href=\"https:\/\/gijonbasket.com\/en\/2023\/09\/21\/mercado-de-fichajes-leb-oro-21\/\" >\n\t\t\t\tMercado de Fichajes LEB Oro\t\t\t<\/a>\n\t\t<\/h2>\n\t\t\t\t<div class=\"elementor-post__excerpt\">\n\t\t\t<p>Real Betis Baloncesto : Fichaje de Roko Rogic (Acqua S. Bernardo Cant\u00fa). Grupo Ureta Tizona Burgos : Fichaje de \u00d3scar Alvarado (TAU Castell\u00f3). Rescisi\u00f3n de<\/p>\n\t\t<\/div>\n\t\t\n\t\t<a class=\"elementor-post__read-more\" href=\"https:\/\/gijonbasket.com\/en\/2023\/09\/21\/mercado-de-fichajes-leb-oro-21\/\" aria-label=\"Read more about Mercado de Fichajes LEB Oro\" tabindex=\"-1\" >\n\t\t\tRead more &#034;\t\t<\/a>\n\n\t\t\t\t<\/div>\n\t\t\t\t<div class=\"elementor-post__meta-data\">\n\t\t\t\t\t<span class=\"elementor-post-date\">\n\t\t\t21 de September de 2023\t\t<\/span>\n\t\t\t\t<\/div>\n\t\t\t\t\t<\/div>\n\t\t<\/article>\n\t\t\t\t<article class=\"elementor-post elementor-grid-item post-1925 post type-post status-publish format-standard hentry category-noticias\">\n\t\t\t<div class=\"elementor-post__card\">\n\t\t\t\t<div class=\"elementor-post__text\">\n\t\t\t\t<h2 class=\"elementor-post__title\">\n\t\t\t<a href=\"https:\/\/gijonbasket.com\/en\/2023\/09\/20\/mercado-de-fichajes-liga-endesa-15\/\" >\n\t\t\t\tMercado de Fichajes Liga Endesa\t\t\t<\/a>\n\t\t<\/h2>\n\t\t\t\t<div class=\"elementor-post__excerpt\">\n\t\t\t<p>Valencia Basket : Fichaje de Stefan Jovic (Casademont Zaragoza). Casademont Zaragoza : Fichajes de Andrea Cinciarini (UNAHOTELS Reggio Emilia) y Tomasz Gielo (Merkezefendi Belediyesi Denizli<\/p>\n\t\t<\/div>\n\t\t\n\t\t<a class=\"elementor-post__read-more\" href=\"https:\/\/gijonbasket.com\/en\/2023\/09\/20\/mercado-de-fichajes-liga-endesa-15\/\" aria-label=\"Read more about Mercado de Fichajes Liga Endesa\" tabindex=\"-1\" >\n\t\t\tRead more &#034;\t\t<\/a>\n\n\t\t\t\t<\/div>\n\t\t\t\t<div class=\"elementor-post__meta-data\">\n\t\t\t\t\t<span class=\"elementor-post-date\">\n\t\t\t20 de September de 2023\t\t<\/span>\n\t\t\t\t<\/div>\n\t\t\t\t\t<\/div>\n\t\t<\/article>\n\t\t\t\t<article class=\"elementor-post elementor-grid-item post-1923 post type-post status-publish format-standard hentry category-noticias\">\n\t\t\t<div class=\"elementor-post__card\">\n\t\t\t\t<div class=\"elementor-post__text\">\n\t\t\t\t<h2 class=\"elementor-post__title\">\n\t\t\t<a href=\"https:\/\/gijonbasket.com\/en\/2023\/09\/20\/mercado-de-fichajes-79\/\" >\n\t\t\t\tMercado de Fichajes\t\t\t<\/a>\n\t\t<\/h2>\n\t\t\t\t<div class=\"elementor-post__excerpt\">\n\t\t\t<p>Fenerbahce Beko Istanbul : Fichaje de Arturs Zagars (Kedainiu Nevezis Optibet). Bayern Munich : Fichaje de Serge Ibaka (Milwaukee Bucks). Virtus Segafredo Bolonia : Contrataci\u00f3n<\/p>\n\t\t<\/div>\n\t\t\n\t\t<a class=\"elementor-post__read-more\" href=\"https:\/\/gijonbasket.com\/en\/2023\/09\/20\/mercado-de-fichajes-79\/\" aria-label=\"Read more about Mercado de Fichajes\" tabindex=\"-1\" >\n\t\t\tRead more &#034;\t\t<\/a>\n\n\t\t\t\t<\/div>\n\t\t\t\t<div class=\"elementor-post__meta-data\">\n\t\t\t\t\t<span class=\"elementor-post-date\">\n\t\t\t20 de September de 2023\t\t<\/span>\n\t\t\t\t<\/div>\n\t\t\t\t\t<\/div>\n\t\t<\/article>\n\t\t\t\t<article class=\"elementor-post elementor-grid-item post-1918 post type-post status-publish format-standard hentry category-noticias\">\n\t\t\t<div class=\"elementor-post__card\">\n\t\t\t\t<div class=\"elementor-post__text\">\n\t\t\t\t<h2 class=\"elementor-post__title\">\n\t\t\t<a href=\"https:\/\/gijonbasket.com\/en\/2023\/09\/19\/robert-cosialls-nuevo-fichaje-del-alimerka-oviedo-baloncesto\/\" >\n\t\t\t\tRobert Cosialls nuevo fichaje del Alimerka Oviedo Baloncesto\t\t\t<\/a>\n\t\t<\/h2>\n\t\t\t\t<div class=\"elementor-post__excerpt\">\n\t\t\t<p>Robert Cosialls, ala-p\u00edvot de 26 a\u00f1os y 2.04 m, completa la plantilla del Alimerka Oviedo Baloncesto para esta pr\u00f3xima temporada. Su incorporaci\u00f3n al conjunto carbay\u00f3n<\/p>\n\t\t<\/div>\n\t\t\n\t\t<a class=\"elementor-post__read-more\" href=\"https:\/\/gijonbasket.com\/en\/2023\/09\/19\/robert-cosialls-nuevo-fichaje-del-alimerka-oviedo-baloncesto\/\" aria-label=\"Read more about Robert Cosialls nuevo fichaje del Alimerka Oviedo Baloncesto\" tabindex=\"-1\" >\n\t\t\tRead more &#034;\t\t<\/a>\n\n\t\t\t\t<\/div>\n\t\t\t\t<div class=\"elementor-post__meta-data\">\n\t\t\t\t\t<span class=\"elementor-post-date\">\n\t\t\t19 de September de 2023\t\t<\/span>\n\t\t\t\t<\/div>\n\t\t\t\t\t<\/div>\n\t\t<\/article>\n\t\t\t\t<article class=\"elementor-post elementor-grid-item post-1920 post type-post status-publish format-standard hentry category-noticias\">\n\t\t\t<div class=\"elementor-post__card\">\n\t\t\t\t<div class=\"elementor-post__text\">\n\t\t\t\t<h2 class=\"elementor-post__title\">\n\t\t\t<a href=\"https:\/\/gijonbasket.com\/en\/2023\/09\/19\/papa-njie-baja-en-tartiere-auto-gijon-basket\/\" >\n\t\t\t\tPapa Njie baja en Tartiere Auto Gij\u00f3n Basket\t\t\t<\/a>\n\t\t<\/h2>\n\t\t\t\t<div class=\"elementor-post__excerpt\">\n\t\t\t<p>Primera baja en la plantilla de Tartiere Auto Gij\u00f3n Basket con la desvinculaci\u00f3n de Papa Njie. El p\u00edvot gambiano de 20 a\u00f1os y 2.05 m.,<\/p>\n\t\t<\/div>\n\t\t\n\t\t<a class=\"elementor-post__read-more\" href=\"https:\/\/gijonbasket.com\/en\/2023\/09\/19\/papa-njie-baja-en-tartiere-auto-gijon-basket\/\" aria-label=\"Read more about Papa Njie baja en Tartiere Auto Gij\u00f3n Basket\" tabindex=\"-1\" >\n\t\t\tRead more &#034;\t\t<\/a>\n\n\t\t\t\t<\/div>\n\t\t\t\t<div class=\"elementor-post__meta-data\">\n\t\t\t\t\t<span class=\"elementor-post-date\">\n\t\t\t19 de September de 2023\t\t<\/span>\n\t\t\t\t<\/div>\n\t\t\t\t\t<\/div>\n\t\t<\/article>\n\t\t\t\t<article class=\"elementor-post elementor-grid-item post-1914 post type-post status-publish format-standard hentry category-noticias\">\n\t\t\t<div class=\"elementor-post__card\">\n\t\t\t\t<div class=\"elementor-post__text\">\n\t\t\t\t<h2 class=\"elementor-post__title\">\n\t\t\t<a href=\"https:\/\/gijonbasket.com\/en\/2023\/09\/18\/mercado-de-fichajes-nba-3\/\" >\n\t\t\t\tMercado de Fichajes NBA\t\t\t<\/a>\n\t\t<\/h2>\n\t\t\t\t<div class=\"elementor-post__excerpt\">\n\t\t\t<p>Golden State Warriors : Fichaje de Usman Garuba (Oklahoma City Thunder). Minnesota Timberwolves : Fichaje de Daishen Nix (Houston Rockets). Boston Celtics : Fichaje de<\/p>\n\t\t<\/div>\n\t\t\n\t\t<a class=\"elementor-post__read-more\" href=\"https:\/\/gijonbasket.com\/en\/2023\/09\/18\/mercado-de-fichajes-nba-3\/\" aria-label=\"Read more about Mercado de Fichajes NBA\" tabindex=\"-1\" >\n\t\t\tRead more &#034;\t\t<\/a>\n\n\t\t\t\t<\/div>\n\t\t\t\t<div class=\"elementor-post__meta-data\">\n\t\t\t\t\t<span class=\"elementor-post-date\">\n\t\t\t18 de September de 2023\t\t<\/span>\n\t\t\t\t<\/div>\n\t\t\t\t\t<\/div>\n\t\t<\/article>\n\t\t\t\t<article class=\"elementor-post elementor-grid-item post-1910 post type-post status-publish format-standard hentry category-noticias\">\n\t\t\t<div class=\"elementor-post__card\">\n\t\t\t\t<div class=\"elementor-post__text\">\n\t\t\t\t<h2 class=\"elementor-post__title\">\n\t\t\t<a href=\"https:\/\/gijonbasket.com\/en\/2023\/09\/17\/copa-principado-de-asturias-2023-fase-previa-tartiere-auto-gijon-basket-circulo-gijon-baloncesto-51-66\/\" >\n\t\t\t\tCopa Principado de Asturias 2023. Fase Previa. Tartiere Auto Gij\u00f3n Basket  &#8211; C\u00edrculo Gij\u00f3n Baloncesto (51-66).\t\t\t<\/a>\n\t\t<\/h2>\n\t\t\t\t<div class=\"elementor-post__excerpt\">\n\t\t\t<p>La Fase Previa de la Copa Principado de Asturias 2023 se cerr\u00f3 con la victoria del C\u00edrculo Gij\u00f3n Baloncesto sobre Tartiere Auto Gij\u00f3n Basket (51-66).<\/p>\n\t\t<\/div>\n\t\t\n\t\t<a class=\"elementor-post__read-more\" href=\"https:\/\/gijonbasket.com\/en\/2023\/09\/17\/copa-principado-de-asturias-2023-fase-previa-tartiere-auto-gijon-basket-circulo-gijon-baloncesto-51-66\/\" aria-label=\"Read more about Copa Principado de Asturias 2023. Fase Previa. Tartiere Auto Gij\u00f3n Basket  &#8211; C\u00edrculo Gij\u00f3n Baloncesto (51-66).\" tabindex=\"-1\" >\n\t\t\tRead more &#034;\t\t<\/a>\n\n\t\t\t\t<\/div>\n\t\t\t\t<div class=\"elementor-post__meta-data\">\n\t\t\t\t\t<span class=\"elementor-post-date\">\n\t\t\t17 de September de 2023\t\t<\/span>\n\t\t\t\t<\/div>\n\t\t\t\t\t<\/div>\n\t\t<\/article>\n\t\t\t\t<article class=\"elementor-post elementor-grid-item post-1908 post type-post status-publish format-standard hentry category-noticias\">\n\t\t\t<div class=\"elementor-post__card\">\n\t\t\t\t<div class=\"elementor-post__text\">\n\t\t\t\t<h2 class=\"elementor-post__title\">\n\t\t\t<a href=\"https:\/\/gijonbasket.com\/en\/2023\/09\/17\/adba-sanfer-hgb-ausarta-barakaldo-66-69\/\" >\n\t\t\t\tADBA-Sanfer &#8211; HGB Ausarta Barakaldo (66-69)\t\t\t<\/a>\n\t\t<\/h2>\n\t\t\t\t<div class=\"elementor-post__excerpt\">\n\t\t\t<p>ADBA-Sanfer y HGB Ausarta Barakaldo volvieron a verse las caras en menos de 24 horas. Si ayer s\u00e1bado la victoria se la llev\u00f3 ADBA-Sanfer (63-57),<\/p>\n\t\t<\/div>\n\t\t\n\t\t<a class=\"elementor-post__read-more\" href=\"https:\/\/gijonbasket.com\/en\/2023\/09\/17\/adba-sanfer-hgb-ausarta-barakaldo-66-69\/\" aria-label=\"Read more about ADBA-Sanfer &#8211; HGB Ausarta Barakaldo (66-69)\" tabindex=\"-1\" >\n\t\t\tRead more &#034;\t\t<\/a>\n\n\t\t\t\t<\/div>\n\t\t\t\t<div class=\"elementor-post__meta-data\">\n\t\t\t\t\t<span class=\"elementor-post-date\">\n\t\t\t17 de September de 2023\t\t<\/span>\n\t\t\t\t<\/div>\n\t\t\t\t\t<\/div>\n\t\t<\/article>\n\t\t\t\t<article class=\"elementor-post elementor-grid-item post-1906 post type-post status-publish format-standard hentry category-noticias\">\n\t\t\t<div class=\"elementor-post__card\">\n\t\t\t\t<div class=\"elementor-post__text\">\n\t\t\t\t<h2 class=\"elementor-post__title\">\n\t\t\t<a href=\"https:\/\/gijonbasket.com\/en\/2023\/09\/16\/copa-principado-de-asturias-2023-fase-previa-universidad-de-oviedo-tartiere-auto-gijon-basket-80-75\/\" >\n\t\t\t\tCopa Principado de Asturias 2023. Fase Previa. Universidad de Oviedo &#8211; Tartiere Auto Gij\u00f3n Basket (80-75).\t\t\t<\/a>\n\t\t<\/h2>\n\t\t\t\t<div class=\"elementor-post__excerpt\">\n\t\t\t<p>El Universidad de Oviedo a la Final de la Copa Principado de Asturias al superar tras pr\u00f3rroga a Tartiere Auto Gij\u00f3n Basket (80-75). Espectacular actuaci\u00f3n<\/p>\n\t\t<\/div>\n\t\t\n\t\t<a class=\"elementor-post__read-more\" href=\"https:\/\/gijonbasket.com\/en\/2023\/09\/16\/copa-principado-de-asturias-2023-fase-previa-universidad-de-oviedo-tartiere-auto-gijon-basket-80-75\/\" aria-label=\"Read more about Copa Principado de Asturias 2023. Fase Previa. Universidad de Oviedo &#8211; Tartiere Auto Gij\u00f3n Basket (80-75).\" tabindex=\"-1\" >\n\t\t\tRead more &#034;\t\t<\/a>\n\n\t\t\t\t<\/div>\n\t\t\t\t<div class=\"elementor-post__meta-data\">\n\t\t\t\t\t<span class=\"elementor-post-date\">\n\t\t\t16 de September de 2023\t\t<\/span>\n\t\t\t\t<\/div>\n\t\t\t\t\t<\/div>\n\t\t<\/article>\n\t\t\t\t<article class=\"elementor-post elementor-grid-item post-1904 post type-post status-publish format-standard hentry category-noticias\">\n\t\t\t<div class=\"elementor-post__card\">\n\t\t\t\t<div class=\"elementor-post__text\">\n\t\t\t\t<h2 class=\"elementor-post__title\">\n\t\t\t<a href=\"https:\/\/gijonbasket.com\/en\/2023\/09\/16\/nacho-condes-baja-en-tartiere-auto-gijon-basket-para-la-copa-principado-de-asturias\/\" >\n\t\t\t\tNacho Cond\u00e9s baja en Tartiere Auto Gij\u00f3n Basket para la Copa Principado de Asturias\t\t\t<\/a>\n\t\t<\/h2>\n\t\t\t\t<div class=\"elementor-post__excerpt\">\n\t\t\t<p>Tartiere Auto Gij\u00f3n Basket contar\u00e1 con la baja de Nacho Cond\u00e9s para los dos encuentros de la Copa Principado de Asturias 2023 ante Universidad de<\/p>\n\t\t<\/div>\n\t\t\n\t\t<a class=\"elementor-post__read-more\" href=\"https:\/\/gijonbasket.com\/en\/2023\/09\/16\/nacho-condes-baja-en-tartiere-auto-gijon-basket-para-la-copa-principado-de-asturias\/\" aria-label=\"Read more about Nacho Cond\u00e9s baja en Tartiere Auto Gij\u00f3n Basket para la Copa Principado de Asturias\" tabindex=\"-1\" >\n\t\t\tRead more &#034;\t\t<\/a>\n\n\t\t\t\t<\/div>\n\t\t\t\t<div class=\"elementor-post__meta-data\">\n\t\t\t\t\t<span class=\"elementor-post-date\">\n\t\t\t16 de September de 2023\t\t<\/span>\n\t\t\t\t<\/div>\n\t\t\t\t\t<\/div>\n\t\t<\/article>\n\t\t\t\t<article class=\"elementor-post elementor-grid-item post-1902 post type-post status-publish format-standard hentry category-noticias\">\n\t\t\t<div class=\"elementor-post__card\">\n\t\t\t\t<div class=\"elementor-post__text\">\n\t\t\t\t<h2 class=\"elementor-post__title\">\n\t\t\t<a href=\"https:\/\/gijonbasket.com\/en\/2023\/09\/16\/mercado-de-fichajes-78\/\" >\n\t\t\t\tMercado de Fichajes\t\t\t<\/a>\n\t\t<\/h2>\n\t\t\t\t<div class=\"elementor-post__excerpt\">\n\t\t\t<p>Bayern Munich : Fichaje de Dino Radoncic (Casademont Zaragoza). Cedevita Olimpija Ljubljana : Fichaje de Jaka Klobucar (Duna Aszfalt-DTKH Kecskemet). Uni Baskets Paderborn : No<\/p>\n\t\t<\/div>\n\t\t\n\t\t<a class=\"elementor-post__read-more\" href=\"https:\/\/gijonbasket.com\/en\/2023\/09\/16\/mercado-de-fichajes-78\/\" aria-label=\"Read more about Mercado de Fichajes\" tabindex=\"-1\" >\n\t\t\tRead more &#034;\t\t<\/a>\n\n\t\t\t\t<\/div>\n\t\t\t\t<div class=\"elementor-post__meta-data\">\n\t\t\t\t\t<span class=\"elementor-post-date\">\n\t\t\t16 de September de 2023\t\t<\/span>\n\t\t\t\t<\/div>\n\t\t\t\t\t<\/div>\n\t\t<\/article>\n\t\t\t\t<article class=\"elementor-post elementor-grid-item post-1900 post type-post status-publish format-standard hentry category-noticias\">\n\t\t\t<div class=\"elementor-post__card\">\n\t\t\t\t<div class=\"elementor-post__text\">\n\t\t\t\t<h2 class=\"elementor-post__title\">\n\t\t\t<a href=\"https:\/\/gijonbasket.com\/en\/2023\/09\/16\/destitucion-de-sergio-scariolo-como-tecnico-de-la-virtus-segafredo-bolonia\/\" >\n\t\t\t\tDestituci\u00f3n de Sergio Scariolo como t\u00e9cnico de la Virtus Segafredo Bolonia\t\t\t<\/a>\n\t\t<\/h2>\n\t\t\t\t<div class=\"elementor-post__excerpt\">\n\t\t\t<p>Totum Revolutum en la Virtus Segafredo Bolonia con la destituci\u00f3n en el d\u00eda de ayer de Sergio Scariolo. La disconformidad de Sergio Scariolo en la<\/p>\n\t\t<\/div>\n\t\t\n\t\t<a class=\"elementor-post__read-more\" href=\"https:\/\/gijonbasket.com\/en\/2023\/09\/16\/destitucion-de-sergio-scariolo-como-tecnico-de-la-virtus-segafredo-bolonia\/\" aria-label=\"Read more about Destituci\u00f3n de Sergio Scariolo como t\u00e9cnico de la Virtus Segafredo Bolonia\" tabindex=\"-1\" >\n\t\t\tRead more &#034;\t\t<\/a>\n\n\t\t\t\t<\/div>\n\t\t\t\t<div class=\"elementor-post__meta-data\">\n\t\t\t\t\t<span class=\"elementor-post-date\">\n\t\t\t16 de September de 2023\t\t<\/span>\n\t\t\t\t<\/div>\n\t\t\t\t\t<\/div>\n\t\t<\/article>\n\t\t\t\t<article class=\"elementor-post elementor-grid-item post-1894 post type-post status-publish format-standard hentry category-noticias\">\n\t\t\t<div class=\"elementor-post__card\">\n\t\t\t\t<div class=\"elementor-post__text\">\n\t\t\t\t<h2 class=\"elementor-post__title\">\n\t\t\t<a href=\"https:\/\/gijonbasket.com\/en\/2023\/09\/15\/copa-principado-de-asturias-2023-fase-previa-circulo-gijon-baloncesto-universidad-de-oviedo-52-55\/\" >\n\t\t\t\tCopa Principado de Asturias 2023. Fase Previa. C\u00edrculo Gij\u00f3n Baloncesto &#8211; Universidad de Oviedo (52-55).\t\t\t<\/a>\n\t\t<\/h2>\n\t\t\t\t<div class=\"elementor-post__excerpt\">\n\t\t\t<p>Golpe de efecto del Universidad de Oviedo sobre el C\u00edrculo Gij\u00f3n Baloncesto (52-55) en la primera jornada de la Fase Previa de la Copa Principado<\/p>\n\t\t<\/div>\n\t\t\n\t\t<a class=\"elementor-post__read-more\" href=\"https:\/\/gijonbasket.com\/en\/2023\/09\/15\/copa-principado-de-asturias-2023-fase-previa-circulo-gijon-baloncesto-universidad-de-oviedo-52-55\/\" aria-label=\"Read more about Copa Principado de Asturias 2023. Fase Previa. C\u00edrculo Gij\u00f3n Baloncesto &#8211; Universidad de Oviedo (52-55).\" tabindex=\"-1\" >\n\t\t\tRead more &#034;\t\t<\/a>\n\n\t\t\t\t<\/div>\n\t\t\t\t<div class=\"elementor-post__meta-data\">\n\t\t\t\t\t<span class=\"elementor-post-date\">\n\t\t\t15 de September de 2023\t\t<\/span>\n\t\t\t\t<\/div>\n\t\t\t\t\t<\/div>\n\t\t<\/article>\n\t\t\t\t<article class=\"elementor-post elementor-grid-item post-1892 post type-post status-publish format-standard hentry category-noticias\">\n\t\t\t<div class=\"elementor-post__card\">\n\t\t\t\t<div class=\"elementor-post__text\">\n\t\t\t\t<h2 class=\"elementor-post__title\">\n\t\t\t<a href=\"https:\/\/gijonbasket.com\/en\/2023\/09\/15\/mercado-de-fichajes-liga-endesa-14\/\" >\n\t\t\t\tMercado de Fichajes Liga Endesa\t\t\t<\/a>\n\t\t<\/h2>\n\t\t\t\t<div class=\"elementor-post__excerpt\">\n\t\t\t<p>Zunder Palencia : Fichaje de Ousmane Ndiaye (Cazoo Baskonia B) en calidad de cedido por el conjunto baskonista. Fichaje de Agust\u00edn Ubal (Surne Bilbao Basket)<\/p>\n\t\t<\/div>\n\t\t\n\t\t<a class=\"elementor-post__read-more\" href=\"https:\/\/gijonbasket.com\/en\/2023\/09\/15\/mercado-de-fichajes-liga-endesa-14\/\" aria-label=\"Read more about Mercado de Fichajes Liga Endesa\" tabindex=\"-1\" >\n\t\t\tRead more &#034;\t\t<\/a>\n\n\t\t\t\t<\/div>\n\t\t\t\t<div class=\"elementor-post__meta-data\">\n\t\t\t\t\t<span class=\"elementor-post-date\">\n\t\t\t15 de September de 2023\t\t<\/span>\n\t\t\t\t<\/div>\n\t\t\t\t\t<\/div>\n\t\t<\/article>\n\t\t\t\t<article class=\"elementor-post elementor-grid-item post-1890 post type-post status-publish format-standard hentry category-noticias\">\n\t\t\t<div class=\"elementor-post__card\">\n\t\t\t\t<div class=\"elementor-post__text\">\n\t\t\t\t<h2 class=\"elementor-post__title\">\n\t\t\t<a href=\"https:\/\/gijonbasket.com\/en\/2023\/09\/14\/mercado-de-fichajes-77\/\" >\n\t\t\t\tMercado de Fichajes\t\t\t<\/a>\n\t\t<\/h2>\n\t\t\t\t<div class=\"elementor-post__excerpt\">\n\t\t\t<p>Bayern Munich : Pr\u00f3ximo a cerrar el fichaje de Serge Ibaka (Milwaukee Bucks). Shanxi Loongs : Fichaje de Isaiah Taylor (Zalgiris Kaunas). BC Igokea m:tel<\/p>\n\t\t<\/div>\n\t\t\n\t\t<a class=\"elementor-post__read-more\" href=\"https:\/\/gijonbasket.com\/en\/2023\/09\/14\/mercado-de-fichajes-77\/\" aria-label=\"Read more about Mercado de Fichajes\" tabindex=\"-1\" >\n\t\t\tRead more &#034;\t\t<\/a>\n\n\t\t\t\t<\/div>\n\t\t\t\t<div class=\"elementor-post__meta-data\">\n\t\t\t\t\t<span class=\"elementor-post-date\">\n\t\t\t14 de September de 2023\t\t<\/span>\n\t\t\t\t<\/div>\n\t\t\t\t\t<\/div>\n\t\t<\/article>\n\t\t\t\t<article class=\"elementor-post elementor-grid-item post-1888 post type-post status-publish format-standard hentry category-noticias\">\n\t\t\t<div class=\"elementor-post__card\">\n\t\t\t\t<div class=\"elementor-post__text\">\n\t\t\t\t<h2 class=\"elementor-post__title\">\n\t\t\t<a href=\"https:\/\/gijonbasket.com\/en\/2023\/09\/13\/mercado-de-fichajes-76\/\" >\n\t\t\t\tMercado de Fichajes\t\t\t<\/a>\n\t\t<\/h2>\n\t\t\t\t<div class=\"elementor-post__excerpt\">\n\t\t\t<p>Fenerbahce Beko Iastanbul : Fichaje de Arturs Zagars (Kedainiu Nevezis-Optibet) para curbrir la baja por lesi\u00f3n de Raulzinho Neto. Estrella Roja : Fichaje de Nemanja<\/p>\n\t\t<\/div>\n\t\t\n\t\t<a class=\"elementor-post__read-more\" href=\"https:\/\/gijonbasket.com\/en\/2023\/09\/13\/mercado-de-fichajes-76\/\" aria-label=\"Read more about Mercado de Fichajes\" tabindex=\"-1\" >\n\t\t\tRead more &#034;\t\t<\/a>\n\n\t\t\t\t<\/div>\n\t\t\t\t<div class=\"elementor-post__meta-data\">\n\t\t\t\t\t<span class=\"elementor-post-date\">\n\t\t\t13 de September de 2023\t\t<\/span>\n\t\t\t\t<\/div>\n\t\t\t\t\t<\/div>\n\t\t<\/article>\n\t\t\t\t<article class=\"elementor-post elementor-grid-item post-1886 post type-post status-publish format-standard hentry category-noticias\">\n\t\t\t<div class=\"elementor-post__card\">\n\t\t\t\t<div class=\"elementor-post__text\">\n\t\t\t\t<h2 class=\"elementor-post__title\">\n\t\t\t<a href=\"https:\/\/gijonbasket.com\/en\/2023\/09\/12\/mercado-de-fichajes-75\/\" >\n\t\t\t\tMercado de Fichajes\t\t\t<\/a>\n\t\t<\/h2>\n\t\t\t\t<div class=\"elementor-post__excerpt\">\n\t\t\t<p>Olympiacos : Inter\u00e9s por Ignas Brazdeikis (Zalgiris Kaunas). Estrella Roja : Inter\u00e9s por Nemanja Bjelica (Fenerbahce Beko Istanbul). Buyuksehir Hastanesi Konyaspor Basketbol : Fichaje de<\/p>\n\t\t<\/div>\n\t\t\n\t\t<a class=\"elementor-post__read-more\" href=\"https:\/\/gijonbasket.com\/en\/2023\/09\/12\/mercado-de-fichajes-75\/\" aria-label=\"Read more about Mercado de Fichajes\" tabindex=\"-1\" >\n\t\t\tRead more &#034;\t\t<\/a>\n\n\t\t\t\t<\/div>\n\t\t\t\t<div class=\"elementor-post__meta-data\">\n\t\t\t\t\t<span class=\"elementor-post-date\">\n\t\t\t12 de September de 2023\t\t<\/span>\n\t\t\t\t<\/div>\n\t\t\t\t\t<\/div>\n\t\t<\/article>\n\t\t\t\t<article class=\"elementor-post elementor-grid-item post-1883 post type-post status-publish format-standard hentry category-noticias\">\n\t\t\t<div class=\"elementor-post__card\">\n\t\t\t\t<div class=\"elementor-post__text\">\n\t\t\t\t<h2 class=\"elementor-post__title\">\n\t\t\t<a href=\"https:\/\/gijonbasket.com\/en\/2023\/09\/11\/mercado-de-fichajes-leb-plata-9\/\" >\n\t\t\t\tMercado de Fichajes LEB Plata\t\t\t<\/a>\n\t\t<\/h2>\n\t\t\t\t<div class=\"elementor-post__excerpt\">\n\t\t\t<p>Fundaci\u00f3n GlobalCaja La Roda : Fichajes de Charles Knowles (LBC Cocinas.com) y Pablo Bono (C.B. Puerto Sagunto). Maderas Sorl\u00ed Benicarl\u00f3 : Fichaje de \u00c1lvaro Mena<\/p>\n\t\t<\/div>\n\t\t\n\t\t<a class=\"elementor-post__read-more\" href=\"https:\/\/gijonbasket.com\/en\/2023\/09\/11\/mercado-de-fichajes-leb-plata-9\/\" aria-label=\"Read more about Mercado de Fichajes LEB Plata\" tabindex=\"-1\" >\n\t\t\tRead more &#034;\t\t<\/a>\n\n\t\t\t\t<\/div>\n\t\t\t\t<div class=\"elementor-post__meta-data\">\n\t\t\t\t\t<span class=\"elementor-post-date\">\n\t\t\t11 de September de 2023\t\t<\/span>\n\t\t\t\t<\/div>\n\t\t\t\t\t<\/div>\n\t\t<\/article>\n\t\t\t\t<article class=\"elementor-post elementor-grid-item post-1879 post type-post status-publish format-standard hentry category-noticias\">\n\t\t\t<div class=\"elementor-post__card\">\n\t\t\t\t<div class=\"elementor-post__text\">\n\t\t\t\t<h2 class=\"elementor-post__title\">\n\t\t\t<a href=\"https:\/\/gijonbasket.com\/en\/2023\/09\/10\/copa-del-mundo-2023-final-alemania-serbia-83-77\/\" >\n\t\t\t\tCopa del Mundo 2023. Final. Alemania &#8211; Serbia (83-77).\t\t\t<\/a>\n\t\t<\/h2>\n\t\t\t\t<div class=\"elementor-post__excerpt\">\n\t\t\t<p>Alemania Campe\u00f3n de la Copa del Mundo 2023, \u00fanico equipo invicto, superando en la Final a Serbia (83-77). Hist\u00f3rico primer t\u00edtulo para Alemania liderada por<\/p>\n\t\t<\/div>\n\t\t\n\t\t<a class=\"elementor-post__read-more\" href=\"https:\/\/gijonbasket.com\/en\/2023\/09\/10\/copa-del-mundo-2023-final-alemania-serbia-83-77\/\" aria-label=\"Read more about Copa del Mundo 2023. Final. Alemania &#8211; Serbia (83-77).\" tabindex=\"-1\" >\n\t\t\tRead more &#034;\t\t<\/a>\n\n\t\t\t\t<\/div>\n\t\t\t\t<div class=\"elementor-post__meta-data\">\n\t\t\t\t\t<span class=\"elementor-post-date\">\n\t\t\t10 de September de 2023\t\t<\/span>\n\t\t\t\t<\/div>\n\t\t\t\t\t<\/div>\n\t\t<\/article>\n\t\t\t\t<article class=\"elementor-post elementor-grid-item post-1877 post type-post status-publish format-standard hentry category-noticias\">\n\t\t\t<div class=\"elementor-post__card\">\n\t\t\t\t<div class=\"elementor-post__text\">\n\t\t\t\t<h2 class=\"elementor-post__title\">\n\t\t\t<a href=\"https:\/\/gijonbasket.com\/en\/2023\/09\/10\/copa-del-mundo-2023-tercer-y-cuarto-puesto-u-s-a-canada-118-127\/\" >\n\t\t\t\tCopa del Mundo 2023. Tercer y Cuarto Puesto. U.S.A. &#8211; Canad\u00e1 (118-127).\t\t\t<\/a>\n\t\t<\/h2>\n\t\t\t\t<div class=\"elementor-post__excerpt\">\n\t\t\t<p>Canad\u00e1 Medalla de Bronce de la Copa del Mundo 2023 tras superar en un espectacular partido resuelto tras pr\u00f3rroga a U.S.A. Canad\u00e1 hizo historia por<\/p>\n\t\t<\/div>\n\t\t\n\t\t<a class=\"elementor-post__read-more\" href=\"https:\/\/gijonbasket.com\/en\/2023\/09\/10\/copa-del-mundo-2023-tercer-y-cuarto-puesto-u-s-a-canada-118-127\/\" aria-label=\"Read more about Copa del Mundo 2023. Tercer y Cuarto Puesto. U.S.A. &#8211; Canad\u00e1 (118-127).\" tabindex=\"-1\" >\n\t\t\tRead more &#034;\t\t<\/a>\n\n\t\t\t\t<\/div>\n\t\t\t\t<div class=\"elementor-post__meta-data\">\n\t\t\t\t\t<span class=\"elementor-post-date\">\n\t\t\t10 de September de 2023\t\t<\/span>\n\t\t\t\t<\/div>\n\t\t\t\t\t<\/div>\n\t\t<\/article>\n\t\t\t\t<article class=\"elementor-post elementor-grid-item post-1874 post type-post status-publish format-standard hentry category-noticias\">\n\t\t\t<div class=\"elementor-post__card\">\n\t\t\t\t<div class=\"elementor-post__text\">\n\t\t\t\t<h2 class=\"elementor-post__title\">\n\t\t\t<a href=\"https:\/\/gijonbasket.com\/en\/2023\/09\/10\/copa-del-mundo-2023-final-tercer-y-cuarto-puesto\/\" >\n\t\t\t\tCopa del Mundo 2023. Final. Tercer y Cuarto Puesto.\t\t\t<\/a>\n\t\t<\/h2>\n\t\t\t\t<div class=\"elementor-post__excerpt\">\n\t\t\t<p>Final Encuentro Resultado Horario Alemania &#8211; Serbia 14:40 Tercer y Cuarto Puesto U.S.A. &#8211; Canad\u00e1 118 &#8211; 127Pr\u00f3rroga 10:30<\/p>\n\t\t<\/div>\n\t\t\n\t\t<a class=\"elementor-post__read-more\" href=\"https:\/\/gijonbasket.com\/en\/2023\/09\/10\/copa-del-mundo-2023-final-tercer-y-cuarto-puesto\/\" aria-label=\"Read more about Copa del Mundo 2023. Final. Tercer y Cuarto Puesto.\" tabindex=\"-1\" >\n\t\t\tRead more &#034;\t\t<\/a>\n\n\t\t\t\t<\/div>\n\t\t\t\t<div class=\"elementor-post__meta-data\">\n\t\t\t\t\t<span class=\"elementor-post-date\">\n\t\t\t10 de September de 2023\t\t<\/span>\n\t\t\t\t<\/div>\n\t\t\t\t\t<\/div>\n\t\t<\/article>\n\t\t\t\t<article class=\"elementor-post elementor-grid-item post-1871 post type-post status-publish format-standard hentry category-noticias\">\n\t\t\t<div class=\"elementor-post__card\">\n\t\t\t\t<div class=\"elementor-post__text\">\n\t\t\t\t<h2 class=\"elementor-post__title\">\n\t\t\t<a href=\"https:\/\/gijonbasket.com\/en\/2023\/09\/09\/copa-del-mundo-2023-clasificacion-5o-6o-letonia-lituania-98-63\/\" >\n\t\t\t\tCopa del Mundo 2023. Clasificaci\u00f3n 5\u00ba &#8211; 6\u00ba. Letonia &#8211; Lituania (98-63).\t\t\t<\/a>\n\t\t<\/h2>\n\t\t\t\t<div class=\"elementor-post__excerpt\">\n\t\t\t<p>Exhibici\u00f3n de Letonia, para cerrar su hist\u00f3rico debut en la Copa del Mundo con el quinto puesto, tras imponerse a Lituania (98-63). Lituania s\u00f3lo tuvo<\/p>\n\t\t<\/div>\n\t\t\n\t\t<a class=\"elementor-post__read-more\" href=\"https:\/\/gijonbasket.com\/en\/2023\/09\/09\/copa-del-mundo-2023-clasificacion-5o-6o-letonia-lituania-98-63\/\" aria-label=\"Read more about Copa del Mundo 2023. Clasificaci\u00f3n 5\u00ba &#8211; 6\u00ba. Letonia &#8211; Lituania (98-63).\" tabindex=\"-1\" >\n\t\t\tRead more &#034;\t\t<\/a>\n\n\t\t\t\t<\/div>\n\t\t\t\t<div class=\"elementor-post__meta-data\">\n\t\t\t\t\t<span class=\"elementor-post-date\">\n\t\t\t9 de September de 2023\t\t<\/span>\n\t\t\t\t<\/div>\n\t\t\t\t\t<\/div>\n\t\t<\/article>\n\t\t\t\t<article class=\"elementor-post elementor-grid-item post-1869 post type-post status-publish format-standard hentry category-noticias\">\n\t\t\t<div class=\"elementor-post__card\">\n\t\t\t\t<div class=\"elementor-post__text\">\n\t\t\t\t<h2 class=\"elementor-post__title\">\n\t\t\t<a href=\"https:\/\/gijonbasket.com\/en\/2023\/09\/09\/copa-del-mundo-2023-clasificacion-7o-8o-italia-eslovenia-85-89\/\" >\n\t\t\t\tCopa del Mundo 2023. Clasificaci\u00f3n 7\u00ba &#8211; 8\u00ba. Italia &#8211; Eslovenia (85-89).\t\t\t<\/a>\n\t\t<\/h2>\n\t\t\t\t<div class=\"elementor-post__excerpt\">\n\t\t\t<p>Eslovenia s\u00e9ptima clasificada de la Copa del Mundo tras superar a Italia (85-89). Primer cuarto dominado por Italia, salvo con la canasta inicial de Mike<\/p>\n\t\t<\/div>\n\t\t\n\t\t<a class=\"elementor-post__read-more\" href=\"https:\/\/gijonbasket.com\/en\/2023\/09\/09\/copa-del-mundo-2023-clasificacion-7o-8o-italia-eslovenia-85-89\/\" aria-label=\"Read more about Copa del Mundo 2023. Clasificaci\u00f3n 7\u00ba &#8211; 8\u00ba. Italia &#8211; Eslovenia (85-89).\" tabindex=\"-1\" >\n\t\t\tRead more &#034;\t\t<\/a>\n\n\t\t\t\t<\/div>\n\t\t\t\t<div class=\"elementor-post__meta-data\">\n\t\t\t\t\t<span class=\"elementor-post-date\">\n\t\t\t9 de September de 2023\t\t<\/span>\n\t\t\t\t<\/div>\n\t\t\t\t\t<\/div>\n\t\t<\/article>\n\t\t\t\t<article class=\"elementor-post elementor-grid-item post-1865 post type-post status-publish format-standard hentry category-noticias\">\n\t\t\t<div class=\"elementor-post__card\">\n\t\t\t\t<div class=\"elementor-post__text\">\n\t\t\t\t<h2 class=\"elementor-post__title\">\n\t\t\t<a href=\"https:\/\/gijonbasket.com\/en\/2023\/09\/09\/alimerka-oviedo-baloncesto-grupo-ureta-tizona-burgos-82-75\/\" >\n\t\t\t\tAlimerka Oviedo Baloncesto &#8211; Grupo Ureta Tizona Burgos (82-75)\t\t\t<\/a>\n\t\t<\/h2>\n\t\t\t\t<div class=\"elementor-post__excerpt\">\n\t\t\t<p>El Alimerka Oviedo Baloncesto estren\u00f3 la pretemporada 2023\/2024, ayer viernes, con victoria ante su afici\u00f3n superando al Grupo Ureta Tizona Burgos (82-75). El Alimerka Oviedo<\/p>\n\t\t<\/div>\n\t\t\n\t\t<a class=\"elementor-post__read-more\" href=\"https:\/\/gijonbasket.com\/en\/2023\/09\/09\/alimerka-oviedo-baloncesto-grupo-ureta-tizona-burgos-82-75\/\" aria-label=\"Read more about Alimerka Oviedo Baloncesto &#8211; Grupo Ureta Tizona Burgos (82-75)\" tabindex=\"-1\" >\n\t\t\tRead more &#034;\t\t<\/a>\n\n\t\t\t\t<\/div>\n\t\t\t\t<div class=\"elementor-post__meta-data\">\n\t\t\t\t\t<span class=\"elementor-post-date\">\n\t\t\t9 de September de 2023\t\t<\/span>\n\t\t\t\t<\/div>\n\t\t\t\t\t<\/div>\n\t\t<\/article>\n\t\t\t\t<article class=\"elementor-post elementor-grid-item post-1863 post type-post status-publish format-standard hentry category-noticias\">\n\t\t\t<div class=\"elementor-post__card\">\n\t\t\t\t<div class=\"elementor-post__text\">\n\t\t\t\t<h2 class=\"elementor-post__title\">\n\t\t\t<a href=\"https:\/\/gijonbasket.com\/en\/2023\/09\/09\/copa-del-mundo-2023-posiciones-7-8-posiciones-5-6-09-09-2023\/\" >\n\t\t\t\tCopa del Mundo 2023. Posiciones 7-8. Posiciones 5-6. 09\/09\/2023.\t\t\t<\/a>\n\t\t<\/h2>\n\t\t\t\t<div class=\"elementor-post__excerpt\">\n\t\t\t<p>Posiciones 7 &#8211; 8 Encuentro Resultado Horario Italia &#8211; Eslovenia 85 &#8211; 89 10:45 Posiciones 5 &#8211; 6 Letonia &#8211; Lituania 98 &#8211; 63 14:30<\/p>\n\t\t<\/div>\n\t\t\n\t\t<a class=\"elementor-post__read-more\" href=\"https:\/\/gijonbasket.com\/en\/2023\/09\/09\/copa-del-mundo-2023-posiciones-7-8-posiciones-5-6-09-09-2023\/\" aria-label=\"Read more about Copa del Mundo 2023. Posiciones 7-8. Posiciones 5-6. 09\/09\/2023.\" tabindex=\"-1\" >\n\t\t\tRead more &#034;\t\t<\/a>\n\n\t\t\t\t<\/div>\n\t\t\t\t<div class=\"elementor-post__meta-data\">\n\t\t\t\t\t<span class=\"elementor-post-date\">\n\t\t\t9 de September de 2023\t\t<\/span>\n\t\t\t\t<\/div>\n\t\t\t\t\t<\/div>\n\t\t<\/article>\n\t\t\t\t<article class=\"elementor-post elementor-grid-item post-1861 post type-post status-publish format-standard hentry category-noticias\">\n\t\t\t<div class=\"elementor-post__card\">\n\t\t\t\t<div class=\"elementor-post__text\">\n\t\t\t\t<h2 class=\"elementor-post__title\">\n\t\t\t<a href=\"https:\/\/gijonbasket.com\/en\/2023\/09\/08\/copa-del-mundo-2023-semifinal-u-s-a-alemania-111-113\/\" >\n\t\t\t\tCopa del Mundo 2023. Semifinal. U.S.A. &#8211; Alemania (111-113)\t\t\t<\/a>\n\t\t<\/h2>\n\t\t\t\t<div class=\"elementor-post__excerpt\">\n\t\t\t<p>Hist\u00f3rica victoria de Alemania, logrando su clasificaci\u00f3n para la Final de la Copa del Mundo, unido al fracaso de U.S.A. por su eliminaci\u00f3n. Alemania \u00fanico<\/p>\n\t\t<\/div>\n\t\t\n\t\t<a class=\"elementor-post__read-more\" href=\"https:\/\/gijonbasket.com\/en\/2023\/09\/08\/copa-del-mundo-2023-semifinal-u-s-a-alemania-111-113\/\" aria-label=\"Read more about Copa del Mundo 2023. Semifinal. U.S.A. &#8211; Alemania (111-113)\" tabindex=\"-1\" >\n\t\t\tRead more &#034;\t\t<\/a>\n\n\t\t\t\t<\/div>\n\t\t\t\t<div class=\"elementor-post__meta-data\">\n\t\t\t\t\t<span class=\"elementor-post-date\">\n\t\t\t8 de September de 2023\t\t<\/span>\n\t\t\t\t<\/div>\n\t\t\t\t\t<\/div>\n\t\t<\/article>\n\t\t\t\t<article class=\"elementor-post elementor-grid-item post-1856 post type-post status-publish format-standard hentry category-noticias\">\n\t\t\t<div class=\"elementor-post__card\">\n\t\t\t\t<div class=\"elementor-post__text\">\n\t\t\t\t<h2 class=\"elementor-post__title\">\n\t\t\t<a href=\"https:\/\/gijonbasket.com\/en\/2023\/09\/08\/copa-del-mundo-2023-semifinal-serbia-canada-95-86\/\" >\n\t\t\t\tCopa del Mundo 2023. Semifinal. Serbia &#8211; Canad\u00e1 (95-86)\t\t\t<\/a>\n\t\t<\/h2>\n\t\t\t\t<div class=\"elementor-post__excerpt\">\n\t\t\t<p>Serbia a la Final de la Copa del Mundo tras superar a Canad\u00e1 (95-86) con recital de Bogdan Bogdanovic (23 puntos). Canad\u00e1 s\u00f3lo dispuso de<\/p>\n\t\t<\/div>\n\t\t\n\t\t<a class=\"elementor-post__read-more\" href=\"https:\/\/gijonbasket.com\/en\/2023\/09\/08\/copa-del-mundo-2023-semifinal-serbia-canada-95-86\/\" aria-label=\"Read more about Copa del Mundo 2023. Semifinal. Serbia &#8211; Canad\u00e1 (95-86)\" tabindex=\"-1\" >\n\t\t\tRead more &#034;\t\t<\/a>\n\n\t\t\t\t<\/div>\n\t\t\t\t<div class=\"elementor-post__meta-data\">\n\t\t\t\t\t<span class=\"elementor-post-date\">\n\t\t\t8 de September de 2023\t\t<\/span>\n\t\t\t\t<\/div>\n\t\t\t\t\t<\/div>\n\t\t<\/article>\n\t\t\t\t<article class=\"elementor-post elementor-grid-item post-1848 post type-post status-publish format-standard hentry category-exclusivas\">\n\t\t\t<div class=\"elementor-post__card\">\n\t\t\t\t<div class=\"elementor-post__text\">\n\t\t\t\t<h2 class=\"elementor-post__title\">\n\t\t\t<a href=\"https:\/\/gijonbasket.com\/en\/2023\/09\/08\/mercado-de-fichajes-liga-endesa-13\/\" >\n\t\t\t\tMercado de Fichajes Liga Endesa\t\t\t<\/a>\n\t\t<\/h2>\n\t\t\t\t<div class=\"elementor-post__excerpt\">\n\t\t\t<p>MoraBanc Andorra : Renovaci\u00f3n de contrato a Natxo Lezkano como t\u00e9cnico del conjunto andorrano hasta el final de la temporada 2024\/2025. La pasada temporada se<\/p>\n\t\t<\/div>\n\t\t\n\t\t<a class=\"elementor-post__read-more\" href=\"https:\/\/gijonbasket.com\/en\/2023\/09\/08\/mercado-de-fichajes-liga-endesa-13\/\" aria-label=\"Read more about Mercado de Fichajes Liga Endesa\" tabindex=\"-1\" >\n\t\t\tRead more &#034;\t\t<\/a>\n\n\t\t\t\t<\/div>\n\t\t\t\t<div class=\"elementor-post__meta-data\">\n\t\t\t\t\t<span class=\"elementor-post-date\">\n\t\t\t8 de September de 2023\t\t<\/span>\n\t\t\t\t<\/div>\n\t\t\t\t\t<\/div>\n\t\t<\/article>\n\t\t\t\t<article class=\"elementor-post elementor-grid-item post-1846 post type-post status-publish format-standard hentry category-noticias\">\n\t\t\t<div class=\"elementor-post__card\">\n\t\t\t\t<div class=\"elementor-post__text\">\n\t\t\t\t<h2 class=\"elementor-post__title\">\n\t\t\t<a href=\"https:\/\/gijonbasket.com\/en\/2023\/09\/08\/mercado-de-fichajes-leb-oro-20\/\" >\n\t\t\t\tMercado de Fichajes LEB Oro\t\t\t<\/a>\n\t\t<\/h2>\n\t\t\t\t<div class=\"elementor-post__excerpt\">\n\t\t\t<p>Melilla Ciudad del Deporte : Fichajes de Maodo Nguirane (Casademont Zaragoza) y Rokas Gadiliauskas (Tallinna Kalev). Guuk Gipuzkoa Basket : Fichaje de Alexander Marcius (Grupo<\/p>\n\t\t<\/div>\n\t\t\n\t\t<a class=\"elementor-post__read-more\" href=\"https:\/\/gijonbasket.com\/en\/2023\/09\/08\/mercado-de-fichajes-leb-oro-20\/\" aria-label=\"Read more about Mercado de Fichajes LEB Oro\" tabindex=\"-1\" >\n\t\t\tRead more &#034;\t\t<\/a>\n\n\t\t\t\t<\/div>\n\t\t\t\t<div class=\"elementor-post__meta-data\">\n\t\t\t\t\t<span class=\"elementor-post-date\">\n\t\t\t8 de September de 2023\t\t<\/span>\n\t\t\t\t<\/div>\n\t\t\t\t\t<\/div>\n\t\t<\/article>\n\t\t\t\t<article class=\"elementor-post elementor-grid-item post-1844 post type-post status-publish format-standard hentry category-noticias\">\n\t\t\t<div class=\"elementor-post__card\">\n\t\t\t\t<div class=\"elementor-post__text\">\n\t\t\t\t<h2 class=\"elementor-post__title\">\n\t\t\t<a href=\"https:\/\/gijonbasket.com\/en\/2023\/09\/08\/copa-del-mundo-2023-semifinales\/\" >\n\t\t\t\tCopa del Mundo 2023. Semifinales.\t\t\t<\/a>\n\t\t<\/h2>\n\t\t\t\t<div class=\"elementor-post__excerpt\">\n\t\t\t<p>Semifinales &#8211; 08\/09\/2023 Encuentro Resultado Horario Serbia &#8211; Canad\u00e1 95 &#8211; 86 10:45 U.S.A.-Alemania 14:40<\/p>\n\t\t<\/div>\n\t\t\n\t\t<a class=\"elementor-post__read-more\" href=\"https:\/\/gijonbasket.com\/en\/2023\/09\/08\/copa-del-mundo-2023-semifinales\/\" aria-label=\"Read more about Copa del Mundo 2023. Semifinales.\" tabindex=\"-1\" >\n\t\t\tRead more &#034;\t\t<\/a>\n\n\t\t\t\t<\/div>\n\t\t\t\t<div class=\"elementor-post__meta-data\">\n\t\t\t\t\t<span class=\"elementor-post-date\">\n\t\t\t8 de September de 2023\t\t<\/span>\n\t\t\t\t<\/div>\n\t\t\t\t\t<\/div>\n\t\t<\/article>\n\t\t\t\t<article class=\"elementor-post elementor-grid-item post-1840 post type-post status-publish format-standard hentry category-noticias\">\n\t\t\t<div class=\"elementor-post__card\">\n\t\t\t\t<div class=\"elementor-post__text\">\n\t\t\t\t<h2 class=\"elementor-post__title\">\n\t\t\t<a href=\"https:\/\/gijonbasket.com\/en\/2023\/09\/07\/copa-del-mundo-2023-clasificacion-5o-8o-lituania-eslovenia-100-84\/\" >\n\t\t\t\tCopa del Mundo 2023. Clasificaci\u00f3n 5\u00ba &#8211; 8\u00ba. Lituania &#8211; Eslovenia (100-84).\t\t\t<\/a>\n\t\t<\/h2>\n\t\t\t\t<div class=\"elementor-post__excerpt\">\n\t\t\t<p>Lituania super\u00f3 con facilidad a Eslovenia en un encuentro encarrilado desde el primer cuarto. Eslovenia s\u00f3lo tuvo tres puntuales ventajas en el primer cuarto (2-3;<\/p>\n\t\t<\/div>\n\t\t\n\t\t<a class=\"elementor-post__read-more\" href=\"https:\/\/gijonbasket.com\/en\/2023\/09\/07\/copa-del-mundo-2023-clasificacion-5o-8o-lituania-eslovenia-100-84\/\" aria-label=\"Read more about Copa del Mundo 2023. Clasificaci\u00f3n 5\u00ba &#8211; 8\u00ba. Lituania &#8211; Eslovenia (100-84).\" tabindex=\"-1\" >\n\t\t\tRead more &#034;\t\t<\/a>\n\n\t\t\t\t<\/div>\n\t\t\t\t<div class=\"elementor-post__meta-data\">\n\t\t\t\t\t<span class=\"elementor-post-date\">\n\t\t\t7 de September de 2023\t\t<\/span>\n\t\t\t\t<\/div>\n\t\t\t\t\t<\/div>\n\t\t<\/article>\n\t\t\t\t<article class=\"elementor-post elementor-grid-item post-1837 post type-post status-publish format-standard hentry category-noticias\">\n\t\t\t<div class=\"elementor-post__card\">\n\t\t\t\t<div class=\"elementor-post__text\">\n\t\t\t\t<h2 class=\"elementor-post__title\">\n\t\t\t<a href=\"https:\/\/gijonbasket.com\/en\/2023\/09\/07\/copa-del-mundo-2023-clasificacion-5o-8o-italia-letonia-82-87\/\" >\n\t\t\t\tCopa del Mundo 2023. Clasificaci\u00f3n 5\u00ba &#8211; 8\u00ba. Italia &#8211; Letonia (82-87).\t\t\t<\/a>\n\t\t<\/h2>\n\t\t\t\t<div class=\"elementor-post__excerpt\">\n\t\t\t<p>Victoria de Letonia sobre Italia en un encuentro donde el conjunto let\u00f3n fue de menos a m\u00e1s liderado por un plet\u00f3rico Andrejs Grazulis (28 puntos;<\/p>\n\t\t<\/div>\n\t\t\n\t\t<a class=\"elementor-post__read-more\" href=\"https:\/\/gijonbasket.com\/en\/2023\/09\/07\/copa-del-mundo-2023-clasificacion-5o-8o-italia-letonia-82-87\/\" aria-label=\"Read more about Copa del Mundo 2023. Clasificaci\u00f3n 5\u00ba &#8211; 8\u00ba. Italia &#8211; Letonia (82-87).\" tabindex=\"-1\" >\n\t\t\tRead more &#034;\t\t<\/a>\n\n\t\t\t\t<\/div>\n\t\t\t\t<div class=\"elementor-post__meta-data\">\n\t\t\t\t\t<span class=\"elementor-post-date\">\n\t\t\t7 de September de 2023\t\t<\/span>\n\t\t\t\t<\/div>\n\t\t\t\t\t<\/div>\n\t\t<\/article>\n\t\t\t\t<article class=\"elementor-post elementor-grid-item post-1829 post type-post status-publish format-standard hentry category-noticias\">\n\t\t\t<div class=\"elementor-post__card\">\n\t\t\t\t<div class=\"elementor-post__text\">\n\t\t\t\t<h2 class=\"elementor-post__title\">\n\t\t\t<a href=\"https:\/\/gijonbasket.com\/en\/2023\/09\/07\/copa-del-mundo-2023-posiciones-5-8-07-09-2023\/\" >\n\t\t\t\tCopa del Mundo 2023. Posiciones 5-8. 07\/09\/2023.\t\t\t<\/a>\n\t\t<\/h2>\n\t\t\t\t<div class=\"elementor-post__excerpt\">\n\t\t\t<p>Encuentro Resultado Horario Italia &#8211; Letonia 82 &#8211; 87 10:45 Lituania &#8211; Eslovenia 100 &#8211; 84 14:30<\/p>\n\t\t<\/div>\n\t\t\n\t\t<a class=\"elementor-post__read-more\" href=\"https:\/\/gijonbasket.com\/en\/2023\/09\/07\/copa-del-mundo-2023-posiciones-5-8-07-09-2023\/\" aria-label=\"Read more about Copa del Mundo 2023. Posiciones 5-8. 07\/09\/2023.\" tabindex=\"-1\" >\n\t\t\tRead more &#034;\t\t<\/a>\n\n\t\t\t\t<\/div>\n\t\t\t\t<div class=\"elementor-post__meta-data\">\n\t\t\t\t\t<span class=\"elementor-post-date\">\n\t\t\t7 de September de 2023\t\t<\/span>\n\t\t\t\t<\/div>\n\t\t\t\t\t<\/div>\n\t\t<\/article>\n\t\t\t\t<article class=\"elementor-post elementor-grid-item post-1827 post type-post status-publish format-standard hentry category-noticias\">\n\t\t\t<div class=\"elementor-post__card\">\n\t\t\t\t<div class=\"elementor-post__text\">\n\t\t\t\t<h2 class=\"elementor-post__title\">\n\t\t\t<a href=\"https:\/\/gijonbasket.com\/en\/2023\/09\/06\/copa-del-mundo-2023-cuartos-de-final-canada-eslovenia-100-89\/\" >\n\t\t\t\tCopa del Mundo 2023. Cuartos de Final. Canad\u00e1 &#8211; Eslovenia (100-89).\t\t\t<\/a>\n\t\t<\/h2>\n\t\t\t\t<div class=\"elementor-post__excerpt\">\n\t\t\t<p>Canad\u00e1 hizo historia con su clasificaci\u00f3n para Semifinales superando a Eslovenia. Primera mitad de gran igualdad (50-50). Canad\u00e1 sentenci\u00f3 en la segunda (50-39) de la<\/p>\n\t\t<\/div>\n\t\t\n\t\t<a class=\"elementor-post__read-more\" href=\"https:\/\/gijonbasket.com\/en\/2023\/09\/06\/copa-del-mundo-2023-cuartos-de-final-canada-eslovenia-100-89\/\" aria-label=\"Read more about Copa del Mundo 2023. Cuartos de Final. Canad\u00e1 &#8211; Eslovenia (100-89).\" tabindex=\"-1\" >\n\t\t\tRead more &#034;\t\t<\/a>\n\n\t\t\t\t<\/div>\n\t\t\t\t<div class=\"elementor-post__meta-data\">\n\t\t\t\t\t<span class=\"elementor-post-date\">\n\t\t\t6 de September de 2023\t\t<\/span>\n\t\t\t\t<\/div>\n\t\t\t\t\t<\/div>\n\t\t<\/article>\n\t\t\t\t<article class=\"elementor-post elementor-grid-item post-1825 post type-post status-publish format-standard hentry category-noticias\">\n\t\t\t<div class=\"elementor-post__card\">\n\t\t\t\t<div class=\"elementor-post__text\">\n\t\t\t\t<h2 class=\"elementor-post__title\">\n\t\t\t<a href=\"https:\/\/gijonbasket.com\/en\/2023\/09\/06\/copa-del-mundo-2023-cuartos-de-final-alemania-estonia-81-79\/\" >\n\t\t\t\tCopa del Mundo 2023. Cuartos de Final. Alemania &#8211; Estonia (81-79).\t\t\t<\/a>\n\t\t<\/h2>\n\t\t\t\t<div class=\"elementor-post__excerpt\">\n\t\t\t<p>Alemania y Letonia protagonizaron el encuentro m\u00e1s igualado de los Cuartos de Final de la Copa del Mundo 2023. Alemania \u00fanico equipo invicto del torneo<\/p>\n\t\t<\/div>\n\t\t\n\t\t<a class=\"elementor-post__read-more\" href=\"https:\/\/gijonbasket.com\/en\/2023\/09\/06\/copa-del-mundo-2023-cuartos-de-final-alemania-estonia-81-79\/\" aria-label=\"Read more about Copa del Mundo 2023. Cuartos de Final. Alemania &#8211; Estonia (81-79).\" tabindex=\"-1\" >\n\t\t\tRead more &#034;\t\t<\/a>\n\n\t\t\t\t<\/div>\n\t\t\t\t<div class=\"elementor-post__meta-data\">\n\t\t\t\t\t<span class=\"elementor-post-date\">\n\t\t\t6 de September de 2023\t\t<\/span>\n\t\t\t\t<\/div>\n\t\t\t\t\t<\/div>\n\t\t<\/article>\n\t\t\t\t<article class=\"elementor-post elementor-grid-item post-1822 post type-post status-publish format-standard hentry category-noticias\">\n\t\t\t<div class=\"elementor-post__card\">\n\t\t\t\t<div class=\"elementor-post__text\">\n\t\t\t\t<h2 class=\"elementor-post__title\">\n\t\t\t<a href=\"https:\/\/gijonbasket.com\/en\/2023\/09\/06\/copa-del-mundo-2023-cuartos-de-final-06-09-2023\/\" >\n\t\t\t\tCopa del Mundo 2023. Cuartos de Final. 06\/09\/2023.\t\t\t<\/a>\n\t\t<\/h2>\n\t\t\t\t<div class=\"elementor-post__excerpt\">\n\t\t\t<p>Encuentro Resultado Horario Alemania &#8211; Letonia 81 &#8211; 79 10:45 Canad\u00e1 &#8211; Eslovenia 100 &#8211; 89 14:30<\/p>\n\t\t<\/div>\n\t\t\n\t\t<a class=\"elementor-post__read-more\" href=\"https:\/\/gijonbasket.com\/en\/2023\/09\/06\/copa-del-mundo-2023-cuartos-de-final-06-09-2023\/\" aria-label=\"Read more about Copa del Mundo 2023. Cuartos de Final. 06\/09\/2023.\" tabindex=\"-1\" >\n\t\t\tRead more &#034;\t\t<\/a>\n\n\t\t\t\t<\/div>\n\t\t\t\t<div class=\"elementor-post__meta-data\">\n\t\t\t\t\t<span class=\"elementor-post-date\">\n\t\t\t6 de September de 2023\t\t<\/span>\n\t\t\t\t<\/div>\n\t\t\t\t\t<\/div>\n\t\t<\/article>\n\t\t\t\t<article class=\"elementor-post elementor-grid-item post-1820 post type-post status-publish format-standard hentry category-noticias\">\n\t\t\t<div class=\"elementor-post__card\">\n\t\t\t\t<div class=\"elementor-post__text\">\n\t\t\t\t<h2 class=\"elementor-post__title\">\n\t\t\t<a href=\"https:\/\/gijonbasket.com\/en\/2023\/09\/05\/copa-del-mundo-2023-cuartos-de-final-italia-u-s-a-63-100\/\" >\n\t\t\t\tCopa del Mundo 2023. Cuartos de Final. Italia &#8211; U.S.A. (63-100).\t\t\t<\/a>\n\t\t<\/h2>\n\t\t\t\t<div class=\"elementor-post__excerpt\">\n\t\t\t<p>U.S.A. arroll\u00f3 a Italia (63-100) para obtener su clasificaci\u00f3n para las Semifinales de la Copa del Mundo. Italia s\u00f3lo dispuso de una m\u00ednima ventaja (6-4)<\/p>\n\t\t<\/div>\n\t\t\n\t\t<a class=\"elementor-post__read-more\" href=\"https:\/\/gijonbasket.com\/en\/2023\/09\/05\/copa-del-mundo-2023-cuartos-de-final-italia-u-s-a-63-100\/\" aria-label=\"Read more about Copa del Mundo 2023. Cuartos de Final. Italia &#8211; U.S.A. (63-100).\" tabindex=\"-1\" >\n\t\t\tRead more &#034;\t\t<\/a>\n\n\t\t\t\t<\/div>\n\t\t\t\t<div class=\"elementor-post__meta-data\">\n\t\t\t\t\t<span class=\"elementor-post-date\">\n\t\t\t5 de September de 2023\t\t<\/span>\n\t\t\t\t<\/div>\n\t\t\t\t\t<\/div>\n\t\t<\/article>\n\t\t\t\t<article class=\"elementor-post elementor-grid-item post-1818 post type-post status-publish format-standard hentry category-noticias\">\n\t\t\t<div class=\"elementor-post__card\">\n\t\t\t\t<div class=\"elementor-post__text\">\n\t\t\t\t<h2 class=\"elementor-post__title\">\n\t\t\t<a href=\"https:\/\/gijonbasket.com\/en\/2023\/09\/05\/copa-del-mundo-2023-cuartos-de-final-lituania-serbia-68-87\/\" >\n\t\t\t\tCopa del Mundo 2023. Cuartos de Final. Lituania &#8211; Serbia (68-87)\t\t\t<\/a>\n\t\t<\/h2>\n\t\t\t\t<div class=\"elementor-post__excerpt\">\n\t\t\t<p>Serbia liderada por Bogdan Bogdanovic (21 puntos), Filip Petrusev (17 puntos; 6 rebotes) y Stefan Jovic (11 puntos), despleg\u00f3 su mejor nivel de juego del<\/p>\n\t\t<\/div>\n\t\t\n\t\t<a class=\"elementor-post__read-more\" href=\"https:\/\/gijonbasket.com\/en\/2023\/09\/05\/copa-del-mundo-2023-cuartos-de-final-lituania-serbia-68-87\/\" aria-label=\"Read more about Copa del Mundo 2023. Cuartos de Final. Lituania &#8211; Serbia (68-87)\" tabindex=\"-1\" >\n\t\t\tRead more &#034;\t\t<\/a>\n\n\t\t\t\t<\/div>\n\t\t\t\t<div class=\"elementor-post__meta-data\">\n\t\t\t\t\t<span class=\"elementor-post-date\">\n\t\t\t5 de September de 2023\t\t<\/span>\n\t\t\t\t<\/div>\n\t\t\t\t\t<\/div>\n\t\t<\/article>\n\t\t\t\t<article class=\"elementor-post elementor-grid-item post-1813 post type-post status-publish format-standard hentry category-noticias\">\n\t\t\t<div class=\"elementor-post__card\">\n\t\t\t\t<div class=\"elementor-post__text\">\n\t\t\t\t<h2 class=\"elementor-post__title\">\n\t\t\t<a href=\"https:\/\/gijonbasket.com\/en\/2023\/09\/05\/copa-del-mundo-2023-cuartos-de-final-05-09-2023\/\" >\n\t\t\t\tCopa del Mundo 2023. Cuartos de Final. 05\/09\/2023.\t\t\t<\/a>\n\t\t<\/h2>\n\t\t\t\t<div class=\"elementor-post__excerpt\">\n\t\t\t<p>Encuentro Resultado Horario Lituania &#8211; Serbia 68 &#8211; 87 10:45 Italia &#8211; U.S.A. 63 &#8211; 100 14:40<\/p>\n\t\t<\/div>\n\t\t\n\t\t<a class=\"elementor-post__read-more\" href=\"https:\/\/gijonbasket.com\/en\/2023\/09\/05\/copa-del-mundo-2023-cuartos-de-final-05-09-2023\/\" aria-label=\"Read more about Copa del Mundo 2023. Cuartos de Final. 05\/09\/2023.\" tabindex=\"-1\" >\n\t\t\tRead more &#034;\t\t<\/a>\n\n\t\t\t\t<\/div>\n\t\t\t\t<div class=\"elementor-post__meta-data\">\n\t\t\t\t\t<span class=\"elementor-post-date\">\n\t\t\t5 de September de 2023\t\t<\/span>\n\t\t\t\t<\/div>\n\t\t\t\t\t<\/div>\n\t\t<\/article>\n\t\t\t\t<article class=\"elementor-post elementor-grid-item post-1808 post type-post status-publish format-standard hentry category-noticias\">\n\t\t\t<div class=\"elementor-post__card\">\n\t\t\t\t<div class=\"elementor-post__text\">\n\t\t\t\t<h2 class=\"elementor-post__title\">\n\t\t\t<a href=\"https:\/\/gijonbasket.com\/en\/2023\/09\/04\/krasimir-marinchevski-cierra-la-plantilla-de-tartiere-auto-gijon-basket-2023-2024\/\" >\n\t\t\t\tKrasimir Marinchevski cierra la plantilla de Tartiere Auto Gij\u00f3n Basket 2023\/2024\t\t\t<\/a>\n\t\t<\/h2>\n\t\t\t\t<div class=\"elementor-post__excerpt\">\n\t\t\t<p>Despu\u00e9s de la exclusiva de www.gijonbasket.com sobre la llegada a Gij\u00f3n de Krasimir Marinchevski la pasada madrugada. Tartiere Auto Gij\u00f3n Basket oficializ\u00f3 esta ma\u00f1ana su<\/p>\n\t\t<\/div>\n\t\t\n\t\t<a class=\"elementor-post__read-more\" href=\"https:\/\/gijonbasket.com\/en\/2023\/09\/04\/krasimir-marinchevski-cierra-la-plantilla-de-tartiere-auto-gijon-basket-2023-2024\/\" aria-label=\"Read more about Krasimir Marinchevski cierra la plantilla de Tartiere Auto Gij\u00f3n Basket 2023\/2024\" tabindex=\"-1\" >\n\t\t\tRead more &#034;\t\t<\/a>\n\n\t\t\t\t<\/div>\n\t\t\t\t<div class=\"elementor-post__meta-data\">\n\t\t\t\t\t<span class=\"elementor-post-date\">\n\t\t\t4 de September de 2023\t\t<\/span>\n\t\t\t\t<\/div>\n\t\t\t\t\t<\/div>\n\t\t<\/article>\n\t\t\t\t<article class=\"elementor-post elementor-grid-item post-1806 post type-post status-publish format-standard hentry category-noticias\">\n\t\t\t<div class=\"elementor-post__card\">\n\t\t\t\t<div class=\"elementor-post__text\">\n\t\t\t\t<h2 class=\"elementor-post__title\">\n\t\t\t<a href=\"https:\/\/gijonbasket.com\/en\/2023\/09\/04\/sidao-santana-1983-2023\/\" >\n\t\t\t\tSidao Santana (1983-2023)\t\t\t<\/a>\n\t\t<\/h2>\n\t\t\t\t<div class=\"elementor-post__excerpt\">\n\t\t\t<p>El mundo del baloncesto vuelve a te\u00f1irse de luto con el fallecimiento ayer domingo de Sidao Santana. Ex-p\u00edvot brasile\u00f1o de 40 a\u00f1os y 2.15 m.<\/p>\n\t\t<\/div>\n\t\t\n\t\t<a class=\"elementor-post__read-more\" href=\"https:\/\/gijonbasket.com\/en\/2023\/09\/04\/sidao-santana-1983-2023\/\" aria-label=\"Read more about Sidao Santana (1983-2023)\" tabindex=\"-1\" >\n\t\t\tRead more &#034;\t\t<\/a>\n\n\t\t\t\t<\/div>\n\t\t\t\t<div class=\"elementor-post__meta-data\">\n\t\t\t\t\t<span class=\"elementor-post-date\">\n\t\t\t4 de September de 2023\t\t<\/span>\n\t\t\t\t<\/div>\n\t\t\t\t\t<\/div>\n\t\t<\/article>\n\t\t\t\t<article class=\"elementor-post elementor-grid-item post-1804 post type-post status-publish format-standard hentry category-exclusivas category-noticias\">\n\t\t\t<div class=\"elementor-post__card\">\n\t\t\t\t<div class=\"elementor-post__text\">\n\t\t\t\t<h2 class=\"elementor-post__title\">\n\t\t\t<a href=\"https:\/\/gijonbasket.com\/en\/2023\/09\/04\/krasimir-marinchevski-ya-esta-en-gijon\/\" >\n\t\t\t\tKrasimir Marinchevski ya est\u00e1 en Gij\u00f3n\t\t\t<\/a>\n\t\t<\/h2>\n\t\t\t\t<div class=\"elementor-post__excerpt\">\n\t\t\t<p>Desde www.gijonbasket.com, adelantamos en exclusiva, que Krasimir Marinchevski ya est\u00e1 en Gij\u00f3n. Pasada la medianoche aterriz\u00f3 el vuelo procedente de Mil\u00e1n, en el que ven\u00eda<\/p>\n\t\t<\/div>\n\t\t\n\t\t<a class=\"elementor-post__read-more\" href=\"https:\/\/gijonbasket.com\/en\/2023\/09\/04\/krasimir-marinchevski-ya-esta-en-gijon\/\" aria-label=\"Read more about Krasimir Marinchevski ya est\u00e1 en Gij\u00f3n\" tabindex=\"-1\" >\n\t\t\tRead more &#034;\t\t<\/a>\n\n\t\t\t\t<\/div>\n\t\t\t\t<div class=\"elementor-post__meta-data\">\n\t\t\t\t\t<span class=\"elementor-post-date\">\n\t\t\t4 de September de 2023\t\t<\/span>\n\t\t\t\t<\/div>\n\t\t\t\t\t<\/div>\n\t\t<\/article>\n\t\t\t\t<article class=\"elementor-post elementor-grid-item post-1799 post type-post status-publish format-standard hentry category-noticias\">\n\t\t\t<div class=\"elementor-post__card\">\n\t\t\t\t<div class=\"elementor-post__text\">\n\t\t\t\t<h2 class=\"elementor-post__title\">\n\t\t\t<a href=\"https:\/\/gijonbasket.com\/en\/2023\/09\/03\/copa-del-mundo-2023-segunda-fase-jornada-2-grupo-l-espana-canada-85-88\/\" >\n\t\t\t\tCopa del Mundo 2023. Segunda Fase. Jornada 2. Grupo L. Espa\u00f1a &#8211; Canad\u00e1 (85-88).\t\t\t<\/a>\n\t\t<\/h2>\n\t\t\t\t<div class=\"elementor-post__excerpt\">\n\t\t\t<p>Adi\u00f3s de Espa\u00f1a a la Copa del Mundo tras la derrota ante Canad\u00e1 (85-88). El actual campe\u00f3n cede su corona sin poder acceder a Cuartos<\/p>\n\t\t<\/div>\n\t\t\n\t\t<a class=\"elementor-post__read-more\" href=\"https:\/\/gijonbasket.com\/en\/2023\/09\/03\/copa-del-mundo-2023-segunda-fase-jornada-2-grupo-l-espana-canada-85-88\/\" aria-label=\"Read more about Copa del Mundo 2023. Segunda Fase. Jornada 2. Grupo L. Espa\u00f1a &#8211; Canad\u00e1 (85-88).\" tabindex=\"-1\" >\n\t\t\tRead more &#034;\t\t<\/a>\n\n\t\t\t\t<\/div>\n\t\t\t\t<div class=\"elementor-post__meta-data\">\n\t\t\t\t\t<span class=\"elementor-post-date\">\n\t\t\t3 de September de 2023\t\t<\/span>\n\t\t\t\t<\/div>\n\t\t\t\t\t<\/div>\n\t\t<\/article>\n\t\t\t\t<article class=\"elementor-post elementor-grid-item post-1781 post type-post status-publish format-standard hentry category-noticias\">\n\t\t\t<div class=\"elementor-post__card\">\n\t\t\t\t<div class=\"elementor-post__text\">\n\t\t\t\t<h2 class=\"elementor-post__title\">\n\t\t\t<a href=\"https:\/\/gijonbasket.com\/en\/2023\/09\/03\/copa-del-mundo-2023-segunda-fase-jornada-2-grupos-i-j-k-l\/\" >\n\t\t\t\tCopa del Mundo 2023. Segunda Fase. Jornada 2. Grupos I-J-K-L.\t\t\t<\/a>\n\t\t<\/h2>\n\t\t\t\t<div class=\"elementor-post__excerpt\">\n\t\t\t<p>Jornada 1 &#8211; Viernes 1 Septiembre 2023 Grupo Encuentro Resultado Horario I Italia &#8211; Puerto Rico 73 &#8211; 57 10:00 I Rep\u00fablica Dominicana &#8211; Serbia<\/p>\n\t\t<\/div>\n\t\t\n\t\t<a class=\"elementor-post__read-more\" href=\"https:\/\/gijonbasket.com\/en\/2023\/09\/03\/copa-del-mundo-2023-segunda-fase-jornada-2-grupos-i-j-k-l\/\" aria-label=\"Read more about Copa del Mundo 2023. Segunda Fase. Jornada 2. Grupos I-J-K-L.\" tabindex=\"-1\" >\n\t\t\tRead more &#034;\t\t<\/a>\n\n\t\t\t\t<\/div>\n\t\t\t\t<div class=\"elementor-post__meta-data\">\n\t\t\t\t\t<span class=\"elementor-post-date\">\n\t\t\t3 de September de 2023\t\t<\/span>\n\t\t\t\t<\/div>\n\t\t\t\t\t<\/div>\n\t\t<\/article>\n\t\t\t\t<article class=\"elementor-post elementor-grid-item post-1791 post type-post status-publish format-standard hentry category-noticias\">\n\t\t\t<div class=\"elementor-post__card\">\n\t\t\t\t<div class=\"elementor-post__text\">\n\t\t\t\t<h2 class=\"elementor-post__title\">\n\t\t\t<a href=\"https:\/\/gijonbasket.com\/en\/2023\/09\/02\/adba-sanfer-calendario-pretemporada-2023-2024\/\" >\n\t\t\t\tADBA-Sanfer Calendario Pretemporada 2023\/2024\t\t\t<\/a>\n\t\t<\/h2>\n\t\t\t\t<div class=\"elementor-post__excerpt\">\n\t\t\t<p>ADBA-Sanfer ya conoce su Calendario de Pretemporada en la que ser\u00e1 su regreso a Liga Femenina 2. 4 encuentros de pretemporada. Domingo 10 Septiembre &#8211;<\/p>\n\t\t<\/div>\n\t\t\n\t\t<a class=\"elementor-post__read-more\" href=\"https:\/\/gijonbasket.com\/en\/2023\/09\/02\/adba-sanfer-calendario-pretemporada-2023-2024\/\" aria-label=\"Read more about ADBA-Sanfer Calendario Pretemporada 2023\/2024\" tabindex=\"-1\" >\n\t\t\tRead more &#034;\t\t<\/a>\n\n\t\t\t\t<\/div>\n\t\t\t\t<div class=\"elementor-post__meta-data\">\n\t\t\t\t\t<span class=\"elementor-post-date\">\n\t\t\t2 de September de 2023\t\t<\/span>\n\t\t\t\t<\/div>\n\t\t\t\t\t<\/div>\n\t\t<\/article>\n\t\t\t\t<article class=\"elementor-post elementor-grid-item post-1789 post type-post status-publish format-standard hentry category-noticias\">\n\t\t\t<div class=\"elementor-post__card\">\n\t\t\t\t<div class=\"elementor-post__text\">\n\t\t\t\t<h2 class=\"elementor-post__title\">\n\t\t\t<a href=\"https:\/\/gijonbasket.com\/en\/2023\/09\/02\/javi-lucas-nuevo-fichaje-del-fundacion-globalcaja-la-roda\/\" >\n\t\t\t\tJavi Lucas nuevo fichaje del Fundaci\u00f3n GlobalCaja La Roda\t\t\t<\/a>\n\t\t<\/h2>\n\t\t\t\t<div class=\"elementor-post__excerpt\">\n\t\t\t<p>El Fundaci\u00f3n GlobalCaja La Roda cerr\u00f3 el fichaje de Javi Lucas que milit\u00f3 las \u00faltimas tres temporadas en el C\u00edrculo Gij\u00f3n Baloncesto. El ala-p\u00edvot de<\/p>\n\t\t<\/div>\n\t\t\n\t\t<a class=\"elementor-post__read-more\" href=\"https:\/\/gijonbasket.com\/en\/2023\/09\/02\/javi-lucas-nuevo-fichaje-del-fundacion-globalcaja-la-roda\/\" aria-label=\"Read more about Javi Lucas nuevo fichaje del Fundaci\u00f3n GlobalCaja La Roda\" tabindex=\"-1\" >\n\t\t\tRead more &#034;\t\t<\/a>\n\n\t\t\t\t<\/div>\n\t\t\t\t<div class=\"elementor-post__meta-data\">\n\t\t\t\t\t<span class=\"elementor-post-date\">\n\t\t\t2 de September de 2023\t\t<\/span>\n\t\t\t\t<\/div>\n\t\t\t\t\t<\/div>\n\t\t<\/article>\n\t\t\t\t<article class=\"elementor-post elementor-grid-item post-1785 post type-post status-publish format-standard hentry category-noticias\">\n\t\t\t<div class=\"elementor-post__card\">\n\t\t\t\t<div class=\"elementor-post__text\">\n\t\t\t\t<h2 class=\"elementor-post__title\">\n\t\t\t<a href=\"https:\/\/gijonbasket.com\/en\/2023\/09\/02\/mercado-de-fichajes-leb-oro-19\/\" >\n\t\t\t\tMercado de Fichajes LEB Oro\t\t\t<\/a>\n\t\t<\/h2>\n\t\t\t\t<div class=\"elementor-post__excerpt\">\n\t\t\t<p>HLA Alicante : Fichajes de Brad Davison (Kedainiu Nevezis-Optibet) y Jon Axel Gudmunsson (Carpegna Prosciutto Pesaro). Melilla Ciudad del Deporte : Fichajes de Justas Tamulis<\/p>\n\t\t<\/div>\n\t\t\n\t\t<a class=\"elementor-post__read-more\" href=\"https:\/\/gijonbasket.com\/en\/2023\/09\/02\/mercado-de-fichajes-leb-oro-19\/\" aria-label=\"Read more about Mercado de Fichajes LEB Oro\" tabindex=\"-1\" >\n\t\t\tRead more &#034;\t\t<\/a>\n\n\t\t\t\t<\/div>\n\t\t\t\t<div class=\"elementor-post__meta-data\">\n\t\t\t\t\t<span class=\"elementor-post-date\">\n\t\t\t2 de September de 2023\t\t<\/span>\n\t\t\t\t<\/div>\n\t\t\t\t\t<\/div>\n\t\t<\/article>\n\t\t\t\t<article class=\"elementor-post elementor-grid-item post-1783 post type-post status-publish format-standard hentry category-noticias\">\n\t\t\t<div class=\"elementor-post__card\">\n\t\t\t\t<div class=\"elementor-post__text\">\n\t\t\t\t<h2 class=\"elementor-post__title\">\n\t\t\t<a href=\"https:\/\/gijonbasket.com\/en\/2023\/09\/02\/mercado-de-fichajes-liga-eba\/\" >\n\t\t\t\tMercado de Fichajes Liga EBA\t\t\t<\/a>\n\t\t<\/h2>\n\t\t\t\t<div class=\"elementor-post__excerpt\">\n\t\t\t<p>Xoborg La Antigua CB Tormes : Fichajes de Mark Hetor (Huelva Comercio Viridis) y Kessly Felizor (Teknei Bizkaia Zornotza). Calvo Basket Xiria : Renovaci\u00f3n de<\/p>\n\t\t<\/div>\n\t\t\n\t\t<a class=\"elementor-post__read-more\" href=\"https:\/\/gijonbasket.com\/en\/2023\/09\/02\/mercado-de-fichajes-liga-eba\/\" aria-label=\"Read more about Mercado de Fichajes Liga EBA\" tabindex=\"-1\" >\n\t\t\tRead more &#034;\t\t<\/a>\n\n\t\t\t\t<\/div>\n\t\t\t\t<div class=\"elementor-post__meta-data\">\n\t\t\t\t\t<span class=\"elementor-post-date\">\n\t\t\t2 de September de 2023\t\t<\/span>\n\t\t\t\t<\/div>\n\t\t\t\t\t<\/div>\n\t\t<\/article>\n\t\t\t\t<article class=\"elementor-post elementor-grid-item post-1775 post type-post status-publish format-standard hentry category-noticias\">\n\t\t\t<div class=\"elementor-post__card\">\n\t\t\t\t<div class=\"elementor-post__text\">\n\t\t\t\t<h2 class=\"elementor-post__title\">\n\t\t\t<a href=\"https:\/\/gijonbasket.com\/en\/2023\/09\/01\/copa-del-mundo-2023-jornada-1-grupo-l-espana-letonia-69-74\/\" >\n\t\t\t\tCopa del Mundo 2023. Segunda Fase. Jornada 1. Grupo L. Espa\u00f1a &#8211; Letonia (69-74).\t\t\t<\/a>\n\t\t<\/h2>\n\t\t\t\t<div class=\"elementor-post__excerpt\">\n\t\t\t<p>Hist\u00f3rica victoria de Letonia, para dejar a Espa\u00f1a contra las cuerdas y obligada a ganar a Canad\u00e1, en la \u00faltima jornada para poder acceder a<\/p>\n\t\t<\/div>\n\t\t\n\t\t<a class=\"elementor-post__read-more\" href=\"https:\/\/gijonbasket.com\/en\/2023\/09\/01\/copa-del-mundo-2023-jornada-1-grupo-l-espana-letonia-69-74\/\" aria-label=\"Read more about Copa del Mundo 2023. Segunda Fase. Jornada 1. Grupo L. Espa\u00f1a &#8211; Letonia (69-74).\" tabindex=\"-1\" >\n\t\t\tRead more &#034;\t\t<\/a>\n\n\t\t\t\t<\/div>\n\t\t\t\t<div class=\"elementor-post__meta-data\">\n\t\t\t\t\t<span class=\"elementor-post-date\">\n\t\t\t1 de September de 2023\t\t<\/span>\n\t\t\t\t<\/div>\n\t\t\t\t\t<\/div>\n\t\t<\/article>\n\t\t\t\t<article class=\"elementor-post elementor-grid-item post-1769 post type-post status-publish format-standard hentry category-noticias\">\n\t\t\t<div class=\"elementor-post__card\">\n\t\t\t\t<div class=\"elementor-post__text\">\n\t\t\t\t<h2 class=\"elementor-post__title\">\n\t\t\t<a href=\"https:\/\/gijonbasket.com\/en\/2023\/09\/01\/raul-fernandez-noveno-fichaje-de-tartiere-auto-gijon-basket\/\" >\n\t\t\t\tRa\u00fal Fern\u00e1ndez noveno fichaje de Tartiere Auto Gij\u00f3n Basket\t\t\t<\/a>\n\t\t<\/h2>\n\t\t\t\t<div class=\"elementor-post__excerpt\">\n\t\t\t<p>Tartiere Auto Gij\u00f3n Basket anunci\u00f3 el fichaje de Ra\u00fal Fern\u00e1ndez (Leclerc Caja Rural RDL). Escolta leon\u00e9s de 29 a\u00f1os y 1.90 m., que la pasada<\/p>\n\t\t<\/div>\n\t\t\n\t\t<a class=\"elementor-post__read-more\" href=\"https:\/\/gijonbasket.com\/en\/2023\/09\/01\/raul-fernandez-noveno-fichaje-de-tartiere-auto-gijon-basket\/\" aria-label=\"Read more about Ra\u00fal Fern\u00e1ndez noveno fichaje de Tartiere Auto Gij\u00f3n Basket\" tabindex=\"-1\" >\n\t\t\tRead more &#034;\t\t<\/a>\n\n\t\t\t\t<\/div>\n\t\t\t\t<div class=\"elementor-post__meta-data\">\n\t\t\t\t\t<span class=\"elementor-post-date\">\n\t\t\t1 de September de 2023\t\t<\/span>\n\t\t\t\t<\/div>\n\t\t\t\t\t<\/div>\n\t\t<\/article>\n\t\t\t\t<article class=\"elementor-post elementor-grid-item post-1765 post type-post status-publish format-standard hentry category-noticias\">\n\t\t\t<div class=\"elementor-post__card\">\n\t\t\t\t<div class=\"elementor-post__text\">\n\t\t\t\t<h2 class=\"elementor-post__title\">\n\t\t\t<a href=\"https:\/\/gijonbasket.com\/en\/2023\/09\/01\/krasimir-marinchevski-octavo-fichaje-de-tartiere-auto-gijon-basket\/\" >\n\t\t\t\tKrasimir Marinchevski octavo fichaje de Tartiere Auto Gij\u00f3n Basket\t\t\t<\/a>\n\t\t<\/h2>\n\t\t\t\t<div class=\"elementor-post__excerpt\">\n\t\t\t<p>Krasimir Marincevski (Chernomorets Burga &#8211; Chavdar Troyan) octavo fichaje de Tartiere Auto Gij\u00f3n Basket. Ala-p\u00edvot bulgaro de 20 a\u00f1os y 2.06 m., el pr\u00f3ximo 10<\/p>\n\t\t<\/div>\n\t\t\n\t\t<a class=\"elementor-post__read-more\" href=\"https:\/\/gijonbasket.com\/en\/2023\/09\/01\/krasimir-marinchevski-octavo-fichaje-de-tartiere-auto-gijon-basket\/\" aria-label=\"Read more about Krasimir Marinchevski octavo fichaje de Tartiere Auto Gij\u00f3n Basket\" tabindex=\"-1\" >\n\t\t\tRead more &#034;\t\t<\/a>\n\n\t\t\t\t<\/div>\n\t\t\t\t<div class=\"elementor-post__meta-data\">\n\t\t\t\t\t<span class=\"elementor-post-date\">\n\t\t\t1 de September de 2023\t\t<\/span>\n\t\t\t\t<\/div>\n\t\t\t\t\t<\/div>\n\t\t<\/article>\n\t\t\t\t<article class=\"elementor-post elementor-grid-item post-1760 post type-post status-publish format-standard hentry category-noticias\">\n\t\t\t<div class=\"elementor-post__card\">\n\t\t\t\t<div class=\"elementor-post__text\">\n\t\t\t\t<h2 class=\"elementor-post__title\">\n\t\t\t<a href=\"https:\/\/gijonbasket.com\/en\/2023\/09\/01\/copa-del-mundo-2023-segunda-fase-jornada-1-grupos-i-j-k-l\/\" >\n\t\t\t\tCopa del Mundo 2023. Segunda Fase. Jornada 1. Grupos I-J-K-L.\t\t\t<\/a>\n\t\t<\/h2>\n\t\t\t\t<div class=\"elementor-post__excerpt\">\n\t\t\t<p>Jornada 1 &#8211; Viernes 1 Septiembre 2023 Grupo Encuentro Resultado Horario I Serbia &#8211; Italia 76 &#8211; 78 10:00 I Rep\u00fablica Dominicana &#8211; Puerto Rico<\/p>\n\t\t<\/div>\n\t\t\n\t\t<a class=\"elementor-post__read-more\" href=\"https:\/\/gijonbasket.com\/en\/2023\/09\/01\/copa-del-mundo-2023-segunda-fase-jornada-1-grupos-i-j-k-l\/\" aria-label=\"Read more about Copa del Mundo 2023. Segunda Fase. Jornada 1. Grupos I-J-K-L.\" tabindex=\"-1\" >\n\t\t\tRead more &#034;\t\t<\/a>\n\n\t\t\t\t<\/div>\n\t\t\t\t<div class=\"elementor-post__meta-data\">\n\t\t\t\t\t<span class=\"elementor-post-date\">\n\t\t\t1 de September de 2023\t\t<\/span>\n\t\t\t\t<\/div>\n\t\t\t\t\t<\/div>\n\t\t<\/article>\n\t\t\t\t<article class=\"elementor-post elementor-grid-item post-1763 post type-post status-publish format-standard hentry category-noticias\">\n\t\t\t<div class=\"elementor-post__card\">\n\t\t\t\t<div class=\"elementor-post__text\">\n\t\t\t\t<h2 class=\"elementor-post__title\">\n\t\t\t<a href=\"https:\/\/gijonbasket.com\/en\/2023\/08\/31\/mercado-de-fichajes-74\/\" >\n\t\t\t\tMercado de Fichajes\t\t\t<\/a>\n\t\t<\/h2>\n\t\t\t\t<div class=\"elementor-post__excerpt\">\n\t\t\t<p>Pinar Karsiyaka SK Izmir : Fichaje de Vernon Carey Jr. (Utah Jazz). Polski Cukier Start Lublin : Fichaje de Trey Wade (Suzuki Arka Ddynia). Kapfenberg<\/p>\n\t\t<\/div>\n\t\t\n\t\t<a class=\"elementor-post__read-more\" href=\"https:\/\/gijonbasket.com\/en\/2023\/08\/31\/mercado-de-fichajes-74\/\" aria-label=\"Read more about Mercado de Fichajes\" tabindex=\"-1\" >\n\t\t\tRead more &#034;\t\t<\/a>\n\n\t\t\t\t<\/div>\n\t\t\t\t<div class=\"elementor-post__meta-data\">\n\t\t\t\t\t<span class=\"elementor-post-date\">\n\t\t\t31 de August de 2023\t\t<\/span>\n\t\t\t\t<\/div>\n\t\t\t\t\t<\/div>\n\t\t<\/article>\n\t\t\t\t<article class=\"elementor-post elementor-grid-item post-1757 post type-post status-publish format-standard hentry category-noticias\">\n\t\t\t<div class=\"elementor-post__card\">\n\t\t\t\t<div class=\"elementor-post__text\">\n\t\t\t\t<h2 class=\"elementor-post__title\">\n\t\t\t<a href=\"https:\/\/gijonbasket.com\/en\/2023\/08\/30\/copa-del-mundo-2023-jornada-3-grupo-b-iran-espana-65-85\/\" >\n\t\t\t\tCopa del Mundo 2023. Jornada 3. Grupo B. Ir\u00e1n &#8211; Espa\u00f1a (65-85).\t\t\t<\/a>\n\t\t<\/h2>\n\t\t\t\t<div class=\"elementor-post__excerpt\">\n\t\t\t<p>Victoria de Espa\u00f1a ante Ir\u00e1n para cerrar la Primera Fase de la Copa del Mundo con pleno de triunfos (3). Ir\u00e1n despleg\u00f3 su mejor nivel<\/p>\n\t\t<\/div>\n\t\t\n\t\t<a class=\"elementor-post__read-more\" href=\"https:\/\/gijonbasket.com\/en\/2023\/08\/30\/copa-del-mundo-2023-jornada-3-grupo-b-iran-espana-65-85\/\" aria-label=\"Read more about Copa del Mundo 2023. Jornada 3. Grupo B. Ir\u00e1n &#8211; Espa\u00f1a (65-85).\" tabindex=\"-1\" >\n\t\t\tRead more &#034;\t\t<\/a>\n\n\t\t\t\t<\/div>\n\t\t\t\t<div class=\"elementor-post__meta-data\">\n\t\t\t\t\t<span class=\"elementor-post-date\">\n\t\t\t30 de August de 2023\t\t<\/span>\n\t\t\t\t<\/div>\n\t\t\t\t\t<\/div>\n\t\t<\/article>\n\t\t\t\t<article class=\"elementor-post elementor-grid-item post-1749 post type-post status-publish format-standard hentry category-noticias\">\n\t\t\t<div class=\"elementor-post__card\">\n\t\t\t\t<div class=\"elementor-post__text\">\n\t\t\t\t<h2 class=\"elementor-post__title\">\n\t\t\t<a href=\"https:\/\/gijonbasket.com\/en\/2023\/08\/30\/nacho-condes-septimo-fichaje-de-tartiere-auto-gijon-basket\/\" >\n\t\t\t\tNacho Cond\u00e9s s\u00e9ptimo fichaje de Tartiere Auto Gij\u00f3n Basket\t\t\t<\/a>\n\t\t<\/h2>\n\t\t\t\t<div class=\"elementor-post__excerpt\">\n\t\t\t<p>Nacho Cond\u00e9s (Basket GlobalCaja Quintanar) s\u00e9ptimo fichaje de Tartiere Auto Gij\u00f3n Basket. Escolta getafense de 22 a\u00f1os y 1.98 m. que la pasada temporada tuvo<\/p>\n\t\t<\/div>\n\t\t\n\t\t<a class=\"elementor-post__read-more\" href=\"https:\/\/gijonbasket.com\/en\/2023\/08\/30\/nacho-condes-septimo-fichaje-de-tartiere-auto-gijon-basket\/\" aria-label=\"Read more about Nacho Cond\u00e9s s\u00e9ptimo fichaje de Tartiere Auto Gij\u00f3n Basket\" tabindex=\"-1\" >\n\t\t\tRead more &#034;\t\t<\/a>\n\n\t\t\t\t<\/div>\n\t\t\t\t<div class=\"elementor-post__meta-data\">\n\t\t\t\t\t<span class=\"elementor-post-date\">\n\t\t\t30 de August de 2023\t\t<\/span>\n\t\t\t\t<\/div>\n\t\t\t\t\t<\/div>\n\t\t<\/article>\n\t\t\t\t<article class=\"elementor-post elementor-grid-item post-1751 post type-post status-publish format-standard hentry category-noticias\">\n\t\t\t<div class=\"elementor-post__card\">\n\t\t\t\t<div class=\"elementor-post__text\">\n\t\t\t\t<h2 class=\"elementor-post__title\">\n\t\t\t<a href=\"https:\/\/gijonbasket.com\/en\/2023\/08\/30\/mercado-de-fichajes-leb-plata-8\/\" >\n\t\t\t\tMercado de Fichajes LEB Plata\t\t\t<\/a>\n\t\t<\/h2>\n\t\t\t\t<div class=\"elementor-post__excerpt\">\n\t\t\t<p>Ciudad de Huelva Gestia : Fichaje de Ander Urdiain (Enerparking Basket Navarra). C.B. Alginet : Fichaje de Chris Murphy (Iowa University). Zamora Enamora : Renovaci\u00f3n<\/p>\n\t\t<\/div>\n\t\t\n\t\t<a class=\"elementor-post__read-more\" href=\"https:\/\/gijonbasket.com\/en\/2023\/08\/30\/mercado-de-fichajes-leb-plata-8\/\" aria-label=\"Read more about Mercado de Fichajes LEB Plata\" tabindex=\"-1\" >\n\t\t\tRead more &#034;\t\t<\/a>\n\n\t\t\t\t<\/div>\n\t\t\t\t<div class=\"elementor-post__meta-data\">\n\t\t\t\t\t<span class=\"elementor-post-date\">\n\t\t\t30 de August de 2023\t\t<\/span>\n\t\t\t\t<\/div>\n\t\t\t\t\t<\/div>\n\t\t<\/article>\n\t\t\t\t<article class=\"elementor-post elementor-grid-item post-1705 post type-post status-publish format-standard hentry category-noticias\">\n\t\t\t<div class=\"elementor-post__card\">\n\t\t\t\t<div class=\"elementor-post__text\">\n\t\t\t\t<h2 class=\"elementor-post__title\">\n\t\t\t<a href=\"https:\/\/gijonbasket.com\/en\/2023\/08\/30\/copa-del-mundo-2023-jornada-3-grupos-b-c-f-g\/\" >\n\t\t\t\tCopa del Mundo 2023. Jornada 3. Grupos B-C-F-G.\t\t\t<\/a>\n\t\t<\/h2>\n\t\t\t\t<div class=\"elementor-post__excerpt\">\n\t\t\t<p>Jornada 3 &#8211; Mi\u00e9rcoles 30 Agosto 2023 Grupo Encuentro Resultado Horario B Sud\u00e1n del Sur &#8211; Serbia 83 &#8211; 115 10:00 B China &#8211; Puerto<\/p>\n\t\t<\/div>\n\t\t\n\t\t<a class=\"elementor-post__read-more\" href=\"https:\/\/gijonbasket.com\/en\/2023\/08\/30\/copa-del-mundo-2023-jornada-3-grupos-b-c-f-g\/\" aria-label=\"Read more about Copa del Mundo 2023. Jornada 3. Grupos B-C-F-G.\" tabindex=\"-1\" >\n\t\t\tRead more &#034;\t\t<\/a>\n\n\t\t\t\t<\/div>\n\t\t\t\t<div class=\"elementor-post__meta-data\">\n\t\t\t\t\t<span class=\"elementor-post-date\">\n\t\t\t30 de August de 2023\t\t<\/span>\n\t\t\t\t<\/div>\n\t\t\t\t\t<\/div>\n\t\t<\/article>\n\t\t\t\t<article class=\"elementor-post elementor-grid-item post-1746 post type-post status-publish format-standard hentry category-noticias\">\n\t\t\t<div class=\"elementor-post__card\">\n\t\t\t\t<div class=\"elementor-post__text\">\n\t\t\t\t<h2 class=\"elementor-post__title\">\n\t\t\t<a href=\"https:\/\/gijonbasket.com\/en\/2023\/08\/29\/jorge-embalo-sexto-y-ultimo-fichaje-del-circulo-gijon-baloncesto\/\" >\n\t\t\t\tJorge Embal\u00f3 sexto y \u00faltimo fichaje del C\u00edrculo Gij\u00f3n Baloncesto\t\t\t<\/a>\n\t\t<\/h2>\n\t\t\t\t<div class=\"elementor-post__excerpt\">\n\t\t\t<p>El C\u00edrculo Gij\u00f3n Baloncesto hizo oficial el fichaje de Jorge Embal\u00f3 (CAB Madeira). Alero portugu\u00e9s de 24 a\u00f1os y 1.95 m. que cuenta con la<\/p>\n\t\t<\/div>\n\t\t\n\t\t<a class=\"elementor-post__read-more\" href=\"https:\/\/gijonbasket.com\/en\/2023\/08\/29\/jorge-embalo-sexto-y-ultimo-fichaje-del-circulo-gijon-baloncesto\/\" aria-label=\"Read more about Jorge Embal\u00f3 sexto y \u00faltimo fichaje del C\u00edrculo Gij\u00f3n Baloncesto\" tabindex=\"-1\" >\n\t\t\tRead more &#034;\t\t<\/a>\n\n\t\t\t\t<\/div>\n\t\t\t\t<div class=\"elementor-post__meta-data\">\n\t\t\t\t\t<span class=\"elementor-post-date\">\n\t\t\t29 de August de 2023\t\t<\/span>\n\t\t\t\t<\/div>\n\t\t\t\t\t<\/div>\n\t\t<\/article>\n\t\t\t\t<article class=\"elementor-post elementor-grid-item post-1738 post type-post status-publish format-standard hentry category-exclusivas category-noticias\">\n\t\t\t<div class=\"elementor-post__card\">\n\t\t\t\t<div class=\"elementor-post__text\">\n\t\t\t\t<h2 class=\"elementor-post__title\">\n\t\t\t<a href=\"https:\/\/gijonbasket.com\/en\/2023\/08\/29\/centro-deportivo-juan-carlos-beiro-sede-de-la-fase-previa-de-la-copa-principado-2023-en-categoria-masculina-confirmacion-exclusiva-de-www-gijonbasket-com\/\" >\n\t\t\t\tCentro Deportivo Juan Carlos Beiro sede de la Fase Previa de la Copa Principado 2023 en categor\u00eda masculina. Confirmaci\u00f3n exclusiva de www.gijonbasket.com.\t\t\t<\/a>\n\t\t<\/h2>\n\t\t\t\t<div class=\"elementor-post__excerpt\">\n\t\t\t<p>Ayer adelantamos en exclusiva (08:10) en www.gijonbasket.com que la Fase Previa de la Copa Principado 2023 se disputar\u00e1 en el Centro Deportivo Juan Carlos Beiro<\/p>\n\t\t<\/div>\n\t\t\n\t\t<a class=\"elementor-post__read-more\" href=\"https:\/\/gijonbasket.com\/en\/2023\/08\/29\/centro-deportivo-juan-carlos-beiro-sede-de-la-fase-previa-de-la-copa-principado-2023-en-categoria-masculina-confirmacion-exclusiva-de-www-gijonbasket-com\/\" aria-label=\"Read more about Centro Deportivo Juan Carlos Beiro sede de la Fase Previa de la Copa Principado 2023 en categor\u00eda masculina. Confirmaci\u00f3n exclusiva de www.gijonbasket.com.\" tabindex=\"-1\" >\n\t\t\tRead more &#034;\t\t<\/a>\n\n\t\t\t\t<\/div>\n\t\t\t\t<div class=\"elementor-post__meta-data\">\n\t\t\t\t\t<span class=\"elementor-post-date\">\n\t\t\t29 de August de 2023\t\t<\/span>\n\t\t\t\t<\/div>\n\t\t\t\t\t<\/div>\n\t\t<\/article>\n\t\t\t\t<article class=\"elementor-post elementor-grid-item post-1692 post type-post status-publish format-standard hentry category-noticias\">\n\t\t\t<div class=\"elementor-post__card\">\n\t\t\t\t<div class=\"elementor-post__text\">\n\t\t\t\t<h2 class=\"elementor-post__title\">\n\t\t\t<a href=\"https:\/\/gijonbasket.com\/en\/2023\/08\/29\/copa-del-mundo-2023-jornada-3-grupos-a-d-e-h\/\" >\n\t\t\t\tCopa del Mundo 2023. Jornada 3. Grupos A-D-E-H.\t\t\t<\/a>\n\t\t<\/h2>\n\t\t\t\t<div class=\"elementor-post__excerpt\">\n\t\t\t<p>Jornada 3 &#8211; Martes 29 Agosto 2023 Grupo Encuentro Resultado Horario A Angola &#8211; Rep\u00fablica Dominicana 67 &#8211; 75 10:00 A Filipinas &#8211; Italia 83<\/p>\n\t\t<\/div>\n\t\t\n\t\t<a class=\"elementor-post__read-more\" href=\"https:\/\/gijonbasket.com\/en\/2023\/08\/29\/copa-del-mundo-2023-jornada-3-grupos-a-d-e-h\/\" aria-label=\"Read more about Copa del Mundo 2023. Jornada 3. Grupos A-D-E-H.\" tabindex=\"-1\" >\n\t\t\tRead more &#034;\t\t<\/a>\n\n\t\t\t\t<\/div>\n\t\t\t\t<div class=\"elementor-post__meta-data\">\n\t\t\t\t\t<span class=\"elementor-post-date\">\n\t\t\t29 de August de 2023\t\t<\/span>\n\t\t\t\t<\/div>\n\t\t\t\t\t<\/div>\n\t\t<\/article>\n\t\t\t\t<article class=\"elementor-post elementor-grid-item post-1736 post type-post status-publish format-standard hentry category-noticias\">\n\t\t\t<div class=\"elementor-post__card\">\n\t\t\t\t<div class=\"elementor-post__text\">\n\t\t\t\t<h2 class=\"elementor-post__title\">\n\t\t\t<a href=\"https:\/\/gijonbasket.com\/en\/2023\/08\/28\/copa-del-mundo-2023-jornada-2-sudan-del-sur-y-cabo-verde-hacen-historia-con-su-primera-victoria-en-la-copa-del-mundo-todos-los-debutantes-con-victoria\/\" >\n\t\t\t\tCopa del Mundo 2023. Jornada 2. Sudan del Sur y Cabo Verde hacen historia con su primera victoria en la Copa del Mundo. Todos los debutantes con victoria.\t\t\t<\/a>\n\t\t<\/h2>\n\t\t\t\t<div class=\"elementor-post__excerpt\">\n\t\t\t<p>Sud\u00e1n del Sur y Cabo Verde sumaron su primera victoria en la Copa del Mundo tras superar a China (69-89) y Venezuela (75-81) respectivamente. Los<\/p>\n\t\t<\/div>\n\t\t\n\t\t<a class=\"elementor-post__read-more\" href=\"https:\/\/gijonbasket.com\/en\/2023\/08\/28\/copa-del-mundo-2023-jornada-2-sudan-del-sur-y-cabo-verde-hacen-historia-con-su-primera-victoria-en-la-copa-del-mundo-todos-los-debutantes-con-victoria\/\" aria-label=\"Read more about Copa del Mundo 2023. Jornada 2. Sudan del Sur y Cabo Verde hacen historia con su primera victoria en la Copa del Mundo. Todos los debutantes con victoria.\" tabindex=\"-1\" >\n\t\t\tRead more &#034;\t\t<\/a>\n\n\t\t\t\t<\/div>\n\t\t\t\t<div class=\"elementor-post__meta-data\">\n\t\t\t\t\t<span class=\"elementor-post-date\">\n\t\t\t28 de August de 2023\t\t<\/span>\n\t\t\t\t<\/div>\n\t\t\t\t\t<\/div>\n\t\t<\/article>\n\t\t\t\t<article class=\"elementor-post elementor-grid-item post-1732 post type-post status-publish format-standard hentry category-noticias\">\n\t\t\t<div class=\"elementor-post__card\">\n\t\t\t\t<div class=\"elementor-post__text\">\n\t\t\t\t<h2 class=\"elementor-post__title\">\n\t\t\t<a href=\"https:\/\/gijonbasket.com\/en\/2023\/08\/28\/copa-del-mundo-2023-jornada-2-grupo-b-brasil-espana-78-96\/\" >\n\t\t\t\tCopa del Mundo 2023. Jornada 2. Grupo B. Brasil &#8211; Espa\u00f1a (78-96).\t\t\t<\/a>\n\t\t<\/h2>\n\t\t\t\t<div class=\"elementor-post__excerpt\">\n\t\t\t<p>Segunda victoria de Espa\u00f1a, pleno de victorias, superando a Brasil y obtener la clasificaci\u00f3n para la Segunda Fase a falta del encuentro ante Ir\u00e1n. Primer<\/p>\n\t\t<\/div>\n\t\t\n\t\t<a class=\"elementor-post__read-more\" href=\"https:\/\/gijonbasket.com\/en\/2023\/08\/28\/copa-del-mundo-2023-jornada-2-grupo-b-brasil-espana-78-96\/\" aria-label=\"Read more about Copa del Mundo 2023. Jornada 2. Grupo B. Brasil &#8211; Espa\u00f1a (78-96).\" tabindex=\"-1\" >\n\t\t\tRead more &#034;\t\t<\/a>\n\n\t\t\t\t<\/div>\n\t\t\t\t<div class=\"elementor-post__meta-data\">\n\t\t\t\t\t<span class=\"elementor-post-date\">\n\t\t\t28 de August de 2023\t\t<\/span>\n\t\t\t\t<\/div>\n\t\t\t\t\t<\/div>\n\t\t<\/article>\n\t\t\t\t<article class=\"elementor-post elementor-grid-item post-1726 post type-post status-publish format-standard hentry category-exclusivas category-noticias\">\n\t\t\t<div class=\"elementor-post__card\">\n\t\t\t\t<div class=\"elementor-post__text\">\n\t\t\t\t<h2 class=\"elementor-post__title\">\n\t\t\t<a href=\"https:\/\/gijonbasket.com\/en\/2023\/08\/28\/miguel-gonzalez-segunda-renovacion-de-tartiere-auto-gijon-basket-confirmacion-exclusiva-de-www-gijonbasket-com\/\" >\n\t\t\t\tMiguel Gonz\u00e1lez segunda renovaci\u00f3n  de Tartiere Auto Gij\u00f3n Basket. Confirmaci\u00f3n exclusiva de www.gijonbasket.com.\t\t\t<\/a>\n\t\t<\/h2>\n\t\t\t\t<div class=\"elementor-post__excerpt\">\n\t\t\t<p>El pasado 29 de julio adelantamos en exclusiva en www.gijonbasket.com, la pr\u00f3xima renovaci\u00f3n de Miguel Gonz\u00e1lez con Tartiere Auto Gij\u00f3n Basket. 29 d\u00edas despu\u00e9s, hoy<\/p>\n\t\t<\/div>\n\t\t\n\t\t<a class=\"elementor-post__read-more\" href=\"https:\/\/gijonbasket.com\/en\/2023\/08\/28\/miguel-gonzalez-segunda-renovacion-de-tartiere-auto-gijon-basket-confirmacion-exclusiva-de-www-gijonbasket-com\/\" aria-label=\"Read more about Miguel Gonz\u00e1lez segunda renovaci\u00f3n  de Tartiere Auto Gij\u00f3n Basket. Confirmaci\u00f3n exclusiva de www.gijonbasket.com.\" tabindex=\"-1\" >\n\t\t\tRead more &#034;\t\t<\/a>\n\n\t\t\t\t<\/div>\n\t\t\t\t<div class=\"elementor-post__meta-data\">\n\t\t\t\t\t<span class=\"elementor-post-date\">\n\t\t\t28 de August de 2023\t\t<\/span>\n\t\t\t\t<\/div>\n\t\t\t\t\t<\/div>\n\t\t<\/article>\n\t\t\t\t<article class=\"elementor-post elementor-grid-item post-1723 post type-post status-publish format-standard hentry category-exclusivas category-noticias\">\n\t\t\t<div class=\"elementor-post__card\">\n\t\t\t\t<div class=\"elementor-post__text\">\n\t\t\t\t<h2 class=\"elementor-post__title\">\n\t\t\t<a href=\"https:\/\/gijonbasket.com\/en\/2023\/08\/28\/centro-deportivo-juan-carlos-beiro-sede-de-la-fase-previa-de-la-copa-principado-2023-en-categoria-masculina\/\" >\n\t\t\t\tCentro Deportivo Juan Carlos Beiro sede de la Fase Previa de la Copa Principado 2023 en categor\u00eda masculina.\t\t\t<\/a>\n\t\t<\/h2>\n\t\t\t\t<div class=\"elementor-post__excerpt\">\n\t\t\t<p>Desde www.gijonbasket.com, adelantamos en exclusiva, que el Centro Deportivo Juan Carlos Beiro de Langreo repetir\u00e1 como sede de la Fase Previa de la Copa Principado<\/p>\n\t\t<\/div>\n\t\t\n\t\t<a class=\"elementor-post__read-more\" href=\"https:\/\/gijonbasket.com\/en\/2023\/08\/28\/centro-deportivo-juan-carlos-beiro-sede-de-la-fase-previa-de-la-copa-principado-2023-en-categoria-masculina\/\" aria-label=\"Read more about Centro Deportivo Juan Carlos Beiro sede de la Fase Previa de la Copa Principado 2023 en categor\u00eda masculina.\" tabindex=\"-1\" >\n\t\t\tRead more &#034;\t\t<\/a>\n\n\t\t\t\t<\/div>\n\t\t\t\t<div class=\"elementor-post__meta-data\">\n\t\t\t\t\t<span class=\"elementor-post-date\">\n\t\t\t28 de August de 2023\t\t<\/span>\n\t\t\t\t<\/div>\n\t\t\t\t\t<\/div>\n\t\t<\/article>\n\t\t\t\t<article class=\"elementor-post elementor-grid-item post-1690 post type-post status-publish format-standard hentry category-noticias\">\n\t\t\t<div class=\"elementor-post__card\">\n\t\t\t\t<div class=\"elementor-post__text\">\n\t\t\t\t<h2 class=\"elementor-post__title\">\n\t\t\t<a href=\"https:\/\/gijonbasket.com\/en\/2023\/08\/28\/copa-del-mundo-2023-jornada-2-grupos-b-c-f-g\/\" >\n\t\t\t\tCopa del Mundo 2023. Jornada 2. Grupos B-C-F-G.\t\t\t<\/a>\n\t\t<\/h2>\n\t\t\t\t<div class=\"elementor-post__excerpt\">\n\t\t\t<p>Jornada 2 &#8211; Lunes 28 Agosto 2023 Grupo Encuentro Resultado Horario B China &#8211; Sud\u00e1n del Sur 69 &#8211; 89 10:00 B Puerto Rico &#8211;<\/p>\n\t\t<\/div>\n\t\t\n\t\t<a class=\"elementor-post__read-more\" href=\"https:\/\/gijonbasket.com\/en\/2023\/08\/28\/copa-del-mundo-2023-jornada-2-grupos-b-c-f-g\/\" aria-label=\"Read more about Copa del Mundo 2023. Jornada 2. Grupos B-C-F-G.\" tabindex=\"-1\" >\n\t\t\tRead more &#034;\t\t<\/a>\n\n\t\t\t\t<\/div>\n\t\t\t\t<div class=\"elementor-post__meta-data\">\n\t\t\t\t\t<span class=\"elementor-post-date\">\n\t\t\t28 de August de 2023\t\t<\/span>\n\t\t\t\t<\/div>\n\t\t\t\t\t<\/div>\n\t\t<\/article>\n\t\t\t\t<article class=\"elementor-post elementor-grid-item post-1721 post type-post status-publish format-standard hentry category-noticias\">\n\t\t\t<div class=\"elementor-post__card\">\n\t\t\t\t<div class=\"elementor-post__text\">\n\t\t\t\t<h2 class=\"elementor-post__title\">\n\t\t\t<a href=\"https:\/\/gijonbasket.com\/en\/2023\/08\/27\/copa-del-mundo-2023-jornada-2-grupo-h-francia-letonia-86-88-historico-ko-de-francia-para-decir-adios-al-mundial\/\" >\n\t\t\t\tCopa del Mundo 2023. Jornada 2. Grupo H. Francia &#8211; Letonia (86-88). Hist\u00f3rico KO de Francia para decir adi\u00f3s al Mundial.\t\t\t<\/a>\n\t\t<\/h2>\n\t\t\t\t<div class=\"elementor-post__excerpt\">\n\t\t\t<p>La primera gran sorpresa de la Copa del Mundo 2023. La eliminaci\u00f3n de Francia a manos de Letonia (86-88) tras ir ganando durante 37:53. Francia<\/p>\n\t\t<\/div>\n\t\t\n\t\t<a class=\"elementor-post__read-more\" href=\"https:\/\/gijonbasket.com\/en\/2023\/08\/27\/copa-del-mundo-2023-jornada-2-grupo-h-francia-letonia-86-88-historico-ko-de-francia-para-decir-adios-al-mundial\/\" aria-label=\"Read more about Copa del Mundo 2023. Jornada 2. Grupo H. Francia &#8211; Letonia (86-88). Hist\u00f3rico KO de Francia para decir adi\u00f3s al Mundial.\" tabindex=\"-1\" >\n\t\t\tRead more &#034;\t\t<\/a>\n\n\t\t\t\t<\/div>\n\t\t\t\t<div class=\"elementor-post__meta-data\">\n\t\t\t\t\t<span class=\"elementor-post-date\">\n\t\t\t27 de August de 2023\t\t<\/span>\n\t\t\t\t<\/div>\n\t\t\t\t\t<\/div>\n\t\t<\/article>\n\t\t\t\t<article class=\"elementor-post elementor-grid-item post-1715 post type-post status-publish format-standard hentry category-noticias\">\n\t\t\t<div class=\"elementor-post__card\">\n\t\t\t\t<div class=\"elementor-post__text\">\n\t\t\t\t<h2 class=\"elementor-post__title\">\n\t\t\t<a href=\"https:\/\/gijonbasket.com\/en\/2023\/08\/27\/copa-del-mundo-2023-raulzinho-neto-brasil-primera-baja-por-lesion-del-torneo\/\" >\n\t\t\t\tCopa del Mundo 2023. Raulzinho Neto (Brasil) primera baja por lesi\u00f3n del torneo.\t\t\t<\/a>\n\t\t<\/h2>\n\t\t\t\t<div class=\"elementor-post__excerpt\">\n\t\t\t<p>Cara victoria de Brasil ante Ir\u00e1n (59-100), al sufrir la grave lesi\u00f3n de Raulzinho Neto, por la rotura del tend\u00f3n rotuliano de su rodilla derecha.<\/p>\n\t\t<\/div>\n\t\t\n\t\t<a class=\"elementor-post__read-more\" href=\"https:\/\/gijonbasket.com\/en\/2023\/08\/27\/copa-del-mundo-2023-raulzinho-neto-brasil-primera-baja-por-lesion-del-torneo\/\" aria-label=\"Read more about Copa del Mundo 2023. Raulzinho Neto (Brasil) primera baja por lesi\u00f3n del torneo.\" tabindex=\"-1\" >\n\t\t\tRead more &#034;\t\t<\/a>\n\n\t\t\t\t<\/div>\n\t\t\t\t<div class=\"elementor-post__meta-data\">\n\t\t\t\t\t<span class=\"elementor-post-date\">\n\t\t\t27 de August de 2023\t\t<\/span>\n\t\t\t\t<\/div>\n\t\t\t\t\t<\/div>\n\t\t<\/article>\n\t\t\t\t<article class=\"elementor-post elementor-grid-item post-1687 post type-post status-publish format-standard hentry category-noticias\">\n\t\t\t<div class=\"elementor-post__card\">\n\t\t\t\t<div class=\"elementor-post__text\">\n\t\t\t\t<h2 class=\"elementor-post__title\">\n\t\t\t<a href=\"https:\/\/gijonbasket.com\/en\/2023\/08\/27\/copa-del-mundo-2023-jornada-2-grupos-a-d-e-h\/\" >\n\t\t\t\tCopa del Mundo 2023. Jornada 2. Grupos A-D-E-H.\t\t\t<\/a>\n\t\t<\/h2>\n\t\t\t\t<div class=\"elementor-post__excerpt\">\n\t\t\t<p>Jornada 2 &#8211; Domingo 27 Agosto 2023 Grupo Encuentro Resultado Horario B Italia &#8211; Rep\u00fablica Dominicana 82 &#8211; 87 10:00 B Filipinas &#8211; Angola 68<\/p>\n\t\t<\/div>\n\t\t\n\t\t<a class=\"elementor-post__read-more\" href=\"https:\/\/gijonbasket.com\/en\/2023\/08\/27\/copa-del-mundo-2023-jornada-2-grupos-a-d-e-h\/\" aria-label=\"Read more about Copa del Mundo 2023. Jornada 2. Grupos A-D-E-H.\" tabindex=\"-1\" >\n\t\t\tRead more &#034;\t\t<\/a>\n\n\t\t\t\t<\/div>\n\t\t\t\t<div class=\"elementor-post__meta-data\">\n\t\t\t\t\t<span class=\"elementor-post-date\">\n\t\t\t27 de August de 2023\t\t<\/span>\n\t\t\t\t<\/div>\n\t\t\t\t\t<\/div>\n\t\t<\/article>\n\t\t\t\t<article class=\"elementor-post elementor-grid-item post-1710 post type-post status-publish format-standard hentry category-noticias\">\n\t\t\t<div class=\"elementor-post__card\">\n\t\t\t\t<div class=\"elementor-post__text\">\n\t\t\t\t<h2 class=\"elementor-post__title\">\n\t\t\t<a href=\"https:\/\/gijonbasket.com\/en\/2023\/08\/27\/mercado-de-fichajes-leb-plata-7\/\" >\n\t\t\t\tMercado de Fichajes LEB Plata\t\t\t<\/a>\n\t\t<\/h2>\n\t\t\t\t<div class=\"elementor-post__excerpt\">\n\t\t\t<p>Ibersol C.B. Tarragona : Fichaje de Ferr\u00e1n Torres (C.B. Cambrils). Fundaci\u00f3n GlobalCaja La Roda : Fichaje de Paco del Aguila (Club Ourense Baloncesto). Homs U.E.<\/p>\n\t\t<\/div>\n\t\t\n\t\t<a class=\"elementor-post__read-more\" href=\"https:\/\/gijonbasket.com\/en\/2023\/08\/27\/mercado-de-fichajes-leb-plata-7\/\" aria-label=\"Read more about Mercado de Fichajes LEB Plata\" tabindex=\"-1\" >\n\t\t\tRead more &#034;\t\t<\/a>\n\n\t\t\t\t<\/div>\n\t\t\t\t<div class=\"elementor-post__meta-data\">\n\t\t\t\t\t<span class=\"elementor-post-date\">\n\t\t\t27 de August de 2023\t\t<\/span>\n\t\t\t\t<\/div>\n\t\t\t\t\t<\/div>\n\t\t<\/article>\n\t\t\t\t<article class=\"elementor-post elementor-grid-item post-1708 post type-post status-publish format-standard hentry category-noticias\">\n\t\t\t<div class=\"elementor-post__card\">\n\t\t\t\t<div class=\"elementor-post__text\">\n\t\t\t\t<h2 class=\"elementor-post__title\">\n\t\t\t<a href=\"https:\/\/gijonbasket.com\/en\/2023\/08\/27\/mercado-de-fichajes-leb-oro-18\/\" >\n\t\t\t\tMercado de Fichajes LEB Oro\t\t\t<\/a>\n\t\t<\/h2>\n\t\t\t\t<div class=\"elementor-post__excerpt\">\n\t\t\t<p>ICG For\u00e7a Lleida : Fichaje de Kur Kuath (Club Ourense Baloncesto). Grupo Alega Cantabria CBT : Fichaje de Matej Radunic (Keila Korvpallikool). Club Ourense Baloncesto<\/p>\n\t\t<\/div>\n\t\t\n\t\t<a class=\"elementor-post__read-more\" href=\"https:\/\/gijonbasket.com\/en\/2023\/08\/27\/mercado-de-fichajes-leb-oro-18\/\" aria-label=\"Read more about Mercado de Fichajes LEB Oro\" tabindex=\"-1\" >\n\t\t\tRead more &#034;\t\t<\/a>\n\n\t\t\t\t<\/div>\n\t\t\t\t<div class=\"elementor-post__meta-data\">\n\t\t\t\t\t<span class=\"elementor-post-date\">\n\t\t\t27 de August de 2023\t\t<\/span>\n\t\t\t\t<\/div>\n\t\t\t\t\t<\/div>\n\t\t<\/article>\n\t\t\t\t<article class=\"elementor-post elementor-grid-item post-1703 post type-post status-publish format-standard hentry category-noticias\">\n\t\t\t<div class=\"elementor-post__card\">\n\t\t\t\t<div class=\"elementor-post__text\">\n\t\t\t\t<h2 class=\"elementor-post__title\">\n\t\t\t<a href=\"https:\/\/gijonbasket.com\/en\/2023\/08\/26\/copa-del-mundo-2023-jornada-1-grupo-b-espana-costa-de-marfil-94-64\/\" >\n\t\t\t\tCopa del Mundo 2023. Jornada 2. Grupo B. Espa\u00f1a &#8211; Costa de Marfil (94-64).\t\t\t<\/a>\n\t\t<\/h2>\n\t\t\t\t<div class=\"elementor-post__excerpt\">\n\t\t\t<p>Segunda victoria de Espa\u00f1a, con pleno de triunfos, logrando su clasificaci\u00f3n para la Segunda Fase a falta del encuentro ante Ir\u00e1n. Igualdad en el primer<\/p>\n\t\t<\/div>\n\t\t\n\t\t<a class=\"elementor-post__read-more\" href=\"https:\/\/gijonbasket.com\/en\/2023\/08\/26\/copa-del-mundo-2023-jornada-1-grupo-b-espana-costa-de-marfil-94-64\/\" aria-label=\"Read more about Copa del Mundo 2023. Jornada 2. Grupo B. Espa\u00f1a &#8211; Costa de Marfil (94-64).\" tabindex=\"-1\" >\n\t\t\tRead more &#034;\t\t<\/a>\n\n\t\t\t\t<\/div>\n\t\t\t\t<div class=\"elementor-post__meta-data\">\n\t\t\t\t\t<span class=\"elementor-post-date\">\n\t\t\t26 de August de 2023\t\t<\/span>\n\t\t\t\t<\/div>\n\t\t\t\t\t<\/div>\n\t\t<\/article>\n\t\t\t\t<article class=\"elementor-post elementor-grid-item post-1684 post type-post status-publish format-standard hentry category-noticias\">\n\t\t\t<div class=\"elementor-post__card\">\n\t\t\t\t<div class=\"elementor-post__text\">\n\t\t\t\t<h2 class=\"elementor-post__title\">\n\t\t\t<a href=\"https:\/\/gijonbasket.com\/en\/2023\/08\/26\/copa-del-mundo-2023-jornada-1-grupos-b-c-f-g\/\" >\n\t\t\t\tCopa del Mundo 2023. Jornada 1. Grupos B-C-F-G.\t\t\t<\/a>\n\t\t<\/h2>\n\t\t\t\t<div class=\"elementor-post__excerpt\">\n\t\t\t<p>Jornada 1 &#8211; S\u00e1bado 26 Agosto 2023 Grupo Encuentro Resultado Horario B Sud\u00e1n del Sur &#8211; Puerto Rico 96 &#8211; 101 (Prorrog.) 10:00 B Serbia<\/p>\n\t\t<\/div>\n\t\t\n\t\t<a class=\"elementor-post__read-more\" href=\"https:\/\/gijonbasket.com\/en\/2023\/08\/26\/copa-del-mundo-2023-jornada-1-grupos-b-c-f-g\/\" aria-label=\"Read more about Copa del Mundo 2023. Jornada 1. Grupos B-C-F-G.\" tabindex=\"-1\" >\n\t\t\tRead more &#034;\t\t<\/a>\n\n\t\t\t\t<\/div>\n\t\t\t\t<div class=\"elementor-post__meta-data\">\n\t\t\t\t\t<span class=\"elementor-post-date\">\n\t\t\t26 de August de 2023\t\t<\/span>\n\t\t\t\t<\/div>\n\t\t\t\t\t<\/div>\n\t\t<\/article>\n\t\t\t\t<article class=\"elementor-post elementor-grid-item post-1680 post type-post status-publish format-standard hentry category-noticias\">\n\t\t\t<div class=\"elementor-post__card\">\n\t\t\t\t<div class=\"elementor-post__text\">\n\t\t\t\t<h2 class=\"elementor-post__title\">\n\t\t\t<a href=\"https:\/\/gijonbasket.com\/en\/2023\/08\/25\/alan-morchon-quinta-renovacion-para-el-circulo-gijon-baloncesto\/\" >\n\t\t\t\tAlan Morch\u00f3n quinta renovaci\u00f3n para el C\u00edrculo Gij\u00f3n Baloncesto\t\t\t<\/a>\n\t\t<\/h2>\n\t\t\t\t<div class=\"elementor-post__excerpt\">\n\t\t\t<p>El C\u00edrculo Gij\u00f3n Baloncesto hizo ayer oficial la renovaci\u00f3n de Alan Morchon que era del todo esperada. El base vallisoletano de 23 a\u00f1os y 1.88<\/p>\n\t\t<\/div>\n\t\t\n\t\t<a class=\"elementor-post__read-more\" href=\"https:\/\/gijonbasket.com\/en\/2023\/08\/25\/alan-morchon-quinta-renovacion-para-el-circulo-gijon-baloncesto\/\" aria-label=\"Read more about Alan Morch\u00f3n quinta renovaci\u00f3n para el C\u00edrculo Gij\u00f3n Baloncesto\" tabindex=\"-1\" >\n\t\t\tRead more &#034;\t\t<\/a>\n\n\t\t\t\t<\/div>\n\t\t\t\t<div class=\"elementor-post__meta-data\">\n\t\t\t\t\t<span class=\"elementor-post-date\">\n\t\t\t25 de August de 2023\t\t<\/span>\n\t\t\t\t<\/div>\n\t\t\t\t\t<\/div>\n\t\t<\/article>\n\t\t\t\t<article class=\"elementor-post elementor-grid-item post-1673 post type-post status-publish format-standard hentry category-noticias\">\n\t\t\t<div class=\"elementor-post__card\">\n\t\t\t\t<div class=\"elementor-post__text\">\n\t\t\t\t<h2 class=\"elementor-post__title\">\n\t\t\t<a href=\"https:\/\/gijonbasket.com\/en\/2023\/08\/25\/copa-del-mundo-2023-jornada-1-grupos-a-d-e-h\/\" >\n\t\t\t\tCopa del Mundo 2023. Jornada 1. Grupos A-D-E-H.\t\t\t<\/a>\n\t\t<\/h2>\n\t\t\t\t<div class=\"elementor-post__excerpt\">\n\t\t\t<p>Jornada 1 &#8211; Viernes 25 Agosto 2023 Grupo Encuentro Resultado Horario A Angola &#8211; Italia 67- 81 10:00 A Rep\u00fablica Dominicana &#8211; Filipinas 87 &#8211;<\/p>\n\t\t<\/div>\n\t\t\n\t\t<a class=\"elementor-post__read-more\" href=\"https:\/\/gijonbasket.com\/en\/2023\/08\/25\/copa-del-mundo-2023-jornada-1-grupos-a-d-e-h\/\" aria-label=\"Read more about Copa del Mundo 2023. Jornada 1. Grupos A-D-E-H.\" tabindex=\"-1\" >\n\t\t\tRead more &#034;\t\t<\/a>\n\n\t\t\t\t<\/div>\n\t\t\t\t<div class=\"elementor-post__meta-data\">\n\t\t\t\t\t<span class=\"elementor-post-date\">\n\t\t\t25 de August de 2023\t\t<\/span>\n\t\t\t\t<\/div>\n\t\t\t\t\t<\/div>\n\t\t<\/article>\n\t\t\t\t<article class=\"elementor-post elementor-grid-item post-1669 post type-post status-publish format-standard hentry category-exclusivas category-noticias\">\n\t\t\t<div class=\"elementor-post__card\">\n\t\t\t\t<div class=\"elementor-post__text\">\n\t\t\t\t<h2 class=\"elementor-post__title\">\n\t\t\t<a href=\"https:\/\/gijonbasket.com\/en\/2023\/08\/24\/alejandro-lopez-rumbo-al-universidad-de-oviedo-confirmacion-exclusiva-de-www-gijonbasket-com\/\" >\n\t\t\t\tAlejandro L\u00f3pez rumbo al Universidad de Oviedo. Confirmaci\u00f3n exclusiva de www.gijonbasket.com.\t\t\t<\/a>\n\t\t<\/h2>\n\t\t\t\t<div class=\"elementor-post__excerpt\">\n\t\t\t<p>El pasado 12 de agosto adelantamos en exclusiva en www.gijonbasket.com, que el futuro de Alejandro L\u00f3pez (Corinto Gij\u00f3n Basket) estaba directamente vinculado con el Universidad<\/p>\n\t\t<\/div>\n\t\t\n\t\t<a class=\"elementor-post__read-more\" href=\"https:\/\/gijonbasket.com\/en\/2023\/08\/24\/alejandro-lopez-rumbo-al-universidad-de-oviedo-confirmacion-exclusiva-de-www-gijonbasket-com\/\" aria-label=\"Read more about Alejandro L\u00f3pez rumbo al Universidad de Oviedo. Confirmaci\u00f3n exclusiva de www.gijonbasket.com.\" tabindex=\"-1\" >\n\t\t\tRead more &#034;\t\t<\/a>\n\n\t\t\t\t<\/div>\n\t\t\t\t<div class=\"elementor-post__meta-data\">\n\t\t\t\t\t<span class=\"elementor-post-date\">\n\t\t\t24 de August de 2023\t\t<\/span>\n\t\t\t\t<\/div>\n\t\t\t\t\t<\/div>\n\t\t<\/article>\n\t\t\t\t<article class=\"elementor-post elementor-grid-item post-1632 post type-post status-publish format-standard hentry category-noticias\">\n\t\t\t<div class=\"elementor-post__card\">\n\t\t\t\t<div class=\"elementor-post__text\">\n\t\t\t\t<h2 class=\"elementor-post__title\">\n\t\t\t<a href=\"https:\/\/gijonbasket.com\/en\/2023\/08\/24\/copa-del-mundo-2023-calendario-fase-de-grupos\/\" >\n\t\t\t\tCopa del Mundo 2023. Calendario Fase de Grupos.\t\t\t<\/a>\n\t\t<\/h2>\n\t\t\t\t<div class=\"elementor-post__excerpt\">\n\t\t\t<p>Calendario de todos los encuentros de la Primera Fase. Los horarios abarcan una franja horaria de 09:30 &#8211; 15:30. Jornada 1 &#8211; Viernes 25 Agosto<\/p>\n\t\t<\/div>\n\t\t\n\t\t<a class=\"elementor-post__read-more\" href=\"https:\/\/gijonbasket.com\/en\/2023\/08\/24\/copa-del-mundo-2023-calendario-fase-de-grupos\/\" aria-label=\"Read more about Copa del Mundo 2023. Calendario Fase de Grupos.\" tabindex=\"-1\" >\n\t\t\tRead more &#034;\t\t<\/a>\n\n\t\t\t\t<\/div>\n\t\t\t\t<div class=\"elementor-post__meta-data\">\n\t\t\t\t\t<span class=\"elementor-post-date\">\n\t\t\t24 de August de 2023\t\t<\/span>\n\t\t\t\t<\/div>\n\t\t\t\t\t<\/div>\n\t\t<\/article>\n\t\t\t\t<article class=\"elementor-post elementor-grid-item post-1630 post type-post status-publish format-standard hentry category-noticias\">\n\t\t\t<div class=\"elementor-post__card\">\n\t\t\t\t<div class=\"elementor-post__text\">\n\t\t\t\t<h2 class=\"elementor-post__title\">\n\t\t\t<a href=\"https:\/\/gijonbasket.com\/en\/2023\/08\/24\/copa-del-mundo-2023-grupos\/\" >\n\t\t\t\tCopa del Mundo 2023. Grupos.\t\t\t<\/a>\n\t\t<\/h2>\n\t\t\t\t<div class=\"elementor-post__excerpt\">\n\t\t\t<p>La Copa del Mundo 2023 est\u00e1 a 24 horas de su inicio. Desde www.gijonbasket.com presentamos los Grupos de la competici\u00f3n en la Primera Fase. PRIMERA<\/p>\n\t\t<\/div>\n\t\t\n\t\t<a class=\"elementor-post__read-more\" href=\"https:\/\/gijonbasket.com\/en\/2023\/08\/24\/copa-del-mundo-2023-grupos\/\" aria-label=\"Read more about Copa del Mundo 2023. Grupos.\" tabindex=\"-1\" >\n\t\t\tRead more &#034;\t\t<\/a>\n\n\t\t\t\t<\/div>\n\t\t\t\t<div class=\"elementor-post__meta-data\">\n\t\t\t\t\t<span class=\"elementor-post-date\">\n\t\t\t24 de August de 2023\t\t<\/span>\n\t\t\t\t<\/div>\n\t\t\t\t\t<\/div>\n\t\t<\/article>\n\t\t\t\t<article class=\"elementor-post elementor-grid-item post-1664 post type-post status-publish format-standard hentry category-exclusivas category-noticias\">\n\t\t\t<div class=\"elementor-post__card\">\n\t\t\t\t<div class=\"elementor-post__text\">\n\t\t\t\t<h2 class=\"elementor-post__title\">\n\t\t\t<a href=\"https:\/\/gijonbasket.com\/en\/2023\/08\/24\/david-jimenez-nuevo-fichaje-de-tartiere-auto-gijon-basket-confirmacion-exclusiva-de-www-gijonbasket-com\/\" >\n\t\t\t\tDavid Jim\u00e9nez nuevo fichaje de Tartiere Auto Gij\u00f3n Basket. Confirmaci\u00f3n exclusiva de www.gijonbasket.com.\t\t\t<\/a>\n\t\t<\/h2>\n\t\t\t\t<div class=\"elementor-post__excerpt\">\n\t\t\t<p>El pasado 30 de julio adelantamos en exclusiva en www.gijonbasket.com, el nombre de David Jim\u00e9nez (C.B. Pumar\u00edn), como potencial fichaje para Tartiere Auto Gij\u00f3n Basket.<\/p>\n\t\t<\/div>\n\t\t\n\t\t<a class=\"elementor-post__read-more\" href=\"https:\/\/gijonbasket.com\/en\/2023\/08\/24\/david-jimenez-nuevo-fichaje-de-tartiere-auto-gijon-basket-confirmacion-exclusiva-de-www-gijonbasket-com\/\" aria-label=\"Read more about David Jim\u00e9nez nuevo fichaje de Tartiere Auto Gij\u00f3n Basket. Confirmaci\u00f3n exclusiva de www.gijonbasket.com.\" tabindex=\"-1\" >\n\t\t\tRead more &#034;\t\t<\/a>\n\n\t\t\t\t<\/div>\n\t\t\t\t<div class=\"elementor-post__meta-data\">\n\t\t\t\t\t<span class=\"elementor-post-date\">\n\t\t\t24 de August de 2023\t\t<\/span>\n\t\t\t\t<\/div>\n\t\t\t\t\t<\/div>\n\t\t<\/article>\n\t\t\t\t<article class=\"elementor-post elementor-grid-item post-1650 post type-post status-publish format-standard hentry category-noticias\">\n\t\t\t<div class=\"elementor-post__card\">\n\t\t\t\t<div class=\"elementor-post__text\">\n\t\t\t\t<h2 class=\"elementor-post__title\">\n\t\t\t<a href=\"https:\/\/gijonbasket.com\/en\/2023\/08\/23\/mercado-de-fichajes-leb-plata-6\/\" >\n\t\t\t\tMercado de Fichajes LEB Plata\t\t\t<\/a>\n\t\t<\/h2>\n\t\t\t\t<div class=\"elementor-post__excerpt\">\n\t\t\t<p>Fibwi Palma : Fichaje de Quarry Greenaway (Al Dhafra) que milit\u00f3 en el C\u00edrculo Gij\u00f3n Baloncesto en la temporada 2021\/2022. Zamora Enamora : Fichaje de<\/p>\n\t\t<\/div>\n\t\t\n\t\t<a class=\"elementor-post__read-more\" href=\"https:\/\/gijonbasket.com\/en\/2023\/08\/23\/mercado-de-fichajes-leb-plata-6\/\" aria-label=\"Read more about Mercado de Fichajes LEB Plata\" tabindex=\"-1\" >\n\t\t\tRead more &#034;\t\t<\/a>\n\n\t\t\t\t<\/div>\n\t\t\t\t<div class=\"elementor-post__meta-data\">\n\t\t\t\t\t<span class=\"elementor-post-date\">\n\t\t\t23 de August de 2023\t\t<\/span>\n\t\t\t\t<\/div>\n\t\t\t\t\t<\/div>\n\t\t<\/article>\n\t\t\t\t<article class=\"elementor-post elementor-grid-item post-1648 post type-post status-publish format-standard hentry category-noticias\">\n\t\t\t<div class=\"elementor-post__card\">\n\t\t\t\t<div class=\"elementor-post__text\">\n\t\t\t\t<h2 class=\"elementor-post__title\">\n\t\t\t<a href=\"https:\/\/gijonbasket.com\/en\/2023\/08\/23\/mercado-de-fichajes-leb-oro-17\/\" >\n\t\t\t\tMercado de Fichajes LEB Oro\t\t\t<\/a>\n\t\t<\/h2>\n\t\t\t\t<div class=\"elementor-post__excerpt\">\n\t\t\t<p>Baloncesto Fuenlabrada : Fichaje de Joey Van Zegeren (Hereda San Pablo Burgos). Su primer equipo en Espa\u00f1a fue el Liberbank Oviedo Baloncesto (2018\/2019). Hestia Menorca<\/p>\n\t\t<\/div>\n\t\t\n\t\t<a class=\"elementor-post__read-more\" href=\"https:\/\/gijonbasket.com\/en\/2023\/08\/23\/mercado-de-fichajes-leb-oro-17\/\" aria-label=\"Read more about Mercado de Fichajes LEB Oro\" tabindex=\"-1\" >\n\t\t\tRead more &#034;\t\t<\/a>\n\n\t\t\t\t<\/div>\n\t\t\t\t<div class=\"elementor-post__meta-data\">\n\t\t\t\t\t<span class=\"elementor-post-date\">\n\t\t\t23 de August de 2023\t\t<\/span>\n\t\t\t\t<\/div>\n\t\t\t\t\t<\/div>\n\t\t<\/article>\n\t\t\t\t<article class=\"elementor-post elementor-grid-item post-1645 post type-post status-publish format-standard hentry category-noticias\">\n\t\t\t<div class=\"elementor-post__card\">\n\t\t\t\t<div class=\"elementor-post__text\">\n\t\t\t\t<h2 class=\"elementor-post__title\">\n\t\t\t<a href=\"https:\/\/gijonbasket.com\/en\/2023\/08\/22\/sergei-babkov-1967-2023\/\" >\n\t\t\t\tSergei Babkov (1967-2023)\t\t\t<\/a>\n\t\t<\/h2>\n\t\t\t\t<div class=\"elementor-post__excerpt\">\n\t\t\t<p>El mundo del baloncesto se ti\u00f1\u00f3 de luto,ayer lunes, al conocerse el fallecimiento de Sergei Babkov a los 56 a\u00f1os v\u00edctima de un infarto. Leyenda<\/p>\n\t\t<\/div>\n\t\t\n\t\t<a class=\"elementor-post__read-more\" href=\"https:\/\/gijonbasket.com\/en\/2023\/08\/22\/sergei-babkov-1967-2023\/\" aria-label=\"Read more about Sergei Babkov (1967-2023)\" tabindex=\"-1\" >\n\t\t\tRead more &#034;\t\t<\/a>\n\n\t\t\t\t<\/div>\n\t\t\t\t<div class=\"elementor-post__meta-data\">\n\t\t\t\t\t<span class=\"elementor-post-date\">\n\t\t\t22 de August de 2023\t\t<\/span>\n\t\t\t\t<\/div>\n\t\t\t\t\t<\/div>\n\t\t<\/article>\n\t\t\t\t<article class=\"elementor-post elementor-grid-item post-1643 post type-post status-publish format-standard hentry category-exclusivas category-noticias\">\n\t\t\t<div class=\"elementor-post__card\">\n\t\t\t\t<div class=\"elementor-post__text\">\n\t\t\t\t<h2 class=\"elementor-post__title\">\n\t\t\t<a href=\"https:\/\/gijonbasket.com\/en\/2023\/08\/21\/hugo-cluysen-quinto-fichaje-del-circulo-gijon-baloncesto-confirmacion-exclusiva-de-www-gijonbasket-com\/\" >\n\t\t\t\tHugo Cluysen quinto fichaje del C\u00edrculo Gij\u00f3n Baloncesto. Confirmaci\u00f3n exclusiva de www.gijonbasket.com.\t\t\t<\/a>\n\t\t<\/h2>\n\t\t\t\t<div class=\"elementor-post__excerpt\">\n\t\t\t<p>El pasado 18 de julio anunciamos en exclusiva en www.gijonbasket.com que Hugo Cluysen se posicionaba como potencial fichaje del C\u00edrculo Gij\u00f3n Baloncesto. Hoy lunes el<\/p>\n\t\t<\/div>\n\t\t\n\t\t<a class=\"elementor-post__read-more\" href=\"https:\/\/gijonbasket.com\/en\/2023\/08\/21\/hugo-cluysen-quinto-fichaje-del-circulo-gijon-baloncesto-confirmacion-exclusiva-de-www-gijonbasket-com\/\" aria-label=\"Read more about Hugo Cluysen quinto fichaje del C\u00edrculo Gij\u00f3n Baloncesto. Confirmaci\u00f3n exclusiva de www.gijonbasket.com.\" tabindex=\"-1\" >\n\t\t\tRead more &#034;\t\t<\/a>\n\n\t\t\t\t<\/div>\n\t\t\t\t<div class=\"elementor-post__meta-data\">\n\t\t\t\t\t<span class=\"elementor-post-date\">\n\t\t\t21 de August de 2023\t\t<\/span>\n\t\t\t\t<\/div>\n\t\t\t\t\t<\/div>\n\t\t<\/article>\n\t\t\t\t<article class=\"elementor-post elementor-grid-item post-1640 post type-post status-publish format-standard hentry category-noticias\">\n\t\t\t<div class=\"elementor-post__card\">\n\t\t\t\t<div class=\"elementor-post__text\">\n\t\t\t\t<h2 class=\"elementor-post__title\">\n\t\t\t<a href=\"https:\/\/gijonbasket.com\/en\/2023\/08\/21\/mercado-de-fichajes-leb-plata-5\/\" >\n\t\t\t\tMercado de Fichajes LEB Plata\t\t\t<\/a>\n\t\t<\/h2>\n\t\t\t\t<div class=\"elementor-post__excerpt\">\n\t\t\t<p>OCA Global &#8211; C.B. Salou : Fichajes de Gerard Estebanell (Ibersol C.B. Tarragona) y Pablo Aso (Anagan-El Olivar). Juaristi ISB : Fichaje de Aiert Velasco<\/p>\n\t\t<\/div>\n\t\t\n\t\t<a class=\"elementor-post__read-more\" href=\"https:\/\/gijonbasket.com\/en\/2023\/08\/21\/mercado-de-fichajes-leb-plata-5\/\" aria-label=\"Read more about Mercado de Fichajes LEB Plata\" tabindex=\"-1\" >\n\t\t\tRead more &#034;\t\t<\/a>\n\n\t\t\t\t<\/div>\n\t\t\t\t<div class=\"elementor-post__meta-data\">\n\t\t\t\t\t<span class=\"elementor-post-date\">\n\t\t\t21 de August de 2023\t\t<\/span>\n\t\t\t\t<\/div>\n\t\t\t\t\t<\/div>\n\t\t<\/article>\n\t\t\t\t<article class=\"elementor-post elementor-grid-item post-1635 post type-post status-publish format-standard hentry category-noticias\">\n\t\t\t<div class=\"elementor-post__card\">\n\t\t\t\t<div class=\"elementor-post__text\">\n\t\t\t\t<h2 class=\"elementor-post__title\">\n\t\t\t<a href=\"https:\/\/gijonbasket.com\/en\/2023\/08\/21\/javier-quiros-quinto-fichaje-de-tartiere-auto-gijon-basket\/\" >\n\t\t\t\tJavier Quir\u00f3s quinto fichaje de Tartiere Auto Gij\u00f3n Basket\t\t\t<\/a>\n\t\t<\/h2>\n\t\t\t\t<div class=\"elementor-post__excerpt\">\n\t\t\t<p>Javier Quir\u00f3s nuevo fichaje para Tartiere Auto Gij\u00f3n Basket procedente del Alecar Skoda Atl\u00e9tica Avilesina. Alero, natural de Avil\u00e9s, de 20 a\u00f1os y 1.91 m.<\/p>\n\t\t<\/div>\n\t\t\n\t\t<a class=\"elementor-post__read-more\" href=\"https:\/\/gijonbasket.com\/en\/2023\/08\/21\/javier-quiros-quinto-fichaje-de-tartiere-auto-gijon-basket\/\" aria-label=\"Read more about Javier Quir\u00f3s quinto fichaje de Tartiere Auto Gij\u00f3n Basket\" tabindex=\"-1\" >\n\t\t\tRead more &#034;\t\t<\/a>\n\n\t\t\t\t<\/div>\n\t\t\t\t<div class=\"elementor-post__meta-data\">\n\t\t\t\t\t<span class=\"elementor-post-date\">\n\t\t\t21 de August de 2023\t\t<\/span>\n\t\t\t\t<\/div>\n\t\t\t\t\t<\/div>\n\t\t<\/article>\n\t\t\t\t<article class=\"elementor-post elementor-grid-item post-1625 post type-post status-publish format-standard hentry category-noticias\">\n\t\t\t<div class=\"elementor-post__card\">\n\t\t\t\t<div class=\"elementor-post__text\">\n\t\t\t\t<h2 class=\"elementor-post__title\">\n\t\t\t<a href=\"https:\/\/gijonbasket.com\/en\/2023\/08\/20\/mercado-de-fichajes-leb-oro-16\/\" >\n\t\t\t\tMercado de Fichajes LEB Oro\t\t\t<\/a>\n\t\t<\/h2>\n\t\t\t\t<div class=\"elementor-post__excerpt\">\n\t\t\t<p>Club Ourense Baloncesto : Fichaje de Ivica Radic (Trefl Sopot). Rioverde Clavijo : Fichaje de Victor Bafutto (Louisiana Monroe University). Baloncesto Fuenlabrada : Fichaje de<\/p>\n\t\t<\/div>\n\t\t\n\t\t<a class=\"elementor-post__read-more\" href=\"https:\/\/gijonbasket.com\/en\/2023\/08\/20\/mercado-de-fichajes-leb-oro-16\/\" aria-label=\"Read more about Mercado de Fichajes LEB Oro\" tabindex=\"-1\" >\n\t\t\tRead more &#034;\t\t<\/a>\n\n\t\t\t\t<\/div>\n\t\t\t\t<div class=\"elementor-post__meta-data\">\n\t\t\t\t\t<span class=\"elementor-post-date\">\n\t\t\t20 de August de 2023\t\t<\/span>\n\t\t\t\t<\/div>\n\t\t\t\t\t<\/div>\n\t\t<\/article>\n\t\t\t\t<article class=\"elementor-post elementor-grid-item post-1623 post type-post status-publish format-standard hentry category-noticias\">\n\t\t\t<div class=\"elementor-post__card\">\n\t\t\t\t<div class=\"elementor-post__text\">\n\t\t\t\t<h2 class=\"elementor-post__title\">\n\t\t\t<a href=\"https:\/\/gijonbasket.com\/en\/2023\/08\/20\/mercado-de-fichajes-liga-endesa-12\/\" >\n\t\t\t\tMercado de Fichajes Liga Endesa\t\t\t<\/a>\n\t\t<\/h2>\n\t\t\t\t<div class=\"elementor-post__excerpt\">\n\t\t\t<p>Unicaja : Fichaje de Ilimane Diop (UCAM Murcia). B\u00e1squet Girona : Fichaje de Gy\u00f6rgy Golom\u00e1n (Panevezys 7bet-Lietkabelis). Zunder Palencia : Fichaje de Vitor Benite (Dreamland<\/p>\n\t\t<\/div>\n\t\t\n\t\t<a class=\"elementor-post__read-more\" href=\"https:\/\/gijonbasket.com\/en\/2023\/08\/20\/mercado-de-fichajes-liga-endesa-12\/\" aria-label=\"Read more about Mercado de Fichajes Liga Endesa\" tabindex=\"-1\" >\n\t\t\tRead more &#034;\t\t<\/a>\n\n\t\t\t\t<\/div>\n\t\t\t\t<div class=\"elementor-post__meta-data\">\n\t\t\t\t\t<span class=\"elementor-post-date\">\n\t\t\t20 de August de 2023\t\t<\/span>\n\t\t\t\t<\/div>\n\t\t\t\t\t<\/div>\n\t\t<\/article>\n\t\t\t\t<article class=\"elementor-post elementor-grid-item post-1621 post type-post status-publish format-standard hentry category-noticias\">\n\t\t\t<div class=\"elementor-post__card\">\n\t\t\t\t<div class=\"elementor-post__text\">\n\t\t\t\t<h2 class=\"elementor-post__title\">\n\t\t\t<a href=\"https:\/\/gijonbasket.com\/en\/2023\/08\/19\/mercado-de-fichajes-73\/\" >\n\t\t\t\tMercado de Fichajes\t\t\t<\/a>\n\t\t<\/h2>\n\t\t\t\t<div class=\"elementor-post__excerpt\">\n\t\t\t<p>Partizan Mozzart Bet Belgrado : Fichaje de Frank Kaminsky (Houston Rockets). CJ Basket Taranto : Fichaje de Rafael Casanova (Class B\u00e1squet Sant Antoni) que la<\/p>\n\t\t<\/div>\n\t\t\n\t\t<a class=\"elementor-post__read-more\" href=\"https:\/\/gijonbasket.com\/en\/2023\/08\/19\/mercado-de-fichajes-73\/\" aria-label=\"Read more about Mercado de Fichajes\" tabindex=\"-1\" >\n\t\t\tRead more &#034;\t\t<\/a>\n\n\t\t\t\t<\/div>\n\t\t\t\t<div class=\"elementor-post__meta-data\">\n\t\t\t\t\t<span class=\"elementor-post-date\">\n\t\t\t19 de August de 2023\t\t<\/span>\n\t\t\t\t<\/div>\n\t\t\t\t\t<\/div>\n\t\t<\/article>\n\t\t\t\t<article class=\"elementor-post elementor-grid-item post-1619 post type-post status-publish format-standard hentry category-noticias\">\n\t\t\t<div class=\"elementor-post__card\">\n\t\t\t\t<div class=\"elementor-post__text\">\n\t\t\t\t<h2 class=\"elementor-post__title\">\n\t\t\t<a href=\"https:\/\/gijonbasket.com\/en\/2023\/08\/18\/milo-vukcevic-y-rafa-silva-renovacion-y-fichaje-para-el-circulo-gijon-baloncesto\/\" >\n\t\t\t\tMilo Vukcevic y Rafa Silva. Renovaci\u00f3n y fichaje para el C\u00edrculo Gij\u00f3n Baloncesto.\t\t\t<\/a>\n\t\t<\/h2>\n\t\t\t\t<div class=\"elementor-post__excerpt\">\n\t\t\t<p>El C\u00edrculo Gij\u00f3n Baloncesto oficializ\u00f3 hoy la renovaci\u00f3n de Milo Vukcevic y en el d\u00eda de ayer el fichaje de Rafa Silva (LBC Cocinas.com). Milo<\/p>\n\t\t<\/div>\n\t\t\n\t\t<a class=\"elementor-post__read-more\" href=\"https:\/\/gijonbasket.com\/en\/2023\/08\/18\/milo-vukcevic-y-rafa-silva-renovacion-y-fichaje-para-el-circulo-gijon-baloncesto\/\" aria-label=\"Read more about Milo Vukcevic y Rafa Silva. Renovaci\u00f3n y fichaje para el C\u00edrculo Gij\u00f3n Baloncesto.\" tabindex=\"-1\" >\n\t\t\tRead more &#034;\t\t<\/a>\n\n\t\t\t\t<\/div>\n\t\t\t\t<div class=\"elementor-post__meta-data\">\n\t\t\t\t\t<span class=\"elementor-post-date\">\n\t\t\t18 de August de 2023\t\t<\/span>\n\t\t\t\t<\/div>\n\t\t\t\t\t<\/div>\n\t\t<\/article>\n\t\t\t\t<article class=\"elementor-post elementor-grid-item post-1615 post type-post status-publish format-standard hentry category-noticias\">\n\t\t\t<div class=\"elementor-post__card\">\n\t\t\t\t<div class=\"elementor-post__text\">\n\t\t\t\t<h2 class=\"elementor-post__title\">\n\t\t\t<a href=\"https:\/\/gijonbasket.com\/en\/2023\/08\/18\/copa-del-mundo-2023-aumenta-lista-de-bajas-jamaal-murray-kristaps-porzingis-y-domantas-sabonis\/\" >\n\t\t\t\tCopa del Mundo 2023. Aumenta la lista de bajas. Jamaal Murray, Kristaps Porzingis y Domantas Sabonis.\t\t\t<\/a>\n\t\t<\/h2>\n\t\t\t\t<div class=\"elementor-post__excerpt\">\n\t\t\t<p>Jamaal Murray (Canada), Kristaps Porzingis (Letonia) y Domantas Sabonis (Lituania) nuevas bajas para la Copa del Mundo 2023 a una semana del inicio del torneo.<\/p>\n\t\t<\/div>\n\t\t\n\t\t<a class=\"elementor-post__read-more\" href=\"https:\/\/gijonbasket.com\/en\/2023\/08\/18\/copa-del-mundo-2023-aumenta-lista-de-bajas-jamaal-murray-kristaps-porzingis-y-domantas-sabonis\/\" aria-label=\"Read more about Copa del Mundo 2023. Aumenta la lista de bajas. Jamaal Murray, Kristaps Porzingis y Domantas Sabonis.\" tabindex=\"-1\" >\n\t\t\tRead more &#034;\t\t<\/a>\n\n\t\t\t\t<\/div>\n\t\t\t\t<div class=\"elementor-post__meta-data\">\n\t\t\t\t\t<span class=\"elementor-post-date\">\n\t\t\t18 de August de 2023\t\t<\/span>\n\t\t\t\t<\/div>\n\t\t\t\t\t<\/div>\n\t\t<\/article>\n\t\t\t\t<article class=\"elementor-post elementor-grid-item post-1612 post type-post status-publish format-standard hentry category-noticias\">\n\t\t\t<div class=\"elementor-post__card\">\n\t\t\t\t<div class=\"elementor-post__text\">\n\t\t\t\t<h2 class=\"elementor-post__title\">\n\t\t\t<a href=\"https:\/\/gijonbasket.com\/en\/2023\/08\/17\/mercado-de-fichajes-leb-plata-4\/\" >\n\t\t\t\tMercado de Fichajes LEB Plata\t\t\t<\/a>\n\t\t<\/h2>\n\t\t\t\t<div class=\"elementor-post__excerpt\">\n\t\t\t<p>Juventud Alcal\u00e1 Escribano EME : Fichaje de Jhery Matos (Club Polideportivo La Roda). Juaristi ISB : Fichaje de Andoni Atxa (Mondragon Unibertsitatea). OCA Global-C.B. Salou<\/p>\n\t\t<\/div>\n\t\t\n\t\t<a class=\"elementor-post__read-more\" href=\"https:\/\/gijonbasket.com\/en\/2023\/08\/17\/mercado-de-fichajes-leb-plata-4\/\" aria-label=\"Read more about Mercado de Fichajes LEB Plata\" tabindex=\"-1\" >\n\t\t\tRead more &#034;\t\t<\/a>\n\n\t\t\t\t<\/div>\n\t\t\t\t<div class=\"elementor-post__meta-data\">\n\t\t\t\t\t<span class=\"elementor-post-date\">\n\t\t\t17 de August de 2023\t\t<\/span>\n\t\t\t\t<\/div>\n\t\t\t\t\t<\/div>\n\t\t<\/article>\n\t\t\t\t<article class=\"elementor-post elementor-grid-item post-1610 post type-post status-publish format-standard hentry category-noticias\">\n\t\t\t<div class=\"elementor-post__card\">\n\t\t\t\t<div class=\"elementor-post__text\">\n\t\t\t\t<h2 class=\"elementor-post__title\">\n\t\t\t<a href=\"https:\/\/gijonbasket.com\/en\/2023\/08\/17\/mercado-de-fichajes-leb-oro-15\/\" >\n\t\t\t\tMercado de Fichajes LEB Oro\t\t\t<\/a>\n\t\t<\/h2>\n\t\t\t\t<div class=\"elementor-post__excerpt\">\n\t\t\t<p>San Pablo Burgos : Fichaje de Luke Fischer (Real Betis Baloncesto). Hestia Menorca : Fichaje de Clevin Hannah (Givova Scafati). Baloncesto Fuenlabrada : Contrataci\u00f3n de<\/p>\n\t\t<\/div>\n\t\t\n\t\t<a class=\"elementor-post__read-more\" href=\"https:\/\/gijonbasket.com\/en\/2023\/08\/17\/mercado-de-fichajes-leb-oro-15\/\" aria-label=\"Read more about Mercado de Fichajes LEB Oro\" tabindex=\"-1\" >\n\t\t\tRead more &#034;\t\t<\/a>\n\n\t\t\t\t<\/div>\n\t\t\t\t<div class=\"elementor-post__meta-data\">\n\t\t\t\t\t<span class=\"elementor-post-date\">\n\t\t\t17 de August de 2023\t\t<\/span>\n\t\t\t\t<\/div>\n\t\t\t\t\t<\/div>\n\t\t<\/article>\n\t\t\t\t<article class=\"elementor-post elementor-grid-item post-1608 post type-post status-publish format-standard hentry category-noticias\">\n\t\t\t<div class=\"elementor-post__card\">\n\t\t\t\t<div class=\"elementor-post__text\">\n\t\t\t\t<h2 class=\"elementor-post__title\">\n\t\t\t<a href=\"https:\/\/gijonbasket.com\/en\/2023\/08\/16\/jose-ramon-torres-cuarto-fichaje-de-tartiere-auto-gijon-basket\/\" >\n\t\t\t\tJos\u00e9 Ram\u00f3n Torres cuarto fichaje de Tartiere Auto Gij\u00f3n Basket\t\t\t<\/a>\n\t\t<\/h2>\n\t\t\t\t<div class=\"elementor-post__excerpt\">\n\t\t\t<p>Tartiere Auto Gij\u00f3n Basket oficializ\u00f3 esta ma\u00f1ana el fichaje de Jos\u00e9 Ram\u00f3n Torr\u00e9s (Centro Asturiano de Oviedo). Base ovetense de 21 a\u00f1os y 1.76 m.,<\/p>\n\t\t<\/div>\n\t\t\n\t\t<a class=\"elementor-post__read-more\" href=\"https:\/\/gijonbasket.com\/en\/2023\/08\/16\/jose-ramon-torres-cuarto-fichaje-de-tartiere-auto-gijon-basket\/\" aria-label=\"Read more about Jos\u00e9 Ram\u00f3n Torres cuarto fichaje de Tartiere Auto Gij\u00f3n Basket\" tabindex=\"-1\" >\n\t\t\tRead more &#034;\t\t<\/a>\n\n\t\t\t\t<\/div>\n\t\t\t\t<div class=\"elementor-post__meta-data\">\n\t\t\t\t\t<span class=\"elementor-post-date\">\n\t\t\t16 de August de 2023\t\t<\/span>\n\t\t\t\t<\/div>\n\t\t\t\t\t<\/div>\n\t\t<\/article>\n\t\t\t\t<article class=\"elementor-post elementor-grid-item post-1606 post type-post status-publish format-standard hentry category-exclusivas category-noticias\">\n\t\t\t<div class=\"elementor-post__card\">\n\t\t\t\t<div class=\"elementor-post__text\">\n\t\t\t\t<h2 class=\"elementor-post__title\">\n\t\t\t<a href=\"https:\/\/gijonbasket.com\/en\/2023\/08\/15\/diego-cuetos-nuevo-fichaje-de-tartiere-auto-gijon-basket-confirmacion-exclusiva-de-www-gijonbasket-com\/\" >\n\t\t\t\tDiego Cuetos nuevo fichaje de Tartiere Auto Gij\u00f3n Basket. Confirmaci\u00f3n exclusiva de www.gijonbasket.com.\t\t\t<\/a>\n\t\t<\/h2>\n\t\t\t\t<div class=\"elementor-post__excerpt\">\n\t\t\t<p>El pasado 26 de julio adelantamos en exclusiva en www.gijonbasket.com, el nombre de Diego Cuetos (Real Grupo de Cultura Covadonga), como uno de los fichajes<\/p>\n\t\t<\/div>\n\t\t\n\t\t<a class=\"elementor-post__read-more\" href=\"https:\/\/gijonbasket.com\/en\/2023\/08\/15\/diego-cuetos-nuevo-fichaje-de-tartiere-auto-gijon-basket-confirmacion-exclusiva-de-www-gijonbasket-com\/\" aria-label=\"Read more about Diego Cuetos nuevo fichaje de Tartiere Auto Gij\u00f3n Basket. Confirmaci\u00f3n exclusiva de www.gijonbasket.com.\" tabindex=\"-1\" >\n\t\t\tRead more &#034;\t\t<\/a>\n\n\t\t\t\t<\/div>\n\t\t\t\t<div class=\"elementor-post__meta-data\">\n\t\t\t\t\t<span class=\"elementor-post-date\">\n\t\t\t15 de August de 2023\t\t<\/span>\n\t\t\t\t<\/div>\n\t\t\t\t\t<\/div>\n\t\t<\/article>\n\t\t\t\t<article class=\"elementor-post elementor-grid-item post-1602 post type-post status-publish format-standard hentry category-noticias\">\n\t\t\t<div class=\"elementor-post__card\">\n\t\t\t\t<div class=\"elementor-post__text\">\n\t\t\t\t<h2 class=\"elementor-post__title\">\n\t\t\t<a href=\"https:\/\/gijonbasket.com\/en\/2023\/08\/15\/mercado-de-fichajes-leb-plata-3\/\" >\n\t\t\t\tMercado de Fichajes LEB Plata\t\t\t<\/a>\n\t\t<\/h2>\n\t\t\t\t<div class=\"elementor-post__excerpt\">\n\t\t\t<p>Juventud Alcal\u00e1 EME : Fichajes de Chuso Gonz\u00e1lez (Alimerka Oviedo Baloncesto), Albert Lafuente (C\u00e1ceres Patrimonio de la Humanidad) y Alberto de la Torre (NCS Alcobendas).<\/p>\n\t\t<\/div>\n\t\t\n\t\t<a class=\"elementor-post__read-more\" href=\"https:\/\/gijonbasket.com\/en\/2023\/08\/15\/mercado-de-fichajes-leb-plata-3\/\" aria-label=\"Read more about Mercado de Fichajes LEB Plata\" tabindex=\"-1\" >\n\t\t\tRead more &#034;\t\t<\/a>\n\n\t\t\t\t<\/div>\n\t\t\t\t<div class=\"elementor-post__meta-data\">\n\t\t\t\t\t<span class=\"elementor-post-date\">\n\t\t\t15 de August de 2023\t\t<\/span>\n\t\t\t\t<\/div>\n\t\t\t\t\t<\/div>\n\t\t<\/article>\n\t\t\t\t<article class=\"elementor-post elementor-grid-item post-1600 post type-post status-publish format-standard hentry category-noticias\">\n\t\t\t<div class=\"elementor-post__card\">\n\t\t\t\t<div class=\"elementor-post__text\">\n\t\t\t\t<h2 class=\"elementor-post__title\">\n\t\t\t<a href=\"https:\/\/gijonbasket.com\/en\/2023\/08\/15\/mercado-de-fichajes-liga-endesa-11\/\" >\n\t\t\t\tMercado de Fichajes Liga Endesa\t\t\t<\/a>\n\t\t<\/h2>\n\t\t\t\t<div class=\"elementor-post__excerpt\">\n\t\t\t<p>Zunder Palencia : Fichajes de Anzejs Pasecniks (Real Betis Baloncesto) y Brandon Brown (Hapoel Bank Yahav Jerusalem). BAXI Manresa : Fichaje de Travante Williams (Sporting<\/p>\n\t\t<\/div>\n\t\t\n\t\t<a class=\"elementor-post__read-more\" href=\"https:\/\/gijonbasket.com\/en\/2023\/08\/15\/mercado-de-fichajes-liga-endesa-11\/\" aria-label=\"Read more about Mercado de Fichajes Liga Endesa\" tabindex=\"-1\" >\n\t\t\tRead more &#034;\t\t<\/a>\n\n\t\t\t\t<\/div>\n\t\t\t\t<div class=\"elementor-post__meta-data\">\n\t\t\t\t\t<span class=\"elementor-post-date\">\n\t\t\t15 de August de 2023\t\t<\/span>\n\t\t\t\t<\/div>\n\t\t\t\t\t<\/div>\n\t\t<\/article>\n\t\t\t\t<article class=\"elementor-post elementor-grid-item post-1598 post type-post status-publish format-standard hentry category-noticias\">\n\t\t\t<div class=\"elementor-post__card\">\n\t\t\t\t<div class=\"elementor-post__text\">\n\t\t\t\t<h2 class=\"elementor-post__title\">\n\t\t\t<a href=\"https:\/\/gijonbasket.com\/en\/2023\/08\/14\/mercado-de-fichajes-72\/\" >\n\t\t\t\tMercado de Fichajes\t\t\t<\/a>\n\t\t<\/h2>\n\t\t\t\t<div class=\"elementor-post__excerpt\">\n\t\t\t<p>Partizan Mozzart Bet Belgrado : Fichaje de PJ Dozier (Sacramento Kings) para la pr\u00f3xima temporada. PAOK Salonica : Fichaje de Laurynas Beliauskas (Fraport Skyliners Frankfurt).<\/p>\n\t\t<\/div>\n\t\t\n\t\t<a class=\"elementor-post__read-more\" href=\"https:\/\/gijonbasket.com\/en\/2023\/08\/14\/mercado-de-fichajes-72\/\" aria-label=\"Read more about Mercado de Fichajes\" tabindex=\"-1\" >\n\t\t\tRead more &#034;\t\t<\/a>\n\n\t\t\t\t<\/div>\n\t\t\t\t<div class=\"elementor-post__meta-data\">\n\t\t\t\t\t<span class=\"elementor-post-date\">\n\t\t\t14 de August de 2023\t\t<\/span>\n\t\t\t\t<\/div>\n\t\t\t\t\t<\/div>\n\t\t<\/article>\n\t\t\t\t<article class=\"elementor-post elementor-grid-item post-1596 post type-post status-publish format-standard hentry category-exclusivas category-noticias\">\n\t\t\t<div class=\"elementor-post__card\">\n\t\t\t\t<div class=\"elementor-post__text\">\n\t\t\t\t<h2 class=\"elementor-post__title\">\n\t\t\t<a href=\"https:\/\/gijonbasket.com\/en\/2023\/08\/13\/mateo-gonzalez-perez-santamarina-sera-el-entrenador-ayudante-en-tartiere-auto-gijon-basket\/\" >\n\t\t\t\tMateo Gonz\u00e1lez P\u00e9rez-Santamarina ser\u00e1 el entrenador ayudante en Tartiere Auto Gij\u00f3n Basket\t\t\t<\/a>\n\t\t<\/h2>\n\t\t\t\t<div class=\"elementor-post__excerpt\">\n\t\t\t<p>Desde www.gijonbasket.com, adelantamos en exclusiva, la incorporaci\u00f3n de Mateo Gonz\u00e1lez P\u00e9rez-Santamarina a Tartiere Auto Gij\u00f3n Basket para desempe\u00f1ar el cargo de segundo entrenador bajo la<\/p>\n\t\t<\/div>\n\t\t\n\t\t<a class=\"elementor-post__read-more\" href=\"https:\/\/gijonbasket.com\/en\/2023\/08\/13\/mateo-gonzalez-perez-santamarina-sera-el-entrenador-ayudante-en-tartiere-auto-gijon-basket\/\" aria-label=\"Read more about Mateo Gonz\u00e1lez P\u00e9rez-Santamarina ser\u00e1 el entrenador ayudante en Tartiere Auto Gij\u00f3n Basket\" tabindex=\"-1\" >\n\t\t\tRead more &#034;\t\t<\/a>\n\n\t\t\t\t<\/div>\n\t\t\t\t<div class=\"elementor-post__meta-data\">\n\t\t\t\t\t<span class=\"elementor-post-date\">\n\t\t\t13 de August de 2023\t\t<\/span>\n\t\t\t\t<\/div>\n\t\t\t\t\t<\/div>\n\t\t<\/article>\n\t\t\t\t<article class=\"elementor-post elementor-grid-item post-1594 post type-post status-publish format-standard hentry category-noticias\">\n\t\t\t<div class=\"elementor-post__card\">\n\t\t\t\t<div class=\"elementor-post__text\">\n\t\t\t\t<h2 class=\"elementor-post__title\">\n\t\t\t<a href=\"https:\/\/gijonbasket.com\/en\/2023\/08\/13\/alex-murphy-cierra-la-plantilla-del-movistar-estudiantes-objetivo-ascenso-liga-endesa\/\" >\n\t\t\t\tAlex Murphy cierra la plantilla del Movistar Estudiantes. Objetivo Ascenso Liga Endesa.\t\t\t<\/a>\n\t\t<\/h2>\n\t\t\t\t<div class=\"elementor-post__excerpt\">\n\t\t\t<p>El Movistar Estudiantes anunci\u00f3 el fichaje de Alex Murphy (Levanga Hokkaido Sapporo) para dar por cerrada su plantilla de cara a la temporada 2023\/2024 en<\/p>\n\t\t<\/div>\n\t\t\n\t\t<a class=\"elementor-post__read-more\" href=\"https:\/\/gijonbasket.com\/en\/2023\/08\/13\/alex-murphy-cierra-la-plantilla-del-movistar-estudiantes-objetivo-ascenso-liga-endesa\/\" aria-label=\"Read more about Alex Murphy cierra la plantilla del Movistar Estudiantes. Objetivo Ascenso Liga Endesa.\" tabindex=\"-1\" >\n\t\t\tRead more &#034;\t\t<\/a>\n\n\t\t\t\t<\/div>\n\t\t\t\t<div class=\"elementor-post__meta-data\">\n\t\t\t\t\t<span class=\"elementor-post-date\">\n\t\t\t13 de August de 2023\t\t<\/span>\n\t\t\t\t<\/div>\n\t\t\t\t\t<\/div>\n\t\t<\/article>\n\t\t\t\t<article class=\"elementor-post elementor-grid-item post-1592 post type-post status-publish format-standard hentry category-noticias\">\n\t\t\t<div class=\"elementor-post__card\">\n\t\t\t\t<div class=\"elementor-post__text\">\n\t\t\t\t<h2 class=\"elementor-post__title\">\n\t\t\t<a href=\"https:\/\/gijonbasket.com\/en\/2023\/08\/13\/fran-sanchez-tercera-renovacion-en-el-circulo-gijon-baloncesto\/\" >\n\t\t\t\tFran S\u00e1nchez tercera renovaci\u00f3n en el C\u00edrculo Gij\u00f3n Baloncesto\t\t\t<\/a>\n\t\t<\/h2>\n\t\t\t\t<div class=\"elementor-post__excerpt\">\n\t\t\t<p>El C\u00edrculo Gij\u00f3n Baloncesto anunci\u00f3 este viernes la renovaci\u00f3n de contrato a Fran S\u00e1nchez. Alero ovetense de 21 a\u00f1os y 1.95 m. que cumplir\u00e1 su<\/p>\n\t\t<\/div>\n\t\t\n\t\t<a class=\"elementor-post__read-more\" href=\"https:\/\/gijonbasket.com\/en\/2023\/08\/13\/fran-sanchez-tercera-renovacion-en-el-circulo-gijon-baloncesto\/\" aria-label=\"Read more about Fran S\u00e1nchez tercera renovaci\u00f3n en el C\u00edrculo Gij\u00f3n Baloncesto\" tabindex=\"-1\" >\n\t\t\tRead more &#034;\t\t<\/a>\n\n\t\t\t\t<\/div>\n\t\t\t\t<div class=\"elementor-post__meta-data\">\n\t\t\t\t\t<span class=\"elementor-post-date\">\n\t\t\t13 de August de 2023\t\t<\/span>\n\t\t\t\t<\/div>\n\t\t\t\t\t<\/div>\n\t\t<\/article>\n\t\t\t\t<article class=\"elementor-post elementor-grid-item post-1588 post type-post status-publish format-standard hentry category-exclusivas category-noticias\">\n\t\t\t<div class=\"elementor-post__card\">\n\t\t\t\t<div class=\"elementor-post__text\">\n\t\t\t\t<h2 class=\"elementor-post__title\">\n\t\t\t<a href=\"https:\/\/gijonbasket.com\/en\/2023\/08\/12\/alejandro-lopez-rumbo-al-universidad-de-oviedo\/\" >\n\t\t\t\tAlejandro L\u00f3pez rumbo al Universidad de Oviedo\t\t\t<\/a>\n\t\t<\/h2>\n\t\t\t\t<div class=\"elementor-post__excerpt\">\n\t\t\t<p>Desde www.gijonbasket.com, adelantamos en exclusiva, el futuro de Alejandro L\u00f3pez (Corinto Gij\u00f3n Basket) que est\u00e1 directamente vinculado con el Universidad de Oviedo de cara a<\/p>\n\t\t<\/div>\n\t\t\n\t\t<a class=\"elementor-post__read-more\" href=\"https:\/\/gijonbasket.com\/en\/2023\/08\/12\/alejandro-lopez-rumbo-al-universidad-de-oviedo\/\" aria-label=\"Read more about Alejandro L\u00f3pez rumbo al Universidad de Oviedo\" tabindex=\"-1\" >\n\t\t\tRead more &#034;\t\t<\/a>\n\n\t\t\t\t<\/div>\n\t\t\t\t<div class=\"elementor-post__meta-data\">\n\t\t\t\t\t<span class=\"elementor-post-date\">\n\t\t\t12 de August de 2023\t\t<\/span>\n\t\t\t\t<\/div>\n\t\t\t\t\t<\/div>\n\t\t<\/article>\n\t\t\t\t<article class=\"elementor-post elementor-grid-item post-1586 post type-post status-publish format-standard hentry category-noticias\">\n\t\t\t<div class=\"elementor-post__card\">\n\t\t\t\t<div class=\"elementor-post__text\">\n\t\t\t\t<h2 class=\"elementor-post__title\">\n\t\t\t<a href=\"https:\/\/gijonbasket.com\/en\/2023\/08\/12\/copa-del-mundo-2023-giannis-antetokounmpo-nueva-baja\/\" >\n\t\t\t\tCopa del Mundo 2023. Giannis Antetokounmpo nueva baja.\t\t\t<\/a>\n\t\t<\/h2>\n\t\t\t\t<div class=\"elementor-post__excerpt\">\n\t\t\t<p>La Copa del Mundo 2023 que dar\u00e1 comienzo el pr\u00f3ximo 25 de agosto estar\u00e1 marcada por las ausencias. Golpe para Grecia con la baja de<\/p>\n\t\t<\/div>\n\t\t\n\t\t<a class=\"elementor-post__read-more\" href=\"https:\/\/gijonbasket.com\/en\/2023\/08\/12\/copa-del-mundo-2023-giannis-antetokounmpo-nueva-baja\/\" aria-label=\"Read more about Copa del Mundo 2023. Giannis Antetokounmpo nueva baja.\" tabindex=\"-1\" >\n\t\t\tRead more &#034;\t\t<\/a>\n\n\t\t\t\t<\/div>\n\t\t\t\t<div class=\"elementor-post__meta-data\">\n\t\t\t\t\t<span class=\"elementor-post-date\">\n\t\t\t12 de August de 2023\t\t<\/span>\n\t\t\t\t<\/div>\n\t\t\t\t\t<\/div>\n\t\t<\/article>\n\t\t\t\t<article class=\"elementor-post elementor-grid-item post-1584 post type-post status-publish format-standard hentry category-noticias\">\n\t\t\t<div class=\"elementor-post__card\">\n\t\t\t\t<div class=\"elementor-post__text\">\n\t\t\t\t<h2 class=\"elementor-post__title\">\n\t\t\t<a href=\"https:\/\/gijonbasket.com\/en\/2023\/08\/12\/mercado-de-fichajes-leb-oro-14\/\" >\n\t\t\t\tMercado de Fichajes LEB Oro\t\t\t<\/a>\n\t\t<\/h2>\n\t\t\t\t<div class=\"elementor-post__excerpt\">\n\t\t\t<p>C\u00e1ceres Patrimonio de la Humanidad : Fichaje de Remu Raitanen (Bueno Arenas Albacete Basket). Baloncesto Fuenlabrada : No continuidad de Lassan Kromah. Hestia Menorca :<\/p>\n\t\t<\/div>\n\t\t\n\t\t<a class=\"elementor-post__read-more\" href=\"https:\/\/gijonbasket.com\/en\/2023\/08\/12\/mercado-de-fichajes-leb-oro-14\/\" aria-label=\"Read more about Mercado de Fichajes LEB Oro\" tabindex=\"-1\" >\n\t\t\tRead more &#034;\t\t<\/a>\n\n\t\t\t\t<\/div>\n\t\t\t\t<div class=\"elementor-post__meta-data\">\n\t\t\t\t\t<span class=\"elementor-post-date\">\n\t\t\t12 de August de 2023\t\t<\/span>\n\t\t\t\t<\/div>\n\t\t\t\t\t<\/div>\n\t\t<\/article>\n\t\t\t\t<article class=\"elementor-post elementor-grid-item post-1582 post type-post status-publish format-standard hentry category-noticias\">\n\t\t\t<div class=\"elementor-post__card\">\n\t\t\t\t<div class=\"elementor-post__text\">\n\t\t\t\t<h2 class=\"elementor-post__title\">\n\t\t\t<a href=\"https:\/\/gijonbasket.com\/en\/2023\/08\/12\/carlos-suarez-y-johnny-dee-de-vuelta-al-movistar-estudiantes\/\" >\n\t\t\t\tCarlos Su\u00e1rez y Johnny Dee de vuelta al Movistar Estudiantes\t\t\t<\/a>\n\t\t<\/h2>\n\t\t\t\t<div class=\"elementor-post__excerpt\">\n\t\t\t<p>Movistar Estudiantes cierra los fichajes de Carlos Su\u00e1rez (Hereda San Pablo Burgos) y Johnny Dee (MoraBanc Andorra) para configurar un proyecto deportivo en busca del<\/p>\n\t\t<\/div>\n\t\t\n\t\t<a class=\"elementor-post__read-more\" href=\"https:\/\/gijonbasket.com\/en\/2023\/08\/12\/carlos-suarez-y-johnny-dee-de-vuelta-al-movistar-estudiantes\/\" aria-label=\"Read more about Carlos Su\u00e1rez y Johnny Dee de vuelta al Movistar Estudiantes\" tabindex=\"-1\" >\n\t\t\tRead more &#034;\t\t<\/a>\n\n\t\t\t\t<\/div>\n\t\t\t\t<div class=\"elementor-post__meta-data\">\n\t\t\t\t\t<span class=\"elementor-post-date\">\n\t\t\t12 de August de 2023\t\t<\/span>\n\t\t\t\t<\/div>\n\t\t\t\t\t<\/div>\n\t\t<\/article>\n\t\t\t\t<article class=\"elementor-post elementor-grid-item post-1579 post type-post status-publish format-standard hentry category-noticias\">\n\t\t\t<div class=\"elementor-post__card\">\n\t\t\t\t<div class=\"elementor-post__text\">\n\t\t\t\t<h2 class=\"elementor-post__title\">\n\t\t\t<a href=\"https:\/\/gijonbasket.com\/en\/2023\/08\/11\/davis-rozitis-noveno-fichaje-del-alimerka-oviedo-baloncesto-para-cerrar-la-plantilla-2023-2024\/\" >\n\t\t\t\tDavis Rozitis noveno fichaje del Alimerka Oviedo Baloncesto para cerrar la plantilla 2023\/2024\t\t\t<\/a>\n\t\t<\/h2>\n\t\t\t\t<div class=\"elementor-post__excerpt\">\n\t\t\t<p>Davis Rozitis, p\u00edvot let\u00f3n de 33 a\u00f1os y 2.13 m., noveno fichaje del Alimerka Oviedo Baloncesto, procedente del Zunder Palencia con su incorporaci\u00f3n cierra la<\/p>\n\t\t<\/div>\n\t\t\n\t\t<a class=\"elementor-post__read-more\" href=\"https:\/\/gijonbasket.com\/en\/2023\/08\/11\/davis-rozitis-noveno-fichaje-del-alimerka-oviedo-baloncesto-para-cerrar-la-plantilla-2023-2024\/\" aria-label=\"Read more about Davis Rozitis noveno fichaje del Alimerka Oviedo Baloncesto para cerrar la plantilla 2023\/2024\" tabindex=\"-1\" >\n\t\t\tRead more &#034;\t\t<\/a>\n\n\t\t\t\t<\/div>\n\t\t\t\t<div class=\"elementor-post__meta-data\">\n\t\t\t\t\t<span class=\"elementor-post-date\">\n\t\t\t11 de August de 2023\t\t<\/span>\n\t\t\t\t<\/div>\n\t\t\t\t\t<\/div>\n\t\t<\/article>\n\t\t\t\t<article class=\"elementor-post elementor-grid-item post-1576 post type-post status-publish format-standard hentry category-noticias\">\n\t\t\t<div class=\"elementor-post__card\">\n\t\t\t\t<div class=\"elementor-post__text\">\n\t\t\t\t<h2 class=\"elementor-post__title\">\n\t\t\t<a href=\"https:\/\/gijonbasket.com\/en\/2023\/08\/11\/mercado-de-fichajes-71\/\" >\n\t\t\t\tMercado de Fichajes\t\t\t<\/a>\n\t\t<\/h2>\n\t\t\t\t<div class=\"elementor-post__excerpt\">\n\t\t\t<p>AS Monaco : Inter\u00e9s por Cory Higgins (F.C. Barcelona). Olympiacos : Inter\u00e9s por Mike James (AS Monaco). ALBA Berlin : Fichaje de Matteo Spagnolo (Dolomiti<\/p>\n\t\t<\/div>\n\t\t\n\t\t<a class=\"elementor-post__read-more\" href=\"https:\/\/gijonbasket.com\/en\/2023\/08\/11\/mercado-de-fichajes-71\/\" aria-label=\"Read more about Mercado de Fichajes\" tabindex=\"-1\" >\n\t\t\tRead more &#034;\t\t<\/a>\n\n\t\t\t\t<\/div>\n\t\t\t\t<div class=\"elementor-post__meta-data\">\n\t\t\t\t\t<span class=\"elementor-post-date\">\n\t\t\t11 de August de 2023\t\t<\/span>\n\t\t\t\t<\/div>\n\t\t\t\t\t<\/div>\n\t\t<\/article>\n\t\t\t\t<article class=\"elementor-post elementor-grid-item post-1571 post type-post status-publish format-standard hentry category-noticias\">\n\t\t\t<div class=\"elementor-post__card\">\n\t\t\t\t<div class=\"elementor-post__text\">\n\t\t\t\t<h2 class=\"elementor-post__title\">\n\t\t\t<a href=\"https:\/\/gijonbasket.com\/en\/2023\/08\/10\/mercado-de-fichajes-leb-plata-2\/\" >\n\t\t\t\tMercado de Fichajes LEB Plata\t\t\t<\/a>\n\t\t<\/h2>\n\t\t\t\t<div class=\"elementor-post__excerpt\">\n\t\t\t<p>Odilo FC Cartagena CB : Fichaje de Jordan Rogers (Mondo Camerette Caserta). C.B. Alginet : Fichaje de Luca Valussi (Obras Sanitarias). Renovaci\u00f3n de contrato a<\/p>\n\t\t<\/div>\n\t\t\n\t\t<a class=\"elementor-post__read-more\" href=\"https:\/\/gijonbasket.com\/en\/2023\/08\/10\/mercado-de-fichajes-leb-plata-2\/\" aria-label=\"Read more about Mercado de Fichajes LEB Plata\" tabindex=\"-1\" >\n\t\t\tRead more &#034;\t\t<\/a>\n\n\t\t\t\t<\/div>\n\t\t\t\t<div class=\"elementor-post__meta-data\">\n\t\t\t\t\t<span class=\"elementor-post-date\">\n\t\t\t10 de August de 2023\t\t<\/span>\n\t\t\t\t<\/div>\n\t\t\t\t\t<\/div>\n\t\t<\/article>\n\t\t\t\t<article class=\"elementor-post elementor-grid-item post-1569 post type-post status-publish format-standard hentry category-noticias\">\n\t\t\t<div class=\"elementor-post__card\">\n\t\t\t\t<div class=\"elementor-post__text\">\n\t\t\t\t<h2 class=\"elementor-post__title\">\n\t\t\t<a href=\"https:\/\/gijonbasket.com\/en\/2023\/08\/10\/mercado-de-fichajes-leb-oro-13\/\" >\n\t\t\t\tMercado de Fichajes LEB Oro\t\t\t<\/a>\n\t\t<\/h2>\n\t\t\t\t<div class=\"elementor-post__excerpt\">\n\t\t\t<p>Melilla Ciudad del Deporte : Fichaje de Javi Men\u00e9ndez (CB Almansa con AFANION). El ala-p\u00edvot naviego regresa al equipo melillense donde milit\u00f3 en la temporada<\/p>\n\t\t<\/div>\n\t\t\n\t\t<a class=\"elementor-post__read-more\" href=\"https:\/\/gijonbasket.com\/en\/2023\/08\/10\/mercado-de-fichajes-leb-oro-13\/\" aria-label=\"Read more about Mercado de Fichajes LEB Oro\" tabindex=\"-1\" >\n\t\t\tRead more &#034;\t\t<\/a>\n\n\t\t\t\t<\/div>\n\t\t\t\t<div class=\"elementor-post__meta-data\">\n\t\t\t\t\t<span class=\"elementor-post-date\">\n\t\t\t10 de August de 2023\t\t<\/span>\n\t\t\t\t<\/div>\n\t\t\t\t\t<\/div>\n\t\t<\/article>\n\t\t\t\t<article class=\"elementor-post elementor-grid-item post-1536 post type-post status-publish format-standard hentry category-noticias\">\n\t\t\t<div class=\"elementor-post__card\">\n\t\t\t\t<div class=\"elementor-post__text\">\n\t\t\t\t<h2 class=\"elementor-post__title\">\n\t\t\t<a href=\"https:\/\/gijonbasket.com\/en\/2023\/08\/09\/mercado-de-fichajes-liga-endesa-10\/\" >\n\t\t\t\tMercado de Fichajes Liga Endesa\t\t\t<\/a>\n\t\t<\/h2>\n\t\t\t\t<div class=\"elementor-post__excerpt\">\n\t\t\t<p>Monbus Obradoiro : Fichaje de Jordan Howard (GeVi Napoli Basket). Dreamland Gran Canaria : Fichaje de Sylven Landesberg (Shandong Hi-Speed Kirin).<\/p>\n\t\t<\/div>\n\t\t\n\t\t<a class=\"elementor-post__read-more\" href=\"https:\/\/gijonbasket.com\/en\/2023\/08\/09\/mercado-de-fichajes-liga-endesa-10\/\" aria-label=\"Read more about Mercado de Fichajes Liga Endesa\" tabindex=\"-1\" >\n\t\t\tRead more &#034;\t\t<\/a>\n\n\t\t\t\t<\/div>\n\t\t\t\t<div class=\"elementor-post__meta-data\">\n\t\t\t\t\t<span class=\"elementor-post-date\">\n\t\t\t9 de August de 2023\t\t<\/span>\n\t\t\t\t<\/div>\n\t\t\t\t\t<\/div>\n\t\t<\/article>\n\t\t\t\t<article class=\"elementor-post elementor-grid-item post-1543 post type-post status-publish format-standard hentry category-noticias\">\n\t\t\t<div class=\"elementor-post__card\">\n\t\t\t\t<div class=\"elementor-post__text\">\n\t\t\t\t<h2 class=\"elementor-post__title\">\n\t\t\t<a href=\"https:\/\/gijonbasket.com\/en\/2023\/08\/08\/francisco-amarante-octavo-fichaje-del-alimerka-oviedo-baloncesto\/\" >\n\t\t\t\tFrancisco Amarante octavo fichaje del Alimerka Oviedo Baloncesto\t\t\t<\/a>\n\t\t<\/h2>\n\t\t\t\t<div class=\"elementor-post__excerpt\">\n\t\t\t<p>Francisco Amarante (FC Oporto), escolta portugu\u00e9s de 23 a\u00f1os y 1.96 m., octavo fichaje del Alimerka Oviedo Baloncesto. Su llegada al conjunto carbay\u00f3n supondr\u00e1 su<\/p>\n\t\t<\/div>\n\t\t\n\t\t<a class=\"elementor-post__read-more\" href=\"https:\/\/gijonbasket.com\/en\/2023\/08\/08\/francisco-amarante-octavo-fichaje-del-alimerka-oviedo-baloncesto\/\" aria-label=\"Read more about Francisco Amarante octavo fichaje del Alimerka Oviedo Baloncesto\" tabindex=\"-1\" >\n\t\t\tRead more &#034;\t\t<\/a>\n\n\t\t\t\t<\/div>\n\t\t\t\t<div class=\"elementor-post__meta-data\">\n\t\t\t\t\t<span class=\"elementor-post-date\">\n\t\t\t8 de August de 2023\t\t<\/span>\n\t\t\t\t<\/div>\n\t\t\t\t\t<\/div>\n\t\t<\/article>\n\t\t\t\t<article class=\"elementor-post elementor-grid-item post-1537 post type-post status-publish format-standard hentry category-noticias\">\n\t\t\t<div class=\"elementor-post__card\">\n\t\t\t\t<div class=\"elementor-post__text\">\n\t\t\t\t<h2 class=\"elementor-post__title\">\n\t\t\t<a href=\"https:\/\/gijonbasket.com\/en\/2023\/08\/08\/mercado-de-fichajes-liga-endesa-9\/\" >\n\t\t\t\tMercado de Fichajes Liga Endesa\t\t\t<\/a>\n\t\t<\/h2>\n\t\t\t\t<div class=\"elementor-post__excerpt\">\n\t\t\t<p>F.C. Barcelona : Principio de acuerdo con Jabari Parker (Boston Celtics) pendiente de revisi\u00f3n m\u00e9dica. Ala-p\u00edvot de 28 a\u00f1os y 2.01 m. Seleccionado por Milwaukee<\/p>\n\t\t<\/div>\n\t\t\n\t\t<a class=\"elementor-post__read-more\" href=\"https:\/\/gijonbasket.com\/en\/2023\/08\/08\/mercado-de-fichajes-liga-endesa-9\/\" aria-label=\"Read more about Mercado de Fichajes Liga Endesa\" tabindex=\"-1\" >\n\t\t\tRead more &#034;\t\t<\/a>\n\n\t\t\t\t<\/div>\n\t\t\t\t<div class=\"elementor-post__meta-data\">\n\t\t\t\t\t<span class=\"elementor-post-date\">\n\t\t\t8 de August de 2023\t\t<\/span>\n\t\t\t\t<\/div>\n\t\t\t\t\t<\/div>\n\t\t<\/article>\n\t\t\t\t<article class=\"elementor-post elementor-grid-item post-1532 post type-post status-publish format-standard hentry category-noticias\">\n\t\t\t<div class=\"elementor-post__card\">\n\t\t\t\t<div class=\"elementor-post__text\">\n\t\t\t\t<h2 class=\"elementor-post__title\">\n\t\t\t<a href=\"https:\/\/gijonbasket.com\/en\/2023\/08\/08\/mercado-de-fichajes-leb-oro-12\/\" >\n\t\t\t\tMercado de Fichajes LEB Oro\t\t\t<\/a>\n\t\t<\/h2>\n\t\t\t\t<div class=\"elementor-post__excerpt\">\n\t\t\t<p>Club Ourense Baloncesto : Fichajes de Unai Mendikote (BC CSU Sibiu) y Romaro Gill (Southland Sharks). Unai Mendikote milit\u00f3 en el C\u00edrculo Gij\u00f3n Baloncesto en<\/p>\n\t\t<\/div>\n\t\t\n\t\t<a class=\"elementor-post__read-more\" href=\"https:\/\/gijonbasket.com\/en\/2023\/08\/08\/mercado-de-fichajes-leb-oro-12\/\" aria-label=\"Read more about Mercado de Fichajes LEB Oro\" tabindex=\"-1\" >\n\t\t\tRead more &#034;\t\t<\/a>\n\n\t\t\t\t<\/div>\n\t\t\t\t<div class=\"elementor-post__meta-data\">\n\t\t\t\t\t<span class=\"elementor-post-date\">\n\t\t\t8 de August de 2023\t\t<\/span>\n\t\t\t\t<\/div>\n\t\t\t\t\t<\/div>\n\t\t<\/article>\n\t\t\t\t<article class=\"elementor-post elementor-grid-item post-1530 post type-post status-publish format-standard hentry category-noticias\">\n\t\t\t<div class=\"elementor-post__card\">\n\t\t\t\t<div class=\"elementor-post__text\">\n\t\t\t\t<h2 class=\"elementor-post__title\">\n\t\t\t<a href=\"https:\/\/gijonbasket.com\/en\/2023\/08\/08\/sherif-idris-tercer-fichaje-del-circulo-gijon-baloncesto\/\" >\n\t\t\t\tSherif Idris tercer fichaje del C\u00edrculo Gij\u00f3n Baloncesto\t\t\t<\/a>\n\t\t<\/h2>\n\t\t\t\t<div class=\"elementor-post__excerpt\">\n\t\t\t<p>Sherif Idris, ala-p\u00edvot ceut\u00ed de 24 a\u00f1os y 2.03 m., nuevo fichaje del C\u00edrculo Gij\u00f3n Baloncesto. La pasada temporada, en su quinta campa\u00f1a en Liga<\/p>\n\t\t<\/div>\n\t\t\n\t\t<a class=\"elementor-post__read-more\" href=\"https:\/\/gijonbasket.com\/en\/2023\/08\/08\/sherif-idris-tercer-fichaje-del-circulo-gijon-baloncesto\/\" aria-label=\"Read more about Sherif Idris tercer fichaje del C\u00edrculo Gij\u00f3n Baloncesto\" tabindex=\"-1\" >\n\t\t\tRead more &#034;\t\t<\/a>\n\n\t\t\t\t<\/div>\n\t\t\t\t<div class=\"elementor-post__meta-data\">\n\t\t\t\t\t<span class=\"elementor-post-date\">\n\t\t\t8 de August de 2023\t\t<\/span>\n\t\t\t\t<\/div>\n\t\t\t\t\t<\/div>\n\t\t<\/article>\n\t\t\t\t<article class=\"elementor-post elementor-grid-item post-1528 post type-post status-publish format-standard hentry category-exclusivas category-noticias\">\n\t\t\t<div class=\"elementor-post__card\">\n\t\t\t\t<div class=\"elementor-post__text\">\n\t\t\t\t<h2 class=\"elementor-post__title\">\n\t\t\t<a href=\"https:\/\/gijonbasket.com\/en\/2023\/08\/07\/alejandro-cabal-real-grupo-de-cultura-covadonga-nuevo-fichaje-del-baloncesto-talavera-confirmacion-exclusiva-de-www-gijonbasket-com\/\" >\n\t\t\t\tAlejandro Cabal (Real Grupo de Cultura Covadonga) nuevo fichaje del Baloncesto Talavera. Confirmaci\u00f3n exclusiva de www.gijonbasket.com.\t\t\t<\/a>\n\t\t<\/h2>\n\t\t\t\t<div class=\"elementor-post__excerpt\">\n\t\t\t<p>Ayer anunciamos en exclusiva en www.gijonbasket.com el fichaje de Alejandro Cabal (Real Grupo de Cultura Covadonga) por el Baloncesto Talavera. 24 horas despu\u00e9s el conjunto<\/p>\n\t\t<\/div>\n\t\t\n\t\t<a class=\"elementor-post__read-more\" href=\"https:\/\/gijonbasket.com\/en\/2023\/08\/07\/alejandro-cabal-real-grupo-de-cultura-covadonga-nuevo-fichaje-del-baloncesto-talavera-confirmacion-exclusiva-de-www-gijonbasket-com\/\" aria-label=\"Read more about Alejandro Cabal (Real Grupo de Cultura Covadonga) nuevo fichaje del Baloncesto Talavera. Confirmaci\u00f3n exclusiva de www.gijonbasket.com.\" tabindex=\"-1\" >\n\t\t\tRead more &#034;\t\t<\/a>\n\n\t\t\t\t<\/div>\n\t\t\t\t<div class=\"elementor-post__meta-data\">\n\t\t\t\t\t<span class=\"elementor-post-date\">\n\t\t\t7 de August de 2023\t\t<\/span>\n\t\t\t\t<\/div>\n\t\t\t\t\t<\/div>\n\t\t<\/article>\n\t\t\t\t<article class=\"elementor-post elementor-grid-item post-1525 post type-post status-publish format-standard hentry category-exclusivas category-noticias\">\n\t\t\t<div class=\"elementor-post__card\">\n\t\t\t\t<div class=\"elementor-post__text\">\n\t\t\t\t<h2 class=\"elementor-post__title\">\n\t\t\t<a href=\"https:\/\/gijonbasket.com\/en\/2023\/08\/07\/hugo-bartolome-renovado-en-el-circulo-gijon-baloncesto-confirmacion-exclusiva-de-www-gijonbasket-com\/\" >\n\t\t\t\tHugo Bartolom\u00e9 renovado en el C\u00edrculo Gij\u00f3n Baloncesto. Confirmaci\u00f3n exclusiva de www.gijonbasket.com.\t\t\t<\/a>\n\t\t<\/h2>\n\t\t\t\t<div class=\"elementor-post__excerpt\">\n\t\t\t<p>El pasado 13 de julio anunciamos en exclusiva en www.gijonbasket.com la renovaci\u00f3n de Hugo Bartolom\u00e9 por el C\u00edrculo Gij\u00f3n Baloncesto. Hoy lunes el C\u00edrculo Gij\u00f3n<\/p>\n\t\t<\/div>\n\t\t\n\t\t<a class=\"elementor-post__read-more\" href=\"https:\/\/gijonbasket.com\/en\/2023\/08\/07\/hugo-bartolome-renovado-en-el-circulo-gijon-baloncesto-confirmacion-exclusiva-de-www-gijonbasket-com\/\" aria-label=\"Read more about Hugo Bartolom\u00e9 renovado en el C\u00edrculo Gij\u00f3n Baloncesto. Confirmaci\u00f3n exclusiva de www.gijonbasket.com.\" tabindex=\"-1\" >\n\t\t\tRead more &#034;\t\t<\/a>\n\n\t\t\t\t<\/div>\n\t\t\t\t<div class=\"elementor-post__meta-data\">\n\t\t\t\t\t<span class=\"elementor-post-date\">\n\t\t\t7 de August de 2023\t\t<\/span>\n\t\t\t\t<\/div>\n\t\t\t\t\t<\/div>\n\t\t<\/article>\n\t\t\t\t<article class=\"elementor-post elementor-grid-item post-1517 post type-post status-publish format-standard hentry category-exclusivas category-noticias\">\n\t\t\t<div class=\"elementor-post__card\">\n\t\t\t\t<div class=\"elementor-post__text\">\n\t\t\t\t<h2 class=\"elementor-post__title\">\n\t\t\t<a href=\"https:\/\/gijonbasket.com\/en\/2023\/08\/07\/carlos-suarez-adios-a-tartiere-auto-gijon-basket\/\" >\n\t\t\t\tCarlos Su\u00e1rez adi\u00f3s a Tartiere Auto Gij\u00f3n Basket\t\t\t<\/a>\n\t\t<\/h2>\n\t\t\t\t<div class=\"elementor-post__excerpt\">\n\t\t\t<p>Desde www.gijonbasket.com, adelantamos en exclusiva, el adi\u00f3s de Carlos Su\u00e1rez a Tartiere Auto Gij\u00f3n Basket. Carlos Su\u00e1rez, escolta naviego de 24 a\u00f1os y 1.86 m.,<\/p>\n\t\t<\/div>\n\t\t\n\t\t<a class=\"elementor-post__read-more\" href=\"https:\/\/gijonbasket.com\/en\/2023\/08\/07\/carlos-suarez-adios-a-tartiere-auto-gijon-basket\/\" aria-label=\"Read more about Carlos Su\u00e1rez adi\u00f3s a Tartiere Auto Gij\u00f3n Basket\" tabindex=\"-1\" >\n\t\t\tRead more &#034;\t\t<\/a>\n\n\t\t\t\t<\/div>\n\t\t\t\t<div class=\"elementor-post__meta-data\">\n\t\t\t\t\t<span class=\"elementor-post-date\">\n\t\t\t7 de August de 2023\t\t<\/span>\n\t\t\t\t<\/div>\n\t\t\t\t\t<\/div>\n\t\t<\/article>\n\t\t\t\t<article class=\"elementor-post elementor-grid-item post-1511 post type-post status-publish format-standard hentry category-exclusivas category-noticias\">\n\t\t\t<div class=\"elementor-post__card\">\n\t\t\t\t<div class=\"elementor-post__text\">\n\t\t\t\t<h2 class=\"elementor-post__title\">\n\t\t\t<a href=\"https:\/\/gijonbasket.com\/en\/2023\/08\/06\/alejandro-cabal-al-baloncesto-talavera\/\" >\n\t\t\t\tAlejandro Cabal (Real Grupo de Cultura Covadonga) al Baloncesto Talavera\t\t\t<\/a>\n\t\t<\/h2>\n\t\t\t\t<div class=\"elementor-post__excerpt\">\n\t\t\t<p>Desde www.gijonbasket.com, adelantamos en exclusiva, el fichaje de Alejandro Cabal (Real Grupo de Cultura Covadonga) por el Baloncesto Talavera (Liga EBA-B-A). Alejandro Cabal, escolta gijon\u00e9s<\/p>\n\t\t<\/div>\n\t\t\n\t\t<a class=\"elementor-post__read-more\" href=\"https:\/\/gijonbasket.com\/en\/2023\/08\/06\/alejandro-cabal-al-baloncesto-talavera\/\" aria-label=\"Read more about Alejandro Cabal (Real Grupo de Cultura Covadonga) al Baloncesto Talavera\" tabindex=\"-1\" >\n\t\t\tRead more &#034;\t\t<\/a>\n\n\t\t\t\t<\/div>\n\t\t\t\t<div class=\"elementor-post__meta-data\">\n\t\t\t\t\t<span class=\"elementor-post-date\">\n\t\t\t6 de August de 2023\t\t<\/span>\n\t\t\t\t<\/div>\n\t\t\t\t\t<\/div>\n\t\t<\/article>\n\t\t\t\t<article class=\"elementor-post elementor-grid-item post-1509 post type-post status-publish format-standard hentry category-noticias\">\n\t\t\t<div class=\"elementor-post__card\">\n\t\t\t\t<div class=\"elementor-post__text\">\n\t\t\t\t<h2 class=\"elementor-post__title\">\n\t\t\t<a href=\"https:\/\/gijonbasket.com\/en\/2023\/08\/06\/anthony-davis-los-angeles-lakers-renovacion-record-nba\/\" >\n\t\t\t\tAnthony Davis (Los \u00c1ngeles Lakers) renovaci\u00f3n record NBA\t\t\t<\/a>\n\t\t<\/h2>\n\t\t\t\t<div class=\"elementor-post__excerpt\">\n\t\t\t<p>Los \u00c1ngeles Lakers renovaron el contrato de Anthony Davis hasta el final de la temporada 2027\/2028 con contrato record. La estrella angelina contaba con contrato<\/p>\n\t\t<\/div>\n\t\t\n\t\t<a class=\"elementor-post__read-more\" href=\"https:\/\/gijonbasket.com\/en\/2023\/08\/06\/anthony-davis-los-angeles-lakers-renovacion-record-nba\/\" aria-label=\"Read more about Anthony Davis (Los \u00c1ngeles Lakers) renovaci\u00f3n record NBA\" tabindex=\"-1\" >\n\t\t\tRead more &#034;\t\t<\/a>\n\n\t\t\t\t<\/div>\n\t\t\t\t<div class=\"elementor-post__meta-data\">\n\t\t\t\t\t<span class=\"elementor-post-date\">\n\t\t\t6 de August de 2023\t\t<\/span>\n\t\t\t\t<\/div>\n\t\t\t\t\t<\/div>\n\t\t<\/article>\n\t\t\t\t<article class=\"elementor-post elementor-grid-item post-1507 post type-post status-publish format-standard hentry category-noticias\">\n\t\t\t<div class=\"elementor-post__card\">\n\t\t\t\t<div class=\"elementor-post__text\">\n\t\t\t\t<h2 class=\"elementor-post__title\">\n\t\t\t<a href=\"https:\/\/gijonbasket.com\/en\/2023\/08\/06\/copa-del-mundo-2023-ricky-rubio-y-vlatko-cancar-nuevas-bajas\/\" >\n\t\t\t\tCopa del Mundo 2023. Ricky Rubio y Vlatko Cancar nuevas bajas.\t\t\t<\/a>\n\t\t<\/h2>\n\t\t\t\t<div class=\"elementor-post__excerpt\">\n\t\t\t<p>Duro golpe para la Copa del Mundo 2023 con las bajas conocidas ayer s\u00e1bado de Ricky Rubio y Vlatko Cancar. A falta de 19 d\u00edas<\/p>\n\t\t<\/div>\n\t\t\n\t\t<a class=\"elementor-post__read-more\" href=\"https:\/\/gijonbasket.com\/en\/2023\/08\/06\/copa-del-mundo-2023-ricky-rubio-y-vlatko-cancar-nuevas-bajas\/\" aria-label=\"Read more about Copa del Mundo 2023. Ricky Rubio y Vlatko Cancar nuevas bajas.\" tabindex=\"-1\" >\n\t\t\tRead more &#034;\t\t<\/a>\n\n\t\t\t\t<\/div>\n\t\t\t\t<div class=\"elementor-post__meta-data\">\n\t\t\t\t\t<span class=\"elementor-post-date\">\n\t\t\t6 de August de 2023\t\t<\/span>\n\t\t\t\t<\/div>\n\t\t\t\t\t<\/div>\n\t\t<\/article>\n\t\t\t\t<article class=\"elementor-post elementor-grid-item post-1505 post type-post status-publish format-standard hentry category-noticias\">\n\t\t\t<div class=\"elementor-post__card\">\n\t\t\t\t<div class=\"elementor-post__text\">\n\t\t\t\t<h2 class=\"elementor-post__title\">\n\t\t\t<a href=\"https:\/\/gijonbasket.com\/en\/2023\/08\/05\/arturo-alvarez-al-estrella-roja-meridianbet-belgrado-como-tecnico-ayudante-de-dusko-ivanovic\/\" >\n\t\t\t\tArturo \u00c1lvarez al Estrella Roja Meridianbet Belgrado como t\u00e9cnico ayudante de Dusko Ivanovic\t\t\t<\/a>\n\t\t<\/h2>\n\t\t\t\t<div class=\"elementor-post__excerpt\">\n\t\t\t<p>El Estrella Roja Meridianbet Belgrado contar\u00e1 con Arturo \u00c1lvarez como segundo entrenador a las ordenes de Dusko Ivanovic. Arturo \u00c1lvarez, t\u00e9cnico mierense de 46 a\u00f1os,<\/p>\n\t\t<\/div>\n\t\t\n\t\t<a class=\"elementor-post__read-more\" href=\"https:\/\/gijonbasket.com\/en\/2023\/08\/05\/arturo-alvarez-al-estrella-roja-meridianbet-belgrado-como-tecnico-ayudante-de-dusko-ivanovic\/\" aria-label=\"Read more about Arturo \u00c1lvarez al Estrella Roja Meridianbet Belgrado como t\u00e9cnico ayudante de Dusko Ivanovic\" tabindex=\"-1\" >\n\t\t\tRead more &#034;\t\t<\/a>\n\n\t\t\t\t<\/div>\n\t\t\t\t<div class=\"elementor-post__meta-data\">\n\t\t\t\t\t<span class=\"elementor-post-date\">\n\t\t\t5 de August de 2023\t\t<\/span>\n\t\t\t\t<\/div>\n\t\t\t\t\t<\/div>\n\t\t<\/article>\n\t\t\t\t<article class=\"elementor-post elementor-grid-item post-1503 post type-post status-publish format-standard hentry category-noticias\">\n\t\t\t<div class=\"elementor-post__card\">\n\t\t\t\t<div class=\"elementor-post__text\">\n\t\t\t\t<h2 class=\"elementor-post__title\">\n\t\t\t<a href=\"https:\/\/gijonbasket.com\/en\/2023\/08\/05\/mercado-de-fichajes-leb-oro-11\/\" >\n\t\t\t\tMercado de Fichajes LEB Oro\t\t\t<\/a>\n\t\t<\/h2>\n\t\t\t\t<div class=\"elementor-post__excerpt\">\n\t\t\t<p>San Pablo Burgos : Fichaje de Adala Moto (CEP Lorient Basket). Inter\u00e9s por Luke Fischer (Real Betis Baloncesto). Grupo Alega Cantabria CBT : Fichajes de<\/p>\n\t\t<\/div>\n\t\t\n\t\t<a class=\"elementor-post__read-more\" href=\"https:\/\/gijonbasket.com\/en\/2023\/08\/05\/mercado-de-fichajes-leb-oro-11\/\" aria-label=\"Read more about Mercado de Fichajes LEB Oro\" tabindex=\"-1\" >\n\t\t\tRead more &#034;\t\t<\/a>\n\n\t\t\t\t<\/div>\n\t\t\t\t<div class=\"elementor-post__meta-data\">\n\t\t\t\t\t<span class=\"elementor-post-date\">\n\t\t\t5 de August de 2023\t\t<\/span>\n\t\t\t\t<\/div>\n\t\t\t\t\t<\/div>\n\t\t<\/article>\n\t\t\t\t<article class=\"elementor-post elementor-grid-item post-1501 post type-post status-publish format-standard hentry category-noticias\">\n\t\t\t<div class=\"elementor-post__card\">\n\t\t\t\t<div class=\"elementor-post__text\">\n\t\t\t\t<h2 class=\"elementor-post__title\">\n\t\t\t<a href=\"https:\/\/gijonbasket.com\/en\/2023\/08\/05\/adria-domenech-del-alimerka-oviedo-baloncesto-al-real-betis-baloncesto\/\" >\n\t\t\t\tAdri\u00e0 Domenech del Alimerka Oviedo Baloncesto al Real Betis Baloncesto\t\t\t<\/a>\n\t\t<\/h2>\n\t\t\t\t<div class=\"elementor-post__excerpt\">\n\t\t\t<p>Adri\u00e0 Domenech, ala-p\u00edvot catal\u00e1n de 21 a\u00f1os y 2.08 m., que ayer se desvincul\u00f3 del Alimerka Oviedo Baloncesto, su pr\u00f3ximo equipo ser\u00e1 el Real Betis<\/p>\n\t\t<\/div>\n\t\t\n\t\t<a class=\"elementor-post__read-more\" href=\"https:\/\/gijonbasket.com\/en\/2023\/08\/05\/adria-domenech-del-alimerka-oviedo-baloncesto-al-real-betis-baloncesto\/\" aria-label=\"Read more about Adri\u00e0 Domenech del Alimerka Oviedo Baloncesto al Real Betis Baloncesto\" tabindex=\"-1\" >\n\t\t\tRead more &#034;\t\t<\/a>\n\n\t\t\t\t<\/div>\n\t\t\t\t<div class=\"elementor-post__meta-data\">\n\t\t\t\t\t<span class=\"elementor-post-date\">\n\t\t\t5 de August de 2023\t\t<\/span>\n\t\t\t\t<\/div>\n\t\t\t\t\t<\/div>\n\t\t<\/article>\n\t\t\t\t<article class=\"elementor-post elementor-grid-item post-1496 post type-post status-publish format-standard hentry category-noticias\">\n\t\t\t<div class=\"elementor-post__card\">\n\t\t\t\t<div class=\"elementor-post__text\">\n\t\t\t\t<h2 class=\"elementor-post__title\">\n\t\t\t<a href=\"https:\/\/gijonbasket.com\/en\/2023\/08\/05\/tartiere-auto-el-motor-de-nuestro-baloncesto-campana-de-abonados-tartiere-auto-gijon-basket-2023-2024\/\" >\n\t\t\t\t\u00bb El Motor de Nuestro Baloncesto \u00bb Campa\u00f1a de Abonados Tartiere Auto Gij\u00f3n Basket 2023\/2024\t\t\t<\/a>\n\t\t<\/h2>\n\t\t\t\t<div class=\"elementor-post__excerpt\">\n\t\t\t<p>Tartiere Auto Gij\u00f3n Basket present\u00f3 su Campa\u00f1a de Abonados 2023\/2024, esta ma\u00f1ana en el Stand de Tartiere Auto en FIDMA 2023. Diego S\u00e1nchez, Baba Fall<\/p>\n\t\t<\/div>\n\t\t\n\t\t<a class=\"elementor-post__read-more\" href=\"https:\/\/gijonbasket.com\/en\/2023\/08\/05\/tartiere-auto-el-motor-de-nuestro-baloncesto-campana-de-abonados-tartiere-auto-gijon-basket-2023-2024\/\" aria-label=\"Read more about \u00bb El Motor de Nuestro Baloncesto \u00bb Campa\u00f1a de Abonados Tartiere Auto Gij\u00f3n Basket 2023\/2024\" tabindex=\"-1\" >\n\t\t\tRead more &#034;\t\t<\/a>\n\n\t\t\t\t<\/div>\n\t\t\t\t<div class=\"elementor-post__meta-data\">\n\t\t\t\t\t<span class=\"elementor-post-date\">\n\t\t\t5 de August de 2023\t\t<\/span>\n\t\t\t\t<\/div>\n\t\t\t\t\t<\/div>\n\t\t<\/article>\n\t\t\t\t<article class=\"elementor-post elementor-grid-item post-1492 post type-post status-publish format-standard hentry category-noticias\">\n\t\t\t<div class=\"elementor-post__card\">\n\t\t\t\t<div class=\"elementor-post__text\">\n\t\t\t\t<h2 class=\"elementor-post__title\">\n\t\t\t<a href=\"https:\/\/gijonbasket.com\/en\/2023\/08\/04\/adria-domenech-desvinculacion-del-alimerka-oviedo-baloncesto\/\" >\n\t\t\t\tAdri\u00e0 Domenech desvinculaci\u00f3n del Alimerka Oviedo Baloncesto\t\t\t<\/a>\n\t\t<\/h2>\n\t\t\t\t<div class=\"elementor-post__excerpt\">\n\t\t\t<p>Adri\u00e0 Domenech y el Alimerka Oviedo Baloncesto han puesto punto final a su vinculaci\u00f3n de cara a la pr\u00f3xima temporada. El ala-p\u00edvot catal\u00e1n de 21<\/p>\n\t\t<\/div>\n\t\t\n\t\t<a class=\"elementor-post__read-more\" href=\"https:\/\/gijonbasket.com\/en\/2023\/08\/04\/adria-domenech-desvinculacion-del-alimerka-oviedo-baloncesto\/\" aria-label=\"Read more about Adri\u00e0 Domenech desvinculaci\u00f3n del Alimerka Oviedo Baloncesto\" tabindex=\"-1\" >\n\t\t\tRead more &#034;\t\t<\/a>\n\n\t\t\t\t<\/div>\n\t\t\t\t<div class=\"elementor-post__meta-data\">\n\t\t\t\t\t<span class=\"elementor-post-date\">\n\t\t\t4 de August de 2023\t\t<\/span>\n\t\t\t\t<\/div>\n\t\t\t\t\t<\/div>\n\t\t<\/article>\n\t\t\t\t<article class=\"elementor-post elementor-grid-item post-1489 post type-post status-publish format-standard hentry category-noticias\">\n\t\t\t<div class=\"elementor-post__card\">\n\t\t\t\t<div class=\"elementor-post__text\">\n\t\t\t\t<h2 class=\"elementor-post__title\">\n\t\t\t<a href=\"https:\/\/gijonbasket.com\/en\/2023\/08\/04\/hall-elisias-septimo-fichaje-del-alimerka-oviedo-baloncesto\/\" >\n\t\t\t\tHall Elisias s\u00e9ptimo fichaje del Alimerka Oviedo Baloncesto\t\t\t<\/a>\n\t\t<\/h2>\n\t\t\t\t<div class=\"elementor-post__excerpt\">\n\t\t\t<p>Hall Elisias (Unger Steel Gunners Oberwart), p\u00edvot estadounidense con nacionalidad haitiana de 25 a\u00f1os y 2.04 m., nuevo fichaje del Alimerka Oviedo Baloncesto. Condici\u00f3n Cotonou<\/p>\n\t\t<\/div>\n\t\t\n\t\t<a class=\"elementor-post__read-more\" href=\"https:\/\/gijonbasket.com\/en\/2023\/08\/04\/hall-elisias-septimo-fichaje-del-alimerka-oviedo-baloncesto\/\" aria-label=\"Read more about Hall Elisias s\u00e9ptimo fichaje del Alimerka Oviedo Baloncesto\" tabindex=\"-1\" >\n\t\t\tRead more &#034;\t\t<\/a>\n\n\t\t\t\t<\/div>\n\t\t\t\t<div class=\"elementor-post__meta-data\">\n\t\t\t\t\t<span class=\"elementor-post-date\">\n\t\t\t4 de August de 2023\t\t<\/span>\n\t\t\t\t<\/div>\n\t\t\t\t\t<\/div>\n\t\t<\/article>\n\t\t\t\t<article class=\"elementor-post elementor-grid-item post-1487 post type-post status-publish format-standard hentry category-exclusivas category-noticias\">\n\t\t\t<div class=\"elementor-post__card\">\n\t\t\t\t<div class=\"elementor-post__text\">\n\t\t\t\t<h2 class=\"elementor-post__title\">\n\t\t\t<a href=\"https:\/\/gijonbasket.com\/en\/2023\/08\/04\/diego-sanchez-renovado-en-tartiere-auto-gijon-basket-confirmacion-de-exclusiva-de-www-gijonbasket-com\/\" >\n\t\t\t\tDiego S\u00e1nchez renovado en Tartiere Auto Gij\u00f3n Basket. Confirmaci\u00f3n exclusiva de www.gijonbasket.com.\t\t\t<\/a>\n\t\t<\/h2>\n\t\t\t\t<div class=\"elementor-post__excerpt\">\n\t\t\t<p>El pasado 28 de julio, anunciamos en exclusiva en www.gijonbasket.com, la renovaci\u00f3n de Diego S\u00e1nchez por Tartiere Auto Gij\u00f3n Basket. 6 d\u00edas despu\u00e9s ya tenemos<\/p>\n\t\t<\/div>\n\t\t\n\t\t<a class=\"elementor-post__read-more\" href=\"https:\/\/gijonbasket.com\/en\/2023\/08\/04\/diego-sanchez-renovado-en-tartiere-auto-gijon-basket-confirmacion-de-exclusiva-de-www-gijonbasket-com\/\" aria-label=\"Read more about Diego S\u00e1nchez renovado en Tartiere Auto Gij\u00f3n Basket. Confirmaci\u00f3n exclusiva de www.gijonbasket.com.\" tabindex=\"-1\" >\n\t\t\tRead more &#034;\t\t<\/a>\n\n\t\t\t\t<\/div>\n\t\t\t\t<div class=\"elementor-post__meta-data\">\n\t\t\t\t\t<span class=\"elementor-post-date\">\n\t\t\t4 de August de 2023\t\t<\/span>\n\t\t\t\t<\/div>\n\t\t\t\t\t<\/div>\n\t\t<\/article>\n\t\t\t\t<article class=\"elementor-post elementor-grid-item post-1484 post type-post status-publish format-standard hentry category-noticias\">\n\t\t\t<div class=\"elementor-post__card\">\n\t\t\t\t<div class=\"elementor-post__text\">\n\t\t\t\t<h2 class=\"elementor-post__title\">\n\t\t\t<a href=\"https:\/\/gijonbasket.com\/en\/2023\/08\/04\/clevon-brown-alimerka-oviedo-baloncesto-al-agribertocchi-orzinuovi\/\" >\n\t\t\t\tClevon Brown (Alimerka Oviedo Baloncesto) al Agribertocchi Orzinuovi\t\t\t<\/a>\n\t\t<\/h2>\n\t\t\t\t<div class=\"elementor-post__excerpt\">\n\t\t\t<p>Clevon Brown, ala-p\u00edvot estadounidense de 25 a\u00f1os y 2.03 m., que la pasada temporada milit\u00f3 en el Alimerka Oviedo Baloncesto a partir del mes de<\/p>\n\t\t<\/div>\n\t\t\n\t\t<a class=\"elementor-post__read-more\" href=\"https:\/\/gijonbasket.com\/en\/2023\/08\/04\/clevon-brown-alimerka-oviedo-baloncesto-al-agribertocchi-orzinuovi\/\" aria-label=\"Read more about Clevon Brown (Alimerka Oviedo Baloncesto) al Agribertocchi Orzinuovi\" tabindex=\"-1\" >\n\t\t\tRead more &#034;\t\t<\/a>\n\n\t\t\t\t<\/div>\n\t\t\t\t<div class=\"elementor-post__meta-data\">\n\t\t\t\t\t<span class=\"elementor-post-date\">\n\t\t\t4 de August de 2023\t\t<\/span>\n\t\t\t\t<\/div>\n\t\t\t\t\t<\/div>\n\t\t<\/article>\n\t\t\t\t<article class=\"elementor-post elementor-grid-item post-1482 post type-post status-publish format-standard hentry category-noticias\">\n\t\t\t<div class=\"elementor-post__card\">\n\t\t\t\t<div class=\"elementor-post__text\">\n\t\t\t\t<h2 class=\"elementor-post__title\">\n\t\t\t<a href=\"https:\/\/gijonbasket.com\/en\/2023\/08\/04\/mercado-de-fichajes-liga-endesa-8\/\" >\n\t\t\t\tMercado de Fichajes Liga Endesa\t\t\t<\/a>\n\t\t<\/h2>\n\t\t\t\t<div class=\"elementor-post__excerpt\">\n\t\t\t<p>F.C. Barcelona : Rescisi\u00f3n de contrato a Cory Higgins. Valencia Basket : Fichaje de Nate reuvers (UNAHOTELS Reggio Emilia) para las pr\u00f3ximas tres temporadas.Renovaci\u00f3n de<\/p>\n\t\t<\/div>\n\t\t\n\t\t<a class=\"elementor-post__read-more\" href=\"https:\/\/gijonbasket.com\/en\/2023\/08\/04\/mercado-de-fichajes-liga-endesa-8\/\" aria-label=\"Read more about Mercado de Fichajes Liga Endesa\" tabindex=\"-1\" >\n\t\t\tRead more &#034;\t\t<\/a>\n\n\t\t\t\t<\/div>\n\t\t\t\t<div class=\"elementor-post__meta-data\">\n\t\t\t\t\t<span class=\"elementor-post-date\">\n\t\t\t4 de August de 2023\t\t<\/span>\n\t\t\t\t<\/div>\n\t\t\t\t\t<\/div>\n\t\t<\/article>\n\t\t\t\t<article class=\"elementor-post elementor-grid-item post-1480 post type-post status-publish format-standard hentry category-noticias\">\n\t\t\t<div class=\"elementor-post__card\">\n\t\t\t\t<div class=\"elementor-post__text\">\n\t\t\t\t<h2 class=\"elementor-post__title\">\n\t\t\t<a href=\"https:\/\/gijonbasket.com\/en\/2023\/08\/04\/nikola-mirotic-al-ea7-emporio-armani-milan\/\" >\n\t\t\t\tNikola Mirotic al EA7 Emporio Armani Milan\t\t\t<\/a>\n\t\t<\/h2>\n\t\t\t\t<div class=\"elementor-post__excerpt\">\n\t\t\t<p>Se acab\u00f3 el culebr\u00f3n de Nikola Mirotic y ayer la fumata blanca se hizo oficial con su fichaje por EA7 Emporio Armani Milan. Su salida<\/p>\n\t\t<\/div>\n\t\t\n\t\t<a class=\"elementor-post__read-more\" href=\"https:\/\/gijonbasket.com\/en\/2023\/08\/04\/nikola-mirotic-al-ea7-emporio-armani-milan\/\" aria-label=\"Read more about Nikola Mirotic al EA7 Emporio Armani Milan\" tabindex=\"-1\" >\n\t\t\tRead more &#034;\t\t<\/a>\n\n\t\t\t\t<\/div>\n\t\t\t\t<div class=\"elementor-post__meta-data\">\n\t\t\t\t\t<span class=\"elementor-post-date\">\n\t\t\t4 de August de 2023\t\t<\/span>\n\t\t\t\t<\/div>\n\t\t\t\t\t<\/div>\n\t\t<\/article>\n\t\t\t\t<article class=\"elementor-post elementor-grid-item post-1476 post type-post status-publish format-standard hentry category-noticias\">\n\t\t\t<div class=\"elementor-post__card\">\n\t\t\t\t<div class=\"elementor-post__text\">\n\t\t\t\t<h2 class=\"elementor-post__title\">\n\t\t\t<a href=\"https:\/\/gijonbasket.com\/en\/2023\/08\/03\/papa-njie-segundo-fichaje-de-tartiere-auto-gijon-basket\/\" >\n\t\t\t\tPapa Njie segundo fichaje de Tartiere Auto Gij\u00f3n Basket\t\t\t<\/a>\n\t\t<\/h2>\n\t\t\t\t<div class=\"elementor-post__excerpt\">\n\t\t\t<p>Segundo fichaje de Tartiere Auto Gij\u00f3n Basket con el anuncio oficial de la incorporaci\u00f3n de Papa Njie. Papa Njie, p\u00edvot gambiano de 20 a\u00f1os y<\/p>\n\t\t<\/div>\n\t\t\n\t\t<a class=\"elementor-post__read-more\" href=\"https:\/\/gijonbasket.com\/en\/2023\/08\/03\/papa-njie-segundo-fichaje-de-tartiere-auto-gijon-basket\/\" aria-label=\"Read more about Papa Njie segundo fichaje de Tartiere Auto Gij\u00f3n Basket\" tabindex=\"-1\" >\n\t\t\tRead more &#034;\t\t<\/a>\n\n\t\t\t\t<\/div>\n\t\t\t\t<div class=\"elementor-post__meta-data\">\n\t\t\t\t\t<span class=\"elementor-post-date\">\n\t\t\t3 de August de 2023\t\t<\/span>\n\t\t\t\t<\/div>\n\t\t\t\t\t<\/div>\n\t\t<\/article>\n\t\t\t\t<article class=\"elementor-post elementor-grid-item post-1474 post type-post status-publish format-standard hentry category-noticias\">\n\t\t\t<div class=\"elementor-post__card\">\n\t\t\t\t<div class=\"elementor-post__text\">\n\t\t\t\t<h2 class=\"elementor-post__title\">\n\t\t\t<a href=\"https:\/\/gijonbasket.com\/en\/2023\/08\/03\/michael-okafor-segundo-fichaje-del-circulo-gijon-baloncesto\/\" >\n\t\t\t\tMichael Okafor segundo fichaje del C\u00edrculo Gij\u00f3n Baloncesto\t\t\t<\/a>\n\t\t<\/h2>\n\t\t\t\t<div class=\"elementor-post__excerpt\">\n\t\t\t<p>Michael Okafor (Eset Ontinet), ala-p\u00edvot de 21 a\u00f1os y 2.04 m., segundo fichaje del C\u00edrculo Gij\u00f3n Baloncesto. La pasada temporada milit\u00f3 en Eset Ontinet, dirigido<\/p>\n\t\t<\/div>\n\t\t\n\t\t<a class=\"elementor-post__read-more\" href=\"https:\/\/gijonbasket.com\/en\/2023\/08\/03\/michael-okafor-segundo-fichaje-del-circulo-gijon-baloncesto\/\" aria-label=\"Read more about Michael Okafor segundo fichaje del C\u00edrculo Gij\u00f3n Baloncesto\" tabindex=\"-1\" >\n\t\t\tRead more &#034;\t\t<\/a>\n\n\t\t\t\t<\/div>\n\t\t\t\t<div class=\"elementor-post__meta-data\">\n\t\t\t\t\t<span class=\"elementor-post-date\">\n\t\t\t3 de August de 2023\t\t<\/span>\n\t\t\t\t<\/div>\n\t\t\t\t\t<\/div>\n\t\t<\/article>\n\t\t\t\t<article class=\"elementor-post elementor-grid-item post-1472 post type-post status-publish format-standard hentry category-exclusivas category-noticias\">\n\t\t\t<div class=\"elementor-post__card\">\n\t\t\t\t<div class=\"elementor-post__text\">\n\t\t\t\t<h2 class=\"elementor-post__title\">\n\t\t\t<a href=\"https:\/\/gijonbasket.com\/en\/2023\/08\/02\/marta-gomez-nuevo-fichaje-de-adba-sanfer-confirmacion-de-exclusiva-de-www-gijonbasket-com\/\" >\n\t\t\t\tMarta G\u00f3mez nuevo fichaje de ADBA-Sanfer. Confirmaci\u00f3n de  exclusiva de www.gijonbasket.com.\t\t\t<\/a>\n\t\t<\/h2>\n\t\t\t\t<div class=\"elementor-post__excerpt\">\n\t\t\t<p>ADBA-Sanfer anunci\u00f3 a las 15:05 la Nota de Prensa del fichaje de Marta G\u00f3mez (UIC Flames). Confirmaci\u00f3n de la exclusiva adelantada en www.gijonbasket.com a las<\/p>\n\t\t<\/div>\n\t\t\n\t\t<a class=\"elementor-post__read-more\" href=\"https:\/\/gijonbasket.com\/en\/2023\/08\/02\/marta-gomez-nuevo-fichaje-de-adba-sanfer-confirmacion-de-exclusiva-de-www-gijonbasket-com\/\" aria-label=\"Read more about Marta G\u00f3mez nuevo fichaje de ADBA-Sanfer. Confirmaci\u00f3n de  exclusiva de www.gijonbasket.com.\" tabindex=\"-1\" >\n\t\t\tRead more &#034;\t\t<\/a>\n\n\t\t\t\t<\/div>\n\t\t\t\t<div class=\"elementor-post__meta-data\">\n\t\t\t\t\t<span class=\"elementor-post-date\">\n\t\t\t2 de August de 2023\t\t<\/span>\n\t\t\t\t<\/div>\n\t\t\t\t\t<\/div>\n\t\t<\/article>\n\t\t\t\t<article class=\"elementor-post elementor-grid-item post-1469 post type-post status-publish format-standard hentry category-noticias\">\n\t\t\t<div class=\"elementor-post__card\">\n\t\t\t\t<div class=\"elementor-post__text\">\n\t\t\t\t<h2 class=\"elementor-post__title\">\n\t\t\t<a href=\"https:\/\/gijonbasket.com\/en\/2023\/08\/02\/mercado-de-fichajes-leb-oro-10\/\" >\n\t\t\t\tMercado de Fichajes LEB Oro\t\t\t<\/a>\n\t\t<\/h2>\n\t\t\t\t<div class=\"elementor-post__excerpt\">\n\t\t\t<p>Leyma Coru\u00f1a : Fichaje de Goran Huskic (BC Jonava). Hestia Menorca : Fichaje de V\u00edctor Arteaga (R\u00edo Breog\u00e1n). San Pablo Burgos : Fichaje de Miha<\/p>\n\t\t<\/div>\n\t\t\n\t\t<a class=\"elementor-post__read-more\" href=\"https:\/\/gijonbasket.com\/en\/2023\/08\/02\/mercado-de-fichajes-leb-oro-10\/\" aria-label=\"Read more about Mercado de Fichajes LEB Oro\" tabindex=\"-1\" >\n\t\t\tRead more &#034;\t\t<\/a>\n\n\t\t\t\t<\/div>\n\t\t\t\t<div class=\"elementor-post__meta-data\">\n\t\t\t\t\t<span class=\"elementor-post-date\">\n\t\t\t2 de August de 2023\t\t<\/span>\n\t\t\t\t<\/div>\n\t\t\t\t\t<\/div>\n\t\t<\/article>\n\t\t\t\t<article class=\"elementor-post elementor-grid-item post-1465 post type-post status-publish format-standard hentry category-exclusivas category-noticias\">\n\t\t\t<div class=\"elementor-post__card\">\n\t\t\t\t<div class=\"elementor-post__text\">\n\t\t\t\t<h2 class=\"elementor-post__title\">\n\t\t\t<a href=\"https:\/\/gijonbasket.com\/en\/2023\/08\/02\/marta-gomez-proximo-fichaje-para-adba-sanfer\/\" >\n\t\t\t\tMarta G\u00f3mez pr\u00f3ximo fichaje para ADBA-Sanfer\t\t\t<\/a>\n\t\t<\/h2>\n\t\t\t\t<div class=\"elementor-post__excerpt\">\n\t\t\t<p>Desde www.gijonbasket.com, adelantamos en exclusiva, el fichaje de Marta G\u00f3mez (UIC Flames) por ADBA-Sanfer. Marta G\u00f3mez, base de 20 a\u00f1os y 1.73 m., procedente de<\/p>\n\t\t<\/div>\n\t\t\n\t\t<a class=\"elementor-post__read-more\" href=\"https:\/\/gijonbasket.com\/en\/2023\/08\/02\/marta-gomez-proximo-fichaje-para-adba-sanfer\/\" aria-label=\"Read more about Marta G\u00f3mez pr\u00f3ximo fichaje para ADBA-Sanfer\" tabindex=\"-1\" >\n\t\t\tRead more &#034;\t\t<\/a>\n\n\t\t\t\t<\/div>\n\t\t\t\t<div class=\"elementor-post__meta-data\">\n\t\t\t\t\t<span class=\"elementor-post-date\">\n\t\t\t2 de August de 2023\t\t<\/span>\n\t\t\t\t<\/div>\n\t\t\t\t\t<\/div>\n\t\t<\/article>\n\t\t\t\t<article class=\"elementor-post elementor-grid-item post-1463 post type-post status-publish format-standard hentry category-noticias\">\n\t\t\t<div class=\"elementor-post__card\">\n\t\t\t\t<div class=\"elementor-post__text\">\n\t\t\t\t<h2 class=\"elementor-post__title\">\n\t\t\t<a href=\"https:\/\/gijonbasket.com\/en\/2023\/08\/01\/baba-fall-primer-fichaje-de-tartiere-auto-gijon-basket\/\" >\n\t\t\t\tBaba Fall primer fichaje de Tartiere Auto Gij\u00f3n Basket\t\t\t<\/a>\n\t\t<\/h2>\n\t\t\t\t<div class=\"elementor-post__excerpt\">\n\t\t\t<p>Tartiere Auto Gij\u00f3n Basket anunci\u00f3 el primer fichaje de la temporada con Baba Fall. Baba Fall, ala-p\u00edvot senegal\u00e9s de 20 a\u00f1os y 2.03 m., procedente<\/p>\n\t\t<\/div>\n\t\t\n\t\t<a class=\"elementor-post__read-more\" href=\"https:\/\/gijonbasket.com\/en\/2023\/08\/01\/baba-fall-primer-fichaje-de-tartiere-auto-gijon-basket\/\" aria-label=\"Read more about Baba Fall primer fichaje de Tartiere Auto Gij\u00f3n Basket\" tabindex=\"-1\" >\n\t\t\tRead more &#034;\t\t<\/a>\n\n\t\t\t\t<\/div>\n\t\t\t\t<div class=\"elementor-post__meta-data\">\n\t\t\t\t\t<span class=\"elementor-post-date\">\n\t\t\t1 de August de 2023\t\t<\/span>\n\t\t\t\t<\/div>\n\t\t\t\t\t<\/div>\n\t\t<\/article>\n\t\t\t\t<article class=\"elementor-post elementor-grid-item post-1460 post type-post status-publish format-standard hentry category-noticias\">\n\t\t\t<div class=\"elementor-post__card\">\n\t\t\t\t<div class=\"elementor-post__text\">\n\t\t\t\t<h2 class=\"elementor-post__title\">\n\t\t\t<a href=\"https:\/\/gijonbasket.com\/en\/2023\/08\/01\/samu-barros-renovacion-y-nuevo-capitan-del-circulo-gijon-baloncesto\/\" >\n\t\t\t\tSamu Barros renovaci\u00f3n y nuevo capit\u00e1n del C\u00edrculo Gij\u00f3n Baloncesto\t\t\t<\/a>\n\t\t<\/h2>\n\t\t\t\t<div class=\"elementor-post__excerpt\">\n\t\t\t<p>Samu Barros continuar\u00e1 una temporada m\u00e1s defendiendo los colores del C\u00edrculo Gij\u00f3n Baloncesto, unido a ser el nuevo capit\u00e1n tras el adios de \u00c1ngel Moro,<\/p>\n\t\t<\/div>\n\t\t\n\t\t<a class=\"elementor-post__read-more\" href=\"https:\/\/gijonbasket.com\/en\/2023\/08\/01\/samu-barros-renovacion-y-nuevo-capitan-del-circulo-gijon-baloncesto\/\" aria-label=\"Read more about Samu Barros renovaci\u00f3n y nuevo capit\u00e1n del C\u00edrculo Gij\u00f3n Baloncesto\" tabindex=\"-1\" >\n\t\t\tRead more &#034;\t\t<\/a>\n\n\t\t\t\t<\/div>\n\t\t\t\t<div class=\"elementor-post__meta-data\">\n\t\t\t\t\t<span class=\"elementor-post-date\">\n\t\t\t1 de August de 2023\t\t<\/span>\n\t\t\t\t<\/div>\n\t\t\t\t\t<\/div>\n\t\t<\/article>\n\t\t\t\t<article class=\"elementor-post elementor-grid-item post-1456 post type-post status-publish format-standard hentry category-noticias\">\n\t\t\t<div class=\"elementor-post__card\">\n\t\t\t\t<div class=\"elementor-post__text\">\n\t\t\t\t<h2 class=\"elementor-post__title\">\n\t\t\t<a href=\"https:\/\/gijonbasket.com\/en\/2023\/08\/01\/mercado-de-fichajes-liga-endesa-7\/\" >\n\t\t\t\tMercado de Fichajes Liga Endesa\t\t\t<\/a>\n\t\t<\/h2>\n\t\t\t\t<div class=\"elementor-post__excerpt\">\n\t\t\t<p>Dreamland Gran Canaria : Renovaci\u00f3n de contrato a Jovan Kljajic. UCAM Murcia : Fichaje de Rodions Kurucs (SIG Strasbourg). Zunder Palencia : Fichaje de Tanner<\/p>\n\t\t<\/div>\n\t\t\n\t\t<a class=\"elementor-post__read-more\" href=\"https:\/\/gijonbasket.com\/en\/2023\/08\/01\/mercado-de-fichajes-liga-endesa-7\/\" aria-label=\"Read more about Mercado de Fichajes Liga Endesa\" tabindex=\"-1\" >\n\t\t\tRead more &#034;\t\t<\/a>\n\n\t\t\t\t<\/div>\n\t\t\t\t<div class=\"elementor-post__meta-data\">\n\t\t\t\t\t<span class=\"elementor-post-date\">\n\t\t\t1 de August de 2023\t\t<\/span>\n\t\t\t\t<\/div>\n\t\t\t\t\t<\/div>\n\t\t<\/article>\n\t\t\t\t<article class=\"elementor-post elementor-grid-item post-1454 post type-post status-publish format-standard hentry category-noticias\">\n\t\t\t<div class=\"elementor-post__card\">\n\t\t\t\t<div class=\"elementor-post__text\">\n\t\t\t\t<h2 class=\"elementor-post__title\">\n\t\t\t<a href=\"https:\/\/gijonbasket.com\/en\/2023\/08\/01\/mercado-de-fichajes-leb-oro-9\/\" >\n\t\t\t\tMercado de Fichajes LEB Oro\t\t\t<\/a>\n\t\t<\/h2>\n\t\t\t\t<div class=\"elementor-post__excerpt\">\n\t\t\t<p>Movistar Estudiantes : Fichaje de Francis Alonso (Surne Bilbao Basket) que milit\u00f3 en el Liberbank Oviedo Baloncesto en la temporada 2019\/2020. Real Betis Baloncesto :<\/p>\n\t\t<\/div>\n\t\t\n\t\t<a class=\"elementor-post__read-more\" href=\"https:\/\/gijonbasket.com\/en\/2023\/08\/01\/mercado-de-fichajes-leb-oro-9\/\" aria-label=\"Read more about Mercado de Fichajes LEB Oro\" tabindex=\"-1\" >\n\t\t\tRead more &#034;\t\t<\/a>\n\n\t\t\t\t<\/div>\n\t\t\t\t<div class=\"elementor-post__meta-data\">\n\t\t\t\t\t<span class=\"elementor-post-date\">\n\t\t\t1 de August de 2023\t\t<\/span>\n\t\t\t\t<\/div>\n\t\t\t\t\t<\/div>\n\t\t<\/article>\n\t\t\t\t<article class=\"elementor-post elementor-grid-item post-1452 post type-post status-publish format-standard hentry category-noticias\">\n\t\t\t<div class=\"elementor-post__card\">\n\t\t\t\t<div class=\"elementor-post__text\">\n\t\t\t\t<h2 class=\"elementor-post__title\">\n\t\t\t<a href=\"https:\/\/gijonbasket.com\/en\/2023\/07\/31\/fernando-noval-nuevo-fichaje-del-circulo-gijon-baloncesto\/\" >\n\t\t\t\tFernando Noval nuevo fichaje del C\u00edrculo Gij\u00f3n Baloncesto\t\t\t<\/a>\n\t\t<\/h2>\n\t\t\t\t<div class=\"elementor-post__excerpt\">\n\t\t\t<p>El C\u00edrculo Gij\u00f3n Baloncesto cerr\u00f3 el fichaje de Fernando Noval (Corinto Gij\u00f3n Basket) que volver\u00e1 a jugar tras su \u00faltima temporada en blanco por lesi\u00f3n.<\/p>\n\t\t<\/div>\n\t\t\n\t\t<a class=\"elementor-post__read-more\" href=\"https:\/\/gijonbasket.com\/en\/2023\/07\/31\/fernando-noval-nuevo-fichaje-del-circulo-gijon-baloncesto\/\" aria-label=\"Read more about Fernando Noval nuevo fichaje del C\u00edrculo Gij\u00f3n Baloncesto\" tabindex=\"-1\" >\n\t\t\tRead more &#034;\t\t<\/a>\n\n\t\t\t\t<\/div>\n\t\t\t\t<div class=\"elementor-post__meta-data\">\n\t\t\t\t\t<span class=\"elementor-post-date\">\n\t\t\t31 de July de 2023\t\t<\/span>\n\t\t\t\t<\/div>\n\t\t\t\t\t<\/div>\n\t\t<\/article>\n\t\t\t\t<article class=\"elementor-post elementor-grid-item post-1450 post type-post status-publish format-standard hentry category-noticias\">\n\t\t\t<div class=\"elementor-post__card\">\n\t\t\t\t<div class=\"elementor-post__text\">\n\t\t\t\t<h2 class=\"elementor-post__title\">\n\t\t\t<a href=\"https:\/\/gijonbasket.com\/en\/2023\/07\/30\/mercado-de-fichajes-leb-oro-8\/\" >\n\t\t\t\tMercado de Fichajes LEB Oro\t\t\t<\/a>\n\t\t<\/h2>\n\t\t\t\t<div class=\"elementor-post__excerpt\">\n\t\t\t<p>ICG For\u00e7a Lleida : Fichaje de Kenny Hasbrouck (C\u00e1ceres Patrimonio de la Humanidad). Amics Castell\u00f3 : Inter\u00e9s por Rub\u00e9n Dom\u00ednguez (Movistar Estudiantes). Hestia Menorca :<\/p>\n\t\t<\/div>\n\t\t\n\t\t<a class=\"elementor-post__read-more\" href=\"https:\/\/gijonbasket.com\/en\/2023\/07\/30\/mercado-de-fichajes-leb-oro-8\/\" aria-label=\"Read more about Mercado de Fichajes LEB Oro\" tabindex=\"-1\" >\n\t\t\tRead more &#034;\t\t<\/a>\n\n\t\t\t\t<\/div>\n\t\t\t\t<div class=\"elementor-post__meta-data\">\n\t\t\t\t\t<span class=\"elementor-post-date\">\n\t\t\t30 de July de 2023\t\t<\/span>\n\t\t\t\t<\/div>\n\t\t\t\t\t<\/div>\n\t\t<\/article>\n\t\t\t\t<article class=\"elementor-post elementor-grid-item post-1448 post type-post status-publish format-standard hentry category-noticias\">\n\t\t\t<div class=\"elementor-post__card\">\n\t\t\t\t<div class=\"elementor-post__text\">\n\t\t\t\t<h2 class=\"elementor-post__title\">\n\t\t\t<a href=\"https:\/\/gijonbasket.com\/en\/2023\/07\/30\/david-jimenez-potencial-fichaje-de-tartiere-auto-gijon-basket\/\" >\n\t\t\t\tDavid Jim\u00e9nez potencial fichaje de Tartiere Auto Gij\u00f3n Basket\t\t\t<\/a>\n\t\t<\/h2>\n\t\t\t\t<div class=\"elementor-post__excerpt\">\n\t\t\t<p>Desde www.gijonbasket.com, adelantamos en exclusiva, un potencial fichaje de Tartiere Auto Gij\u00f3n Basket como es David Jim\u00e9nez. David Jim\u00e9nez, alero del 2001, que milit\u00f3 en<\/p>\n\t\t<\/div>\n\t\t\n\t\t<a class=\"elementor-post__read-more\" href=\"https:\/\/gijonbasket.com\/en\/2023\/07\/30\/david-jimenez-potencial-fichaje-de-tartiere-auto-gijon-basket\/\" aria-label=\"Read more about David Jim\u00e9nez potencial fichaje de Tartiere Auto Gij\u00f3n Basket\" tabindex=\"-1\" >\n\t\t\tRead more &#034;\t\t<\/a>\n\n\t\t\t\t<\/div>\n\t\t\t\t<div class=\"elementor-post__meta-data\">\n\t\t\t\t\t<span class=\"elementor-post-date\">\n\t\t\t30 de July de 2023\t\t<\/span>\n\t\t\t\t<\/div>\n\t\t\t\t\t<\/div>\n\t\t<\/article>\n\t\t\t\t<article class=\"elementor-post elementor-grid-item post-1446 post type-post status-publish format-standard hentry category-exclusivas category-noticias\">\n\t\t\t<div class=\"elementor-post__card\">\n\t\t\t\t<div class=\"elementor-post__text\">\n\t\t\t\t<h2 class=\"elementor-post__title\">\n\t\t\t<a href=\"https:\/\/gijonbasket.com\/en\/2023\/07\/29\/miguel-gonzalez-renovacion-a-punto-con-tartiere-auto-gijon-basket\/\" >\n\t\t\t\tMiguel Gonz\u00e1lez renovaci\u00f3n a punto con Tartiere Auto Gij\u00f3n Basket\t\t\t<\/a>\n\t\t<\/h2>\n\t\t\t\t<div class=\"elementor-post__excerpt\">\n\t\t\t<p>Desde www.gijonbasket.com, anunciamos en exclusiva, la pr\u00f3xima renovaci\u00f3n de contrato de Miguel Gonz\u00e1lez con Tartiere Auto Gij\u00f3n Basket que se unir\u00e1 a la que adelantamos<\/p>\n\t\t<\/div>\n\t\t\n\t\t<a class=\"elementor-post__read-more\" href=\"https:\/\/gijonbasket.com\/en\/2023\/07\/29\/miguel-gonzalez-renovacion-a-punto-con-tartiere-auto-gijon-basket\/\" aria-label=\"Read more about Miguel Gonz\u00e1lez renovaci\u00f3n a punto con Tartiere Auto Gij\u00f3n Basket\" tabindex=\"-1\" >\n\t\t\tRead more &#034;\t\t<\/a>\n\n\t\t\t\t<\/div>\n\t\t\t\t<div class=\"elementor-post__meta-data\">\n\t\t\t\t\t<span class=\"elementor-post-date\">\n\t\t\t29 de July de 2023\t\t<\/span>\n\t\t\t\t<\/div>\n\t\t\t\t\t<\/div>\n\t\t<\/article>\n\t\t\t\t<article class=\"elementor-post elementor-grid-item post-1443 post type-post status-publish format-standard hentry category-noticias\">\n\t\t\t<div class=\"elementor-post__card\">\n\t\t\t\t<div class=\"elementor-post__text\">\n\t\t\t\t<h2 class=\"elementor-post__title\">\n\t\t\t<a href=\"https:\/\/gijonbasket.com\/en\/2023\/07\/29\/mercado-de-fichajes-liga-endesa-6\/\" >\n\t\t\t\tMercado de Fichajes Liga Endesa\t\t\t<\/a>\n\t\t<\/h2>\n\t\t\t\t<div class=\"elementor-post__excerpt\">\n\t\t\t<p>Casademont Zaragoza : Fichaje de Obi Emegano (Carplus Fuenlabrada). Dreamland Gran Canaria : Fichaje de Pierre Pelos (Mincidelice JL Bourg en Bresse). MoraBanc Andorra :<\/p>\n\t\t<\/div>\n\t\t\n\t\t<a class=\"elementor-post__read-more\" href=\"https:\/\/gijonbasket.com\/en\/2023\/07\/29\/mercado-de-fichajes-liga-endesa-6\/\" aria-label=\"Read more about Mercado de Fichajes Liga Endesa\" tabindex=\"-1\" >\n\t\t\tRead more &#034;\t\t<\/a>\n\n\t\t\t\t<\/div>\n\t\t\t\t<div class=\"elementor-post__meta-data\">\n\t\t\t\t\t<span class=\"elementor-post-date\">\n\t\t\t29 de July de 2023\t\t<\/span>\n\t\t\t\t<\/div>\n\t\t\t\t\t<\/div>\n\t\t<\/article>\n\t\t\t\t<article class=\"elementor-post elementor-grid-item post-1439 post type-post status-publish format-standard hentry category-noticias\">\n\t\t\t<div class=\"elementor-post__card\">\n\t\t\t\t<div class=\"elementor-post__text\">\n\t\t\t\t<h2 class=\"elementor-post__title\">\n\t\t\t<a href=\"https:\/\/gijonbasket.com\/en\/2023\/07\/29\/mercado-de-fichajes-70\/\" >\n\t\t\t\tMercado de Fichajes\t\t\t<\/a>\n\t\t<\/h2>\n\t\t\t\t<div class=\"elementor-post__excerpt\">\n\t\t\t<p>Panathinaikos : Fichajes de Juancho Hernang\u00f3mez (Toronto Raptors) y Aleksander Balcerowski (Dreamland Gran Canaria) para las pr\u00f3ximas dos temporadas. Maccabi Playtika Tel-Aviv : Fichaje de<\/p>\n\t\t<\/div>\n\t\t\n\t\t<a class=\"elementor-post__read-more\" href=\"https:\/\/gijonbasket.com\/en\/2023\/07\/29\/mercado-de-fichajes-70\/\" aria-label=\"Read more about Mercado de Fichajes\" tabindex=\"-1\" >\n\t\t\tRead more &#034;\t\t<\/a>\n\n\t\t\t\t<\/div>\n\t\t\t\t<div class=\"elementor-post__meta-data\">\n\t\t\t\t\t<span class=\"elementor-post-date\">\n\t\t\t29 de July de 2023\t\t<\/span>\n\t\t\t\t<\/div>\n\t\t\t\t\t<\/div>\n\t\t<\/article>\n\t\t\t\t<article class=\"elementor-post elementor-grid-item post-1437 post type-post status-publish format-standard hentry category-noticias\">\n\t\t\t<div class=\"elementor-post__card\">\n\t\t\t\t<div class=\"elementor-post__text\">\n\t\t\t\t<h2 class=\"elementor-post__title\">\n\t\t\t<a href=\"https:\/\/gijonbasket.com\/en\/2023\/07\/29\/mercado-de-fichajes-leb-oro-7\/\" >\n\t\t\t\tMercado de Fichajes LEB Oro\t\t\t<\/a>\n\t\t<\/h2>\n\t\t\t\t<div class=\"elementor-post__excerpt\">\n\t\t\t<p>Real Betis Baloncesto : Fichaje de Cameron Krutwig (Cyberdyne Ibaraki Robots) para la pr\u00f3xima temporada. Inter\u00e9s por Caio Pacheco (Mexico City Capitanes). Club Ourense Baloncesto<\/p>\n\t\t<\/div>\n\t\t\n\t\t<a class=\"elementor-post__read-more\" href=\"https:\/\/gijonbasket.com\/en\/2023\/07\/29\/mercado-de-fichajes-leb-oro-7\/\" aria-label=\"Read more about Mercado de Fichajes LEB Oro\" tabindex=\"-1\" >\n\t\t\tRead more &#034;\t\t<\/a>\n\n\t\t\t\t<\/div>\n\t\t\t\t<div class=\"elementor-post__meta-data\">\n\t\t\t\t\t<span class=\"elementor-post-date\">\n\t\t\t29 de July de 2023\t\t<\/span>\n\t\t\t\t<\/div>\n\t\t\t\t\t<\/div>\n\t\t<\/article>\n\t\t\t\t<article class=\"elementor-post elementor-grid-item post-1435 post type-post status-publish format-standard hentry category-noticias\">\n\t\t\t<div class=\"elementor-post__card\">\n\t\t\t\t<div class=\"elementor-post__text\">\n\t\t\t\t<h2 class=\"elementor-post__title\">\n\t\t\t<a href=\"https:\/\/gijonbasket.com\/en\/2023\/07\/28\/cirkeline-rimdal-tercer-fichaje-de-adba-sanfer\/\" >\n\t\t\t\tCirkeline Rimdal tercer fichaje de ADBA-Sanfer\t\t\t<\/a>\n\t\t<\/h2>\n\t\t\t\t<div class=\"elementor-post__excerpt\">\n\t\t\t<p>Cirkeline Rimdal, alero danesa, procedente de Eckerd College nuevo fichaje de ADBA-Sanfer. Alero danesa de 24 a\u00f1os y 1.80 m. La pasada temporada en Eckerd<\/p>\n\t\t<\/div>\n\t\t\n\t\t<a class=\"elementor-post__read-more\" href=\"https:\/\/gijonbasket.com\/en\/2023\/07\/28\/cirkeline-rimdal-tercer-fichaje-de-adba-sanfer\/\" aria-label=\"Read more about Cirkeline Rimdal tercer fichaje de ADBA-Sanfer\" tabindex=\"-1\" >\n\t\t\tRead more &#034;\t\t<\/a>\n\n\t\t\t\t<\/div>\n\t\t\t\t<div class=\"elementor-post__meta-data\">\n\t\t\t\t\t<span class=\"elementor-post-date\">\n\t\t\t28 de July de 2023\t\t<\/span>\n\t\t\t\t<\/div>\n\t\t\t\t\t<\/div>\n\t\t<\/article>\n\t\t\t\t<article class=\"elementor-post elementor-grid-item post-1433 post type-post status-publish format-standard hentry category-noticias\">\n\t\t\t<div class=\"elementor-post__card\">\n\t\t\t\t<div class=\"elementor-post__text\">\n\t\t\t\t<h2 class=\"elementor-post__title\">\n\t\t\t<a href=\"https:\/\/gijonbasket.com\/en\/2023\/07\/28\/raul-lobaco-de-vuelta-al-alimerka-oviedo-baloncesto\/\" >\n\t\t\t\tRa\u00fal Lobaco de vuelta al Alimerka Oviedo Baloncesto\t\t\t<\/a>\n\t\t<\/h2>\n\t\t\t\t<div class=\"elementor-post__excerpt\">\n\t\t\t<p>Ra\u00fal Lobaco,escolta de 22 a\u00f1os y 1.90 m., regresa al Alimerka Oviedo Baloncesto, donde milit\u00f3 en la temporada 2021\/2022, para convertirse en el sexto fichaje<\/p>\n\t\t<\/div>\n\t\t\n\t\t<a class=\"elementor-post__read-more\" href=\"https:\/\/gijonbasket.com\/en\/2023\/07\/28\/raul-lobaco-de-vuelta-al-alimerka-oviedo-baloncesto\/\" aria-label=\"Read more about Ra\u00fal Lobaco de vuelta al Alimerka Oviedo Baloncesto\" tabindex=\"-1\" >\n\t\t\tRead more &#034;\t\t<\/a>\n\n\t\t\t\t<\/div>\n\t\t\t\t<div class=\"elementor-post__meta-data\">\n\t\t\t\t\t<span class=\"elementor-post-date\">\n\t\t\t28 de July de 2023\t\t<\/span>\n\t\t\t\t<\/div>\n\t\t\t\t\t<\/div>\n\t\t<\/article>\n\t\t\t\t<article class=\"elementor-post elementor-grid-item post-1431 post type-post status-publish format-standard hentry category-exclusivas category-noticias\">\n\t\t\t<div class=\"elementor-post__card\">\n\t\t\t\t<div class=\"elementor-post__text\">\n\t\t\t\t<h2 class=\"elementor-post__title\">\n\t\t\t<a href=\"https:\/\/gijonbasket.com\/en\/2023\/07\/28\/diego-sanchez-una-temporada-mas-con-tartiere-auto-gijon-basket\/\" >\n\t\t\t\tDiego S\u00e1nchez una temporada m\u00e1s con Tartiere Auto Gij\u00f3n Basket\t\t\t<\/a>\n\t\t<\/h2>\n\t\t\t\t<div class=\"elementor-post__excerpt\">\n\t\t\t<p>Desde www.gijonbasket.com, adelantamos en exclusiva, que Diego S\u00e1nchez continuar\u00e1 una temporada m\u00e1s con Tartiere Auto Gij\u00f3n Basket. Diego S\u00e1nchez, seguir\u00e1 haciendo historia a sus 47<\/p>\n\t\t<\/div>\n\t\t\n\t\t<a class=\"elementor-post__read-more\" href=\"https:\/\/gijonbasket.com\/en\/2023\/07\/28\/diego-sanchez-una-temporada-mas-con-tartiere-auto-gijon-basket\/\" aria-label=\"Read more about Diego S\u00e1nchez una temporada m\u00e1s con Tartiere Auto Gij\u00f3n Basket\" tabindex=\"-1\" >\n\t\t\tRead more &#034;\t\t<\/a>\n\n\t\t\t\t<\/div>\n\t\t\t\t<div class=\"elementor-post__meta-data\">\n\t\t\t\t\t<span class=\"elementor-post-date\">\n\t\t\t28 de July de 2023\t\t<\/span>\n\t\t\t\t<\/div>\n\t\t\t\t\t<\/div>\n\t\t<\/article>\n\t\t\t\t<article class=\"elementor-post elementor-grid-item post-1429 post type-post status-publish format-standard hentry category-noticias\">\n\t\t\t<div class=\"elementor-post__card\">\n\t\t\t\t<div class=\"elementor-post__text\">\n\t\t\t\t<h2 class=\"elementor-post__title\">\n\t\t\t<a href=\"https:\/\/gijonbasket.com\/en\/2023\/07\/27\/calendario-liga-eba-2023-2024-grupo-a-b-encuentros-entre-los-equipos-asturianos\/\" >\n\t\t\t\tCalendario Liga EBA 2023\/2024. Grupo A-B. Encuentros entre los equipos asturianos.\t\t\t<\/a>\n\t\t<\/h2>\n\t\t\t\t<div class=\"elementor-post__excerpt\">\n\t\t\t<p>Jornada 1 &#8211; Tartiere Auto Gij\u00f3n Basket &#8211; Universidad de Oviedo (1 octubre 2023) Jornada 4 &#8211; C\u00edrculo Gij\u00f3n Baloncesto &#8211; Tartiere Auto Gij\u00f3n Basket<\/p>\n\t\t<\/div>\n\t\t\n\t\t<a class=\"elementor-post__read-more\" href=\"https:\/\/gijonbasket.com\/en\/2023\/07\/27\/calendario-liga-eba-2023-2024-grupo-a-b-encuentros-entre-los-equipos-asturianos\/\" aria-label=\"Read more about Calendario Liga EBA 2023\/2024. Grupo A-B. Encuentros entre los equipos asturianos.\" tabindex=\"-1\" >\n\t\t\tRead more &#034;\t\t<\/a>\n\n\t\t\t\t<\/div>\n\t\t\t\t<div class=\"elementor-post__meta-data\">\n\t\t\t\t\t<span class=\"elementor-post-date\">\n\t\t\t27 de July de 2023\t\t<\/span>\n\t\t\t\t<\/div>\n\t\t\t\t\t<\/div>\n\t\t<\/article>\n\t\t\t\t<article class=\"elementor-post elementor-grid-item post-1427 post type-post status-publish format-standard hentry category-exclusivas category-noticias\">\n\t\t\t<div class=\"elementor-post__card\">\n\t\t\t\t<div class=\"elementor-post__text\">\n\t\t\t\t<h2 class=\"elementor-post__title\">\n\t\t\t<a href=\"https:\/\/gijonbasket.com\/en\/2023\/07\/27\/angel-moro-de-vuelta-al-real-grupo-de-cultura-covadonga\/\" >\n\t\t\t\t\u00c1ngel Moro de vuelta al Real Grupo de Cultura Covadonga\t\t\t<\/a>\n\t\t<\/h2>\n\t\t\t\t<div class=\"elementor-post__excerpt\">\n\t\t\t<p>Desde www.gijonbasket.com, adelantamos en exclusiva, que \u00c1ngel Moro regresar\u00e1 al Real Grupo de Cultura Covadonga para formar parte del primer equipo en 1\u00aa Nacional. El<\/p>\n\t\t<\/div>\n\t\t\n\t\t<a class=\"elementor-post__read-more\" href=\"https:\/\/gijonbasket.com\/en\/2023\/07\/27\/angel-moro-de-vuelta-al-real-grupo-de-cultura-covadonga\/\" aria-label=\"Read more about \u00c1ngel Moro de vuelta al Real Grupo de Cultura Covadonga\" tabindex=\"-1\" >\n\t\t\tRead more &#034;\t\t<\/a>\n\n\t\t\t\t<\/div>\n\t\t\t\t<div class=\"elementor-post__meta-data\">\n\t\t\t\t\t<span class=\"elementor-post-date\">\n\t\t\t27 de July de 2023\t\t<\/span>\n\t\t\t\t<\/div>\n\t\t\t\t\t<\/div>\n\t\t<\/article>\n\t\t\t\t<article class=\"elementor-post elementor-grid-item post-1425 post type-post status-publish format-standard hentry category-noticias\">\n\t\t\t<div class=\"elementor-post__card\">\n\t\t\t\t<div class=\"elementor-post__text\">\n\t\t\t\t<h2 class=\"elementor-post__title\">\n\t\t\t<a href=\"https:\/\/gijonbasket.com\/en\/2023\/07\/26\/mercado-de-fichajes-leb-plata\/\" >\n\t\t\t\tMercado de Fichajes LEB Plata\t\t\t<\/a>\n\t\t<\/h2>\n\t\t\t\t<div class=\"elementor-post__excerpt\">\n\t\t\t<p>Ciudad de Huelva : Renovaci\u00f3n de contrato a Juan Manuel Cebolla para la pr\u00f3xima temporada. C.B. Minuscenter Mor\u00f3n : Fichaje de Gast\u00f3n Zalazar (C.B. La<\/p>\n\t\t<\/div>\n\t\t\n\t\t<a class=\"elementor-post__read-more\" href=\"https:\/\/gijonbasket.com\/en\/2023\/07\/26\/mercado-de-fichajes-leb-plata\/\" aria-label=\"Read more about Mercado de Fichajes LEB Plata\" tabindex=\"-1\" >\n\t\t\tRead more &#034;\t\t<\/a>\n\n\t\t\t\t<\/div>\n\t\t\t\t<div class=\"elementor-post__meta-data\">\n\t\t\t\t\t<span class=\"elementor-post-date\">\n\t\t\t26 de July de 2023\t\t<\/span>\n\t\t\t\t<\/div>\n\t\t\t\t\t<\/div>\n\t\t<\/article>\n\t\t\t\t<article class=\"elementor-post elementor-grid-item post-1423 post type-post status-publish format-standard hentry category-noticias\">\n\t\t\t<div class=\"elementor-post__card\">\n\t\t\t\t<div class=\"elementor-post__text\">\n\t\t\t\t<h2 class=\"elementor-post__title\">\n\t\t\t<a href=\"https:\/\/gijonbasket.com\/en\/2023\/07\/26\/mercado-de-fichajes-leb-oro-6\/\" >\n\t\t\t\tMercado de Fichajes LEB Oro\t\t\t<\/a>\n\t\t<\/h2>\n\t\t\t\t<div class=\"elementor-post__excerpt\">\n\t\t\t<p>Real Betis Baloncesto : Fichaje de Dylan Frye (CSM Targu Jiu). Club Ourense Baloncesto : Fichaje de Karamo Jawara (Movistar Estudiantes). Inter\u00e9s por \u00c1lvaro Palazuelos<\/p>\n\t\t<\/div>\n\t\t\n\t\t<a class=\"elementor-post__read-more\" href=\"https:\/\/gijonbasket.com\/en\/2023\/07\/26\/mercado-de-fichajes-leb-oro-6\/\" aria-label=\"Read more about Mercado de Fichajes LEB Oro\" tabindex=\"-1\" >\n\t\t\tRead more &#034;\t\t<\/a>\n\n\t\t\t\t<\/div>\n\t\t\t\t<div class=\"elementor-post__meta-data\">\n\t\t\t\t\t<span class=\"elementor-post-date\">\n\t\t\t26 de July de 2023\t\t<\/span>\n\t\t\t\t<\/div>\n\t\t\t\t\t<\/div>\n\t\t<\/article>\n\t\t\t\t<article class=\"elementor-post elementor-grid-item post-1421 post type-post status-publish format-standard hentry category-exclusivas category-noticias\">\n\t\t\t<div class=\"elementor-post__card\">\n\t\t\t\t<div class=\"elementor-post__text\">\n\t\t\t\t<h2 class=\"elementor-post__title\">\n\t\t\t<a href=\"https:\/\/gijonbasket.com\/en\/2023\/07\/26\/diego-cuetos-fichaje-para-tartiere-auto-gijon-basket\/\" >\n\t\t\t\tDiego Cuetos fichaje para Tartiere Auto Gij\u00f3n Basket\t\t\t<\/a>\n\t\t<\/h2>\n\t\t\t\t<div class=\"elementor-post__excerpt\">\n\t\t\t<p>Desde www.gijonbasket.com, adelantamos en exclusiva, que Diego Cuetos (Real Grupo de Cultura Covadonga) ser\u00e1 uno de los fichajes de Tartiere Auto Gij\u00f3n Basket para la<\/p>\n\t\t<\/div>\n\t\t\n\t\t<a class=\"elementor-post__read-more\" href=\"https:\/\/gijonbasket.com\/en\/2023\/07\/26\/diego-cuetos-fichaje-para-tartiere-auto-gijon-basket\/\" aria-label=\"Read more about Diego Cuetos fichaje para Tartiere Auto Gij\u00f3n Basket\" tabindex=\"-1\" >\n\t\t\tRead more &#034;\t\t<\/a>\n\n\t\t\t\t<\/div>\n\t\t\t\t<div class=\"elementor-post__meta-data\">\n\t\t\t\t\t<span class=\"elementor-post-date\">\n\t\t\t26 de July de 2023\t\t<\/span>\n\t\t\t\t<\/div>\n\t\t\t\t\t<\/div>\n\t\t<\/article>\n\t\t\t\t<article class=\"elementor-post elementor-grid-item post-1419 post type-post status-publish format-standard hentry category-noticias\">\n\t\t\t<div class=\"elementor-post__card\">\n\t\t\t\t<div class=\"elementor-post__text\">\n\t\t\t\t<h2 class=\"elementor-post__title\">\n\t\t\t<a href=\"https:\/\/gijonbasket.com\/en\/2023\/07\/25\/alimerka-oviedo-baloncesto-con-calendario-leb-oro-2023-2024\/\" >\n\t\t\t\tAlimerka Oviedo Baloncesto con Calendario LEB Oro 2023\/2024\t\t\t<\/a>\n\t\t<\/h2>\n\t\t\t\t<div class=\"elementor-post__excerpt\">\n\t\t\t<p>El Alimerka Oviedo Baloncesto ya conoce la hoja de ruta de la temporada tras la celebraci\u00f3n del sorteo del Calendario LEB Oro 2023\/2024. El inicio<\/p>\n\t\t<\/div>\n\t\t\n\t\t<a class=\"elementor-post__read-more\" href=\"https:\/\/gijonbasket.com\/en\/2023\/07\/25\/alimerka-oviedo-baloncesto-con-calendario-leb-oro-2023-2024\/\" aria-label=\"Read more about Alimerka Oviedo Baloncesto con Calendario LEB Oro 2023\/2024\" tabindex=\"-1\" >\n\t\t\tRead more &#034;\t\t<\/a>\n\n\t\t\t\t<\/div>\n\t\t\t\t<div class=\"elementor-post__meta-data\">\n\t\t\t\t\t<span class=\"elementor-post-date\">\n\t\t\t25 de July de 2023\t\t<\/span>\n\t\t\t\t<\/div>\n\t\t\t\t\t<\/div>\n\t\t<\/article>\n\t\t\t\t<article class=\"elementor-post elementor-grid-item post-1417 post type-post status-publish format-standard hentry category-noticias\">\n\t\t\t<div class=\"elementor-post__card\">\n\t\t\t\t<div class=\"elementor-post__text\">\n\t\t\t\t<h2 class=\"elementor-post__title\">\n\t\t\t<a href=\"https:\/\/gijonbasket.com\/en\/2023\/07\/25\/grupo-a-b-liga-eba-2023-2024\/\" >\n\t\t\t\tGrupo A-B Liga EBA 2023\/2024\t\t\t<\/a>\n\t\t<\/h2>\n\t\t\t\t<div class=\"elementor-post__excerpt\">\n\t\t\t<p>El Grupo A-B de Liga EBA donde competir\u00e1n Tartiere Auto Gij\u00f3n Basket, C\u00edrculo Gij\u00f3n Baloncesto y AD Universidad de Oviedo ya conoce su composici\u00f3n. Junto<\/p>\n\t\t<\/div>\n\t\t\n\t\t<a class=\"elementor-post__read-more\" href=\"https:\/\/gijonbasket.com\/en\/2023\/07\/25\/grupo-a-b-liga-eba-2023-2024\/\" aria-label=\"Read more about Grupo A-B Liga EBA 2023\/2024\" tabindex=\"-1\" >\n\t\t\tRead more &#034;\t\t<\/a>\n\n\t\t\t\t<\/div>\n\t\t\t\t<div class=\"elementor-post__meta-data\">\n\t\t\t\t\t<span class=\"elementor-post-date\">\n\t\t\t25 de July de 2023\t\t<\/span>\n\t\t\t\t<\/div>\n\t\t\t\t\t<\/div>\n\t\t<\/article>\n\t\t\t\t<article class=\"elementor-post elementor-grid-item post-1414 post type-post status-publish format-standard hentry category-noticias\">\n\t\t\t<div class=\"elementor-post__card\">\n\t\t\t\t<div class=\"elementor-post__text\">\n\t\t\t\t<h2 class=\"elementor-post__title\">\n\t\t\t<a href=\"https:\/\/gijonbasket.com\/en\/2023\/07\/25\/mercado-de-fichajes-69\/\" >\n\t\t\t\tMercado de Fichajes\t\t\t<\/a>\n\t\t<\/h2>\n\t\t\t\t<div class=\"elementor-post__excerpt\">\n\t\t\t<p>KK Buducnost VOLI Podgorica : Acuerdo para el fichaje de Boban Marjanovic (Houston Rockets). New York Knicks : Inter\u00e9s por Joel Embiid (Philadelphia 76 ers).<\/p>\n\t\t<\/div>\n\t\t\n\t\t<a class=\"elementor-post__read-more\" href=\"https:\/\/gijonbasket.com\/en\/2023\/07\/25\/mercado-de-fichajes-69\/\" aria-label=\"Read more about Mercado de Fichajes\" tabindex=\"-1\" >\n\t\t\tRead more &#034;\t\t<\/a>\n\n\t\t\t\t<\/div>\n\t\t\t\t<div class=\"elementor-post__meta-data\">\n\t\t\t\t\t<span class=\"elementor-post-date\">\n\t\t\t25 de July de 2023\t\t<\/span>\n\t\t\t\t<\/div>\n\t\t\t\t\t<\/div>\n\t\t<\/article>\n\t\t\t\t<article class=\"elementor-post elementor-grid-item post-1412 post type-post status-publish format-standard hentry category-noticias\">\n\t\t\t<div class=\"elementor-post__card\">\n\t\t\t\t<div class=\"elementor-post__text\">\n\t\t\t\t<h2 class=\"elementor-post__title\">\n\t\t\t<a href=\"https:\/\/gijonbasket.com\/en\/2023\/07\/25\/leandro-bolmaro-y-devin-booker-al-bayern-munich\/\" >\n\t\t\t\tLeandro Bolmaro y Devin Booker al Bayern Munich\t\t\t<\/a>\n\t\t<\/h2>\n\t\t\t\t<div class=\"elementor-post__excerpt\">\n\t\t\t<p>El Bayern Munich cerr\u00f3 los fichajes de Leandro Bolmaro (Lenovo Tenerife) y Devin Booker (Fenerbahce Beko Istanbul) para las pr\u00f3ximas dos temporadas. Devin Booker regresa<\/p>\n\t\t<\/div>\n\t\t\n\t\t<a class=\"elementor-post__read-more\" href=\"https:\/\/gijonbasket.com\/en\/2023\/07\/25\/leandro-bolmaro-y-devin-booker-al-bayern-munich\/\" aria-label=\"Read more about Leandro Bolmaro y Devin Booker al Bayern Munich\" tabindex=\"-1\" >\n\t\t\tRead more &#034;\t\t<\/a>\n\n\t\t\t\t<\/div>\n\t\t\t\t<div class=\"elementor-post__meta-data\">\n\t\t\t\t\t<span class=\"elementor-post-date\">\n\t\t\t25 de July de 2023\t\t<\/span>\n\t\t\t\t<\/div>\n\t\t\t\t\t<\/div>\n\t\t<\/article>\n\t\t\t\t<article class=\"elementor-post elementor-grid-item post-1410 post type-post status-publish format-standard hentry category-noticias\">\n\t\t\t<div class=\"elementor-post__card\">\n\t\t\t\t<div class=\"elementor-post__text\">\n\t\t\t\t<h2 class=\"elementor-post__title\">\n\t\t\t<a href=\"https:\/\/gijonbasket.com\/en\/2023\/07\/24\/el-circulo-gijon-baloncesto-acepta-el-desafio\/\" >\n\t\t\t\tEl C\u00edrculo Gij\u00f3n Baloncesto acepta el desaf\u00edo\t\t\t<\/a>\n\t\t<\/h2>\n\t\t\t\t<div class=\"elementor-post__excerpt\">\n\t\t\t<p>El C\u00edrculo Gij\u00f3n Baloncesto, afrontar\u00e1 su segunda temporada en Liga EBA, bajo el lema \u00bb Aceptamos el desaf\u00edo\u00bb. Ma\u00f1ana martes ser\u00e1 la presentaci\u00f3n de la<\/p>\n\t\t<\/div>\n\t\t\n\t\t<a class=\"elementor-post__read-more\" href=\"https:\/\/gijonbasket.com\/en\/2023\/07\/24\/el-circulo-gijon-baloncesto-acepta-el-desafio\/\" aria-label=\"Read more about El C\u00edrculo Gij\u00f3n Baloncesto acepta el desaf\u00edo\" tabindex=\"-1\" >\n\t\t\tRead more &#034;\t\t<\/a>\n\n\t\t\t\t<\/div>\n\t\t\t\t<div class=\"elementor-post__meta-data\">\n\t\t\t\t\t<span class=\"elementor-post-date\">\n\t\t\t24 de July de 2023\t\t<\/span>\n\t\t\t\t<\/div>\n\t\t\t\t\t<\/div>\n\t\t<\/article>\n\t\t\t\t<article class=\"elementor-post elementor-grid-item post-1408 post type-post status-publish format-standard hentry category-noticias\">\n\t\t\t<div class=\"elementor-post__card\">\n\t\t\t\t<div class=\"elementor-post__text\">\n\t\t\t\t<h2 class=\"elementor-post__title\">\n\t\t\t<a href=\"https:\/\/gijonbasket.com\/en\/2023\/07\/24\/demetric-horton-quinto-fichaje-del-alimerka-oviedo-baloncesto\/\" >\n\t\t\t\tDemetric Horton quinto fichaje del Alimerka Oviedo Baloncesto\t\t\t<\/a>\n\t\t<\/h2>\n\t\t\t\t<div class=\"elementor-post__excerpt\">\n\t\t\t<p>Demetric Horton (North Carolina A@T University), escolta estadounidense de 23 a\u00f1os y 1.96 m., quinto fichaje del Alimerka Oviedo Baloncesto para la pr\u00f3xima temporada. Con<\/p>\n\t\t<\/div>\n\t\t\n\t\t<a class=\"elementor-post__read-more\" href=\"https:\/\/gijonbasket.com\/en\/2023\/07\/24\/demetric-horton-quinto-fichaje-del-alimerka-oviedo-baloncesto\/\" aria-label=\"Read more about Demetric Horton quinto fichaje del Alimerka Oviedo Baloncesto\" tabindex=\"-1\" >\n\t\t\tRead more &#034;\t\t<\/a>\n\n\t\t\t\t<\/div>\n\t\t\t\t<div class=\"elementor-post__meta-data\">\n\t\t\t\t\t<span class=\"elementor-post-date\">\n\t\t\t24 de July de 2023\t\t<\/span>\n\t\t\t\t<\/div>\n\t\t\t\t\t<\/div>\n\t\t<\/article>\n\t\t\t\t<article class=\"elementor-post elementor-grid-item post-1405 post type-post status-publish format-standard hentry category-noticias\">\n\t\t\t<div class=\"elementor-post__card\">\n\t\t\t\t<div class=\"elementor-post__text\">\n\t\t\t\t<h2 class=\"elementor-post__title\">\n\t\t\t<a href=\"https:\/\/gijonbasket.com\/en\/2023\/07\/24\/mundial-femenino-u19-madrid-2023-final-espana-u-s-a-66-69\/\" >\n\t\t\t\tMundial Femenino U19 Madrid 2023. Final. Espa\u00f1a \u2013 U.S.A. (66-69).\t\t\t<\/a>\n\t\t<\/h2>\n\t\t\t\t<div class=\"elementor-post__excerpt\">\n\t\t\t<p>U.S.A. Tricampe\u00f3n del Mundial Femenino U19 tras superar en una apasionante final a Espa\u00f1a (66-69). Espa\u00f1a ofreci\u00f3 una gran resistencia, a pesar de la inferioridad<\/p>\n\t\t<\/div>\n\t\t\n\t\t<a class=\"elementor-post__read-more\" href=\"https:\/\/gijonbasket.com\/en\/2023\/07\/24\/mundial-femenino-u19-madrid-2023-final-espana-u-s-a-66-69\/\" aria-label=\"Read more about Mundial Femenino U19 Madrid 2023. Final. Espa\u00f1a \u2013 U.S.A. (66-69).\" tabindex=\"-1\" >\n\t\t\tRead more &#034;\t\t<\/a>\n\n\t\t\t\t<\/div>\n\t\t\t\t<div class=\"elementor-post__meta-data\">\n\t\t\t\t\t<span class=\"elementor-post-date\">\n\t\t\t24 de July de 2023\t\t<\/span>\n\t\t\t\t<\/div>\n\t\t\t\t\t<\/div>\n\t\t<\/article>\n\t\t\t\t<article class=\"elementor-post elementor-grid-item post-1402 post type-post status-publish format-standard hentry category-noticias\">\n\t\t\t<div class=\"elementor-post__card\">\n\t\t\t\t<div class=\"elementor-post__text\">\n\t\t\t\t<h2 class=\"elementor-post__title\">\n\t\t\t<a href=\"https:\/\/gijonbasket.com\/en\/2023\/07\/23\/mercado-de-fichajes-leb-oro-5\/\" >\n\t\t\t\tMercado de Fichajes LEB Oro\t\t\t<\/a>\n\t\t<\/h2>\n\t\t\t\t<div class=\"elementor-post__excerpt\">\n\t\t\t<p>UEMC Real Valladolid Baloncesto : Fichaje de Devin Schmidt (Zunder Palencia). No continuidad de \u00c1lex Mazaira y Kevin Allen. ICG For\u00e7a Lleida : Fichaje de<\/p>\n\t\t<\/div>\n\t\t\n\t\t<a class=\"elementor-post__read-more\" href=\"https:\/\/gijonbasket.com\/en\/2023\/07\/23\/mercado-de-fichajes-leb-oro-5\/\" aria-label=\"Read more about Mercado de Fichajes LEB Oro\" tabindex=\"-1\" >\n\t\t\tRead more &#034;\t\t<\/a>\n\n\t\t\t\t<\/div>\n\t\t\t\t<div class=\"elementor-post__meta-data\">\n\t\t\t\t\t<span class=\"elementor-post-date\">\n\t\t\t23 de July de 2023\t\t<\/span>\n\t\t\t\t<\/div>\n\t\t\t\t\t<\/div>\n\t\t<\/article>\n\t\t\t\t<article class=\"elementor-post elementor-grid-item post-1400 post type-post status-publish format-standard hentry category-noticias\">\n\t\t\t<div class=\"elementor-post__card\">\n\t\t\t\t<div class=\"elementor-post__text\">\n\t\t\t\t<h2 class=\"elementor-post__title\">\n\t\t\t<a href=\"https:\/\/gijonbasket.com\/en\/2023\/07\/23\/toni-ten-nuevo-entrenador-del-baloncesto-fuenlabrada\/\" >\n\t\t\t\tToni Ten nuevo entrenador del  Baloncesto Fuenlabrada\t\t\t<\/a>\n\t\t<\/h2>\n\t\t\t\t<div class=\"elementor-post__excerpt\">\n\t\t\t<p>El Baloncesto Fuenlabrada cerr\u00f3 la contrataci\u00f3n de Toni Ten (Trefl Sopot) como nuevo t\u00e9cnico del conjunto fuenlabre\u00f1o para la temporada 2023\/2024 en LEB Oro. Toni<\/p>\n\t\t<\/div>\n\t\t\n\t\t<a class=\"elementor-post__read-more\" href=\"https:\/\/gijonbasket.com\/en\/2023\/07\/23\/toni-ten-nuevo-entrenador-del-baloncesto-fuenlabrada\/\" aria-label=\"Read more about Toni Ten nuevo entrenador del  Baloncesto Fuenlabrada\" tabindex=\"-1\" >\n\t\t\tRead more &#034;\t\t<\/a>\n\n\t\t\t\t<\/div>\n\t\t\t\t<div class=\"elementor-post__meta-data\">\n\t\t\t\t\t<span class=\"elementor-post-date\">\n\t\t\t23 de July de 2023\t\t<\/span>\n\t\t\t\t<\/div>\n\t\t\t\t\t<\/div>\n\t\t<\/article>\n\t\t\t\t<article class=\"elementor-post elementor-grid-item post-1398 post type-post status-publish format-standard hentry category-noticias\">\n\t\t\t<div class=\"elementor-post__card\">\n\t\t\t\t<div class=\"elementor-post__text\">\n\t\t\t\t<h2 class=\"elementor-post__title\">\n\t\t\t<a href=\"https:\/\/gijonbasket.com\/en\/2023\/07\/23\/mundial-femenino-u19-madrid-2023-final-espana-u-s-a-previa\/\" >\n\t\t\t\tMundial Femenino U19 Madrid 2023. Final. Espa\u00f1a \u2013 U.S.A. Previa.\t\t\t<\/a>\n\t\t<\/h2>\n\t\t\t\t<div class=\"elementor-post__excerpt\">\n\t\t\t<p>Cita con la historia para Espa\u00f1a Fem. U19 con la disputa de la Final de la Copa del Mundo de la categor\u00eda ante U.S.A. a<\/p>\n\t\t<\/div>\n\t\t\n\t\t<a class=\"elementor-post__read-more\" href=\"https:\/\/gijonbasket.com\/en\/2023\/07\/23\/mundial-femenino-u19-madrid-2023-final-espana-u-s-a-previa\/\" aria-label=\"Read more about Mundial Femenino U19 Madrid 2023. Final. Espa\u00f1a \u2013 U.S.A. Previa.\" tabindex=\"-1\" >\n\t\t\tRead more &#034;\t\t<\/a>\n\n\t\t\t\t<\/div>\n\t\t\t\t<div class=\"elementor-post__meta-data\">\n\t\t\t\t\t<span class=\"elementor-post-date\">\n\t\t\t23 de July de 2023\t\t<\/span>\n\t\t\t\t<\/div>\n\t\t\t\t\t<\/div>\n\t\t<\/article>\n\t\t\t\t<article class=\"elementor-post elementor-grid-item post-1396 post type-post status-publish format-standard hentry category-noticias\">\n\t\t\t<div class=\"elementor-post__card\">\n\t\t\t\t<div class=\"elementor-post__text\">\n\t\t\t\t<h2 class=\"elementor-post__title\">\n\t\t\t<a href=\"https:\/\/gijonbasket.com\/en\/2023\/07\/23\/lucia-y-carmen-martinez-nuevos-fichajes-para-adba-sanfer\/\" >\n\t\t\t\tLuc\u00eda y Carmen Mart\u00ednez nuevos fichajes para ADBA-Sanfer\t\t\t<\/a>\n\t\t<\/h2>\n\t\t\t\t<div class=\"elementor-post__excerpt\">\n\t\t\t<p>ADBA-Sanfer anunci\u00f3 ayer s\u00e1bado sus dos primeros fichajes, que son las gemelas Luc\u00eda y Carmen Mart\u00ednez, que esta pasada temporada militaron en el UniBasket Logro\u00f1o.<\/p>\n\t\t<\/div>\n\t\t\n\t\t<a class=\"elementor-post__read-more\" href=\"https:\/\/gijonbasket.com\/en\/2023\/07\/23\/lucia-y-carmen-martinez-nuevos-fichajes-para-adba-sanfer\/\" aria-label=\"Read more about Luc\u00eda y Carmen Mart\u00ednez nuevos fichajes para ADBA-Sanfer\" tabindex=\"-1\" >\n\t\t\tRead more &#034;\t\t<\/a>\n\n\t\t\t\t<\/div>\n\t\t\t\t<div class=\"elementor-post__meta-data\">\n\t\t\t\t\t<span class=\"elementor-post-date\">\n\t\t\t23 de July de 2023\t\t<\/span>\n\t\t\t\t<\/div>\n\t\t\t\t\t<\/div>\n\t\t<\/article>\n\t\t\t\t<article class=\"elementor-post elementor-grid-item post-1394 post type-post status-publish format-standard hentry category-noticias\">\n\t\t\t<div class=\"elementor-post__card\">\n\t\t\t\t<div class=\"elementor-post__text\">\n\t\t\t\t<h2 class=\"elementor-post__title\">\n\t\t\t<a href=\"https:\/\/gijonbasket.com\/en\/2023\/07\/23\/mundial-femenino-u19-madrid-2023-semifinal-espana-canada-77-70\/\" >\n\t\t\t\tMundial Femenino U19 Madrid 2023. Semifinal. Espa\u00f1a &#8211; Canada (77-70).\t\t\t<\/a>\n\t\t<\/h2>\n\t\t\t\t<div class=\"elementor-post__excerpt\">\n\t\t\t<p>Espa\u00f1a a la Final del Mundial U19 tras imponerse a Canada (77-70). Iyana Mart\u00edn con 24 puntos, estrella del encuentro, anotando los siete \u00faltimos puntos<\/p>\n\t\t<\/div>\n\t\t\n\t\t<a class=\"elementor-post__read-more\" href=\"https:\/\/gijonbasket.com\/en\/2023\/07\/23\/mundial-femenino-u19-madrid-2023-semifinal-espana-canada-77-70\/\" aria-label=\"Read more about Mundial Femenino U19 Madrid 2023. Semifinal. Espa\u00f1a &#8211; Canada (77-70).\" tabindex=\"-1\" >\n\t\t\tRead more &#034;\t\t<\/a>\n\n\t\t\t\t<\/div>\n\t\t\t\t<div class=\"elementor-post__meta-data\">\n\t\t\t\t\t<span class=\"elementor-post-date\">\n\t\t\t23 de July de 2023\t\t<\/span>\n\t\t\t\t<\/div>\n\t\t\t\t\t<\/div>\n\t\t<\/article>\n\t\t\t\t<article class=\"elementor-post elementor-grid-item post-1392 post type-post status-publish format-standard hentry category-noticias\">\n\t\t\t<div class=\"elementor-post__card\">\n\t\t\t\t<div class=\"elementor-post__text\">\n\t\t\t\t<h2 class=\"elementor-post__title\">\n\t\t\t<a href=\"https:\/\/gijonbasket.com\/en\/2023\/07\/22\/mikel-sanz-cuarto-fichaje-del-alimerka-oviedo-baloncesto\/\" >\n\t\t\t\tMikel Sanz cuarto fichaje del Alimerka Oviedo Baloncesto\t\t\t<\/a>\n\t\t<\/h2>\n\t\t\t\t<div class=\"elementor-post__excerpt\">\n\t\t\t<p>Mikel Sanz (Grupo Alega Cantabria CBT), alero de 24 a\u00f1os y 1.95 m., nuevo fichaje del Alimerka Oviedo Baloncesto. El Alimerka Oviedo Baloncesto tuvo en<\/p>\n\t\t<\/div>\n\t\t\n\t\t<a class=\"elementor-post__read-more\" href=\"https:\/\/gijonbasket.com\/en\/2023\/07\/22\/mikel-sanz-cuarto-fichaje-del-alimerka-oviedo-baloncesto\/\" aria-label=\"Read more about Mikel Sanz cuarto fichaje del Alimerka Oviedo Baloncesto\" tabindex=\"-1\" >\n\t\t\tRead more &#034;\t\t<\/a>\n\n\t\t\t\t<\/div>\n\t\t\t\t<div class=\"elementor-post__meta-data\">\n\t\t\t\t\t<span class=\"elementor-post-date\">\n\t\t\t22 de July de 2023\t\t<\/span>\n\t\t\t\t<\/div>\n\t\t\t\t\t<\/div>\n\t\t<\/article>\n\t\t\t\t<article class=\"elementor-post elementor-grid-item post-1390 post type-post status-publish format-standard hentry category-noticias\">\n\t\t\t<div class=\"elementor-post__card\">\n\t\t\t\t<div class=\"elementor-post__text\">\n\t\t\t\t<h2 class=\"elementor-post__title\">\n\t\t\t<a href=\"https:\/\/gijonbasket.com\/en\/2023\/07\/22\/alec-wintering-nuevo-fichaje-para-movistar-estudiantes\/\" >\n\t\t\t\tAlec Wintering nuevo fichaje para Movistar Estudiantes\t\t\t<\/a>\n\t\t<\/h2>\n\t\t\t\t<div class=\"elementor-post__excerpt\">\n\t\t\t<p>Alec Wintering (Zunder Palencia), base estadounidense con nacionalidad jamaicana de 28 a\u00f1os y 1.80 m., nuevo fichaje de Movistar Estudiantes. Wintering milit\u00f3 la pasada temporada<\/p>\n\t\t<\/div>\n\t\t\n\t\t<a class=\"elementor-post__read-more\" href=\"https:\/\/gijonbasket.com\/en\/2023\/07\/22\/alec-wintering-nuevo-fichaje-para-movistar-estudiantes\/\" aria-label=\"Read more about Alec Wintering nuevo fichaje para Movistar Estudiantes\" tabindex=\"-1\" >\n\t\t\tRead more &#034;\t\t<\/a>\n\n\t\t\t\t<\/div>\n\t\t\t\t<div class=\"elementor-post__meta-data\">\n\t\t\t\t\t<span class=\"elementor-post-date\">\n\t\t\t22 de July de 2023\t\t<\/span>\n\t\t\t\t<\/div>\n\t\t\t\t\t<\/div>\n\t\t<\/article>\n\t\t\t\t<article class=\"elementor-post elementor-grid-item post-1388 post type-post status-publish format-standard hentry category-noticias\">\n\t\t\t<div class=\"elementor-post__card\">\n\t\t\t\t<div class=\"elementor-post__text\">\n\t\t\t\t<h2 class=\"elementor-post__title\">\n\t\t\t<a href=\"https:\/\/gijonbasket.com\/en\/2023\/07\/22\/kemba-walker-fichaje-estrella-del-as-monaco\/\" >\n\t\t\t\tKemba Walker fichaje estrella del AS M\u00f3naco\t\t\t<\/a>\n\t\t<\/h2>\n\t\t\t\t<div class=\"elementor-post__excerpt\">\n\t\t\t<p>AS M\u00f3naco cerr\u00f3 el fichaje de Kemba Walker (Dallas Mavericks), base estadounidense de 33 a\u00f1os y 1.83 m., con 12 temporadas NBA, militando en Charlotte<\/p>\n\t\t<\/div>\n\t\t\n\t\t<a class=\"elementor-post__read-more\" href=\"https:\/\/gijonbasket.com\/en\/2023\/07\/22\/kemba-walker-fichaje-estrella-del-as-monaco\/\" aria-label=\"Read more about Kemba Walker fichaje estrella del AS M\u00f3naco\" tabindex=\"-1\" >\n\t\t\tRead more &#034;\t\t<\/a>\n\n\t\t\t\t<\/div>\n\t\t\t\t<div class=\"elementor-post__meta-data\">\n\t\t\t\t\t<span class=\"elementor-post-date\">\n\t\t\t22 de July de 2023\t\t<\/span>\n\t\t\t\t<\/div>\n\t\t\t\t\t<\/div>\n\t\t<\/article>\n\t\t\t\t<article class=\"elementor-post elementor-grid-item post-1384 post type-post status-publish format-standard hentry category-noticias\">\n\t\t\t<div class=\"elementor-post__card\">\n\t\t\t\t<div class=\"elementor-post__text\">\n\t\t\t\t<h2 class=\"elementor-post__title\">\n\t\t\t<a href=\"https:\/\/gijonbasket.com\/en\/2023\/07\/21\/mercado-de-fichajes-68\/\" >\n\t\t\t\tMercado de Fichajes\t\t\t<\/a>\n\t\t<\/h2>\n\t\t\t\t<div class=\"elementor-post__excerpt\">\n\t\t\t<p>Bayern Munich : Fichaje de Sylvain Francisco (Peristeri BWin Athens). Galatasaray NEF . Fichaje de Jarell Martin (Maccabi Playtika Tel-Aviv). Virtus Segafredo Bolonia : Fichajes<\/p>\n\t\t<\/div>\n\t\t\n\t\t<a class=\"elementor-post__read-more\" href=\"https:\/\/gijonbasket.com\/en\/2023\/07\/21\/mercado-de-fichajes-68\/\" aria-label=\"Read more about Mercado de Fichajes\" tabindex=\"-1\" >\n\t\t\tRead more &#034;\t\t<\/a>\n\n\t\t\t\t<\/div>\n\t\t\t\t<div class=\"elementor-post__meta-data\">\n\t\t\t\t\t<span class=\"elementor-post-date\">\n\t\t\t21 de July de 2023\t\t<\/span>\n\t\t\t\t<\/div>\n\t\t\t\t\t<\/div>\n\t\t<\/article>\n\t\t\t\t<article class=\"elementor-post elementor-grid-item post-1380 post type-post status-publish format-standard hentry category-noticias\">\n\t\t\t<div class=\"elementor-post__card\">\n\t\t\t\t<div class=\"elementor-post__text\">\n\t\t\t\t<h2 class=\"elementor-post__title\">\n\t\t\t<a href=\"https:\/\/gijonbasket.com\/en\/2023\/07\/21\/mercado-de-fichajes-leb-oro-4\/\" >\n\t\t\t\tMercado de Fichajes LEB Oro\t\t\t<\/a>\n\t\t<\/h2>\n\t\t\t\t<div class=\"elementor-post__excerpt\">\n\t\t\t<p>Leyma Coru\u00f1a : Renovaci\u00f3n de Yunio Barrueta para la pr\u00f3xima temporada. UBU Tizona : Fichaje de Jacobo D\u00edaz (Covir\u00e1n Granada). Amics Castell\u00f3 : Fichaje de<\/p>\n\t\t<\/div>\n\t\t\n\t\t<a class=\"elementor-post__read-more\" href=\"https:\/\/gijonbasket.com\/en\/2023\/07\/21\/mercado-de-fichajes-leb-oro-4\/\" aria-label=\"Read more about Mercado de Fichajes LEB Oro\" tabindex=\"-1\" >\n\t\t\tRead more &#034;\t\t<\/a>\n\n\t\t\t\t<\/div>\n\t\t\t\t<div class=\"elementor-post__meta-data\">\n\t\t\t\t\t<span class=\"elementor-post-date\">\n\t\t\t21 de July de 2023\t\t<\/span>\n\t\t\t\t<\/div>\n\t\t\t\t\t<\/div>\n\t\t<\/article>\n\t\t\t\t<article class=\"elementor-post elementor-grid-item post-1378 post type-post status-publish format-standard hentry category-noticias\">\n\t\t\t<div class=\"elementor-post__card\">\n\t\t\t\t<div class=\"elementor-post__text\">\n\t\t\t\t<h2 class=\"elementor-post__title\">\n\t\t\t<a href=\"https:\/\/gijonbasket.com\/en\/2023\/07\/21\/mercado-de-fichajes-liga-endesa-5\/\" >\n\t\t\t\tMercado de Fichajes Liga Endesa\t\t\t<\/a>\n\t\t<\/h2>\n\t\t\t\t<div class=\"elementor-post__excerpt\">\n\t\t\t<p>Lenovo Tenerife : Fichaje de Edgar Vicedo (Monbus Obradoiro) para la pr\u00f3xima temporada con una segunda opcional. UCAM Murcia : No continuidad de Sadiel Rojas.<\/p>\n\t\t<\/div>\n\t\t\n\t\t<a class=\"elementor-post__read-more\" href=\"https:\/\/gijonbasket.com\/en\/2023\/07\/21\/mercado-de-fichajes-liga-endesa-5\/\" aria-label=\"Read more about Mercado de Fichajes Liga Endesa\" tabindex=\"-1\" >\n\t\t\tRead more &#034;\t\t<\/a>\n\n\t\t\t\t<\/div>\n\t\t\t\t<div class=\"elementor-post__meta-data\">\n\t\t\t\t\t<span class=\"elementor-post-date\">\n\t\t\t21 de July de 2023\t\t<\/span>\n\t\t\t\t<\/div>\n\t\t\t\t\t<\/div>\n\t\t<\/article>\n\t\t\t\t<article class=\"elementor-post elementor-grid-item post-1376 post type-post status-publish format-standard hentry category-noticias\">\n\t\t\t<div class=\"elementor-post__card\">\n\t\t\t\t<div class=\"elementor-post__text\">\n\t\t\t\t<h2 class=\"elementor-post__title\">\n\t\t\t<a href=\"https:\/\/gijonbasket.com\/en\/2023\/07\/20\/mirko-novosel-1938-2023\/\" >\n\t\t\t\tMirko Novosel (1938 &#8211; 2023)\t\t\t<\/a>\n\t\t<\/h2>\n\t\t\t\t<div class=\"elementor-post__excerpt\">\n\t\t\t<p>El mundo del baloncesto se ti\u00f1e de luto por el fallecimiento en el d\u00eda de hoy de Mirko Novosel a los 85 a\u00f1os. Aut\u00e9ntica leyenda<\/p>\n\t\t<\/div>\n\t\t\n\t\t<a class=\"elementor-post__read-more\" href=\"https:\/\/gijonbasket.com\/en\/2023\/07\/20\/mirko-novosel-1938-2023\/\" aria-label=\"Read more about Mirko Novosel (1938 &#8211; 2023)\" tabindex=\"-1\" >\n\t\t\tRead more &#034;\t\t<\/a>\n\n\t\t\t\t<\/div>\n\t\t\t\t<div class=\"elementor-post__meta-data\">\n\t\t\t\t\t<span class=\"elementor-post-date\">\n\t\t\t20 de July de 2023\t\t<\/span>\n\t\t\t\t<\/div>\n\t\t\t\t\t<\/div>\n\t\t<\/article>\n\t\t\t\t<article class=\"elementor-post elementor-grid-item post-1374 post type-post status-publish format-standard hentry category-noticias\">\n\t\t\t<div class=\"elementor-post__card\">\n\t\t\t\t<div class=\"elementor-post__text\">\n\t\t\t\t<h2 class=\"elementor-post__title\">\n\t\t\t<a href=\"https:\/\/gijonbasket.com\/en\/2023\/07\/20\/cheikh-kebe-destino-bulgaria-al-minyor-2015-pernik\/\" >\n\t\t\t\tCheikh Kebe destino Bulgaria al Minyor 2015 Pernik\t\t\t<\/a>\n\t\t<\/h2>\n\t\t\t\t<div class=\"elementor-post__excerpt\">\n\t\t\t<p>Cheikh Kebe que la pasada temporada milit\u00f3 en Corinto Gij\u00f3n Basket, ya tiene nuevo equipo tras su fichaje por Minyor 2015 Pernik (BBL Division A<\/p>\n\t\t<\/div>\n\t\t\n\t\t<a class=\"elementor-post__read-more\" href=\"https:\/\/gijonbasket.com\/en\/2023\/07\/20\/cheikh-kebe-destino-bulgaria-al-minyor-2015-pernik\/\" aria-label=\"Read more about Cheikh Kebe destino Bulgaria al Minyor 2015 Pernik\" tabindex=\"-1\" >\n\t\t\tRead more &#034;\t\t<\/a>\n\n\t\t\t\t<\/div>\n\t\t\t\t<div class=\"elementor-post__meta-data\">\n\t\t\t\t\t<span class=\"elementor-post-date\">\n\t\t\t20 de July de 2023\t\t<\/span>\n\t\t\t\t<\/div>\n\t\t\t\t\t<\/div>\n\t\t<\/article>\n\t\t\t\t<article class=\"elementor-post elementor-grid-item post-1366 post type-post status-publish format-standard hentry category-noticias\">\n\t\t\t<div class=\"elementor-post__card\">\n\t\t\t\t<div class=\"elementor-post__text\">\n\t\t\t\t<h2 class=\"elementor-post__title\">\n\t\t\t<a href=\"https:\/\/gijonbasket.com\/en\/2023\/07\/19\/mercado-de-fichajes-leb-oro-3\/\" >\n\t\t\t\tMercado de Fichajes LEB Oro\t\t\t<\/a>\n\t\t<\/h2>\n\t\t\t\t<div class=\"elementor-post__excerpt\">\n\t\t\t<p>UEMC Real Valladolid Baloncesto : Fichaje de Jaime Fern\u00e1ndez (CB Almansa con AFANION). Renovaci\u00f3n de contrato a Lucas N&#8217;Guessan para la pr\u00f3xima temporada. No continuidad<\/p>\n\t\t<\/div>\n\t\t\n\t\t<a class=\"elementor-post__read-more\" href=\"https:\/\/gijonbasket.com\/en\/2023\/07\/19\/mercado-de-fichajes-leb-oro-3\/\" aria-label=\"Read more about Mercado de Fichajes LEB Oro\" tabindex=\"-1\" >\n\t\t\tRead more &#034;\t\t<\/a>\n\n\t\t\t\t<\/div>\n\t\t\t\t<div class=\"elementor-post__meta-data\">\n\t\t\t\t\t<span class=\"elementor-post-date\">\n\t\t\t19 de July de 2023\t\t<\/span>\n\t\t\t\t<\/div>\n\t\t\t\t\t<\/div>\n\t\t<\/article>\n\t\t\t\t<article class=\"elementor-post elementor-grid-item post-1364 post type-post status-publish format-standard hentry category-noticias\">\n\t\t\t<div class=\"elementor-post__card\">\n\t\t\t\t<div class=\"elementor-post__text\">\n\t\t\t\t<h2 class=\"elementor-post__title\">\n\t\t\t<a href=\"https:\/\/gijonbasket.com\/en\/2023\/07\/19\/adba-sanfer-renovaciones-para-el-regreso-a-liga-femenina-2\/\" >\n\t\t\t\tADBA Sanfer renovaciones para el regreso a Liga Femenina 2\t\t\t<\/a>\n\t\t<\/h2>\n\t\t\t\t<div class=\"elementor-post__excerpt\">\n\t\t\t<p>El ADBA Sanfer anunci\u00f3 las renovaciones de Claudia Alonso, Sara Fraile, Laura Mart\u00ednez, \u00c1ngela Engonga, Iris Ramos, Elena Guijo, Nadia Su\u00e1rez, Marina Gonz\u00e1lez, Mar\u00eda Rodr\u00edguez<\/p>\n\t\t<\/div>\n\t\t\n\t\t<a class=\"elementor-post__read-more\" href=\"https:\/\/gijonbasket.com\/en\/2023\/07\/19\/adba-sanfer-renovaciones-para-el-regreso-a-liga-femenina-2\/\" aria-label=\"Read more about ADBA Sanfer renovaciones para el regreso a Liga Femenina 2\" tabindex=\"-1\" >\n\t\t\tRead more &#034;\t\t<\/a>\n\n\t\t\t\t<\/div>\n\t\t\t\t<div class=\"elementor-post__meta-data\">\n\t\t\t\t\t<span class=\"elementor-post-date\">\n\t\t\t19 de July de 2023\t\t<\/span>\n\t\t\t\t<\/div>\n\t\t\t\t\t<\/div>\n\t\t<\/article>\n\t\t\t\t<article class=\"elementor-post elementor-grid-item post-1362 post type-post status-publish format-standard hentry category-noticias\">\n\t\t\t<div class=\"elementor-post__card\">\n\t\t\t\t<div class=\"elementor-post__text\">\n\t\t\t\t<h2 class=\"elementor-post__title\">\n\t\t\t<a href=\"https:\/\/gijonbasket.com\/en\/2023\/07\/18\/mercado-de-fichajes-liga-endesa-4\/\" >\n\t\t\t\tMercado de Fichajes Liga Endesa\t\t\t<\/a>\n\t\t<\/h2>\n\t\t\t\t<div class=\"elementor-post__excerpt\">\n\t\t\t<p>Real Madrid : Fichaje de Facundo Campazzo (Estrella Roja Meridianbet Belgrado) para las pr\u00f3ximas cuatro temporadas. B\u00e1squet Girona : Fichaje de Sergi Mart\u00ednez (F.C. Barcelona)<\/p>\n\t\t<\/div>\n\t\t\n\t\t<a class=\"elementor-post__read-more\" href=\"https:\/\/gijonbasket.com\/en\/2023\/07\/18\/mercado-de-fichajes-liga-endesa-4\/\" aria-label=\"Read more about Mercado de Fichajes Liga Endesa\" tabindex=\"-1\" >\n\t\t\tRead more &#034;\t\t<\/a>\n\n\t\t\t\t<\/div>\n\t\t\t\t<div class=\"elementor-post__meta-data\">\n\t\t\t\t\t<span class=\"elementor-post-date\">\n\t\t\t18 de July de 2023\t\t<\/span>\n\t\t\t\t<\/div>\n\t\t\t\t\t<\/div>\n\t\t<\/article>\n\t\t\t\t<article class=\"elementor-post elementor-grid-item post-1360 post type-post status-publish format-standard hentry category-exclusivas category-noticias\">\n\t\t\t<div class=\"elementor-post__card\">\n\t\t\t\t<div class=\"elementor-post__text\">\n\t\t\t\t<h2 class=\"elementor-post__title\">\n\t\t\t<a href=\"https:\/\/gijonbasket.com\/en\/2023\/07\/18\/hugo-cluysen-objetivo-del-circulo-gijon-baloncesto\/\" >\n\t\t\t\tHugo Cluysen objetivo del C\u00edrculo Gij\u00f3n Baloncesto\t\t\t<\/a>\n\t\t<\/h2>\n\t\t\t\t<div class=\"elementor-post__excerpt\">\n\t\t\t<p>Desde www.gijonbasket.com, adelantamos en exclusiva, que Hugo Cluysen se posiciona como potencial fichaje del C\u00edrculo Gij\u00f3n Baloncesto 2023\/2024. Ala-p\u00edvot franc\u00e9s de 24 a\u00f1os y 2.03<\/p>\n\t\t<\/div>\n\t\t\n\t\t<a class=\"elementor-post__read-more\" href=\"https:\/\/gijonbasket.com\/en\/2023\/07\/18\/hugo-cluysen-objetivo-del-circulo-gijon-baloncesto\/\" aria-label=\"Read more about Hugo Cluysen objetivo del C\u00edrculo Gij\u00f3n Baloncesto\" tabindex=\"-1\" >\n\t\t\tRead more &#034;\t\t<\/a>\n\n\t\t\t\t<\/div>\n\t\t\t\t<div class=\"elementor-post__meta-data\">\n\t\t\t\t\t<span class=\"elementor-post-date\">\n\t\t\t18 de July de 2023\t\t<\/span>\n\t\t\t\t<\/div>\n\t\t\t\t\t<\/div>\n\t\t<\/article>\n\t\t\t\t<article class=\"elementor-post elementor-grid-item post-1358 post type-post status-publish format-standard hentry category-noticias\">\n\t\t\t<div class=\"elementor-post__card\">\n\t\t\t\t<div class=\"elementor-post__text\">\n\t\t\t\t<h2 class=\"elementor-post__title\">\n\t\t\t<a href=\"https:\/\/gijonbasket.com\/en\/2023\/07\/18\/josep-perez-tercer-fichaje-del-alimerka-oviedo-baloncesto\/\" >\n\t\t\t\tJosep P\u00e9rez tercer fichaje del Alimerka Oviedo Baloncesto\t\t\t<\/a>\n\t\t<\/h2>\n\t\t\t\t<div class=\"elementor-post__excerpt\">\n\t\t\t<p>Doble raci\u00f3n de fichajes ayer lunes en el Alimerka Oviedo Baloncesto. Primero con Tanner Stuckman y por la tarde con el anuncio del fichaje de<\/p>\n\t\t<\/div>\n\t\t\n\t\t<a class=\"elementor-post__read-more\" href=\"https:\/\/gijonbasket.com\/en\/2023\/07\/18\/josep-perez-tercer-fichaje-del-alimerka-oviedo-baloncesto\/\" aria-label=\"Read more about Josep P\u00e9rez tercer fichaje del Alimerka Oviedo Baloncesto\" tabindex=\"-1\" >\n\t\t\tRead more &#034;\t\t<\/a>\n\n\t\t\t\t<\/div>\n\t\t\t\t<div class=\"elementor-post__meta-data\">\n\t\t\t\t\t<span class=\"elementor-post-date\">\n\t\t\t18 de July de 2023\t\t<\/span>\n\t\t\t\t<\/div>\n\t\t\t\t\t<\/div>\n\t\t<\/article>\n\t\t\t\t<article class=\"elementor-post elementor-grid-item post-1355 post type-post status-publish format-standard hentry category-noticias\">\n\t\t\t<div class=\"elementor-post__card\">\n\t\t\t\t<div class=\"elementor-post__text\">\n\t\t\t\t<h2 class=\"elementor-post__title\">\n\t\t\t<a href=\"https:\/\/gijonbasket.com\/en\/2023\/07\/17\/tanner-stuckman-segundo-fichaje-del-alimerka-oviedo-baloncesto\/\" >\n\t\t\t\tTanner Stuckman segundo fichaje del Alimerka Oviedo Baloncesto\t\t\t<\/a>\n\t\t<\/h2>\n\t\t\t\t<div class=\"elementor-post__excerpt\">\n\t\t\t<p>Tanner Stuckman (Windsor Express), ala-p\u00edvot estadounidense de 25 a\u00f1os y 2.06 m., segundo fichaje del Alimerka Oviedo Baloncesto para la temporada 2023\/2024. Su fichaje por<\/p>\n\t\t<\/div>\n\t\t\n\t\t<a class=\"elementor-post__read-more\" href=\"https:\/\/gijonbasket.com\/en\/2023\/07\/17\/tanner-stuckman-segundo-fichaje-del-alimerka-oviedo-baloncesto\/\" aria-label=\"Read more about Tanner Stuckman segundo fichaje del Alimerka Oviedo Baloncesto\" tabindex=\"-1\" >\n\t\t\tRead more &#034;\t\t<\/a>\n\n\t\t\t\t<\/div>\n\t\t\t\t<div class=\"elementor-post__meta-data\">\n\t\t\t\t\t<span class=\"elementor-post-date\">\n\t\t\t17 de July de 2023\t\t<\/span>\n\t\t\t\t<\/div>\n\t\t\t\t\t<\/div>\n\t\t<\/article>\n\t\t\t\t<article class=\"elementor-post elementor-grid-item post-1345 post type-post status-publish format-standard hentry category-noticias\">\n\t\t\t<div class=\"elementor-post__card\">\n\t\t\t\t<div class=\"elementor-post__text\">\n\t\t\t\t<h2 class=\"elementor-post__title\">\n\t\t\t<a href=\"https:\/\/gijonbasket.com\/en\/2023\/07\/17\/i-campus-pro-elite-alonso-meana-ultimas-plazas-disponibles\/\" >\n\t\t\t\tI Campus Pro Elite Alonso Meana. \u00daltimas plazas  disponibles.\t\t\t<\/a>\n\t\t<\/h2>\n\t\t\t\t<div class=\"elementor-post__excerpt\">\n\t\t\t<p>Si quieres vivir la experiencia de entrenar al m\u00e1s alto nivel durante 1 semana con Alonso Meana, inscr\u00edbete porque quedan ya muy pocas plazas libres.<\/p>\n\t\t<\/div>\n\t\t\n\t\t<a class=\"elementor-post__read-more\" href=\"https:\/\/gijonbasket.com\/en\/2023\/07\/17\/i-campus-pro-elite-alonso-meana-ultimas-plazas-disponibles\/\" aria-label=\"Read more about I Campus Pro Elite Alonso Meana. \u00daltimas plazas  disponibles.\" tabindex=\"-1\" >\n\t\t\tRead more &#034;\t\t<\/a>\n\n\t\t\t\t<\/div>\n\t\t\t\t<div class=\"elementor-post__meta-data\">\n\t\t\t\t\t<span class=\"elementor-post-date\">\n\t\t\t17 de July de 2023\t\t<\/span>\n\t\t\t\t<\/div>\n\t\t\t\t\t<\/div>\n\t\t<\/article>\n\t\t\t\t<article class=\"elementor-post elementor-grid-item post-1341 post type-post status-publish format-standard hentry category-noticias\">\n\t\t\t<div class=\"elementor-post__card\">\n\t\t\t\t<div class=\"elementor-post__text\">\n\t\t\t\t<h2 class=\"elementor-post__title\">\n\t\t\t<a href=\"https:\/\/gijonbasket.com\/en\/2023\/07\/16\/san-pablo-burgos-objetivo-fichajes-en-el-punto-de-mira\/\" >\n\t\t\t\tSan Pablo Burgos objetivo fichajes en el punto de mira\t\t\t<\/a>\n\t\t<\/h2>\n\t\t\t\t<div class=\"elementor-post__excerpt\">\n\t\t\t<p>El San Pablo Burgos, tras el fracaso por no lograr el ascenso a Liga Endesa ante su afici\u00f3n en la Final Four, tratar\u00e1 de confeccionar<\/p>\n\t\t<\/div>\n\t\t\n\t\t<a class=\"elementor-post__read-more\" href=\"https:\/\/gijonbasket.com\/en\/2023\/07\/16\/san-pablo-burgos-objetivo-fichajes-en-el-punto-de-mira\/\" aria-label=\"Read more about San Pablo Burgos objetivo fichajes en el punto de mira\" tabindex=\"-1\" >\n\t\t\tRead more &#034;\t\t<\/a>\n\n\t\t\t\t<\/div>\n\t\t\t\t<div class=\"elementor-post__meta-data\">\n\t\t\t\t\t<span class=\"elementor-post-date\">\n\t\t\t16 de July de 2023\t\t<\/span>\n\t\t\t\t<\/div>\n\t\t\t\t\t<\/div>\n\t\t<\/article>\n\t\t\t\t<article class=\"elementor-post elementor-grid-item post-1339 post type-post status-publish format-standard hentry category-noticias\">\n\t\t\t<div class=\"elementor-post__card\">\n\t\t\t\t<div class=\"elementor-post__text\">\n\t\t\t\t<h2 class=\"elementor-post__title\">\n\t\t\t<a href=\"https:\/\/gijonbasket.com\/en\/2023\/07\/16\/georgios-papagiannis-y-nathan-sestina-al-fenerbahce-beko-istanbul\/\" >\n\t\t\t\tGeorgios Papagiannis y Nathan Sestina al Fenerbahce Beko Istanbul\t\t\t<\/a>\n\t\t<\/h2>\n\t\t\t\t<div class=\"elementor-post__excerpt\">\n\t\t\t<p>El Fenerbahce Beko Istanbul cerr\u00f3 dos nuevas incorporaciones como son Georgios Papagiannis (Panathinaikos) y Nathan Sestina (T\u00fcrk Telekom Ankara). Georgios Papagiannis, p\u00edvot griego de 26<\/p>\n\t\t<\/div>\n\t\t\n\t\t<a class=\"elementor-post__read-more\" href=\"https:\/\/gijonbasket.com\/en\/2023\/07\/16\/georgios-papagiannis-y-nathan-sestina-al-fenerbahce-beko-istanbul\/\" aria-label=\"Read more about Georgios Papagiannis y Nathan Sestina al Fenerbahce Beko Istanbul\" tabindex=\"-1\" >\n\t\t\tRead more &#034;\t\t<\/a>\n\n\t\t\t\t<\/div>\n\t\t\t\t<div class=\"elementor-post__meta-data\">\n\t\t\t\t\t<span class=\"elementor-post-date\">\n\t\t\t16 de July de 2023\t\t<\/span>\n\t\t\t\t<\/div>\n\t\t\t\t\t<\/div>\n\t\t<\/article>\n\t\t\t\t<article class=\"elementor-post elementor-grid-item post-1337 post type-post status-publish format-standard hentry category-noticias\">\n\t\t\t<div class=\"elementor-post__card\">\n\t\t\t\t<div class=\"elementor-post__text\">\n\t\t\t\t<h2 class=\"elementor-post__title\">\n\t\t\t<a href=\"https:\/\/gijonbasket.com\/en\/2023\/07\/16\/mateusz-ponitka-y-ognjen-jaramaz-nuevos-fichajes-del-partizan-mozzart-bet-belgrado\/\" >\n\t\t\t\tMateusz Ponitka  y Ognjen Jaramaz nuevos fichajes del Partizan Mozzart Bet Belgrado\t\t\t<\/a>\n\t\t<\/h2>\n\t\t\t\t<div class=\"elementor-post__excerpt\">\n\t\t\t<p>Mateusz Ponitka (Panathinaikos) y Ognjen Jaramaz (Bayern Munich) nuevos fichajes del Partizan Mozzart Bet Belgrado. Ponitka, alero polaco de 29 a\u00f1os y 1.98 m., que<\/p>\n\t\t<\/div>\n\t\t\n\t\t<a class=\"elementor-post__read-more\" href=\"https:\/\/gijonbasket.com\/en\/2023\/07\/16\/mateusz-ponitka-y-ognjen-jaramaz-nuevos-fichajes-del-partizan-mozzart-bet-belgrado\/\" aria-label=\"Read more about Mateusz Ponitka  y Ognjen Jaramaz nuevos fichajes del Partizan Mozzart Bet Belgrado\" tabindex=\"-1\" >\n\t\t\tRead more &#034;\t\t<\/a>\n\n\t\t\t\t<\/div>\n\t\t\t\t<div class=\"elementor-post__meta-data\">\n\t\t\t\t\t<span class=\"elementor-post-date\">\n\t\t\t16 de July de 2023\t\t<\/span>\n\t\t\t\t<\/div>\n\t\t\t\t\t<\/div>\n\t\t<\/article>\n\t\t\t\t<article class=\"elementor-post elementor-grid-item post-1335 post type-post status-publish format-standard hentry category-noticias\">\n\t\t\t<div class=\"elementor-post__card\">\n\t\t\t\t<div class=\"elementor-post__text\">\n\t\t\t\t<h2 class=\"elementor-post__title\">\n\t\t\t<a href=\"https:\/\/gijonbasket.com\/en\/2023\/07\/16\/mercado-de-fichajes-leb-oro-2\/\" >\n\t\t\t\tMercado de fichajes LEB Oro\t\t\t<\/a>\n\t\t<\/h2>\n\t\t\t\t<div class=\"elementor-post__excerpt\">\n\t\t\t<p>UBU Tizona : Fichaje de Gerard Jofresa (C.B. Prat). Inter\u00e9s por Jacobo D\u00edaz (Covir\u00e1n Granada). Guuk Gipuzkoa Basket : Fichaje de Manex Ansorregui (Juaristi ISB).<\/p>\n\t\t<\/div>\n\t\t\n\t\t<a class=\"elementor-post__read-more\" href=\"https:\/\/gijonbasket.com\/en\/2023\/07\/16\/mercado-de-fichajes-leb-oro-2\/\" aria-label=\"Read more about Mercado de fichajes LEB Oro\" tabindex=\"-1\" >\n\t\t\tRead more &#034;\t\t<\/a>\n\n\t\t\t\t<\/div>\n\t\t\t\t<div class=\"elementor-post__meta-data\">\n\t\t\t\t\t<span class=\"elementor-post-date\">\n\t\t\t16 de July de 2023\t\t<\/span>\n\t\t\t\t<\/div>\n\t\t\t\t\t<\/div>\n\t\t<\/article>\n\t\t\t\t<article class=\"elementor-post elementor-grid-item post-1332 post type-post status-publish format-standard hentry category-noticias\">\n\t\t\t<div class=\"elementor-post__card\">\n\t\t\t\t<div class=\"elementor-post__text\">\n\t\t\t\t<h2 class=\"elementor-post__title\">\n\t\t\t<a href=\"https:\/\/gijonbasket.com\/en\/2023\/07\/15\/kyle-guy-a-panathinaikos\/\" >\n\t\t\t\tKyle Guy a Panathinaikos\t\t\t<\/a>\n\t\t<\/h2>\n\t\t\t\t<div class=\"elementor-post__excerpt\">\n\t\t\t<p>Panathinaikos cerr\u00f3 el fichaje de Kyle Guy (Club Joventut Badalona), para las pr\u00f3ximas dos temporadas, una de las sensaciones de la Liga Endesa la pasada<\/p>\n\t\t<\/div>\n\t\t\n\t\t<a class=\"elementor-post__read-more\" href=\"https:\/\/gijonbasket.com\/en\/2023\/07\/15\/kyle-guy-a-panathinaikos\/\" aria-label=\"Read more about Kyle Guy a Panathinaikos\" tabindex=\"-1\" >\n\t\t\tRead more &#034;\t\t<\/a>\n\n\t\t\t\t<\/div>\n\t\t\t\t<div class=\"elementor-post__meta-data\">\n\t\t\t\t\t<span class=\"elementor-post-date\">\n\t\t\t15 de July de 2023\t\t<\/span>\n\t\t\t\t<\/div>\n\t\t\t\t\t<\/div>\n\t\t<\/article>\n\t\t\t\t<article class=\"elementor-post elementor-grid-item post-1330 post type-post status-publish format-standard hentry category-noticias\">\n\t\t\t<div class=\"elementor-post__card\">\n\t\t\t\t<div class=\"elementor-post__text\">\n\t\t\t\t<h2 class=\"elementor-post__title\">\n\t\t\t<a href=\"https:\/\/gijonbasket.com\/en\/2023\/07\/15\/hanga-tobey-y-bolomboy-fichajes-del-estrella-roja-meridianbet-belgrado\/\" >\n\t\t\t\tHanga, Tobey y Bolomboy fichajes del Estrella Roja Meridianbet Belgrado\t\t\t<\/a>\n\t\t<\/h2>\n\t\t\t\t<div class=\"elementor-post__excerpt\">\n\t\t\t<p>El Estrella Roja Meridianbet Belgrado cerr\u00f3 los fichajes de Adam Hanga (Real Madrid), Mike Tobey (F.C. Barcelona) y Joel Bolomboy (Olympiacos). Hanga se vincula para<\/p>\n\t\t<\/div>\n\t\t\n\t\t<a class=\"elementor-post__read-more\" href=\"https:\/\/gijonbasket.com\/en\/2023\/07\/15\/hanga-tobey-y-bolomboy-fichajes-del-estrella-roja-meridianbet-belgrado\/\" aria-label=\"Read more about Hanga, Tobey y Bolomboy fichajes del Estrella Roja Meridianbet Belgrado\" tabindex=\"-1\" >\n\t\t\tRead more &#034;\t\t<\/a>\n\n\t\t\t\t<\/div>\n\t\t\t\t<div class=\"elementor-post__meta-data\">\n\t\t\t\t\t<span class=\"elementor-post-date\">\n\t\t\t15 de July de 2023\t\t<\/span>\n\t\t\t\t<\/div>\n\t\t\t\t\t<\/div>\n\t\t<\/article>\n\t\t\t\t<article class=\"elementor-post elementor-grid-item post-1328 post type-post status-publish format-standard hentry category-noticias\">\n\t\t\t<div class=\"elementor-post__card\">\n\t\t\t\t<div class=\"elementor-post__text\">\n\t\t\t\t<h2 class=\"elementor-post__title\">\n\t\t\t<a href=\"https:\/\/gijonbasket.com\/en\/2023\/07\/15\/sergio-martinez-regreso-a-casa-con-la-cultural-y-deportiva-leonesa\/\" >\n\t\t\t\tSergio Mart\u00ednez regreso a casa con la Cultural y Deportiva Leonesa\t\t\t<\/a>\n\t\t<\/h2>\n\t\t\t\t<div class=\"elementor-post__excerpt\">\n\t\t\t<p>Sergio Mart\u00ednez, p\u00edvot leon\u00e9s de 31 a\u00f1os y 2.08 m., que la pasada temporada milit\u00f3 en Corinto Gij\u00f3n Basket, regresa a su casa para incorporarse<\/p>\n\t\t<\/div>\n\t\t\n\t\t<a class=\"elementor-post__read-more\" href=\"https:\/\/gijonbasket.com\/en\/2023\/07\/15\/sergio-martinez-regreso-a-casa-con-la-cultural-y-deportiva-leonesa\/\" aria-label=\"Read more about Sergio Mart\u00ednez regreso a casa con la Cultural y Deportiva Leonesa\" tabindex=\"-1\" >\n\t\t\tRead more &#034;\t\t<\/a>\n\n\t\t\t\t<\/div>\n\t\t\t\t<div class=\"elementor-post__meta-data\">\n\t\t\t\t\t<span class=\"elementor-post-date\">\n\t\t\t15 de July de 2023\t\t<\/span>\n\t\t\t\t<\/div>\n\t\t\t\t\t<\/div>\n\t\t<\/article>\n\t\t\t\t<article class=\"elementor-post elementor-grid-item post-1326 post type-post status-publish format-standard hentry category-noticias\">\n\t\t\t<div class=\"elementor-post__card\">\n\t\t\t\t<div class=\"elementor-post__text\">\n\t\t\t\t<h2 class=\"elementor-post__title\">\n\t\t\t<a href=\"https:\/\/gijonbasket.com\/en\/2023\/07\/15\/mercado-de-fichajes-liga-endesa-3\/\" >\n\t\t\t\tMercado de Fichajes Liga Endesa\t\t\t<\/a>\n\t\t<\/h2>\n\t\t\t\t<div class=\"elementor-post__excerpt\">\n\t\t\t<p>B\u00e1squet Girona : Fichaje de Juani Marcos (ICG For\u00e7a Lleida) en calidad de cedido por el F.C. Barcelona. Renovaci\u00f3n de contrato a \u00c9ric Vila para<\/p>\n\t\t<\/div>\n\t\t\n\t\t<a class=\"elementor-post__read-more\" href=\"https:\/\/gijonbasket.com\/en\/2023\/07\/15\/mercado-de-fichajes-liga-endesa-3\/\" aria-label=\"Read more about Mercado de Fichajes Liga Endesa\" tabindex=\"-1\" >\n\t\t\tRead more &#034;\t\t<\/a>\n\n\t\t\t\t<\/div>\n\t\t\t\t<div class=\"elementor-post__meta-data\">\n\t\t\t\t\t<span class=\"elementor-post-date\">\n\t\t\t15 de July de 2023\t\t<\/span>\n\t\t\t\t<\/div>\n\t\t\t\t\t<\/div>\n\t\t<\/article>\n\t\t\t\t<article class=\"elementor-post elementor-grid-item post-1324 post type-post status-publish format-standard hentry category-noticias\">\n\t\t\t<div class=\"elementor-post__card\">\n\t\t\t\t<div class=\"elementor-post__text\">\n\t\t\t\t<h2 class=\"elementor-post__title\">\n\t\t\t<a href=\"https:\/\/gijonbasket.com\/en\/2023\/07\/14\/dario-brizuela-tercer-fichaje-del-f-c-barcelona\/\" >\n\t\t\t\tDar\u00edo Brizuela tercer fichaje del F.C. Barcelona\t\t\t<\/a>\n\t\t<\/h2>\n\t\t\t\t<div class=\"elementor-post__excerpt\">\n\t\t\t<p>El F.C. Barcelona oficializ\u00f3 ayer su tercer fichaje, con Dar\u00edo Brizuela (Unicaja), que se une a Joel Parra y Willy Hernang\u00f3mez. Dar\u00edo Brizuela, escolta de<\/p>\n\t\t<\/div>\n\t\t\n\t\t<a class=\"elementor-post__read-more\" href=\"https:\/\/gijonbasket.com\/en\/2023\/07\/14\/dario-brizuela-tercer-fichaje-del-f-c-barcelona\/\" aria-label=\"Read more about Dar\u00edo Brizuela tercer fichaje del F.C. Barcelona\" tabindex=\"-1\" >\n\t\t\tRead more &#034;\t\t<\/a>\n\n\t\t\t\t<\/div>\n\t\t\t\t<div class=\"elementor-post__meta-data\">\n\t\t\t\t\t<span class=\"elementor-post-date\">\n\t\t\t14 de July de 2023\t\t<\/span>\n\t\t\t\t<\/div>\n\t\t\t\t\t<\/div>\n\t\t<\/article>\n\t\t\t\t<article class=\"elementor-post elementor-grid-item post-1322 post type-post status-publish format-standard hentry category-noticias\">\n\t\t\t<div class=\"elementor-post__card\">\n\t\t\t\t<div class=\"elementor-post__text\">\n\t\t\t\t<h2 class=\"elementor-post__title\">\n\t\t\t<a href=\"https:\/\/gijonbasket.com\/en\/2023\/07\/14\/rioverde-clavijo-nuevo-equipo-leb-oro-2023-2024\/\" >\n\t\t\t\tRioverde Clavijo nuevo equipo LEB Oro 2023\/2024\t\t\t<\/a>\n\t\t<\/h2>\n\t\t\t\t<div class=\"elementor-post__excerpt\">\n\t\t\t<p>El Rioverde Clavijo es nuevo equipo de LEB Oro 2023\/2024 cubriendo la renuncia del C.B. Prat. De esta forma el conjunto riojano recupera la categor\u00eda<\/p>\n\t\t<\/div>\n\t\t\n\t\t<a class=\"elementor-post__read-more\" href=\"https:\/\/gijonbasket.com\/en\/2023\/07\/14\/rioverde-clavijo-nuevo-equipo-leb-oro-2023-2024\/\" aria-label=\"Read more about Rioverde Clavijo nuevo equipo LEB Oro 2023\/2024\" tabindex=\"-1\" >\n\t\t\tRead more &#034;\t\t<\/a>\n\n\t\t\t\t<\/div>\n\t\t\t\t<div class=\"elementor-post__meta-data\">\n\t\t\t\t\t<span class=\"elementor-post-date\">\n\t\t\t14 de July de 2023\t\t<\/span>\n\t\t\t\t<\/div>\n\t\t\t\t\t<\/div>\n\t\t<\/article>\n\t\t\t\t<article class=\"elementor-post elementor-grid-item post-1320 post type-post status-publish format-standard hentry category-exclusivas category-noticias\">\n\t\t\t<div class=\"elementor-post__card\">\n\t\t\t\t<div class=\"elementor-post__text\">\n\t\t\t\t<h2 class=\"elementor-post__title\">\n\t\t\t<a href=\"https:\/\/gijonbasket.com\/en\/2023\/07\/13\/mamadou-diagne-baja-en-el-circulo-gijon-baloncesto-2023-2024\/\" >\n\t\t\t\tMamadou Diagne baja en el C\u00edrculo Gij\u00f3n Baloncesto 2023\/2024\t\t\t<\/a>\n\t\t<\/h2>\n\t\t\t\t<div class=\"elementor-post__excerpt\">\n\t\t\t<p>Desde www.gijonbasket.com, adelantamos en exclusiva, que Mamadou Diagne no formar\u00e1 parte del proyecto del C\u00edrculo Gij\u00f3n Baloncesto 2023\/2024. El p\u00edvot senegal\u00e9s de 24 a\u00f1os y<\/p>\n\t\t<\/div>\n\t\t\n\t\t<a class=\"elementor-post__read-more\" href=\"https:\/\/gijonbasket.com\/en\/2023\/07\/13\/mamadou-diagne-baja-en-el-circulo-gijon-baloncesto-2023-2024\/\" aria-label=\"Read more about Mamadou Diagne baja en el C\u00edrculo Gij\u00f3n Baloncesto 2023\/2024\" tabindex=\"-1\" >\n\t\t\tRead more &#034;\t\t<\/a>\n\n\t\t\t\t<\/div>\n\t\t\t\t<div class=\"elementor-post__meta-data\">\n\t\t\t\t\t<span class=\"elementor-post-date\">\n\t\t\t13 de July de 2023\t\t<\/span>\n\t\t\t\t<\/div>\n\t\t\t\t\t<\/div>\n\t\t<\/article>\n\t\t\t\t<article class=\"elementor-post elementor-grid-item post-1317 post type-post status-publish format-standard hentry category-exclusivas category-noticias\">\n\t\t\t<div class=\"elementor-post__card\">\n\t\t\t\t<div class=\"elementor-post__text\">\n\t\t\t\t<h2 class=\"elementor-post__title\">\n\t\t\t<a href=\"https:\/\/gijonbasket.com\/en\/2023\/07\/13\/hugo-bartolome-una-temporada-mas-con-el-circulo-gijon-baloncesto\/\" >\n\t\t\t\tHugo Bartolom\u00e9 una temporada m\u00e1s con el C\u00edrculo Gij\u00f3n Baloncesto\t\t\t<\/a>\n\t\t<\/h2>\n\t\t\t\t<div class=\"elementor-post__excerpt\">\n\t\t\t<p>Desde www.gijonbasket.com, adelantamos en exclusiva, la pr\u00f3xima renovaci\u00f3n de Hugo Bartolom\u00e9 por el C\u00edrculo Gij\u00f3n Baloncesto. Hugo Bartolom\u00e9, alero de 25 a\u00f1os y 1.99 m.,<\/p>\n\t\t<\/div>\n\t\t\n\t\t<a class=\"elementor-post__read-more\" href=\"https:\/\/gijonbasket.com\/en\/2023\/07\/13\/hugo-bartolome-una-temporada-mas-con-el-circulo-gijon-baloncesto\/\" aria-label=\"Read more about Hugo Bartolom\u00e9 una temporada m\u00e1s con el C\u00edrculo Gij\u00f3n Baloncesto\" tabindex=\"-1\" >\n\t\t\tRead more &#034;\t\t<\/a>\n\n\t\t\t\t<\/div>\n\t\t\t\t<div class=\"elementor-post__meta-data\">\n\t\t\t\t\t<span class=\"elementor-post-date\">\n\t\t\t13 de July de 2023\t\t<\/span>\n\t\t\t\t<\/div>\n\t\t\t\t\t<\/div>\n\t\t<\/article>\n\t\t\t\t<article class=\"elementor-post elementor-grid-item post-1315 post type-post status-publish format-standard hentry category-noticias\">\n\t\t\t<div class=\"elementor-post__card\">\n\t\t\t\t<div class=\"elementor-post__text\">\n\t\t\t\t<h2 class=\"elementor-post__title\">\n\t\t\t<a href=\"https:\/\/gijonbasket.com\/en\/2023\/07\/13\/willy-hernangomez-fichaje-estrella-para-el-f-c-barcelona-y-con-su-hermano-juancho-muy-cerca-de-ser-blaugrana\/\" >\n\t\t\t\tWilly Hernang\u00f3mez fichaje estrella para el F.C. Barcelona y con su hermano Juancho muy cerca de ser blaugrana\t\t\t<\/a>\n\t\t<\/h2>\n\t\t\t\t<div class=\"elementor-post__excerpt\">\n\t\t\t<p>Golpe de efecto del F.C. Barcelona con el fichaje de Willy Hernang\u00f3mez (New Orleans Pelicans), p\u00edvot de 27 a\u00f1os y 2.11 m., tras no igualar<\/p>\n\t\t<\/div>\n\t\t\n\t\t<a class=\"elementor-post__read-more\" href=\"https:\/\/gijonbasket.com\/en\/2023\/07\/13\/willy-hernangomez-fichaje-estrella-para-el-f-c-barcelona-y-con-su-hermano-juancho-muy-cerca-de-ser-blaugrana\/\" aria-label=\"Read more about Willy Hernang\u00f3mez fichaje estrella para el F.C. Barcelona y con su hermano Juancho muy cerca de ser blaugrana\" tabindex=\"-1\" >\n\t\t\tRead more &#034;\t\t<\/a>\n\n\t\t\t\t<\/div>\n\t\t\t\t<div class=\"elementor-post__meta-data\">\n\t\t\t\t\t<span class=\"elementor-post-date\">\n\t\t\t13 de July de 2023\t\t<\/span>\n\t\t\t\t<\/div>\n\t\t\t\t\t<\/div>\n\t\t<\/article>\n\t\t\t\t<article class=\"elementor-post elementor-grid-item post-1312 post type-post status-publish format-standard hentry category-noticias\">\n\t\t\t<div class=\"elementor-post__card\">\n\t\t\t\t<div class=\"elementor-post__text\">\n\t\t\t\t<h2 class=\"elementor-post__title\">\n\t\t\t<a href=\"https:\/\/gijonbasket.com\/en\/2023\/07\/12\/rudy-fernandez-y-sergio-rodriguez-una-temporada-mas-en-el-real-madrid\/\" >\n\t\t\t\tRudy Fern\u00e1ndez y Sergio Rodr\u00edguez una temporada m\u00e1s en el Real Madrid\t\t\t<\/a>\n\t\t<\/h2>\n\t\t\t\t<div class=\"elementor-post__excerpt\">\n\t\t\t<p>Rudy Fern\u00e1ndez y Sergio Rodr\u00edguez continuar\u00e1n una temporada m\u00e1s defendiendo los colores del Real Madrid. Dos aut\u00e9nticas leyendas, Rudy Fern\u00e1ndez (38 a\u00f1os) acumulando 12 temporadas<\/p>\n\t\t<\/div>\n\t\t\n\t\t<a class=\"elementor-post__read-more\" href=\"https:\/\/gijonbasket.com\/en\/2023\/07\/12\/rudy-fernandez-y-sergio-rodriguez-una-temporada-mas-en-el-real-madrid\/\" aria-label=\"Read more about Rudy Fern\u00e1ndez y Sergio Rodr\u00edguez una temporada m\u00e1s en el Real Madrid\" tabindex=\"-1\" >\n\t\t\tRead more &#034;\t\t<\/a>\n\n\t\t\t\t<\/div>\n\t\t\t\t<div class=\"elementor-post__meta-data\">\n\t\t\t\t\t<span class=\"elementor-post-date\">\n\t\t\t12 de July de 2023\t\t<\/span>\n\t\t\t\t<\/div>\n\t\t\t\t\t<\/div>\n\t\t<\/article>\n\t\t\t\t<article class=\"elementor-post elementor-grid-item post-1310 post type-post status-publish format-standard hentry category-noticias\">\n\t\t\t<div class=\"elementor-post__card\">\n\t\t\t\t<div class=\"elementor-post__text\">\n\t\t\t\t<h2 class=\"elementor-post__title\">\n\t\t\t<a href=\"https:\/\/gijonbasket.com\/en\/2023\/07\/12\/mercado-leb-oro\/\" >\n\t\t\t\tMercado LEB Oro\t\t\t<\/a>\n\t\t<\/h2>\n\t\t\t\t<div class=\"elementor-post__excerpt\">\n\t\t\t<p>Melilla Sport Capital : Contrataci\u00f3n de Rafa Monclova (HLA Alicante) como nuevo t\u00e9cnico del conjunto melillense. UEMC Real Valladolid Baloncesto : Renovaci\u00f3n de contrato a<\/p>\n\t\t<\/div>\n\t\t\n\t\t<a class=\"elementor-post__read-more\" href=\"https:\/\/gijonbasket.com\/en\/2023\/07\/12\/mercado-leb-oro\/\" aria-label=\"Read more about Mercado LEB Oro\" tabindex=\"-1\" >\n\t\t\tRead more &#034;\t\t<\/a>\n\n\t\t\t\t<\/div>\n\t\t\t\t<div class=\"elementor-post__meta-data\">\n\t\t\t\t\t<span class=\"elementor-post-date\">\n\t\t\t12 de July de 2023\t\t<\/span>\n\t\t\t\t<\/div>\n\t\t\t\t\t<\/div>\n\t\t<\/article>\n\t\t\t\t<article class=\"elementor-post elementor-grid-item post-1308 post type-post status-publish format-standard hentry category-noticias\">\n\t\t\t<div class=\"elementor-post__card\">\n\t\t\t\t<div class=\"elementor-post__text\">\n\t\t\t\t<h2 class=\"elementor-post__title\">\n\t\t\t<a href=\"https:\/\/gijonbasket.com\/en\/2023\/07\/12\/bojan-dubljevic-al-zenit-st-petersburg\/\" >\n\t\t\t\tBojan Dubljevic al Zenit St. Petersburg\t\t\t<\/a>\n\t\t<\/h2>\n\t\t\t\t<div class=\"elementor-post__excerpt\">\n\t\t\t<p>El Zenit St. Petersburg se refuerza con el fichaje de Bojan Dubljevic. El p\u00edvot montenegrino de 31 a\u00f1os y 2.05 m. inicia una nueva etapa<\/p>\n\t\t<\/div>\n\t\t\n\t\t<a class=\"elementor-post__read-more\" href=\"https:\/\/gijonbasket.com\/en\/2023\/07\/12\/bojan-dubljevic-al-zenit-st-petersburg\/\" aria-label=\"Read more about Bojan Dubljevic al Zenit St. Petersburg\" tabindex=\"-1\" >\n\t\t\tRead more &#034;\t\t<\/a>\n\n\t\t\t\t<\/div>\n\t\t\t\t<div class=\"elementor-post__meta-data\">\n\t\t\t\t\t<span class=\"elementor-post-date\">\n\t\t\t12 de July de 2023\t\t<\/span>\n\t\t\t\t<\/div>\n\t\t\t\t\t<\/div>\n\t\t<\/article>\n\t\t\t\t<article class=\"elementor-post elementor-grid-item post-1306 post type-post status-publish format-standard hentry category-noticias\">\n\t\t\t<div class=\"elementor-post__card\">\n\t\t\t\t<div class=\"elementor-post__text\">\n\t\t\t\t<h2 class=\"elementor-post__title\">\n\t\t\t<a href=\"https:\/\/gijonbasket.com\/en\/2023\/07\/12\/gregg-popovich-leyenda-nba-5-temporadas-mas-con-san-antonio-spurs\/\" >\n\t\t\t\tGregg Popovich Leyenda NBA. 5 temporadas m\u00e1s con San Antonio Spurs.\t\t\t<\/a>\n\t\t<\/h2>\n\t\t\t\t<div class=\"elementor-post__excerpt\">\n\t\t\t<p>Gregg Popovich a sus 74 a\u00f1os, seguir\u00e1 haciendo historia en los San Antonio Spurs, con su renovaci\u00f3n por las pr\u00f3ximas cinco temporadas al frente del<\/p>\n\t\t<\/div>\n\t\t\n\t\t<a class=\"elementor-post__read-more\" href=\"https:\/\/gijonbasket.com\/en\/2023\/07\/12\/gregg-popovich-leyenda-nba-5-temporadas-mas-con-san-antonio-spurs\/\" aria-label=\"Read more about Gregg Popovich Leyenda NBA. 5 temporadas m\u00e1s con San Antonio Spurs.\" tabindex=\"-1\" >\n\t\t\tRead more &#034;\t\t<\/a>\n\n\t\t\t\t<\/div>\n\t\t\t\t<div class=\"elementor-post__meta-data\">\n\t\t\t\t\t<span class=\"elementor-post-date\">\n\t\t\t12 de July de 2023\t\t<\/span>\n\t\t\t\t<\/div>\n\t\t\t\t\t<\/div>\n\t\t<\/article>\n\t\t\t\t<article class=\"elementor-post elementor-grid-item post-1304 post type-post status-publish format-standard hentry category-noticias\">\n\t\t\t<div class=\"elementor-post__card\">\n\t\t\t\t<div class=\"elementor-post__text\">\n\t\t\t\t<h2 class=\"elementor-post__title\">\n\t\t\t<a href=\"https:\/\/gijonbasket.com\/en\/2023\/07\/12\/michael-carrera-fichaje-estrella-del-movistar-estudiantes-con-johnny-dee-en-la-agenda\/\" >\n\t\t\t\tMichael Carrera fichaje estrella del Movistar Estudiantes con Johnny Dee en la agenda\t\t\t<\/a>\n\t\t<\/h2>\n\t\t\t\t<div class=\"elementor-post__excerpt\">\n\t\t\t<p>El Movistar Estudiantes cerr\u00f3 el fichaje de Michael Carrera, alero venezolano de 30 a\u00f1os y 1.96 m., procedente del Dreamland Gran Canaria. Fichaje estrella con<\/p>\n\t\t<\/div>\n\t\t\n\t\t<a class=\"elementor-post__read-more\" href=\"https:\/\/gijonbasket.com\/en\/2023\/07\/12\/michael-carrera-fichaje-estrella-del-movistar-estudiantes-con-johnny-dee-en-la-agenda\/\" aria-label=\"Read more about Michael Carrera fichaje estrella del Movistar Estudiantes con Johnny Dee en la agenda\" tabindex=\"-1\" >\n\t\t\tRead more &#034;\t\t<\/a>\n\n\t\t\t\t<\/div>\n\t\t\t\t<div class=\"elementor-post__meta-data\">\n\t\t\t\t\t<span class=\"elementor-post-date\">\n\t\t\t12 de July de 2023\t\t<\/span>\n\t\t\t\t<\/div>\n\t\t\t\t\t<\/div>\n\t\t<\/article>\n\t\t\t\t<article class=\"elementor-post elementor-grid-item post-1301 post type-post status-publish format-standard hentry category-noticias\">\n\t\t\t<div class=\"elementor-post__card\">\n\t\t\t\t<div class=\"elementor-post__text\">\n\t\t\t\t<h2 class=\"elementor-post__title\">\n\t\t\t<a href=\"https:\/\/gijonbasket.com\/en\/2023\/07\/11\/javi-rodriguez-nuevo-entrenador-del-alimerka-oviedo-baloncesto\/\" >\n\t\t\t\tJavi Rodr\u00edguez nuevo entrenador del Alimerka Oviedo Baloncesto\t\t\t<\/a>\n\t\t<\/h2>\n\t\t\t\t<div class=\"elementor-post__excerpt\">\n\t\t\t<p>La fumata blanca con el regreso de Javi Rodr\u00edguez al banquillo del Alimerka Oviedo Baloncesto, se produjo ayer lunes a las 17:55 cuando el conjunto<\/p>\n\t\t<\/div>\n\t\t\n\t\t<a class=\"elementor-post__read-more\" href=\"https:\/\/gijonbasket.com\/en\/2023\/07\/11\/javi-rodriguez-nuevo-entrenador-del-alimerka-oviedo-baloncesto\/\" aria-label=\"Read more about Javi Rodr\u00edguez nuevo entrenador del Alimerka Oviedo Baloncesto\" tabindex=\"-1\" >\n\t\t\tRead more &#034;\t\t<\/a>\n\n\t\t\t\t<\/div>\n\t\t\t\t<div class=\"elementor-post__meta-data\">\n\t\t\t\t\t<span class=\"elementor-post-date\">\n\t\t\t11 de July de 2023\t\t<\/span>\n\t\t\t\t<\/div>\n\t\t\t\t\t<\/div>\n\t\t<\/article>\n\t\t\t\t<article class=\"elementor-post elementor-grid-item post-1298 post type-post status-publish format-standard hentry category-noticias\">\n\t\t\t<div class=\"elementor-post__card\">\n\t\t\t\t<div class=\"elementor-post__text\">\n\t\t\t\t<h2 class=\"elementor-post__title\">\n\t\t\t<a href=\"https:\/\/gijonbasket.com\/en\/2023\/07\/10\/mercado-de-fichajes-renovaciones-leb-oro\/\" >\n\t\t\t\tMercado de Fichajes &#8211; Renovaciones LEB Oro\t\t\t<\/a>\n\t\t<\/h2>\n\t\t\t\t<div class=\"elementor-post__excerpt\">\n\t\t\t<p>Movistar Estudiantes : Renovaci\u00f3n de contrato a Toms Leimanis para la pr\u00f3xima temporada. Amics Castell\u00f3 : Renovaci\u00f3n de contrato a Eric Stutz, jugador franquicia del<\/p>\n\t\t<\/div>\n\t\t\n\t\t<a class=\"elementor-post__read-more\" href=\"https:\/\/gijonbasket.com\/en\/2023\/07\/10\/mercado-de-fichajes-renovaciones-leb-oro\/\" aria-label=\"Read more about Mercado de Fichajes &#8211; Renovaciones LEB Oro\" tabindex=\"-1\" >\n\t\t\tRead more &#034;\t\t<\/a>\n\n\t\t\t\t<\/div>\n\t\t\t\t<div class=\"elementor-post__meta-data\">\n\t\t\t\t\t<span class=\"elementor-post-date\">\n\t\t\t10 de July de 2023\t\t<\/span>\n\t\t\t\t<\/div>\n\t\t\t\t\t<\/div>\n\t\t<\/article>\n\t\t\t\t<article class=\"elementor-post elementor-grid-item post-1296 post type-post status-publish format-standard hentry category-noticias\">\n\t\t\t<div class=\"elementor-post__card\">\n\t\t\t\t<div class=\"elementor-post__text\">\n\t\t\t\t<h2 class=\"elementor-post__title\">\n\t\t\t<a href=\"https:\/\/gijonbasket.com\/en\/2023\/07\/10\/sertac-sanli-al-fenerbahce-beko-istanbul\/\" >\n\t\t\t\tSertac Sanli al Fenerbahce Beko Istanbul\t\t\t<\/a>\n\t\t<\/h2>\n\t\t\t\t<div class=\"elementor-post__excerpt\">\n\t\t\t<p>El Fenerbahce Beko Istabul cerr\u00f3 el fichaje de Sertac Sanli que tras dos temporadas en el F.C. Barcelona retorna a su pa\u00eds. Su fichaje por<\/p>\n\t\t<\/div>\n\t\t\n\t\t<a class=\"elementor-post__read-more\" href=\"https:\/\/gijonbasket.com\/en\/2023\/07\/10\/sertac-sanli-al-fenerbahce-beko-istanbul\/\" aria-label=\"Read more about Sertac Sanli al Fenerbahce Beko Istanbul\" tabindex=\"-1\" >\n\t\t\tRead more &#034;\t\t<\/a>\n\n\t\t\t\t<\/div>\n\t\t\t\t<div class=\"elementor-post__meta-data\">\n\t\t\t\t\t<span class=\"elementor-post-date\">\n\t\t\t10 de July de 2023\t\t<\/span>\n\t\t\t\t<\/div>\n\t\t\t\t\t<\/div>\n\t\t<\/article>\n\t\t\t\t<article class=\"elementor-post elementor-grid-item post-1294 post type-post status-publish format-standard hentry category-noticias\">\n\t\t\t<div class=\"elementor-post__card\">\n\t\t\t\t<div class=\"elementor-post__text\">\n\t\t\t\t<h2 class=\"elementor-post__title\">\n\t\t\t<a href=\"https:\/\/gijonbasket.com\/en\/2023\/07\/10\/kostas-sloukas-de-olympiacos-a-panathinaikos\/\" >\n\t\t\t\tKostas Sloukas de Olympiacos a Panathinaikos\t\t\t<\/a>\n\t\t<\/h2>\n\t\t\t\t<div class=\"elementor-post__excerpt\">\n\t\t\t<p>Bombazo de Kostas Sloukas con su fichaje por Panathinaikos para las tres pr\u00f3ximas temporadas. El base heleno de 33 a\u00f1os y 1.90 m. reforzar\u00e1 al<\/p>\n\t\t<\/div>\n\t\t\n\t\t<a class=\"elementor-post__read-more\" href=\"https:\/\/gijonbasket.com\/en\/2023\/07\/10\/kostas-sloukas-de-olympiacos-a-panathinaikos\/\" aria-label=\"Read more about Kostas Sloukas de Olympiacos a Panathinaikos\" tabindex=\"-1\" >\n\t\t\tRead more &#034;\t\t<\/a>\n\n\t\t\t\t<\/div>\n\t\t\t\t<div class=\"elementor-post__meta-data\">\n\t\t\t\t\t<span class=\"elementor-post-date\">\n\t\t\t10 de July de 2023\t\t<\/span>\n\t\t\t\t<\/div>\n\t\t\t\t\t<\/div>\n\t\t<\/article>\n\t\t\t\t<article class=\"elementor-post elementor-grid-item post-1292 post type-post status-publish format-standard hentry category-noticias\">\n\t\t\t<div class=\"elementor-post__card\">\n\t\t\t\t<div class=\"elementor-post__text\">\n\t\t\t\t<h2 class=\"elementor-post__title\">\n\t\t\t<a href=\"https:\/\/gijonbasket.com\/en\/2023\/07\/09\/mercado-de-fichajes-67\/\" >\n\t\t\t\tMercado de Fichajes\t\t\t<\/a>\n\t\t<\/h2>\n\t\t\t\t<div class=\"elementor-post__excerpt\">\n\t\t\t<p>Hereda San Pablo Burgos : Inter\u00e9s por Ignacio Rosa (Surne Bilbao Basket). Zamora Enamora : Fichaje de Kevin Buckingham (Juaristi ISB). Movistar Estudiantes : Inter\u00e9s<\/p>\n\t\t<\/div>\n\t\t\n\t\t<a class=\"elementor-post__read-more\" href=\"https:\/\/gijonbasket.com\/en\/2023\/07\/09\/mercado-de-fichajes-67\/\" aria-label=\"Read more about Mercado de Fichajes\" tabindex=\"-1\" >\n\t\t\tRead more &#034;\t\t<\/a>\n\n\t\t\t\t<\/div>\n\t\t\t\t<div class=\"elementor-post__meta-data\">\n\t\t\t\t\t<span class=\"elementor-post-date\">\n\t\t\t9 de July de 2023\t\t<\/span>\n\t\t\t\t<\/div>\n\t\t\t\t\t<\/div>\n\t\t<\/article>\n\t\t\t\t<article class=\"elementor-post elementor-grid-item post-1290 post type-post status-publish format-standard hentry category-noticias\">\n\t\t\t<div class=\"elementor-post__card\">\n\t\t\t\t<div class=\"elementor-post__text\">\n\t\t\t\t<h2 class=\"elementor-post__title\">\n\t\t\t<a href=\"https:\/\/gijonbasket.com\/en\/2023\/07\/09\/usman-garuba-a-oklahoma-city-thunder\/\" >\n\t\t\t\tUsman Garuba a Oklahoma City Thunder\t\t\t<\/a>\n\t\t<\/h2>\n\t\t\t\t<div class=\"elementor-post__excerpt\">\n\t\t\t<p>Movido verano para Usman Garuba, que tras militar las dos \u00faltimas temporadas en Houston Rockets, fue traspasado a Atlanta Hawks y ayer nuevo cambio con<\/p>\n\t\t<\/div>\n\t\t\n\t\t<a class=\"elementor-post__read-more\" href=\"https:\/\/gijonbasket.com\/en\/2023\/07\/09\/usman-garuba-a-oklahoma-city-thunder\/\" aria-label=\"Read more about Usman Garuba a Oklahoma City Thunder\" tabindex=\"-1\" >\n\t\t\tRead more &#034;\t\t<\/a>\n\n\t\t\t\t<\/div>\n\t\t\t\t<div class=\"elementor-post__meta-data\">\n\t\t\t\t\t<span class=\"elementor-post-date\">\n\t\t\t9 de July de 2023\t\t<\/span>\n\t\t\t\t<\/div>\n\t\t\t\t\t<\/div>\n\t\t<\/article>\n\t\t\t\t<article class=\"elementor-post elementor-grid-item post-1288 post type-post status-publish format-standard hentry category-noticias\">\n\t\t\t<div class=\"elementor-post__card\">\n\t\t\t\t<div class=\"elementor-post__text\">\n\t\t\t\t<h2 class=\"elementor-post__title\">\n\t\t\t<a href=\"https:\/\/gijonbasket.com\/en\/2023\/07\/08\/mercado-de-fichajes-liga-endesa-2\/\" >\n\t\t\t\tMercado de Fichajes Liga Endesa\t\t\t<\/a>\n\t\t<\/h2>\n\t\t\t\t<div class=\"elementor-post__excerpt\">\n\t\t\t<p>F.C. Barcelona : Fichaje de Joel Parra (Club Joventut Badalona) para las pr\u00f3ximas cuatro temporadas. Valencia Basket : Inter\u00e9s por Kyle Guy (Club Joventut Badalona).<\/p>\n\t\t<\/div>\n\t\t\n\t\t<a class=\"elementor-post__read-more\" href=\"https:\/\/gijonbasket.com\/en\/2023\/07\/08\/mercado-de-fichajes-liga-endesa-2\/\" aria-label=\"Read more about Mercado de Fichajes Liga Endesa\" tabindex=\"-1\" >\n\t\t\tRead more &#034;\t\t<\/a>\n\n\t\t\t\t<\/div>\n\t\t\t\t<div class=\"elementor-post__meta-data\">\n\t\t\t\t\t<span class=\"elementor-post-date\">\n\t\t\t8 de July de 2023\t\t<\/span>\n\t\t\t\t<\/div>\n\t\t\t\t\t<\/div>\n\t\t<\/article>\n\t\t\t\t<article class=\"elementor-post elementor-grid-item post-1284 post type-post status-publish format-standard hentry category-noticias\">\n\t\t\t<div class=\"elementor-post__card\">\n\t\t\t\t<div class=\"elementor-post__text\">\n\t\t\t\t<h2 class=\"elementor-post__title\">\n\t\t\t<a href=\"https:\/\/gijonbasket.com\/en\/2023\/07\/08\/mercado-de-fichajes-66\/\" >\n\t\t\t\tMercado de Fichajes\t\t\t<\/a>\n\t\t<\/h2>\n\t\t\t\t<div class=\"elementor-post__excerpt\">\n\t\t\t<p>Tofas Bursa : Fichaje de Caleb Homesley (Zenit St. Petersburg). Besiktas Emlakjet Istanbul : Fichaje de Leyton Hammonds (Gaziantep Basketbol). BC CSU Sibiu : Fichaje<\/p>\n\t\t<\/div>\n\t\t\n\t\t<a class=\"elementor-post__read-more\" href=\"https:\/\/gijonbasket.com\/en\/2023\/07\/08\/mercado-de-fichajes-66\/\" aria-label=\"Read more about Mercado de Fichajes\" tabindex=\"-1\" >\n\t\t\tRead more &#034;\t\t<\/a>\n\n\t\t\t\t<\/div>\n\t\t\t\t<div class=\"elementor-post__meta-data\">\n\t\t\t\t\t<span class=\"elementor-post-date\">\n\t\t\t8 de July de 2023\t\t<\/span>\n\t\t\t\t<\/div>\n\t\t\t\t\t<\/div>\n\t\t<\/article>\n\t\t\t\t<article class=\"elementor-post elementor-grid-item post-1281 post type-post status-publish format-standard hentry category-exclusivas category-noticias\">\n\t\t\t<div class=\"elementor-post__card\">\n\t\t\t\t<div class=\"elementor-post__text\">\n\t\t\t\t<h2 class=\"elementor-post__title\">\n\t\t\t<a href=\"https:\/\/gijonbasket.com\/en\/2023\/07\/08\/alonso-meana-de-regreso-al-alimerka-oviedo-baloncesto\/\" >\n\t\t\t\tAlonso Meana de regreso al Alimerka Oviedo Baloncesto\t\t\t<\/a>\n\t\t<\/h2>\n\t\t\t\t<div class=\"elementor-post__excerpt\">\n\t\t\t<p>Desde www.gijonbasket.com, adelantamos en exclusiva, el pr\u00f3ximo regreso de Alonso Meana al Alimerka Oviedo Baloncesto. El base gijon\u00e9s de 23 a\u00f1os y 1.80 m., que<\/p>\n\t\t<\/div>\n\t\t\n\t\t<a class=\"elementor-post__read-more\" href=\"https:\/\/gijonbasket.com\/en\/2023\/07\/08\/alonso-meana-de-regreso-al-alimerka-oviedo-baloncesto\/\" aria-label=\"Read more about Alonso Meana de regreso al Alimerka Oviedo Baloncesto\" tabindex=\"-1\" >\n\t\t\tRead more &#034;\t\t<\/a>\n\n\t\t\t\t<\/div>\n\t\t\t\t<div class=\"elementor-post__meta-data\">\n\t\t\t\t\t<span class=\"elementor-post-date\">\n\t\t\t8 de July de 2023\t\t<\/span>\n\t\t\t\t<\/div>\n\t\t\t\t\t<\/div>\n\t\t<\/article>\n\t\t\t\t<article class=\"elementor-post elementor-grid-item post-1278 post type-post status-publish format-standard hentry category-noticias\">\n\t\t\t<div class=\"elementor-post__card\">\n\t\t\t\t<div class=\"elementor-post__text\">\n\t\t\t\t<h2 class=\"elementor-post__title\">\n\t\t\t<a href=\"https:\/\/gijonbasket.com\/en\/2023\/07\/07\/tic-tac-tic-tac-javi-rodriguez-vuelta-al-alimerka-oviedo-baloncesto-junto-con-alex-lesmes\/\" >\n\t\t\t\tTic Tac Tic Tac Javi Rodr\u00edguez vuelta al Alimerka Oviedo Baloncesto junto con \u00c1lex Lesmes\t\t\t<\/a>\n\t\t<\/h2>\n\t\t\t\t<div class=\"elementor-post__excerpt\">\n\t\t\t<p>El Alimerka Oviedo Baloncesto ya tiene elegido a su nuevo entrenador y ser\u00e1 una cara muy conocida para la afici\u00f3n ovetense como es Javi Rodr\u00edguez.<\/p>\n\t\t<\/div>\n\t\t\n\t\t<a class=\"elementor-post__read-more\" href=\"https:\/\/gijonbasket.com\/en\/2023\/07\/07\/tic-tac-tic-tac-javi-rodriguez-vuelta-al-alimerka-oviedo-baloncesto-junto-con-alex-lesmes\/\" aria-label=\"Read more about Tic Tac Tic Tac Javi Rodr\u00edguez vuelta al Alimerka Oviedo Baloncesto junto con \u00c1lex Lesmes\" tabindex=\"-1\" >\n\t\t\tRead more &#034;\t\t<\/a>\n\n\t\t\t\t<\/div>\n\t\t\t\t<div class=\"elementor-post__meta-data\">\n\t\t\t\t\t<span class=\"elementor-post-date\">\n\t\t\t7 de July de 2023\t\t<\/span>\n\t\t\t\t<\/div>\n\t\t\t\t\t<\/div>\n\t\t<\/article>\n\t\t\t\t<article class=\"elementor-post elementor-grid-item post-1276 post type-post status-publish format-standard hentry category-noticias\">\n\t\t\t<div class=\"elementor-post__card\">\n\t\t\t\t<div class=\"elementor-post__text\">\n\t\t\t\t<h2 class=\"elementor-post__title\">\n\t\t\t<a href=\"https:\/\/gijonbasket.com\/en\/2023\/07\/06\/dan-duscak-primer-fichaje-del-alimerka-oviedo-baloncesto\/\" >\n\t\t\t\tDan Duscak primer fichaje del Alimerka Oviedo Baloncesto\t\t\t<\/a>\n\t\t<\/h2>\n\t\t\t\t<div class=\"elementor-post__excerpt\">\n\t\t\t<p>Dan Duscak (Gran Canaria B), base esloveno de 21 a\u00f1os y 1.85 m., primer fichaje del Alimerka Oviedo Baloncesto para la pr\u00f3xima temporada. Su vinculaci\u00f3n<\/p>\n\t\t<\/div>\n\t\t\n\t\t<a class=\"elementor-post__read-more\" href=\"https:\/\/gijonbasket.com\/en\/2023\/07\/06\/dan-duscak-primer-fichaje-del-alimerka-oviedo-baloncesto\/\" aria-label=\"Read more about Dan Duscak primer fichaje del Alimerka Oviedo Baloncesto\" tabindex=\"-1\" >\n\t\t\tRead more &#034;\t\t<\/a>\n\n\t\t\t\t<\/div>\n\t\t\t\t<div class=\"elementor-post__meta-data\">\n\t\t\t\t\t<span class=\"elementor-post-date\">\n\t\t\t6 de July de 2023\t\t<\/span>\n\t\t\t\t<\/div>\n\t\t\t\t\t<\/div>\n\t\t<\/article>\n\t\t\t\t<article class=\"elementor-post elementor-grid-item post-1274 post type-post status-publish format-standard hentry category-noticias\">\n\t\t\t<div class=\"elementor-post__card\">\n\t\t\t\t<div class=\"elementor-post__text\">\n\t\t\t\t<h2 class=\"elementor-post__title\">\n\t\t\t<a href=\"https:\/\/gijonbasket.com\/en\/2023\/07\/06\/tartiere-auto-nuevo-patrocinador-de-gijon-basket-2015\/\" >\n\t\t\t\tTartiere Auto nuevo patrocinador de Gij\u00f3n Basket 2015\t\t\t<\/a>\n\t\t<\/h2>\n\t\t\t\t<div class=\"elementor-post__excerpt\">\n\t\t\t<p>Tartiere Auto es el nuevo patrocinador de Gij\u00f3n Basket 2015 para la temporada 2023\/2024. Tartiere Auto Gij\u00f3n Basket es el nombre con el que saldr\u00e1<\/p>\n\t\t<\/div>\n\t\t\n\t\t<a class=\"elementor-post__read-more\" href=\"https:\/\/gijonbasket.com\/en\/2023\/07\/06\/tartiere-auto-nuevo-patrocinador-de-gijon-basket-2015\/\" aria-label=\"Read more about Tartiere Auto nuevo patrocinador de Gij\u00f3n Basket 2015\" tabindex=\"-1\" >\n\t\t\tRead more &#034;\t\t<\/a>\n\n\t\t\t\t<\/div>\n\t\t\t\t<div class=\"elementor-post__meta-data\">\n\t\t\t\t\t<span class=\"elementor-post-date\">\n\t\t\t6 de July de 2023\t\t<\/span>\n\t\t\t\t<\/div>\n\t\t\t\t\t<\/div>\n\t\t<\/article>\n\t\t\t\t<article class=\"elementor-post elementor-grid-item post-1272 post type-post status-publish format-standard hentry category-noticias\">\n\t\t\t<div class=\"elementor-post__card\">\n\t\t\t\t<div class=\"elementor-post__text\">\n\t\t\t\t<h2 class=\"elementor-post__title\">\n\t\t\t<a href=\"https:\/\/gijonbasket.com\/en\/2023\/07\/06\/mercado-de-fichajes-leb-oro\/\" >\n\t\t\t\tMercado de Fichajes LEB Oro\t\t\t<\/a>\n\t\t<\/h2>\n\t\t\t\t<div class=\"elementor-post__excerpt\">\n\t\t\t<p>Guuk Gipuzkoa Basket : Contrataci\u00f3n de Mikel Odriozola (Juaristi ISB) como nuevo t\u00e9cnico del conjunto donostiarra. Amics Castell\u00f3 : Fichaje de Tanor Ngom (CD Povoa).<\/p>\n\t\t<\/div>\n\t\t\n\t\t<a class=\"elementor-post__read-more\" href=\"https:\/\/gijonbasket.com\/en\/2023\/07\/06\/mercado-de-fichajes-leb-oro\/\" aria-label=\"Read more about Mercado de Fichajes LEB Oro\" tabindex=\"-1\" >\n\t\t\tRead more &#034;\t\t<\/a>\n\n\t\t\t\t<\/div>\n\t\t\t\t<div class=\"elementor-post__meta-data\">\n\t\t\t\t\t<span class=\"elementor-post-date\">\n\t\t\t6 de July de 2023\t\t<\/span>\n\t\t\t\t<\/div>\n\t\t\t\t\t<\/div>\n\t\t<\/article>\n\t\t\t\t<article class=\"elementor-post elementor-grid-item post-1268 post type-post status-publish format-standard hentry category-noticias\">\n\t\t\t<div class=\"elementor-post__card\">\n\t\t\t\t<div class=\"elementor-post__text\">\n\t\t\t\t<h2 class=\"elementor-post__title\">\n\t\t\t<a href=\"https:\/\/gijonbasket.com\/en\/2023\/07\/06\/mercado-de-fichajes-liga-endesa\/\" >\n\t\t\t\tMercado de Fichajes Liga Endesa\t\t\t<\/a>\n\t\t<\/h2>\n\t\t\t\t<div class=\"elementor-post__excerpt\">\n\t\t\t<p>Monbus Obradoiro : Fichaje de Eric Washington (MLP Academics Heidelberg). Valencia Basket : Fichaje de Brandon Davies (EA7 Emporio Armani Milan) para las pr\u00f3ximas dos<\/p>\n\t\t<\/div>\n\t\t\n\t\t<a class=\"elementor-post__read-more\" href=\"https:\/\/gijonbasket.com\/en\/2023\/07\/06\/mercado-de-fichajes-liga-endesa\/\" aria-label=\"Read more about Mercado de Fichajes Liga Endesa\" tabindex=\"-1\" >\n\t\t\tRead more &#034;\t\t<\/a>\n\n\t\t\t\t<\/div>\n\t\t\t\t<div class=\"elementor-post__meta-data\">\n\t\t\t\t\t<span class=\"elementor-post-date\">\n\t\t\t6 de July de 2023\t\t<\/span>\n\t\t\t\t<\/div>\n\t\t\t\t\t<\/div>\n\t\t<\/article>\n\t\t\t\t<article class=\"elementor-post elementor-grid-item post-1265 post type-post status-publish format-standard hentry category-noticias\">\n\t\t\t<div class=\"elementor-post__card\">\n\t\t\t\t<div class=\"elementor-post__text\">\n\t\t\t\t<h2 class=\"elementor-post__title\">\n\t\t\t<a href=\"https:\/\/gijonbasket.com\/en\/2023\/07\/05\/mercado-de-fichajes-65\/\" >\n\t\t\t\tMercado de Fichajes Liga Endesa\t\t\t<\/a>\n\t\t<\/h2>\n\t\t\t\t<div class=\"elementor-post__excerpt\">\n\t\t\t<p>Surne Bilbao Basket : Fichaje de Tryggvi Hlinason (Casademont Zaragoza). Valencia Basket : Fichaje de Boubacar Tour\u00e9 (Tofas Bursa). Covir\u00e1n Granada : Fichaje de Kwan<\/p>\n\t\t<\/div>\n\t\t\n\t\t<a class=\"elementor-post__read-more\" href=\"https:\/\/gijonbasket.com\/en\/2023\/07\/05\/mercado-de-fichajes-65\/\" aria-label=\"Read more about Mercado de Fichajes Liga Endesa\" tabindex=\"-1\" >\n\t\t\tRead more &#034;\t\t<\/a>\n\n\t\t\t\t<\/div>\n\t\t\t\t<div class=\"elementor-post__meta-data\">\n\t\t\t\t\t<span class=\"elementor-post-date\">\n\t\t\t5 de July de 2023\t\t<\/span>\n\t\t\t\t<\/div>\n\t\t\t\t\t<\/div>\n\t\t<\/article>\n\t\t\t\t<article class=\"elementor-post elementor-grid-item post-1263 post type-post status-publish format-standard hentry category-noticias\">\n\t\t\t<div class=\"elementor-post__card\">\n\t\t\t\t<div class=\"elementor-post__text\">\n\t\t\t\t<h2 class=\"elementor-post__title\">\n\t\t\t<a href=\"https:\/\/gijonbasket.com\/en\/2023\/07\/04\/carles-marco-al-f-c-barcelona-como-2o-entrenador\/\" >\n\t\t\t\tCarles Marco al F.C. Barcelona como 2\u00ba entrenador\t\t\t<\/a>\n\t\t<\/h2>\n\t\t\t\t<div class=\"elementor-post__excerpt\">\n\t\t\t<p>Carles Marco formar\u00e1 parte del Cuerpo T\u00e9cnico del F.C. Barcelona a las ordenes de Roger Grimau para la temporada 2023\/2024. Esta temporada form\u00f3 parte del<\/p>\n\t\t<\/div>\n\t\t\n\t\t<a class=\"elementor-post__read-more\" href=\"https:\/\/gijonbasket.com\/en\/2023\/07\/04\/carles-marco-al-f-c-barcelona-como-2o-entrenador\/\" aria-label=\"Read more about Carles Marco al F.C. Barcelona como 2\u00ba entrenador\" tabindex=\"-1\" >\n\t\t\tRead more &#034;\t\t<\/a>\n\n\t\t\t\t<\/div>\n\t\t\t\t<div class=\"elementor-post__meta-data\">\n\t\t\t\t\t<span class=\"elementor-post-date\">\n\t\t\t4 de July de 2023\t\t<\/span>\n\t\t\t\t<\/div>\n\t\t\t\t\t<\/div>\n\t\t<\/article>\n\t\t\t\t<article class=\"elementor-post elementor-grid-item post-1261 post type-post status-publish format-standard hentry category-noticias\">\n\t\t\t<div class=\"elementor-post__card\">\n\t\t\t\t<div class=\"elementor-post__text\">\n\t\t\t\t<h2 class=\"elementor-post__title\">\n\t\t\t<a href=\"https:\/\/gijonbasket.com\/en\/2023\/07\/04\/marc-marti-dos-temporadas-mas-con-el-alimerka-oviedo-baloncesto\/\" >\n\t\t\t\tMarc Mart\u00ed dos temporadas m\u00e1s con el Alimerka Oviedo Baloncesto\t\t\t<\/a>\n\t\t<\/h2>\n\t\t\t\t<div class=\"elementor-post__excerpt\">\n\t\t\t<p>El Alimerka Oviedo Baloncesto renov\u00f3 el contrato a Marc Mart\u00ed para las pr\u00f3ximas dos temporadas. El ala-p\u00edvot ilerdense de 26 a\u00f1os y 2.03 m., cumpli\u00f3<\/p>\n\t\t<\/div>\n\t\t\n\t\t<a class=\"elementor-post__read-more\" href=\"https:\/\/gijonbasket.com\/en\/2023\/07\/04\/marc-marti-dos-temporadas-mas-con-el-alimerka-oviedo-baloncesto\/\" aria-label=\"Read more about Marc Mart\u00ed dos temporadas m\u00e1s con el Alimerka Oviedo Baloncesto\" tabindex=\"-1\" >\n\t\t\tRead more &#034;\t\t<\/a>\n\n\t\t\t\t<\/div>\n\t\t\t\t<div class=\"elementor-post__meta-data\">\n\t\t\t\t\t<span class=\"elementor-post-date\">\n\t\t\t4 de July de 2023\t\t<\/span>\n\t\t\t\t<\/div>\n\t\t\t\t\t<\/div>\n\t\t<\/article>\n\t\t\t\t<article class=\"elementor-post elementor-grid-item post-1259 post type-post status-publish format-standard hentry category-noticias\">\n\t\t\t<div class=\"elementor-post__card\">\n\t\t\t\t<div class=\"elementor-post__text\">\n\t\t\t\t<h2 class=\"elementor-post__title\">\n\t\t\t<a href=\"https:\/\/gijonbasket.com\/en\/2023\/07\/03\/mercado-de-fichajes-nba-2\/\" >\n\t\t\t\tMercado de Fichajes NBA\t\t\t<\/a>\n\t\t<\/h2>\n\t\t\t\t<div class=\"elementor-post__excerpt\">\n\t\t\t<p>Phoenix Suns : Fichaje de Eric Gordon (Los \u00c1ngeles Clippers). Sacramento Kings : Renovaci\u00f3n de contraton a Domantas Sabonis para las pr\u00f3ximas cinco temporadas. Dallas<\/p>\n\t\t<\/div>\n\t\t\n\t\t<a class=\"elementor-post__read-more\" href=\"https:\/\/gijonbasket.com\/en\/2023\/07\/03\/mercado-de-fichajes-nba-2\/\" aria-label=\"Read more about Mercado de Fichajes NBA\" tabindex=\"-1\" >\n\t\t\tRead more &#034;\t\t<\/a>\n\n\t\t\t\t<\/div>\n\t\t\t\t<div class=\"elementor-post__meta-data\">\n\t\t\t\t\t<span class=\"elementor-post-date\">\n\t\t\t3 de July de 2023\t\t<\/span>\n\t\t\t\t<\/div>\n\t\t\t\t\t<\/div>\n\t\t<\/article>\n\t\t\t\t<article class=\"elementor-post elementor-grid-item post-1255 post type-post status-publish format-standard hentry category-noticias\">\n\t\t\t<div class=\"elementor-post__card\">\n\t\t\t\t<div class=\"elementor-post__text\">\n\t\t\t\t<h2 class=\"elementor-post__title\">\n\t\t\t<a href=\"https:\/\/gijonbasket.com\/en\/2023\/07\/02\/mundial-u19-debrecen-2023-final-espana-francia-73-69\/\" >\n\t\t\t\tMundial U19 Debrecen 2023. Final. Espa\u00f1a \u2013 Francia (73-69).\t\t\t<\/a>\n\t\t<\/h2>\n\t\t\t\t<div class=\"elementor-post__excerpt\">\n\t\t\t<p>Espa\u00f1a Campe\u00f3n del Mundial U19 tras imponerse en la pr\u00f3rroga a Francia. Segundo t\u00edtulo de Campe\u00f3n del Mundo U19 para Espa\u00f1a. El pr\u00f3ximo 25 de<\/p>\n\t\t<\/div>\n\t\t\n\t\t<a class=\"elementor-post__read-more\" href=\"https:\/\/gijonbasket.com\/en\/2023\/07\/02\/mundial-u19-debrecen-2023-final-espana-francia-73-69\/\" aria-label=\"Read more about Mundial U19 Debrecen 2023. Final. Espa\u00f1a \u2013 Francia (73-69).\" tabindex=\"-1\" >\n\t\t\tRead more &#034;\t\t<\/a>\n\n\t\t\t\t<\/div>\n\t\t\t\t<div class=\"elementor-post__meta-data\">\n\t\t\t\t\t<span class=\"elementor-post-date\">\n\t\t\t2 de July de 2023\t\t<\/span>\n\t\t\t\t<\/div>\n\t\t\t\t\t<\/div>\n\t\t<\/article>\n\t\t\t\t<article class=\"elementor-post elementor-grid-item post-1252 post type-post status-publish format-standard hentry category-noticias\">\n\t\t\t<div class=\"elementor-post__card\">\n\t\t\t\t<div class=\"elementor-post__text\">\n\t\t\t\t<h2 class=\"elementor-post__title\">\n\t\t\t<a href=\"https:\/\/gijonbasket.com\/en\/2023\/07\/02\/melilla-sport-capital-recupera-su-plaza-en-leb-oro-tras-la-renuncia-del-cb-almansa-con-afnion-se-busca-nuevo-equipo-en-leb-oro-por-c-b-prat\/\" >\n\t\t\t\tMelilla Sport Capital recupera su plaza en LEB Oro tras la renuncia del CB Almansa con AFANION. Se busca nuevo equipo en LEB Oro por C.B. Prat.\t\t\t<\/a>\n\t\t<\/h2>\n\t\t\t\t<div class=\"elementor-post__excerpt\">\n\t\t\t<p>El Melilla Sport Capital recupera su plaza en LEB Oro tras intercambiar sus derechos federativos con el CB Almansa con AFANION. La permuta de la<\/p>\n\t\t<\/div>\n\t\t\n\t\t<a class=\"elementor-post__read-more\" href=\"https:\/\/gijonbasket.com\/en\/2023\/07\/02\/melilla-sport-capital-recupera-su-plaza-en-leb-oro-tras-la-renuncia-del-cb-almansa-con-afnion-se-busca-nuevo-equipo-en-leb-oro-por-c-b-prat\/\" aria-label=\"Read more about Melilla Sport Capital recupera su plaza en LEB Oro tras la renuncia del CB Almansa con AFANION. Se busca nuevo equipo en LEB Oro por C.B. Prat.\" tabindex=\"-1\" >\n\t\t\tRead more &#034;\t\t<\/a>\n\n\t\t\t\t<\/div>\n\t\t\t\t<div class=\"elementor-post__meta-data\">\n\t\t\t\t\t<span class=\"elementor-post-date\">\n\t\t\t2 de July de 2023\t\t<\/span>\n\t\t\t\t<\/div>\n\t\t\t\t\t<\/div>\n\t\t<\/article>\n\t\t\t\t<article class=\"elementor-post elementor-grid-item post-1250 post type-post status-publish format-standard hentry category-noticias\">\n\t\t\t<div class=\"elementor-post__card\">\n\t\t\t\t<div class=\"elementor-post__text\">\n\t\t\t\t<h2 class=\"elementor-post__title\">\n\t\t\t<a href=\"https:\/\/gijonbasket.com\/en\/2023\/07\/02\/sasha-vezenkov-y-vasilije-micic-estrellas-euroliga-rumbo-nba\/\" >\n\t\t\t\tSasha Vezenkov y Vasilije Micic, estrellas Euroliga, rumbo NBA\t\t\t<\/a>\n\t\t<\/h2>\n\t\t\t\t<div class=\"elementor-post__excerpt\">\n\t\t\t<p>La Euroliga pierde a dos de sus estrellas Sasha Vezenkov (Olympiacos) y Vasilije Micic (Anadolu Efes). Sasha Vezenkov da el salto a Sacramento Kings con<\/p>\n\t\t<\/div>\n\t\t\n\t\t<a class=\"elementor-post__read-more\" href=\"https:\/\/gijonbasket.com\/en\/2023\/07\/02\/sasha-vezenkov-y-vasilije-micic-estrellas-euroliga-rumbo-nba\/\" aria-label=\"Read more about Sasha Vezenkov y Vasilije Micic, estrellas Euroliga, rumbo NBA\" tabindex=\"-1\" >\n\t\t\tRead more &#034;\t\t<\/a>\n\n\t\t\t\t<\/div>\n\t\t\t\t<div class=\"elementor-post__meta-data\">\n\t\t\t\t\t<span class=\"elementor-post-date\">\n\t\t\t2 de July de 2023\t\t<\/span>\n\t\t\t\t<\/div>\n\t\t\t\t\t<\/div>\n\t\t<\/article>\n\t\t\t\t<article class=\"elementor-post elementor-grid-item post-1247 post type-post status-publish format-standard hentry category-noticias\">\n\t\t\t<div class=\"elementor-post__card\">\n\t\t\t\t<div class=\"elementor-post__text\">\n\t\t\t\t<h2 class=\"elementor-post__title\">\n\t\t\t<a href=\"https:\/\/gijonbasket.com\/en\/2023\/07\/02\/mundial-u19-debrecen-2023-final-espana-francia-previa\/\" >\n\t\t\t\tMundial U19 Debrecen 2023. Final. Espa\u00f1a &#8211; Francia. Previa.\t\t\t<\/a>\n\t\t<\/h2>\n\t\t\t\t<div class=\"elementor-post__excerpt\">\n\t\t\t<p>Espa\u00f1a y Francia disputar\u00e1n la Final del Mundial Masculino U19, en Debrecen (Hungria), a partir de las 20:00. Cita con la historia para Espa\u00f1a que<\/p>\n\t\t<\/div>\n\t\t\n\t\t<a class=\"elementor-post__read-more\" href=\"https:\/\/gijonbasket.com\/en\/2023\/07\/02\/mundial-u19-debrecen-2023-final-espana-francia-previa\/\" aria-label=\"Read more about Mundial U19 Debrecen 2023. Final. Espa\u00f1a &#8211; Francia. Previa.\" tabindex=\"-1\" >\n\t\t\tRead more &#034;\t\t<\/a>\n\n\t\t\t\t<\/div>\n\t\t\t\t<div class=\"elementor-post__meta-data\">\n\t\t\t\t\t<span class=\"elementor-post-date\">\n\t\t\t2 de July de 2023\t\t<\/span>\n\t\t\t\t<\/div>\n\t\t\t\t\t<\/div>\n\t\t<\/article>\n\t\t\t\t<article class=\"elementor-post elementor-grid-item post-1245 post type-post status-publish format-standard hentry category-noticias\">\n\t\t\t<div class=\"elementor-post__card\">\n\t\t\t\t<div class=\"elementor-post__text\">\n\t\t\t\t<h2 class=\"elementor-post__title\">\n\t\t\t<a href=\"https:\/\/gijonbasket.com\/en\/2023\/07\/02\/mundial-u19-debrecen-2023-espana-y-francia-a-por-el-oro-asi-fueron-las-semifinales\/\" >\n\t\t\t\tMundial U19 Debrecen 2023. Espa\u00f1a y Francia a por el Oro. As\u00ed fueron las Semifinales.\t\t\t<\/a>\n\t\t<\/h2>\n\t\t\t\t<div class=\"elementor-post__excerpt\">\n\t\t\t<p>Espa\u00f1a y Francia disputar\u00e1n hoy la Final del Mundial Masculino U19, en Debrecen (Hungria), a partir de las 20:00. Cita con la historia para Espa\u00f1a<\/p>\n\t\t<\/div>\n\t\t\n\t\t<a class=\"elementor-post__read-more\" href=\"https:\/\/gijonbasket.com\/en\/2023\/07\/02\/mundial-u19-debrecen-2023-espana-y-francia-a-por-el-oro-asi-fueron-las-semifinales\/\" aria-label=\"Read more about Mundial U19 Debrecen 2023. Espa\u00f1a y Francia a por el Oro. As\u00ed fueron las Semifinales.\" tabindex=\"-1\" >\n\t\t\tRead more &#034;\t\t<\/a>\n\n\t\t\t\t<\/div>\n\t\t\t\t<div class=\"elementor-post__meta-data\">\n\t\t\t\t\t<span class=\"elementor-post-date\">\n\t\t\t2 de July de 2023\t\t<\/span>\n\t\t\t\t<\/div>\n\t\t\t\t\t<\/div>\n\t\t<\/article>\n\t\t\t\t<article class=\"elementor-post elementor-grid-item post-1243 post type-post status-publish format-standard hentry category-noticias\">\n\t\t\t<div class=\"elementor-post__card\">\n\t\t\t\t<div class=\"elementor-post__text\">\n\t\t\t\t<h2 class=\"elementor-post__title\">\n\t\t\t<a href=\"https:\/\/gijonbasket.com\/en\/2023\/07\/01\/mercado-de-fichajes-64\/\" >\n\t\t\t\tMercado de Fichajes\t\t\t<\/a>\n\t\t<\/h2>\n\t\t\t\t<div class=\"elementor-post__excerpt\">\n\t\t\t<p>F.C. Barcelona : Pr\u00f3ximo a cerrar el fichaje de Joel Parra (Club Joventut Badalona). Covir\u00e1n Granada : Fichaje de Evaldas Kairys (BC Rytas Vilnius). BAXI<\/p>\n\t\t<\/div>\n\t\t\n\t\t<a class=\"elementor-post__read-more\" href=\"https:\/\/gijonbasket.com\/en\/2023\/07\/01\/mercado-de-fichajes-64\/\" aria-label=\"Read more about Mercado de Fichajes\" tabindex=\"-1\" >\n\t\t\tRead more &#034;\t\t<\/a>\n\n\t\t\t\t<\/div>\n\t\t\t\t<div class=\"elementor-post__meta-data\">\n\t\t\t\t\t<span class=\"elementor-post-date\">\n\t\t\t1 de July de 2023\t\t<\/span>\n\t\t\t\t<\/div>\n\t\t\t\t\t<\/div>\n\t\t<\/article>\n\t\t\t\t<article class=\"elementor-post elementor-grid-item post-1238 post type-post status-publish format-standard hentry category-noticias\">\n\t\t\t<div class=\"elementor-post__card\">\n\t\t\t\t<div class=\"elementor-post__text\">\n\t\t\t\t<h2 class=\"elementor-post__title\">\n\t\t\t<a href=\"https:\/\/gijonbasket.com\/en\/2023\/06\/30\/luis-javier-muniz-diego-nuevo-presidente-de-gijon-basket-2015\/\" >\n\t\t\t\tLuis Javier Mu\u00f1iz Diego nuevo Presidente de Gij\u00f3n Basket 2015\t\t\t<\/a>\n\t\t<\/h2>\n\t\t\t\t<div class=\"elementor-post__excerpt\">\n\t\t\t<p>Luis Javier Mu\u00f1iz Diego es el nuevo Presidente de Gij\u00f3n Basket 2015, tras ser el \u00fanico candidato que ha concurrido al Proceso Electoral. Gerente de<\/p>\n\t\t<\/div>\n\t\t\n\t\t<a class=\"elementor-post__read-more\" href=\"https:\/\/gijonbasket.com\/en\/2023\/06\/30\/luis-javier-muniz-diego-nuevo-presidente-de-gijon-basket-2015\/\" aria-label=\"Read more about Luis Javier Mu\u00f1iz Diego nuevo Presidente de Gij\u00f3n Basket 2015\" tabindex=\"-1\" >\n\t\t\tRead more &#034;\t\t<\/a>\n\n\t\t\t\t<\/div>\n\t\t\t\t<div class=\"elementor-post__meta-data\">\n\t\t\t\t\t<span class=\"elementor-post-date\">\n\t\t\t30 de June de 2023\t\t<\/span>\n\t\t\t\t<\/div>\n\t\t\t\t\t<\/div>\n\t\t<\/article>\n\t\t\t\t<article class=\"elementor-post elementor-grid-item post-1236 post type-post status-publish format-standard hentry category-exclusivas category-noticias\">\n\t\t\t<div class=\"elementor-post__card\">\n\t\t\t\t<div class=\"elementor-post__text\">\n\t\t\t\t<h2 class=\"elementor-post__title\">\n\t\t\t<a href=\"https:\/\/gijonbasket.com\/en\/2023\/06\/30\/agustin-munarriz-volvera-a-dirigir-al-ad-universidad-de-oviedo-en-liga-eba\/\" >\n\t\t\t\tAgust\u00edn Mun\u00e1rriz volver\u00e1 a dirigir al AD Universidad de Oviedo en Liga EBA\t\t\t<\/a>\n\t\t<\/h2>\n\t\t\t\t<div class=\"elementor-post__excerpt\">\n\t\t\t<p>Desde www.gijonbasket.com, adelantamos en exclusiva, que Agust\u00edn Mun\u00e1rriz es el principal candidato para dirigir al AD Universidad de Oviedo, en el regreso del conjunto universitario<\/p>\n\t\t<\/div>\n\t\t\n\t\t<a class=\"elementor-post__read-more\" href=\"https:\/\/gijonbasket.com\/en\/2023\/06\/30\/agustin-munarriz-volvera-a-dirigir-al-ad-universidad-de-oviedo-en-liga-eba\/\" aria-label=\"Read more about Agust\u00edn Mun\u00e1rriz volver\u00e1 a dirigir al AD Universidad de Oviedo en Liga EBA\" tabindex=\"-1\" >\n\t\t\tRead more &#034;\t\t<\/a>\n\n\t\t\t\t<\/div>\n\t\t\t\t<div class=\"elementor-post__meta-data\">\n\t\t\t\t\t<span class=\"elementor-post-date\">\n\t\t\t30 de June de 2023\t\t<\/span>\n\t\t\t\t<\/div>\n\t\t\t\t\t<\/div>\n\t\t<\/article>\n\t\t\t\t<article class=\"elementor-post elementor-grid-item post-1234 post type-post status-publish format-standard hentry category-noticias\">\n\t\t\t<div class=\"elementor-post__card\">\n\t\t\t\t<div class=\"elementor-post__text\">\n\t\t\t\t<h2 class=\"elementor-post__title\">\n\t\t\t<a href=\"https:\/\/gijonbasket.com\/en\/2023\/06\/30\/cb-almansa-con-afanion-adios-a-leb-oro-y-regreso-para-melilla-sport-capital\/\" >\n\t\t\t\tCB Almansa con AFANION adi\u00f3s a LEB Oro y regreso para Melilla Sport Capital\t\t\t<\/a>\n\t\t<\/h2>\n\t\t\t\t<div class=\"elementor-post__excerpt\">\n\t\t\t<p>CB Almansa con AFANION decisi\u00f3n a no formalizar su inscripci\u00f3n en LEB Oro. En caso de hacerse realidad, el Melilla Sport Capital podr\u00e1 recuperar la<\/p>\n\t\t<\/div>\n\t\t\n\t\t<a class=\"elementor-post__read-more\" href=\"https:\/\/gijonbasket.com\/en\/2023\/06\/30\/cb-almansa-con-afanion-adios-a-leb-oro-y-regreso-para-melilla-sport-capital\/\" aria-label=\"Read more about CB Almansa con AFANION adi\u00f3s a LEB Oro y regreso para Melilla Sport Capital\" tabindex=\"-1\" >\n\t\t\tRead more &#034;\t\t<\/a>\n\n\t\t\t\t<\/div>\n\t\t\t\t<div class=\"elementor-post__meta-data\">\n\t\t\t\t\t<span class=\"elementor-post-date\">\n\t\t\t30 de June de 2023\t\t<\/span>\n\t\t\t\t<\/div>\n\t\t\t\t\t<\/div>\n\t\t<\/article>\n\t\t\t\t<article class=\"elementor-post elementor-grid-item post-1232 post type-post status-publish format-standard hentry category-noticias\">\n\t\t\t<div class=\"elementor-post__card\">\n\t\t\t\t<div class=\"elementor-post__text\">\n\t\t\t\t<h2 class=\"elementor-post__title\">\n\t\t\t<a href=\"https:\/\/gijonbasket.com\/en\/2023\/06\/29\/enerparking-basket-navarra-al-borde-del-adios-a-leb-plata-sos-para-futuro-patrocinador\/\" >\n\t\t\t\tEnerparking Basket Navarra al borde del adi\u00f3s a LEB Plata. SOS para futuro patrocinador.\t\t\t<\/a>\n\t\t<\/h2>\n\t\t\t\t<div class=\"elementor-post__excerpt\">\n\t\t\t<p>El Enerparking Basket Navarra, comunic\u00f3 en el d\u00eda de ayer, su futura no inscripci\u00f3n en LEB Plata 2023\/2024 cuyo \u00faltimo d\u00eda ser\u00e1 el viernes 14<\/p>\n\t\t<\/div>\n\t\t\n\t\t<a class=\"elementor-post__read-more\" href=\"https:\/\/gijonbasket.com\/en\/2023\/06\/29\/enerparking-basket-navarra-al-borde-del-adios-a-leb-plata-sos-para-futuro-patrocinador\/\" aria-label=\"Read more about Enerparking Basket Navarra al borde del adi\u00f3s a LEB Plata. SOS para futuro patrocinador.\" tabindex=\"-1\" >\n\t\t\tRead more &#034;\t\t<\/a>\n\n\t\t\t\t<\/div>\n\t\t\t\t<div class=\"elementor-post__meta-data\">\n\t\t\t\t\t<span class=\"elementor-post-date\">\n\t\t\t29 de June de 2023\t\t<\/span>\n\t\t\t\t<\/div>\n\t\t\t\t\t<\/div>\n\t\t<\/article>\n\t\t\t\t<article class=\"elementor-post elementor-grid-item post-1230 post type-post status-publish format-standard hentry category-noticias\">\n\t\t\t<div class=\"elementor-post__card\">\n\t\t\t\t<div class=\"elementor-post__text\">\n\t\t\t\t<h2 class=\"elementor-post__title\">\n\t\t\t<a href=\"https:\/\/gijonbasket.com\/en\/2023\/06\/29\/kyle-kuric-al-zenit-st-petersburg-renovacion-de-kevin-punter-en-partizan-mozzart-bet-belgrado\/\" >\n\t\t\t\tKyle Kuric al Zenit St. Petersburg. Renovaci\u00f3n de Kevin Punter en Partizan Mozzart Bet Belgrado.\t\t\t<\/a>\n\t\t<\/h2>\n\t\t\t\t<div class=\"elementor-post__excerpt\">\n\t\t\t<p>Kyle Kuric nuevo fichaje del Zenit St. Petersburg tras militar las \u00faltimas cinco temporadas en el F.C. Barcelona donde conquist\u00f3 Liga Endesa (2) y Copa<\/p>\n\t\t<\/div>\n\t\t\n\t\t<a class=\"elementor-post__read-more\" href=\"https:\/\/gijonbasket.com\/en\/2023\/06\/29\/kyle-kuric-al-zenit-st-petersburg-renovacion-de-kevin-punter-en-partizan-mozzart-bet-belgrado\/\" aria-label=\"Read more about Kyle Kuric al Zenit St. Petersburg. Renovaci\u00f3n de Kevin Punter en Partizan Mozzart Bet Belgrado.\" tabindex=\"-1\" >\n\t\t\tRead more &#034;\t\t<\/a>\n\n\t\t\t\t<\/div>\n\t\t\t\t<div class=\"elementor-post__meta-data\">\n\t\t\t\t\t<span class=\"elementor-post-date\">\n\t\t\t29 de June de 2023\t\t<\/span>\n\t\t\t\t<\/div>\n\t\t\t\t\t<\/div>\n\t\t<\/article>\n\t\t\t\t<article class=\"elementor-post elementor-grid-item post-1227 post type-post status-publish format-standard hentry category-noticias\">\n\t\t\t<div class=\"elementor-post__card\">\n\t\t\t\t<div class=\"elementor-post__text\">\n\t\t\t\t<h2 class=\"elementor-post__title\">\n\t\t\t<a href=\"https:\/\/gijonbasket.com\/en\/2023\/06\/29\/gijon-basket-2015-futuro-presidente-en-menos-de-24-horas\/\" >\n\t\t\t\tGij\u00f3n Basket 2015 futuro Presidente en menos de 24 horas\t\t\t<\/a>\n\t\t<\/h2>\n\t\t\t\t<div class=\"elementor-post__excerpt\">\n\t\t\t<p>A las 23:59 de hoy jueves finaliza el plazo de presentaci\u00f3n de Candidaturas a la Presidencia de Gij\u00f3n Basket 2015. Un candidato ya present\u00f3 sus<\/p>\n\t\t<\/div>\n\t\t\n\t\t<a class=\"elementor-post__read-more\" href=\"https:\/\/gijonbasket.com\/en\/2023\/06\/29\/gijon-basket-2015-futuro-presidente-en-menos-de-24-horas\/\" aria-label=\"Read more about Gij\u00f3n Basket 2015 futuro Presidente en menos de 24 horas\" tabindex=\"-1\" >\n\t\t\tRead more &#034;\t\t<\/a>\n\n\t\t\t\t<\/div>\n\t\t\t\t<div class=\"elementor-post__meta-data\">\n\t\t\t\t\t<span class=\"elementor-post-date\">\n\t\t\t29 de June de 2023\t\t<\/span>\n\t\t\t\t<\/div>\n\t\t\t\t\t<\/div>\n\t\t<\/article>\n\t\t\t\t<article class=\"elementor-post elementor-grid-item post-1225 post type-post status-publish format-standard hentry category-noticias\">\n\t\t\t<div class=\"elementor-post__card\">\n\t\t\t\t<div class=\"elementor-post__text\">\n\t\t\t\t<h2 class=\"elementor-post__title\">\n\t\t\t<a href=\"https:\/\/gijonbasket.com\/en\/2023\/06\/28\/mercado-de-fichajes-63\/\" >\n\t\t\t\tMercado de Fichajes\t\t\t<\/a>\n\t\t<\/h2>\n\t\t\t\t<div class=\"elementor-post__excerpt\">\n\t\t\t<p>Panathinaikos : Fichaje de Mathias Lessort (Partizan Mozzart Bet Belgrado). Inter\u00e9s por Jordan Loyd (AS M\u00f3naco). Cazoo Baskonia : Fichaje de Nico Mannion (Virtus Segafredo<\/p>\n\t\t<\/div>\n\t\t\n\t\t<a class=\"elementor-post__read-more\" href=\"https:\/\/gijonbasket.com\/en\/2023\/06\/28\/mercado-de-fichajes-63\/\" aria-label=\"Read more about Mercado de Fichajes\" tabindex=\"-1\" >\n\t\t\tRead more &#034;\t\t<\/a>\n\n\t\t\t\t<\/div>\n\t\t\t\t<div class=\"elementor-post__meta-data\">\n\t\t\t\t\t<span class=\"elementor-post-date\">\n\t\t\t28 de June de 2023\t\t<\/span>\n\t\t\t\t<\/div>\n\t\t\t\t\t<\/div>\n\t\t<\/article>\n\t\t\t\t<article class=\"elementor-post elementor-grid-item post-1223 post type-post status-publish format-standard hentry category-noticias\">\n\t\t\t<div class=\"elementor-post__card\">\n\t\t\t\t<div class=\"elementor-post__text\">\n\t\t\t\t<h2 class=\"elementor-post__title\">\n\t\t\t<a href=\"https:\/\/gijonbasket.com\/en\/2023\/06\/27\/mercado-de-fichajes-62\/\" >\n\t\t\t\tMercado de Fichajes\t\t\t<\/a>\n\t\t<\/h2>\n\t\t\t\t<div class=\"elementor-post__excerpt\">\n\t\t\t<p>AS Monaco : Inter\u00e9s por Petr Cornelie (Real Madrid). Panathinaikos : Fichaje de Luca Vildoza (Estrella Roja) para las pr\u00f3ximas tres temporadas. Cazoo Baskonia :<\/p>\n\t\t<\/div>\n\t\t\n\t\t<a class=\"elementor-post__read-more\" href=\"https:\/\/gijonbasket.com\/en\/2023\/06\/27\/mercado-de-fichajes-62\/\" aria-label=\"Read more about Mercado de Fichajes\" tabindex=\"-1\" >\n\t\t\tRead more &#034;\t\t<\/a>\n\n\t\t\t\t<\/div>\n\t\t\t\t<div class=\"elementor-post__meta-data\">\n\t\t\t\t\t<span class=\"elementor-post-date\">\n\t\t\t27 de June de 2023\t\t<\/span>\n\t\t\t\t<\/div>\n\t\t\t\t\t<\/div>\n\t\t<\/article>\n\t\t\t\t<article class=\"elementor-post elementor-grid-item post-1221 post type-post status-publish format-standard hentry category-noticias\">\n\t\t\t<div class=\"elementor-post__card\">\n\t\t\t\t<div class=\"elementor-post__text\">\n\t\t\t\t<h2 class=\"elementor-post__title\">\n\t\t\t<a href=\"https:\/\/gijonbasket.com\/en\/2023\/06\/27\/alimerka-oviedo-baloncesto-se-busca-nuevo-entrenador\/\" >\n\t\t\t\tAlimerka Oviedo Baloncesto. Se busca nuevo entrenador.\t\t\t<\/a>\n\t\t<\/h2>\n\t\t\t\t<div class=\"elementor-post__excerpt\">\n\t\t\t<p>Pasan los d\u00edas, las semanas y el Alimerka Oviedo Baloncesto sigue sin cerrar qui\u00e9n dirigira al equipo para la temporada 2023\/2024. La opci\u00f3n de la<\/p>\n\t\t<\/div>\n\t\t\n\t\t<a class=\"elementor-post__read-more\" href=\"https:\/\/gijonbasket.com\/en\/2023\/06\/27\/alimerka-oviedo-baloncesto-se-busca-nuevo-entrenador\/\" aria-label=\"Read more about Alimerka Oviedo Baloncesto. Se busca nuevo entrenador.\" tabindex=\"-1\" >\n\t\t\tRead more &#034;\t\t<\/a>\n\n\t\t\t\t<\/div>\n\t\t\t\t<div class=\"elementor-post__meta-data\">\n\t\t\t\t\t<span class=\"elementor-post-date\">\n\t\t\t27 de June de 2023\t\t<\/span>\n\t\t\t\t<\/div>\n\t\t\t\t\t<\/div>\n\t\t<\/article>\n\t\t\t\t<article class=\"elementor-post elementor-grid-item post-1219 post type-post status-publish format-standard hentry category-noticias\">\n\t\t\t<div class=\"elementor-post__card\">\n\t\t\t\t<div class=\"elementor-post__text\">\n\t\t\t\t<h2 class=\"elementor-post__title\">\n\t\t\t<a href=\"https:\/\/gijonbasket.com\/en\/2023\/06\/26\/jasikevicius-adios-al-f-c-barcelona-con-la-llegada-de-roger-grimau\/\" >\n\t\t\t\tJasikevicius adi\u00f3s al F.C. Barcelona con la llegada de Roger Grimau\t\t\t<\/a>\n\t\t<\/h2>\n\t\t\t\t<div class=\"elementor-post__excerpt\">\n\t\t\t<p>F.C. Barcelona : No continuidad de Sarunas Jasikeicius como t\u00e9cnico blaugrana tras tres temporadas al frente del equipo conquistando Liga Endesa (2) y Copa del<\/p>\n\t\t<\/div>\n\t\t\n\t\t<a class=\"elementor-post__read-more\" href=\"https:\/\/gijonbasket.com\/en\/2023\/06\/26\/jasikevicius-adios-al-f-c-barcelona-con-la-llegada-de-roger-grimau\/\" aria-label=\"Read more about Jasikevicius adi\u00f3s al F.C. Barcelona con la llegada de Roger Grimau\" tabindex=\"-1\" >\n\t\t\tRead more &#034;\t\t<\/a>\n\n\t\t\t\t<\/div>\n\t\t\t\t<div class=\"elementor-post__meta-data\">\n\t\t\t\t\t<span class=\"elementor-post-date\">\n\t\t\t26 de June de 2023\t\t<\/span>\n\t\t\t\t<\/div>\n\t\t\t\t\t<\/div>\n\t\t<\/article>\n\t\t\t\t<article class=\"elementor-post elementor-grid-item post-1217 post type-post status-publish format-standard hentry category-noticias\">\n\t\t\t<div class=\"elementor-post__card\">\n\t\t\t\t<div class=\"elementor-post__text\">\n\t\t\t\t<h2 class=\"elementor-post__title\">\n\t\t\t<a href=\"https:\/\/gijonbasket.com\/en\/2023\/06\/26\/gijon-basket-2015-semana-clave-para-un-atipico-proceso-electoral\/\" >\n\t\t\t\tGij\u00f3n Basket 2015 semana Clave para un at\u00edpico Proceso Electoral\t\t\t<\/a>\n\t\t<\/h2>\n\t\t\t\t<div class=\"elementor-post__excerpt\">\n\t\t\t<p>Entramos en una semana clave para Gij\u00f3n Basket 2015 para definir la gobernabilidad del club en a\u00f1o electoral. A la tercera ir\u00e1 la vencida. Con<\/p>\n\t\t<\/div>\n\t\t\n\t\t<a class=\"elementor-post__read-more\" href=\"https:\/\/gijonbasket.com\/en\/2023\/06\/26\/gijon-basket-2015-semana-clave-para-un-atipico-proceso-electoral\/\" aria-label=\"Read more about Gij\u00f3n Basket 2015 semana Clave para un at\u00edpico Proceso Electoral\" tabindex=\"-1\" >\n\t\t\tRead more &#034;\t\t<\/a>\n\n\t\t\t\t<\/div>\n\t\t\t\t<div class=\"elementor-post__meta-data\">\n\t\t\t\t\t<span class=\"elementor-post-date\">\n\t\t\t26 de June de 2023\t\t<\/span>\n\t\t\t\t<\/div>\n\t\t\t\t\t<\/div>\n\t\t<\/article>\n\t\t\t\t<article class=\"elementor-post elementor-grid-item post-1214 post type-post status-publish format-standard hentry category-noticias\">\n\t\t\t<div class=\"elementor-post__card\">\n\t\t\t\t<div class=\"elementor-post__text\">\n\t\t\t\t<h2 class=\"elementor-post__title\">\n\t\t\t<a href=\"https:\/\/gijonbasket.com\/en\/2023\/06\/25\/belgica-campeon-eurobasket-fem-2023-final-espana-belgica-58-64\/\" >\n\t\t\t\tB\u00e9lgica Campe\u00f3n EuroBasket Fem. 2023. Final. Espa\u00f1a &#8211; B\u00e9lgica (58-64)\t\t\t<\/a>\n\t\t<\/h2>\n\t\t\t\t<div class=\"elementor-post__excerpt\">\n\t\t\t<p>B\u00e9lgica conquista su primer EuroBasket Femenino de su historia tras imponerse a Espa\u00f1a (58-64) y firmar un torneo con pleno de victorias. Emma Meesseman (B\u00e9lgica)<\/p>\n\t\t<\/div>\n\t\t\n\t\t<a class=\"elementor-post__read-more\" href=\"https:\/\/gijonbasket.com\/en\/2023\/06\/25\/belgica-campeon-eurobasket-fem-2023-final-espana-belgica-58-64\/\" aria-label=\"Read more about B\u00e9lgica Campe\u00f3n EuroBasket Fem. 2023. Final. Espa\u00f1a &#8211; B\u00e9lgica (58-64)\" tabindex=\"-1\" >\n\t\t\tRead more &#034;\t\t<\/a>\n\n\t\t\t\t<\/div>\n\t\t\t\t<div class=\"elementor-post__meta-data\">\n\t\t\t\t\t<span class=\"elementor-post-date\">\n\t\t\t25 de June de 2023\t\t<\/span>\n\t\t\t\t<\/div>\n\t\t\t\t\t<\/div>\n\t\t<\/article>\n\t\t\t\t<article class=\"elementor-post elementor-grid-item post-1212 post type-post status-publish format-standard hentry category-noticias\">\n\t\t\t<div class=\"elementor-post__card\">\n\t\t\t\t<div class=\"elementor-post__text\">\n\t\t\t\t<h2 class=\"elementor-post__title\">\n\t\t\t<a href=\"https:\/\/gijonbasket.com\/en\/2023\/06\/25\/zunder-palencia-con-paco-olmos-y-luis-casimiro-como-candidatos-al-banquillo\/\" >\n\t\t\t\tZunder Palencia con Paco Olmos y Luis Casimiro como candidatos al banquillo\t\t\t<\/a>\n\t\t<\/h2>\n\t\t\t\t<div class=\"elementor-post__excerpt\">\n\t\t\t<p>Zunder Palencia : Inter\u00e9s por Paco Olmos (Hereda San Pablo Burgos) y Luis Casimiro (Real Betis Baloncesto) como opciones para sustituir a Pedro Rivero en<\/p>\n\t\t<\/div>\n\t\t\n\t\t<a class=\"elementor-post__read-more\" href=\"https:\/\/gijonbasket.com\/en\/2023\/06\/25\/zunder-palencia-con-paco-olmos-y-luis-casimiro-como-candidatos-al-banquillo\/\" aria-label=\"Read more about Zunder Palencia con Paco Olmos y Luis Casimiro como candidatos al banquillo\" tabindex=\"-1\" >\n\t\t\tRead more &#034;\t\t<\/a>\n\n\t\t\t\t<\/div>\n\t\t\t\t<div class=\"elementor-post__meta-data\">\n\t\t\t\t\t<span class=\"elementor-post-date\">\n\t\t\t25 de June de 2023\t\t<\/span>\n\t\t\t\t<\/div>\n\t\t\t\t\t<\/div>\n\t\t<\/article>\n\t\t\t\t<article class=\"elementor-post elementor-grid-item post-1208 post type-post status-publish format-standard hentry category-noticias\">\n\t\t\t<div class=\"elementor-post__card\">\n\t\t\t\t<div class=\"elementor-post__text\">\n\t\t\t\t<h2 class=\"elementor-post__title\">\n\t\t\t<a href=\"https:\/\/gijonbasket.com\/en\/2023\/06\/25\/nikola-milutinov-fichaje-estrella-de-olympiacos\/\" >\n\t\t\t\tNikola Milutinov fichaje estrella de Olympiacos\t\t\t<\/a>\n\t\t<\/h2>\n\t\t\t\t<div class=\"elementor-post__excerpt\">\n\t\t\t<p>Olympiacos : Fichaje de Nikola Milutinov (CSKA Moscu) para las pr\u00f3ximas dos temporadas. El p\u00edvot serbio de 28 a\u00f1os y 2.14 m., tras militar las<\/p>\n\t\t<\/div>\n\t\t\n\t\t<a class=\"elementor-post__read-more\" href=\"https:\/\/gijonbasket.com\/en\/2023\/06\/25\/nikola-milutinov-fichaje-estrella-de-olympiacos\/\" aria-label=\"Read more about Nikola Milutinov fichaje estrella de Olympiacos\" tabindex=\"-1\" >\n\t\t\tRead more &#034;\t\t<\/a>\n\n\t\t\t\t<\/div>\n\t\t\t\t<div class=\"elementor-post__meta-data\">\n\t\t\t\t\t<span class=\"elementor-post-date\">\n\t\t\t25 de June de 2023\t\t<\/span>\n\t\t\t\t<\/div>\n\t\t\t\t\t<\/div>\n\t\t<\/article>\n\t\t\t\t<article class=\"elementor-post elementor-grid-item post-1206 post type-post status-publish format-standard hentry category-noticias\">\n\t\t\t<div class=\"elementor-post__card\">\n\t\t\t\t<div class=\"elementor-post__text\">\n\t\t\t\t<h2 class=\"elementor-post__title\">\n\t\t\t<a href=\"https:\/\/gijonbasket.com\/en\/2023\/06\/25\/mercado-de-fichajes-61\/\" >\n\t\t\t\tMercado de Fichajes\t\t\t<\/a>\n\t\t<\/h2>\n\t\t\t\t<div class=\"elementor-post__excerpt\">\n\t\t\t<p>Casademont Zaragoza : Continuidad de Stefan Jovic. Valencia Basket : No continuidad de Klemen Prepelic. Lenovo Tenerife : No continuidad de Sergio Rodr\u00edguez y Moussa<\/p>\n\t\t<\/div>\n\t\t\n\t\t<a class=\"elementor-post__read-more\" href=\"https:\/\/gijonbasket.com\/en\/2023\/06\/25\/mercado-de-fichajes-61\/\" aria-label=\"Read more about Mercado de Fichajes\" tabindex=\"-1\" >\n\t\t\tRead more &#034;\t\t<\/a>\n\n\t\t\t\t<\/div>\n\t\t\t\t<div class=\"elementor-post__meta-data\">\n\t\t\t\t\t<span class=\"elementor-post-date\">\n\t\t\t25 de June de 2023\t\t<\/span>\n\t\t\t\t<\/div>\n\t\t\t\t\t<\/div>\n\t\t<\/article>\n\t\t\t\t<article class=\"elementor-post elementor-grid-item post-1204 post type-post status-publish format-standard hentry category-noticias\">\n\t\t\t<div class=\"elementor-post__card\">\n\t\t\t\t<div class=\"elementor-post__text\">\n\t\t\t\t<h2 class=\"elementor-post__title\">\n\t\t\t<a href=\"https:\/\/gijonbasket.com\/en\/2023\/06\/24\/moncho-fernandez-sigue-haciendo-historia-con-monbus-obradoiro\/\" >\n\t\t\t\tMoncho Fern\u00e1ndez sigue haciendo historia con Monbus Obradoiro\t\t\t<\/a>\n\t\t<\/h2>\n\t\t\t\t<div class=\"elementor-post__excerpt\">\n\t\t\t<p>Monbus Obradoiro : Renovaci\u00f3n de contrato a Moncho Fern\u00e1ndez como t\u00e9cnico del conjunto compostelano para las pr\u00f3ximas dos temporadas. Moncho Fern\u00e1ndez acumula 13 temporadas consecutivas<\/p>\n\t\t<\/div>\n\t\t\n\t\t<a class=\"elementor-post__read-more\" href=\"https:\/\/gijonbasket.com\/en\/2023\/06\/24\/moncho-fernandez-sigue-haciendo-historia-con-monbus-obradoiro\/\" aria-label=\"Read more about Moncho Fern\u00e1ndez sigue haciendo historia con Monbus Obradoiro\" tabindex=\"-1\" >\n\t\t\tRead more &#034;\t\t<\/a>\n\n\t\t\t\t<\/div>\n\t\t\t\t<div class=\"elementor-post__meta-data\">\n\t\t\t\t\t<span class=\"elementor-post-date\">\n\t\t\t24 de June de 2023\t\t<\/span>\n\t\t\t\t<\/div>\n\t\t\t\t\t<\/div>\n\t\t<\/article>\n\t\t\t\t<article class=\"elementor-post elementor-grid-item post-1202 post type-post status-publish format-standard hentry category-noticias\">\n\t\t\t<div class=\"elementor-post__card\">\n\t\t\t\t<div class=\"elementor-post__text\">\n\t\t\t\t<h2 class=\"elementor-post__title\">\n\t\t\t<a href=\"https:\/\/gijonbasket.com\/en\/2023\/06\/24\/pedro-rivero-zunder-palencia-nuevo-entrenador-del-movistar-estudiantes\/\" >\n\t\t\t\tPedro Rivero (Zunder Palencia) nuevo entrenador del Movistar Estudiantes\t\t\t<\/a>\n\t\t<\/h2>\n\t\t\t\t<div class=\"elementor-post__excerpt\">\n\t\t\t<p>Movistar Estudiantes : Contrataci\u00f3n de Pedro Rivero (Zunder Palencia) como nuevo t\u00e9cnico colegial para la temporada 2023\/2024. Pedro Rivero conquist\u00f3 la Copa Princesa de Asturias<\/p>\n\t\t<\/div>\n\t\t\n\t\t<a class=\"elementor-post__read-more\" href=\"https:\/\/gijonbasket.com\/en\/2023\/06\/24\/pedro-rivero-zunder-palencia-nuevo-entrenador-del-movistar-estudiantes\/\" aria-label=\"Read more about Pedro Rivero (Zunder Palencia) nuevo entrenador del Movistar Estudiantes\" tabindex=\"-1\" >\n\t\t\tRead more &#034;\t\t<\/a>\n\n\t\t\t\t<\/div>\n\t\t\t\t<div class=\"elementor-post__meta-data\">\n\t\t\t\t\t<span class=\"elementor-post-date\">\n\t\t\t24 de June de 2023\t\t<\/span>\n\t\t\t\t<\/div>\n\t\t\t\t\t<\/div>\n\t\t<\/article>\n\t\t\t\t<article class=\"elementor-post elementor-grid-item post-1200 post type-post status-publish format-standard hentry category-noticias\">\n\t\t\t<div class=\"elementor-post__card\">\n\t\t\t\t<div class=\"elementor-post__text\">\n\t\t\t\t<h2 class=\"elementor-post__title\">\n\t\t\t<a href=\"https:\/\/gijonbasket.com\/en\/2023\/06\/24\/oscar-cabrera-1995-2023\/\" >\n\t\t\t\t\u00d3scar Cabrera (1995-2023)\t\t\t<\/a>\n\t\t<\/h2>\n\t\t\t\t<div class=\"elementor-post__excerpt\">\n\t\t\t<p>El mundo del baloncesto se ti\u00f1e de luto por la luctuosa p\u00e9rdida de \u00d3scar Cabrera. Escolta dominicano de 28 a\u00f1os y 1.92 m., falleci\u00f3 v\u00edctima<\/p>\n\t\t<\/div>\n\t\t\n\t\t<a class=\"elementor-post__read-more\" href=\"https:\/\/gijonbasket.com\/en\/2023\/06\/24\/oscar-cabrera-1995-2023\/\" aria-label=\"Read more about \u00d3scar Cabrera (1995-2023)\" tabindex=\"-1\" >\n\t\t\tRead more &#034;\t\t<\/a>\n\n\t\t\t\t<\/div>\n\t\t\t\t<div class=\"elementor-post__meta-data\">\n\t\t\t\t\t<span class=\"elementor-post-date\">\n\t\t\t24 de June de 2023\t\t<\/span>\n\t\t\t\t<\/div>\n\t\t\t\t\t<\/div>\n\t\t<\/article>\n\t\t\t\t<article class=\"elementor-post elementor-grid-item post-1198 post type-post status-publish format-standard hentry category-noticias\">\n\t\t\t<div class=\"elementor-post__card\">\n\t\t\t\t<div class=\"elementor-post__text\">\n\t\t\t\t<h2 class=\"elementor-post__title\">\n\t\t\t<a href=\"https:\/\/gijonbasket.com\/en\/2023\/06\/24\/joan-penarroya-una-temporada-mas-al-frente-de-cazoo-baskonia\/\" >\n\t\t\t\tJoan Pe\u00f1arroya una temporada m\u00e1s al frente de Cazoo Baskonia\t\t\t<\/a>\n\t\t<\/h2>\n\t\t\t\t<div class=\"elementor-post__excerpt\">\n\t\t\t<p>Joan Pe\u00f1arroya continuar\u00e1 dirigiendo al Cazoo Baskonia para la pr\u00f3xima temporada. Su continuidad estuvo en el alero debido a los resultados negativos en Copa del<\/p>\n\t\t<\/div>\n\t\t\n\t\t<a class=\"elementor-post__read-more\" href=\"https:\/\/gijonbasket.com\/en\/2023\/06\/24\/joan-penarroya-una-temporada-mas-al-frente-de-cazoo-baskonia\/\" aria-label=\"Read more about Joan Pe\u00f1arroya una temporada m\u00e1s al frente de Cazoo Baskonia\" tabindex=\"-1\" >\n\t\t\tRead more &#034;\t\t<\/a>\n\n\t\t\t\t<\/div>\n\t\t\t\t<div class=\"elementor-post__meta-data\">\n\t\t\t\t\t<span class=\"elementor-post-date\">\n\t\t\t24 de June de 2023\t\t<\/span>\n\t\t\t\t<\/div>\n\t\t\t\t\t<\/div>\n\t\t<\/article>\n\t\t\t\t<article class=\"elementor-post elementor-grid-item post-1196 post type-post status-publish format-standard hentry category-noticias\">\n\t\t\t<div class=\"elementor-post__card\">\n\t\t\t\t<div class=\"elementor-post__text\">\n\t\t\t\t<h2 class=\"elementor-post__title\">\n\t\t\t<a href=\"https:\/\/gijonbasket.com\/en\/2023\/06\/24\/adam-hanga-y-petr-cornelie-primeras-bajas-en-el-real-madrid\/\" >\n\t\t\t\tAdam Hanga y Petr Cornelie primeras bajas en el Real Madrid\t\t\t<\/a>\n\t\t<\/h2>\n\t\t\t\t<div class=\"elementor-post__excerpt\">\n\t\t\t<p>Adam Hanga, tras dos temporadas en el Real Madrid, no continuar\u00e1 en el conjunto merengue tras no hacer efectiva el club la cl\u00e1usula por una<\/p>\n\t\t<\/div>\n\t\t\n\t\t<a class=\"elementor-post__read-more\" href=\"https:\/\/gijonbasket.com\/en\/2023\/06\/24\/adam-hanga-y-petr-cornelie-primeras-bajas-en-el-real-madrid\/\" aria-label=\"Read more about Adam Hanga y Petr Cornelie primeras bajas en el Real Madrid\" tabindex=\"-1\" >\n\t\t\tRead more &#034;\t\t<\/a>\n\n\t\t\t\t<\/div>\n\t\t\t\t<div class=\"elementor-post__meta-data\">\n\t\t\t\t\t<span class=\"elementor-post-date\">\n\t\t\t24 de June de 2023\t\t<\/span>\n\t\t\t\t<\/div>\n\t\t\t\t\t<\/div>\n\t\t<\/article>\n\t\t\t\t<article class=\"elementor-post elementor-grid-item post-1192 post type-post status-publish format-standard hentry category-noticias\">\n\t\t\t<div class=\"elementor-post__card\">\n\t\t\t\t<div class=\"elementor-post__text\">\n\t\t\t\t<h2 class=\"elementor-post__title\">\n\t\t\t<a href=\"https:\/\/gijonbasket.com\/en\/2023\/06\/23\/victor-wembanyama-no1-draft-nba-con-san-antonio-spurs\/\" >\n\t\t\t\tVictor Wembanyama N\u00ba1 Draft NBA con San Antonio Spurs\t\t\t<\/a>\n\t\t<\/h2>\n\t\t\t\t<div class=\"elementor-post__excerpt\">\n\t\t\t<p>Los San Antonio Spurs eligieron la pasada madrugada, como estaba previsto, a Victor Wembanyama (Boulogne-Levallois Metropolitans 92) como n\u00ba 1 del Draft NBA 2023. Victor<\/p>\n\t\t<\/div>\n\t\t\n\t\t<a class=\"elementor-post__read-more\" href=\"https:\/\/gijonbasket.com\/en\/2023\/06\/23\/victor-wembanyama-no1-draft-nba-con-san-antonio-spurs\/\" aria-label=\"Read more about Victor Wembanyama N\u00ba1 Draft NBA con San Antonio Spurs\" tabindex=\"-1\" >\n\t\t\tRead more &#034;\t\t<\/a>\n\n\t\t\t\t<\/div>\n\t\t\t\t<div class=\"elementor-post__meta-data\">\n\t\t\t\t\t<span class=\"elementor-post-date\">\n\t\t\t23 de June de 2023\t\t<\/span>\n\t\t\t\t<\/div>\n\t\t\t\t\t<\/div>\n\t\t<\/article>\n\t\t\t\t<article class=\"elementor-post elementor-grid-item post-1190 post type-post status-publish format-standard hentry category-noticias\">\n\t\t\t<div class=\"elementor-post__card\">\n\t\t\t\t<div class=\"elementor-post__text\">\n\t\t\t\t<h2 class=\"elementor-post__title\">\n\t\t\t<a href=\"https:\/\/gijonbasket.com\/en\/2023\/06\/23\/chris-paul-a-golden-state-warriors-sin-debutar-con-washington-wizards\/\" >\n\t\t\t\tChris Paul a Golden State Warriors sin debutar con Washington Wizards\t\t\t<\/a>\n\t\t<\/h2>\n\t\t\t\t<div class=\"elementor-post__excerpt\">\n\t\t\t<p>Golden State Warriors : Fichaje de Chris Paul (Washington Wizards). Washington Wizards : Fichajes de Jordan Poole y Ryan Rollings procedentes de Golden State Warriors.<\/p>\n\t\t<\/div>\n\t\t\n\t\t<a class=\"elementor-post__read-more\" href=\"https:\/\/gijonbasket.com\/en\/2023\/06\/23\/chris-paul-a-golden-state-warriors-sin-debutar-con-washington-wizards\/\" aria-label=\"Read more about Chris Paul a Golden State Warriors sin debutar con Washington Wizards\" tabindex=\"-1\" >\n\t\t\tRead more &#034;\t\t<\/a>\n\n\t\t\t\t<\/div>\n\t\t\t\t<div class=\"elementor-post__meta-data\">\n\t\t\t\t\t<span class=\"elementor-post-date\">\n\t\t\t23 de June de 2023\t\t<\/span>\n\t\t\t\t<\/div>\n\t\t\t\t\t<\/div>\n\t\t<\/article>\n\t\t\t\t<article class=\"elementor-post elementor-grid-item post-1188 post type-post status-publish format-standard hentry category-noticias\">\n\t\t\t<div class=\"elementor-post__card\">\n\t\t\t\t<div class=\"elementor-post__text\">\n\t\t\t\t<h2 class=\"elementor-post__title\">\n\t\t\t<a href=\"https:\/\/gijonbasket.com\/en\/2023\/06\/23\/5-equipos-asturianos-en-competiciones-feb-2023-2024\/\" >\n\t\t\t\t5 equipos asturianos en Competiciones FEB 2023\/2024\t\t\t<\/a>\n\t\t<\/h2>\n\t\t\t\t<div class=\"elementor-post__excerpt\">\n\t\t\t<p>El Principado de Asturias contar\u00e1 con 5 equipos en Competiciones FEB para la temporada 2023\/2024. Alimerka Oviedo Baloncesto en LEB Oro en lo que ser\u00e1<\/p>\n\t\t<\/div>\n\t\t\n\t\t<a class=\"elementor-post__read-more\" href=\"https:\/\/gijonbasket.com\/en\/2023\/06\/23\/5-equipos-asturianos-en-competiciones-feb-2023-2024\/\" aria-label=\"Read more about 5 equipos asturianos en Competiciones FEB 2023\/2024\" tabindex=\"-1\" >\n\t\t\tRead more &#034;\t\t<\/a>\n\n\t\t\t\t<\/div>\n\t\t\t\t<div class=\"elementor-post__meta-data\">\n\t\t\t\t\t<span class=\"elementor-post-date\">\n\t\t\t23 de June de 2023\t\t<\/span>\n\t\t\t\t<\/div>\n\t\t\t\t\t<\/div>\n\t\t<\/article>\n\t\t\t\t<article class=\"elementor-post elementor-grid-item post-1185 post type-post status-publish format-standard hentry category-noticias\">\n\t\t\t<div class=\"elementor-post__card\">\n\t\t\t\t<div class=\"elementor-post__text\">\n\t\t\t\t<h2 class=\"elementor-post__title\">\n\t\t\t<a href=\"https:\/\/gijonbasket.com\/en\/2023\/06\/22\/hansel-atencia-movistar-estudiantes-al-caceres-patrimonio-de-la-humanidad\/\" >\n\t\t\t\tHansel Atencia (Movistar Estudiantes) al C\u00e1ceres Patrimonio de la Humanidad\t\t\t<\/a>\n\t\t<\/h2>\n\t\t\t\t<div class=\"elementor-post__excerpt\">\n\t\t\t<p>C\u00e1ceres Patrimonio de la Humanidad : Fichaje de Hansel Atencia (Movistar Estudiantes). El base colombiano con nacionalidad espa\u00f1ola de 26 a\u00f1os y 1.79 m. milit\u00f3<\/p>\n\t\t<\/div>\n\t\t\n\t\t<a class=\"elementor-post__read-more\" href=\"https:\/\/gijonbasket.com\/en\/2023\/06\/22\/hansel-atencia-movistar-estudiantes-al-caceres-patrimonio-de-la-humanidad\/\" aria-label=\"Read more about Hansel Atencia (Movistar Estudiantes) al C\u00e1ceres Patrimonio de la Humanidad\" tabindex=\"-1\" >\n\t\t\tRead more &#034;\t\t<\/a>\n\n\t\t\t\t<\/div>\n\t\t\t\t<div class=\"elementor-post__meta-data\">\n\t\t\t\t\t<span class=\"elementor-post-date\">\n\t\t\t22 de June de 2023\t\t<\/span>\n\t\t\t\t<\/div>\n\t\t\t\t\t<\/div>\n\t\t<\/article>\n\t\t\t\t<article class=\"elementor-post elementor-grid-item post-1183 post type-post status-publish format-standard hentry category-noticias\">\n\t\t\t<div class=\"elementor-post__card\">\n\t\t\t\t<div class=\"elementor-post__text\">\n\t\t\t\t<h2 class=\"elementor-post__title\">\n\t\t\t<a href=\"https:\/\/gijonbasket.com\/en\/2023\/06\/22\/multitraspaso-nba-celtics-wizards-grizzlies\/\" >\n\t\t\t\tMultitraspaso NBA. Celtics-Wizards-Grizzlies.\t\t\t<\/a>\n\t\t<\/h2>\n\t\t\t\t<div class=\"elementor-post__excerpt\">\n\t\t\t<p>Boston Celtics : Fichaje de Kristaps Porzingis (Washington Wizards). Washington Wizards : Fichajes de Tyus Jones (Memphis Grizzlies) junto a Danilo Gallinari y Mike Muscala<\/p>\n\t\t<\/div>\n\t\t\n\t\t<a class=\"elementor-post__read-more\" href=\"https:\/\/gijonbasket.com\/en\/2023\/06\/22\/multitraspaso-nba-celtics-wizards-grizzlies\/\" aria-label=\"Read more about Multitraspaso NBA. Celtics-Wizards-Grizzlies.\" tabindex=\"-1\" >\n\t\t\tRead more &#034;\t\t<\/a>\n\n\t\t\t\t<\/div>\n\t\t\t\t<div class=\"elementor-post__meta-data\">\n\t\t\t\t\t<span class=\"elementor-post-date\">\n\t\t\t22 de June de 2023\t\t<\/span>\n\t\t\t\t<\/div>\n\t\t\t\t\t<\/div>\n\t\t<\/article>\n\t\t\t\t<article class=\"elementor-post elementor-grid-item post-1181 post type-post status-publish format-standard hentry category-noticias\">\n\t\t\t<div class=\"elementor-post__card\">\n\t\t\t\t<div class=\"elementor-post__text\">\n\t\t\t\t<h2 class=\"elementor-post__title\">\n\t\t\t<a href=\"https:\/\/gijonbasket.com\/en\/2023\/06\/22\/mercado-de-fichajes-60\/\" >\n\t\t\t\tMercado de Fichajes\t\t\t<\/a>\n\t\t<\/h2>\n\t\t\t\t<div class=\"elementor-post__excerpt\">\n\t\t\t<p>Anadolu Efes : Fichaje de Derek Willis (Umana Reyer Venezia). B\u00e1squet Girona : Contrataci\u00f3n de Salva Camps (BAXI Manresa) como nuevo t\u00e9cnico del conjunto gerundense.<\/p>\n\t\t<\/div>\n\t\t\n\t\t<a class=\"elementor-post__read-more\" href=\"https:\/\/gijonbasket.com\/en\/2023\/06\/22\/mercado-de-fichajes-60\/\" aria-label=\"Read more about Mercado de Fichajes\" tabindex=\"-1\" >\n\t\t\tRead more &#034;\t\t<\/a>\n\n\t\t\t\t<\/div>\n\t\t\t\t<div class=\"elementor-post__meta-data\">\n\t\t\t\t\t<span class=\"elementor-post-date\">\n\t\t\t22 de June de 2023\t\t<\/span>\n\t\t\t\t<\/div>\n\t\t\t\t\t<\/div>\n\t\t<\/article>\n\t\t\t\t<article class=\"elementor-post elementor-grid-item post-1179 post type-post status-publish format-standard hentry category-noticias\">\n\t\t\t<div class=\"elementor-post__card\">\n\t\t\t\t<div class=\"elementor-post__text\">\n\t\t\t\t<h2 class=\"elementor-post__title\">\n\t\t\t<a href=\"https:\/\/gijonbasket.com\/en\/2023\/06\/21\/mercado-de-fichajes-59\/\" >\n\t\t\t\tMercado de Fichajes\t\t\t<\/a>\n\t\t<\/h2>\n\t\t\t\t<div class=\"elementor-post__excerpt\">\n\t\t\t<p>Anadolu Efes : Contrataci\u00f3n de Erdem Can (T\u00fcrk Telekom Ankara) como nuevo t\u00e9cnico del conjunto otomano. Panathinaikos : Contrataci\u00f3n de Ergin Ataman (Anadolu Efes) como<\/p>\n\t\t<\/div>\n\t\t\n\t\t<a class=\"elementor-post__read-more\" href=\"https:\/\/gijonbasket.com\/en\/2023\/06\/21\/mercado-de-fichajes-59\/\" aria-label=\"Read more about Mercado de Fichajes\" tabindex=\"-1\" >\n\t\t\tRead more &#034;\t\t<\/a>\n\n\t\t\t\t<\/div>\n\t\t\t\t<div class=\"elementor-post__meta-data\">\n\t\t\t\t\t<span class=\"elementor-post-date\">\n\t\t\t21 de June de 2023\t\t<\/span>\n\t\t\t\t<\/div>\n\t\t\t\t\t<\/div>\n\t\t<\/article>\n\t\t\t\t<article class=\"elementor-post elementor-grid-item post-1177 post type-post status-publish format-standard hentry category-noticias\">\n\t\t\t<div class=\"elementor-post__card\">\n\t\t\t\t<div class=\"elementor-post__text\">\n\t\t\t\t<h2 class=\"elementor-post__title\">\n\t\t\t<a href=\"https:\/\/gijonbasket.com\/en\/2023\/06\/21\/f-c-barcelona-campeon-liga-endesa-2022-2023-real-madrid-f-c-barcelona-82-93-partido-3\/\" >\n\t\t\t\tF.C. Barcelona Campe\u00f3n Liga Endesa 2022\/2023. Real Madrid &#8211; F.C. Barcelona (82-93). Partido 3.\t\t\t<\/a>\n\t\t<\/h2>\n\t\t\t\t<div class=\"elementor-post__excerpt\">\n\t\t\t<p>El F.C. Barcelona se proclam\u00f3 ayer Campe\u00f3n de la Liga Endesa 2022\/2023 tras vencer al Real Madrid (82-93) en el tercer encuentro de la serie<\/p>\n\t\t<\/div>\n\t\t\n\t\t<a class=\"elementor-post__read-more\" href=\"https:\/\/gijonbasket.com\/en\/2023\/06\/21\/f-c-barcelona-campeon-liga-endesa-2022-2023-real-madrid-f-c-barcelona-82-93-partido-3\/\" aria-label=\"Read more about F.C. Barcelona Campe\u00f3n Liga Endesa 2022\/2023. Real Madrid &#8211; F.C. Barcelona (82-93). Partido 3.\" tabindex=\"-1\" >\n\t\t\tRead more &#034;\t\t<\/a>\n\n\t\t\t\t<\/div>\n\t\t\t\t<div class=\"elementor-post__meta-data\">\n\t\t\t\t\t<span class=\"elementor-post-date\">\n\t\t\t21 de June de 2023\t\t<\/span>\n\t\t\t\t<\/div>\n\t\t\t\t\t<\/div>\n\t\t<\/article>\n\t\t\t\t<article class=\"elementor-post elementor-grid-item post-1175 post type-post status-publish format-standard hentry category-noticias\">\n\t\t\t<div class=\"elementor-post__card\">\n\t\t\t\t<div class=\"elementor-post__text\">\n\t\t\t\t<h2 class=\"elementor-post__title\">\n\t\t\t<a href=\"https:\/\/gijonbasket.com\/en\/2023\/06\/20\/gijon-basket-mas-cerca-del-relevo-en-la-presidencia-habemus-candidat\/\" >\n\t\t\t\tGij\u00f3n Basket m\u00e1s cerca del relevo en la Presidencia. Habemus Candidat@.\t\t\t<\/a>\n\t\t<\/h2>\n\t\t\t\t<div class=\"elementor-post__excerpt\">\n\t\t\t<p>Habemus Candidat@ a la Presidencia de Gij\u00f3n Basket y por tal motivo la Junta Directiva convoca el tercer proceso electoral. En primer lugar para la<\/p>\n\t\t<\/div>\n\t\t\n\t\t<a class=\"elementor-post__read-more\" href=\"https:\/\/gijonbasket.com\/en\/2023\/06\/20\/gijon-basket-mas-cerca-del-relevo-en-la-presidencia-habemus-candidat\/\" aria-label=\"Read more about Gij\u00f3n Basket m\u00e1s cerca del relevo en la Presidencia. Habemus Candidat@.\" tabindex=\"-1\" >\n\t\t\tRead more &#034;\t\t<\/a>\n\n\t\t\t\t<\/div>\n\t\t\t\t<div class=\"elementor-post__meta-data\">\n\t\t\t\t\t<span class=\"elementor-post-date\">\n\t\t\t20 de June de 2023\t\t<\/span>\n\t\t\t\t<\/div>\n\t\t\t\t\t<\/div>\n\t\t<\/article>\n\t\t\t\t<article class=\"elementor-post elementor-grid-item post-1173 post type-post status-publish format-standard hentry category-noticias\">\n\t\t\t<div class=\"elementor-post__card\">\n\t\t\t\t<div class=\"elementor-post__text\">\n\t\t\t\t<h2 class=\"elementor-post__title\">\n\t\t\t<a href=\"https:\/\/gijonbasket.com\/en\/2023\/06\/20\/bradley-beal-washington-wizards-a-los-phoenix-suns-y-chris-paul-phoenix-suns-a-wizards\/\" >\n\t\t\t\tBradley Beal (Washington Wizards) a los Phoenix Suns y Chris Paul (Phoenix Suns) a Wizards\t\t\t<\/a>\n\t\t<\/h2>\n\t\t\t\t<div class=\"elementor-post__excerpt\">\n\t\t\t<p>Phoenix Suns : Fichaje de Bradley Beal (Washington Wizards). Washington Wizards : Fichajes de Chris Paul y Landry Smith procedentes de Phoenix Suns.<\/p>\n\t\t<\/div>\n\t\t\n\t\t<a class=\"elementor-post__read-more\" href=\"https:\/\/gijonbasket.com\/en\/2023\/06\/20\/bradley-beal-washington-wizards-a-los-phoenix-suns-y-chris-paul-phoenix-suns-a-wizards\/\" aria-label=\"Read more about Bradley Beal (Washington Wizards) a los Phoenix Suns y Chris Paul (Phoenix Suns) a Wizards\" tabindex=\"-1\" >\n\t\t\tRead more &#034;\t\t<\/a>\n\n\t\t\t\t<\/div>\n\t\t\t\t<div class=\"elementor-post__meta-data\">\n\t\t\t\t\t<span class=\"elementor-post-date\">\n\t\t\t20 de June de 2023\t\t<\/span>\n\t\t\t\t<\/div>\n\t\t\t\t\t<\/div>\n\t\t<\/article>\n\t\t\t\t<article class=\"elementor-post elementor-grid-item post-1171 post type-post status-publish format-standard hentry category-noticias\">\n\t\t\t<div class=\"elementor-post__card\">\n\t\t\t\t<div class=\"elementor-post__text\">\n\t\t\t\t<h2 class=\"elementor-post__title\">\n\t\t\t<a href=\"https:\/\/gijonbasket.com\/en\/2023\/06\/20\/mercado-de-fichajes-58\/\" >\n\t\t\t\tMercado de Fichajes\t\t\t<\/a>\n\t\t<\/h2>\n\t\t\t\t<div class=\"elementor-post__excerpt\">\n\t\t\t<p>MoraBanc Andorra : Renovaci\u00f3n de contrato a Felipe dos Anjos para las pr\u00f3ximas dos temporadas. Surne Bilbao Basket : Renovaci\u00f3n de contrato a Tomeu Rigo<\/p>\n\t\t<\/div>\n\t\t\n\t\t<a class=\"elementor-post__read-more\" href=\"https:\/\/gijonbasket.com\/en\/2023\/06\/20\/mercado-de-fichajes-58\/\" aria-label=\"Read more about Mercado de Fichajes\" tabindex=\"-1\" >\n\t\t\tRead more &#034;\t\t<\/a>\n\n\t\t\t\t<\/div>\n\t\t\t\t<div class=\"elementor-post__meta-data\">\n\t\t\t\t\t<span class=\"elementor-post-date\">\n\t\t\t20 de June de 2023\t\t<\/span>\n\t\t\t\t<\/div>\n\t\t\t\t\t<\/div>\n\t\t<\/article>\n\t\t\t\t<article class=\"elementor-post elementor-grid-item post-1168 post type-post status-publish format-standard hentry category-noticias\">\n\t\t\t<div class=\"elementor-post__card\">\n\t\t\t\t<div class=\"elementor-post__text\">\n\t\t\t\t<h2 class=\"elementor-post__title\">\n\t\t\t<a href=\"https:\/\/gijonbasket.com\/en\/2023\/06\/19\/zunder-palencia-acb-final-four-ascenso-liga-endesa-zunder-palencia-hereda-san-pablo-burgos-95-83\/\" >\n\t\t\t\tZunder Palencia ACB. Final Four Ascenso Liga Endesa. Zunder Palencia &#8211; Hereda San Pablo Burgos (95-83).\t\t\t<\/a>\n\t\t<\/h2>\n\t\t\t\t<div class=\"elementor-post__excerpt\">\n\t\t\t<p>Hist\u00f3rico ascenso del Zunder Palencia a la Liga Endesa tras proclamarse Campe\u00f3n de la Final Four superando al anfitri\u00f3n Hereda San Pablo Burgos. Absoluta superioridad<\/p>\n\t\t<\/div>\n\t\t\n\t\t<a class=\"elementor-post__read-more\" href=\"https:\/\/gijonbasket.com\/en\/2023\/06\/19\/zunder-palencia-acb-final-four-ascenso-liga-endesa-zunder-palencia-hereda-san-pablo-burgos-95-83\/\" aria-label=\"Read more about Zunder Palencia ACB. Final Four Ascenso Liga Endesa. Zunder Palencia &#8211; Hereda San Pablo Burgos (95-83).\" tabindex=\"-1\" >\n\t\t\tRead more &#034;\t\t<\/a>\n\n\t\t\t\t<\/div>\n\t\t\t\t<div class=\"elementor-post__meta-data\">\n\t\t\t\t\t<span class=\"elementor-post-date\">\n\t\t\t19 de June de 2023\t\t<\/span>\n\t\t\t\t<\/div>\n\t\t\t\t\t<\/div>\n\t\t<\/article>\n\t\t\t\t<article class=\"elementor-post elementor-grid-item post-1166 post type-post status-publish format-standard hentry category-noticias\">\n\t\t\t<div class=\"elementor-post__card\">\n\t\t\t\t<div class=\"elementor-post__text\">\n\t\t\t\t<h2 class=\"elementor-post__title\">\n\t\t\t<a href=\"https:\/\/gijonbasket.com\/en\/2023\/06\/18\/mercado-de-fichajes-57\/\" >\n\t\t\t\tMercado de Fichajes\t\t\t<\/a>\n\t\t<\/h2>\n\t\t\t\t<div class=\"elementor-post__excerpt\">\n\t\t\t<p>HLA Alicante : Fichaje de Tiago Dias (Baloncesto Torrelodones). Stjarnan : Fichaje de Aegir Steinarsson (HLA Alicante). Mincidelice JL Bourg en Bresse : Fichaje de<\/p>\n\t\t<\/div>\n\t\t\n\t\t<a class=\"elementor-post__read-more\" href=\"https:\/\/gijonbasket.com\/en\/2023\/06\/18\/mercado-de-fichajes-57\/\" aria-label=\"Read more about Mercado de Fichajes\" tabindex=\"-1\" >\n\t\t\tRead more &#034;\t\t<\/a>\n\n\t\t\t\t<\/div>\n\t\t\t\t<div class=\"elementor-post__meta-data\">\n\t\t\t\t\t<span class=\"elementor-post-date\">\n\t\t\t18 de June de 2023\t\t<\/span>\n\t\t\t\t<\/div>\n\t\t\t\t\t<\/div>\n\t\t<\/article>\n\t\t\t\t<article class=\"elementor-post elementor-grid-item post-1164 post type-post status-publish format-standard hentry category-noticias\">\n\t\t\t<div class=\"elementor-post__card\">\n\t\t\t\t<div class=\"elementor-post__text\">\n\t\t\t\t<h2 class=\"elementor-post__title\">\n\t\t\t<a href=\"https:\/\/gijonbasket.com\/en\/2023\/06\/18\/zunder-palencia-hereda-san-pablo-burgos-final-por-el-ascenso-a-liga-endesa\/\" >\n\t\t\t\tZunder Palencia &#8211; Hereda San Pablo Burgos. Final por el Ascenso a Liga Endesa.\t\t\t<\/a>\n\t\t<\/h2>\n\t\t\t\t<div class=\"elementor-post__excerpt\">\n\t\t\t<p>Zunder Palencia y Hereda San Pablo Burgos se jugar\u00e1n la segunda plaza de ascenso a Liga Endesa para acompa\u00f1ar al MoraBanc Andorra. Desde las 20:30<\/p>\n\t\t<\/div>\n\t\t\n\t\t<a class=\"elementor-post__read-more\" href=\"https:\/\/gijonbasket.com\/en\/2023\/06\/18\/zunder-palencia-hereda-san-pablo-burgos-final-por-el-ascenso-a-liga-endesa\/\" aria-label=\"Read more about Zunder Palencia &#8211; Hereda San Pablo Burgos. Final por el Ascenso a Liga Endesa.\" tabindex=\"-1\" >\n\t\t\tRead more &#034;\t\t<\/a>\n\n\t\t\t\t<\/div>\n\t\t\t\t<div class=\"elementor-post__meta-data\">\n\t\t\t\t\t<span class=\"elementor-post-date\">\n\t\t\t18 de June de 2023\t\t<\/span>\n\t\t\t\t<\/div>\n\t\t\t\t\t<\/div>\n\t\t<\/article>\n\t\t\t\t<article class=\"elementor-post elementor-grid-item post-1162 post type-post status-publish format-standard hentry category-noticias\">\n\t\t\t<div class=\"elementor-post__card\">\n\t\t\t\t<div class=\"elementor-post__text\">\n\t\t\t\t<h2 class=\"elementor-post__title\">\n\t\t\t<a href=\"https:\/\/gijonbasket.com\/en\/2023\/06\/17\/mercado-de-fichajes-56\/\" >\n\t\t\t\tMercado de Fichajes\t\t\t<\/a>\n\t\t<\/h2>\n\t\t\t\t<div class=\"elementor-post__excerpt\">\n\t\t\t<p>Unicaja : Renovaci\u00f3n de contrato a Yankuba Sima para la pr\u00f3xima temporada. Surne Bilbao Basket : Renovaci\u00f3n de contrato a Denzel Andersson para la pr\u00f3xima<\/p>\n\t\t<\/div>\n\t\t\n\t\t<a class=\"elementor-post__read-more\" href=\"https:\/\/gijonbasket.com\/en\/2023\/06\/17\/mercado-de-fichajes-56\/\" aria-label=\"Read more about Mercado de Fichajes\" tabindex=\"-1\" >\n\t\t\tRead more &#034;\t\t<\/a>\n\n\t\t\t\t<\/div>\n\t\t\t\t<div class=\"elementor-post__meta-data\">\n\t\t\t\t\t<span class=\"elementor-post-date\">\n\t\t\t17 de June de 2023\t\t<\/span>\n\t\t\t\t<\/div>\n\t\t\t\t\t<\/div>\n\t\t<\/article>\n\t\t\t\t<article class=\"elementor-post elementor-grid-item post-1160 post type-post status-publish format-standard hentry category-noticias\">\n\t\t\t<div class=\"elementor-post__card\">\n\t\t\t\t<div class=\"elementor-post__text\">\n\t\t\t\t<h2 class=\"elementor-post__title\">\n\t\t\t<a href=\"https:\/\/gijonbasket.com\/en\/2023\/06\/16\/mercado-de-fichajes-55\/\" >\n\t\t\t\tMercado de Fichajes\t\t\t<\/a>\n\t\t<\/h2>\n\t\t\t\t<div class=\"elementor-post__excerpt\">\n\t\t\t<p>Zalgiris Kaunas : No continuidad de Achille Polonara. Fenerbahce Beko Istanbul : Inter\u00e9s por Nate Sestina (T\u00fcrk Telekom Ankara). Filou Oostende : Fichaje de Joppe<\/p>\n\t\t<\/div>\n\t\t\n\t\t<a class=\"elementor-post__read-more\" href=\"https:\/\/gijonbasket.com\/en\/2023\/06\/16\/mercado-de-fichajes-55\/\" aria-label=\"Read more about Mercado de Fichajes\" tabindex=\"-1\" >\n\t\t\tRead more &#034;\t\t<\/a>\n\n\t\t\t\t<\/div>\n\t\t\t\t<div class=\"elementor-post__meta-data\">\n\t\t\t\t\t<span class=\"elementor-post-date\">\n\t\t\t16 de June de 2023\t\t<\/span>\n\t\t\t\t<\/div>\n\t\t\t\t\t<\/div>\n\t\t<\/article>\n\t\t\t\t<article class=\"elementor-post elementor-grid-item post-1155 post type-post status-publish format-standard hentry category-noticias\">\n\t\t\t<div class=\"elementor-post__card\">\n\t\t\t\t<div class=\"elementor-post__text\">\n\t\t\t\t<h2 class=\"elementor-post__title\">\n\t\t\t<a href=\"https:\/\/gijonbasket.com\/en\/2023\/06\/15\/gijon-basket-en-liga-eba-2023-2024-con-enrique-urrutia-como-tecnico-alberto-fernandez-hevia-dirigira-al-filial-en-1a-nacional\/\" >\n\t\t\t\tGij\u00f3n Basket en Liga EBA 2023\/2024 con Enrique Urrutia como t\u00e9cnico. Alberto Fern\u00e1ndez-Hevia dirigir\u00e1 al filial en 1\u00aa Nacional.\t\t\t<\/a>\n\t\t<\/h2>\n\t\t\t\t<div class=\"elementor-post__excerpt\">\n\t\t\t<p>Confirmaci\u00f3n de las exclusivas anunciadas en el d\u00eda de hoy en www.gijonbasket.com con la salida de Gij\u00f3n Basket en Liga EBA 2023\/2024 y que Alberto<\/p>\n\t\t<\/div>\n\t\t\n\t\t<a class=\"elementor-post__read-more\" href=\"https:\/\/gijonbasket.com\/en\/2023\/06\/15\/gijon-basket-en-liga-eba-2023-2024-con-enrique-urrutia-como-tecnico-alberto-fernandez-hevia-dirigira-al-filial-en-1a-nacional\/\" aria-label=\"Read more about Gij\u00f3n Basket en Liga EBA 2023\/2024 con Enrique Urrutia como t\u00e9cnico. Alberto Fern\u00e1ndez-Hevia dirigir\u00e1 al filial en 1\u00aa Nacional.\" tabindex=\"-1\" >\n\t\t\tRead more &#034;\t\t<\/a>\n\n\t\t\t\t<\/div>\n\t\t\t\t<div class=\"elementor-post__meta-data\">\n\t\t\t\t\t<span class=\"elementor-post-date\">\n\t\t\t15 de June de 2023\t\t<\/span>\n\t\t\t\t<\/div>\n\t\t\t\t\t<\/div>\n\t\t<\/article>\n\t\t\t\t<article class=\"elementor-post elementor-grid-item post-1153 post type-post status-publish format-standard hentry category-exclusivas\">\n\t\t\t<div class=\"elementor-post__card\">\n\t\t\t\t<div class=\"elementor-post__text\">\n\t\t\t\t<h2 class=\"elementor-post__title\">\n\t\t\t<a href=\"https:\/\/gijonbasket.com\/en\/2023\/06\/15\/alberto-fernandez-hevia-nuevo-entrenador-de-gijon-basket-en-1a-nacional\/\" >\n\t\t\t\tAlberto Fern\u00e1ndez-Hevia nuevo entrenador de Gij\u00f3n Basket en 1\u00aa Nacional\t\t\t<\/a>\n\t\t<\/h2>\n\t\t\t\t<div class=\"elementor-post__excerpt\">\n\t\t\t<p>Desde www.gijonbasket.com, adelantamos en exclusiva, que Alberto Fern\u00e1ndez-Hevia ser\u00e1 el nuevo entrenador del filial de Gij\u00f3n Basket en el Campeonato de Espa\u00f1a 1\u00aa Divisi\u00f3n Masculina.<\/p>\n\t\t<\/div>\n\t\t\n\t\t<a class=\"elementor-post__read-more\" href=\"https:\/\/gijonbasket.com\/en\/2023\/06\/15\/alberto-fernandez-hevia-nuevo-entrenador-de-gijon-basket-en-1a-nacional\/\" aria-label=\"Read more about Alberto Fern\u00e1ndez-Hevia nuevo entrenador de Gij\u00f3n Basket en 1\u00aa Nacional\" tabindex=\"-1\" >\n\t\t\tRead more &#034;\t\t<\/a>\n\n\t\t\t\t<\/div>\n\t\t\t\t<div class=\"elementor-post__meta-data\">\n\t\t\t\t\t<span class=\"elementor-post-date\">\n\t\t\t15 de June de 2023\t\t<\/span>\n\t\t\t\t<\/div>\n\t\t\t\t\t<\/div>\n\t\t<\/article>\n\t\t\t\t<article class=\"elementor-post elementor-grid-item post-1145 post type-post status-publish format-standard hentry category-exclusivas\">\n\t\t\t<div class=\"elementor-post__card\">\n\t\t\t\t<div class=\"elementor-post__text\">\n\t\t\t\t<h2 class=\"elementor-post__title\">\n\t\t\t<a href=\"https:\/\/gijonbasket.com\/en\/2023\/06\/15\/gijon-basket-proxima-inscripcion-en-liga-eba-2023-204\/\" >\n\t\t\t\tGij\u00f3n Basket pr\u00f3xima inscripci\u00f3n en Liga EBA 2023\/2024\t\t\t<\/a>\n\t\t<\/h2>\n\t\t\t\t<div class=\"elementor-post__excerpt\">\n\t\t\t<p>Inc\u00f3gnita y misterio resuelto. Desde www.gijonbasket.com, adelantamos en exclusiva, que Gij\u00f3n Basket se inscribir\u00e1 en Liga EBA para la pr\u00f3xima temporada. Esta tarde se celebrar\u00e1<\/p>\n\t\t<\/div>\n\t\t\n\t\t<a class=\"elementor-post__read-more\" href=\"https:\/\/gijonbasket.com\/en\/2023\/06\/15\/gijon-basket-proxima-inscripcion-en-liga-eba-2023-204\/\" aria-label=\"Read more about Gij\u00f3n Basket pr\u00f3xima inscripci\u00f3n en Liga EBA 2023\/2024\" tabindex=\"-1\" >\n\t\t\tRead more &#034;\t\t<\/a>\n\n\t\t\t\t<\/div>\n\t\t\t\t<div class=\"elementor-post__meta-data\">\n\t\t\t\t\t<span class=\"elementor-post-date\">\n\t\t\t15 de June de 2023\t\t<\/span>\n\t\t\t\t<\/div>\n\t\t\t\t\t<\/div>\n\t\t<\/article>\n\t\t\t\t<article class=\"elementor-post elementor-grid-item post-1141 post type-post status-publish format-standard hentry category-noticias\">\n\t\t\t<div class=\"elementor-post__card\">\n\t\t\t\t<div class=\"elementor-post__text\">\n\t\t\t\t<h2 class=\"elementor-post__title\">\n\t\t\t<a href=\"https:\/\/gijonbasket.com\/en\/2023\/06\/14\/mercado-de-fichajes-54\/\" >\n\t\t\t\tMercado de Fichajes\t\t\t<\/a>\n\t\t<\/h2>\n\t\t\t\t<div class=\"elementor-post__excerpt\">\n\t\t\t<p>Cazoo Baskonia : Inter\u00e9s por Devin Robinson (BAXI Manresa). Fenerbahce Beko Istanbul : Inter\u00e9s por Sertac Sanli (F.C. Barcelona). R\u00edo Breog\u00e1n : Fichaje de Matas<\/p>\n\t\t<\/div>\n\t\t\n\t\t<a class=\"elementor-post__read-more\" href=\"https:\/\/gijonbasket.com\/en\/2023\/06\/14\/mercado-de-fichajes-54\/\" aria-label=\"Read more about Mercado de Fichajes\" tabindex=\"-1\" >\n\t\t\tRead more &#034;\t\t<\/a>\n\n\t\t\t\t<\/div>\n\t\t\t\t<div class=\"elementor-post__meta-data\">\n\t\t\t\t\t<span class=\"elementor-post-date\">\n\t\t\t14 de June de 2023\t\t<\/span>\n\t\t\t\t<\/div>\n\t\t\t\t\t<\/div>\n\t\t<\/article>\n\t\t\t\t<article class=\"elementor-post elementor-grid-item post-1136 post type-post status-publish format-standard hentry category-noticias\">\n\t\t\t<div class=\"elementor-post__card\">\n\t\t\t\t<div class=\"elementor-post__text\">\n\t\t\t\t<h2 class=\"elementor-post__title\">\n\t\t\t<a href=\"https:\/\/gijonbasket.com\/en\/2023\/06\/13\/14-julio-posible-fecha-de-cierre-para-las-inscripciones-en-feb\/\" >\n\t\t\t\t14 Julio posible fecha de cierre para las Inscripciones en FEB\t\t\t<\/a>\n\t\t<\/h2>\n\t\t\t\t<div class=\"elementor-post__excerpt\">\n\t\t\t<p>La Federaci\u00f3n Espa\u00f1ola de Baloncesto, todav\u00eda no ha hecho oficial la fecha del cierre del periodo de inscripciones en sus respectivas competiciones. Factor importante para<\/p>\n\t\t<\/div>\n\t\t\n\t\t<a class=\"elementor-post__read-more\" href=\"https:\/\/gijonbasket.com\/en\/2023\/06\/13\/14-julio-posible-fecha-de-cierre-para-las-inscripciones-en-feb\/\" aria-label=\"Read more about 14 Julio posible fecha de cierre para las Inscripciones en FEB\" tabindex=\"-1\" >\n\t\t\tRead more &#034;\t\t<\/a>\n\n\t\t\t\t<\/div>\n\t\t\t\t<div class=\"elementor-post__meta-data\">\n\t\t\t\t\t<span class=\"elementor-post-date\">\n\t\t\t13 de June de 2023\t\t<\/span>\n\t\t\t\t<\/div>\n\t\t\t\t\t<\/div>\n\t\t<\/article>\n\t\t\t\t<article class=\"elementor-post elementor-grid-item post-1134 post type-post status-publish format-standard hentry category-noticias\">\n\t\t\t<div class=\"elementor-post__card\">\n\t\t\t\t<div class=\"elementor-post__text\">\n\t\t\t\t<h2 class=\"elementor-post__title\">\n\t\t\t<a href=\"https:\/\/gijonbasket.com\/en\/2023\/06\/13\/tiempo-muerto-onda-penes-12-06-2023\/\" >\n\t\t\t\tTiempo Muerto \u2013 Onda Pe\u00f1es \u2013 12\/06\/2023\t\t\t<\/a>\n\t\t<\/h2>\n\t\t\t\t<div class=\"elementor-post__excerpt\">\n\t\t\t<p>https:\/\/www.ivoox.com\/tiempo-muerto-12-06-2023-audios-mp3_rf_110246112_1.html<\/p>\n\t\t<\/div>\n\t\t\n\t\t<a class=\"elementor-post__read-more\" href=\"https:\/\/gijonbasket.com\/en\/2023\/06\/13\/tiempo-muerto-onda-penes-12-06-2023\/\" aria-label=\"Read more about Tiempo Muerto \u2013 Onda Pe\u00f1es \u2013 12\/06\/2023\" tabindex=\"-1\" >\n\t\t\tRead more &#034;\t\t<\/a>\n\n\t\t\t\t<\/div>\n\t\t\t\t<div class=\"elementor-post__meta-data\">\n\t\t\t\t\t<span class=\"elementor-post-date\">\n\t\t\t13 de June de 2023\t\t<\/span>\n\t\t\t\t<\/div>\n\t\t\t\t\t<\/div>\n\t\t<\/article>\n\t\t\t\t<article class=\"elementor-post elementor-grid-item post-1132 post type-post status-publish format-standard hentry category-noticias\">\n\t\t\t<div class=\"elementor-post__card\">\n\t\t\t\t<div class=\"elementor-post__text\">\n\t\t\t\t<h2 class=\"elementor-post__title\">\n\t\t\t<a href=\"https:\/\/gijonbasket.com\/en\/2023\/06\/13\/denver-nuggets-miami-heat-94-89-final-nba-2022-2023-partido-5-denver-nuggets-campeon-nba\/\" >\n\t\t\t\tDenver Nuggets &#8211; Miami Heat  (94-89). Final NBA 2022\/2023. Partido 5. Denver Nuggets Campe\u00f3n NBA.\t\t\t<\/a>\n\t\t<\/h2>\n\t\t\t\t<div class=\"elementor-post__excerpt\">\n\t\t\t<p>Denver Nuggets Campe\u00f3n NBA 2022\/2023 tras vencer en el quinto partido a Miami Heat para cerrar la serie 4-1. El quinto partido de las Finales<\/p>\n\t\t<\/div>\n\t\t\n\t\t<a class=\"elementor-post__read-more\" href=\"https:\/\/gijonbasket.com\/en\/2023\/06\/13\/denver-nuggets-miami-heat-94-89-final-nba-2022-2023-partido-5-denver-nuggets-campeon-nba\/\" aria-label=\"Read more about Denver Nuggets &#8211; Miami Heat  (94-89). Final NBA 2022\/2023. Partido 5. Denver Nuggets Campe\u00f3n NBA.\" tabindex=\"-1\" >\n\t\t\tRead more &#034;\t\t<\/a>\n\n\t\t\t\t<\/div>\n\t\t\t\t<div class=\"elementor-post__meta-data\">\n\t\t\t\t\t<span class=\"elementor-post-date\">\n\t\t\t13 de June de 2023\t\t<\/span>\n\t\t\t\t<\/div>\n\t\t\t\t\t<\/div>\n\t\t<\/article>\n\t\t\t\t<article class=\"elementor-post elementor-grid-item post-1126 post type-post status-publish format-standard hentry category-noticias\">\n\t\t\t<div class=\"elementor-post__card\">\n\t\t\t\t<div class=\"elementor-post__text\">\n\t\t\t\t<h2 class=\"elementor-post__title\">\n\t\t\t<a href=\"https:\/\/gijonbasket.com\/en\/2023\/06\/12\/mercado-de-fichajes-53\/\" >\n\t\t\t\tMercado de Fichajes\t\t\t<\/a>\n\t\t<\/h2>\n\t\t\t\t<div class=\"elementor-post__excerpt\">\n\t\t\t<p>R\u00edo Breog\u00e1n : Renovaci\u00f3n de contrato a Toni Nakic para la pr\u00f3xima temporada. Anadolu Efes : Inter\u00e9s por Dogus Ozdemiroglu (Darussafaka Lassa Istanbul). Bayern Munich<\/p>\n\t\t<\/div>\n\t\t\n\t\t<a class=\"elementor-post__read-more\" href=\"https:\/\/gijonbasket.com\/en\/2023\/06\/12\/mercado-de-fichajes-53\/\" aria-label=\"Read more about Mercado de Fichajes\" tabindex=\"-1\" >\n\t\t\tRead more &#034;\t\t<\/a>\n\n\t\t\t\t<\/div>\n\t\t\t\t<div class=\"elementor-post__meta-data\">\n\t\t\t\t\t<span class=\"elementor-post-date\">\n\t\t\t12 de June de 2023\t\t<\/span>\n\t\t\t\t<\/div>\n\t\t\t\t\t<\/div>\n\t\t<\/article>\n\t\t\t\t<article class=\"elementor-post elementor-grid-item post-1124 post type-post status-publish format-standard hentry category-noticias\">\n\t\t\t<div class=\"elementor-post__card\">\n\t\t\t\t<div class=\"elementor-post__text\">\n\t\t\t\t<h2 class=\"elementor-post__title\">\n\t\t\t<a href=\"https:\/\/gijonbasket.com\/en\/2023\/06\/11\/mercado-de-fichajes-52\/\" >\n\t\t\t\tMercado de Fichajes\t\t\t<\/a>\n\t\t<\/h2>\n\t\t\t\t<div class=\"elementor-post__excerpt\">\n\t\t\t<p>Hapoel Bank Yahav Jerusalem : Renovaci\u00f3n de contrato a Zachary Hankins. Basketball Club Batumi : Fichajes de Otari Buliava (Mega Tbilisi) y Vakhtang Kadaria (Delta<\/p>\n\t\t<\/div>\n\t\t\n\t\t<a class=\"elementor-post__read-more\" href=\"https:\/\/gijonbasket.com\/en\/2023\/06\/11\/mercado-de-fichajes-52\/\" aria-label=\"Read more about Mercado de Fichajes\" tabindex=\"-1\" >\n\t\t\tRead more &#034;\t\t<\/a>\n\n\t\t\t\t<\/div>\n\t\t\t\t<div class=\"elementor-post__meta-data\">\n\t\t\t\t\t<span class=\"elementor-post-date\">\n\t\t\t11 de June de 2023\t\t<\/span>\n\t\t\t\t<\/div>\n\t\t\t\t\t<\/div>\n\t\t<\/article>\n\t\t\t\t<article class=\"elementor-post elementor-grid-item post-1122 post type-post status-publish format-standard hentry category-noticias\">\n\t\t\t<div class=\"elementor-post__card\">\n\t\t\t\t<div class=\"elementor-post__text\">\n\t\t\t\t<h2 class=\"elementor-post__title\">\n\t\t\t<a href=\"https:\/\/gijonbasket.com\/en\/2023\/06\/11\/antonio-perez-nuevo-tecnico-del-hla-alicante\/\" >\n\t\t\t\tAntonio P\u00e9rez nuevo t\u00e9cnico del HLA Alicante\t\t\t<\/a>\n\t\t<\/h2>\n\t\t\t\t<div class=\"elementor-post__excerpt\">\n\t\t\t<p>HLA Alicante : Contrataci\u00f3n de Antonio P\u00e9rez (Real Betis Baloncesto) como nuevo t\u00e9cnico del conjunto alicantino. Las tres \u00faltimas temporadas form\u00f3 parte del Cuerpo T\u00e9cnico<\/p>\n\t\t<\/div>\n\t\t\n\t\t<a class=\"elementor-post__read-more\" href=\"https:\/\/gijonbasket.com\/en\/2023\/06\/11\/antonio-perez-nuevo-tecnico-del-hla-alicante\/\" aria-label=\"Read more about Antonio P\u00e9rez nuevo t\u00e9cnico del HLA Alicante\" tabindex=\"-1\" >\n\t\t\tRead more &#034;\t\t<\/a>\n\n\t\t\t\t<\/div>\n\t\t\t\t<div class=\"elementor-post__meta-data\">\n\t\t\t\t\t<span class=\"elementor-post-date\">\n\t\t\t11 de June de 2023\t\t<\/span>\n\t\t\t\t<\/div>\n\t\t\t\t\t<\/div>\n\t\t<\/article>\n\t\t\t\t<article class=\"elementor-post elementor-grid-item post-1120 post type-post status-publish format-standard hentry category-noticias\">\n\t\t\t<div class=\"elementor-post__card\">\n\t\t\t\t<div class=\"elementor-post__text\">\n\t\t\t\t<h2 class=\"elementor-post__title\">\n\t\t\t<a href=\"https:\/\/gijonbasket.com\/en\/2023\/06\/11\/caceres-patrimonio-de-la-humanidad-fichaje-de-juanjo-santana-oferta-de-renovacion-a-kenny-hasbrouck-bajas\/\" >\n\t\t\t\tC\u00e1ceres Patrimonio de la Humanidad. Fichaje de Juanjo Santana. Oferta de renovaci\u00f3n a Kenny Hasbrouck. Bajas.\t\t\t<\/a>\n\t\t<\/h2>\n\t\t\t\t<div class=\"elementor-post__excerpt\">\n\t\t\t<p>C\u00e1ceres Patrimonio de la Humanidad : Fichaje de Juanjo Santana (Bueno Arenas Albacete Basket). Oferta de renovaci\u00f3n a Kenny Hasbrouck. No continuidad de Albert Lafuente<\/p>\n\t\t<\/div>\n\t\t\n\t\t<a class=\"elementor-post__read-more\" href=\"https:\/\/gijonbasket.com\/en\/2023\/06\/11\/caceres-patrimonio-de-la-humanidad-fichaje-de-juanjo-santana-oferta-de-renovacion-a-kenny-hasbrouck-bajas\/\" aria-label=\"Read more about C\u00e1ceres Patrimonio de la Humanidad. Fichaje de Juanjo Santana. Oferta de renovaci\u00f3n a Kenny Hasbrouck. Bajas.\" tabindex=\"-1\" >\n\t\t\tRead more &#034;\t\t<\/a>\n\n\t\t\t\t<\/div>\n\t\t\t\t<div class=\"elementor-post__meta-data\">\n\t\t\t\t\t<span class=\"elementor-post-date\">\n\t\t\t11 de June de 2023\t\t<\/span>\n\t\t\t\t<\/div>\n\t\t\t\t\t<\/div>\n\t\t<\/article>\n\t\t\t\t<article class=\"elementor-post elementor-grid-item post-1118 post type-post status-publish format-standard hentry category-noticias\">\n\t\t\t<div class=\"elementor-post__card\">\n\t\t\t\t<div class=\"elementor-post__text\">\n\t\t\t\t<h2 class=\"elementor-post__title\">\n\t\t\t<a href=\"https:\/\/gijonbasket.com\/en\/2023\/06\/10\/miami-heat-denver-nuggets-95-108-final-nba-2022-2023-partido-4\/\" >\n\t\t\t\tMiami Heat \u2013 Denver Nuggets (95-108). Final NBA 2022\/2023. Partido 4.\t\t\t<\/a>\n\t\t<\/h2>\n\t\t\t\t<div class=\"elementor-post__excerpt\">\n\t\t\t<p>Denver Nuggets a una victoria de proclamarse Campe\u00f3n NBA 2022\/2023. Segundo triunfo consecutivo en pista de los Heat para dejar la serie 3-1. Partido dominado<\/p>\n\t\t<\/div>\n\t\t\n\t\t<a class=\"elementor-post__read-more\" href=\"https:\/\/gijonbasket.com\/en\/2023\/06\/10\/miami-heat-denver-nuggets-95-108-final-nba-2022-2023-partido-4\/\" aria-label=\"Read more about Miami Heat \u2013 Denver Nuggets (95-108). Final NBA 2022\/2023. Partido 4.\" tabindex=\"-1\" >\n\t\t\tRead more &#034;\t\t<\/a>\n\n\t\t\t\t<\/div>\n\t\t\t\t<div class=\"elementor-post__meta-data\">\n\t\t\t\t\t<span class=\"elementor-post-date\">\n\t\t\t10 de June de 2023\t\t<\/span>\n\t\t\t\t<\/div>\n\t\t\t\t\t<\/div>\n\t\t<\/article>\n\t\t\t\t<article class=\"elementor-post elementor-grid-item post-1116 post type-post status-publish format-standard hentry category-noticias\">\n\t\t\t<div class=\"elementor-post__card\">\n\t\t\t\t<div class=\"elementor-post__text\">\n\t\t\t\t<h2 class=\"elementor-post__title\">\n\t\t\t<a href=\"https:\/\/gijonbasket.com\/en\/2023\/06\/09\/mercado-de-fichajes-51\/\" >\n\t\t\t\tMercado de Fichajes\t\t\t<\/a>\n\t\t<\/h2>\n\t\t\t\t<div class=\"elementor-post__excerpt\">\n\t\t\t<p>MoraBanc Andorra : Inter\u00e9s por Juani Marcos (ICG For\u00e7a Lleida) que pertenece al F.C. Barcelona. Club Joventut Badalona : Inter\u00e9s por Andrew Andrews (Panathinaikos). Leyma<\/p>\n\t\t<\/div>\n\t\t\n\t\t<a class=\"elementor-post__read-more\" href=\"https:\/\/gijonbasket.com\/en\/2023\/06\/09\/mercado-de-fichajes-51\/\" aria-label=\"Read more about Mercado de Fichajes\" tabindex=\"-1\" >\n\t\t\tRead more &#034;\t\t<\/a>\n\n\t\t\t\t<\/div>\n\t\t\t\t<div class=\"elementor-post__meta-data\">\n\t\t\t\t\t<span class=\"elementor-post-date\">\n\t\t\t9 de June de 2023\t\t<\/span>\n\t\t\t\t<\/div>\n\t\t\t\t\t<\/div>\n\t\t<\/article>\n\t\t\t\t<article class=\"elementor-post elementor-grid-item post-1113 post type-post status-publish format-standard hentry category-noticias\">\n\t\t\t<div class=\"elementor-post__card\">\n\t\t\t\t<div class=\"elementor-post__text\">\n\t\t\t\t<h2 class=\"elementor-post__title\">\n\t\t\t<a href=\"https:\/\/gijonbasket.com\/en\/2023\/06\/08\/mercado-de-fichajes-50\/\" >\n\t\t\t\tMercado de Fichajes\t\t\t<\/a>\n\t\t<\/h2>\n\t\t\t\t<div class=\"elementor-post__excerpt\">\n\t\t\t<p>Fenerbahce Beko Istanbul : Pr\u00f3ximo a cerrar el fichaje de Darius Thompson (Cazoo Baskonia). Panathinaikos : Inter\u00e9s por Tyler Dorsey (Fenerbahce Beko Istanbul). Covir\u00e1n Granada<\/p>\n\t\t<\/div>\n\t\t\n\t\t<a class=\"elementor-post__read-more\" href=\"https:\/\/gijonbasket.com\/en\/2023\/06\/08\/mercado-de-fichajes-50\/\" aria-label=\"Read more about Mercado de Fichajes\" tabindex=\"-1\" >\n\t\t\tRead more &#034;\t\t<\/a>\n\n\t\t\t\t<\/div>\n\t\t\t\t<div class=\"elementor-post__meta-data\">\n\t\t\t\t\t<span class=\"elementor-post-date\">\n\t\t\t8 de June de 2023\t\t<\/span>\n\t\t\t\t<\/div>\n\t\t\t\t\t<\/div>\n\t\t<\/article>\n\t\t\t\t<article class=\"elementor-post elementor-grid-item post-1110 post type-post status-publish format-standard hentry category-noticias\">\n\t\t\t<div class=\"elementor-post__card\">\n\t\t\t\t<div class=\"elementor-post__text\">\n\t\t\t\t<h2 class=\"elementor-post__title\">\n\t\t\t<a href=\"https:\/\/gijonbasket.com\/en\/2023\/06\/08\/miami-heat-denver-nuggets-final-nba-2022-2023-partido-3\/\" >\n\t\t\t\tMiami Heat &#8211; Denver Nuggets (94-109). Final NBA 2022\/2023. Partido 3.\t\t\t<\/a>\n\t\t<\/h2>\n\t\t\t\t<div class=\"elementor-post__excerpt\">\n\t\t\t<p>Victoria de Denver Nuggets para adelantarse en la serie (2-1) volviendo a recuperar el factor campo. Jamal Murray (34 puntos; 10 rebotes; 10 asistencias) y<\/p>\n\t\t<\/div>\n\t\t\n\t\t<a class=\"elementor-post__read-more\" href=\"https:\/\/gijonbasket.com\/en\/2023\/06\/08\/miami-heat-denver-nuggets-final-nba-2022-2023-partido-3\/\" aria-label=\"Read more about Miami Heat &#8211; Denver Nuggets (94-109). Final NBA 2022\/2023. Partido 3.\" tabindex=\"-1\" >\n\t\t\tRead more &#034;\t\t<\/a>\n\n\t\t\t\t<\/div>\n\t\t\t\t<div class=\"elementor-post__meta-data\">\n\t\t\t\t\t<span class=\"elementor-post-date\">\n\t\t\t8 de June de 2023\t\t<\/span>\n\t\t\t\t<\/div>\n\t\t\t\t\t<\/div>\n\t\t<\/article>\n\t\t\t\t<article class=\"elementor-post elementor-grid-item post-1108 post type-post status-publish format-standard hentry category-noticias\">\n\t\t\t<div class=\"elementor-post__card\">\n\t\t\t\t<div class=\"elementor-post__text\">\n\t\t\t\t<h2 class=\"elementor-post__title\">\n\t\t\t<a href=\"https:\/\/gijonbasket.com\/en\/2023\/06\/07\/mercado-de-fichajes-49\/\" >\n\t\t\t\tMercado de Fichajes\t\t\t<\/a>\n\t\t<\/h2>\n\t\t\t\t<div class=\"elementor-post__excerpt\">\n\t\t\t<p>Valencia Basket : Rescisi\u00f3n de contrato a Nenad Dimitrijevic tras finalizar su cesi\u00f3n en Unics Kazan. Casademont Zaragoza : Fichaje de Trae Bell-Haynes (KK Buducnost<\/p>\n\t\t<\/div>\n\t\t\n\t\t<a class=\"elementor-post__read-more\" href=\"https:\/\/gijonbasket.com\/en\/2023\/06\/07\/mercado-de-fichajes-49\/\" aria-label=\"Read more about Mercado de Fichajes\" tabindex=\"-1\" >\n\t\t\tRead more &#034;\t\t<\/a>\n\n\t\t\t\t<\/div>\n\t\t\t\t<div class=\"elementor-post__meta-data\">\n\t\t\t\t\t<span class=\"elementor-post-date\">\n\t\t\t7 de June de 2023\t\t<\/span>\n\t\t\t\t<\/div>\n\t\t\t\t\t<\/div>\n\t\t<\/article>\n\t\t\t\t<article class=\"elementor-post elementor-grid-item post-1106 post type-post status-publish format-standard hentry category-noticias\">\n\t\t\t<div class=\"elementor-post__card\">\n\t\t\t\t<div class=\"elementor-post__text\">\n\t\t\t\t<h2 class=\"elementor-post__title\">\n\t\t\t<a href=\"https:\/\/gijonbasket.com\/en\/2023\/06\/06\/coliseum-burgos-sede-final-four-ascenso-a-liga-endesa\/\" >\n\t\t\t\tColiseum Burgos sede Final Four Ascenso a Liga Endesa\t\t\t<\/a>\n\t\t<\/h2>\n\t\t\t\t<div class=\"elementor-post__excerpt\">\n\t\t\t<p>Burgos con el Coliseum Burgos, es la sede escogida por la Federaci\u00f3n Espa\u00f1ola de Baloncesto, para albergar la Final Four de Ascenso a Liga Endesa<\/p>\n\t\t<\/div>\n\t\t\n\t\t<a class=\"elementor-post__read-more\" href=\"https:\/\/gijonbasket.com\/en\/2023\/06\/06\/coliseum-burgos-sede-final-four-ascenso-a-liga-endesa\/\" aria-label=\"Read more about Coliseum Burgos sede Final Four Ascenso a Liga Endesa\" tabindex=\"-1\" >\n\t\t\tRead more &#034;\t\t<\/a>\n\n\t\t\t\t<\/div>\n\t\t\t\t<div class=\"elementor-post__meta-data\">\n\t\t\t\t\t<span class=\"elementor-post-date\">\n\t\t\t6 de June de 2023\t\t<\/span>\n\t\t\t\t<\/div>\n\t\t\t\t\t<\/div>\n\t\t<\/article>\n\t\t\t\t<article class=\"elementor-post elementor-grid-item post-1103 post type-post status-publish format-standard hentry category-noticias\">\n\t\t\t<div class=\"elementor-post__card\">\n\t\t\t\t<div class=\"elementor-post__text\">\n\t\t\t\t<h2 class=\"elementor-post__title\">\n\t\t\t<a href=\"https:\/\/gijonbasket.com\/en\/2023\/06\/06\/tiempo-muerto-onda-penes-05-06-2023\/\" >\n\t\t\t\tTiempo Muerto \u2013 Onda Pe\u00f1es \u2013 05\/06\/2023\t\t\t<\/a>\n\t\t<\/h2>\n\t\t\t\t<div class=\"elementor-post__excerpt\">\n\t\t\t<p>https:\/\/www.ivoox.com\/tiempo-muerto-05-06-2023-audios-mp3_rf_109739490_1.html<\/p>\n\t\t<\/div>\n\t\t\n\t\t<a class=\"elementor-post__read-more\" href=\"https:\/\/gijonbasket.com\/en\/2023\/06\/06\/tiempo-muerto-onda-penes-05-06-2023\/\" aria-label=\"Read more about Tiempo Muerto \u2013 Onda Pe\u00f1es \u2013 05\/06\/2023\" tabindex=\"-1\" >\n\t\t\tRead more &#034;\t\t<\/a>\n\n\t\t\t\t<\/div>\n\t\t\t\t<div class=\"elementor-post__meta-data\">\n\t\t\t\t\t<span class=\"elementor-post-date\">\n\t\t\t6 de June de 2023\t\t<\/span>\n\t\t\t\t<\/div>\n\t\t\t\t\t<\/div>\n\t\t<\/article>\n\t\t\t\t<article class=\"elementor-post elementor-grid-item post-1101 post type-post status-publish format-standard hentry category-noticias\">\n\t\t\t<div class=\"elementor-post__card\">\n\t\t\t\t<div class=\"elementor-post__text\">\n\t\t\t\t<h2 class=\"elementor-post__title\">\n\t\t\t<a href=\"https:\/\/gijonbasket.com\/en\/2023\/06\/05\/15-de-junio-asamblea-anual-ordinaria-de-socios-gijon-basket-2015\/\" >\n\t\t\t\t15 de Junio &#8211; Asamblea Anual Ordinaria de Socios &#8211; Gij\u00f3n Basket 2015\t\t\t<\/a>\n\t\t<\/h2>\n\t\t\t\t<div class=\"elementor-post__excerpt\">\n\t\t\t<p>El pr\u00f3ximo jueves 25 de junio, Gij\u00f3n Basket 2015, celebrar\u00e1 su Asamblea Anual Ordinaria de Socios. Primera convocatoria (18:30) y Segunda convocatoria (19:00) en el<\/p>\n\t\t<\/div>\n\t\t\n\t\t<a class=\"elementor-post__read-more\" href=\"https:\/\/gijonbasket.com\/en\/2023\/06\/05\/15-de-junio-asamblea-anual-ordinaria-de-socios-gijon-basket-2015\/\" aria-label=\"Read more about 15 de Junio &#8211; Asamblea Anual Ordinaria de Socios &#8211; Gij\u00f3n Basket 2015\" tabindex=\"-1\" >\n\t\t\tRead more &#034;\t\t<\/a>\n\n\t\t\t\t<\/div>\n\t\t\t\t<div class=\"elementor-post__meta-data\">\n\t\t\t\t\t<span class=\"elementor-post-date\">\n\t\t\t5 de June de 2023\t\t<\/span>\n\t\t\t\t<\/div>\n\t\t\t\t\t<\/div>\n\t\t<\/article>\n\t\t\t\t<article class=\"elementor-post elementor-grid-item post-1099 post type-post status-publish format-standard hentry category-noticias\">\n\t\t\t<div class=\"elementor-post__card\">\n\t\t\t\t<div class=\"elementor-post__text\">\n\t\t\t\t<h2 class=\"elementor-post__title\">\n\t\t\t<a href=\"https:\/\/gijonbasket.com\/en\/2023\/06\/05\/denver-nuggets-miami-heat-108-111-final-nba-2022-2023-partido-2\/\" >\n\t\t\t\tDenver Nuggets \u2013 Miami Heat (108-111). Final NBA 2022\/2023. Partido 2.\t\t\t<\/a>\n\t\t<\/h2>\n\t\t\t\t<div class=\"elementor-post__excerpt\">\n\t\t\t<p>Espectacular \u00faltimo cuarto de Miami Heat para igualar la Final NBA (1-1) recuperando el factor campo. Los Heat superaron una desventaja al t\u00e9rmino del tercer<\/p>\n\t\t<\/div>\n\t\t\n\t\t<a class=\"elementor-post__read-more\" href=\"https:\/\/gijonbasket.com\/en\/2023\/06\/05\/denver-nuggets-miami-heat-108-111-final-nba-2022-2023-partido-2\/\" aria-label=\"Read more about Denver Nuggets \u2013 Miami Heat (108-111). Final NBA 2022\/2023. Partido 2.\" tabindex=\"-1\" >\n\t\t\tRead more &#034;\t\t<\/a>\n\n\t\t\t\t<\/div>\n\t\t\t\t<div class=\"elementor-post__meta-data\">\n\t\t\t\t\t<span class=\"elementor-post-date\">\n\t\t\t5 de June de 2023\t\t<\/span>\n\t\t\t\t<\/div>\n\t\t\t\t\t<\/div>\n\t\t<\/article>\n\t\t\t\t<article class=\"elementor-post elementor-grid-item post-1095 post type-post status-publish format-standard hentry category-noticias\">\n\t\t\t<div class=\"elementor-post__card\">\n\t\t\t\t<div class=\"elementor-post__text\">\n\t\t\t\t<h2 class=\"elementor-post__title\">\n\t\t\t<a href=\"https:\/\/gijonbasket.com\/en\/2023\/06\/04\/30-de-junio-fecha-probable-para-el-cierre-de-inscripciones-feb\/\" >\n\t\t\t\t30 de junio fecha probable para el cierre de inscripciones FEB\t\t\t<\/a>\n\t\t<\/h2>\n\t\t\t\t<div class=\"elementor-post__excerpt\">\n\t\t\t<p>El pr\u00f3ximo viernes 30 de junio se posiciona como fecha para el cierre de las inscripciones en las Competiciones FEB. La Federaci\u00f3n Espa\u00f1ola de Baloncesto<\/p>\n\t\t<\/div>\n\t\t\n\t\t<a class=\"elementor-post__read-more\" href=\"https:\/\/gijonbasket.com\/en\/2023\/06\/04\/30-de-junio-fecha-probable-para-el-cierre-de-inscripciones-feb\/\" aria-label=\"Read more about 30 de junio fecha probable para el cierre de inscripciones FEB\" tabindex=\"-1\" >\n\t\t\tRead more &#034;\t\t<\/a>\n\n\t\t\t\t<\/div>\n\t\t\t\t<div class=\"elementor-post__meta-data\">\n\t\t\t\t\t<span class=\"elementor-post-date\">\n\t\t\t4 de June de 2023\t\t<\/span>\n\t\t\t\t<\/div>\n\t\t\t\t\t<\/div>\n\t\t<\/article>\n\t\t\t\t<article class=\"elementor-post elementor-grid-item post-1093 post type-post status-publish format-standard hentry category-noticias\">\n\t\t\t<div class=\"elementor-post__card\">\n\t\t\t\t<div class=\"elementor-post__text\">\n\t\t\t\t<h2 class=\"elementor-post__title\">\n\t\t\t<a href=\"https:\/\/gijonbasket.com\/en\/2023\/06\/04\/aito-garcia-reneses-no-continuara-como-tecnico-de-basquet-girona\/\" >\n\t\t\t\tA\u00edto Garc\u00eda Reneses no continuar\u00e1 como t\u00e9cnico de B\u00e1squet Girona\t\t\t<\/a>\n\t\t<\/h2>\n\t\t\t\t<div class=\"elementor-post__excerpt\">\n\t\t\t<p>A\u00edto Garc\u00eda Reneses, leyenda en los banquillos a sus 76 a\u00f1os, no continuar\u00e1 como t\u00e9cnico del B\u00e1squet Girona de cara a la pr\u00f3xima temporada. El<\/p>\n\t\t<\/div>\n\t\t\n\t\t<a class=\"elementor-post__read-more\" href=\"https:\/\/gijonbasket.com\/en\/2023\/06\/04\/aito-garcia-reneses-no-continuara-como-tecnico-de-basquet-girona\/\" aria-label=\"Read more about A\u00edto Garc\u00eda Reneses no continuar\u00e1 como t\u00e9cnico de B\u00e1squet Girona\" tabindex=\"-1\" >\n\t\t\tRead more &#034;\t\t<\/a>\n\n\t\t\t\t<\/div>\n\t\t\t\t<div class=\"elementor-post__meta-data\">\n\t\t\t\t\t<span class=\"elementor-post-date\">\n\t\t\t4 de June de 2023\t\t<\/span>\n\t\t\t\t<\/div>\n\t\t\t\t\t<\/div>\n\t\t<\/article>\n\t\t\t\t<article class=\"elementor-post elementor-grid-item post-1091 post type-post status-publish format-standard hentry category-noticias\">\n\t\t\t<div class=\"elementor-post__card\">\n\t\t\t\t<div class=\"elementor-post__text\">\n\t\t\t\t<h2 class=\"elementor-post__title\">\n\t\t\t<a href=\"https:\/\/gijonbasket.com\/en\/2023\/06\/03\/mercado-de-fichajes-48\/\" >\n\t\t\t\tMercado de Fichajes\t\t\t<\/a>\n\t\t<\/h2>\n\t\t\t\t<div class=\"elementor-post__excerpt\">\n\t\t\t<p>Anadolu Efes : Pr\u00f3ximo a cerrar el fichaje de Derek Willis (Umana Reyer Venezia). Philadelphia 76 ers : Inter\u00e9s por Fred VanVleet (Toronto Raptors). Grupo<\/p>\n\t\t<\/div>\n\t\t\n\t\t<a class=\"elementor-post__read-more\" href=\"https:\/\/gijonbasket.com\/en\/2023\/06\/03\/mercado-de-fichajes-48\/\" aria-label=\"Read more about Mercado de Fichajes\" tabindex=\"-1\" >\n\t\t\tRead more &#034;\t\t<\/a>\n\n\t\t\t\t<\/div>\n\t\t\t\t<div class=\"elementor-post__meta-data\">\n\t\t\t\t\t<span class=\"elementor-post-date\">\n\t\t\t3 de June de 2023\t\t<\/span>\n\t\t\t\t<\/div>\n\t\t\t\t\t<\/div>\n\t\t<\/article>\n\t\t\t\t<article class=\"elementor-post elementor-grid-item post-1089 post type-post status-publish format-standard hentry category-noticias\">\n\t\t\t<div class=\"elementor-post__card\">\n\t\t\t\t<div class=\"elementor-post__text\">\n\t\t\t\t<h2 class=\"elementor-post__title\">\n\t\t\t<a href=\"https:\/\/gijonbasket.com\/en\/2023\/06\/02\/mercado-de-fichajes-47\/\" >\n\t\t\t\tMercado de Fichajes\t\t\t<\/a>\n\t\t<\/h2>\n\t\t\t\t<div class=\"elementor-post__excerpt\">\n\t\t\t<p>EA7 Emporio Armani : Inter\u00e9s por Darius Thompson (Cazoo Baskonia). Bayern Munich : Fichaje de Justus Hollatz (R\u00edo Breog\u00e1n). Panathinaikos : Inter\u00e9s por Kevin Punter<\/p>\n\t\t<\/div>\n\t\t\n\t\t<a class=\"elementor-post__read-more\" href=\"https:\/\/gijonbasket.com\/en\/2023\/06\/02\/mercado-de-fichajes-47\/\" aria-label=\"Read more about Mercado de Fichajes\" tabindex=\"-1\" >\n\t\t\tRead more &#034;\t\t<\/a>\n\n\t\t\t\t<\/div>\n\t\t\t\t<div class=\"elementor-post__meta-data\">\n\t\t\t\t\t<span class=\"elementor-post-date\">\n\t\t\t2 de June de 2023\t\t<\/span>\n\t\t\t\t<\/div>\n\t\t\t\t\t<\/div>\n\t\t<\/article>\n\t\t\t\t<article class=\"elementor-post elementor-grid-item post-1086 post type-post status-publish format-standard hentry category-noticias\">\n\t\t\t<div class=\"elementor-post__card\">\n\t\t\t\t<div class=\"elementor-post__text\">\n\t\t\t\t<h2 class=\"elementor-post__title\">\n\t\t\t<a href=\"https:\/\/gijonbasket.com\/en\/2023\/06\/02\/denver-nuggets-miami-heat-104-93-final-nba-2022-2023-partido-1\/\" >\n\t\t\t\tDenver Nuggets &#8211; Miami Heat (104-93). Final NBA 2022\/2023. Partido 1.\t\t\t<\/a>\n\t\t<\/h2>\n\t\t\t\t<div class=\"elementor-post__excerpt\">\n\t\t\t<p>Denver Nuggets abri\u00f3 la Final NBA ante Miami Heat con victoria 104-93. Miami Heat s\u00f3lo tuvo dos puntuales ventajas (4-5; 6-7) en el primer cuarto.<\/p>\n\t\t<\/div>\n\t\t\n\t\t<a class=\"elementor-post__read-more\" href=\"https:\/\/gijonbasket.com\/en\/2023\/06\/02\/denver-nuggets-miami-heat-104-93-final-nba-2022-2023-partido-1\/\" aria-label=\"Read more about Denver Nuggets &#8211; Miami Heat (104-93). Final NBA 2022\/2023. Partido 1.\" tabindex=\"-1\" >\n\t\t\tRead more &#034;\t\t<\/a>\n\n\t\t\t\t<\/div>\n\t\t\t\t<div class=\"elementor-post__meta-data\">\n\t\t\t\t\t<span class=\"elementor-post-date\">\n\t\t\t2 de June de 2023\t\t<\/span>\n\t\t\t\t<\/div>\n\t\t\t\t\t<\/div>\n\t\t<\/article>\n\t\t\t\t<article class=\"elementor-post elementor-grid-item post-1084 post type-post status-publish format-standard hentry category-noticias\">\n\t\t\t<div class=\"elementor-post__card\">\n\t\t\t\t<div class=\"elementor-post__text\">\n\t\t\t\t<h2 class=\"elementor-post__title\">\n\t\t\t<a href=\"https:\/\/gijonbasket.com\/en\/2023\/06\/01\/jaume-ponsarnau-renovado-como-tecnico-de-surne-bilbao-basket-primeras-bajas-en-plantilla\/\" >\n\t\t\t\tJaume Ponsarnau renovado como t\u00e9cnico de Surne Bilbao Basket. Primeras bajas en plantilla.\t\t\t<\/a>\n\t\t<\/h2>\n\t\t\t\t<div class=\"elementor-post__excerpt\">\n\t\t\t<p>Surne Bilbao Basket : Renovaci\u00f3n de contrato a Jaume Ponsornau como t\u00e9cnico del conjunto bilba\u00edno hasta el final de la temporada 2024\/2025. No continuidad de<\/p>\n\t\t<\/div>\n\t\t\n\t\t<a class=\"elementor-post__read-more\" href=\"https:\/\/gijonbasket.com\/en\/2023\/06\/01\/jaume-ponsarnau-renovado-como-tecnico-de-surne-bilbao-basket-primeras-bajas-en-plantilla\/\" aria-label=\"Read more about Jaume Ponsarnau renovado como t\u00e9cnico de Surne Bilbao Basket. Primeras bajas en plantilla.\" tabindex=\"-1\" >\n\t\t\tRead more &#034;\t\t<\/a>\n\n\t\t\t\t<\/div>\n\t\t\t\t<div class=\"elementor-post__meta-data\">\n\t\t\t\t\t<span class=\"elementor-post-date\">\n\t\t\t1 de June de 2023\t\t<\/span>\n\t\t\t\t<\/div>\n\t\t\t\t\t<\/div>\n\t\t<\/article>\n\t\t\t\t<article class=\"elementor-post elementor-grid-item post-1082 post type-post status-publish format-standard hentry category-noticias\">\n\t\t\t<div class=\"elementor-post__card\">\n\t\t\t\t<div class=\"elementor-post__text\">\n\t\t\t\t<h2 class=\"elementor-post__title\">\n\t\t\t<a href=\"https:\/\/gijonbasket.com\/en\/2023\/06\/01\/monty-williams-a-los-pistons\/\" >\n\t\t\t\tMonty Williams a los Pistons\t\t\t<\/a>\n\t\t<\/h2>\n\t\t\t\t<div class=\"elementor-post__excerpt\">\n\t\t\t<p>Detroit Pistons : Contrataci\u00f3n de Monty Williams (Phoenix Suns) como nuevo t\u00e9cnico para las pr\u00f3ximas seis temporadas. El acuerdo de vinculaci\u00f3n es el de mayor<\/p>\n\t\t<\/div>\n\t\t\n\t\t<a class=\"elementor-post__read-more\" href=\"https:\/\/gijonbasket.com\/en\/2023\/06\/01\/monty-williams-a-los-pistons\/\" aria-label=\"Read more about Monty Williams a los Pistons\" tabindex=\"-1\" >\n\t\t\tRead more &#034;\t\t<\/a>\n\n\t\t\t\t<\/div>\n\t\t\t\t<div class=\"elementor-post__meta-data\">\n\t\t\t\t\t<span class=\"elementor-post-date\">\n\t\t\t1 de June de 2023\t\t<\/span>\n\t\t\t\t<\/div>\n\t\t\t\t\t<\/div>\n\t\t<\/article>\n\t\t\t\t<article class=\"elementor-post elementor-grid-item post-1080 post type-post status-publish format-standard hentry category-noticias\">\n\t\t\t<div class=\"elementor-post__card\">\n\t\t\t\t<div class=\"elementor-post__text\">\n\t\t\t\t<h2 class=\"elementor-post__title\">\n\t\t\t<a href=\"https:\/\/gijonbasket.com\/en\/2023\/06\/01\/mercado-de-fichajes-46\/\" >\n\t\t\t\tMercado de Fichajes\t\t\t<\/a>\n\t\t<\/h2>\n\t\t\t\t<div class=\"elementor-post__excerpt\">\n\t\t\t<p>Portland Trail Blazers : Inter\u00e9s por Jaylen Brown (Boston Celtics) y Pascal Siakam (Toronto Raptors). Boston Celtics : Inter\u00e9s por Damian Lillard (Portland Trail Blazers).<\/p>\n\t\t<\/div>\n\t\t\n\t\t<a class=\"elementor-post__read-more\" href=\"https:\/\/gijonbasket.com\/en\/2023\/06\/01\/mercado-de-fichajes-46\/\" aria-label=\"Read more about Mercado de Fichajes\" tabindex=\"-1\" >\n\t\t\tRead more &#034;\t\t<\/a>\n\n\t\t\t\t<\/div>\n\t\t\t\t<div class=\"elementor-post__meta-data\">\n\t\t\t\t\t<span class=\"elementor-post-date\">\n\t\t\t1 de June de 2023\t\t<\/span>\n\t\t\t\t<\/div>\n\t\t\t\t\t<\/div>\n\t\t<\/article>\n\t\t\t\t<article class=\"elementor-post elementor-grid-item post-1078 post type-post status-publish format-standard hentry category-noticias\">\n\t\t\t<div class=\"elementor-post__card\">\n\t\t\t\t<div class=\"elementor-post__text\">\n\t\t\t\t<h2 class=\"elementor-post__title\">\n\t\t\t<a href=\"https:\/\/gijonbasket.com\/en\/2023\/05\/31\/nick-nurse-a-philadelphia-76-ers\/\" >\n\t\t\t\tNick Nurse a Philadelphia 76 ers\t\t\t<\/a>\n\t\t<\/h2>\n\t\t\t\t<div class=\"elementor-post__excerpt\">\n\t\t\t<p>Nick Nurse nuevo entrenador de Philadelphia 76 ers en sustituci\u00f3n de Doc Rivers. Nick Nurse hizo historia al frente de los Toronto Raptors con el<\/p>\n\t\t<\/div>\n\t\t\n\t\t<a class=\"elementor-post__read-more\" href=\"https:\/\/gijonbasket.com\/en\/2023\/05\/31\/nick-nurse-a-philadelphia-76-ers\/\" aria-label=\"Read more about Nick Nurse a Philadelphia 76 ers\" tabindex=\"-1\" >\n\t\t\tRead more &#034;\t\t<\/a>\n\n\t\t\t\t<\/div>\n\t\t\t\t<div class=\"elementor-post__meta-data\">\n\t\t\t\t\t<span class=\"elementor-post-date\">\n\t\t\t31 de May de 2023\t\t<\/span>\n\t\t\t\t<\/div>\n\t\t\t\t\t<\/div>\n\t\t<\/article>\n\t\t\t\t<article class=\"elementor-post elementor-grid-item post-1076 post type-post status-publish format-standard hentry category-noticias\">\n\t\t\t<div class=\"elementor-post__card\">\n\t\t\t\t<div class=\"elementor-post__text\">\n\t\t\t\t<h2 class=\"elementor-post__title\">\n\t\t\t<a href=\"https:\/\/gijonbasket.com\/en\/2023\/05\/30\/mercado-de-fichajes-45\/\" >\n\t\t\t\tMercado de Fichajes\t\t\t<\/a>\n\t\t<\/h2>\n\t\t\t\t<div class=\"elementor-post__excerpt\">\n\t\t\t<p>Rioverde Clavijo : No continuidad de Berni Garc\u00eda. NCS Alcobendas : No continuidad de Jos\u00e9 Antonio Ram\u00edrez como t\u00e9cnico del conjunto alcobendense. Ibersol C.B. Tarragona<\/p>\n\t\t<\/div>\n\t\t\n\t\t<a class=\"elementor-post__read-more\" href=\"https:\/\/gijonbasket.com\/en\/2023\/05\/30\/mercado-de-fichajes-45\/\" aria-label=\"Read more about Mercado de Fichajes\" tabindex=\"-1\" >\n\t\t\tRead more &#034;\t\t<\/a>\n\n\t\t\t\t<\/div>\n\t\t\t\t<div class=\"elementor-post__meta-data\">\n\t\t\t\t\t<span class=\"elementor-post-date\">\n\t\t\t30 de May de 2023\t\t<\/span>\n\t\t\t\t<\/div>\n\t\t\t\t\t<\/div>\n\t\t<\/article>\n\t\t\t\t<article class=\"elementor-post elementor-grid-item post-1074 post type-post status-publish format-standard hentry category-noticias\">\n\t\t\t<div class=\"elementor-post__card\">\n\t\t\t\t<div class=\"elementor-post__text\">\n\t\t\t\t<h2 class=\"elementor-post__title\">\n\t\t\t<a href=\"https:\/\/gijonbasket.com\/en\/2023\/05\/30\/tiempo-muerto-onda-penes-29-05-2023\/\" >\n\t\t\t\tTiempo Muerto \u2013 Onda Pe\u00f1es \u2013 29\/05\/2023\t\t\t<\/a>\n\t\t<\/h2>\n\t\t\t\t<div class=\"elementor-post__excerpt\">\n\t\t\t<p>https:\/\/www.ivoox.com\/tiempo-muerto-29-05-2023-audios-mp3_rf_109206176_1.html<\/p>\n\t\t<\/div>\n\t\t\n\t\t<a class=\"elementor-post__read-more\" href=\"https:\/\/gijonbasket.com\/en\/2023\/05\/30\/tiempo-muerto-onda-penes-29-05-2023\/\" aria-label=\"Read more about Tiempo Muerto \u2013 Onda Pe\u00f1es \u2013 29\/05\/2023\" tabindex=\"-1\" >\n\t\t\tRead more &#034;\t\t<\/a>\n\n\t\t\t\t<\/div>\n\t\t\t\t<div class=\"elementor-post__meta-data\">\n\t\t\t\t\t<span class=\"elementor-post-date\">\n\t\t\t30 de May de 2023\t\t<\/span>\n\t\t\t\t<\/div>\n\t\t\t\t\t<\/div>\n\t\t<\/article>\n\t\t\t\t<article class=\"elementor-post elementor-grid-item post-1072 post type-post status-publish format-standard hentry category-noticias\">\n\t\t\t<div class=\"elementor-post__card\">\n\t\t\t\t<div class=\"elementor-post__text\">\n\t\t\t\t<h2 class=\"elementor-post__title\">\n\t\t\t<a href=\"https:\/\/gijonbasket.com\/en\/2023\/05\/30\/boston-celtics-miami-heat-84-103-final-conferencia-este-partido-7\/\" >\n\t\t\t\tBoston Celtics &#8211; Miami Heat (84-103). Final Conferencia Este. Partido 7.\t\t\t<\/a>\n\t\t<\/h2>\n\t\t\t\t<div class=\"elementor-post__excerpt\">\n\t\t\t<p>Miami Heat Campe\u00f3n Conferencia Este tras superar en el s\u00e9ptimo partido a Boston Celtics. Los Heat disputar\u00e1n la Final NBA ante los Denver Nuggets. Asalto<\/p>\n\t\t<\/div>\n\t\t\n\t\t<a class=\"elementor-post__read-more\" href=\"https:\/\/gijonbasket.com\/en\/2023\/05\/30\/boston-celtics-miami-heat-84-103-final-conferencia-este-partido-7\/\" aria-label=\"Read more about Boston Celtics &#8211; Miami Heat (84-103). Final Conferencia Este. Partido 7.\" tabindex=\"-1\" >\n\t\t\tRead more &#034;\t\t<\/a>\n\n\t\t\t\t<\/div>\n\t\t\t\t<div class=\"elementor-post__meta-data\">\n\t\t\t\t\t<span class=\"elementor-post-date\">\n\t\t\t30 de May de 2023\t\t<\/span>\n\t\t\t\t<\/div>\n\t\t\t\t\t<\/div>\n\t\t<\/article>\n\t\t\t\t<article class=\"elementor-post elementor-grid-item post-1069 post type-post status-publish format-standard hentry category-noticias\">\n\t\t\t<div class=\"elementor-post__card\">\n\t\t\t\t<div class=\"elementor-post__text\">\n\t\t\t\t<h2 class=\"elementor-post__title\">\n\t\t\t<a href=\"https:\/\/gijonbasket.com\/en\/2023\/05\/29\/mercado-de-fichajes-44\/\" >\n\t\t\t\tMercado de Fichajes\t\t\t<\/a>\n\t\t<\/h2>\n\t\t\t\t<div class=\"elementor-post__excerpt\">\n\t\t\t<p>Cazoo : Inter\u00e9s por Nikos Rogkavopoulos (Merkezefendi Belediyesi Denizli Basquet). Anadolu Efes : Inter\u00e9s por Darrun Hilliard (Maccabi Playtika Tel-Aviv). Panathinaikos : Inter\u00e9s por Klemen<\/p>\n\t\t<\/div>\n\t\t\n\t\t<a class=\"elementor-post__read-more\" href=\"https:\/\/gijonbasket.com\/en\/2023\/05\/29\/mercado-de-fichajes-44\/\" aria-label=\"Read more about Mercado de Fichajes\" tabindex=\"-1\" >\n\t\t\tRead more &#034;\t\t<\/a>\n\n\t\t\t\t<\/div>\n\t\t\t\t<div class=\"elementor-post__meta-data\">\n\t\t\t\t\t<span class=\"elementor-post-date\">\n\t\t\t29 de May de 2023\t\t<\/span>\n\t\t\t\t<\/div>\n\t\t\t\t\t<\/div>\n\t\t<\/article>\n\t\t\t\t<article class=\"elementor-post elementor-grid-item post-1067 post type-post status-publish format-standard hentry category-noticias\">\n\t\t\t<div class=\"elementor-post__card\">\n\t\t\t\t<div class=\"elementor-post__text\">\n\t\t\t\t<h2 class=\"elementor-post__title\">\n\t\t\t<a href=\"https:\/\/gijonbasket.com\/en\/2023\/05\/28\/miami-heat-boston-celtics-103-104-final-conferencia-este-partido-6\/\" >\n\t\t\t\tMiami Heat &#8211; Boston Celtics (103-104). Final Conferencia Este. Partido 6.\t\t\t<\/a>\n\t\t<\/h2>\n\t\t\t\t<div class=\"elementor-post__excerpt\">\n\t\t\t<p>Palmeo de Derrick White a falta de 2 d\u00e9cimas para dar la victoria a los Boston Celtics. Tercera victoria consecutiva de los Boston Celtics, igualando<\/p>\n\t\t<\/div>\n\t\t\n\t\t<a class=\"elementor-post__read-more\" href=\"https:\/\/gijonbasket.com\/en\/2023\/05\/28\/miami-heat-boston-celtics-103-104-final-conferencia-este-partido-6\/\" aria-label=\"Read more about Miami Heat &#8211; Boston Celtics (103-104). Final Conferencia Este. Partido 6.\" tabindex=\"-1\" >\n\t\t\tRead more &#034;\t\t<\/a>\n\n\t\t\t\t<\/div>\n\t\t\t\t<div class=\"elementor-post__meta-data\">\n\t\t\t\t\t<span class=\"elementor-post-date\">\n\t\t\t28 de May de 2023\t\t<\/span>\n\t\t\t\t<\/div>\n\t\t\t\t\t<\/div>\n\t\t<\/article>\n\t\t\t\t<article class=\"elementor-post elementor-grid-item post-1063 post type-post status-publish format-standard hentry category-noticias\">\n\t\t\t<div class=\"elementor-post__card\">\n\t\t\t\t<div class=\"elementor-post__text\">\n\t\t\t\t<h2 class=\"elementor-post__title\">\n\t\t\t<a href=\"https:\/\/gijonbasket.com\/en\/2023\/05\/27\/fase-ascenso-liga-femenina-2-aleris-basquet-calvia-adba-sanfer8-ascenso-del-adba-sanfer-a-liga-femenina-2\/\" >\n\t\t\t\tFase Ascenso Liga Femenina 2. Aleris B\u00e1squet Calvi\u00e1 &#8211; ADBA-Sanfer (50-62). Ascenso del ADBA-Sanfer a Liga Femenina 2.\t\t\t<\/a>\n\t\t<\/h2>\n\t\t\t\t<div class=\"elementor-post__excerpt\">\n\t\t\t<p>Ascenso del ADBA-Sanfer a Liga Femenina 2 tras imponerse al Aleris B\u00e1squet Calvi\u00e1 firmando un pleno de tres victorias en Fase de Ascenso. ADBA-Sanfer regresa<\/p>\n\t\t<\/div>\n\t\t\n\t\t<a class=\"elementor-post__read-more\" href=\"https:\/\/gijonbasket.com\/en\/2023\/05\/27\/fase-ascenso-liga-femenina-2-aleris-basquet-calvia-adba-sanfer8-ascenso-del-adba-sanfer-a-liga-femenina-2\/\" aria-label=\"Read more about Fase Ascenso Liga Femenina 2. Aleris B\u00e1squet Calvi\u00e1 &#8211; ADBA-Sanfer (50-62). Ascenso del ADBA-Sanfer a Liga Femenina 2.\" tabindex=\"-1\" >\n\t\t\tRead more &#034;\t\t<\/a>\n\n\t\t\t\t<\/div>\n\t\t\t\t<div class=\"elementor-post__meta-data\">\n\t\t\t\t\t<span class=\"elementor-post-date\">\n\t\t\t27 de May de 2023\t\t<\/span>\n\t\t\t\t<\/div>\n\t\t\t\t\t<\/div>\n\t\t<\/article>\n\t\t\t\t<article class=\"elementor-post elementor-grid-item post-1061 post type-post status-publish format-standard hentry category-noticias\">\n\t\t\t<div class=\"elementor-post__card\">\n\t\t\t\t<div class=\"elementor-post__text\">\n\t\t\t\t<h2 class=\"elementor-post__title\">\n\t\t\t<a href=\"https:\/\/gijonbasket.com\/en\/2023\/05\/26\/fase-ascenso-liga-femenina-2-adba-sanfer-nautico-tenerife-ull-54-46-adba-sanfer-a-un-paso-del-ascenso-a-liga-femenina-2\/\" >\n\t\t\t\tFase Ascenso Liga Femenina 2. ADBA-Sanfer -Na\u00fatico Tenerife Ull (54-46). ADBA-Sanfer a un paso del ascenso a Liga Femenina 2.\t\t\t<\/a>\n\t\t<\/h2>\n\t\t\t\t<div class=\"elementor-post__excerpt\">\n\t\t\t<p>ADBA-Sanfer con el ascenso a Liga Femenina 2 en sus manos. Marta Su\u00e1rez con un esptacular doble-doble (25 puntos; 20 rebotes) lider\u00f3 al ADBA-Sanfer a<\/p>\n\t\t<\/div>\n\t\t\n\t\t<a class=\"elementor-post__read-more\" href=\"https:\/\/gijonbasket.com\/en\/2023\/05\/26\/fase-ascenso-liga-femenina-2-adba-sanfer-nautico-tenerife-ull-54-46-adba-sanfer-a-un-paso-del-ascenso-a-liga-femenina-2\/\" aria-label=\"Read more about Fase Ascenso Liga Femenina 2. ADBA-Sanfer -Na\u00fatico Tenerife Ull (54-46). ADBA-Sanfer a un paso del ascenso a Liga Femenina 2.\" tabindex=\"-1\" >\n\t\t\tRead more &#034;\t\t<\/a>\n\n\t\t\t\t<\/div>\n\t\t\t\t<div class=\"elementor-post__meta-data\">\n\t\t\t\t\t<span class=\"elementor-post-date\">\n\t\t\t26 de May de 2023\t\t<\/span>\n\t\t\t\t<\/div>\n\t\t\t\t\t<\/div>\n\t\t<\/article>\n\t\t\t\t<article class=\"elementor-post elementor-grid-item post-1059 post type-post status-publish format-standard hentry category-noticias\">\n\t\t\t<div class=\"elementor-post__card\">\n\t\t\t\t<div class=\"elementor-post__text\">\n\t\t\t\t<h2 class=\"elementor-post__title\">\n\t\t\t<a href=\"https:\/\/gijonbasket.com\/en\/2023\/05\/26\/mercado-de-fichajes-43\/\" >\n\t\t\t\tMercado de Fichajes\t\t\t<\/a>\n\t\t<\/h2>\n\t\t\t\t<div class=\"elementor-post__excerpt\">\n\t\t\t<p>Zalgiris kaunas : Renovaci\u00f3n de contrato a Rolands Smits para la pr\u00f3xima temporada. Olympiacos : Negociaciones para la renovaci\u00f3n de contrato a Kostas Sloukas para<\/p>\n\t\t<\/div>\n\t\t\n\t\t<a class=\"elementor-post__read-more\" href=\"https:\/\/gijonbasket.com\/en\/2023\/05\/26\/mercado-de-fichajes-43\/\" aria-label=\"Read more about Mercado de Fichajes\" tabindex=\"-1\" >\n\t\t\tRead more &#034;\t\t<\/a>\n\n\t\t\t\t<\/div>\n\t\t\t\t<div class=\"elementor-post__meta-data\">\n\t\t\t\t\t<span class=\"elementor-post-date\">\n\t\t\t26 de May de 2023\t\t<\/span>\n\t\t\t\t<\/div>\n\t\t\t\t\t<\/div>\n\t\t<\/article>\n\t\t\t\t<article class=\"elementor-post elementor-grid-item post-1057 post type-post status-publish format-standard hentry category-noticias\">\n\t\t\t<div class=\"elementor-post__card\">\n\t\t\t\t<div class=\"elementor-post__text\">\n\t\t\t\t<h2 class=\"elementor-post__title\">\n\t\t\t<a href=\"https:\/\/gijonbasket.com\/en\/2023\/05\/26\/boston-celtics-miami-heat-110-97-final-conferencia-este-partido-5\/\" >\n\t\t\t\tBoston Celtics &#8211; Miami Heat (110-97). Final Conferencia Este. Partido 5.\t\t\t<\/a>\n\t\t<\/h2>\n\t\t\t\t<div class=\"elementor-post__excerpt\">\n\t\t\t<p>Segundo match ball salvado por los Boston Celtics para sumar su segunda victoria consecutiva y colocar la serie 2-3 favorable a Miami Heat. Dominio absoluto<\/p>\n\t\t<\/div>\n\t\t\n\t\t<a class=\"elementor-post__read-more\" href=\"https:\/\/gijonbasket.com\/en\/2023\/05\/26\/boston-celtics-miami-heat-110-97-final-conferencia-este-partido-5\/\" aria-label=\"Read more about Boston Celtics &#8211; Miami Heat (110-97). Final Conferencia Este. Partido 5.\" tabindex=\"-1\" >\n\t\t\tRead more &#034;\t\t<\/a>\n\n\t\t\t\t<\/div>\n\t\t\t\t<div class=\"elementor-post__meta-data\">\n\t\t\t\t\t<span class=\"elementor-post-date\">\n\t\t\t26 de May de 2023\t\t<\/span>\n\t\t\t\t<\/div>\n\t\t\t\t\t<\/div>\n\t\t<\/article>\n\t\t\t\t<article class=\"elementor-post elementor-grid-item post-1055 post type-post status-publish format-standard hentry category-noticias\">\n\t\t\t<div class=\"elementor-post__card\">\n\t\t\t\t<div class=\"elementor-post__text\">\n\t\t\t\t<h2 class=\"elementor-post__title\">\n\t\t\t<a href=\"https:\/\/gijonbasket.com\/en\/2023\/05\/25\/fase-ascenso-liga-femenina-2-adba-sanfer-alter-enersun-al-qazeres-extremadura-69-52\/\" >\n\t\t\t\tFase Ascenso Liga Femenina 2. ADBA-Sanfer &#8211; Alter Enersun-Al Q\u00e1zeres Extremadura (69-52).\t\t\t<\/a>\n\t\t<\/h2>\n\t\t\t\t<div class=\"elementor-post__excerpt\">\n\t\t\t<p>Estren\u00f3 con victoria para ADBA-Sanfer en la Fase de Ascenso a Liga Femenina 2 en la jornada inaugural de la fase de grupos. El Alter<\/p>\n\t\t<\/div>\n\t\t\n\t\t<a class=\"elementor-post__read-more\" href=\"https:\/\/gijonbasket.com\/en\/2023\/05\/25\/fase-ascenso-liga-femenina-2-adba-sanfer-alter-enersun-al-qazeres-extremadura-69-52\/\" aria-label=\"Read more about Fase Ascenso Liga Femenina 2. ADBA-Sanfer &#8211; Alter Enersun-Al Q\u00e1zeres Extremadura (69-52).\" tabindex=\"-1\" >\n\t\t\tRead more &#034;\t\t<\/a>\n\n\t\t\t\t<\/div>\n\t\t\t\t<div class=\"elementor-post__meta-data\">\n\t\t\t\t\t<span class=\"elementor-post-date\">\n\t\t\t25 de May de 2023\t\t<\/span>\n\t\t\t\t<\/div>\n\t\t\t\t\t<\/div>\n\t\t<\/article>\n\t\t\t\t<article class=\"elementor-post elementor-grid-item post-1053 post type-post status-publish format-standard hentry category-noticias\">\n\t\t\t<div class=\"elementor-post__card\">\n\t\t\t\t<div class=\"elementor-post__text\">\n\t\t\t\t<h2 class=\"elementor-post__title\">\n\t\t\t<a href=\"https:\/\/gijonbasket.com\/en\/2023\/05\/24\/descenso-del-real-betis-baloncesto-a-leb-oro-y-permanencia-de-coviran-granada\/\" >\n\t\t\t\tDescenso del Real Betis Baloncesto a LEB Oro y permanencia de Covir\u00e1n Granada\t\t\t<\/a>\n\t\t<\/h2>\n\t\t\t\t<div class=\"elementor-post__excerpt\">\n\t\t\t<p>Cruel descenso para el Real Betis Baloncesto motivado por la en\u00e9sima remontada \u00e9pica del Real Madrid. El Covir\u00e1n Granada certific\u00f3 la permanencia, gracias a su<\/p>\n\t\t<\/div>\n\t\t\n\t\t<a class=\"elementor-post__read-more\" href=\"https:\/\/gijonbasket.com\/en\/2023\/05\/24\/descenso-del-real-betis-baloncesto-a-leb-oro-y-permanencia-de-coviran-granada\/\" aria-label=\"Read more about Descenso del Real Betis Baloncesto a LEB Oro y permanencia de Covir\u00e1n Granada\" tabindex=\"-1\" >\n\t\t\tRead more &#034;\t\t<\/a>\n\n\t\t\t\t<\/div>\n\t\t\t\t<div class=\"elementor-post__meta-data\">\n\t\t\t\t\t<span class=\"elementor-post-date\">\n\t\t\t24 de May de 2023\t\t<\/span>\n\t\t\t\t<\/div>\n\t\t\t\t\t<\/div>\n\t\t<\/article>\n\t\t\t\t<article class=\"elementor-post elementor-grid-item post-1051 post type-post status-publish format-standard hentry category-noticias\">\n\t\t\t<div class=\"elementor-post__card\">\n\t\t\t\t<div class=\"elementor-post__text\">\n\t\t\t\t<h2 class=\"elementor-post__title\">\n\t\t\t<a href=\"https:\/\/gijonbasket.com\/en\/2023\/05\/24\/burgos-madrid-y-palencia-candidatas-a-sede-final-four-leb-oro\/\" >\n\t\t\t\tBurgos, Madrid y Palencia candidatas a sede Final Four LEB Oro\t\t\t<\/a>\n\t\t<\/h2>\n\t\t\t\t<div class=\"elementor-post__excerpt\">\n\t\t\t<p>Hereda San Pablo Burgos, Movistar Estudiantes y Zunder Palencia han presentado sus candidaturas como organizadores de la Final Four LEB Oro 2022\/2023, donde el equipo<\/p>\n\t\t<\/div>\n\t\t\n\t\t<a class=\"elementor-post__read-more\" href=\"https:\/\/gijonbasket.com\/en\/2023\/05\/24\/burgos-madrid-y-palencia-candidatas-a-sede-final-four-leb-oro\/\" aria-label=\"Read more about Burgos, Madrid y Palencia candidatas a sede Final Four LEB Oro\" tabindex=\"-1\" >\n\t\t\tRead more &#034;\t\t<\/a>\n\n\t\t\t\t<\/div>\n\t\t\t\t<div class=\"elementor-post__meta-data\">\n\t\t\t\t\t<span class=\"elementor-post-date\">\n\t\t\t24 de May de 2023\t\t<\/span>\n\t\t\t\t<\/div>\n\t\t\t\t\t<\/div>\n\t\t<\/article>\n\t\t\t\t<article class=\"elementor-post elementor-grid-item post-1049 post type-post status-publish format-standard hentry category-noticias\">\n\t\t\t<div class=\"elementor-post__card\">\n\t\t\t\t<div class=\"elementor-post__text\">\n\t\t\t\t<h2 class=\"elementor-post__title\">\n\t\t\t<a href=\"https:\/\/gijonbasket.com\/en\/2023\/05\/24\/miami-heat-boston-celtics-99-116-final-conferencia-este-partido-4\/\" >\n\t\t\t\tMiami Heat \u2013 Boston Celtics (99-116). Final Conferencia Este. Partido 4.\t\t\t<\/a>\n\t\t<\/h2>\n\t\t\t\t<div class=\"elementor-post__excerpt\">\n\t\t\t<p>Primer match ball salvado por los Boston Celtics sumando su primera victoria en la Final de la Conferencia Este ante los Miami Heat. Dominio de<\/p>\n\t\t<\/div>\n\t\t\n\t\t<a class=\"elementor-post__read-more\" href=\"https:\/\/gijonbasket.com\/en\/2023\/05\/24\/miami-heat-boston-celtics-99-116-final-conferencia-este-partido-4\/\" aria-label=\"Read more about Miami Heat \u2013 Boston Celtics (99-116). Final Conferencia Este. Partido 4.\" tabindex=\"-1\" >\n\t\t\tRead more &#034;\t\t<\/a>\n\n\t\t\t\t<\/div>\n\t\t\t\t<div class=\"elementor-post__meta-data\">\n\t\t\t\t\t<span class=\"elementor-post-date\">\n\t\t\t24 de May de 2023\t\t<\/span>\n\t\t\t\t<\/div>\n\t\t\t\t\t<\/div>\n\t\t<\/article>\n\t\t\t\t<article class=\"elementor-post elementor-grid-item post-1047 post type-post status-publish format-standard hentry category-noticias\">\n\t\t\t<div class=\"elementor-post__card\">\n\t\t\t\t<div class=\"elementor-post__text\">\n\t\t\t\t<h2 class=\"elementor-post__title\">\n\t\t\t<a href=\"https:\/\/gijonbasket.com\/en\/2023\/05\/23\/carmelo-anthony-se-retira\/\" >\n\t\t\t\tCarmelo Anthony se retira\t\t\t<\/a>\n\t\t<\/h2>\n\t\t\t\t<div class=\"elementor-post__excerpt\">\n\t\t\t<p>Carmelo Anthony anunci\u00f3 ayer su retirada del baloncesto profesional. A los 38 a\u00f1os y tras 19 temporadas NBA habiendo militado en Denver Nuggets (2003-2011), New<\/p>\n\t\t<\/div>\n\t\t\n\t\t<a class=\"elementor-post__read-more\" href=\"https:\/\/gijonbasket.com\/en\/2023\/05\/23\/carmelo-anthony-se-retira\/\" aria-label=\"Read more about Carmelo Anthony se retira\" tabindex=\"-1\" >\n\t\t\tRead more &#034;\t\t<\/a>\n\n\t\t\t\t<\/div>\n\t\t\t\t<div class=\"elementor-post__meta-data\">\n\t\t\t\t\t<span class=\"elementor-post-date\">\n\t\t\t23 de May de 2023\t\t<\/span>\n\t\t\t\t<\/div>\n\t\t\t\t\t<\/div>\n\t\t<\/article>\n\t\t\t\t<article class=\"elementor-post elementor-grid-item post-1044 post type-post status-publish format-standard hentry category-noticias\">\n\t\t\t<div class=\"elementor-post__card\">\n\t\t\t\t<div class=\"elementor-post__text\">\n\t\t\t\t<h2 class=\"elementor-post__title\">\n\t\t\t<a href=\"https:\/\/gijonbasket.com\/en\/2023\/05\/23\/los-angeles-lakers-denver-nuggets-111-113-final-conferencia-oeste-partido-4\/\" >\n\t\t\t\tLos \u00c1ngeles Lakers \u2013 Denver Nuggets (111-113). Final Conferencia Oeste. Partido 4.\t\t\t<\/a>\n\t\t<\/h2>\n\t\t\t\t<div class=\"elementor-post__excerpt\">\n\t\t\t<p>Denver Nuggets Campe\u00f3n Conferencia Oeste y primer equipo clasificado para la Final NBA tras superar por la v\u00eda r\u00e1pida (4-0) a Los \u00c1ngeles Lakers. Igualdad<\/p>\n\t\t<\/div>\n\t\t\n\t\t<a class=\"elementor-post__read-more\" href=\"https:\/\/gijonbasket.com\/en\/2023\/05\/23\/los-angeles-lakers-denver-nuggets-111-113-final-conferencia-oeste-partido-4\/\" aria-label=\"Read more about Los \u00c1ngeles Lakers \u2013 Denver Nuggets (111-113). Final Conferencia Oeste. Partido 4.\" tabindex=\"-1\" >\n\t\t\tRead more &#034;\t\t<\/a>\n\n\t\t\t\t<\/div>\n\t\t\t\t<div class=\"elementor-post__meta-data\">\n\t\t\t\t\t<span class=\"elementor-post-date\">\n\t\t\t23 de May de 2023\t\t<\/span>\n\t\t\t\t<\/div>\n\t\t\t\t\t<\/div>\n\t\t<\/article>\n\t\t\t\t<article class=\"elementor-post elementor-grid-item post-1042 post type-post status-publish format-standard hentry category-noticias\">\n\t\t\t<div class=\"elementor-post__card\">\n\t\t\t\t<div class=\"elementor-post__text\">\n\t\t\t\t<h2 class=\"elementor-post__title\">\n\t\t\t<a href=\"https:\/\/gijonbasket.com\/en\/2023\/05\/22\/tiempo-muerto-onda-penes-22-05-2023\/\" >\n\t\t\t\tTiempo Muerto \u2013 Onda Pe\u00f1es \u2013 22\/05\/2023\t\t\t<\/a>\n\t\t<\/h2>\n\t\t\t\t<div class=\"elementor-post__excerpt\">\n\t\t\t<p>https:\/\/www.ivoox.com\/tiempo-muerto-22-05-2023-audios-mp3_rf_108736831_1.html<\/p>\n\t\t<\/div>\n\t\t\n\t\t<a class=\"elementor-post__read-more\" href=\"https:\/\/gijonbasket.com\/en\/2023\/05\/22\/tiempo-muerto-onda-penes-22-05-2023\/\" aria-label=\"Read more about Tiempo Muerto \u2013 Onda Pe\u00f1es \u2013 22\/05\/2023\" tabindex=\"-1\" >\n\t\t\tRead more &#034;\t\t<\/a>\n\n\t\t\t\t<\/div>\n\t\t\t\t<div class=\"elementor-post__meta-data\">\n\t\t\t\t\t<span class=\"elementor-post-date\">\n\t\t\t22 de May de 2023\t\t<\/span>\n\t\t\t\t<\/div>\n\t\t\t\t\t<\/div>\n\t\t<\/article>\n\t\t\t\t<article class=\"elementor-post elementor-grid-item post-1039 post type-post status-publish format-standard hentry category-noticias\">\n\t\t\t<div class=\"elementor-post__card\">\n\t\t\t\t<div class=\"elementor-post__text\">\n\t\t\t\t<h2 class=\"elementor-post__title\">\n\t\t\t<a href=\"https:\/\/gijonbasket.com\/en\/2023\/05\/22\/mercado-de-fichajes-42\/\" >\n\t\t\t\tMercado de Fichajes\t\t\t<\/a>\n\t\t<\/h2>\n\t\t\t\t<div class=\"elementor-post__excerpt\">\n\t\t\t<p>Paris Basketball : Acuerdo para la contrataci\u00f3n de Tuomas Iisalo (Telekom Baskets Bonn) como futuro t\u00e9cnico. Inter\u00e9s por TJ Shorts (Telekom Baskets Bonn). Anadolu Efes<\/p>\n\t\t<\/div>\n\t\t\n\t\t<a class=\"elementor-post__read-more\" href=\"https:\/\/gijonbasket.com\/en\/2023\/05\/22\/mercado-de-fichajes-42\/\" aria-label=\"Read more about Mercado de Fichajes\" tabindex=\"-1\" >\n\t\t\tRead more &#034;\t\t<\/a>\n\n\t\t\t\t<\/div>\n\t\t\t\t<div class=\"elementor-post__meta-data\">\n\t\t\t\t\t<span class=\"elementor-post-date\">\n\t\t\t22 de May de 2023\t\t<\/span>\n\t\t\t\t<\/div>\n\t\t\t\t\t<\/div>\n\t\t<\/article>\n\t\t\t\t<article class=\"elementor-post elementor-grid-item post-1037 post type-post status-publish format-standard hentry category-noticias\">\n\t\t\t<div class=\"elementor-post__card\">\n\t\t\t\t<div class=\"elementor-post__text\">\n\t\t\t\t<h2 class=\"elementor-post__title\">\n\t\t\t<a href=\"https:\/\/gijonbasket.com\/en\/2023\/05\/22\/miami-heat-boston-celtics-128-102-final-conferencia-este-partido-3\/\" >\n\t\t\t\tMiami Heat &#8211; Boston Celtics (128-102). Final Conferencia Este. Partido 3.\t\t\t<\/a>\n\t\t<\/h2>\n\t\t\t\t<div class=\"elementor-post__excerpt\">\n\t\t\t<p>Miami Heat a una victoria del t\u00edtulo de Campe\u00f3n de la Conferencia Este y de disputar la Final NBA 2022\/2023. Los Heat arrollaron, la pasada<\/p>\n\t\t<\/div>\n\t\t\n\t\t<a class=\"elementor-post__read-more\" href=\"https:\/\/gijonbasket.com\/en\/2023\/05\/22\/miami-heat-boston-celtics-128-102-final-conferencia-este-partido-3\/\" aria-label=\"Read more about Miami Heat &#8211; Boston Celtics (128-102). Final Conferencia Este. Partido 3.\" tabindex=\"-1\" >\n\t\t\tRead more &#034;\t\t<\/a>\n\n\t\t\t\t<\/div>\n\t\t\t\t<div class=\"elementor-post__meta-data\">\n\t\t\t\t\t<span class=\"elementor-post-date\">\n\t\t\t22 de May de 2023\t\t<\/span>\n\t\t\t\t<\/div>\n\t\t\t\t\t<\/div>\n\t\t<\/article>\n\t\t\t\t<article class=\"elementor-post elementor-grid-item post-1032 post type-post status-publish format-standard hentry category-noticias\">\n\t\t\t<div class=\"elementor-post__card\">\n\t\t\t\t<div class=\"elementor-post__text\">\n\t\t\t\t<h2 class=\"elementor-post__title\">\n\t\t\t<a href=\"https:\/\/gijonbasket.com\/en\/2023\/05\/21\/euroliga-2022-2023-final-four-kaunas-final-olympiacos-real-madrid-78-79\/\" >\n\t\t\t\tEuroliga 2022\/2023. Final Four Kaunas. Final. Olympiacos &#8211; Real Madrid (78-79).\t\t\t<\/a>\n\t\t<\/h2>\n\t\t\t\t<div class=\"elementor-post__excerpt\">\n\t\t\t<p>Und\u00e9cima Euroliga para el Real Madrid, de la mano de Sergio Llull, con la canasta ganadora a falta de 4 segundos 8 d\u00e9cimas. Los \u00fanicos<\/p>\n\t\t<\/div>\n\t\t\n\t\t<a class=\"elementor-post__read-more\" href=\"https:\/\/gijonbasket.com\/en\/2023\/05\/21\/euroliga-2022-2023-final-four-kaunas-final-olympiacos-real-madrid-78-79\/\" aria-label=\"Read more about Euroliga 2022\/2023. Final Four Kaunas. Final. Olympiacos &#8211; Real Madrid (78-79).\" tabindex=\"-1\" >\n\t\t\tRead more &#034;\t\t<\/a>\n\n\t\t\t\t<\/div>\n\t\t\t\t<div class=\"elementor-post__meta-data\">\n\t\t\t\t\t<span class=\"elementor-post-date\">\n\t\t\t21 de May de 2023\t\t<\/span>\n\t\t\t\t<\/div>\n\t\t\t\t\t<\/div>\n\t\t<\/article>\n\t\t\t\t<article class=\"elementor-post elementor-grid-item post-1030 post type-post status-publish format-standard hentry category-noticias\">\n\t\t\t<div class=\"elementor-post__card\">\n\t\t\t\t<div class=\"elementor-post__text\">\n\t\t\t\t<h2 class=\"elementor-post__title\">\n\t\t\t<a href=\"https:\/\/gijonbasket.com\/en\/2023\/05\/21\/mercado-de-fichajes-41\/\" >\n\t\t\t\tMercado de Fichajes\t\t\t<\/a>\n\t\t<\/h2>\n\t\t\t\t<div class=\"elementor-post__excerpt\">\n\t\t\t<p>Grupo Alega Cantabria CBT : Renovacion de contrato a Mirza Bulic para las pr\u00f3ximas dos temporadas. Class B\u00e1squet Sant Antoni : No continuidad de Adnan<\/p>\n\t\t<\/div>\n\t\t\n\t\t<a class=\"elementor-post__read-more\" href=\"https:\/\/gijonbasket.com\/en\/2023\/05\/21\/mercado-de-fichajes-41\/\" aria-label=\"Read more about Mercado de Fichajes\" tabindex=\"-1\" >\n\t\t\tRead more &#034;\t\t<\/a>\n\n\t\t\t\t<\/div>\n\t\t\t\t<div class=\"elementor-post__meta-data\">\n\t\t\t\t\t<span class=\"elementor-post-date\">\n\t\t\t21 de May de 2023\t\t<\/span>\n\t\t\t\t<\/div>\n\t\t\t\t\t<\/div>\n\t\t<\/article>\n\t\t\t\t<article class=\"elementor-post elementor-grid-item post-1028 post type-post status-publish format-standard hentry category-noticias\">\n\t\t\t<div class=\"elementor-post__card\">\n\t\t\t\t<div class=\"elementor-post__text\">\n\t\t\t\t<h2 class=\"elementor-post__title\">\n\t\t\t<a href=\"https:\/\/gijonbasket.com\/en\/2023\/05\/21\/los-angeles-lakers-denver-nuggets-108-119-final-conferencia-oeste-partido-3\/\" >\n\t\t\t\tLos \u00c1ngeles Lakers &#8211; Denver Nuggets (108-119). Final Conferencia Oeste. Partido 3.\t\t\t<\/a>\n\t\t<\/h2>\n\t\t\t\t<div class=\"elementor-post__excerpt\">\n\t\t\t<p>Denver Nuggets a una victoria del t\u00edtulo de Campe\u00f3n de Conferencia Oeste y de disputar la Final NBA 2022\/2023. Denver Nuggets domin\u00f3 la casi totalidad<\/p>\n\t\t<\/div>\n\t\t\n\t\t<a class=\"elementor-post__read-more\" href=\"https:\/\/gijonbasket.com\/en\/2023\/05\/21\/los-angeles-lakers-denver-nuggets-108-119-final-conferencia-oeste-partido-3\/\" aria-label=\"Read more about Los \u00c1ngeles Lakers &#8211; Denver Nuggets (108-119). Final Conferencia Oeste. Partido 3.\" tabindex=\"-1\" >\n\t\t\tRead more &#034;\t\t<\/a>\n\n\t\t\t\t<\/div>\n\t\t\t\t<div class=\"elementor-post__meta-data\">\n\t\t\t\t\t<span class=\"elementor-post-date\">\n\t\t\t21 de May de 2023\t\t<\/span>\n\t\t\t\t<\/div>\n\t\t\t\t\t<\/div>\n\t\t<\/article>\n\t\t\t\t<article class=\"elementor-post elementor-grid-item post-1025 post type-post status-publish format-standard hentry category-noticias\">\n\t\t\t<div class=\"elementor-post__card\">\n\t\t\t\t<div class=\"elementor-post__text\">\n\t\t\t\t<h2 class=\"elementor-post__title\">\n\t\t\t<a href=\"https:\/\/gijonbasket.com\/en\/2023\/05\/20\/euroliga-2022-2023-final-four-kaunas-semifinales-olympiacos-y-real-madrid-a-la-final\/\" >\n\t\t\t\tEuroliga 2022\/2023. Final Four Kaunas. Semifinales. Olympiacos y Real Madrid a la Final.\t\t\t<\/a>\n\t\t<\/h2>\n\t\t\t\t<div class=\"elementor-post__excerpt\">\n\t\t\t<p>Olympiacos y Real Madrid se clasificaron ayer para la Final de la Euroliga tras superar respectivamete a AS M\u00f3naco (76-62) y F.C. Barcelona (66-78). Olympiacos<\/p>\n\t\t<\/div>\n\t\t\n\t\t<a class=\"elementor-post__read-more\" href=\"https:\/\/gijonbasket.com\/en\/2023\/05\/20\/euroliga-2022-2023-final-four-kaunas-semifinales-olympiacos-y-real-madrid-a-la-final\/\" aria-label=\"Read more about Euroliga 2022\/2023. Final Four Kaunas. Semifinales. Olympiacos y Real Madrid a la Final.\" tabindex=\"-1\" >\n\t\t\tRead more &#034;\t\t<\/a>\n\n\t\t\t\t<\/div>\n\t\t\t\t<div class=\"elementor-post__meta-data\">\n\t\t\t\t\t<span class=\"elementor-post-date\">\n\t\t\t20 de May de 2023\t\t<\/span>\n\t\t\t\t<\/div>\n\t\t\t\t\t<\/div>\n\t\t<\/article>\n\t\t\t\t<article class=\"elementor-post elementor-grid-item post-1023 post type-post status-publish format-standard hentry category-noticias\">\n\t\t\t<div class=\"elementor-post__card\">\n\t\t\t\t<div class=\"elementor-post__text\">\n\t\t\t\t<h2 class=\"elementor-post__title\">\n\t\t\t<a href=\"https:\/\/gijonbasket.com\/en\/2023\/05\/20\/boston-celtics-miami-heat-105-111-final-conferencia-este-partido-2\/\" >\n\t\t\t\tBoston Celtics &#8211; Miami Heat (105-111). Final Conferencia Este. Partido 2.\t\t\t<\/a>\n\t\t<\/h2>\n\t\t\t\t<div class=\"elementor-post__excerpt\">\n\t\t\t<p>Asalto al TD Garden por parte de los Miami Heat, con sus dos victorias en los dos primeros encuentros de la Final de la Conferencia<\/p>\n\t\t<\/div>\n\t\t\n\t\t<a class=\"elementor-post__read-more\" href=\"https:\/\/gijonbasket.com\/en\/2023\/05\/20\/boston-celtics-miami-heat-105-111-final-conferencia-este-partido-2\/\" aria-label=\"Read more about Boston Celtics &#8211; Miami Heat (105-111). Final Conferencia Este. Partido 2.\" tabindex=\"-1\" >\n\t\t\tRead more &#034;\t\t<\/a>\n\n\t\t\t\t<\/div>\n\t\t\t\t<div class=\"elementor-post__meta-data\">\n\t\t\t\t\t<span class=\"elementor-post-date\">\n\t\t\t20 de May de 2023\t\t<\/span>\n\t\t\t\t<\/div>\n\t\t\t\t\t<\/div>\n\t\t<\/article>\n\t\t\t\t<article class=\"elementor-post elementor-grid-item post-1021 post type-post status-publish format-standard hentry category-noticias\">\n\t\t\t<div class=\"elementor-post__card\">\n\t\t\t\t<div class=\"elementor-post__text\">\n\t\t\t\t<h2 class=\"elementor-post__title\">\n\t\t\t<a href=\"https:\/\/gijonbasket.com\/en\/2023\/05\/20\/grupo-alega-cantabria-cbt-alimerka-oviedo-baloncesto-76-90\/\" >\n\t\t\t\tGrupo Alega Cantabria CBT &#8211; Alimerka Oviedo Baloncesto (76-90)\t\t\t<\/a>\n\t\t<\/h2>\n\t\t\t\t<div class=\"elementor-post__excerpt\">\n\t\t\t<p>El Alimerka Oviedo Baloncesto cerr\u00f3 ayer la temporada 2022\/2023 con una brillante victoria en la pista del Grupo Alega Cantabria CBT. Segunda victoria consecutiva del<\/p>\n\t\t<\/div>\n\t\t\n\t\t<a class=\"elementor-post__read-more\" href=\"https:\/\/gijonbasket.com\/en\/2023\/05\/20\/grupo-alega-cantabria-cbt-alimerka-oviedo-baloncesto-76-90\/\" aria-label=\"Read more about Grupo Alega Cantabria CBT &#8211; Alimerka Oviedo Baloncesto (76-90)\" tabindex=\"-1\" >\n\t\t\tRead more &#034;\t\t<\/a>\n\n\t\t\t\t<\/div>\n\t\t\t\t<div class=\"elementor-post__meta-data\">\n\t\t\t\t\t<span class=\"elementor-post-date\">\n\t\t\t20 de May de 2023\t\t<\/span>\n\t\t\t\t<\/div>\n\t\t\t\t\t<\/div>\n\t\t<\/article>\n\t\t\t\t<article class=\"elementor-post elementor-grid-item post-1019 post type-post status-publish format-standard hentry category-noticias\">\n\t\t\t<div class=\"elementor-post__card\">\n\t\t\t\t<div class=\"elementor-post__text\">\n\t\t\t\t<h2 class=\"elementor-post__title\">\n\t\t\t<a href=\"https:\/\/gijonbasket.com\/en\/2023\/05\/19\/mercado-de-fichajes-40\/\" >\n\t\t\t\tMercado de Fichajes\t\t\t<\/a>\n\t\t<\/h2>\n\t\t\t\t<div class=\"elementor-post__excerpt\">\n\t\t\t<p>Maccabi Playtika Tel-Aviv : Renovaci\u00f3n de contrato a Bonzie Colson para las pr\u00f3ximas dos temporadas. Cocodrilos de Caracas : Fichaje de Luis Santos (Atl\u00e9tico Bigua<\/p>\n\t\t<\/div>\n\t\t\n\t\t<a class=\"elementor-post__read-more\" href=\"https:\/\/gijonbasket.com\/en\/2023\/05\/19\/mercado-de-fichajes-40\/\" aria-label=\"Read more about Mercado de Fichajes\" tabindex=\"-1\" >\n\t\t\tRead more &#034;\t\t<\/a>\n\n\t\t\t\t<\/div>\n\t\t\t\t<div class=\"elementor-post__meta-data\">\n\t\t\t\t\t<span class=\"elementor-post-date\">\n\t\t\t19 de May de 2023\t\t<\/span>\n\t\t\t\t<\/div>\n\t\t\t\t\t<\/div>\n\t\t<\/article>\n\t\t\t\t<article class=\"elementor-post elementor-grid-item post-1017 post type-post status-publish format-standard hentry category-noticias\">\n\t\t\t<div class=\"elementor-post__card\">\n\t\t\t\t<div class=\"elementor-post__text\">\n\t\t\t\t<h2 class=\"elementor-post__title\">\n\t\t\t<a href=\"https:\/\/gijonbasket.com\/en\/2023\/05\/18\/ja-morant-nueva-suspension-por-memphis-grizzlies\/\" >\n\t\t\t\tJa Morant nueva suspensi\u00f3n por Memphis Grizzlies\t\t\t<\/a>\n\t\t<\/h2>\n\t\t\t\t<div class=\"elementor-post__excerpt\">\n\t\t\t<p>Los Memphis Grizzlies han vuelto a suspender a Ja Morant, jugador franquicia, tras aparecer en un video con una pistola en la mano. Reincidente por<\/p>\n\t\t<\/div>\n\t\t\n\t\t<a class=\"elementor-post__read-more\" href=\"https:\/\/gijonbasket.com\/en\/2023\/05\/18\/ja-morant-nueva-suspension-por-memphis-grizzlies\/\" aria-label=\"Read more about Ja Morant nueva suspensi\u00f3n por Memphis Grizzlies\" tabindex=\"-1\" >\n\t\t\tRead more &#034;\t\t<\/a>\n\n\t\t\t\t<\/div>\n\t\t\t\t<div class=\"elementor-post__meta-data\">\n\t\t\t\t\t<span class=\"elementor-post-date\">\n\t\t\t18 de May de 2023\t\t<\/span>\n\t\t\t\t<\/div>\n\t\t\t\t\t<\/div>\n\t\t<\/article>\n\t\t\t\t<article class=\"elementor-post elementor-grid-item post-1015 post type-post status-publish format-standard hentry category-noticias\">\n\t\t\t<div class=\"elementor-post__card\">\n\t\t\t\t<div class=\"elementor-post__text\">\n\t\t\t\t<h2 class=\"elementor-post__title\">\n\t\t\t<a href=\"https:\/\/gijonbasket.com\/en\/2023\/05\/18\/mercado-de-fichajes-39\/\" >\n\t\t\t\tMercado de Fichajes\t\t\t<\/a>\n\t\t<\/h2>\n\t\t\t\t<div class=\"elementor-post__excerpt\">\n\t\t\t<p>Surne Bilbao Basket : Fichaje de Sergio Llorente (Circus Brussels Basketball) ante las bajas por lesi\u00f3n de Lude Hakanson, Nikola Radicevic y Agust\u00edn Ubal. Sergio<\/p>\n\t\t<\/div>\n\t\t\n\t\t<a class=\"elementor-post__read-more\" href=\"https:\/\/gijonbasket.com\/en\/2023\/05\/18\/mercado-de-fichajes-39\/\" aria-label=\"Read more about Mercado de Fichajes\" tabindex=\"-1\" >\n\t\t\tRead more &#034;\t\t<\/a>\n\n\t\t\t\t<\/div>\n\t\t\t\t<div class=\"elementor-post__meta-data\">\n\t\t\t\t\t<span class=\"elementor-post-date\">\n\t\t\t18 de May de 2023\t\t<\/span>\n\t\t\t\t<\/div>\n\t\t\t\t\t<\/div>\n\t\t<\/article>\n\t\t\t\t<article class=\"elementor-post elementor-grid-item post-1013 post type-post status-publish format-standard hentry category-noticias\">\n\t\t\t<div class=\"elementor-post__card\">\n\t\t\t\t<div class=\"elementor-post__text\">\n\t\t\t\t<h2 class=\"elementor-post__title\">\n\t\t\t<a href=\"https:\/\/gijonbasket.com\/en\/2023\/05\/18\/adios-de-saul-pastur-a-corinto-gijon-basket\/\" >\n\t\t\t\tAdi\u00f3s de Sa\u00fal Pastur a Corinto Gij\u00f3n Basket\t\t\t<\/a>\n\t\t<\/h2>\n\t\t\t\t<div class=\"elementor-post__excerpt\">\n\t\t\t<p>Sa\u00fal Pastur, anunci\u00f3 ayer mi\u00e9rcoles, que no continuar\u00e1 como t\u00e9cnico de Corinto Gij\u00f3n Basket la pr\u00f3xima temporada tras una meditada decisi\u00f3n. Sa\u00fal Pastur se incorpor\u00f3<\/p>\n\t\t<\/div>\n\t\t\n\t\t<a class=\"elementor-post__read-more\" href=\"https:\/\/gijonbasket.com\/en\/2023\/05\/18\/adios-de-saul-pastur-a-corinto-gijon-basket\/\" aria-label=\"Read more about Adi\u00f3s de Sa\u00fal Pastur a Corinto Gij\u00f3n Basket\" tabindex=\"-1\" >\n\t\t\tRead more &#034;\t\t<\/a>\n\n\t\t\t\t<\/div>\n\t\t\t\t<div class=\"elementor-post__meta-data\">\n\t\t\t\t\t<span class=\"elementor-post-date\">\n\t\t\t18 de May de 2023\t\t<\/span>\n\t\t\t\t<\/div>\n\t\t\t\t\t<\/div>\n\t\t<\/article>\n\t\t\t\t<article class=\"elementor-post elementor-grid-item post-1009 post type-post status-publish format-standard hentry category-noticias\">\n\t\t\t<div class=\"elementor-post__card\">\n\t\t\t\t<div class=\"elementor-post__text\">\n\t\t\t\t<h2 class=\"elementor-post__title\">\n\t\t\t<a href=\"https:\/\/gijonbasket.com\/en\/2023\/05\/17\/mercado-de-fichajes-38\/\" >\n\t\t\t\tMercado de Fichajes\t\t\t<\/a>\n\t\t<\/h2>\n\t\t\t\t<div class=\"elementor-post__excerpt\">\n\t\t\t<p>Boulogne-Levallois Metropolitans 92 : Fichaje de Barry Brown Jr. (New Zealand Breakers). Class B\u00e1squet Sant Antoni : No continuidad de Ervins Jonats y Janis Kaufmanis.<\/p>\n\t\t<\/div>\n\t\t\n\t\t<a class=\"elementor-post__read-more\" href=\"https:\/\/gijonbasket.com\/en\/2023\/05\/17\/mercado-de-fichajes-38\/\" aria-label=\"Read more about Mercado de Fichajes\" tabindex=\"-1\" >\n\t\t\tRead more &#034;\t\t<\/a>\n\n\t\t\t\t<\/div>\n\t\t\t\t<div class=\"elementor-post__meta-data\">\n\t\t\t\t\t<span class=\"elementor-post-date\">\n\t\t\t17 de May de 2023\t\t<\/span>\n\t\t\t\t<\/div>\n\t\t\t\t\t<\/div>\n\t\t<\/article>\n\t\t\t\t<article class=\"elementor-post elementor-grid-item post-1007 post type-post status-publish format-standard hentry category-noticias\">\n\t\t\t<div class=\"elementor-post__card\">\n\t\t\t\t<div class=\"elementor-post__text\">\n\t\t\t\t<h2 class=\"elementor-post__title\">\n\t\t\t<a href=\"https:\/\/gijonbasket.com\/en\/2023\/05\/17\/ivan-aurrecoechea-nuevo-fichaje-del-movistar-estudiantes\/\" >\n\t\t\t\tIv\u00e1n Aurrecoechea nuevo fichaje del Movistar Estudiantes\t\t\t<\/a>\n\t\t<\/h2>\n\t\t\t\t<div class=\"elementor-post__excerpt\">\n\t\t\t<p>Movistar Estudiantes : Fichaje de Iv\u00e1n Aurrecoechea (Bueno Arenas Albacete Basket) para cubrir la baja por lesi\u00f3n de larga duraci\u00f3n de H\u00e9ctor Alderete.<\/p>\n\t\t<\/div>\n\t\t\n\t\t<a class=\"elementor-post__read-more\" href=\"https:\/\/gijonbasket.com\/en\/2023\/05\/17\/ivan-aurrecoechea-nuevo-fichaje-del-movistar-estudiantes\/\" aria-label=\"Read more about Iv\u00e1n Aurrecoechea nuevo fichaje del Movistar Estudiantes\" tabindex=\"-1\" >\n\t\t\tRead more &#034;\t\t<\/a>\n\n\t\t\t\t<\/div>\n\t\t\t\t<div class=\"elementor-post__meta-data\">\n\t\t\t\t\t<span class=\"elementor-post-date\">\n\t\t\t17 de May de 2023\t\t<\/span>\n\t\t\t\t<\/div>\n\t\t\t\t\t<\/div>\n\t\t<\/article>\n\t\t\t\t<article class=\"elementor-post elementor-grid-item post-1001 post type-post status-publish format-standard hentry category-noticias\">\n\t\t\t<div class=\"elementor-post__card\">\n\t\t\t\t<div class=\"elementor-post__text\">\n\t\t\t\t<h2 class=\"elementor-post__title\">\n\t\t\t<a href=\"https:\/\/gijonbasket.com\/en\/2023\/05\/17\/doc-rivers-destituido-en-philadelphia-76-ers\/\" >\n\t\t\t\tDoc Rivers destituido en Philadelphia 76 ers\t\t\t<\/a>\n\t\t<\/h2>\n\t\t\t\t<div class=\"elementor-post__excerpt\">\n\t\t\t<p>La eliminaci\u00f3n de los Philadelphia 76 ers a manos de los Boston Celtics, en el s\u00e9ptimo partido de la Semifinal de la Conferencia Este, le<\/p>\n\t\t<\/div>\n\t\t\n\t\t<a class=\"elementor-post__read-more\" href=\"https:\/\/gijonbasket.com\/en\/2023\/05\/17\/doc-rivers-destituido-en-philadelphia-76-ers\/\" aria-label=\"Read more about Doc Rivers destituido en Philadelphia 76 ers\" tabindex=\"-1\" >\n\t\t\tRead more &#034;\t\t<\/a>\n\n\t\t\t\t<\/div>\n\t\t\t\t<div class=\"elementor-post__meta-data\">\n\t\t\t\t\t<span class=\"elementor-post-date\">\n\t\t\t17 de May de 2023\t\t<\/span>\n\t\t\t\t<\/div>\n\t\t\t\t\t<\/div>\n\t\t<\/article>\n\t\t\t\t<article class=\"elementor-post elementor-grid-item post-998 post type-post status-publish format-standard hentry category-noticias\">\n\t\t\t<div class=\"elementor-post__card\">\n\t\t\t\t<div class=\"elementor-post__text\">\n\t\t\t\t<h2 class=\"elementor-post__title\">\n\t\t\t<a href=\"https:\/\/gijonbasket.com\/en\/2023\/05\/17\/san-antonio-spurs-no1-draft-nba-objetivo-victor-wembanyama\/\" >\n\t\t\t\tSan Antonio Spurs n\u00ba1 Draft NBA. Objetivo Victor Wembanyama.\t\t\t<\/a>\n\t\t<\/h2>\n\t\t\t\t<div class=\"elementor-post__excerpt\">\n\t\t\t<p>El Gordo del Draft Lottery NBA cay\u00f3 en San Antonio y los Spurs tendr\u00e1n la primera elecci\u00f3n. El futuro n\u00ba1 del Draft por los Spurs<\/p>\n\t\t<\/div>\n\t\t\n\t\t<a class=\"elementor-post__read-more\" href=\"https:\/\/gijonbasket.com\/en\/2023\/05\/17\/san-antonio-spurs-no1-draft-nba-objetivo-victor-wembanyama\/\" aria-label=\"Read more about San Antonio Spurs n\u00ba1 Draft NBA. Objetivo Victor Wembanyama.\" tabindex=\"-1\" >\n\t\t\tRead more &#034;\t\t<\/a>\n\n\t\t\t\t<\/div>\n\t\t\t\t<div class=\"elementor-post__meta-data\">\n\t\t\t\t\t<span class=\"elementor-post-date\">\n\t\t\t17 de May de 2023\t\t<\/span>\n\t\t\t\t<\/div>\n\t\t\t\t\t<\/div>\n\t\t<\/article>\n\t\t\t\t<article class=\"elementor-post elementor-grid-item post-993 post type-post status-publish format-standard hentry category-noticias\">\n\t\t\t<div class=\"elementor-post__card\">\n\t\t\t\t<div class=\"elementor-post__text\">\n\t\t\t\t<h2 class=\"elementor-post__title\">\n\t\t\t<a href=\"https:\/\/gijonbasket.com\/en\/2023\/05\/16\/futuro-de-corinto-gijon-basket\/\" >\n\t\t\t\tFuturo de Corinto Gij\u00f3n Basket\t\t\t<\/a>\n\t\t<\/h2>\n\t\t\t\t<div class=\"elementor-post__excerpt\">\n\t\t\t<p>En la tarde de ayer, la Junta Directiva presidida por Ivan Petrovich, ofreci\u00f3 una Rueda de Prensa para valorar la situaci\u00f3n y futuro del club.<\/p>\n\t\t<\/div>\n\t\t\n\t\t<a class=\"elementor-post__read-more\" href=\"https:\/\/gijonbasket.com\/en\/2023\/05\/16\/futuro-de-corinto-gijon-basket\/\" aria-label=\"Read more about Futuro de Corinto Gij\u00f3n Basket\" tabindex=\"-1\" >\n\t\t\tRead more &#034;\t\t<\/a>\n\n\t\t\t\t<\/div>\n\t\t\t\t<div class=\"elementor-post__meta-data\">\n\t\t\t\t\t<span class=\"elementor-post-date\">\n\t\t\t16 de May de 2023\t\t<\/span>\n\t\t\t\t<\/div>\n\t\t\t\t\t<\/div>\n\t\t<\/article>\n\t\t\t\t<article class=\"elementor-post elementor-grid-item post-991 post type-post status-publish format-standard hentry category-noticias\">\n\t\t\t<div class=\"elementor-post__card\">\n\t\t\t\t<div class=\"elementor-post__text\">\n\t\t\t\t<h2 class=\"elementor-post__title\">\n\t\t\t<a href=\"https:\/\/gijonbasket.com\/en\/2023\/05\/15\/monty-williams-destituido-en-phoenix-suns\/\" >\n\t\t\t\tMonty Williams destituido en Phoenix Suns\t\t\t<\/a>\n\t\t<\/h2>\n\t\t\t\t<div class=\"elementor-post__excerpt\">\n\t\t\t<p>La eliminaci\u00f3n de los Phoenix Suns a manos de Los \u00c1ngeles Lakers, en una de las Semifinales de la Conferencia Oeste (2-4), le cost\u00f3 el<\/p>\n\t\t<\/div>\n\t\t\n\t\t<a class=\"elementor-post__read-more\" href=\"https:\/\/gijonbasket.com\/en\/2023\/05\/15\/monty-williams-destituido-en-phoenix-suns\/\" aria-label=\"Read more about Monty Williams destituido en Phoenix Suns\" tabindex=\"-1\" >\n\t\t\tRead more &#034;\t\t<\/a>\n\n\t\t\t\t<\/div>\n\t\t\t\t<div class=\"elementor-post__meta-data\">\n\t\t\t\t\t<span class=\"elementor-post-date\">\n\t\t\t15 de May de 2023\t\t<\/span>\n\t\t\t\t<\/div>\n\t\t\t\t\t<\/div>\n\t\t<\/article>\n\t\t\t\t<article class=\"elementor-post elementor-grid-item post-989 post type-post status-publish format-standard hentry category-noticias\">\n\t\t\t<div class=\"elementor-post__card\">\n\t\t\t\t<div class=\"elementor-post__text\">\n\t\t\t\t<h2 class=\"elementor-post__title\">\n\t\t\t<a href=\"https:\/\/gijonbasket.com\/en\/2023\/05\/15\/huelva-comercio-viridis-y-ncs-alcobendas-a-leb-plata\/\" >\n\t\t\t\tHuelva Comercio Viridis y NCS Alcobendas a LEB Plata\t\t\t<\/a>\n\t\t<\/h2>\n\t\t\t\t<div class=\"elementor-post__excerpt\">\n\t\t\t<p>Huelva Comercio Viridis y NCS Alcobendas lograron ayer el ascenso a LEB Plata tras imponerse respectivamente a Ciudad de Huelva (53-70) y LBC Cocinas.com (83-89).<\/p>\n\t\t<\/div>\n\t\t\n\t\t<a class=\"elementor-post__read-more\" href=\"https:\/\/gijonbasket.com\/en\/2023\/05\/15\/huelva-comercio-viridis-y-ncs-alcobendas-a-leb-plata\/\" aria-label=\"Read more about Huelva Comercio Viridis y NCS Alcobendas a LEB Plata\" tabindex=\"-1\" >\n\t\t\tRead more &#034;\t\t<\/a>\n\n\t\t\t\t<\/div>\n\t\t\t\t<div class=\"elementor-post__meta-data\">\n\t\t\t\t\t<span class=\"elementor-post-date\">\n\t\t\t15 de May de 2023\t\t<\/span>\n\t\t\t\t<\/div>\n\t\t\t\t\t<\/div>\n\t\t<\/article>\n\t\t\t\t<article class=\"elementor-post elementor-grid-item post-984 post type-post status-publish format-standard hentry category-noticias\">\n\t\t\t<div class=\"elementor-post__card\">\n\t\t\t\t<div class=\"elementor-post__text\">\n\t\t\t\t<h2 class=\"elementor-post__title\">\n\t\t\t<a href=\"https:\/\/gijonbasket.com\/en\/2023\/05\/14\/palmer-basket-mallorca-ue-mataro-homs-ibersol-c-b-tarragona-y-pajarraco-cb-santfeliuenc-nuevos-equipos-leb-plata-a-falta-de-dos-equipos-mas\/\" >\n\t\t\t\tPalmer Basket Mallorca, UE Matar\u00f3-Homs, Ibersol C.B. Tarragona y Pajarraco CB Santfeliuenc nuevos equipos LEB Plata a falta de dos  m\u00e1s\t\t\t<\/a>\n\t\t<\/h2>\n\t\t\t\t<div class=\"elementor-post__excerpt\">\n\t\t\t<p>Los Campeones de los Grupos en las Fases de Ascenso a LEB Plata, que se est\u00e1n disputando en Llucmajor (Palmer Basket Mallorca e Ibersol C.B.<\/p>\n\t\t<\/div>\n\t\t\n\t\t<a class=\"elementor-post__read-more\" href=\"https:\/\/gijonbasket.com\/en\/2023\/05\/14\/palmer-basket-mallorca-ue-mataro-homs-ibersol-c-b-tarragona-y-pajarraco-cb-santfeliuenc-nuevos-equipos-leb-plata-a-falta-de-dos-equipos-mas\/\" aria-label=\"Read more about Palmer Basket Mallorca, UE Matar\u00f3-Homs, Ibersol C.B. Tarragona y Pajarraco CB Santfeliuenc nuevos equipos LEB Plata a falta de dos  m\u00e1s\" tabindex=\"-1\" >\n\t\t\tRead more &#034;\t\t<\/a>\n\n\t\t\t\t<\/div>\n\t\t\t\t<div class=\"elementor-post__meta-data\">\n\t\t\t\t\t<span class=\"elementor-post-date\">\n\t\t\t14 de May de 2023\t\t<\/span>\n\t\t\t\t<\/div>\n\t\t\t\t\t<\/div>\n\t\t<\/article>\n\t\t\t\t<article class=\"elementor-post elementor-grid-item post-980 post type-post status-publish format-standard hentry category-noticias\">\n\t\t\t<div class=\"elementor-post__card\">\n\t\t\t\t<div class=\"elementor-post__text\">\n\t\t\t\t<h2 class=\"elementor-post__title\">\n\t\t\t<a href=\"https:\/\/gijonbasket.com\/en\/2023\/05\/14\/alimerka-oviedo-baloncesto-tau-castello-83-66\/\" >\n\t\t\t\tAlimerka Oviedo Baloncesto &#8211; TAU Castell\u00f3 (83-66)\t\t\t<\/a>\n\t\t<\/h2>\n\t\t\t\t<div class=\"elementor-post__excerpt\">\n\t\t\t<p>Victoria y permanencia para el Alimerka Oviedo Baloncesto, culminando la fiesta con la hist\u00f3rica retirada de la camiseta n\u00ba 12 de \u00d3liver Arteaga, que ya<\/p>\n\t\t<\/div>\n\t\t\n\t\t<a class=\"elementor-post__read-more\" href=\"https:\/\/gijonbasket.com\/en\/2023\/05\/14\/alimerka-oviedo-baloncesto-tau-castello-83-66\/\" aria-label=\"Read more about Alimerka Oviedo Baloncesto &#8211; TAU Castell\u00f3 (83-66)\" tabindex=\"-1\" >\n\t\t\tRead more &#034;\t\t<\/a>\n\n\t\t\t\t<\/div>\n\t\t\t\t<div class=\"elementor-post__meta-data\">\n\t\t\t\t\t<span class=\"elementor-post-date\">\n\t\t\t14 de May de 2023\t\t<\/span>\n\t\t\t\t<\/div>\n\t\t\t\t\t<\/div>\n\t\t<\/article>\n\t\t\t\t<article class=\"elementor-post elementor-grid-item post-978 post type-post status-publish format-standard hentry category-noticias\">\n\t\t\t<div class=\"elementor-post__card\">\n\t\t\t\t<div class=\"elementor-post__text\">\n\t\t\t\t<h2 class=\"elementor-post__title\">\n\t\t\t<a href=\"https:\/\/gijonbasket.com\/en\/2023\/05\/14\/liga-eba-2022-2023-fase-final-resultados-jornada-3\/\" >\n\t\t\t\tLiga EBA 2022\/2023. Fase Final. Resultados Jornada 3.\t\t\t<\/a>\n\t\t<\/h2>\n\t\t\t\t<div class=\"elementor-post__excerpt\">\n\t\t\t<p>Grupo 1 (Huelva) C.B. Puerto Sagunto &#8211; Pajarraco C.B. Santfeliuenc (95-90) Ciudad de Huelva &#8211; Uros de Rivas (74-66) Grupo 2 (Huelva) UE Mataro Homs<\/p>\n\t\t<\/div>\n\t\t\n\t\t<a class=\"elementor-post__read-more\" href=\"https:\/\/gijonbasket.com\/en\/2023\/05\/14\/liga-eba-2022-2023-fase-final-resultados-jornada-3\/\" aria-label=\"Read more about Liga EBA 2022\/2023. Fase Final. Resultados Jornada 3.\" tabindex=\"-1\" >\n\t\t\tRead more &#034;\t\t<\/a>\n\n\t\t\t\t<\/div>\n\t\t\t\t<div class=\"elementor-post__meta-data\">\n\t\t\t\t\t<span class=\"elementor-post-date\">\n\t\t\t14 de May de 2023\t\t<\/span>\n\t\t\t\t<\/div>\n\t\t\t\t\t<\/div>\n\t\t<\/article>\n\t\t\t\t<article class=\"elementor-post elementor-grid-item post-975 post type-post status-publish format-standard hentry category-noticias\">\n\t\t\t<div class=\"elementor-post__card\">\n\t\t\t\t<div class=\"elementor-post__text\">\n\t\t\t\t<h2 class=\"elementor-post__title\">\n\t\t\t<a href=\"https:\/\/gijonbasket.com\/en\/2023\/05\/13\/morabanc-andorra-match-ball-para-ser-campeon-leb-oro-2022-2023\/\" >\n\t\t\t\tMoraBanc Andorra match ball para ser Campe\u00f3n LEB Oro 2022\/2023\t\t\t<\/a>\n\t\t<\/h2>\n\t\t\t\t<div class=\"elementor-post__excerpt\">\n\t\t\t<p>MoraBanc Andorra a una victoria de conquistar el t\u00edtulo de la LEB Oro 2022\/2023 o en caso de derrota de Zunder Palencia en la pista<\/p>\n\t\t<\/div>\n\t\t\n\t\t<a class=\"elementor-post__read-more\" href=\"https:\/\/gijonbasket.com\/en\/2023\/05\/13\/morabanc-andorra-match-ball-para-ser-campeon-leb-oro-2022-2023\/\" aria-label=\"Read more about MoraBanc Andorra match ball para ser Campe\u00f3n LEB Oro 2022\/2023\" tabindex=\"-1\" >\n\t\t\tRead more &#034;\t\t<\/a>\n\n\t\t\t\t<\/div>\n\t\t\t\t<div class=\"elementor-post__meta-data\">\n\t\t\t\t\t<span class=\"elementor-post-date\">\n\t\t\t13 de May de 2023\t\t<\/span>\n\t\t\t\t<\/div>\n\t\t\t\t\t<\/div>\n\t\t<\/article>\n\t\t\t\t<article class=\"elementor-post elementor-grid-item post-972 post type-post status-publish format-standard hentry category-noticias\">\n\t\t\t<div class=\"elementor-post__card\">\n\t\t\t\t<div class=\"elementor-post__text\">\n\t\t\t\t<h2 class=\"elementor-post__title\">\n\t\t\t<a href=\"https:\/\/gijonbasket.com\/en\/2023\/05\/13\/mercado-de-fichajes-37\/\" >\n\t\t\t\tMercado de Fichajes\t\t\t<\/a>\n\t\t<\/h2>\n\t\t\t\t<div class=\"elementor-post__excerpt\">\n\t\t\t<p>Maccabi Playtika Tel-Aviv : Inter\u00e9s por Petr Cornelie (Real Madrid) de cara a la pr\u00f3xima temporada. Valencia Basket : Negociaciones para la renovaci\u00f3n de contrato<\/p>\n\t\t<\/div>\n\t\t\n\t\t<a class=\"elementor-post__read-more\" href=\"https:\/\/gijonbasket.com\/en\/2023\/05\/13\/mercado-de-fichajes-37\/\" aria-label=\"Read more about Mercado de Fichajes\" tabindex=\"-1\" >\n\t\t\tRead more &#034;\t\t<\/a>\n\n\t\t\t\t<\/div>\n\t\t\t\t<div class=\"elementor-post__meta-data\">\n\t\t\t\t\t<span class=\"elementor-post-date\">\n\t\t\t13 de May de 2023\t\t<\/span>\n\t\t\t\t<\/div>\n\t\t\t\t\t<\/div>\n\t\t<\/article>\n\t\t\t\t<article class=\"elementor-post elementor-grid-item post-969 post type-post status-publish format-standard hentry category-noticias\">\n\t\t\t<div class=\"elementor-post__card\">\n\t\t\t\t<div class=\"elementor-post__text\">\n\t\t\t\t<h2 class=\"elementor-post__title\">\n\t\t\t<a href=\"https:\/\/gijonbasket.com\/en\/2023\/05\/13\/nba-play-offs-2022-2023-denver-nuggets-y-los-angeles-lakers-final-conferencia-oeste\/\" >\n\t\t\t\tNBA Play Offs 2022\/2023. Denver Nuggets y Los \u00c1ngeles Lakers Final Conferencia Oeste.\t\t\t<\/a>\n\t\t<\/h2>\n\t\t\t\t<div class=\"elementor-post__excerpt\">\n\t\t\t<p>Denver Nuggets y Los \u00c1ngeles Lakers disputar\u00e1n la Final de la Conferencia Oeste por un puesto en la Final NBA 2022\/2023. Denver Nuggets super\u00f3 con<\/p>\n\t\t<\/div>\n\t\t\n\t\t<a class=\"elementor-post__read-more\" href=\"https:\/\/gijonbasket.com\/en\/2023\/05\/13\/nba-play-offs-2022-2023-denver-nuggets-y-los-angeles-lakers-final-conferencia-oeste\/\" aria-label=\"Read more about NBA Play Offs 2022\/2023. Denver Nuggets y Los \u00c1ngeles Lakers Final Conferencia Oeste.\" tabindex=\"-1\" >\n\t\t\tRead more &#034;\t\t<\/a>\n\n\t\t\t\t<\/div>\n\t\t\t\t<div class=\"elementor-post__meta-data\">\n\t\t\t\t\t<span class=\"elementor-post-date\">\n\t\t\t13 de May de 2023\t\t<\/span>\n\t\t\t\t<\/div>\n\t\t\t\t\t<\/div>\n\t\t<\/article>\n\t\t\t\t<article class=\"elementor-post elementor-grid-item post-966 post type-post status-publish format-standard hentry category-noticias\">\n\t\t\t<div class=\"elementor-post__card\">\n\t\t\t\t<div class=\"elementor-post__text\">\n\t\t\t\t<h2 class=\"elementor-post__title\">\n\t\t\t<a href=\"https:\/\/gijonbasket.com\/en\/2023\/05\/12\/liga-eba-2022-2023-fase-final-resultados-jornada-2\/\" >\n\t\t\t\tLiga EBA 2022\/2023. Fase Final. Resultados Jornada 2.\t\t\t<\/a>\n\t\t<\/h2>\n\t\t\t\t<div class=\"elementor-post__excerpt\">\n\t\t\t<p>Grupo 1 (Huelva) Pajarraco C.B. Santfeliuenc \u2013 Ciudad de Huelva (70-63) Uros de Rivas &#8211; C.B. Puerto Sagunto (60-54) Grupo 2 (Huelva) Huelva Comercio Viridis<\/p>\n\t\t<\/div>\n\t\t\n\t\t<a class=\"elementor-post__read-more\" href=\"https:\/\/gijonbasket.com\/en\/2023\/05\/12\/liga-eba-2022-2023-fase-final-resultados-jornada-2\/\" aria-label=\"Read more about Liga EBA 2022\/2023. Fase Final. Resultados Jornada 2.\" tabindex=\"-1\" >\n\t\t\tRead more &#034;\t\t<\/a>\n\n\t\t\t\t<\/div>\n\t\t\t\t<div class=\"elementor-post__meta-data\">\n\t\t\t\t\t<span class=\"elementor-post-date\">\n\t\t\t12 de May de 2023\t\t<\/span>\n\t\t\t\t<\/div>\n\t\t\t\t\t<\/div>\n\t\t<\/article>\n\t\t\t\t<article class=\"elementor-post elementor-grid-item post-964 post type-post status-publish format-standard hentry category-noticias\">\n\t\t\t<div class=\"elementor-post__card\">\n\t\t\t\t<div class=\"elementor-post__text\">\n\t\t\t\t<h2 class=\"elementor-post__title\">\n\t\t\t<a href=\"https:\/\/gijonbasket.com\/en\/2023\/05\/12\/mercado-de-fichajes-36\/\" >\n\t\t\t\tMercado de Fichajes\t\t\t<\/a>\n\t\t<\/h2>\n\t\t\t\t<div class=\"elementor-post__excerpt\">\n\t\t\t<p>Anadolu Efes : Inter\u00e9s por Ben Bentil (Estrella Roja). Cocodrilos de Caracas : Fichaje de Juan Guerrero (Plaza Fernando Valerio). Olimpia Kings : Fichaje de<\/p>\n\t\t<\/div>\n\t\t\n\t\t<a class=\"elementor-post__read-more\" href=\"https:\/\/gijonbasket.com\/en\/2023\/05\/12\/mercado-de-fichajes-36\/\" aria-label=\"Read more about Mercado de Fichajes\" tabindex=\"-1\" >\n\t\t\tRead more &#034;\t\t<\/a>\n\n\t\t\t\t<\/div>\n\t\t\t\t<div class=\"elementor-post__meta-data\">\n\t\t\t\t\t<span class=\"elementor-post-date\">\n\t\t\t12 de May de 2023\t\t<\/span>\n\t\t\t\t<\/div>\n\t\t\t\t\t<\/div>\n\t\t<\/article>\n\t\t\t\t<article class=\"elementor-post elementor-grid-item post-960 post type-post status-publish format-standard hentry category-noticias\">\n\t\t\t<div class=\"elementor-post__card\">\n\t\t\t\t<div class=\"elementor-post__text\">\n\t\t\t\t<h2 class=\"elementor-post__title\">\n\t\t\t<a href=\"https:\/\/gijonbasket.com\/en\/2023\/05\/11\/liga-eba-2022-2023-fase-final-resultados-jornada-1\/\" >\n\t\t\t\tLiga EBA 2022\/2023. Fase Final. Resultados Jornada 1.\t\t\t<\/a>\n\t\t<\/h2>\n\t\t\t\t<div class=\"elementor-post__excerpt\">\n\t\t\t<p>Grupo 1 (Huelva) Pajarraco C.B. Santfeliuenc &#8211; Uros de Rivas (78-59) C.B. Puerto Sagunto &#8211; Ciudad de Huelva (50-64) Grupo 2 (Huelva) Huelva Comercio Viridis<\/p>\n\t\t<\/div>\n\t\t\n\t\t<a class=\"elementor-post__read-more\" href=\"https:\/\/gijonbasket.com\/en\/2023\/05\/11\/liga-eba-2022-2023-fase-final-resultados-jornada-1\/\" aria-label=\"Read more about Liga EBA 2022\/2023. Fase Final. Resultados Jornada 1.\" tabindex=\"-1\" >\n\t\t\tRead more &#034;\t\t<\/a>\n\n\t\t\t\t<\/div>\n\t\t\t\t<div class=\"elementor-post__meta-data\">\n\t\t\t\t\t<span class=\"elementor-post-date\">\n\t\t\t11 de May de 2023\t\t<\/span>\n\t\t\t\t<\/div>\n\t\t\t\t\t<\/div>\n\t\t<\/article>\n\t\t\t\t<article class=\"elementor-post elementor-grid-item post-958 post type-post status-publish format-standard hentry category-noticias\">\n\t\t\t<div class=\"elementor-post__card\">\n\t\t\t\t<div class=\"elementor-post__text\">\n\t\t\t\t<h2 class=\"elementor-post__title\">\n\t\t\t<a href=\"https:\/\/gijonbasket.com\/en\/2023\/05\/11\/andrea-trincheri-candidato-al-banquillo-del-anadolu-efes\/\" >\n\t\t\t\tAndrea Trincheri candidato al banquillo del Anadolu Efes\t\t\t<\/a>\n\t\t<\/h2>\n\t\t\t\t<div class=\"elementor-post__excerpt\">\n\t\t\t<p>Andrea Trincheri (Bayern Munich) se posiciona como una de las m\u00e1s firmes opciones para dirigir al Anadolu Efes y tomar el relevo de Ergin Ataman<\/p>\n\t\t<\/div>\n\t\t\n\t\t<a class=\"elementor-post__read-more\" href=\"https:\/\/gijonbasket.com\/en\/2023\/05\/11\/andrea-trincheri-candidato-al-banquillo-del-anadolu-efes\/\" aria-label=\"Read more about Andrea Trincheri candidato al banquillo del Anadolu Efes\" tabindex=\"-1\" >\n\t\t\tRead more &#034;\t\t<\/a>\n\n\t\t\t\t<\/div>\n\t\t\t\t<div class=\"elementor-post__meta-data\">\n\t\t\t\t\t<span class=\"elementor-post-date\">\n\t\t\t11 de May de 2023\t\t<\/span>\n\t\t\t\t<\/div>\n\t\t\t\t\t<\/div>\n\t\t<\/article>\n\t\t\t\t<article class=\"elementor-post elementor-grid-item post-956 post type-post status-publish format-standard hentry category-noticias\">\n\t\t\t<div class=\"elementor-post__card\">\n\t\t\t\t<div class=\"elementor-post__text\">\n\t\t\t\t<h2 class=\"elementor-post__title\">\n\t\t\t<a href=\"https:\/\/gijonbasket.com\/en\/2023\/05\/11\/mercado-de-fichajes-35\/\" >\n\t\t\t\tMercado de Fichajes\t\t\t<\/a>\n\t\t<\/h2>\n\t\t\t\t<div class=\"elementor-post__excerpt\">\n\t\t\t<p>Gran Canaria : Fichaje de Aleksej Nikolic (Germani Brescia). Piratas de la Guaira : Fichaje de Milan Milosevic (Shabab Al Ahli Dubai). Saskatchewan Rattlers :<\/p>\n\t\t<\/div>\n\t\t\n\t\t<a class=\"elementor-post__read-more\" href=\"https:\/\/gijonbasket.com\/en\/2023\/05\/11\/mercado-de-fichajes-35\/\" aria-label=\"Read more about Mercado de Fichajes\" tabindex=\"-1\" >\n\t\t\tRead more &#034;\t\t<\/a>\n\n\t\t\t\t<\/div>\n\t\t\t\t<div class=\"elementor-post__meta-data\">\n\t\t\t\t\t<span class=\"elementor-post-date\">\n\t\t\t11 de May de 2023\t\t<\/span>\n\t\t\t\t<\/div>\n\t\t\t\t\t<\/div>\n\t\t<\/article>\n\t\t\t\t<article class=\"elementor-post elementor-grid-item post-954 post type-post status-publish format-standard hentry category-noticias\">\n\t\t\t<div class=\"elementor-post__card\">\n\t\t\t\t<div class=\"elementor-post__text\">\n\t\t\t\t<h2 class=\"elementor-post__title\">\n\t\t\t<a href=\"https:\/\/gijonbasket.com\/en\/2023\/05\/10\/mercado-de-fichajes-34\/\" >\n\t\t\t\tMercado de Fichajes\t\t\t<\/a>\n\t\t<\/h2>\n\t\t\t\t<div class=\"elementor-post__excerpt\">\n\t\t\t<p>Casademont Zaragoza : Inter\u00e9s por Trae Bell-Haynes (KK Buducnost VOLI Podgorica) de cara a la pr\u00f3xima temporada. Maccabi Playtika Tel-Aviv : Inter\u00e9s por Tamir Blatt<\/p>\n\t\t<\/div>\n\t\t\n\t\t<a class=\"elementor-post__read-more\" href=\"https:\/\/gijonbasket.com\/en\/2023\/05\/10\/mercado-de-fichajes-34\/\" aria-label=\"Read more about Mercado de Fichajes\" tabindex=\"-1\" >\n\t\t\tRead more &#034;\t\t<\/a>\n\n\t\t\t\t<\/div>\n\t\t\t\t<div class=\"elementor-post__meta-data\">\n\t\t\t\t\t<span class=\"elementor-post-date\">\n\t\t\t10 de May de 2023\t\t<\/span>\n\t\t\t\t<\/div>\n\t\t\t\t\t<\/div>\n\t\t<\/article>\n\t\t\t\t<article class=\"elementor-post elementor-grid-item post-952 post type-post status-publish format-standard hentry category-noticias\">\n\t\t\t<div class=\"elementor-post__card\">\n\t\t\t\t<div class=\"elementor-post__text\">\n\t\t\t\t<h2 class=\"elementor-post__title\">\n\t\t\t<a href=\"https:\/\/gijonbasket.com\/en\/2023\/05\/09\/cory-higgins-adios-a-la-temporada\/\" >\n\t\t\t\tCory Higgins adi\u00f3s a la temporada\t\t\t<\/a>\n\t\t<\/h2>\n\t\t\t\t<div class=\"elementor-post__excerpt\">\n\t\t\t<p>Golpe para el F.C. Barcelona, al perder a Cory Higgins, que tendr\u00e1 que pasar por el quir\u00f3fano para superar los problemas lumbares que viene arrastrando.<\/p>\n\t\t<\/div>\n\t\t\n\t\t<a class=\"elementor-post__read-more\" href=\"https:\/\/gijonbasket.com\/en\/2023\/05\/09\/cory-higgins-adios-a-la-temporada\/\" aria-label=\"Read more about Cory Higgins adi\u00f3s a la temporada\" tabindex=\"-1\" >\n\t\t\tRead more &#034;\t\t<\/a>\n\n\t\t\t\t<\/div>\n\t\t\t\t<div class=\"elementor-post__meta-data\">\n\t\t\t\t\t<span class=\"elementor-post-date\">\n\t\t\t9 de May de 2023\t\t<\/span>\n\t\t\t\t<\/div>\n\t\t\t\t\t<\/div>\n\t\t<\/article>\n\t\t\t\t<article class=\"elementor-post elementor-grid-item post-950 post type-post status-publish format-standard hentry category-noticias\">\n\t\t\t<div class=\"elementor-post__card\">\n\t\t\t\t<div class=\"elementor-post__text\">\n\t\t\t\t<h2 class=\"elementor-post__title\">\n\t\t\t<a href=\"https:\/\/gijonbasket.com\/en\/2023\/05\/09\/mercado-de-fichajes-33\/\" >\n\t\t\t\tMercado de Fichajes\t\t\t<\/a>\n\t\t<\/h2>\n\t\t\t\t<div class=\"elementor-post__excerpt\">\n\t\t\t<p>Zunder Palencia : Baja de Tanner McGrew al sufrir una subluxaci\u00f3n en su hombro izquierdo. Northern Colorado University : Fichaje de Jaron Rillie (Samford University).<\/p>\n\t\t<\/div>\n\t\t\n\t\t<a class=\"elementor-post__read-more\" href=\"https:\/\/gijonbasket.com\/en\/2023\/05\/09\/mercado-de-fichajes-33\/\" aria-label=\"Read more about Mercado de Fichajes\" tabindex=\"-1\" >\n\t\t\tRead more &#034;\t\t<\/a>\n\n\t\t\t\t<\/div>\n\t\t\t\t<div class=\"elementor-post__meta-data\">\n\t\t\t\t\t<span class=\"elementor-post-date\">\n\t\t\t9 de May de 2023\t\t<\/span>\n\t\t\t\t<\/div>\n\t\t\t\t\t<\/div>\n\t\t<\/article>\n\t\t\t\t<article class=\"elementor-post elementor-grid-item post-948 post type-post status-publish format-standard hentry category-noticias\">\n\t\t\t<div class=\"elementor-post__card\">\n\t\t\t\t<div class=\"elementor-post__text\">\n\t\t\t\t<h2 class=\"elementor-post__title\">\n\t\t\t<a href=\"https:\/\/gijonbasket.com\/en\/2023\/05\/09\/adam-waczynski-y-frankie-ferrari-bajas-en-baxi-manresa\/\" >\n\t\t\t\tAdam Waczynski y Frankie Ferrari bajas en BAXI Manresa\t\t\t<\/a>\n\t\t<\/h2>\n\t\t\t\t<div class=\"elementor-post__excerpt\">\n\t\t\t<p>Baxi Manresa pierde por lo que resta de temporada a Adam Waczynski al sufrir una rotura en el ligamento cruzado anterior con afectaci\u00f3n al menisco<\/p>\n\t\t<\/div>\n\t\t\n\t\t<a class=\"elementor-post__read-more\" href=\"https:\/\/gijonbasket.com\/en\/2023\/05\/09\/adam-waczynski-y-frankie-ferrari-bajas-en-baxi-manresa\/\" aria-label=\"Read more about Adam Waczynski y Frankie Ferrari bajas en BAXI Manresa\" tabindex=\"-1\" >\n\t\t\tRead more &#034;\t\t<\/a>\n\n\t\t\t\t<\/div>\n\t\t\t\t<div class=\"elementor-post__meta-data\">\n\t\t\t\t\t<span class=\"elementor-post-date\">\n\t\t\t9 de May de 2023\t\t<\/span>\n\t\t\t\t<\/div>\n\t\t\t\t\t<\/div>\n\t\t<\/article>\n\t\t\t\t<article class=\"elementor-post elementor-grid-item post-946 post type-post status-publish format-standard hentry category-noticias\">\n\t\t\t<div class=\"elementor-post__card\">\n\t\t\t\t<div class=\"elementor-post__text\">\n\t\t\t\t<h2 class=\"elementor-post__title\">\n\t\t\t<a href=\"https:\/\/gijonbasket.com\/en\/2023\/05\/09\/tiempo-muerto-onda-penes-08-05-2023\/\" >\n\t\t\t\tTiempo Muerto &#8211; Onda Pe\u00f1es &#8211; 08\/05\/2023\t\t\t<\/a>\n\t\t<\/h2>\n\t\t\t\t<div class=\"elementor-post__excerpt\">\n\t\t\t<p>https:\/\/www.ivoox.com\/tiempo-muerto-08-05-2023-audios-mp3_rf_107789098_1.html<\/p>\n\t\t<\/div>\n\t\t\n\t\t<a class=\"elementor-post__read-more\" href=\"https:\/\/gijonbasket.com\/en\/2023\/05\/09\/tiempo-muerto-onda-penes-08-05-2023\/\" aria-label=\"Read more about Tiempo Muerto &#8211; Onda Pe\u00f1es &#8211; 08\/05\/2023\" tabindex=\"-1\" >\n\t\t\tRead more &#034;\t\t<\/a>\n\n\t\t\t\t<\/div>\n\t\t\t\t<div class=\"elementor-post__meta-data\">\n\t\t\t\t\t<span class=\"elementor-post-date\">\n\t\t\t9 de May de 2023\t\t<\/span>\n\t\t\t\t<\/div>\n\t\t\t\t\t<\/div>\n\t\t<\/article>\n\t\t\t\t<article class=\"elementor-post elementor-grid-item post-944 post type-post status-publish format-standard hentry category-noticias\">\n\t\t\t<div class=\"elementor-post__card\">\n\t\t\t\t<div class=\"elementor-post__text\">\n\t\t\t\t<h2 class=\"elementor-post__title\">\n\t\t\t<a href=\"https:\/\/gijonbasket.com\/en\/2023\/05\/08\/guuk-gipuzkoa-basket-alimerka-oviedo-baloncesto-64-63\/\" >\n\t\t\t\tGuuk Gipuzkoa Basket &#8211; Alimerka Oviedo Baloncesto (64-63)\t\t\t<\/a>\n\t\t<\/h2>\n\t\t\t\t<div class=\"elementor-post__excerpt\">\n\t\t\t<p>Una canasta de Romeo Crouch, invalidada por estar fuera de tiempo, evit\u00f3 la victoria del Alimerka Oviedo Baloncesto ayer en la pista del Guuk Gipuzkoa<\/p>\n\t\t<\/div>\n\t\t\n\t\t<a class=\"elementor-post__read-more\" href=\"https:\/\/gijonbasket.com\/en\/2023\/05\/08\/guuk-gipuzkoa-basket-alimerka-oviedo-baloncesto-64-63\/\" aria-label=\"Read more about Guuk Gipuzkoa Basket &#8211; Alimerka Oviedo Baloncesto (64-63)\" tabindex=\"-1\" >\n\t\t\tRead more &#034;\t\t<\/a>\n\n\t\t\t\t<\/div>\n\t\t\t\t<div class=\"elementor-post__meta-data\">\n\t\t\t\t\t<span class=\"elementor-post-date\">\n\t\t\t8 de May de 2023\t\t<\/span>\n\t\t\t\t<\/div>\n\t\t\t\t\t<\/div>\n\t\t<\/article>\n\t\t\t\t<article class=\"elementor-post elementor-grid-item post-940 post type-post status-publish format-standard hentry category-noticias\">\n\t\t\t<div class=\"elementor-post__card\">\n\t\t\t\t<div class=\"elementor-post__text\">\n\t\t\t\t<h2 class=\"elementor-post__title\">\n\t\t\t<a href=\"https:\/\/gijonbasket.com\/en\/2023\/05\/07\/universidad-de-oviedo-campeon-campeonato-espana-1a-division-masculina-y-ascenso-a-liga-eba\/\" >\n\t\t\t\tUniversidad de Oviedo Campe\u00f3n Campeonato Espa\u00f1a 1\u00aa Divisi\u00f3n Masculina y ascenso a Liga EBA\t\t\t<\/a>\n\t\t<\/h2>\n\t\t\t\t<div class=\"elementor-post__excerpt\">\n\t\t\t<p>El Universidad de Oviedo se proclam\u00f3 Campe\u00f3n del Campeonato de Espa\u00f1a 1\u00aa Divisi\u00f3n Masculina tras superar en la Final al Alecar Skoda Atl\u00e9tica Avilesina (82-48).<\/p>\n\t\t<\/div>\n\t\t\n\t\t<a class=\"elementor-post__read-more\" href=\"https:\/\/gijonbasket.com\/en\/2023\/05\/07\/universidad-de-oviedo-campeon-campeonato-espana-1a-division-masculina-y-ascenso-a-liga-eba\/\" aria-label=\"Read more about Universidad de Oviedo Campe\u00f3n Campeonato Espa\u00f1a 1\u00aa Divisi\u00f3n Masculina y ascenso a Liga EBA\" tabindex=\"-1\" >\n\t\t\tRead more &#034;\t\t<\/a>\n\n\t\t\t\t<\/div>\n\t\t\t\t<div class=\"elementor-post__meta-data\">\n\t\t\t\t\t<span class=\"elementor-post-date\">\n\t\t\t7 de May de 2023\t\t<\/span>\n\t\t\t\t<\/div>\n\t\t\t\t\t<\/div>\n\t\t<\/article>\n\t\t\t\t<article class=\"elementor-post elementor-grid-item post-938 post type-post status-publish format-standard hentry category-noticias\">\n\t\t\t<div class=\"elementor-post__card\">\n\t\t\t\t<div class=\"elementor-post__text\">\n\t\t\t\t<h2 class=\"elementor-post__title\">\n\t\t\t<a href=\"https:\/\/gijonbasket.com\/en\/2023\/05\/07\/universidad-de-oviedo-y-alecar-skoda-atletica-avilesina-a-por-el-titulo-de-1a-nacional-mas-el-ascenso-a-eba-2023-2024\/\" >\n\t\t\t\tUniversidad de Oviedo y Alecar Skoda Atl\u00e9tica Avilesina a por el t\u00edtulo de 1\u00aa Nacional m\u00e1s el ascenso a  EBA 2023\/2024\t\t\t<\/a>\n\t\t<\/h2>\n\t\t\t\t<div class=\"elementor-post__excerpt\">\n\t\t\t<p>Universidad de Oviedo y Alecar Skoda Atl\u00e9tica Avilesina disputar\u00e1n a partir de las 20:00 la Final del Campeonato de Espa\u00f1a de 1\u00aa Divisi\u00f3n Masculina en<\/p>\n\t\t<\/div>\n\t\t\n\t\t<a class=\"elementor-post__read-more\" href=\"https:\/\/gijonbasket.com\/en\/2023\/05\/07\/universidad-de-oviedo-y-alecar-skoda-atletica-avilesina-a-por-el-titulo-de-1a-nacional-mas-el-ascenso-a-eba-2023-2024\/\" aria-label=\"Read more about Universidad de Oviedo y Alecar Skoda Atl\u00e9tica Avilesina a por el t\u00edtulo de 1\u00aa Nacional m\u00e1s el ascenso a  EBA 2023\/2024\" tabindex=\"-1\" >\n\t\t\tRead more &#034;\t\t<\/a>\n\n\t\t\t\t<\/div>\n\t\t\t\t<div class=\"elementor-post__meta-data\">\n\t\t\t\t\t<span class=\"elementor-post-date\">\n\t\t\t7 de May de 2023\t\t<\/span>\n\t\t\t\t<\/div>\n\t\t\t\t\t<\/div>\n\t\t<\/article>\n\t\t\t\t<article class=\"elementor-post elementor-grid-item post-936 post type-post status-publish format-standard hentry category-noticias\">\n\t\t\t<div class=\"elementor-post__card\">\n\t\t\t\t<div class=\"elementor-post__text\">\n\t\t\t\t<h2 class=\"elementor-post__title\">\n\t\t\t<a href=\"https:\/\/gijonbasket.com\/en\/2023\/05\/07\/corinto-adios-a-gijon-basket-2015\/\" >\n\t\t\t\tCorinto adi\u00f3s a Gij\u00f3n Basket 2015\t\t\t<\/a>\n\t\t<\/h2>\n\t\t\t\t<div class=\"elementor-post__excerpt\">\n\t\t\t<p>Corinto dejar\u00e1 de ser patrocinador principal de Gij\u00f3n Basket 2015 a pesar de restar una temporada m\u00e1s de contrato. La temporada 2022\/2023, llena de sobresaltos<\/p>\n\t\t<\/div>\n\t\t\n\t\t<a class=\"elementor-post__read-more\" href=\"https:\/\/gijonbasket.com\/en\/2023\/05\/07\/corinto-adios-a-gijon-basket-2015\/\" aria-label=\"Read more about Corinto adi\u00f3s a Gij\u00f3n Basket 2015\" tabindex=\"-1\" >\n\t\t\tRead more &#034;\t\t<\/a>\n\n\t\t\t\t<\/div>\n\t\t\t\t<div class=\"elementor-post__meta-data\">\n\t\t\t\t\t<span class=\"elementor-post-date\">\n\t\t\t7 de May de 2023\t\t<\/span>\n\t\t\t\t<\/div>\n\t\t\t\t\t<\/div>\n\t\t<\/article>\n\t\t\t\t<article class=\"elementor-post elementor-grid-item post-934 post type-post status-publish format-standard hentry category-noticias\">\n\t\t\t<div class=\"elementor-post__card\">\n\t\t\t\t<div class=\"elementor-post__text\">\n\t\t\t\t<h2 class=\"elementor-post__title\">\n\t\t\t<a href=\"https:\/\/gijonbasket.com\/en\/2023\/05\/06\/mercado-de-fichajes-32\/\" >\n\t\t\t\tMercado de Fichajes\t\t\t<\/a>\n\t\t<\/h2>\n\t\t\t\t<div class=\"elementor-post__excerpt\">\n\t\t\t<p>Utah Jazz : Inter\u00e9s por Luka Doncic (Dallas Mavericks). Ironi HAI Motors Nes-Ziona : Fichaje de Kyree Brown (New Hampshire University). F.C. Barcelona : Inter\u00e9s<\/p>\n\t\t<\/div>\n\t\t\n\t\t<a class=\"elementor-post__read-more\" href=\"https:\/\/gijonbasket.com\/en\/2023\/05\/06\/mercado-de-fichajes-32\/\" aria-label=\"Read more about Mercado de Fichajes\" tabindex=\"-1\" >\n\t\t\tRead more &#034;\t\t<\/a>\n\n\t\t\t\t<\/div>\n\t\t\t\t<div class=\"elementor-post__meta-data\">\n\t\t\t\t\t<span class=\"elementor-post-date\">\n\t\t\t6 de May de 2023\t\t<\/span>\n\t\t\t\t<\/div>\n\t\t\t\t\t<\/div>\n\t\t<\/article>\n\t\t\t\t<article class=\"elementor-post elementor-grid-item post-932 post type-post status-publish format-standard hentry category-noticias\">\n\t\t\t<div class=\"elementor-post__card\">\n\t\t\t\t<div class=\"elementor-post__text\">\n\t\t\t\t<h2 class=\"elementor-post__title\">\n\t\t\t<a href=\"https:\/\/gijonbasket.com\/en\/2023\/05\/05\/gabriel-deck-adios-a-la-temporada\/\" >\n\t\t\t\tGabriel Deck adi\u00f3s a la temporada\t\t\t<\/a>\n\t\t<\/h2>\n\t\t\t\t<div class=\"elementor-post__excerpt\">\n\t\t\t<p>Real Madrid : Baja de Gabriel Deck, por lo que resta de temporada, al sufrir la rotura del ligamento colateral interno de su rodilla izquierda.<\/p>\n\t\t<\/div>\n\t\t\n\t\t<a class=\"elementor-post__read-more\" href=\"https:\/\/gijonbasket.com\/en\/2023\/05\/05\/gabriel-deck-adios-a-la-temporada\/\" aria-label=\"Read more about Gabriel Deck adi\u00f3s a la temporada\" tabindex=\"-1\" >\n\t\t\tRead more &#034;\t\t<\/a>\n\n\t\t\t\t<\/div>\n\t\t\t\t<div class=\"elementor-post__meta-data\">\n\t\t\t\t\t<span class=\"elementor-post-date\">\n\t\t\t5 de May de 2023\t\t<\/span>\n\t\t\t\t<\/div>\n\t\t\t\t\t<\/div>\n\t\t<\/article>\n\t\t\t\t<article class=\"elementor-post elementor-grid-item post-929 post type-post status-publish format-standard hentry category-noticias\">\n\t\t\t<div class=\"elementor-post__card\">\n\t\t\t\t<div class=\"elementor-post__text\">\n\t\t\t\t<h2 class=\"elementor-post__title\">\n\t\t\t<a href=\"https:\/\/gijonbasket.com\/en\/2023\/05\/05\/stand-by-al-proceso-electoral-en-corinto-gijon-basket\/\" >\n\t\t\t\tStand By al Proceso Electoral en Corinto Gij\u00f3n Basket\t\t\t<\/a>\n\t\t<\/h2>\n\t\t\t\t<div class=\"elementor-post__excerpt\">\n\t\t\t<p>Corinto Gij\u00f3n Basket contin\u00faa inmerso en el Proceso Electoral que se vuelve a demorar en el tiempo. Ayer finaliz\u00f3 el periodo para presentaci\u00f3n de candidat@s<\/p>\n\t\t<\/div>\n\t\t\n\t\t<a class=\"elementor-post__read-more\" href=\"https:\/\/gijonbasket.com\/en\/2023\/05\/05\/stand-by-al-proceso-electoral-en-corinto-gijon-basket\/\" aria-label=\"Read more about Stand By al Proceso Electoral en Corinto Gij\u00f3n Basket\" tabindex=\"-1\" >\n\t\t\tRead more &#034;\t\t<\/a>\n\n\t\t\t\t<\/div>\n\t\t\t\t<div class=\"elementor-post__meta-data\">\n\t\t\t\t\t<span class=\"elementor-post-date\">\n\t\t\t5 de May de 2023\t\t<\/span>\n\t\t\t\t<\/div>\n\t\t\t\t\t<\/div>\n\t\t<\/article>\n\t\t\t\t<article class=\"elementor-post elementor-grid-item post-927 post type-post status-publish format-standard hentry category-noticias\">\n\t\t\t<div class=\"elementor-post__card\">\n\t\t\t\t<div class=\"elementor-post__text\">\n\t\t\t\t<h2 class=\"elementor-post__title\">\n\t\t\t<a href=\"https:\/\/gijonbasket.com\/en\/2023\/05\/05\/milwaukee-bucks-destitucion-de-mike-budenholzer\/\" >\n\t\t\t\tMilwaukee Bucks. Destituci\u00f3n de Mike Budenholzer.\t\t\t<\/a>\n\t\t<\/h2>\n\t\t\t\t<div class=\"elementor-post__excerpt\">\n\t\t\t<p>La eliminaci\u00f3n en primera ronda de los Milwaukee Bucks a manos de Miami Heat ha provocado la destituci\u00f3n de Mike Budenholzer. Budenholzer hizo historia con<\/p>\n\t\t<\/div>\n\t\t\n\t\t<a class=\"elementor-post__read-more\" href=\"https:\/\/gijonbasket.com\/en\/2023\/05\/05\/milwaukee-bucks-destitucion-de-mike-budenholzer\/\" aria-label=\"Read more about Milwaukee Bucks. Destituci\u00f3n de Mike Budenholzer.\" tabindex=\"-1\" >\n\t\t\tRead more &#034;\t\t<\/a>\n\n\t\t\t\t<\/div>\n\t\t\t\t<div class=\"elementor-post__meta-data\">\n\t\t\t\t\t<span class=\"elementor-post-date\">\n\t\t\t5 de May de 2023\t\t<\/span>\n\t\t\t\t<\/div>\n\t\t\t\t\t<\/div>\n\t\t<\/article>\n\t\t\t\t<article class=\"elementor-post elementor-grid-item post-925 post type-post status-publish format-standard hentry category-noticias\">\n\t\t\t<div class=\"elementor-post__card\">\n\t\t\t\t<div class=\"elementor-post__text\">\n\t\t\t\t<h2 class=\"elementor-post__title\">\n\t\t\t<a href=\"https:\/\/gijonbasket.com\/en\/2023\/05\/04\/mundioma-marin-ence-peixegalego-a-la-fase-de-ascenso-a-leb-plata\/\" >\n\t\t\t\tMundioma Mar\u00edn Ence PeixeGalego a la Fase de Ascenso a LEB Plata\t\t\t<\/a>\n\t\t<\/h2>\n\t\t\t\t<div class=\"elementor-post__excerpt\">\n\t\t\t<p>El Mundioma Mar\u00edn Ence PeixeGalego confirm\u00f3 su participaci\u00f3n en la Fase de Ascenso a LEB Plata. De esta forma desaparece la alargada sombra de su<\/p>\n\t\t<\/div>\n\t\t\n\t\t<a class=\"elementor-post__read-more\" href=\"https:\/\/gijonbasket.com\/en\/2023\/05\/04\/mundioma-marin-ence-peixegalego-a-la-fase-de-ascenso-a-leb-plata\/\" aria-label=\"Read more about Mundioma Mar\u00edn Ence PeixeGalego a la Fase de Ascenso a LEB Plata\" tabindex=\"-1\" >\n\t\t\tRead more &#034;\t\t<\/a>\n\n\t\t\t\t<\/div>\n\t\t\t\t<div class=\"elementor-post__meta-data\">\n\t\t\t\t\t<span class=\"elementor-post-date\">\n\t\t\t4 de May de 2023\t\t<\/span>\n\t\t\t\t<\/div>\n\t\t\t\t\t<\/div>\n\t\t<\/article>\n\t\t\t\t<article class=\"elementor-post elementor-grid-item post-923 post type-post status-publish format-standard hentry category-noticias\">\n\t\t\t<div class=\"elementor-post__card\">\n\t\t\t\t<div class=\"elementor-post__text\">\n\t\t\t\t<h2 class=\"elementor-post__title\">\n\t\t\t<a href=\"https:\/\/gijonbasket.com\/en\/2023\/05\/04\/mercado-de-fichajes-31\/\" >\n\t\t\t\tMercado de Fichajes\t\t\t<\/a>\n\t\t<\/h2>\n\t\t\t\t<div class=\"elementor-post__excerpt\">\n\t\t\t<p>Maccabi Playtika Tel-Aviv : Renovaci\u00f3n de contrato a Wade Baldwin para las pr\u00f3ximas dos temporadas. Carplus Fuenlabrada : Baja de Mhedy Ngouama por lo que<\/p>\n\t\t<\/div>\n\t\t\n\t\t<a class=\"elementor-post__read-more\" href=\"https:\/\/gijonbasket.com\/en\/2023\/05\/04\/mercado-de-fichajes-31\/\" aria-label=\"Read more about Mercado de Fichajes\" tabindex=\"-1\" >\n\t\t\tRead more &#034;\t\t<\/a>\n\n\t\t\t\t<\/div>\n\t\t\t\t<div class=\"elementor-post__meta-data\">\n\t\t\t\t\t<span class=\"elementor-post-date\">\n\t\t\t4 de May de 2023\t\t<\/span>\n\t\t\t\t<\/div>\n\t\t\t\t\t<\/div>\n\t\t<\/article>\n\t\t\t\t<article class=\"elementor-post elementor-grid-item post-921 post type-post status-publish format-standard hentry category-noticias\">\n\t\t\t<div class=\"elementor-post__card\">\n\t\t\t\t<div class=\"elementor-post__text\">\n\t\t\t\t<h2 class=\"elementor-post__title\">\n\t\t\t<a href=\"https:\/\/gijonbasket.com\/en\/2023\/05\/03\/mercado-de-fichajes-30\/\" >\n\t\t\t\tMercado de Fichajes\t\t\t<\/a>\n\t\t<\/h2>\n\t\t\t\t<div class=\"elementor-post__excerpt\">\n\t\t\t<p>Venados de Mazatlan : Fichaje de Gustavo Ay\u00f3n para regresar a las canchas 8 meses despu\u00e9s de anunciar su retirada. Covir\u00e1n Granada : Fichaje de<\/p>\n\t\t<\/div>\n\t\t\n\t\t<a class=\"elementor-post__read-more\" href=\"https:\/\/gijonbasket.com\/en\/2023\/05\/03\/mercado-de-fichajes-30\/\" aria-label=\"Read more about Mercado de Fichajes\" tabindex=\"-1\" >\n\t\t\tRead more &#034;\t\t<\/a>\n\n\t\t\t\t<\/div>\n\t\t\t\t<div class=\"elementor-post__meta-data\">\n\t\t\t\t\t<span class=\"elementor-post-date\">\n\t\t\t3 de May de 2023\t\t<\/span>\n\t\t\t\t<\/div>\n\t\t\t\t\t<\/div>\n\t\t<\/article>\n\t\t\t\t<article class=\"elementor-post elementor-grid-item post-919 post type-post status-publish format-standard hentry category-noticias\">\n\t\t\t<div class=\"elementor-post__card\">\n\t\t\t\t<div class=\"elementor-post__text\">\n\t\t\t\t<h2 class=\"elementor-post__title\">\n\t\t\t<a href=\"https:\/\/gijonbasket.com\/en\/2023\/05\/02\/llucmajor-y-huelva-sedes-fase-de-ascenso-leb-plata\/\" >\n\t\t\t\tLlucmajor y Huelva sedes Fase de Ascenso LEB Plata\t\t\t<\/a>\n\t\t<\/h2>\n\t\t\t\t<div class=\"elementor-post__excerpt\">\n\t\t\t<p>Llucmajor y Huelva han sido elegidas como sedes para las Fases de Ascenso a LEB Plata que se disputar\u00e1n del 11-14 de mayo. En juego<\/p>\n\t\t<\/div>\n\t\t\n\t\t<a class=\"elementor-post__read-more\" href=\"https:\/\/gijonbasket.com\/en\/2023\/05\/02\/llucmajor-y-huelva-sedes-fase-de-ascenso-leb-plata\/\" aria-label=\"Read more about Llucmajor y Huelva sedes Fase de Ascenso LEB Plata\" tabindex=\"-1\" >\n\t\t\tRead more &#034;\t\t<\/a>\n\n\t\t\t\t<\/div>\n\t\t\t\t<div class=\"elementor-post__meta-data\">\n\t\t\t\t\t<span class=\"elementor-post-date\">\n\t\t\t2 de May de 2023\t\t<\/span>\n\t\t\t\t<\/div>\n\t\t\t\t\t<\/div>\n\t\t<\/article>\n\t\t\t\t<article class=\"elementor-post elementor-grid-item post-916 post type-post status-publish format-standard hentry category-noticias\">\n\t\t\t<div class=\"elementor-post__card\">\n\t\t\t\t<div class=\"elementor-post__text\">\n\t\t\t\t<h2 class=\"elementor-post__title\">\n\t\t\t<a href=\"https:\/\/gijonbasket.com\/en\/2023\/05\/02\/retirada-de-marcus-paige\/\" >\n\t\t\t\tRetirada de Marcus Paige\t\t\t<\/a>\n\t\t<\/h2>\n\t\t\t\t<div class=\"elementor-post__excerpt\">\n\t\t\t<p>Marcus Paige, alero estadounidense de 29 a\u00f1os y 1.83 m. que esta temporada milit\u00f3 en el Monbus Obradorio, anunci\u00f3 su retirada por una lesi\u00f3n de<\/p>\n\t\t<\/div>\n\t\t\n\t\t<a class=\"elementor-post__read-more\" href=\"https:\/\/gijonbasket.com\/en\/2023\/05\/02\/retirada-de-marcus-paige\/\" aria-label=\"Read more about Retirada de Marcus Paige\" tabindex=\"-1\" >\n\t\t\tRead more &#034;\t\t<\/a>\n\n\t\t\t\t<\/div>\n\t\t\t\t<div class=\"elementor-post__meta-data\">\n\t\t\t\t\t<span class=\"elementor-post-date\">\n\t\t\t2 de May de 2023\t\t<\/span>\n\t\t\t\t<\/div>\n\t\t\t\t\t<\/div>\n\t\t<\/article>\n\t\t\t\t<article class=\"elementor-post elementor-grid-item post-914 post type-post status-publish format-standard hentry category-noticias\">\n\t\t\t<div class=\"elementor-post__card\">\n\t\t\t\t<div class=\"elementor-post__text\">\n\t\t\t\t<h2 class=\"elementor-post__title\">\n\t\t\t<a href=\"https:\/\/gijonbasket.com\/en\/2023\/05\/02\/pablo-laso-al-bayern-munich\/\" >\n\t\t\t\tPablo Laso al Bayern Munich\t\t\t<\/a>\n\t\t<\/h2>\n\t\t\t\t<div class=\"elementor-post__excerpt\">\n\t\t\t<p>Pablo Laso volver\u00e1 a los banquillos, para dirigir a partir de la pr\u00f3xima temporada, durante tres campa\u00f1as al Bayern Munich.<\/p>\n\t\t<\/div>\n\t\t\n\t\t<a class=\"elementor-post__read-more\" href=\"https:\/\/gijonbasket.com\/en\/2023\/05\/02\/pablo-laso-al-bayern-munich\/\" aria-label=\"Read more about Pablo Laso al Bayern Munich\" tabindex=\"-1\" >\n\t\t\tRead more &#034;\t\t<\/a>\n\n\t\t\t\t<\/div>\n\t\t\t\t<div class=\"elementor-post__meta-data\">\n\t\t\t\t\t<span class=\"elementor-post-date\">\n\t\t\t2 de May de 2023\t\t<\/span>\n\t\t\t\t<\/div>\n\t\t\t\t\t<\/div>\n\t\t<\/article>\n\t\t\t\t<article class=\"elementor-post elementor-grid-item post-912 post type-post status-publish format-standard hentry category-noticias\">\n\t\t\t<div class=\"elementor-post__card\">\n\t\t\t\t<div class=\"elementor-post__text\">\n\t\t\t\t<h2 class=\"elementor-post__title\">\n\t\t\t<a href=\"https:\/\/gijonbasket.com\/en\/2023\/05\/01\/mercado-de-fichajes-29\/\" >\n\t\t\t\tMercado de Fichajes\t\t\t<\/a>\n\t\t<\/h2>\n\t\t\t\t<div class=\"elementor-post__excerpt\">\n\t\t\t<p>Panathinaikos : No continuidad de Dwayne Bacon. Cazoo Baskonia : Inter\u00e9s por Arnoldas Kulboka (ASP Promitheas Patras) de cara a la pr\u00f3xima temporada. Anadolu Efes<\/p>\n\t\t<\/div>\n\t\t\n\t\t<a class=\"elementor-post__read-more\" href=\"https:\/\/gijonbasket.com\/en\/2023\/05\/01\/mercado-de-fichajes-29\/\" aria-label=\"Read more about Mercado de Fichajes\" tabindex=\"-1\" >\n\t\t\tRead more &#034;\t\t<\/a>\n\n\t\t\t\t<\/div>\n\t\t\t\t<div class=\"elementor-post__meta-data\">\n\t\t\t\t\t<span class=\"elementor-post-date\">\n\t\t\t1 de May de 2023\t\t<\/span>\n\t\t\t\t<\/div>\n\t\t\t\t\t<\/div>\n\t\t<\/article>\n\t\t\t\t<article class=\"elementor-post elementor-grid-item post-908 post type-post status-publish format-standard hentry category-noticias\">\n\t\t\t<div class=\"elementor-post__card\">\n\t\t\t\t<div class=\"elementor-post__text\">\n\t\t\t\t<h2 class=\"elementor-post__title\">\n\t\t\t<a href=\"https:\/\/gijonbasket.com\/en\/2023\/04\/30\/circulo-gijon-baloncesto-mundioma-marin-ence-peixegalego-49-54\/\" >\n\t\t\t\tC\u00edrculo Gij\u00f3n Baloncesto &#8211; Mundioma Mar\u00edn Ence PeixeGalego (49-54)\t\t\t<\/a>\n\t\t<\/h2>\n\t\t\t\t<div class=\"elementor-post__excerpt\">\n\t\t\t<p>Fin de temporada para el C\u00edrculo Gij\u00f3n Baloncesto, tras la derrota ante el Mundioma Mar\u00edn Ence PeixeGalego, que obtiene plaza para la Fase de Ascenso<\/p>\n\t\t<\/div>\n\t\t\n\t\t<a class=\"elementor-post__read-more\" href=\"https:\/\/gijonbasket.com\/en\/2023\/04\/30\/circulo-gijon-baloncesto-mundioma-marin-ence-peixegalego-49-54\/\" aria-label=\"Read more about C\u00edrculo Gij\u00f3n Baloncesto &#8211; Mundioma Mar\u00edn Ence PeixeGalego (49-54)\" tabindex=\"-1\" >\n\t\t\tRead more &#034;\t\t<\/a>\n\n\t\t\t\t<\/div>\n\t\t\t\t<div class=\"elementor-post__meta-data\">\n\t\t\t\t\t<span class=\"elementor-post-date\">\n\t\t\t30 de April de 2023\t\t<\/span>\n\t\t\t\t<\/div>\n\t\t\t\t\t<\/div>\n\t\t<\/article>\n\t\t\t\t<article class=\"elementor-post elementor-grid-item post-906 post type-post status-publish format-standard hentry category-noticias\">\n\t\t\t<div class=\"elementor-post__card\">\n\t\t\t\t<div class=\"elementor-post__text\">\n\t\t\t\t<h2 class=\"elementor-post__title\">\n\t\t\t<a href=\"https:\/\/gijonbasket.com\/en\/2023\/04\/30\/mercado-de-fichajes-28\/\" >\n\t\t\t\tMercado de Fichajes\t\t\t<\/a>\n\t\t<\/h2>\n\t\t\t\t<div class=\"elementor-post__excerpt\">\n\t\t\t<p>BAXI Manresa : No continuidad de Matthias Tass. R\u00edoVerde Clavijo : Renovaci\u00f3n de contrato a Kevin Torres para la pr\u00f3xima temporada. Saskatchewan Rattlers : Fichaje<\/p>\n\t\t<\/div>\n\t\t\n\t\t<a class=\"elementor-post__read-more\" href=\"https:\/\/gijonbasket.com\/en\/2023\/04\/30\/mercado-de-fichajes-28\/\" aria-label=\"Read more about Mercado de Fichajes\" tabindex=\"-1\" >\n\t\t\tRead more &#034;\t\t<\/a>\n\n\t\t\t\t<\/div>\n\t\t\t\t<div class=\"elementor-post__meta-data\">\n\t\t\t\t\t<span class=\"elementor-post-date\">\n\t\t\t30 de April de 2023\t\t<\/span>\n\t\t\t\t<\/div>\n\t\t\t\t\t<\/div>\n\t\t<\/article>\n\t\t\t\t<article class=\"elementor-post elementor-grid-item post-903 post type-post status-publish format-standard hentry category-noticias\">\n\t\t\t<div class=\"elementor-post__card\">\n\t\t\t\t<div class=\"elementor-post__text\">\n\t\t\t\t<h2 class=\"elementor-post__title\">\n\t\t\t<a href=\"https:\/\/gijonbasket.com\/en\/2023\/04\/30\/copa-del-mundo-2023-rivales-espana-fase-de-grupos\/\" >\n\t\t\t\tCopa del Mundo 2023 &#8211; Rivales Espa\u00f1a Fase de Grupos\t\t\t<\/a>\n\t\t<\/h2>\n\t\t\t\t<div class=\"elementor-post__excerpt\">\n\t\t\t<p>Espa\u00f1a disputar\u00e1 la Fase de Grupos de la Copa del Mundo 2023, tras el sorteo realizado ayer s\u00e1bado, contra Costa de Marfil (s\u00e1bado 26 agosto),<\/p>\n\t\t<\/div>\n\t\t\n\t\t<a class=\"elementor-post__read-more\" href=\"https:\/\/gijonbasket.com\/en\/2023\/04\/30\/copa-del-mundo-2023-rivales-espana-fase-de-grupos\/\" aria-label=\"Read more about Copa del Mundo 2023 &#8211; Rivales Espa\u00f1a Fase de Grupos\" tabindex=\"-1\" >\n\t\t\tRead more &#034;\t\t<\/a>\n\n\t\t\t\t<\/div>\n\t\t\t\t<div class=\"elementor-post__meta-data\">\n\t\t\t\t\t<span class=\"elementor-post-date\">\n\t\t\t30 de April de 2023\t\t<\/span>\n\t\t\t\t<\/div>\n\t\t\t\t\t<\/div>\n\t\t<\/article>\n\t\t\t\t<article class=\"elementor-post elementor-grid-item post-901 post type-post status-publish format-standard hentry category-noticias\">\n\t\t\t<div class=\"elementor-post__card\">\n\t\t\t\t<div class=\"elementor-post__text\">\n\t\t\t\t<h2 class=\"elementor-post__title\">\n\t\t\t<a href=\"https:\/\/gijonbasket.com\/en\/2023\/04\/29\/ereaga-clinica-dental-getxo-saski-circulo-gijon-baloncesto-70-71\/\" >\n\t\t\t\tEreaga Cl\u00ednica Dental Getxo Saski &#8211; C\u00edrculo Gij\u00f3n Baloncesto (70-71)\t\t\t<\/a>\n\t\t<\/h2>\n\t\t\t\t<div class=\"elementor-post__excerpt\">\n\t\t\t<p>El C\u00edrculo Gij\u00f3n Baloncesto super\u00f3 por la m\u00ednima al Ereaga Cl\u00ednica Dental Getxo Saski y ma\u00f1ana disputar\u00e1 la Final de la F4 Previa a Fase<\/p>\n\t\t<\/div>\n\t\t\n\t\t<a class=\"elementor-post__read-more\" href=\"https:\/\/gijonbasket.com\/en\/2023\/04\/29\/ereaga-clinica-dental-getxo-saski-circulo-gijon-baloncesto-70-71\/\" aria-label=\"Read more about Ereaga Cl\u00ednica Dental Getxo Saski &#8211; C\u00edrculo Gij\u00f3n Baloncesto (70-71)\" tabindex=\"-1\" >\n\t\t\tRead more &#034;\t\t<\/a>\n\n\t\t\t\t<\/div>\n\t\t\t\t<div class=\"elementor-post__meta-data\">\n\t\t\t\t\t<span class=\"elementor-post-date\">\n\t\t\t29 de April de 2023\t\t<\/span>\n\t\t\t\t<\/div>\n\t\t\t\t\t<\/div>\n\t\t<\/article>\n\t\t\t\t<article class=\"elementor-post elementor-grid-item post-899 post type-post status-publish format-standard hentry category-noticias\">\n\t\t\t<div class=\"elementor-post__card\">\n\t\t\t\t<div class=\"elementor-post__text\">\n\t\t\t\t<h2 class=\"elementor-post__title\">\n\t\t\t<a href=\"https:\/\/gijonbasket.com\/en\/2023\/04\/29\/8-ciudades-candidatas-a-fase-de-ascenso-leb-plata\/\" >\n\t\t\t\t8 ciudades candidatas a Fase de Ascenso LEB Plata\t\t\t<\/a>\n\t\t<\/h2>\n\t\t\t\t<div class=\"elementor-post__excerpt\">\n\t\t\t<p>Socu\u00e9llamos, Palma de Mallorca, Sant Feliu de Llobregat, Tarragona, Lliria, Huelva, Logro\u00f1o y Gand\u00eda. Las Fases de Ascenso a LEB Plata se celebrar\u00e1n del 11-14<\/p>\n\t\t<\/div>\n\t\t\n\t\t<a class=\"elementor-post__read-more\" href=\"https:\/\/gijonbasket.com\/en\/2023\/04\/29\/8-ciudades-candidatas-a-fase-de-ascenso-leb-plata\/\" aria-label=\"Read more about 8 ciudades candidatas a Fase de Ascenso LEB Plata\" tabindex=\"-1\" >\n\t\t\tRead more &#034;\t\t<\/a>\n\n\t\t\t\t<\/div>\n\t\t\t\t<div class=\"elementor-post__meta-data\">\n\t\t\t\t\t<span class=\"elementor-post-date\">\n\t\t\t29 de April de 2023\t\t<\/span>\n\t\t\t\t<\/div>\n\t\t\t\t\t<\/div>\n\t\t<\/article>\n\t\t\t\t<article class=\"elementor-post elementor-grid-item post-897 post type-post status-publish format-standard hentry category-noticias\">\n\t\t\t<div class=\"elementor-post__card\">\n\t\t\t\t<div class=\"elementor-post__text\">\n\t\t\t\t<h2 class=\"elementor-post__title\">\n\t\t\t<a href=\"https:\/\/gijonbasket.com\/en\/2023\/04\/29\/unai-mendikote-refuerzo-para-las-sesiones-de-entrenamiento-del-alimerka-oviedo-baloncesto\/\" >\n\t\t\t\tUnai Mendikote refuerzo para las sesiones de entrenamiento del Alimerka Oviedo Baloncesto\t\t\t<\/a>\n\t\t<\/h2>\n\t\t\t\t<div class=\"elementor-post__excerpt\">\n\t\t\t<p>Unai Mendikote, alero de 24 a\u00f1os y 1.98 m., que se encontraba sin equipo tras finalizar su vinculaci\u00f3n con BC CSU Sibiu por una lesi\u00f3n,<\/p>\n\t\t<\/div>\n\t\t\n\t\t<a class=\"elementor-post__read-more\" href=\"https:\/\/gijonbasket.com\/en\/2023\/04\/29\/unai-mendikote-refuerzo-para-las-sesiones-de-entrenamiento-del-alimerka-oviedo-baloncesto\/\" aria-label=\"Read more about Unai Mendikote refuerzo para las sesiones de entrenamiento del Alimerka Oviedo Baloncesto\" tabindex=\"-1\" >\n\t\t\tRead more &#034;\t\t<\/a>\n\n\t\t\t\t<\/div>\n\t\t\t\t<div class=\"elementor-post__meta-data\">\n\t\t\t\t\t<span class=\"elementor-post-date\">\n\t\t\t29 de April de 2023\t\t<\/span>\n\t\t\t\t<\/div>\n\t\t\t\t\t<\/div>\n\t\t<\/article>\n\t\t\t\t<article class=\"elementor-post elementor-grid-item post-895 post type-post status-publish format-standard hentry category-noticias\">\n\t\t\t<div class=\"elementor-post__card\">\n\t\t\t\t<div class=\"elementor-post__text\">\n\t\t\t\t<h2 class=\"elementor-post__title\">\n\t\t\t<a href=\"https:\/\/gijonbasket.com\/en\/2023\/04\/29\/morabanc-andorra-match-ball-por-el-titulo-de-campeon-leb-oro-ante-alimerka-oviedo-baloncesto\/\" >\n\t\t\t\tMoraBanc Andorra match ball por el t\u00edtulo de Campe\u00f3n LEB Oro ante Alimerka Oviedo Baloncesto\t\t\t<\/a>\n\t\t<\/h2>\n\t\t\t\t<div class=\"elementor-post__excerpt\">\n\t\t\t<p>MoraBanc Andorra puede dar el golpe definitivo a la LEB Oro 2022\/2023, en caso de victoria esta tarde ante el Alimerka Oviedo Baloncesto, y todo<\/p>\n\t\t<\/div>\n\t\t\n\t\t<a class=\"elementor-post__read-more\" href=\"https:\/\/gijonbasket.com\/en\/2023\/04\/29\/morabanc-andorra-match-ball-por-el-titulo-de-campeon-leb-oro-ante-alimerka-oviedo-baloncesto\/\" aria-label=\"Read more about MoraBanc Andorra match ball por el t\u00edtulo de Campe\u00f3n LEB Oro ante Alimerka Oviedo Baloncesto\" tabindex=\"-1\" >\n\t\t\tRead more &#034;\t\t<\/a>\n\n\t\t\t\t<\/div>\n\t\t\t\t<div class=\"elementor-post__meta-data\">\n\t\t\t\t\t<span class=\"elementor-post-date\">\n\t\t\t29 de April de 2023\t\t<\/span>\n\t\t\t\t<\/div>\n\t\t\t\t\t<\/div>\n\t\t<\/article>\n\t\t\t\t<article class=\"elementor-post elementor-grid-item post-892 post type-post status-publish format-standard hentry category-noticias\">\n\t\t\t<div class=\"elementor-post__card\">\n\t\t\t\t<div class=\"elementor-post__text\">\n\t\t\t\t<h2 class=\"elementor-post__title\">\n\t\t\t<a href=\"https:\/\/gijonbasket.com\/en\/2023\/04\/29\/qatar-2027-y-alemania-2026-sedes-mundiales-masculino-y-femenino\/\" >\n\t\t\t\tQatar 2027 y Alemania 2026 sedes Mundiales Masculino y Femenino\t\t\t<\/a>\n\t\t<\/h2>\n\t\t\t\t<div class=\"elementor-post__excerpt\">\n\t\t\t<p>FIBA eligi\u00f3 ayer a Qatar y Alemania como sede de las pr\u00f3ximas Copas del Mundo de Baloncesto en categorias masculina y femenina para 2027 y<\/p>\n\t\t<\/div>\n\t\t\n\t\t<a class=\"elementor-post__read-more\" href=\"https:\/\/gijonbasket.com\/en\/2023\/04\/29\/qatar-2027-y-alemania-2026-sedes-mundiales-masculino-y-femenino\/\" aria-label=\"Read more about Qatar 2027 y Alemania 2026 sedes Mundiales Masculino y Femenino\" tabindex=\"-1\" >\n\t\t\tRead more &#034;\t\t<\/a>\n\n\t\t\t\t<\/div>\n\t\t\t\t<div class=\"elementor-post__meta-data\">\n\t\t\t\t\t<span class=\"elementor-post-date\">\n\t\t\t29 de April de 2023\t\t<\/span>\n\t\t\t\t<\/div>\n\t\t\t\t\t<\/div>\n\t\t<\/article>\n\t\t\t\t<article class=\"elementor-post elementor-grid-item post-880 post type-post status-publish format-standard hentry category-noticias\">\n\t\t\t<div class=\"elementor-post__card\">\n\t\t\t\t<div class=\"elementor-post__text\">\n\t\t\t\t<h2 class=\"elementor-post__title\">\n\t\t\t<a href=\"https:\/\/gijonbasket.com\/en\/2023\/04\/28\/iii-torneo-solidario-fuck-cancer\/\" >\n\t\t\t\tIII Torneo Solidario Fuck Cancer &#8211; Lunes 1 de mayo\t\t\t<\/a>\n\t\t<\/h2>\n\t\t\t\t<div class=\"elementor-post__excerpt\">\n\t\t\t<p>El lunes 1 de mayo se celebrar\u00e1 III Torneo Solidario Fuck en el Polideportivo de Santa Cruz de Mieres organizado por Fuck C\u00e1ncer. Todos los<\/p>\n\t\t<\/div>\n\t\t\n\t\t<a class=\"elementor-post__read-more\" href=\"https:\/\/gijonbasket.com\/en\/2023\/04\/28\/iii-torneo-solidario-fuck-cancer\/\" aria-label=\"Read more about III Torneo Solidario Fuck Cancer &#8211; Lunes 1 de mayo\" tabindex=\"-1\" >\n\t\t\tRead more &#034;\t\t<\/a>\n\n\t\t\t\t<\/div>\n\t\t\t\t<div class=\"elementor-post__meta-data\">\n\t\t\t\t\t<span class=\"elementor-post-date\">\n\t\t\t28 de April de 2023\t\t<\/span>\n\t\t\t\t<\/div>\n\t\t\t\t\t<\/div>\n\t\t<\/article>\n\t\t\t\t<article class=\"elementor-post elementor-grid-item post-873 post type-post status-publish format-standard hentry category-noticias\">\n\t\t\t<div class=\"elementor-post__card\">\n\t\t\t\t<div class=\"elementor-post__text\">\n\t\t\t\t<h2 class=\"elementor-post__title\">\n\t\t\t<a href=\"https:\/\/gijonbasket.com\/en\/2023\/04\/27\/oliver-arteaga-adios-a-la-temporada\/\" >\n\t\t\t\t\u00d3liver Arteaga adi\u00f3s a la temporada\t\t\t<\/a>\n\t\t<\/h2>\n\t\t\t\t<div class=\"elementor-post__excerpt\">\n\t\t\t<p>Duro golpe para el Alimerka Oviedo Baloncesto, tras conocer el alcance exacto de la lesi\u00f3n de \u00d3liver Artega, lesionado el pasado viernes en la pista<\/p>\n\t\t<\/div>\n\t\t\n\t\t<a class=\"elementor-post__read-more\" href=\"https:\/\/gijonbasket.com\/en\/2023\/04\/27\/oliver-arteaga-adios-a-la-temporada\/\" aria-label=\"Read more about \u00d3liver Arteaga adi\u00f3s a la temporada\" tabindex=\"-1\" >\n\t\t\tRead more &#034;\t\t<\/a>\n\n\t\t\t\t<\/div>\n\t\t\t\t<div class=\"elementor-post__meta-data\">\n\t\t\t\t\t<span class=\"elementor-post-date\">\n\t\t\t27 de April de 2023\t\t<\/span>\n\t\t\t\t<\/div>\n\t\t\t\t\t<\/div>\n\t\t<\/article>\n\t\t\t\t<article class=\"elementor-post elementor-grid-item post-871 post type-post status-publish format-standard hentry category-noticias\">\n\t\t\t<div class=\"elementor-post__card\">\n\t\t\t\t<div class=\"elementor-post__text\">\n\t\t\t\t<h2 class=\"elementor-post__title\">\n\t\t\t<a href=\"https:\/\/gijonbasket.com\/en\/2023\/04\/27\/luis-guil-se-acerca-al-movistar-estudiantes\/\" >\n\t\t\t\tLuis Guil se acerca al Movistar Estudiantes\t\t\t<\/a>\n\t\t<\/h2>\n\t\t\t\t<div class=\"elementor-post__excerpt\">\n\t\t\t<p>Movistar Estudiantes elige a Luis Guil (Shiga Lakestars) como futuro t\u00e9cnico del conjunto colegial. Desde 2017 formando parte del Cuerpo T\u00e9cnico de la Selecci\u00f3n Absoluta.<\/p>\n\t\t<\/div>\n\t\t\n\t\t<a class=\"elementor-post__read-more\" href=\"https:\/\/gijonbasket.com\/en\/2023\/04\/27\/luis-guil-se-acerca-al-movistar-estudiantes\/\" aria-label=\"Read more about Luis Guil se acerca al Movistar Estudiantes\" tabindex=\"-1\" >\n\t\t\tRead more &#034;\t\t<\/a>\n\n\t\t\t\t<\/div>\n\t\t\t\t<div class=\"elementor-post__meta-data\">\n\t\t\t\t\t<span class=\"elementor-post-date\">\n\t\t\t27 de April de 2023\t\t<\/span>\n\t\t\t\t<\/div>\n\t\t\t\t\t<\/div>\n\t\t<\/article>\n\t\t\t\t<article class=\"elementor-post elementor-grid-item post-868 post type-post status-publish format-standard hentry category-noticias\">\n\t\t\t<div class=\"elementor-post__card\">\n\t\t\t\t<div class=\"elementor-post__text\">\n\t\t\t\t<h2 class=\"elementor-post__title\">\n\t\t\t<a href=\"https:\/\/gijonbasket.com\/en\/2023\/04\/27\/mercado-de-fichajes-27\/\" >\n\t\t\t\tMercado de Fichajes\t\t\t<\/a>\n\t\t<\/h2>\n\t\t\t\t<div class=\"elementor-post__excerpt\">\n\t\t\t<p>UNAHOTELS Reggio Emilia : Fichaje de Andre Jones (Sopron KC). Niagara River Lions : Fichaje de TJ Lall (Kyoto Hannaryz). Titanes de Barranquilla : Fichaje<\/p>\n\t\t<\/div>\n\t\t\n\t\t<a class=\"elementor-post__read-more\" href=\"https:\/\/gijonbasket.com\/en\/2023\/04\/27\/mercado-de-fichajes-27\/\" aria-label=\"Read more about Mercado de Fichajes\" tabindex=\"-1\" >\n\t\t\tRead more &#034;\t\t<\/a>\n\n\t\t\t\t<\/div>\n\t\t\t\t<div class=\"elementor-post__meta-data\">\n\t\t\t\t\t<span class=\"elementor-post-date\">\n\t\t\t27 de April de 2023\t\t<\/span>\n\t\t\t\t<\/div>\n\t\t\t\t\t<\/div>\n\t\t<\/article>\n\t\t\t\t<article class=\"elementor-post elementor-grid-item post-865 post type-post status-publish format-standard hentry category-noticias\">\n\t\t\t<div class=\"elementor-post__card\">\n\t\t\t\t<div class=\"elementor-post__text\">\n\t\t\t\t<h2 class=\"elementor-post__title\">\n\t\t\t<a href=\"https:\/\/gijonbasket.com\/en\/2023\/04\/26\/unicaja-dylan-osetkowski-renovado-por-2-temporadas\/\" >\n\t\t\t\tUnicaja. Dylan Osetkowski renovado por 2 temporadas.\t\t\t<\/a>\n\t\t<\/h2>\n\t\t\t\t<div class=\"elementor-post__excerpt\">\n\t\t\t<p>Unicaja cerr\u00f3 la renovaci\u00f3n de Dylan Osetkowski para las pr\u00f3ximas dos temporadas. El ala-p\u00edvot estadounidense de 26 a\u00f1os y 2.06 m. estaba en la agenda<\/p>\n\t\t<\/div>\n\t\t\n\t\t<a class=\"elementor-post__read-more\" href=\"https:\/\/gijonbasket.com\/en\/2023\/04\/26\/unicaja-dylan-osetkowski-renovado-por-2-temporadas\/\" aria-label=\"Read more about Unicaja. Dylan Osetkowski renovado por 2 temporadas.\" tabindex=\"-1\" >\n\t\t\tRead more &#034;\t\t<\/a>\n\n\t\t\t\t<\/div>\n\t\t\t\t<div class=\"elementor-post__meta-data\">\n\t\t\t\t\t<span class=\"elementor-post-date\">\n\t\t\t26 de April de 2023\t\t<\/span>\n\t\t\t\t<\/div>\n\t\t\t\t\t<\/div>\n\t\t<\/article>\n\t\t\t\t<article class=\"elementor-post elementor-grid-item post-863 post type-post status-publish format-standard hentry category-noticias\">\n\t\t\t<div class=\"elementor-post__card\">\n\t\t\t\t<div class=\"elementor-post__text\">\n\t\t\t\t<h2 class=\"elementor-post__title\">\n\t\t\t<a href=\"https:\/\/gijonbasket.com\/en\/2023\/04\/26\/morabanc-andorra-czerapowicz-baja-por-lo-que-resta-de-temporada\/\" >\n\t\t\t\tMoraBanc Andorra. Czerapowicz baja por lo que resta de temporada.\t\t\t<\/a>\n\t\t<\/h2>\n\t\t\t\t<div class=\"elementor-post__excerpt\">\n\t\t\t<p>Chris Czerapowicz baja por lo que resta de temporada en el MoraBanc Andorra debido a una lesi\u00f3n en su cadera izquierda y una rotura fascioplantar<\/p>\n\t\t<\/div>\n\t\t\n\t\t<a class=\"elementor-post__read-more\" href=\"https:\/\/gijonbasket.com\/en\/2023\/04\/26\/morabanc-andorra-czerapowicz-baja-por-lo-que-resta-de-temporada\/\" aria-label=\"Read more about MoraBanc Andorra. Czerapowicz baja por lo que resta de temporada.\" tabindex=\"-1\" >\n\t\t\tRead more &#034;\t\t<\/a>\n\n\t\t\t\t<\/div>\n\t\t\t\t<div class=\"elementor-post__meta-data\">\n\t\t\t\t\t<span class=\"elementor-post-date\">\n\t\t\t26 de April de 2023\t\t<\/span>\n\t\t\t\t<\/div>\n\t\t\t\t\t<\/div>\n\t\t<\/article>\n\t\t\t\t<article class=\"elementor-post elementor-grid-item post-857 post type-post status-publish format-standard hentry category-noticias\">\n\t\t\t<div class=\"elementor-post__card\">\n\t\t\t\t<div class=\"elementor-post__text\">\n\t\t\t\t<h2 class=\"elementor-post__title\">\n\t\t\t<a href=\"https:\/\/gijonbasket.com\/en\/2023\/04\/25\/nba-ime-udoka-a-rockets-candidatos-al-banquillo-de-pistons-baja-victor-oladipo\/\" >\n\t\t\t\tNBA. Ime Udoka a Rockets. Candidatos al banquillo de Pistons. Baja Victor Oladipo.\t\t\t<\/a>\n\t\t<\/h2>\n\t\t\t\t<div class=\"elementor-post__excerpt\">\n\t\t\t<p>Houston Rockets : Contrataci\u00f3n de Ime Udoka como nuevo t\u00e9cnico del conjunto texano. Detroit Pistons : Inter\u00e9s por Charles Lee (Milwaukee Bucks), Kevin Ollie (Overtime<\/p>\n\t\t<\/div>\n\t\t\n\t\t<a class=\"elementor-post__read-more\" href=\"https:\/\/gijonbasket.com\/en\/2023\/04\/25\/nba-ime-udoka-a-rockets-candidatos-al-banquillo-de-pistons-baja-victor-oladipo\/\" aria-label=\"Read more about NBA. Ime Udoka a Rockets. Candidatos al banquillo de Pistons. Baja Victor Oladipo.\" tabindex=\"-1\" >\n\t\t\tRead more &#034;\t\t<\/a>\n\n\t\t\t\t<\/div>\n\t\t\t\t<div class=\"elementor-post__meta-data\">\n\t\t\t\t\t<span class=\"elementor-post-date\">\n\t\t\t25 de April de 2023\t\t<\/span>\n\t\t\t\t<\/div>\n\t\t\t\t\t<\/div>\n\t\t<\/article>\n\t\t\t\t<article class=\"elementor-post elementor-grid-item post-855 post type-post status-publish format-standard hentry category-noticias\">\n\t\t\t<div class=\"elementor-post__card\">\n\t\t\t\t<div class=\"elementor-post__text\">\n\t\t\t\t<h2 class=\"elementor-post__title\">\n\t\t\t<a href=\"https:\/\/gijonbasket.com\/en\/2023\/04\/25\/tiempo-muerto-onda-penes-24-04-2023\/\" >\n\t\t\t\tTiempo Muerto &#8211; Onda Pe\u00f1es &#8211; 24\/04\/2023\t\t\t<\/a>\n\t\t<\/h2>\n\t\t\t\t<div class=\"elementor-post__excerpt\">\n\t\t\t<p>https:\/\/www.ivoox.com\/tiempo-muerto-24-04-2023-audios-mp3_rf_106884561_1.html<\/p>\n\t\t<\/div>\n\t\t\n\t\t<a class=\"elementor-post__read-more\" href=\"https:\/\/gijonbasket.com\/en\/2023\/04\/25\/tiempo-muerto-onda-penes-24-04-2023\/\" aria-label=\"Read more about Tiempo Muerto &#8211; Onda Pe\u00f1es &#8211; 24\/04\/2023\" tabindex=\"-1\" >\n\t\t\tRead more &#034;\t\t<\/a>\n\n\t\t\t\t<\/div>\n\t\t\t\t<div class=\"elementor-post__meta-data\">\n\t\t\t\t\t<span class=\"elementor-post-date\">\n\t\t\t25 de April de 2023\t\t<\/span>\n\t\t\t\t<\/div>\n\t\t\t\t\t<\/div>\n\t\t<\/article>\n\t\t\t\t<article class=\"elementor-post elementor-grid-item post-852 post type-post status-publish format-standard hentry category-noticias\">\n\t\t\t<div class=\"elementor-post__card\">\n\t\t\t\t<div class=\"elementor-post__text\">\n\t\t\t\t<h2 class=\"elementor-post__title\">\n\t\t\t<a href=\"https:\/\/gijonbasket.com\/en\/2023\/04\/24\/presidente-a-la-vista-para-corinto-gijon-basket\/\" >\n\t\t\t\tPresidente a la vista para Corinto Gij\u00f3n Basket\t\t\t<\/a>\n\t\t<\/h2>\n\t\t\t\t<div class=\"elementor-post__excerpt\">\n\t\t\t<p>Hoy lunes 24 de abril se abre el periodo para la presentaci\u00f3n de candidat@s a la presidencia de Corinto Gij\u00f3n Basket, despu\u00e9s del primer proceso<\/p>\n\t\t<\/div>\n\t\t\n\t\t<a class=\"elementor-post__read-more\" href=\"https:\/\/gijonbasket.com\/en\/2023\/04\/24\/presidente-a-la-vista-para-corinto-gijon-basket\/\" aria-label=\"Read more about Presidente a la vista para Corinto Gij\u00f3n Basket\" tabindex=\"-1\" >\n\t\t\tRead more &#034;\t\t<\/a>\n\n\t\t\t\t<\/div>\n\t\t\t\t<div class=\"elementor-post__meta-data\">\n\t\t\t\t\t<span class=\"elementor-post-date\">\n\t\t\t24 de April de 2023\t\t<\/span>\n\t\t\t\t<\/div>\n\t\t\t\t\t<\/div>\n\t\t<\/article>\n\t\t\t\t<article class=\"elementor-post elementor-grid-item post-849 post type-post status-publish format-standard hentry category-noticias\">\n\t\t\t<div class=\"elementor-post__card\">\n\t\t\t\t<div class=\"elementor-post__text\">\n\t\t\t\t<h2 class=\"elementor-post__title\">\n\t\t\t<a href=\"https:\/\/gijonbasket.com\/en\/2023\/04\/24\/gandia-y-huelva-candidatas-para-fase-ascenso-leb-plata\/\" >\n\t\t\t\tGand\u00eda y Huelva candidatas para ser sede Fase Ascenso LEB Plata\t\t\t<\/a>\n\t\t<\/h2>\n\t\t\t\t<div class=\"elementor-post__excerpt\">\n\t\t\t<p>Gand\u00eda y Huelva se posicionan como candidatas a ser sede de las dos Fases de Ascenso a LEB Plata. En caso de ser elegidas volver\u00edan<\/p>\n\t\t<\/div>\n\t\t\n\t\t<a class=\"elementor-post__read-more\" href=\"https:\/\/gijonbasket.com\/en\/2023\/04\/24\/gandia-y-huelva-candidatas-para-fase-ascenso-leb-plata\/\" aria-label=\"Read more about Gand\u00eda y Huelva candidatas para ser sede Fase Ascenso LEB Plata\" tabindex=\"-1\" >\n\t\t\tRead more &#034;\t\t<\/a>\n\n\t\t\t\t<\/div>\n\t\t\t\t<div class=\"elementor-post__meta-data\">\n\t\t\t\t\t<span class=\"elementor-post-date\">\n\t\t\t24 de April de 2023\t\t<\/span>\n\t\t\t\t<\/div>\n\t\t\t\t\t<\/div>\n\t\t<\/article>\n\t\t\t\t<article class=\"elementor-post elementor-grid-item post-846 post type-post status-publish format-standard hentry category-noticias\">\n\t\t\t<div class=\"elementor-post__card\">\n\t\t\t\t<div class=\"elementor-post__text\">\n\t\t\t\t<h2 class=\"elementor-post__title\">\n\t\t\t<a href=\"https:\/\/gijonbasket.com\/en\/2023\/04\/23\/final-four-previa-fase-ascenso-leb-plata-semifinales-horarios\/\" >\n\t\t\t\tFinal Four Previa Fase Ascenso LEB Plata &#8211; Semifinales &#8211; Horarios\t\t\t<\/a>\n\t\t<\/h2>\n\t\t\t\t<div class=\"elementor-post__excerpt\">\n\t\t\t<p>S\u00e1bado 29 abril 2023 17:30 &#8211; Ereaga Cl\u00ednica Dental Getxo Saski &#8211; C\u00edrculo Gij\u00f3n Baloncesto 20:00 &#8211; Mundioma Mar\u00edn Ence Peixegalego &#8211; Fundaci\u00f3n Bilbao Basket<\/p>\n\t\t<\/div>\n\t\t\n\t\t<a class=\"elementor-post__read-more\" href=\"https:\/\/gijonbasket.com\/en\/2023\/04\/23\/final-four-previa-fase-ascenso-leb-plata-semifinales-horarios\/\" aria-label=\"Read more about Final Four Previa Fase Ascenso LEB Plata &#8211; Semifinales &#8211; Horarios\" tabindex=\"-1\" >\n\t\t\tRead more &#034;\t\t<\/a>\n\n\t\t\t\t<\/div>\n\t\t\t\t<div class=\"elementor-post__meta-data\">\n\t\t\t\t\t<span class=\"elementor-post-date\">\n\t\t\t23 de April de 2023\t\t<\/span>\n\t\t\t\t<\/div>\n\t\t\t\t\t<\/div>\n\t\t<\/article>\n\t\t\t\t<article class=\"elementor-post elementor-grid-item post-844 post type-post status-publish format-standard hentry category-noticias\">\n\t\t\t<div class=\"elementor-post__card\">\n\t\t\t\t<div class=\"elementor-post__text\">\n\t\t\t\t<h2 class=\"elementor-post__title\">\n\t\t\t<a href=\"https:\/\/gijonbasket.com\/en\/2023\/04\/23\/corinto-gijon-basket-ucoga-seguros-c-b-chantada-64-76\/\" >\n\t\t\t\tCorinto Gij\u00f3n Basket &#8211; Ucoga Seguros C.B. Chantada (64-76)\t\t\t<\/a>\n\t\t<\/h2>\n\t\t\t\t<div class=\"elementor-post__excerpt\">\n\t\t\t<p>Corinto Gij\u00f3n Basket cerr\u00f3 la temporada 2022\/2023 con derrota ante el Ucoga Seguros C.B. Chantada, en un encuentro que domin\u00f3 hasta el tercer cuarto, pero<\/p>\n\t\t<\/div>\n\t\t\n\t\t<a class=\"elementor-post__read-more\" href=\"https:\/\/gijonbasket.com\/en\/2023\/04\/23\/corinto-gijon-basket-ucoga-seguros-c-b-chantada-64-76\/\" aria-label=\"Read more about Corinto Gij\u00f3n Basket &#8211; Ucoga Seguros C.B. Chantada (64-76)\" tabindex=\"-1\" >\n\t\t\tRead more &#034;\t\t<\/a>\n\n\t\t\t\t<\/div>\n\t\t\t\t<div class=\"elementor-post__meta-data\">\n\t\t\t\t\t<span class=\"elementor-post-date\">\n\t\t\t23 de April de 2023\t\t<\/span>\n\t\t\t\t<\/div>\n\t\t\t\t\t<\/div>\n\t\t<\/article>\n\t\t\t\t<article class=\"elementor-post elementor-grid-item post-842 post type-post status-publish format-standard hentry category-noticias\">\n\t\t\t<div class=\"elementor-post__card\">\n\t\t\t\t<div class=\"elementor-post__text\">\n\t\t\t\t<h2 class=\"elementor-post__title\">\n\t\t\t<a href=\"https:\/\/gijonbasket.com\/en\/2023\/04\/22\/mercado-de-fichajes-26\/\" >\n\t\t\t\tMercado de Fichajes\t\t\t<\/a>\n\t\t<\/h2>\n\t\t\t\t<div class=\"elementor-post__excerpt\">\n\t\t\t<p>BC Rytas Vilnius : Fichaje de Jaime Echenique (Motor City Cruise). Guaros de Lara : Fichaje de Jermaine Love (BC Nizhny Novgorod). Toronto Raptors :<\/p>\n\t\t<\/div>\n\t\t\n\t\t<a class=\"elementor-post__read-more\" href=\"https:\/\/gijonbasket.com\/en\/2023\/04\/22\/mercado-de-fichajes-26\/\" aria-label=\"Read more about Mercado de Fichajes\" tabindex=\"-1\" >\n\t\t\tRead more &#034;\t\t<\/a>\n\n\t\t\t\t<\/div>\n\t\t\t\t<div class=\"elementor-post__meta-data\">\n\t\t\t\t\t<span class=\"elementor-post-date\">\n\t\t\t22 de April de 2023\t\t<\/span>\n\t\t\t\t<\/div>\n\t\t\t\t\t<\/div>\n\t\t<\/article>\n\t\t\t\t<article class=\"elementor-post elementor-grid-item post-840 post type-post status-publish format-standard hentry category-noticias\">\n\t\t\t<div class=\"elementor-post__card\">\n\t\t\t\t<div class=\"elementor-post__text\">\n\t\t\t\t<h2 class=\"elementor-post__title\">\n\t\t\t<a href=\"https:\/\/gijonbasket.com\/en\/2023\/04\/22\/alimerka-oviedo-baloncesto-oliver-arteaga-distension-rodilla-derecha\/\" >\n\t\t\t\tAlimerka Oviedo Baloncesto. Oliver Arteaga distensi\u00f3n rodilla derecha.\t\t\t<\/a>\n\t\t<\/h2>\n\t\t\t\t<div class=\"elementor-post__excerpt\">\n\t\t\t<p>Oliver Arteaga sufri\u00f3 en el encuentro de ayer ante el HLA Alicante una distensi\u00f3n en su rodilla derecha. Su evoluci\u00f3n determinar\u00e1 si podr\u00e1 estar disponible<\/p>\n\t\t<\/div>\n\t\t\n\t\t<a class=\"elementor-post__read-more\" href=\"https:\/\/gijonbasket.com\/en\/2023\/04\/22\/alimerka-oviedo-baloncesto-oliver-arteaga-distension-rodilla-derecha\/\" aria-label=\"Read more about Alimerka Oviedo Baloncesto. Oliver Arteaga distensi\u00f3n rodilla derecha.\" tabindex=\"-1\" >\n\t\t\tRead more &#034;\t\t<\/a>\n\n\t\t\t\t<\/div>\n\t\t\t\t<div class=\"elementor-post__meta-data\">\n\t\t\t\t\t<span class=\"elementor-post-date\">\n\t\t\t22 de April de 2023\t\t<\/span>\n\t\t\t\t<\/div>\n\t\t\t\t\t<\/div>\n\t\t<\/article>\n\t\t\t\t<article class=\"elementor-post elementor-grid-item post-838 post type-post status-publish format-standard hentry category-noticias\">\n\t\t\t<div class=\"elementor-post__card\">\n\t\t\t\t<div class=\"elementor-post__text\">\n\t\t\t\t<h2 class=\"elementor-post__title\">\n\t\t\t<a href=\"https:\/\/gijonbasket.com\/en\/2023\/04\/22\/hla-alicante-alimerka-oviedo-baloncesto-78-69\/\" >\n\t\t\t\tHLA Alicante &#8211; Alimerka Oviedo Baloncesto (78-69)\t\t\t<\/a>\n\t\t<\/h2>\n\t\t\t\t<div class=\"elementor-post__excerpt\">\n\t\t\t<p>Derrota del Alimerka Oviedo Baloncesto ante el HLA Alicante cortando una racha de dos victorias consecutivas. El encuentro comenz\u00f3 con el dominio del Alimerka Oviedo<\/p>\n\t\t<\/div>\n\t\t\n\t\t<a class=\"elementor-post__read-more\" href=\"https:\/\/gijonbasket.com\/en\/2023\/04\/22\/hla-alicante-alimerka-oviedo-baloncesto-78-69\/\" aria-label=\"Read more about HLA Alicante &#8211; Alimerka Oviedo Baloncesto (78-69)\" tabindex=\"-1\" >\n\t\t\tRead more &#034;\t\t<\/a>\n\n\t\t\t\t<\/div>\n\t\t\t\t<div class=\"elementor-post__meta-data\">\n\t\t\t\t\t<span class=\"elementor-post-date\">\n\t\t\t22 de April de 2023\t\t<\/span>\n\t\t\t\t<\/div>\n\t\t\t\t\t<\/div>\n\t\t<\/article>\n\t\t\t\t<article class=\"elementor-post elementor-grid-item post-836 post type-post status-publish format-standard hentry category-noticias\">\n\t\t\t<div class=\"elementor-post__card\">\n\t\t\t\t<div class=\"elementor-post__text\">\n\t\t\t\t<h2 class=\"elementor-post__title\">\n\t\t\t<a href=\"https:\/\/gijonbasket.com\/en\/2023\/04\/21\/corinto-gijon-basket-nuevo-proceso-electoral\/\" >\n\t\t\t\tCorinto Gij\u00f3n Basket nuevo Proceso Electoral\t\t\t<\/a>\n\t\t<\/h2>\n\t\t\t\t<div class=\"elementor-post__excerpt\">\n\t\t\t<p>La Junta Electoral abre un nuevo plazo de presentaci\u00f3n de candidaturas, desde el lunes 24 de abril hasta el jueves 4 de mayo ambos inclusive.<\/p>\n\t\t<\/div>\n\t\t\n\t\t<a class=\"elementor-post__read-more\" href=\"https:\/\/gijonbasket.com\/en\/2023\/04\/21\/corinto-gijon-basket-nuevo-proceso-electoral\/\" aria-label=\"Read more about Corinto Gij\u00f3n Basket nuevo Proceso Electoral\" tabindex=\"-1\" >\n\t\t\tRead more &#034;\t\t<\/a>\n\n\t\t\t\t<\/div>\n\t\t\t\t<div class=\"elementor-post__meta-data\">\n\t\t\t\t\t<span class=\"elementor-post-date\">\n\t\t\t21 de April de 2023\t\t<\/span>\n\t\t\t\t<\/div>\n\t\t\t\t\t<\/div>\n\t\t<\/article>\n\t\t\t\t<article class=\"elementor-post elementor-grid-item post-834 post type-post status-publish format-standard hentry category-noticias\">\n\t\t\t<div class=\"elementor-post__card\">\n\t\t\t\t<div class=\"elementor-post__text\">\n\t\t\t\t<h2 class=\"elementor-post__title\">\n\t\t\t<a href=\"https:\/\/gijonbasket.com\/en\/2023\/04\/21\/cambio-de-horario-ultimo-partido-corinto-gijon-basket\/\" >\n\t\t\t\tCambio de horario \u00faltimo partido Corinto Gij\u00f3n Basket\t\t\t<\/a>\n\t\t<\/h2>\n\t\t\t\t<div class=\"elementor-post__excerpt\">\n\t\t\t<p>El \u00faltimo encuentro de la temporada para Corinto Gij\u00f3n Basket ante Ucoga Seguros C.B. Chantada se retrasa una hora y comenzar\u00e1 este s\u00e1bado 22 de<\/p>\n\t\t<\/div>\n\t\t\n\t\t<a class=\"elementor-post__read-more\" href=\"https:\/\/gijonbasket.com\/en\/2023\/04\/21\/cambio-de-horario-ultimo-partido-corinto-gijon-basket\/\" aria-label=\"Read more about Cambio de horario \u00faltimo partido Corinto Gij\u00f3n Basket\" tabindex=\"-1\" >\n\t\t\tRead more &#034;\t\t<\/a>\n\n\t\t\t\t<\/div>\n\t\t\t\t<div class=\"elementor-post__meta-data\">\n\t\t\t\t\t<span class=\"elementor-post-date\">\n\t\t\t21 de April de 2023\t\t<\/span>\n\t\t\t\t<\/div>\n\t\t\t\t\t<\/div>\n\t\t<\/article>\n\t\t\t\t<article class=\"elementor-post elementor-grid-item post-832 post type-post status-publish format-standard hentry category-noticias\">\n\t\t\t<div class=\"elementor-post__card\">\n\t\t\t\t<div class=\"elementor-post__text\">\n\t\t\t\t<h2 class=\"elementor-post__title\">\n\t\t\t<a href=\"https:\/\/gijonbasket.com\/en\/2023\/04\/20\/mercado-de-fichajes-25\/\" >\n\t\t\t\tMercado de Fichajes\t\t\t<\/a>\n\t\t<\/h2>\n\t\t\t\t<div class=\"elementor-post__excerpt\">\n\t\t\t<p>UCAM Murcia : Rescisi\u00f3n de contrato a Travis Trice. Bnei Ofek Dist Hertzeliya : Fichaje de CJ Elleby (Salt Lake City Stars). Bayern Munich :<\/p>\n\t\t<\/div>\n\t\t\n\t\t<a class=\"elementor-post__read-more\" href=\"https:\/\/gijonbasket.com\/en\/2023\/04\/20\/mercado-de-fichajes-25\/\" aria-label=\"Read more about Mercado de Fichajes\" tabindex=\"-1\" >\n\t\t\tRead more &#034;\t\t<\/a>\n\n\t\t\t\t<\/div>\n\t\t\t\t<div class=\"elementor-post__meta-data\">\n\t\t\t\t\t<span class=\"elementor-post-date\">\n\t\t\t20 de April de 2023\t\t<\/span>\n\t\t\t\t<\/div>\n\t\t\t\t\t<\/div>\n\t\t<\/article>\n\t\t\t\t<article class=\"elementor-post elementor-grid-item post-828 post type-post status-publish format-standard hentry category-noticias\">\n\t\t\t<div class=\"elementor-post__card\">\n\t\t\t\t<div class=\"elementor-post__text\">\n\t\t\t\t<h2 class=\"elementor-post__title\">\n\t\t\t<a href=\"https:\/\/gijonbasket.com\/en\/2023\/04\/20\/homenaje-a-diego-sanchez\/\" >\n\t\t\t\tHomenaje a Diego S\u00e1nchez\t\t\t<\/a>\n\t\t<\/h2>\n\t\t\t\t<div class=\"elementor-post__excerpt\">\n\t\t\t<p>Diego S\u00e1nchez, capit\u00e1n de Corinto Gij\u00f3n Basket, ser\u00e1 homenajeado por Corinto Gij\u00f3n Basket en el intermedio del encuentro ante el Ucoga Seguros C.B. Chantada, donde<\/p>\n\t\t<\/div>\n\t\t\n\t\t<a class=\"elementor-post__read-more\" href=\"https:\/\/gijonbasket.com\/en\/2023\/04\/20\/homenaje-a-diego-sanchez\/\" aria-label=\"Read more about Homenaje a Diego S\u00e1nchez\" tabindex=\"-1\" >\n\t\t\tRead more &#034;\t\t<\/a>\n\n\t\t\t\t<\/div>\n\t\t\t\t<div class=\"elementor-post__meta-data\">\n\t\t\t\t\t<span class=\"elementor-post-date\">\n\t\t\t20 de April de 2023\t\t<\/span>\n\t\t\t\t<\/div>\n\t\t\t\t\t<\/div>\n\t\t<\/article>\n\t\t\t\t<article class=\"elementor-post elementor-grid-item post-825 post type-post status-publish format-standard hentry category-noticias\">\n\t\t\t<div class=\"elementor-post__card\">\n\t\t\t\t<div class=\"elementor-post__text\">\n\t\t\t\t<h2 class=\"elementor-post__title\">\n\t\t\t<a href=\"https:\/\/gijonbasket.com\/en\/2023\/04\/19\/mercado-de-fichajes-24\/\" >\n\t\t\t\tMercado de Fichajes\t\t\t<\/a>\n\t\t<\/h2>\n\t\t\t\t<div class=\"elementor-post__excerpt\">\n\t\t\t<p>Jonavos Cbet : Fichaje de Aurimas Majauskas (BC Budivelnyk Kiev). Beirut Club : Fichaje de Stacy Davis (Salt Lake City Stars). Cariduros de Fajardo :<\/p>\n\t\t<\/div>\n\t\t\n\t\t<a class=\"elementor-post__read-more\" href=\"https:\/\/gijonbasket.com\/en\/2023\/04\/19\/mercado-de-fichajes-24\/\" aria-label=\"Read more about Mercado de Fichajes\" tabindex=\"-1\" >\n\t\t\tRead more &#034;\t\t<\/a>\n\n\t\t\t\t<\/div>\n\t\t\t\t<div class=\"elementor-post__meta-data\">\n\t\t\t\t\t<span class=\"elementor-post-date\">\n\t\t\t19 de April de 2023\t\t<\/span>\n\t\t\t\t<\/div>\n\t\t\t\t\t<\/div>\n\t\t<\/article>\n\t\t\t\t<article class=\"elementor-post elementor-grid-item post-823 post type-post status-publish format-standard hentry category-noticias\">\n\t\t\t<div class=\"elementor-post__card\">\n\t\t\t\t<div class=\"elementor-post__text\">\n\t\t\t\t<h2 class=\"elementor-post__title\">\n\t\t\t<a href=\"https:\/\/gijonbasket.com\/en\/2023\/04\/18\/lesion-de-leonardo-okeke-en-joventut-badalona\/\" >\n\t\t\t\tLesi\u00f3n de Leonardo Okeke en Joventut Badalona\t\t\t<\/a>\n\t\t<\/h2>\n\t\t\t\t<div class=\"elementor-post__excerpt\">\n\t\t\t<p>Club Joventut Badalona : Baja de Leonardo Okeke por una luxaci\u00f3n posterior en su cadera derecha con fractura acetabular y una ruptura muscular pr\u00e1cticamente completa<\/p>\n\t\t<\/div>\n\t\t\n\t\t<a class=\"elementor-post__read-more\" href=\"https:\/\/gijonbasket.com\/en\/2023\/04\/18\/lesion-de-leonardo-okeke-en-joventut-badalona\/\" aria-label=\"Read more about Lesi\u00f3n de Leonardo Okeke en Joventut Badalona\" tabindex=\"-1\" >\n\t\t\tRead more &#034;\t\t<\/a>\n\n\t\t\t\t<\/div>\n\t\t\t\t<div class=\"elementor-post__meta-data\">\n\t\t\t\t\t<span class=\"elementor-post-date\">\n\t\t\t18 de April de 2023\t\t<\/span>\n\t\t\t\t<\/div>\n\t\t\t\t\t<\/div>\n\t\t<\/article>\n\t\t\t\t<article class=\"elementor-post elementor-grid-item post-821 post type-post status-publish format-standard hentry category-noticias\">\n\t\t\t<div class=\"elementor-post__card\">\n\t\t\t\t<div class=\"elementor-post__text\">\n\t\t\t\t<h2 class=\"elementor-post__title\">\n\t\t\t<a href=\"https:\/\/gijonbasket.com\/en\/2023\/04\/18\/nba-2\/\" >\n\t\t\t\tNBA\t\t\t<\/a>\n\t\t<\/h2>\n\t\t\t\t<div class=\"elementor-post__excerpt\">\n\t\t\t<p>Miami Heat : Baja de Tyler Herro al sufrir una fractura en su mano derecha que le tendr\u00e1 inactivo entre 4-6 semanas. Detroit Pistons :<\/p>\n\t\t<\/div>\n\t\t\n\t\t<a class=\"elementor-post__read-more\" href=\"https:\/\/gijonbasket.com\/en\/2023\/04\/18\/nba-2\/\" aria-label=\"Read more about NBA\" tabindex=\"-1\" >\n\t\t\tRead more &#034;\t\t<\/a>\n\n\t\t\t\t<\/div>\n\t\t\t\t<div class=\"elementor-post__meta-data\">\n\t\t\t\t\t<span class=\"elementor-post-date\">\n\t\t\t18 de April de 2023\t\t<\/span>\n\t\t\t\t<\/div>\n\t\t\t\t\t<\/div>\n\t\t<\/article>\n\t\t\t\t<article class=\"elementor-post elementor-grid-item post-819 post type-post status-publish format-standard hentry category-noticias\">\n\t\t\t<div class=\"elementor-post__card\">\n\t\t\t\t<div class=\"elementor-post__text\">\n\t\t\t\t<h2 class=\"elementor-post__title\">\n\t\t\t<a href=\"https:\/\/gijonbasket.com\/en\/2023\/04\/18\/tiempo-muerto-onda-penes-17-04-2023\/\" >\n\t\t\t\tTiempo Muerto \u2013 Onda Pe\u00f1es \u2013 17\/04\/2023\t\t\t<\/a>\n\t\t<\/h2>\n\t\t\t\t<div class=\"elementor-post__excerpt\">\n\t\t\t<p>https:\/\/www.ivoox.com\/tiempo-muerto-17-04-2023-audios-mp3_rf_106502138_1.html<\/p>\n\t\t<\/div>\n\t\t\n\t\t<a class=\"elementor-post__read-more\" href=\"https:\/\/gijonbasket.com\/en\/2023\/04\/18\/tiempo-muerto-onda-penes-17-04-2023\/\" aria-label=\"Read more about Tiempo Muerto \u2013 Onda Pe\u00f1es \u2013 17\/04\/2023\" tabindex=\"-1\" >\n\t\t\tRead more &#034;\t\t<\/a>\n\n\t\t\t\t<\/div>\n\t\t\t\t<div class=\"elementor-post__meta-data\">\n\t\t\t\t\t<span class=\"elementor-post-date\">\n\t\t\t18 de April de 2023\t\t<\/span>\n\t\t\t\t<\/div>\n\t\t\t\t\t<\/div>\n\t\t<\/article>\n\t\t\t\t<article class=\"elementor-post elementor-grid-item post-816 post type-post status-publish format-standard hentry category-noticias\">\n\t\t\t<div class=\"elementor-post__card\">\n\t\t\t\t<div class=\"elementor-post__text\">\n\t\t\t\t<h2 class=\"elementor-post__title\">\n\t\t\t<a href=\"https:\/\/gijonbasket.com\/en\/2023\/04\/17\/f-c-barcelona-cara-victoria-ante-el-real-madrid\/\" >\n\t\t\t\tF.C. Barcelona cara victoria ante el Real Madrid\t\t\t<\/a>\n\t\t<\/h2>\n\t\t\t\t<div class=\"elementor-post__excerpt\">\n\t\t\t<p>El F.C. Barcelona super\u00f3 con claridad al Real Madrid (97-82), pero la victoria, pudiera tener da\u00f1os colaterales en forma de lesiones para el conjunto cul\u00e9.<\/p>\n\t\t<\/div>\n\t\t\n\t\t<a class=\"elementor-post__read-more\" href=\"https:\/\/gijonbasket.com\/en\/2023\/04\/17\/f-c-barcelona-cara-victoria-ante-el-real-madrid\/\" aria-label=\"Read more about F.C. Barcelona cara victoria ante el Real Madrid\" tabindex=\"-1\" >\n\t\t\tRead more &#034;\t\t<\/a>\n\n\t\t\t\t<\/div>\n\t\t\t\t<div class=\"elementor-post__meta-data\">\n\t\t\t\t\t<span class=\"elementor-post-date\">\n\t\t\t17 de April de 2023\t\t<\/span>\n\t\t\t\t<\/div>\n\t\t\t\t\t<\/div>\n\t\t<\/article>\n\t\t\t\t<article class=\"elementor-post elementor-grid-item post-814 post type-post status-publish format-standard hentry category-noticias\">\n\t\t\t<div class=\"elementor-post__card\">\n\t\t\t\t<div class=\"elementor-post__text\">\n\t\t\t\t<h2 class=\"elementor-post__title\">\n\t\t\t<a href=\"https:\/\/gijonbasket.com\/en\/2023\/04\/17\/dario-brizuela-tres-temporadas-mas-en-unicaja\/\" >\n\t\t\t\tDar\u00edo Brizuela tres temporadas m\u00e1s en Unicaja\t\t\t<\/a>\n\t\t<\/h2>\n\t\t\t\t<div class=\"elementor-post__excerpt\">\n\t\t\t<p>Unicaja : Renovaci\u00f3n de contrato a dar\u00edo brizuela para las pr\u00f3ximas tres temporadas.<\/p>\n\t\t<\/div>\n\t\t\n\t\t<a class=\"elementor-post__read-more\" href=\"https:\/\/gijonbasket.com\/en\/2023\/04\/17\/dario-brizuela-tres-temporadas-mas-en-unicaja\/\" aria-label=\"Read more about Dar\u00edo Brizuela tres temporadas m\u00e1s en Unicaja\" tabindex=\"-1\" >\n\t\t\tRead more &#034;\t\t<\/a>\n\n\t\t\t\t<\/div>\n\t\t\t\t<div class=\"elementor-post__meta-data\">\n\t\t\t\t\t<span class=\"elementor-post-date\">\n\t\t\t17 de April de 2023\t\t<\/span>\n\t\t\t\t<\/div>\n\t\t\t\t\t<\/div>\n\t\t<\/article>\n\t\t\t\t<article class=\"elementor-post elementor-grid-item post-812 post type-post status-publish format-standard hentry category-noticias\">\n\t\t\t<div class=\"elementor-post__card\">\n\t\t\t\t<div class=\"elementor-post__text\">\n\t\t\t\t<h2 class=\"elementor-post__title\">\n\t\t\t<a href=\"https:\/\/gijonbasket.com\/en\/2023\/04\/17\/real-grupo-de-cultura-covadonga-santo-domingo-betanzos-83-97\/\" >\n\t\t\t\tReal Grupo de Cultura Covadonga &#8211; Santo Domingo Betanzos (83-97)\t\t\t<\/a>\n\t\t<\/h2>\n\t\t\t\t<div class=\"elementor-post__excerpt\">\n\t\t\t<p>Santo Domingo Betanzos se llev\u00f3 la victoria ante el Real Grupo de Cultura Covadonga, encuentro entre equipos descendidos, resuelto a favor del conjunto gallego gracias<\/p>\n\t\t<\/div>\n\t\t\n\t\t<a class=\"elementor-post__read-more\" href=\"https:\/\/gijonbasket.com\/en\/2023\/04\/17\/real-grupo-de-cultura-covadonga-santo-domingo-betanzos-83-97\/\" aria-label=\"Read more about Real Grupo de Cultura Covadonga &#8211; Santo Domingo Betanzos (83-97)\" tabindex=\"-1\" >\n\t\t\tRead more &#034;\t\t<\/a>\n\n\t\t\t\t<\/div>\n\t\t\t\t<div class=\"elementor-post__meta-data\">\n\t\t\t\t\t<span class=\"elementor-post-date\">\n\t\t\t17 de April de 2023\t\t<\/span>\n\t\t\t\t<\/div>\n\t\t\t\t\t<\/div>\n\t\t<\/article>\n\t\t\t\t<article class=\"elementor-post elementor-grid-item post-810 post type-post status-publish format-standard hentry category-noticias\">\n\t\t\t<div class=\"elementor-post__card\">\n\t\t\t\t<div class=\"elementor-post__text\">\n\t\t\t\t<h2 class=\"elementor-post__title\">\n\t\t\t<a href=\"https:\/\/gijonbasket.com\/en\/2023\/04\/16\/hector-alderete-baja-por-lesion-en-movistar-estudiantes\/\" >\n\t\t\t\tH\u00e9ctor Alderete baja por lesi\u00f3n en Movistar Estudiantes\t\t\t<\/a>\n\t\t<\/h2>\n\t\t\t\t<div class=\"elementor-post__excerpt\">\n\t\t\t<p>Movistar Estudiantes : Lesi\u00f3n de H\u00e9ctor Alderete al sufrir una rotura de ligamento cruzado anterior y menisco interno de su rodilla derecha.<\/p>\n\t\t<\/div>\n\t\t\n\t\t<a class=\"elementor-post__read-more\" href=\"https:\/\/gijonbasket.com\/en\/2023\/04\/16\/hector-alderete-baja-por-lesion-en-movistar-estudiantes\/\" aria-label=\"Read more about H\u00e9ctor Alderete baja por lesi\u00f3n en Movistar Estudiantes\" tabindex=\"-1\" >\n\t\t\tRead more &#034;\t\t<\/a>\n\n\t\t\t\t<\/div>\n\t\t\t\t<div class=\"elementor-post__meta-data\">\n\t\t\t\t\t<span class=\"elementor-post-date\">\n\t\t\t16 de April de 2023\t\t<\/span>\n\t\t\t\t<\/div>\n\t\t\t\t\t<\/div>\n\t\t<\/article>\n\t\t\t\t<article class=\"elementor-post elementor-grid-item post-808 post type-post status-publish format-standard hentry category-noticias\">\n\t\t\t<div class=\"elementor-post__card\">\n\t\t\t\t<div class=\"elementor-post__text\">\n\t\t\t\t<h2 class=\"elementor-post__title\">\n\t\t\t<a href=\"https:\/\/gijonbasket.com\/en\/2023\/04\/16\/morabanc-andorra-directo-a-ser-campeon-leb-oro\/\" >\n\t\t\t\tMoraBanc Andorra directo a ser Campe\u00f3n LEB Oro\t\t\t<\/a>\n\t\t<\/h2>\n\t\t\t\t<div class=\"elementor-post__excerpt\">\n\t\t\t<p>A falta de cinco jornadas para finalizar la temporada regular, la derrota ayer de Zunder Palencia en la pista del Hereda San Pablo Burgos (89-65)<\/p>\n\t\t<\/div>\n\t\t\n\t\t<a class=\"elementor-post__read-more\" href=\"https:\/\/gijonbasket.com\/en\/2023\/04\/16\/morabanc-andorra-directo-a-ser-campeon-leb-oro\/\" aria-label=\"Read more about MoraBanc Andorra directo a ser Campe\u00f3n LEB Oro\" tabindex=\"-1\" >\n\t\t\tRead more &#034;\t\t<\/a>\n\n\t\t\t\t<\/div>\n\t\t\t\t<div class=\"elementor-post__meta-data\">\n\t\t\t\t\t<span class=\"elementor-post-date\">\n\t\t\t16 de April de 2023\t\t<\/span>\n\t\t\t\t<\/div>\n\t\t\t\t\t<\/div>\n\t\t<\/article>\n\t\t\t\t<article class=\"elementor-post elementor-grid-item post-803 post type-post status-publish format-standard hentry category-noticias\">\n\t\t\t<div class=\"elementor-post__card\">\n\t\t\t\t<div class=\"elementor-post__text\">\n\t\t\t\t<h2 class=\"elementor-post__title\">\n\t\t\t<a href=\"https:\/\/gijonbasket.com\/en\/2023\/04\/15\/club-ourense-baloncesto-alimerka-oviedo-baloncesto-62-67\/\" >\n\t\t\t\tClub Ourense Baloncesto &#8211; Alimerka Oviedo Baloncesto (62-67)\t\t\t<\/a>\n\t\t<\/h2>\n\t\t\t\t<div class=\"elementor-post__excerpt\">\n\t\t\t<p>Segunda victoria consecutiva para el Alimerka Oviedo Baloncesto acercando al conjunto carbay\u00f3n al objetivo de la permanencia. El Club Ourense Baloncesto domin\u00f3 durante los tres<\/p>\n\t\t<\/div>\n\t\t\n\t\t<a class=\"elementor-post__read-more\" href=\"https:\/\/gijonbasket.com\/en\/2023\/04\/15\/club-ourense-baloncesto-alimerka-oviedo-baloncesto-62-67\/\" aria-label=\"Read more about Club Ourense Baloncesto &#8211; Alimerka Oviedo Baloncesto (62-67)\" tabindex=\"-1\" >\n\t\t\tRead more &#034;\t\t<\/a>\n\n\t\t\t\t<\/div>\n\t\t\t\t<div class=\"elementor-post__meta-data\">\n\t\t\t\t\t<span class=\"elementor-post-date\">\n\t\t\t15 de April de 2023\t\t<\/span>\n\t\t\t\t<\/div>\n\t\t\t\t\t<\/div>\n\t\t<\/article>\n\t\t\t\t<article class=\"elementor-post elementor-grid-item post-801 post type-post status-publish format-standard hentry category-noticias\">\n\t\t\t<div class=\"elementor-post__card\">\n\t\t\t\t<div class=\"elementor-post__text\">\n\t\t\t\t<h2 class=\"elementor-post__title\">\n\t\t\t<a href=\"https:\/\/gijonbasket.com\/en\/2023\/04\/15\/mercado-de-fichajes-23\/\" >\n\t\t\t\tMercado de Fichajes\t\t\t<\/a>\n\t\t<\/h2>\n\t\t\t\t<div class=\"elementor-post__excerpt\">\n\t\t\t<p>Gaziantep Basketbol : Fichaje de Ryan Luther (UCAM Murcia). Sandringham Sabres : Fichaje de Ben Ayre (Cairns Taipans). Miami Heat : Inter\u00e9s por Damian Lillard<\/p>\n\t\t<\/div>\n\t\t\n\t\t<a class=\"elementor-post__read-more\" href=\"https:\/\/gijonbasket.com\/en\/2023\/04\/15\/mercado-de-fichajes-23\/\" aria-label=\"Read more about Mercado de Fichajes\" tabindex=\"-1\" >\n\t\t\tRead more &#034;\t\t<\/a>\n\n\t\t\t\t<\/div>\n\t\t\t\t<div class=\"elementor-post__meta-data\">\n\t\t\t\t\t<span class=\"elementor-post-date\">\n\t\t\t15 de April de 2023\t\t<\/span>\n\t\t\t\t<\/div>\n\t\t\t\t\t<\/div>\n\t\t<\/article>\n\t\t\t\t<article class=\"elementor-post elementor-grid-item post-799 post type-post status-publish format-standard hentry category-noticias\">\n\t\t\t<div class=\"elementor-post__card\">\n\t\t\t\t<div class=\"elementor-post__text\">\n\t\t\t\t<h2 class=\"elementor-post__title\">\n\t\t\t<a href=\"https:\/\/gijonbasket.com\/en\/2023\/04\/14\/mercado-de-fichajes-22\/\" >\n\t\t\t\tMercado de Fichajes\t\t\t<\/a>\n\t\t<\/h2>\n\t\t\t\t<div class=\"elementor-post__excerpt\">\n\t\t\t<p>C.B. Prat : Fichaje de Nedim Dedovic (C.B. Minuscenter Mor\u00f3n). Virtus Segafredo Bolonia : Inter\u00e9s por Ergin Ataman (Anadolu Efes) ante una posible marcha de<\/p>\n\t\t<\/div>\n\t\t\n\t\t<a class=\"elementor-post__read-more\" href=\"https:\/\/gijonbasket.com\/en\/2023\/04\/14\/mercado-de-fichajes-22\/\" aria-label=\"Read more about Mercado de Fichajes\" tabindex=\"-1\" >\n\t\t\tRead more &#034;\t\t<\/a>\n\n\t\t\t\t<\/div>\n\t\t\t\t<div class=\"elementor-post__meta-data\">\n\t\t\t\t\t<span class=\"elementor-post-date\">\n\t\t\t14 de April de 2023\t\t<\/span>\n\t\t\t\t<\/div>\n\t\t\t\t\t<\/div>\n\t\t<\/article>\n\t\t\t\t<article class=\"elementor-post elementor-grid-item post-797 post type-post status-publish format-standard hentry category-noticias\">\n\t\t\t<div class=\"elementor-post__card\">\n\t\t\t\t<div class=\"elementor-post__text\">\n\t\t\t\t<h2 class=\"elementor-post__title\">\n\t\t\t<a href=\"https:\/\/gijonbasket.com\/en\/2023\/04\/14\/liga-endesa-2\/\" >\n\t\t\t\tLiga Endesa\t\t\t<\/a>\n\t\t<\/h2>\n\t\t\t\t<div class=\"elementor-post__excerpt\">\n\t\t\t<p>UCAM Murcia : Fichaje de Danilo Nikolic (Avtodor Saratov). No continuidad de Ryan Luther. Unicaja : Renovaci\u00f3n de David Kravish para las pr\u00f3ximas dos temporadas.<\/p>\n\t\t<\/div>\n\t\t\n\t\t<a class=\"elementor-post__read-more\" href=\"https:\/\/gijonbasket.com\/en\/2023\/04\/14\/liga-endesa-2\/\" aria-label=\"Read more about Liga Endesa\" tabindex=\"-1\" >\n\t\t\tRead more &#034;\t\t<\/a>\n\n\t\t\t\t<\/div>\n\t\t\t\t<div class=\"elementor-post__meta-data\">\n\t\t\t\t\t<span class=\"elementor-post-date\">\n\t\t\t14 de April de 2023\t\t<\/span>\n\t\t\t\t<\/div>\n\t\t\t\t\t<\/div>\n\t\t<\/article>\n\t\t\t\t<article class=\"elementor-post elementor-grid-item post-795 post type-post status-publish format-standard hentry category-noticias\">\n\t\t\t<div class=\"elementor-post__card\">\n\t\t\t\t<div class=\"elementor-post__text\">\n\t\t\t\t<h2 class=\"elementor-post__title\">\n\t\t\t<a href=\"https:\/\/gijonbasket.com\/en\/2023\/04\/13\/mercado-de-fichajes-21\/\" >\n\t\t\t\tMercado de Fichajes\t\t\t<\/a>\n\t\t<\/h2>\n\t\t\t\t<div class=\"elementor-post__excerpt\">\n\t\t\t<p>Panathinaikos : Acuerdo para el fichaje de Dimitris Moraitis (Peristeri Bwin Athens) de cara a la pr\u00f3xima temporada. Inter\u00e9s por Ioannis Papapetrou (Partizan Mozzart Bet<\/p>\n\t\t<\/div>\n\t\t\n\t\t<a class=\"elementor-post__read-more\" href=\"https:\/\/gijonbasket.com\/en\/2023\/04\/13\/mercado-de-fichajes-21\/\" aria-label=\"Read more about Mercado de Fichajes\" tabindex=\"-1\" >\n\t\t\tRead more &#034;\t\t<\/a>\n\n\t\t\t\t<\/div>\n\t\t\t\t<div class=\"elementor-post__meta-data\">\n\t\t\t\t\t<span class=\"elementor-post-date\">\n\t\t\t13 de April de 2023\t\t<\/span>\n\t\t\t\t<\/div>\n\t\t\t\t\t<\/div>\n\t\t<\/article>\n\t\t\t\t<article class=\"elementor-post elementor-grid-item post-787 post type-post status-publish format-standard hentry category-noticias\">\n\t\t\t<div class=\"elementor-post__card\">\n\t\t\t\t<div class=\"elementor-post__text\">\n\t\t\t\t<h2 class=\"elementor-post__title\">\n\t\t\t<a href=\"https:\/\/gijonbasket.com\/en\/2023\/04\/12\/tiempo-muerto-onda-penes-10-04-2023\/\" >\n\t\t\t\tTiempo Muerto &#8211; Onda Pe\u00f1es &#8211; 10\/04\/2023\t\t\t<\/a>\n\t\t<\/h2>\n\t\t\t\t<div class=\"elementor-post__excerpt\">\n\t\t\t<p>https:\/\/www.ivoox.com\/tiempo-muerto-10-04-2023-audios-mp3_rf_106067059_1.html<\/p>\n\t\t<\/div>\n\t\t\n\t\t<a class=\"elementor-post__read-more\" href=\"https:\/\/gijonbasket.com\/en\/2023\/04\/12\/tiempo-muerto-onda-penes-10-04-2023\/\" aria-label=\"Read more about Tiempo Muerto &#8211; Onda Pe\u00f1es &#8211; 10\/04\/2023\" tabindex=\"-1\" >\n\t\t\tRead more &#034;\t\t<\/a>\n\n\t\t\t\t<\/div>\n\t\t\t\t<div class=\"elementor-post__meta-data\">\n\t\t\t\t\t<span class=\"elementor-post-date\">\n\t\t\t12 de April de 2023\t\t<\/span>\n\t\t\t\t<\/div>\n\t\t\t\t\t<\/div>\n\t\t<\/article>\n\t\t\t\t<article class=\"elementor-post elementor-grid-item post-784 post type-post status-publish format-standard hentry category-noticias\">\n\t\t\t<div class=\"elementor-post__card\">\n\t\t\t\t<div class=\"elementor-post__text\">\n\t\t\t\t<h2 class=\"elementor-post__title\">\n\t\t\t<a href=\"https:\/\/gijonbasket.com\/en\/2023\/04\/12\/corinto-gijon-basket-hoja-de-ruta-proceso-electoral\/\" >\n\t\t\t\tCorinto Gij\u00f3n Basket. Hoja de Ruta Proceso Electoral\t\t\t<\/a>\n\t\t<\/h2>\n\t\t\t\t<div class=\"elementor-post__excerpt\">\n\t\t\t<p>La Hoja de Ruta en el proceso electoral de Corinto Gij\u00f3n Basket expuesta por el club es la siguiente: Tras no presentarse ning\u00fan candidato en<\/p>\n\t\t<\/div>\n\t\t\n\t\t<a class=\"elementor-post__read-more\" href=\"https:\/\/gijonbasket.com\/en\/2023\/04\/12\/corinto-gijon-basket-hoja-de-ruta-proceso-electoral\/\" aria-label=\"Read more about Corinto Gij\u00f3n Basket. Hoja de Ruta Proceso Electoral\" tabindex=\"-1\" >\n\t\t\tRead more &#034;\t\t<\/a>\n\n\t\t\t\t<\/div>\n\t\t\t\t<div class=\"elementor-post__meta-data\">\n\t\t\t\t\t<span class=\"elementor-post-date\">\n\t\t\t12 de April de 2023\t\t<\/span>\n\t\t\t\t<\/div>\n\t\t\t\t\t<\/div>\n\t\t<\/article>\n\t\t\t\t<article class=\"elementor-post elementor-grid-item post-782 post type-post status-publish format-standard hentry category-noticias\">\n\t\t\t<div class=\"elementor-post__card\">\n\t\t\t\t<div class=\"elementor-post__text\">\n\t\t\t\t<h2 class=\"elementor-post__title\">\n\t\t\t<a href=\"https:\/\/gijonbasket.com\/en\/2023\/04\/12\/mercado-de-fichajes-20\/\" >\n\t\t\t\tMercado de Fichajes\t\t\t<\/a>\n\t\t<\/h2>\n\t\t\t\t<div class=\"elementor-post__excerpt\">\n\t\t\t<p>Real Betis Baloncesto : Fichaje de Jeremy Pargo (Windy City Bulls). Olympiacos : Renovaci\u00f3n de contrato a Shaquille McKissic para las pr\u00f3ximas dos temporadas. Maccabi<\/p>\n\t\t<\/div>\n\t\t\n\t\t<a class=\"elementor-post__read-more\" href=\"https:\/\/gijonbasket.com\/en\/2023\/04\/12\/mercado-de-fichajes-20\/\" aria-label=\"Read more about Mercado de Fichajes\" tabindex=\"-1\" >\n\t\t\tRead more &#034;\t\t<\/a>\n\n\t\t\t\t<\/div>\n\t\t\t\t<div class=\"elementor-post__meta-data\">\n\t\t\t\t\t<span class=\"elementor-post-date\">\n\t\t\t12 de April de 2023\t\t<\/span>\n\t\t\t\t<\/div>\n\t\t\t\t\t<\/div>\n\t\t<\/article>\n\t\t\t\t<article class=\"elementor-post elementor-grid-item post-779 post type-post status-publish format-standard hentry category-noticias\">\n\t\t\t<div class=\"elementor-post__card\">\n\t\t\t\t<div class=\"elementor-post__text\">\n\t\t\t\t<h2 class=\"elementor-post__title\">\n\t\t\t<a href=\"https:\/\/gijonbasket.com\/en\/2023\/04\/12\/corinto-gijon-basket-busca-president\/\" >\n\t\t\t\tCorinto Gij\u00f3n Basket  busca President@\t\t\t<\/a>\n\t\t<\/h2>\n\t\t\t\t<div class=\"elementor-post__excerpt\">\n\t\t\t<p>El pasado 5 de abril finaliz\u00f3 el plazo para presentar candidaturas a la Presidencia de Corinto Gij\u00f3n Basket. En www.gijonbasket.com adelantamos, el pasado mi\u00e9rcoles, que<\/p>\n\t\t<\/div>\n\t\t\n\t\t<a class=\"elementor-post__read-more\" href=\"https:\/\/gijonbasket.com\/en\/2023\/04\/12\/corinto-gijon-basket-busca-president\/\" aria-label=\"Read more about Corinto Gij\u00f3n Basket  busca President@\" tabindex=\"-1\" >\n\t\t\tRead more &#034;\t\t<\/a>\n\n\t\t\t\t<\/div>\n\t\t\t\t<div class=\"elementor-post__meta-data\">\n\t\t\t\t\t<span class=\"elementor-post-date\">\n\t\t\t12 de April de 2023\t\t<\/span>\n\t\t\t\t<\/div>\n\t\t\t\t\t<\/div>\n\t\t<\/article>\n\t\t\t\t<article class=\"elementor-post elementor-grid-item post-776 post type-post status-publish format-standard hentry category-noticias\">\n\t\t\t<div class=\"elementor-post__card\">\n\t\t\t\t<div class=\"elementor-post__text\">\n\t\t\t\t<h2 class=\"elementor-post__title\">\n\t\t\t<a href=\"https:\/\/gijonbasket.com\/en\/2023\/04\/11\/nba\/\" >\n\t\t\t\tNBA\t\t\t<\/a>\n\t\t<\/h2>\n\t\t\t\t<div class=\"elementor-post__excerpt\">\n\t\t\t<p>Houston Rockets : Destituci\u00f3n de Stephen Silas como t\u00e9cnico del conjunto texano. Portland Trail Blazers : Fichaje de Chance Comanche (Stockton Kings). Los \u00c1ngeles Clippers<\/p>\n\t\t<\/div>\n\t\t\n\t\t<a class=\"elementor-post__read-more\" href=\"https:\/\/gijonbasket.com\/en\/2023\/04\/11\/nba\/\" aria-label=\"Read more about NBA\" tabindex=\"-1\" >\n\t\t\tRead more &#034;\t\t<\/a>\n\n\t\t\t\t<\/div>\n\t\t\t\t<div class=\"elementor-post__meta-data\">\n\t\t\t\t\t<span class=\"elementor-post-date\">\n\t\t\t11 de April de 2023\t\t<\/span>\n\t\t\t\t<\/div>\n\t\t\t\t\t<\/div>\n\t\t<\/article>\n\t\t\t\t<article class=\"elementor-post elementor-grid-item post-774 post type-post status-publish format-standard hentry category-noticias\">\n\t\t\t<div class=\"elementor-post__card\">\n\t\t\t\t<div class=\"elementor-post__text\">\n\t\t\t\t<h2 class=\"elementor-post__title\">\n\t\t\t<a href=\"https:\/\/gijonbasket.com\/en\/2023\/04\/11\/liga-endesa\/\" >\n\t\t\t\tLiga Endesa\t\t\t<\/a>\n\t\t<\/h2>\n\t\t\t\t<div class=\"elementor-post__excerpt\">\n\t\t\t<p>Unicaja : Renovaci\u00f3n de contrato a Melvin Ejim para la pr\u00f3xima temporada. Real Betis Baloncesto : Inter\u00e9s por Jeremy Pargo (Windy City Bulls). Club Joventut<\/p>\n\t\t<\/div>\n\t\t\n\t\t<a class=\"elementor-post__read-more\" href=\"https:\/\/gijonbasket.com\/en\/2023\/04\/11\/liga-endesa\/\" aria-label=\"Read more about Liga Endesa\" tabindex=\"-1\" >\n\t\t\tRead more &#034;\t\t<\/a>\n\n\t\t\t\t<\/div>\n\t\t\t\t<div class=\"elementor-post__meta-data\">\n\t\t\t\t\t<span class=\"elementor-post-date\">\n\t\t\t11 de April de 2023\t\t<\/span>\n\t\t\t\t<\/div>\n\t\t\t\t\t<\/div>\n\t\t<\/article>\n\t\t\t\t<article class=\"elementor-post elementor-grid-item post-772 post type-post status-publish format-standard hentry category-noticias\">\n\t\t\t<div class=\"elementor-post__card\">\n\t\t\t\t<div class=\"elementor-post__text\">\n\t\t\t\t<h2 class=\"elementor-post__title\">\n\t\t\t<a href=\"https:\/\/gijonbasket.com\/en\/2023\/04\/11\/primeros-descensos-a-liga-eba-desde-leb-plata\/\" >\n\t\t\t\tPrimeros descensos a Liga EBA desde LEB Plata\t\t\t<\/a>\n\t\t<\/h2>\n\t\t\t\t<div class=\"elementor-post__excerpt\">\n\t\t\t<p>El final de la temporada regular en LEB Plata ha supuesto los primeros descensos a Liga EBA. 4 descensos directos para Brisasol C.B. Salou, Recambios<\/p>\n\t\t<\/div>\n\t\t\n\t\t<a class=\"elementor-post__read-more\" href=\"https:\/\/gijonbasket.com\/en\/2023\/04\/11\/primeros-descensos-a-liga-eba-desde-leb-plata\/\" aria-label=\"Read more about Primeros descensos a Liga EBA desde LEB Plata\" tabindex=\"-1\" >\n\t\t\tRead more &#034;\t\t<\/a>\n\n\t\t\t\t<\/div>\n\t\t\t\t<div class=\"elementor-post__meta-data\">\n\t\t\t\t\t<span class=\"elementor-post-date\">\n\t\t\t11 de April de 2023\t\t<\/span>\n\t\t\t\t<\/div>\n\t\t\t\t\t<\/div>\n\t\t<\/article>\n\t\t\t\t<article class=\"elementor-post elementor-grid-item post-770 post type-post status-publish format-standard hentry category-noticias\">\n\t\t\t<div class=\"elementor-post__card\">\n\t\t\t\t<div class=\"elementor-post__text\">\n\t\t\t\t<h2 class=\"elementor-post__title\">\n\t\t\t<a href=\"https:\/\/gijonbasket.com\/en\/2023\/04\/10\/mercado-de-fichajes-nba\/\" >\n\t\t\t\tMercado de Fichajes NBA\t\t\t<\/a>\n\t\t<\/h2>\n\t\t\t\t<div class=\"elementor-post__excerpt\">\n\t\t\t<p>Los \u00c1ngeles Lakers : Fichajes de Tristan Thompson (Chicago Bulls) y Shaq Harrison (Portland Trail Blazers). Memphis Grizzlies : Fichaje de Kenneth Lofton Jr. (Memphis<\/p>\n\t\t<\/div>\n\t\t\n\t\t<a class=\"elementor-post__read-more\" href=\"https:\/\/gijonbasket.com\/en\/2023\/04\/10\/mercado-de-fichajes-nba\/\" aria-label=\"Read more about Mercado de Fichajes NBA\" tabindex=\"-1\" >\n\t\t\tRead more &#034;\t\t<\/a>\n\n\t\t\t\t<\/div>\n\t\t\t\t<div class=\"elementor-post__meta-data\">\n\t\t\t\t\t<span class=\"elementor-post-date\">\n\t\t\t10 de April de 2023\t\t<\/span>\n\t\t\t\t<\/div>\n\t\t\t\t\t<\/div>\n\t\t<\/article>\n\t\t\t\t<article class=\"elementor-post elementor-grid-item post-768 post type-post status-publish format-standard hentry category-noticias\">\n\t\t\t<div class=\"elementor-post__card\">\n\t\t\t\t<div class=\"elementor-post__text\">\n\t\t\t\t<h2 class=\"elementor-post__title\">\n\t\t\t<a href=\"https:\/\/gijonbasket.com\/en\/2023\/04\/10\/alimerka-oviedo-baloncesto-cb-almansa-con-afanion-98-88\/\" >\n\t\t\t\tAlimerka Oviedo Baloncesto &#8211; CB Almansa con AFANION (98-88)\t\t\t<\/a>\n\t\t<\/h2>\n\t\t\t\t<div class=\"elementor-post__excerpt\">\n\t\t\t<p>\u00c9pica victoria ayer del Alimerka Oviedo Baloncesto, remontando una m\u00e1xima desventaja de 18 puntos (20-38) en el segundo cuarto, para llevarse el triunfo en la<\/p>\n\t\t<\/div>\n\t\t\n\t\t<a class=\"elementor-post__read-more\" href=\"https:\/\/gijonbasket.com\/en\/2023\/04\/10\/alimerka-oviedo-baloncesto-cb-almansa-con-afanion-98-88\/\" aria-label=\"Read more about Alimerka Oviedo Baloncesto &#8211; CB Almansa con AFANION (98-88)\" tabindex=\"-1\" >\n\t\t\tRead more &#034;\t\t<\/a>\n\n\t\t\t\t<\/div>\n\t\t\t\t<div class=\"elementor-post__meta-data\">\n\t\t\t\t\t<span class=\"elementor-post-date\">\n\t\t\t10 de April de 2023\t\t<\/span>\n\t\t\t\t<\/div>\n\t\t\t\t\t<\/div>\n\t\t<\/article>\n\t\t\t\t<article class=\"elementor-post elementor-grid-item post-766 post type-post status-publish format-standard hentry category-noticias\">\n\t\t\t<div class=\"elementor-post__card\">\n\t\t\t\t<div class=\"elementor-post__text\">\n\t\t\t\t<h2 class=\"elementor-post__title\">\n\t\t\t<a href=\"https:\/\/gijonbasket.com\/en\/2023\/04\/09\/mercado-de-fichajes-19\/\" >\n\t\t\t\tMercado de Fichajes\t\t\t<\/a>\n\t\t<\/h2>\n\t\t\t\t<div class=\"elementor-post__excerpt\">\n\t\t\t<p>Fenerbahce Beko Istanbul : Renovaci\u00f3n de contrato a Nigel Hayes para las pr\u00f3ximas tres temporadas. OKK Sloboda Tuzla : No continuidad de Almir Hasandic, Nikola<\/p>\n\t\t<\/div>\n\t\t\n\t\t<a class=\"elementor-post__read-more\" href=\"https:\/\/gijonbasket.com\/en\/2023\/04\/09\/mercado-de-fichajes-19\/\" aria-label=\"Read more about Mercado de Fichajes\" tabindex=\"-1\" >\n\t\t\tRead more &#034;\t\t<\/a>\n\n\t\t\t\t<\/div>\n\t\t\t\t<div class=\"elementor-post__meta-data\">\n\t\t\t\t\t<span class=\"elementor-post-date\">\n\t\t\t9 de April de 2023\t\t<\/span>\n\t\t\t\t<\/div>\n\t\t\t\t\t<\/div>\n\t\t<\/article>\n\t\t\t\t<article class=\"elementor-post elementor-grid-item post-762 post type-post status-publish format-standard hentry category-noticias\">\n\t\t\t<div class=\"elementor-post__card\">\n\t\t\t\t<div class=\"elementor-post__text\">\n\t\t\t\t<h2 class=\"elementor-post__title\">\n\t\t\t<a href=\"https:\/\/gijonbasket.com\/en\/2023\/04\/08\/wilbekin-y-booker-ko-para-fenerbahce-beko-istanbul\/\" >\n\t\t\t\tWilbekin y Booker KO para Fenerbahce Beko Istanbul\t\t\t<\/a>\n\t\t<\/h2>\n\t\t\t\t<div class=\"elementor-post__excerpt\">\n\t\t\t<p>El Fenerbahce Beko Istanbul afrontar\u00e1 muy mermado la \u00faltima jornada de Euroliga en temporada regular, ante las bajas por lesi\u00f3n de Scottie Wilbekin y Devin<\/p>\n\t\t<\/div>\n\t\t\n\t\t<a class=\"elementor-post__read-more\" href=\"https:\/\/gijonbasket.com\/en\/2023\/04\/08\/wilbekin-y-booker-ko-para-fenerbahce-beko-istanbul\/\" aria-label=\"Read more about Wilbekin y Booker KO para Fenerbahce Beko Istanbul\" tabindex=\"-1\" >\n\t\t\tRead more &#034;\t\t<\/a>\n\n\t\t\t\t<\/div>\n\t\t\t\t<div class=\"elementor-post__meta-data\">\n\t\t\t\t\t<span class=\"elementor-post-date\">\n\t\t\t8 de April de 2023\t\t<\/span>\n\t\t\t\t<\/div>\n\t\t\t\t\t<\/div>\n\t\t<\/article>\n\t\t\t\t<article class=\"elementor-post elementor-grid-item post-760 post type-post status-publish format-standard hentry category-noticias\">\n\t\t\t<div class=\"elementor-post__card\">\n\t\t\t\t<div class=\"elementor-post__text\">\n\t\t\t\t<h2 class=\"elementor-post__title\">\n\t\t\t<a href=\"https:\/\/gijonbasket.com\/en\/2023\/04\/08\/mercado-de-fichajes-18\/\" >\n\t\t\t\tMercado de Fichajes\t\t\t<\/a>\n\t\t<\/h2>\n\t\t\t\t<div class=\"elementor-post__excerpt\">\n\t\t\t<p>Lenovo Tenerife : Fichaje de Dakota Mathias (Memphis Hustle). Brose Bamberg : Fichaje de Devon Thomas (Lahti Basketball). Flamengo : Fichaje de Andr\u00e9s Ibarguen (Club<\/p>\n\t\t<\/div>\n\t\t\n\t\t<a class=\"elementor-post__read-more\" href=\"https:\/\/gijonbasket.com\/en\/2023\/04\/08\/mercado-de-fichajes-18\/\" aria-label=\"Read more about Mercado de Fichajes\" tabindex=\"-1\" >\n\t\t\tRead more &#034;\t\t<\/a>\n\n\t\t\t\t<\/div>\n\t\t\t\t<div class=\"elementor-post__meta-data\">\n\t\t\t\t\t<span class=\"elementor-post-date\">\n\t\t\t8 de April de 2023\t\t<\/span>\n\t\t\t\t<\/div>\n\t\t\t\t\t<\/div>\n\t\t<\/article>\n\t\t\t\t<article class=\"elementor-post elementor-grid-item post-716 post type-post status-publish format-standard hentry category-noticias\">\n\t\t\t<div class=\"elementor-post__card\">\n\t\t\t\t<div class=\"elementor-post__text\">\n\t\t\t\t<h2 class=\"elementor-post__title\">\n\t\t\t<a href=\"https:\/\/gijonbasket.com\/en\/2023\/04\/07\/mercado-de-fichajes-16\/\" >\n\t\t\t\tMercado de Fichajes\t\t\t<\/a>\n\t\t<\/h2>\n\t\t\t\t<div class=\"elementor-post__excerpt\">\n\t\t\t<p>Guangdong Southern Tigers : Fichaje de Shabazz Muhammad (Beirut Club). Fraport Skyliners Frankfurt : Fichaje de Jordan Theodore (BC Samara). Givova Scafati : No continuidad<\/p>\n\t\t<\/div>\n\t\t\n\t\t<a class=\"elementor-post__read-more\" href=\"https:\/\/gijonbasket.com\/en\/2023\/04\/07\/mercado-de-fichajes-16\/\" aria-label=\"Read more about Mercado de Fichajes\" tabindex=\"-1\" >\n\t\t\tRead more &#034;\t\t<\/a>\n\n\t\t\t\t<\/div>\n\t\t\t\t<div class=\"elementor-post__meta-data\">\n\t\t\t\t\t<span class=\"elementor-post-date\">\n\t\t\t7 de April de 2023\t\t<\/span>\n\t\t\t\t<\/div>\n\t\t\t\t\t<\/div>\n\t\t<\/article>\n\t\t\t\t<article class=\"elementor-post elementor-grid-item post-714 post type-post status-publish format-standard hentry category-noticias\">\n\t\t\t<div class=\"elementor-post__card\">\n\t\t\t\t<div class=\"elementor-post__text\">\n\t\t\t\t<h2 class=\"elementor-post__title\">\n\t\t\t<a href=\"https:\/\/gijonbasket.com\/en\/2023\/04\/07\/vincent-poirier-baja-por-apendicitis-aguda\/\" >\n\t\t\t\tVincent Poirier baja por apendicitis aguda\t\t\t<\/a>\n\t\t<\/h2>\n\t\t\t\t<div class=\"elementor-post__excerpt\">\n\t\t\t<p>Real Madrid : Baja de Vincent Poirier al ser intervenido quirurgicamente por una apendicitis aguda.<\/p>\n\t\t<\/div>\n\t\t\n\t\t<a class=\"elementor-post__read-more\" href=\"https:\/\/gijonbasket.com\/en\/2023\/04\/07\/vincent-poirier-baja-por-apendicitis-aguda\/\" aria-label=\"Read more about Vincent Poirier baja por apendicitis aguda\" tabindex=\"-1\" >\n\t\t\tRead more &#034;\t\t<\/a>\n\n\t\t\t\t<\/div>\n\t\t\t\t<div class=\"elementor-post__meta-data\">\n\t\t\t\t\t<span class=\"elementor-post-date\">\n\t\t\t7 de April de 2023\t\t<\/span>\n\t\t\t\t<\/div>\n\t\t\t\t\t<\/div>\n\t\t<\/article>\n\t\t\t\t<article class=\"elementor-post elementor-grid-item post-712 post type-post status-publish format-standard hentry category-noticias\">\n\t\t\t<div class=\"elementor-post__card\">\n\t\t\t\t<div class=\"elementor-post__text\">\n\t\t\t\t<h2 class=\"elementor-post__title\">\n\t\t\t<a href=\"https:\/\/gijonbasket.com\/en\/2023\/04\/06\/uemc-real-valladolid-baloncesto-alimerka-oviedo-baloncesto-89-72\/\" >\n\t\t\t\tUEMC Real Valladolid  Baloncesto &#8211; Alimerka Oviedo Baloncesto (89-72)\t\t\t<\/a>\n\t\t<\/h2>\n\t\t\t\t<div class=\"elementor-post__excerpt\">\n\t\t\t<p>Tercera derrota consecutiva del Alimerka Oviedo Baloncesto, al caer ayer en la pista del UEMC Real Valladolid Baloncesto, que se mantiene invicto como local esta<\/p>\n\t\t<\/div>\n\t\t\n\t\t<a class=\"elementor-post__read-more\" href=\"https:\/\/gijonbasket.com\/en\/2023\/04\/06\/uemc-real-valladolid-baloncesto-alimerka-oviedo-baloncesto-89-72\/\" aria-label=\"Read more about UEMC Real Valladolid  Baloncesto &#8211; Alimerka Oviedo Baloncesto (89-72)\" tabindex=\"-1\" >\n\t\t\tRead more &#034;\t\t<\/a>\n\n\t\t\t\t<\/div>\n\t\t\t\t<div class=\"elementor-post__meta-data\">\n\t\t\t\t\t<span class=\"elementor-post-date\">\n\t\t\t6 de April de 2023\t\t<\/span>\n\t\t\t\t<\/div>\n\t\t\t\t\t<\/div>\n\t\t<\/article>\n\t\t\t\t<article class=\"elementor-post elementor-grid-item post-710 post type-post status-publish format-standard hentry category-noticias\">\n\t\t\t<div class=\"elementor-post__card\">\n\t\t\t\t<div class=\"elementor-post__text\">\n\t\t\t\t<h2 class=\"elementor-post__title\">\n\t\t\t<a href=\"https:\/\/gijonbasket.com\/en\/2023\/04\/06\/mercado-de-fichajes-15\/\" >\n\t\t\t\tMercado de Fichajes\t\t\t<\/a>\n\t\t<\/h2>\n\t\t\t\t<div class=\"elementor-post__excerpt\">\n\t\t\t<p>Cazoo Baskonia : Inter\u00e9s por Jaylen Hands (PAOK Salonica) de cara a la pr\u00f3xima temporada. Virtus Segafredo Bolonia : Inter\u00e9s por Chris Mekowulu (Casademont Zaragoza).<\/p>\n\t\t<\/div>\n\t\t\n\t\t<a class=\"elementor-post__read-more\" href=\"https:\/\/gijonbasket.com\/en\/2023\/04\/06\/mercado-de-fichajes-15\/\" aria-label=\"Read more about Mercado de Fichajes\" tabindex=\"-1\" >\n\t\t\tRead more &#034;\t\t<\/a>\n\n\t\t\t\t<\/div>\n\t\t\t\t<div class=\"elementor-post__meta-data\">\n\t\t\t\t\t<span class=\"elementor-post-date\">\n\t\t\t6 de April de 2023\t\t<\/span>\n\t\t\t\t<\/div>\n\t\t\t\t\t<\/div>\n\t\t<\/article>\n\t\t\t\t<article class=\"elementor-post elementor-grid-item post-708 post type-post status-publish format-standard hentry category-noticias\">\n\t\t\t<div class=\"elementor-post__card\">\n\t\t\t\t<div class=\"elementor-post__text\">\n\t\t\t\t<h2 class=\"elementor-post__title\">\n\t\t\t<a href=\"https:\/\/gijonbasket.com\/en\/2023\/04\/05\/sin-candidatos-a-la-presidencia-de-corinto-gijon-basket\/\" >\n\t\t\t\tSin candidatos a la presidencia de Corinto Gij\u00f3n Basket\t\t\t<\/a>\n\t\t<\/h2>\n\t\t\t\t<div class=\"elementor-post__excerpt\">\n\t\t\t<p>Hoy mi\u00e9rcoles finaliza el plazo de presentaci\u00f3n de candidatos para el proceso electoral en Corinto Gij\u00f3n Basket. Al no concurrir nadie a este primer proceso,<\/p>\n\t\t<\/div>\n\t\t\n\t\t<a class=\"elementor-post__read-more\" href=\"https:\/\/gijonbasket.com\/en\/2023\/04\/05\/sin-candidatos-a-la-presidencia-de-corinto-gijon-basket\/\" aria-label=\"Read more about Sin candidatos a la presidencia de Corinto Gij\u00f3n Basket\" tabindex=\"-1\" >\n\t\t\tRead more &#034;\t\t<\/a>\n\n\t\t\t\t<\/div>\n\t\t\t\t<div class=\"elementor-post__meta-data\">\n\t\t\t\t\t<span class=\"elementor-post-date\">\n\t\t\t5 de April de 2023\t\t<\/span>\n\t\t\t\t<\/div>\n\t\t\t\t\t<\/div>\n\t\t<\/article>\n\t\t\t\t<article class=\"elementor-post elementor-grid-item post-706 post type-post status-publish format-standard hentry category-noticias\">\n\t\t\t<div class=\"elementor-post__card\">\n\t\t\t\t<div class=\"elementor-post__text\">\n\t\t\t\t<h2 class=\"elementor-post__title\">\n\t\t\t<a href=\"https:\/\/gijonbasket.com\/en\/2023\/04\/05\/mercado-de-fichajes-14\/\" >\n\t\t\t\tMercado de Fichajes\t\t\t<\/a>\n\t\t<\/h2>\n\t\t\t\t<div class=\"elementor-post__excerpt\">\n\t\t\t<p>UCAM Murcia : Fichaje de Chris Chiozza (Long Island Nets). GS Iraklis : Fichaje de Seth Allen (Medipolis Science City Jena). Boston Celtics : Fichaje<\/p>\n\t\t<\/div>\n\t\t\n\t\t<a class=\"elementor-post__read-more\" href=\"https:\/\/gijonbasket.com\/en\/2023\/04\/05\/mercado-de-fichajes-14\/\" aria-label=\"Read more about Mercado de Fichajes\" tabindex=\"-1\" >\n\t\t\tRead more &#034;\t\t<\/a>\n\n\t\t\t\t<\/div>\n\t\t\t\t<div class=\"elementor-post__meta-data\">\n\t\t\t\t\t<span class=\"elementor-post-date\">\n\t\t\t5 de April de 2023\t\t<\/span>\n\t\t\t\t<\/div>\n\t\t\t\t\t<\/div>\n\t\t<\/article>\n\t\t\t\t<article class=\"elementor-post elementor-grid-item post-704 post type-post status-publish format-standard hentry category-noticias\">\n\t\t\t<div class=\"elementor-post__card\">\n\t\t\t\t<div class=\"elementor-post__text\">\n\t\t\t\t<h2 class=\"elementor-post__title\">\n\t\t\t<a href=\"https:\/\/gijonbasket.com\/en\/2023\/04\/04\/mercado-de-fichajes-13\/\" >\n\t\t\t\tMercado de Fichajes\t\t\t<\/a>\n\t\t<\/h2>\n\t\t\t\t<div class=\"elementor-post__excerpt\">\n\t\t\t<p>F.C. Barcelona : Reincorporaci\u00f3n de Gael Bonilla (Mexico City Capitanes). Union Poitiers Basket 86 : Fichaje de Armand Mensah (Nanterre 92).<\/p>\n\t\t<\/div>\n\t\t\n\t\t<a class=\"elementor-post__read-more\" href=\"https:\/\/gijonbasket.com\/en\/2023\/04\/04\/mercado-de-fichajes-13\/\" aria-label=\"Read more about Mercado de Fichajes\" tabindex=\"-1\" >\n\t\t\tRead more &#034;\t\t<\/a>\n\n\t\t\t\t<\/div>\n\t\t\t\t<div class=\"elementor-post__meta-data\">\n\t\t\t\t\t<span class=\"elementor-post-date\">\n\t\t\t4 de April de 2023\t\t<\/span>\n\t\t\t\t<\/div>\n\t\t\t\t\t<\/div>\n\t\t<\/article>\n\t\t\t\t<article class=\"elementor-post elementor-grid-item post-702 post type-post status-publish format-standard hentry category-noticias\">\n\t\t\t<div class=\"elementor-post__card\">\n\t\t\t\t<div class=\"elementor-post__text\">\n\t\t\t\t<h2 class=\"elementor-post__title\">\n\t\t\t<a href=\"https:\/\/gijonbasket.com\/en\/2023\/04\/04\/valencia-basket\/\" >\n\t\t\t\tValencia Basket\t\t\t<\/a>\n\t\t<\/h2>\n\t\t\t\t<div class=\"elementor-post__excerpt\">\n\t\t\t<p>Lesi\u00f3n de Bojan Dubljevic al sufrir un esguince en su rodilla derecha.<\/p>\n\t\t<\/div>\n\t\t\n\t\t<a class=\"elementor-post__read-more\" href=\"https:\/\/gijonbasket.com\/en\/2023\/04\/04\/valencia-basket\/\" aria-label=\"Read more about Valencia Basket\" tabindex=\"-1\" >\n\t\t\tRead more &#034;\t\t<\/a>\n\n\t\t\t\t<\/div>\n\t\t\t\t<div class=\"elementor-post__meta-data\">\n\t\t\t\t\t<span class=\"elementor-post-date\">\n\t\t\t4 de April de 2023\t\t<\/span>\n\t\t\t\t<\/div>\n\t\t\t\t\t<\/div>\n\t\t<\/article>\n\t\t\t\t<article class=\"elementor-post elementor-grid-item post-700 post type-post status-publish format-standard hentry category-noticias\">\n\t\t\t<div class=\"elementor-post__card\">\n\t\t\t\t<div class=\"elementor-post__text\">\n\t\t\t\t<h2 class=\"elementor-post__title\">\n\t\t\t<a href=\"https:\/\/gijonbasket.com\/en\/2023\/04\/04\/destitucion-de-javi-rodriguez-en-el-movistar-estudiantes\/\" >\n\t\t\t\tDestituci\u00f3n de Javi Rodr\u00edguez en el Movistar Estudiantes\t\t\t<\/a>\n\t\t<\/h2>\n\t\t\t\t<div class=\"elementor-post__excerpt\">\n\t\t\t<p>El Movistar Estudiantes destituy\u00f3 a Javi Rodr\u00edguez como t\u00e9cnico del conjunto colegial. La din\u00e1mica de resultados, 1 victoria en los \u00faltimos 5 partidos, la abultada<\/p>\n\t\t<\/div>\n\t\t\n\t\t<a class=\"elementor-post__read-more\" href=\"https:\/\/gijonbasket.com\/en\/2023\/04\/04\/destitucion-de-javi-rodriguez-en-el-movistar-estudiantes\/\" aria-label=\"Read more about Destituci\u00f3n de Javi Rodr\u00edguez en el Movistar Estudiantes\" tabindex=\"-1\" >\n\t\t\tRead more &#034;\t\t<\/a>\n\n\t\t\t\t<\/div>\n\t\t\t\t<div class=\"elementor-post__meta-data\">\n\t\t\t\t\t<span class=\"elementor-post-date\">\n\t\t\t4 de April de 2023\t\t<\/span>\n\t\t\t\t<\/div>\n\t\t\t\t\t<\/div>\n\t\t<\/article>\n\t\t\t\t<article class=\"elementor-post elementor-grid-item post-696 post type-post status-publish format-standard hentry category-noticias\">\n\t\t\t<div class=\"elementor-post__card\">\n\t\t\t\t<div class=\"elementor-post__text\">\n\t\t\t\t<h2 class=\"elementor-post__title\">\n\t\t\t<a href=\"https:\/\/gijonbasket.com\/en\/2023\/04\/03\/mercado-de-fichajes-12\/\" >\n\t\t\t\tMercado de Fichajes\t\t\t<\/a>\n\t\t<\/h2>\n\t\t\t\t<div class=\"elementor-post__excerpt\">\n\t\t\t<p>Umana Reyer Venezia : Fichaje de Adam Mokoka (Oklahoma City Blue). Hapoel B Cure Lazxr Haifa : Fichaje de Christian Vital (Salt Lake City Stars).<\/p>\n\t\t<\/div>\n\t\t\n\t\t<a class=\"elementor-post__read-more\" href=\"https:\/\/gijonbasket.com\/en\/2023\/04\/03\/mercado-de-fichajes-12\/\" aria-label=\"Read more about Mercado de Fichajes\" tabindex=\"-1\" >\n\t\t\tRead more &#034;\t\t<\/a>\n\n\t\t\t\t<\/div>\n\t\t\t\t<div class=\"elementor-post__meta-data\">\n\t\t\t\t\t<span class=\"elementor-post-date\">\n\t\t\t3 de April de 2023\t\t<\/span>\n\t\t\t\t<\/div>\n\t\t\t\t\t<\/div>\n\t\t<\/article>\n\t\t\t\t<article class=\"elementor-post elementor-grid-item post-694 post type-post status-publish format-standard hentry category-noticias\">\n\t\t\t<div class=\"elementor-post__card\">\n\t\t\t\t<div class=\"elementor-post__text\">\n\t\t\t\t<h2 class=\"elementor-post__title\">\n\t\t\t<a href=\"https:\/\/gijonbasket.com\/en\/2023\/04\/03\/real-grupo-de-cultura-covadonga-circulo-gijon-baloncesto-54-86\/\" >\n\t\t\t\tReal Grupo de Cultura Covadonga &#8211; C\u00edrculo Gij\u00f3n Baloncesto (54-86)\t\t\t<\/a>\n\t\t<\/h2>\n\t\t\t\t<div class=\"elementor-post__excerpt\">\n\t\t\t<p>Victoria del C\u00edrculo Gij\u00f3n Baloncesto ante el Real Grupo de Cultura Covadonga para cumplir con los pron\u00f3sticos por la tremendad desigualdad existente entre los dos<\/p>\n\t\t<\/div>\n\t\t\n\t\t<a class=\"elementor-post__read-more\" href=\"https:\/\/gijonbasket.com\/en\/2023\/04\/03\/real-grupo-de-cultura-covadonga-circulo-gijon-baloncesto-54-86\/\" aria-label=\"Read more about Real Grupo de Cultura Covadonga &#8211; C\u00edrculo Gij\u00f3n Baloncesto (54-86)\" tabindex=\"-1\" >\n\t\t\tRead more &#034;\t\t<\/a>\n\n\t\t\t\t<\/div>\n\t\t\t\t<div class=\"elementor-post__meta-data\">\n\t\t\t\t\t<span class=\"elementor-post-date\">\n\t\t\t3 de April de 2023\t\t<\/span>\n\t\t\t\t<\/div>\n\t\t\t\t\t<\/div>\n\t\t<\/article>\n\t\t\t\t<article class=\"elementor-post elementor-grid-item post-691 post type-post status-publish format-standard hentry category-noticias\">\n\t\t\t<div class=\"elementor-post__card\">\n\t\t\t\t<div class=\"elementor-post__text\">\n\t\t\t\t<h2 class=\"elementor-post__title\">\n\t\t\t<a href=\"https:\/\/gijonbasket.com\/en\/2023\/04\/02\/corinto-gijon-basket-santo-domingo-betanzos-72-69\/\" >\n\t\t\t\tCorinto Gij\u00f3n Basket &#8211; Santo Domingo Betanzos (72-69)\t\t\t<\/a>\n\t\t<\/h2>\n\t\t\t\t<div class=\"elementor-post__excerpt\">\n\t\t\t<p>Segunda victoria consecutiva de Corinto Gij\u00f3n Basket, con la permanencia asegurada, mientras que Santo Domingo Betanzos con su derrota, certific\u00f3 la p\u00e9rdida de categoria a<\/p>\n\t\t<\/div>\n\t\t\n\t\t<a class=\"elementor-post__read-more\" href=\"https:\/\/gijonbasket.com\/en\/2023\/04\/02\/corinto-gijon-basket-santo-domingo-betanzos-72-69\/\" aria-label=\"Read more about Corinto Gij\u00f3n Basket &#8211; Santo Domingo Betanzos (72-69)\" tabindex=\"-1\" >\n\t\t\tRead more &#034;\t\t<\/a>\n\n\t\t\t\t<\/div>\n\t\t\t\t<div class=\"elementor-post__meta-data\">\n\t\t\t\t\t<span class=\"elementor-post-date\">\n\t\t\t2 de April de 2023\t\t<\/span>\n\t\t\t\t<\/div>\n\t\t\t\t\t<\/div>\n\t\t<\/article>\n\t\t\t\t<article class=\"elementor-post elementor-grid-item post-689 post type-post status-publish format-standard hentry category-noticias\">\n\t\t\t<div class=\"elementor-post__card\">\n\t\t\t\t<div class=\"elementor-post__text\">\n\t\t\t\t<h2 class=\"elementor-post__title\">\n\t\t\t<a href=\"https:\/\/gijonbasket.com\/en\/2023\/04\/02\/alimerka-oviedo-baloncesto-melilla-sport-capital-69-78\/\" >\n\t\t\t\tAlimerka Oviedo Baloncesto &#8211; Melilla Sport Capital (69-78)\t\t\t<\/a>\n\t\t<\/h2>\n\t\t\t\t<div class=\"elementor-post__excerpt\">\n\t\t\t<p>Patinazo del Alimerka Oviedo Baloncesto ante el Melilla Sport Capital. P\u00e9rdida de una batalla en la lucha por la permanencia para el Alimerka Oviedo Baloncesto.<\/p>\n\t\t<\/div>\n\t\t\n\t\t<a class=\"elementor-post__read-more\" href=\"https:\/\/gijonbasket.com\/en\/2023\/04\/02\/alimerka-oviedo-baloncesto-melilla-sport-capital-69-78\/\" aria-label=\"Read more about Alimerka Oviedo Baloncesto &#8211; Melilla Sport Capital (69-78)\" tabindex=\"-1\" >\n\t\t\tRead more &#034;\t\t<\/a>\n\n\t\t\t\t<\/div>\n\t\t\t\t<div class=\"elementor-post__meta-data\">\n\t\t\t\t\t<span class=\"elementor-post-date\">\n\t\t\t2 de April de 2023\t\t<\/span>\n\t\t\t\t<\/div>\n\t\t\t\t\t<\/div>\n\t\t<\/article>\n\t\t\t\t<article class=\"elementor-post elementor-grid-item post-687 post type-post status-publish format-standard hentry category-noticias\">\n\t\t\t<div class=\"elementor-post__card\">\n\t\t\t\t<div class=\"elementor-post__text\">\n\t\t\t\t<h2 class=\"elementor-post__title\">\n\t\t\t<a href=\"https:\/\/gijonbasket.com\/en\/2023\/04\/01\/actualidad-nba-2\/\" >\n\t\t\t\tActualidad NBA\t\t\t<\/a>\n\t\t<\/h2>\n\t\t\t\t<div class=\"elementor-post__excerpt\">\n\t\t\t<p>Minnesota Timberwolves : Baja indefinida de Naz Reid por una fractura en su mu\u00f1eca izquierda. Portland Trail Blazers : Fichaje de Shaquille Harrison (South Bay<\/p>\n\t\t<\/div>\n\t\t\n\t\t<a class=\"elementor-post__read-more\" href=\"https:\/\/gijonbasket.com\/en\/2023\/04\/01\/actualidad-nba-2\/\" aria-label=\"Read more about Actualidad NBA\" tabindex=\"-1\" >\n\t\t\tRead more &#034;\t\t<\/a>\n\n\t\t\t\t<\/div>\n\t\t\t\t<div class=\"elementor-post__meta-data\">\n\t\t\t\t\t<span class=\"elementor-post-date\">\n\t\t\t1 de April de 2023\t\t<\/span>\n\t\t\t\t<\/div>\n\t\t\t\t\t<\/div>\n\t\t<\/article>\n\t\t\t\t<article class=\"elementor-post elementor-grid-item post-685 post type-post status-publish format-standard hentry category-noticias\">\n\t\t\t<div class=\"elementor-post__card\">\n\t\t\t\t<div class=\"elementor-post__text\">\n\t\t\t\t<h2 class=\"elementor-post__title\">\n\t\t\t<a href=\"https:\/\/gijonbasket.com\/en\/2023\/04\/01\/actualidad-leb-oro\/\" >\n\t\t\t\tActualidad LEB Oro\t\t\t<\/a>\n\t\t<\/h2>\n\t\t\t\t<div class=\"elementor-post__excerpt\">\n\t\t\t<p>CB Almansa con AFANION : Fichaje de Tadas Kararinas (Palangos Kursiai). Grupo Alega Cantabria CBT : Renovaci\u00f3n de contrato a David Mangas como t\u00e9cnico del<\/p>\n\t\t<\/div>\n\t\t\n\t\t<a class=\"elementor-post__read-more\" href=\"https:\/\/gijonbasket.com\/en\/2023\/04\/01\/actualidad-leb-oro\/\" aria-label=\"Read more about Actualidad LEB Oro\" tabindex=\"-1\" >\n\t\t\tRead more &#034;\t\t<\/a>\n\n\t\t\t\t<\/div>\n\t\t\t\t<div class=\"elementor-post__meta-data\">\n\t\t\t\t\t<span class=\"elementor-post-date\">\n\t\t\t1 de April de 2023\t\t<\/span>\n\t\t\t\t<\/div>\n\t\t\t\t\t<\/div>\n\t\t<\/article>\n\t\t\t\t<article class=\"elementor-post elementor-grid-item post-683 post type-post status-publish format-standard hentry category-noticias\">\n\t\t\t<div class=\"elementor-post__card\">\n\t\t\t\t<div class=\"elementor-post__text\">\n\t\t\t\t<h2 class=\"elementor-post__title\">\n\t\t\t<a href=\"https:\/\/gijonbasket.com\/en\/2023\/03\/31\/mercado-de-fichajes-11\/\" >\n\t\t\t\tMercado de Fichajes\t\t\t<\/a>\n\t\t<\/h2>\n\t\t\t\t<div class=\"elementor-post__excerpt\">\n\t\t\t<p>Hapoel SP Tel-Aviv : Fichaje de James Feldeine (Titanes del Licey). Al-Muharraq : Fichaje de Dewayne Jackson (Al Wehda Mecca). Rockingham Flames : Fichaje de<\/p>\n\t\t<\/div>\n\t\t\n\t\t<a class=\"elementor-post__read-more\" href=\"https:\/\/gijonbasket.com\/en\/2023\/03\/31\/mercado-de-fichajes-11\/\" aria-label=\"Read more about Mercado de Fichajes\" tabindex=\"-1\" >\n\t\t\tRead more &#034;\t\t<\/a>\n\n\t\t\t\t<\/div>\n\t\t\t\t<div class=\"elementor-post__meta-data\">\n\t\t\t\t\t<span class=\"elementor-post-date\">\n\t\t\t31 de March de 2023\t\t<\/span>\n\t\t\t\t<\/div>\n\t\t\t\t\t<\/div>\n\t\t<\/article>\n\t\t\t\t<article class=\"elementor-post elementor-grid-item post-681 post type-post status-publish format-standard hentry category-noticias\">\n\t\t\t<div class=\"elementor-post__card\">\n\t\t\t\t<div class=\"elementor-post__text\">\n\t\t\t\t<h2 class=\"elementor-post__title\">\n\t\t\t<a href=\"https:\/\/gijonbasket.com\/en\/2023\/03\/31\/actualidad-nba\/\" >\n\t\t\t\tActualidad NBA\t\t\t<\/a>\n\t\t<\/h2>\n\t\t\t\t<div class=\"elementor-post__excerpt\">\n\t\t\t<p>New York Knicks : Baja de Julius Randle por un esguince en su tobillo izquierdo. Portland Trail Blazers : Baja de Justise Winslow por una<\/p>\n\t\t<\/div>\n\t\t\n\t\t<a class=\"elementor-post__read-more\" href=\"https:\/\/gijonbasket.com\/en\/2023\/03\/31\/actualidad-nba\/\" aria-label=\"Read more about Actualidad NBA\" tabindex=\"-1\" >\n\t\t\tRead more &#034;\t\t<\/a>\n\n\t\t\t\t<\/div>\n\t\t\t\t<div class=\"elementor-post__meta-data\">\n\t\t\t\t\t<span class=\"elementor-post-date\">\n\t\t\t31 de March de 2023\t\t<\/span>\n\t\t\t\t<\/div>\n\t\t\t\t\t<\/div>\n\t\t<\/article>\n\t\t\t\t<article class=\"elementor-post elementor-grid-item post-679 post type-post status-publish format-standard hentry category-noticias\">\n\t\t\t<div class=\"elementor-post__card\">\n\t\t\t\t<div class=\"elementor-post__text\">\n\t\t\t\t<h2 class=\"elementor-post__title\">\n\t\t\t<a href=\"https:\/\/gijonbasket.com\/en\/2023\/03\/31\/danny-agbelese-adios-a-movistar-estudiantes\/\" >\n\t\t\t\tDanny Agbelese adi\u00f3s a Movistar Estudiantes\t\t\t<\/a>\n\t\t<\/h2>\n\t\t\t\t<div class=\"elementor-post__excerpt\">\n\t\t\t<p>Movistar Estudiantes : No continuidad de Danny Agbelese. Hoy se cierra el mercado de fichajes en LEB Oro.<\/p>\n\t\t<\/div>\n\t\t\n\t\t<a class=\"elementor-post__read-more\" href=\"https:\/\/gijonbasket.com\/en\/2023\/03\/31\/danny-agbelese-adios-a-movistar-estudiantes\/\" aria-label=\"Read more about Danny Agbelese adi\u00f3s a Movistar Estudiantes\" tabindex=\"-1\" >\n\t\t\tRead more &#034;\t\t<\/a>\n\n\t\t\t\t<\/div>\n\t\t\t\t<div class=\"elementor-post__meta-data\">\n\t\t\t\t\t<span class=\"elementor-post-date\">\n\t\t\t31 de March de 2023\t\t<\/span>\n\t\t\t\t<\/div>\n\t\t\t\t\t<\/div>\n\t\t<\/article>\n\t\t\t\t<article class=\"elementor-post elementor-grid-item post-677 post type-post status-publish format-standard hentry category-noticias\">\n\t\t\t<div class=\"elementor-post__card\">\n\t\t\t\t<div class=\"elementor-post__text\">\n\t\t\t\t<h2 class=\"elementor-post__title\">\n\t\t\t<a href=\"https:\/\/gijonbasket.com\/en\/2023\/03\/31\/actualidad-liga-endesa\/\" >\n\t\t\t\tActualidad Liga Endesa\t\t\t<\/a>\n\t\t<\/h2>\n\t\t\t\t<div class=\"elementor-post__excerpt\">\n\t\t\t<p>Carplus Fuenlabrada : Baja de Rodijs Macoha al sufrir la fractura del quinto metatarsiano de su pie derecho poniendo punto final a la temporada. B\u00e1squet<\/p>\n\t\t<\/div>\n\t\t\n\t\t<a class=\"elementor-post__read-more\" href=\"https:\/\/gijonbasket.com\/en\/2023\/03\/31\/actualidad-liga-endesa\/\" aria-label=\"Read more about Actualidad Liga Endesa\" tabindex=\"-1\" >\n\t\t\tRead more &#034;\t\t<\/a>\n\n\t\t\t\t<\/div>\n\t\t\t\t<div class=\"elementor-post__meta-data\">\n\t\t\t\t\t<span class=\"elementor-post-date\">\n\t\t\t31 de March de 2023\t\t<\/span>\n\t\t\t\t<\/div>\n\t\t\t\t\t<\/div>\n\t\t<\/article>\n\t\t\t\t<article class=\"elementor-post elementor-grid-item post-675 post type-post status-publish format-standard hentry category-noticias\">\n\t\t\t<div class=\"elementor-post__card\">\n\t\t\t\t<div class=\"elementor-post__text\">\n\t\t\t\t<h2 class=\"elementor-post__title\">\n\t\t\t<a href=\"https:\/\/gijonbasket.com\/en\/2023\/03\/30\/real-grupo-de-cultura-covadonga-ultima-hora\/\" >\n\t\t\t\tReal Grupo de Cultura Covadonga. \u00daltima Hora.\t\t\t<\/a>\n\t\t<\/h2>\n\t\t\t\t<div class=\"elementor-post__excerpt\">\n\t\t\t<p>El Real Grupo de Cultura Covadonga recupera a Pablo Santiago de cara al encuentro de este domingo ante el C\u00edrculo Gij\u00f3n Baloncesto (18:00). El conjunto<\/p>\n\t\t<\/div>\n\t\t\n\t\t<a class=\"elementor-post__read-more\" href=\"https:\/\/gijonbasket.com\/en\/2023\/03\/30\/real-grupo-de-cultura-covadonga-ultima-hora\/\" aria-label=\"Read more about Real Grupo de Cultura Covadonga. \u00daltima Hora.\" tabindex=\"-1\" >\n\t\t\tRead more &#034;\t\t<\/a>\n\n\t\t\t\t<\/div>\n\t\t\t\t<div class=\"elementor-post__meta-data\">\n\t\t\t\t\t<span class=\"elementor-post-date\">\n\t\t\t30 de March de 2023\t\t<\/span>\n\t\t\t\t<\/div>\n\t\t\t\t\t<\/div>\n\t\t<\/article>\n\t\t\t\t<article class=\"elementor-post elementor-grid-item post-673 post type-post status-publish format-standard hentry category-noticias\">\n\t\t\t<div class=\"elementor-post__card\">\n\t\t\t\t<div class=\"elementor-post__text\">\n\t\t\t\t<h2 class=\"elementor-post__title\">\n\t\t\t<a href=\"https:\/\/gijonbasket.com\/en\/2023\/03\/30\/mercado-de-fichajes-10\/\" >\n\t\t\t\tMercado de Fichajes\t\t\t<\/a>\n\t\t<\/h2>\n\t\t\t\t<div class=\"elementor-post__excerpt\">\n\t\t\t<p>Olimpia Kings : Fichajes de Nestor L\u00f3pez (Parque Sur de Concepci\u00f3n del Uruguay) y Luis Ljubetich (Libertad Asunci\u00f3n). Al-Ahli Manama : Fichaje de Dakari Johnson<\/p>\n\t\t<\/div>\n\t\t\n\t\t<a class=\"elementor-post__read-more\" href=\"https:\/\/gijonbasket.com\/en\/2023\/03\/30\/mercado-de-fichajes-10\/\" aria-label=\"Read more about Mercado de Fichajes\" tabindex=\"-1\" >\n\t\t\tRead more &#034;\t\t<\/a>\n\n\t\t\t\t<\/div>\n\t\t\t\t<div class=\"elementor-post__meta-data\">\n\t\t\t\t\t<span class=\"elementor-post-date\">\n\t\t\t30 de March de 2023\t\t<\/span>\n\t\t\t\t<\/div>\n\t\t\t\t\t<\/div>\n\t\t<\/article>\n\t\t\t\t<article class=\"elementor-post elementor-grid-item post-671 post type-post status-publish format-standard hentry category-noticias\">\n\t\t\t<div class=\"elementor-post__card\">\n\t\t\t\t<div class=\"elementor-post__text\">\n\t\t\t\t<h2 class=\"elementor-post__title\">\n\t\t\t<a href=\"https:\/\/gijonbasket.com\/en\/2023\/03\/29\/mercado-de-fichajes-9\/\" >\n\t\t\t\tMercado de Fichajes\t\t\t<\/a>\n\t\t<\/h2>\n\t\t\t\t<div class=\"elementor-post__excerpt\">\n\t\t\t<p>Utah Jazz : Fichaje de Luka Samanic (Maine Celtics). Vevey Riviera Basket : Fichaje de Jalen Henry (Apoel Nicosia). Rouen Metropole Basket : Fichaje de<\/p>\n\t\t<\/div>\n\t\t\n\t\t<a class=\"elementor-post__read-more\" href=\"https:\/\/gijonbasket.com\/en\/2023\/03\/29\/mercado-de-fichajes-9\/\" aria-label=\"Read more about Mercado de Fichajes\" tabindex=\"-1\" >\n\t\t\tRead more &#034;\t\t<\/a>\n\n\t\t\t\t<\/div>\n\t\t\t\t<div class=\"elementor-post__meta-data\">\n\t\t\t\t\t<span class=\"elementor-post-date\">\n\t\t\t29 de March de 2023\t\t<\/span>\n\t\t\t\t<\/div>\n\t\t\t\t\t<\/div>\n\t\t<\/article>\n\t\t\t\t<article class=\"elementor-post elementor-grid-item post-669 post type-post status-publish format-standard hentry category-noticias\">\n\t\t\t<div class=\"elementor-post__card\">\n\t\t\t\t<div class=\"elementor-post__text\">\n\t\t\t\t<h2 class=\"elementor-post__title\">\n\t\t\t<a href=\"https:\/\/gijonbasket.com\/en\/2023\/03\/29\/durand-scott-listo-para-debutar-con-el-alimerka-oviedo-baloncesto\/\" >\n\t\t\t\tDurand Scott listo para debutar con el Alimerka Oviedo Baloncesto\t\t\t<\/a>\n\t\t<\/h2>\n\t\t\t\t<div class=\"elementor-post__excerpt\">\n\t\t\t<p>El escolta estadounidense con nacionalidad jamaicana de 33 a\u00f1os y 1.96 m., supera el periodo de prueba, tras tener cl\u00e1usula de corte durante las dos<\/p>\n\t\t<\/div>\n\t\t\n\t\t<a class=\"elementor-post__read-more\" href=\"https:\/\/gijonbasket.com\/en\/2023\/03\/29\/durand-scott-listo-para-debutar-con-el-alimerka-oviedo-baloncesto\/\" aria-label=\"Read more about Durand Scott listo para debutar con el Alimerka Oviedo Baloncesto\" tabindex=\"-1\" >\n\t\t\tRead more &#034;\t\t<\/a>\n\n\t\t\t\t<\/div>\n\t\t\t\t<div class=\"elementor-post__meta-data\">\n\t\t\t\t\t<span class=\"elementor-post-date\">\n\t\t\t29 de March de 2023\t\t<\/span>\n\t\t\t\t<\/div>\n\t\t\t\t\t<\/div>\n\t\t<\/article>\n\t\t\t\t<article class=\"elementor-post elementor-grid-item post-667 post type-post status-publish format-standard hentry category-noticias\">\n\t\t\t<div class=\"elementor-post__card\">\n\t\t\t\t<div class=\"elementor-post__text\">\n\t\t\t\t<h2 class=\"elementor-post__title\">\n\t\t\t<a href=\"https:\/\/gijonbasket.com\/en\/2023\/03\/28\/ibon-navarro-renovacion-como-tecnico-de-unicaja\/\" >\n\t\t\t\tIbon Navarro renovaci\u00f3n como t\u00e9cnico de Unicaja\t\t\t<\/a>\n\t\t<\/h2>\n\t\t\t\t<div class=\"elementor-post__excerpt\">\n\t\t\t<p>Unicaja : Renovaci\u00f3n de Ibon Navarro como t\u00e9cnico del conjunto malacitano hasta el final de la temporada 2025\/2026. Ibon Navarro hizo historia esta temporada con<\/p>\n\t\t<\/div>\n\t\t\n\t\t<a class=\"elementor-post__read-more\" href=\"https:\/\/gijonbasket.com\/en\/2023\/03\/28\/ibon-navarro-renovacion-como-tecnico-de-unicaja\/\" aria-label=\"Read more about Ibon Navarro renovaci\u00f3n como t\u00e9cnico de Unicaja\" tabindex=\"-1\" >\n\t\t\tRead more &#034;\t\t<\/a>\n\n\t\t\t\t<\/div>\n\t\t\t\t<div class=\"elementor-post__meta-data\">\n\t\t\t\t\t<span class=\"elementor-post-date\">\n\t\t\t28 de March de 2023\t\t<\/span>\n\t\t\t\t<\/div>\n\t\t\t\t\t<\/div>\n\t\t<\/article>\n\t\t\t\t<article class=\"elementor-post elementor-grid-item post-665 post type-post status-publish format-standard hentry category-noticias\">\n\t\t\t<div class=\"elementor-post__card\">\n\t\t\t\t<div class=\"elementor-post__text\">\n\t\t\t\t<h2 class=\"elementor-post__title\">\n\t\t\t<a href=\"https:\/\/gijonbasket.com\/en\/2023\/03\/28\/andrei-grytsak-fichaje-del-bueno-arenas-albacete-basket\/\" >\n\t\t\t\tAndrei Grytsak fichaje del Bueno Arenas Albacete Basket\t\t\t<\/a>\n\t\t<\/h2>\n\t\t\t\t<div class=\"elementor-post__excerpt\">\n\t\t\t<p>Bueno Arenas Albacete Basket : Fichaje de Andrei Grytsak (Budivelnyk Kiev).<\/p>\n\t\t<\/div>\n\t\t\n\t\t<a class=\"elementor-post__read-more\" href=\"https:\/\/gijonbasket.com\/en\/2023\/03\/28\/andrei-grytsak-fichaje-del-bueno-arenas-albacete-basket\/\" aria-label=\"Read more about Andrei Grytsak fichaje del Bueno Arenas Albacete Basket\" tabindex=\"-1\" >\n\t\t\tRead more &#034;\t\t<\/a>\n\n\t\t\t\t<\/div>\n\t\t\t\t<div class=\"elementor-post__meta-data\">\n\t\t\t\t\t<span class=\"elementor-post-date\">\n\t\t\t28 de March de 2023\t\t<\/span>\n\t\t\t\t<\/div>\n\t\t\t\t\t<\/div>\n\t\t<\/article>\n\t\t\t\t<article class=\"elementor-post elementor-grid-item post-663 post type-post status-publish format-standard hentry category-noticias\">\n\t\t\t<div class=\"elementor-post__card\">\n\t\t\t\t<div class=\"elementor-post__text\">\n\t\t\t\t<h2 class=\"elementor-post__title\">\n\t\t\t<a href=\"https:\/\/gijonbasket.com\/en\/2023\/03\/27\/mercado-de-fichajes-8\/\" >\n\t\t\t\tMercado de Fichajes\t\t\t<\/a>\n\t\t<\/h2>\n\t\t\t\t<div class=\"elementor-post__excerpt\">\n\t\t\t<p>Grasshopper Club Zurich Wildcats : Fichaje de Fredens Deneus (Mineros de Caborca). Cocodrilos de Caracas : Fichaje de New Williams (Pueblo Nuevo). Al Ittihad Manama<\/p>\n\t\t<\/div>\n\t\t\n\t\t<a class=\"elementor-post__read-more\" href=\"https:\/\/gijonbasket.com\/en\/2023\/03\/27\/mercado-de-fichajes-8\/\" aria-label=\"Read more about Mercado de Fichajes\" tabindex=\"-1\" >\n\t\t\tRead more &#034;\t\t<\/a>\n\n\t\t\t\t<\/div>\n\t\t\t\t<div class=\"elementor-post__meta-data\">\n\t\t\t\t\t<span class=\"elementor-post-date\">\n\t\t\t27 de March de 2023\t\t<\/span>\n\t\t\t\t<\/div>\n\t\t\t\t\t<\/div>\n\t\t<\/article>\n\t\t\t\t<article class=\"elementor-post elementor-grid-item post-661 post type-post status-publish format-standard hentry category-noticias\">\n\t\t\t<div class=\"elementor-post__card\">\n\t\t\t\t<div class=\"elementor-post__text\">\n\t\t\t\t<h2 class=\"elementor-post__title\">\n\t\t\t<a href=\"https:\/\/gijonbasket.com\/en\/2023\/03\/27\/lesion-de-kostas-vasileiadis-en-caceres-patrimonio-de-la-humanidad\/\" >\n\t\t\t\tLesi\u00f3n de Kostas Vasileiadis en C\u00e1ceres Patrimonio de la Humanidad\t\t\t<\/a>\n\t\t<\/h2>\n\t\t\t\t<div class=\"elementor-post__excerpt\">\n\t\t\t<p>C\u00e1ceres Patrimonio de la Humanidad : Baja de Kostas Vasileiadis tras sufrir una peque\u00f1a rotura fibrilar en el gemelo.<\/p>\n\t\t<\/div>\n\t\t\n\t\t<a class=\"elementor-post__read-more\" href=\"https:\/\/gijonbasket.com\/en\/2023\/03\/27\/lesion-de-kostas-vasileiadis-en-caceres-patrimonio-de-la-humanidad\/\" aria-label=\"Read more about Lesi\u00f3n de Kostas Vasileiadis en C\u00e1ceres Patrimonio de la Humanidad\" tabindex=\"-1\" >\n\t\t\tRead more &#034;\t\t<\/a>\n\n\t\t\t\t<\/div>\n\t\t\t\t<div class=\"elementor-post__meta-data\">\n\t\t\t\t\t<span class=\"elementor-post-date\">\n\t\t\t27 de March de 2023\t\t<\/span>\n\t\t\t\t<\/div>\n\t\t\t\t\t<\/div>\n\t\t<\/article>\n\t\t\t\t<article class=\"elementor-post elementor-grid-item post-659 post type-post status-publish format-standard hentry category-noticias\">\n\t\t\t<div class=\"elementor-post__card\">\n\t\t\t\t<div class=\"elementor-post__text\">\n\t\t\t\t<h2 class=\"elementor-post__title\">\n\t\t\t<a href=\"https:\/\/gijonbasket.com\/en\/2023\/03\/26\/corinto-gijon-basket-permanencia-matematica-en-liga-eba\/\" >\n\t\t\t\tCorinto Gij\u00f3n Basket permanencia matem\u00e1tica en Liga EBA\t\t\t<\/a>\n\t\t<\/h2>\n\t\t\t\t<div class=\"elementor-post__excerpt\">\n\t\t\t<p>La victoria de Corinto Gij\u00f3n Basket ante PBB Godoy Maceira (78-66), unido a la derrota del Santo Domingo Betanzos ante el C\u00edrculo Gij\u00f3n Baloncesto (77-85),<\/p>\n\t\t<\/div>\n\t\t\n\t\t<a class=\"elementor-post__read-more\" href=\"https:\/\/gijonbasket.com\/en\/2023\/03\/26\/corinto-gijon-basket-permanencia-matematica-en-liga-eba\/\" aria-label=\"Read more about Corinto Gij\u00f3n Basket permanencia matem\u00e1tica en Liga EBA\" tabindex=\"-1\" >\n\t\t\tRead more &#034;\t\t<\/a>\n\n\t\t\t\t<\/div>\n\t\t\t\t<div class=\"elementor-post__meta-data\">\n\t\t\t\t\t<span class=\"elementor-post-date\">\n\t\t\t26 de March de 2023\t\t<\/span>\n\t\t\t\t<\/div>\n\t\t\t\t\t<\/div>\n\t\t<\/article>\n\t\t\t\t<article class=\"elementor-post elementor-grid-item post-656 post type-post status-publish format-standard hentry category-noticias\">\n\t\t\t<div class=\"elementor-post__card\">\n\t\t\t\t<div class=\"elementor-post__text\">\n\t\t\t\t<h2 class=\"elementor-post__title\">\n\t\t\t<a href=\"https:\/\/gijonbasket.com\/en\/2023\/03\/26\/mercado-de-fichajes-7\/\" >\n\t\t\t\tMercado de Fichajes\t\t\t<\/a>\n\t\t<\/h2>\n\t\t\t\t<div class=\"elementor-post__excerpt\">\n\t\t\t<p>Entente Orleans 45 : Fichaje de Vyacheslav Bobrov (Budivelnyk Kiev). Basket Brno : Fichaje de Andrew Smith (Tassi Group Ferrara). Al Ittihad Ahli of Aleppo<\/p>\n\t\t<\/div>\n\t\t\n\t\t<a class=\"elementor-post__read-more\" href=\"https:\/\/gijonbasket.com\/en\/2023\/03\/26\/mercado-de-fichajes-7\/\" aria-label=\"Read more about Mercado de Fichajes\" tabindex=\"-1\" >\n\t\t\tRead more &#034;\t\t<\/a>\n\n\t\t\t\t<\/div>\n\t\t\t\t<div class=\"elementor-post__meta-data\">\n\t\t\t\t\t<span class=\"elementor-post-date\">\n\t\t\t26 de March de 2023\t\t<\/span>\n\t\t\t\t<\/div>\n\t\t\t\t\t<\/div>\n\t\t<\/article>\n\t\t\t\t<article class=\"elementor-post elementor-grid-item post-654 post type-post status-publish format-standard hentry category-noticias\">\n\t\t\t<div class=\"elementor-post__card\">\n\t\t\t\t<div class=\"elementor-post__text\">\n\t\t\t\t<h2 class=\"elementor-post__title\">\n\t\t\t<a href=\"https:\/\/gijonbasket.com\/en\/2023\/03\/26\/nikola-tanaskovic-al-rio-breogan\/\" >\n\t\t\t\tNikola Tanaskovic al R\u00edo Breog\u00e1n\t\t\t<\/a>\n\t\t<\/h2>\n\t\t\t\t<div class=\"elementor-post__excerpt\">\n\t\t\t<p>R\u00edo Breog\u00e1n : Fichaje de Nikola Tanaskovic (BC Igokea mtel Aleksandrovac).<\/p>\n\t\t<\/div>\n\t\t\n\t\t<a class=\"elementor-post__read-more\" href=\"https:\/\/gijonbasket.com\/en\/2023\/03\/26\/nikola-tanaskovic-al-rio-breogan\/\" aria-label=\"Read more about Nikola Tanaskovic al R\u00edo Breog\u00e1n\" tabindex=\"-1\" >\n\t\t\tRead more &#034;\t\t<\/a>\n\n\t\t\t\t<\/div>\n\t\t\t\t<div class=\"elementor-post__meta-data\">\n\t\t\t\t\t<span class=\"elementor-post-date\">\n\t\t\t26 de March de 2023\t\t<\/span>\n\t\t\t\t<\/div>\n\t\t\t\t\t<\/div>\n\t\t<\/article>\n\t\t\t\t<article class=\"elementor-post elementor-grid-item post-650 post type-post status-publish format-standard hentry category-noticias\">\n\t\t\t<div class=\"elementor-post__card\">\n\t\t\t\t<div class=\"elementor-post__text\">\n\t\t\t\t<h2 class=\"elementor-post__title\">\n\t\t\t<a href=\"https:\/\/gijonbasket.com\/en\/2023\/03\/26\/corinto-gijon-basket-pbb-godoy-maceira-78-66\/\" >\n\t\t\t\tCorinto Gij\u00f3n Basket &#8211; PBB Godoy Maceira (78-66)\t\t\t<\/a>\n\t\t<\/h2>\n\t\t\t\t<div class=\"elementor-post__excerpt\">\n\t\t\t<p>Corinto Gij\u00f3n Basket con la permanencia en el bolsillo a falta de tres jornadas para concluir la temporada regular. Con una ventaja de tres victorias<\/p>\n\t\t<\/div>\n\t\t\n\t\t<a class=\"elementor-post__read-more\" href=\"https:\/\/gijonbasket.com\/en\/2023\/03\/26\/corinto-gijon-basket-pbb-godoy-maceira-78-66\/\" aria-label=\"Read more about Corinto Gij\u00f3n Basket &#8211; PBB Godoy Maceira (78-66)\" tabindex=\"-1\" >\n\t\t\tRead more &#034;\t\t<\/a>\n\n\t\t\t\t<\/div>\n\t\t\t\t<div class=\"elementor-post__meta-data\">\n\t\t\t\t\t<span class=\"elementor-post-date\">\n\t\t\t26 de March de 2023\t\t<\/span>\n\t\t\t\t<\/div>\n\t\t\t\t\t<\/div>\n\t\t<\/article>\n\t\t\t\t<article class=\"elementor-post elementor-grid-item post-648 post type-post status-publish format-standard hentry category-noticias\">\n\t\t\t<div class=\"elementor-post__card\">\n\t\t\t\t<div class=\"elementor-post__text\">\n\t\t\t\t<h2 class=\"elementor-post__title\">\n\t\t\t<a href=\"https:\/\/gijonbasket.com\/en\/2023\/03\/25\/scottie-wilbekin-baja-por-lesion\/\" >\n\t\t\t\tScottie Wilbekin baja por lesi\u00f3n\t\t\t<\/a>\n\t\t<\/h2>\n\t\t\t\t<div class=\"elementor-post__excerpt\">\n\t\t\t<p>Fenerbahce Beko Istanbul : Baja de Scottie Wilbekin por una lesi\u00f3n en la rodilla izquierda que le tendr\u00e1 inactivo durante dos semanas.<\/p>\n\t\t<\/div>\n\t\t\n\t\t<a class=\"elementor-post__read-more\" href=\"https:\/\/gijonbasket.com\/en\/2023\/03\/25\/scottie-wilbekin-baja-por-lesion\/\" aria-label=\"Read more about Scottie Wilbekin baja por lesi\u00f3n\" tabindex=\"-1\" >\n\t\t\tRead more &#034;\t\t<\/a>\n\n\t\t\t\t<\/div>\n\t\t\t\t<div class=\"elementor-post__meta-data\">\n\t\t\t\t\t<span class=\"elementor-post-date\">\n\t\t\t25 de March de 2023\t\t<\/span>\n\t\t\t\t<\/div>\n\t\t\t\t\t<\/div>\n\t\t<\/article>\n\t\t\t\t<article class=\"elementor-post elementor-grid-item post-646 post type-post status-publish format-standard hentry category-noticias\">\n\t\t\t<div class=\"elementor-post__card\">\n\t\t\t\t<div class=\"elementor-post__text\">\n\t\t\t\t<h2 class=\"elementor-post__title\">\n\t\t\t<a href=\"https:\/\/gijonbasket.com\/en\/2023\/03\/25\/mercado-de-fichajes-6\/\" >\n\t\t\t\tMercado de Fichajes\t\t\t<\/a>\n\t\t<\/h2>\n\t\t\t\t<div class=\"elementor-post__excerpt\">\n\t\t\t<p>Piratas de Quebradillas : Fichaje de Hassan Whiteside (Utah Jazz). GKK Sibenka Sibenik : Fichaje de Matej Perkovic (KK Vrijednosnice Osijek). Otago Nuggets : Fichaje<\/p>\n\t\t<\/div>\n\t\t\n\t\t<a class=\"elementor-post__read-more\" href=\"https:\/\/gijonbasket.com\/en\/2023\/03\/25\/mercado-de-fichajes-6\/\" aria-label=\"Read more about Mercado de Fichajes\" tabindex=\"-1\" >\n\t\t\tRead more &#034;\t\t<\/a>\n\n\t\t\t\t<\/div>\n\t\t\t\t<div class=\"elementor-post__meta-data\">\n\t\t\t\t\t<span class=\"elementor-post-date\">\n\t\t\t25 de March de 2023\t\t<\/span>\n\t\t\t\t<\/div>\n\t\t\t\t\t<\/div>\n\t\t<\/article>\n\t\t\t\t<article class=\"elementor-post elementor-grid-item post-644 post type-post status-publish format-standard hentry category-noticias\">\n\t\t\t<div class=\"elementor-post__card\">\n\t\t\t\t<div class=\"elementor-post__text\">\n\t\t\t\t<h2 class=\"elementor-post__title\">\n\t\t\t<a href=\"https:\/\/gijonbasket.com\/en\/2023\/03\/25\/leyma-coruna-alimerka-oviedo-baloncesto-87-62\/\" >\n\t\t\t\tLeyma Coru\u00f1a &#8211; Alimerka Oviedo Baloncesto (87-62)\t\t\t<\/a>\n\t\t<\/h2>\n\t\t\t\t<div class=\"elementor-post__excerpt\">\n\t\t\t<p>Novena victoria consecutiva del Leyma Coru\u00f1a superando con claridad al Alimerka Oviedo Baloncesto. El Alimerka Oviedo Baloncesto nunca estuvo por delante en el tanteador y<\/p>\n\t\t<\/div>\n\t\t\n\t\t<a class=\"elementor-post__read-more\" href=\"https:\/\/gijonbasket.com\/en\/2023\/03\/25\/leyma-coruna-alimerka-oviedo-baloncesto-87-62\/\" aria-label=\"Read more about Leyma Coru\u00f1a &#8211; Alimerka Oviedo Baloncesto (87-62)\" tabindex=\"-1\" >\n\t\t\tRead more &#034;\t\t<\/a>\n\n\t\t\t\t<\/div>\n\t\t\t\t<div class=\"elementor-post__meta-data\">\n\t\t\t\t\t<span class=\"elementor-post-date\">\n\t\t\t25 de March de 2023\t\t<\/span>\n\t\t\t\t<\/div>\n\t\t\t\t\t<\/div>\n\t\t<\/article>\n\t\t\t\t<article class=\"elementor-post elementor-grid-item post-642 post type-post status-publish format-standard hentry category-noticias\">\n\t\t\t<div class=\"elementor-post__card\">\n\t\t\t\t<div class=\"elementor-post__text\">\n\t\t\t\t<h2 class=\"elementor-post__title\">\n\t\t\t<a href=\"https:\/\/gijonbasket.com\/en\/2023\/03\/24\/jose-antonio-lopez-alta-en-corinto-gijon-basket\/\" >\n\t\t\t\tJose Antonio L\u00f3pez alta en Corinto Gij\u00f3n Basket\t\t\t<\/a>\n\t\t<\/h2>\n\t\t\t\t<div class=\"elementor-post__excerpt\">\n\t\t\t<p>Corinto Gij\u00f3n Basket recupera a Jos\u00e9 Antonio L\u00f3pez para el encuentro de ma\u00f1ana ante PBB Godoy Maceira. Ayer publicamos en www.gijonbasket.com, el optimismo dentro del<\/p>\n\t\t<\/div>\n\t\t\n\t\t<a class=\"elementor-post__read-more\" href=\"https:\/\/gijonbasket.com\/en\/2023\/03\/24\/jose-antonio-lopez-alta-en-corinto-gijon-basket\/\" aria-label=\"Read more about Jose Antonio L\u00f3pez alta en Corinto Gij\u00f3n Basket\" tabindex=\"-1\" >\n\t\t\tRead more &#034;\t\t<\/a>\n\n\t\t\t\t<\/div>\n\t\t\t\t<div class=\"elementor-post__meta-data\">\n\t\t\t\t\t<span class=\"elementor-post-date\">\n\t\t\t24 de March de 2023\t\t<\/span>\n\t\t\t\t<\/div>\n\t\t\t\t\t<\/div>\n\t\t<\/article>\n\t\t\t\t<article class=\"elementor-post elementor-grid-item post-640 post type-post status-publish format-standard hentry category-noticias\">\n\t\t\t<div class=\"elementor-post__card\">\n\t\t\t\t<div class=\"elementor-post__text\">\n\t\t\t\t<h2 class=\"elementor-post__title\">\n\t\t\t<a href=\"https:\/\/gijonbasket.com\/en\/2023\/03\/24\/mercado-de-fichajes-5\/\" >\n\t\t\t\tMercado de Fichajes\t\t\t<\/a>\n\t\t<\/h2>\n\t\t\t\t<div class=\"elementor-post__excerpt\">\n\t\t\t<p>Trefl Sopot : Fichaje de Strahinja Jovanovic (CSM Steaua Bucarest). KK Bosco Zagreb : Fichajes de Markus Loncar (KK Cedevita Junior) y ShanQuan Hemphiu (BBC<\/p>\n\t\t<\/div>\n\t\t\n\t\t<a class=\"elementor-post__read-more\" href=\"https:\/\/gijonbasket.com\/en\/2023\/03\/24\/mercado-de-fichajes-5\/\" aria-label=\"Read more about Mercado de Fichajes\" tabindex=\"-1\" >\n\t\t\tRead more &#034;\t\t<\/a>\n\n\t\t\t\t<\/div>\n\t\t\t\t<div class=\"elementor-post__meta-data\">\n\t\t\t\t\t<span class=\"elementor-post-date\">\n\t\t\t24 de March de 2023\t\t<\/span>\n\t\t\t\t<\/div>\n\t\t\t\t\t<\/div>\n\t\t<\/article>\n\t\t\t\t<article class=\"elementor-post elementor-grid-item post-638 post type-post status-publish format-standard hentry category-noticias\">\n\t\t\t<div class=\"elementor-post__card\">\n\t\t\t\t<div class=\"elementor-post__text\">\n\t\t\t\t<h2 class=\"elementor-post__title\">\n\t\t\t<a href=\"https:\/\/gijonbasket.com\/en\/2023\/03\/24\/chris-jones-y-tyler-kalinoski-renovaciones-en-valencia-basket-y-unicaja\/\" >\n\t\t\t\tChris Jones y Tyler Kalinoski renovaciones en Valencia Basket y Unicaja\t\t\t<\/a>\n\t\t<\/h2>\n\t\t\t\t<div class=\"elementor-post__excerpt\">\n\t\t\t<p>Chris Jones continuar\u00e1 durante tres temporadas con Valencia Basket mientras que Tyler Kalinoski amplia su vinculaci\u00f3n con Unicaja por dos campa\u00f1as m\u00e1s.<\/p>\n\t\t<\/div>\n\t\t\n\t\t<a class=\"elementor-post__read-more\" href=\"https:\/\/gijonbasket.com\/en\/2023\/03\/24\/chris-jones-y-tyler-kalinoski-renovaciones-en-valencia-basket-y-unicaja\/\" aria-label=\"Read more about Chris Jones y Tyler Kalinoski renovaciones en Valencia Basket y Unicaja\" tabindex=\"-1\" >\n\t\t\tRead more &#034;\t\t<\/a>\n\n\t\t\t\t<\/div>\n\t\t\t\t<div class=\"elementor-post__meta-data\">\n\t\t\t\t\t<span class=\"elementor-post-date\">\n\t\t\t24 de March de 2023\t\t<\/span>\n\t\t\t\t<\/div>\n\t\t\t\t\t<\/div>\n\t\t<\/article>\n\t\t\t\t<article class=\"elementor-post elementor-grid-item post-633 post type-post status-publish format-standard hentry category-noticias\">\n\t\t\t<div class=\"elementor-post__card\">\n\t\t\t\t<div class=\"elementor-post__text\">\n\t\t\t\t<h2 class=\"elementor-post__title\">\n\t\t\t<a href=\"https:\/\/gijonbasket.com\/en\/2023\/03\/23\/optimismo-en-corinto-gijon-basket-por-jose-antonio-lopez\/\" >\n\t\t\t\tOptimismo en Corinto Gij\u00f3n Basket por Jos\u00e9 Antonio L\u00f3pez\t\t\t<\/a>\n\t\t<\/h2>\n\t\t\t\t<div class=\"elementor-post__excerpt\">\n\t\t\t<p>Jos\u00e9 Antonio L\u00f3pez es muy probable, que pueda reaparecer con Corinto Gij\u00f3n Basket, este s\u00e1bado ante PBB Godoy Maceira (20:00). El escolta naviego se perdi\u00f3<\/p>\n\t\t<\/div>\n\t\t\n\t\t<a class=\"elementor-post__read-more\" href=\"https:\/\/gijonbasket.com\/en\/2023\/03\/23\/optimismo-en-corinto-gijon-basket-por-jose-antonio-lopez\/\" aria-label=\"Read more about Optimismo en Corinto Gij\u00f3n Basket por Jos\u00e9 Antonio L\u00f3pez\" tabindex=\"-1\" >\n\t\t\tRead more &#034;\t\t<\/a>\n\n\t\t\t\t<\/div>\n\t\t\t\t<div class=\"elementor-post__meta-data\">\n\t\t\t\t\t<span class=\"elementor-post-date\">\n\t\t\t23 de March de 2023\t\t<\/span>\n\t\t\t\t<\/div>\n\t\t\t\t\t<\/div>\n\t\t<\/article>\n\t\t\t\t<article class=\"elementor-post elementor-grid-item post-629 post type-post status-publish format-standard hentry category-noticias\">\n\t\t\t<div class=\"elementor-post__card\">\n\t\t\t\t<div class=\"elementor-post__text\">\n\t\t\t\t<h2 class=\"elementor-post__title\">\n\t\t\t<a href=\"https:\/\/gijonbasket.com\/en\/2023\/03\/23\/marko-bakovic-al-icg-forca-lleida\/\" >\n\t\t\t\tMarko Bakovic al ICG For\u00e7a Lleida\t\t\t<\/a>\n\t\t<\/h2>\n\t\t\t\t<div class=\"elementor-post__excerpt\">\n\t\t\t<p>Fichaje de Marko Bakovic (KK Cibona VIP Zagreb) para cubrir la baja de Michael Carrera que recientemente recal\u00f3 en Gran Canaria.<\/p>\n\t\t<\/div>\n\t\t\n\t\t<a class=\"elementor-post__read-more\" href=\"https:\/\/gijonbasket.com\/en\/2023\/03\/23\/marko-bakovic-al-icg-forca-lleida\/\" aria-label=\"Read more about Marko Bakovic al ICG For\u00e7a Lleida\" tabindex=\"-1\" >\n\t\t\tRead more &#034;\t\t<\/a>\n\n\t\t\t\t<\/div>\n\t\t\t\t<div class=\"elementor-post__meta-data\">\n\t\t\t\t\t<span class=\"elementor-post-date\">\n\t\t\t23 de March de 2023\t\t<\/span>\n\t\t\t\t<\/div>\n\t\t\t\t\t<\/div>\n\t\t<\/article>\n\t\t\t\t<article class=\"elementor-post elementor-grid-item post-627 post type-post status-publish format-standard hentry category-noticias\">\n\t\t\t<div class=\"elementor-post__card\">\n\t\t\t\t<div class=\"elementor-post__text\">\n\t\t\t\t<h2 class=\"elementor-post__title\">\n\t\t\t<a href=\"https:\/\/gijonbasket.com\/en\/2023\/03\/23\/edu-gatell-y-hla-alicante-una-temporada-mas-juntos\/\" >\n\t\t\t\tEdu Gatell y HLA Alicante una temporada m\u00e1s juntos\t\t\t<\/a>\n\t\t<\/h2>\n\t\t\t\t<div class=\"elementor-post__excerpt\">\n\t\t\t<p>Renovaci\u00f3n de contrato a Edu Gatell en HLA Alicante para la pr\u00f3xima temporada.<\/p>\n\t\t<\/div>\n\t\t\n\t\t<a class=\"elementor-post__read-more\" href=\"https:\/\/gijonbasket.com\/en\/2023\/03\/23\/edu-gatell-y-hla-alicante-una-temporada-mas-juntos\/\" aria-label=\"Read more about Edu Gatell y HLA Alicante una temporada m\u00e1s juntos\" tabindex=\"-1\" >\n\t\t\tRead more &#034;\t\t<\/a>\n\n\t\t\t\t<\/div>\n\t\t\t\t<div class=\"elementor-post__meta-data\">\n\t\t\t\t\t<span class=\"elementor-post-date\">\n\t\t\t23 de March de 2023\t\t<\/span>\n\t\t\t\t<\/div>\n\t\t\t\t\t<\/div>\n\t\t<\/article>\n\t\t\t\t<article class=\"elementor-post elementor-grid-item post-625 post type-post status-publish format-standard hentry category-noticias\">\n\t\t\t<div class=\"elementor-post__card\">\n\t\t\t\t<div class=\"elementor-post__text\">\n\t\t\t\t<h2 class=\"elementor-post__title\">\n\t\t\t<a href=\"https:\/\/gijonbasket.com\/en\/2023\/03\/23\/lesion-de-klemen-prepelic\/\" >\n\t\t\t\tLesi\u00f3n de Klemen Prepelic\t\t\t<\/a>\n\t\t<\/h2>\n\t\t\t\t<div class=\"elementor-post__excerpt\">\n\t\t\t<p>Una rotura muscular en el soleo de su pierna izquierda, tendr\u00e1 al escolta esloveno, inactivo durante 4 semanas.<\/p>\n\t\t<\/div>\n\t\t\n\t\t<a class=\"elementor-post__read-more\" href=\"https:\/\/gijonbasket.com\/en\/2023\/03\/23\/lesion-de-klemen-prepelic\/\" aria-label=\"Read more about Lesi\u00f3n de Klemen Prepelic\" tabindex=\"-1\" >\n\t\t\tRead more &#034;\t\t<\/a>\n\n\t\t\t\t<\/div>\n\t\t\t\t<div class=\"elementor-post__meta-data\">\n\t\t\t\t\t<span class=\"elementor-post-date\">\n\t\t\t23 de March de 2023\t\t<\/span>\n\t\t\t\t<\/div>\n\t\t\t\t\t<\/div>\n\t\t<\/article>\n\t\t\t\t<article class=\"elementor-post elementor-grid-item post-623 post type-post status-publish format-standard hentry category-noticias\">\n\t\t\t<div class=\"elementor-post__card\">\n\t\t\t\t<div class=\"elementor-post__text\">\n\t\t\t\t<h2 class=\"elementor-post__title\">\n\t\t\t<a href=\"https:\/\/gijonbasket.com\/en\/2023\/03\/23\/mercado-de-fichajes-4\/\" >\n\t\t\t\tMercado de Fichajes\t\t\t<\/a>\n\t\t<\/h2>\n\t\t\t\t<div class=\"elementor-post__excerpt\">\n\t\t\t<p>KK Dinamo Zagreb : Fichaje de Romelo Burrell (Omonia Nicosia). Kaohsiung Steelers : Fichaje de Wendell Alexis (Elitzur Ironi Ashkelon). SCM CSU Craiova : Fichaje<\/p>\n\t\t<\/div>\n\t\t\n\t\t<a class=\"elementor-post__read-more\" href=\"https:\/\/gijonbasket.com\/en\/2023\/03\/23\/mercado-de-fichajes-4\/\" aria-label=\"Read more about Mercado de Fichajes\" tabindex=\"-1\" >\n\t\t\tRead more &#034;\t\t<\/a>\n\n\t\t\t\t<\/div>\n\t\t\t\t<div class=\"elementor-post__meta-data\">\n\t\t\t\t\t<span class=\"elementor-post-date\">\n\t\t\t23 de March de 2023\t\t<\/span>\n\t\t\t\t<\/div>\n\t\t\t\t\t<\/div>\n\t\t<\/article>\n\t\t\t\t<article class=\"elementor-post elementor-grid-item post-576 post type-post status-publish format-standard hentry category-noticias\">\n\t\t\t<div class=\"elementor-post__card\">\n\t\t\t\t<div class=\"elementor-post__text\">\n\t\t\t\t<h2 class=\"elementor-post__title\">\n\t\t\t<a href=\"https:\/\/gijonbasket.com\/en\/2023\/03\/22\/mercado-de-fichajes-3\/\" >\n\t\t\t\tMercado de Fichajes\t\t\t<\/a>\n\t\t<\/h2>\n\t\t\t\t<div class=\"elementor-post__excerpt\">\n\t\t\t<p>Boulogne Levallois Matropolitans 92 : Fichaje de Michael Frazier II (Illawarra Hawks). Tezenis Verona : Fichaje de Justin Simon (Sydney Kings). Piratas de la Guaira<\/p>\n\t\t<\/div>\n\t\t\n\t\t<a class=\"elementor-post__read-more\" href=\"https:\/\/gijonbasket.com\/en\/2023\/03\/22\/mercado-de-fichajes-3\/\" aria-label=\"Read more about Mercado de Fichajes\" tabindex=\"-1\" >\n\t\t\tRead more &#034;\t\t<\/a>\n\n\t\t\t\t<\/div>\n\t\t\t\t<div class=\"elementor-post__meta-data\">\n\t\t\t\t\t<span class=\"elementor-post-date\">\n\t\t\t22 de March de 2023\t\t<\/span>\n\t\t\t\t<\/div>\n\t\t\t\t\t<\/div>\n\t\t<\/article>\n\t\t\t\t<article class=\"elementor-post elementor-grid-item post-574 post type-post status-publish format-standard hentry category-noticias\">\n\t\t\t<div class=\"elementor-post__card\">\n\t\t\t\t<div class=\"elementor-post__text\">\n\t\t\t\t<h2 class=\"elementor-post__title\">\n\t\t\t<a href=\"https:\/\/gijonbasket.com\/en\/2023\/03\/22\/adios-a-willis-reed-1942-2023\/\" >\n\t\t\t\tAdi\u00f3s a Willis Reed (1942-2023)\t\t\t<\/a>\n\t\t<\/h2>\n\t\t\t\t<div class=\"elementor-post__excerpt\">\n\t\t\t<p>Willis Reed, leyenda de los New York Knicks, falleci\u00f3 ayer martes a la edad de 80 a\u00f1os. Toda su trayectoria profesional se desarroll\u00f3 en los<\/p>\n\t\t<\/div>\n\t\t\n\t\t<a class=\"elementor-post__read-more\" href=\"https:\/\/gijonbasket.com\/en\/2023\/03\/22\/adios-a-willis-reed-1942-2023\/\" aria-label=\"Read more about Adi\u00f3s a Willis Reed (1942-2023)\" tabindex=\"-1\" >\n\t\t\tRead more &#034;\t\t<\/a>\n\n\t\t\t\t<\/div>\n\t\t\t\t<div class=\"elementor-post__meta-data\">\n\t\t\t\t\t<span class=\"elementor-post-date\">\n\t\t\t22 de March de 2023\t\t<\/span>\n\t\t\t\t<\/div>\n\t\t\t\t\t<\/div>\n\t\t<\/article>\n\t\t\t\t<article class=\"elementor-post elementor-grid-item post-568 post type-post status-publish format-standard hentry category-noticias\">\n\t\t\t<div class=\"elementor-post__card\">\n\t\t\t\t<div class=\"elementor-post__text\">\n\t\t\t\t<h2 class=\"elementor-post__title\">\n\t\t\t<a href=\"https:\/\/gijonbasket.com\/en\/2023\/03\/21\/mercado-de-fichajes-2\/\" >\n\t\t\t\tMercado de Fichajes\t\t\t<\/a>\n\t\t<\/h2>\n\t\t\t\t<div class=\"elementor-post__excerpt\">\n\t\t\t<p>Vaqueros de Bayam\u00f3n : Fichaje de Jamil Wilson (Prienai Labas Gas). Canterbury Rams : Fichaje de Tai Wynyard (Taranaki Airs). ADA Blois Basket 41 :<\/p>\n\t\t<\/div>\n\t\t\n\t\t<a class=\"elementor-post__read-more\" href=\"https:\/\/gijonbasket.com\/en\/2023\/03\/21\/mercado-de-fichajes-2\/\" aria-label=\"Read more about Mercado de Fichajes\" tabindex=\"-1\" >\n\t\t\tRead more &#034;\t\t<\/a>\n\n\t\t\t\t<\/div>\n\t\t\t\t<div class=\"elementor-post__meta-data\">\n\t\t\t\t\t<span class=\"elementor-post-date\">\n\t\t\t21 de March de 2023\t\t<\/span>\n\t\t\t\t<\/div>\n\t\t\t\t\t<\/div>\n\t\t<\/article>\n\t\t\t\t<article class=\"elementor-post elementor-grid-item post-560 post type-post status-publish format-standard hentry category-noticias\">\n\t\t\t<div class=\"elementor-post__card\">\n\t\t\t\t<div class=\"elementor-post__text\">\n\t\t\t\t<h2 class=\"elementor-post__title\">\n\t\t\t<a href=\"https:\/\/gijonbasket.com\/en\/2023\/03\/20\/nuevo-diseno-en-www-gijonbasket-com\/\" >\n\t\t\t\tNuevo dise\u00f1o en www.gijonbasket.com\t\t\t<\/a>\n\t\t<\/h2>\n\t\t\t\t<div class=\"elementor-post__excerpt\">\n\t\t\t<p>El 18 de diciembre de 2002 naci\u00f3 el proyecto de www.gijonbasket.com, para el 17 de septiembre de 2004 salir con nuestra marca propia. Qui\u00e9n nos<\/p>\n\t\t<\/div>\n\t\t\n\t\t<a class=\"elementor-post__read-more\" href=\"https:\/\/gijonbasket.com\/en\/2023\/03\/20\/nuevo-diseno-en-www-gijonbasket-com\/\" aria-label=\"Read more about Nuevo dise\u00f1o en www.gijonbasket.com\" tabindex=\"-1\" >\n\t\t\tRead more &#034;\t\t<\/a>\n\n\t\t\t\t<\/div>\n\t\t\t\t<div class=\"elementor-post__meta-data\">\n\t\t\t\t\t<span class=\"elementor-post-date\">\n\t\t\t20 de March de 2023\t\t<\/span>\n\t\t\t\t<\/div>\n\t\t\t\t\t<\/div>\n\t\t<\/article>\n\t\t\t\t<article class=\"elementor-post elementor-grid-item post-557 post type-post status-publish format-standard hentry category-noticias\">\n\t\t\t<div class=\"elementor-post__card\">\n\t\t\t\t<div class=\"elementor-post__text\">\n\t\t\t\t<h2 class=\"elementor-post__title\">\n\t\t\t<a href=\"https:\/\/gijonbasket.com\/en\/2023\/03\/20\/mercado-de-fichajes\/\" >\n\t\t\t\tMercado de Fichajes\t\t\t<\/a>\n\t\t<\/h2>\n\t\t\t\t<div class=\"elementor-post__excerpt\">\n\t\t\t<p>Melilla Sport Capital : Fichaje de Darko Balaban (Etoile Sportive Rades). Utah Jazz : Fichaje de Jarrell Brantley (New Zealand Breakers). Earthfriends Tokyo Z :<\/p>\n\t\t<\/div>\n\t\t\n\t\t<a class=\"elementor-post__read-more\" href=\"https:\/\/gijonbasket.com\/en\/2023\/03\/20\/mercado-de-fichajes\/\" aria-label=\"Read more about Mercado de Fichajes\" tabindex=\"-1\" >\n\t\t\tRead more &#034;\t\t<\/a>\n\n\t\t\t\t<\/div>\n\t\t\t\t<div class=\"elementor-post__meta-data\">\n\t\t\t\t\t<span class=\"elementor-post-date\">\n\t\t\t20 de March de 2023\t\t<\/span>\n\t\t\t\t<\/div>\n\t\t\t\t\t<\/div>\n\t\t<\/article>\n\t\t\t\t<article class=\"elementor-post elementor-grid-item post-555 post type-post status-publish format-standard hentry category-noticias\">\n\t\t\t<div class=\"elementor-post__card\">\n\t\t\t\t<div class=\"elementor-post__text\">\n\t\t\t\t<h2 class=\"elementor-post__title\">\n\t\t\t<a href=\"https:\/\/gijonbasket.com\/en\/2023\/03\/20\/real-grupo-de-cultura-covadonga-hereda-avila-autentica-el-bulevar-52-82\/\" >\n\t\t\t\tReal Grupo de Cultura Covadonga &#8211; Hereda-\u00c1vila Aut\u00e9ntica-El Bulevar (52-82).\t\t\t<\/a>\n\t\t<\/h2>\n\t\t\t\t<div class=\"elementor-post__excerpt\">\n\t\t\t<p>Quinta victoria consecutiva del Hereda-\u00c1vila Aut\u00e9ntica-El Bulevar consolidando su cuarta plaza en solitario tras la derrota de la Cultural y Deportiva Leonesa ante el Ucoga<\/p>\n\t\t<\/div>\n\t\t\n\t\t<a class=\"elementor-post__read-more\" href=\"https:\/\/gijonbasket.com\/en\/2023\/03\/20\/real-grupo-de-cultura-covadonga-hereda-avila-autentica-el-bulevar-52-82\/\" aria-label=\"Read more about Real Grupo de Cultura Covadonga &#8211; Hereda-\u00c1vila Aut\u00e9ntica-El Bulevar (52-82).\" tabindex=\"-1\" >\n\t\t\tRead more &#034;\t\t<\/a>\n\n\t\t\t\t<\/div>\n\t\t\t\t<div class=\"elementor-post__meta-data\">\n\t\t\t\t\t<span class=\"elementor-post-date\">\n\t\t\t20 de March de 2023\t\t<\/span>\n\t\t\t\t<\/div>\n\t\t\t\t\t<\/div>\n\t\t<\/article>\n\t\t\t\t<article class=\"elementor-post elementor-grid-item post-373 post type-post status-publish format-standard hentry category-noticias\">\n\t\t\t<div class=\"elementor-post__card\">\n\t\t\t\t<div class=\"elementor-post__text\">\n\t\t\t\t<h2 class=\"elementor-post__title\">\n\t\t\t<a href=\"https:\/\/gijonbasket.com\/en\/2023\/03\/19\/alimerka-oviedo-baloncesto-movistar-estudiantes-68-66\/\" >\n\t\t\t\tAlimerka Oviedo Basketball \u2013 Movistar Estudiantes (68-66).\t\t\t<\/a>\n\t\t<\/h2>\n\t\t\t\t<div class=\"elementor-post__excerpt\">\n\t\t\t<p>The Alimerka Oviedo Basketball achieved a historic victory against the Movistar Students to bring them closer to the goal of permanence. Fair and well-deserved victory for the<\/p>\n\t\t<\/div>\n\t\t\n\t\t<a class=\"elementor-post__read-more\" href=\"https:\/\/gijonbasket.com\/en\/2023\/03\/19\/alimerka-oviedo-baloncesto-movistar-estudiantes-68-66\/\" aria-label=\"Read more about Alimerka Oviedo Baloncesto &#8211; Movistar Estudiantes (68-66).\" tabindex=\"-1\" >\n\t\t\tRead more &#034;\t\t<\/a>\n\n\t\t\t\t<\/div>\n\t\t\t\t<div class=\"elementor-post__meta-data\">\n\t\t\t\t\t<span class=\"elementor-post-date\">\n\t\t\t19 March 2023\t\t<\/span>\n\t\t\t\t<\/div>\n\t\t\t\t\t<\/div>\n\t\t<\/article>\n\t\t\t\t<article class=\"elementor-post elementor-grid-item post-375 post type-post status-publish format-standard hentry category-noticias\">\n\t\t\t<div class=\"elementor-post__card\">\n\t\t\t\t<div class=\"elementor-post__text\">\n\t\t\t\t<h2 class=\"elementor-post__title\">\n\t\t\t<a href=\"https:\/\/gijonbasket.com\/en\/2023\/03\/19\/cangrejeros-de-santurce\/\" >\n\t\t\t\tCynomolgus of Santurce\t\t\t<\/a>\n\t\t<\/h2>\n\t\t\t\t<div class=\"elementor-post__excerpt\">\n\t\t\t<p>Signing of Isaiah Palermo (Arkansas Little Rock University).<\/p>\n\t\t<\/div>\n\t\t\n\t\t<a class=\"elementor-post__read-more\" href=\"https:\/\/gijonbasket.com\/en\/2023\/03\/19\/cangrejeros-de-santurce\/\" aria-label=\"Read more about Cangrejeros de Santurce\" tabindex=\"-1\" >\n\t\t\tRead more &#034;\t\t<\/a>\n\n\t\t\t\t<\/div>\n\t\t\t\t<div class=\"elementor-post__meta-data\">\n\t\t\t\t\t<span class=\"elementor-post-date\">\n\t\t\t19 March 2023\t\t<\/span>\n\t\t\t\t<\/div>\n\t\t\t\t\t<\/div>\n\t\t<\/article>\n\t\t\t\t<article class=\"elementor-post elementor-grid-item post-378 post type-post status-publish format-standard hentry category-noticias\">\n\t\t\t<div class=\"elementor-post__card\">\n\t\t\t\t<div class=\"elementor-post__text\">\n\t\t\t\t<h2 class=\"elementor-post__title\">\n\t\t\t<a href=\"https:\/\/gijonbasket.com\/en\/2023\/03\/19\/spartans-de-distrito-capital-caracas\/\" >\n\t\t\t\tSpartans of Capital District Caracas\t\t\t<\/a>\n\t\t<\/h2>\n\t\t\t\t<div class=\"elementor-post__excerpt\">\n\t\t\t<p>Signing of Joe Mvuezolo (Amatha Hangtuah Jakarta).<\/p>\n\t\t<\/div>\n\t\t\n\t\t<a class=\"elementor-post__read-more\" href=\"https:\/\/gijonbasket.com\/en\/2023\/03\/19\/spartans-de-distrito-capital-caracas\/\" aria-label=\"Read more about Spartans de Distrito Capital Caracas\" tabindex=\"-1\" >\n\t\t\tRead more &#034;\t\t<\/a>\n\n\t\t\t\t<\/div>\n\t\t\t\t<div class=\"elementor-post__meta-data\">\n\t\t\t\t\t<span class=\"elementor-post-date\">\n\t\t\t19 March 2023\t\t<\/span>\n\t\t\t\t<\/div>\n\t\t\t\t\t<\/div>\n\t\t<\/article>\n\t\t\t\t<article class=\"elementor-post elementor-grid-item post-380 post type-post status-publish format-standard hentry category-noticias\">\n\t\t\t<div class=\"elementor-post__card\">\n\t\t\t\t<div class=\"elementor-post__text\">\n\t\t\t\t<h2 class=\"elementor-post__title\">\n\t\t\t<a href=\"https:\/\/gijonbasket.com\/en\/2023\/03\/19\/panteras-de-miranda\/\" >\n\t\t\t\tPanthers Miranda\t\t\t<\/a>\n\t\t<\/h2>\n\t\t\t\t<div class=\"elementor-post__excerpt\">\n\t\t\t<p>Signing of Julian Washburn (London Lions).<\/p>\n\t\t<\/div>\n\t\t\n\t\t<a class=\"elementor-post__read-more\" href=\"https:\/\/gijonbasket.com\/en\/2023\/03\/19\/panteras-de-miranda\/\" aria-label=\"Read more about Panteras de Miranda\" tabindex=\"-1\" >\n\t\t\tRead more &#034;\t\t<\/a>\n\n\t\t\t\t<\/div>\n\t\t\t\t<div class=\"elementor-post__meta-data\">\n\t\t\t\t\t<span class=\"elementor-post-date\">\n\t\t\t19 March 2023\t\t<\/span>\n\t\t\t\t<\/div>\n\t\t\t\t\t<\/div>\n\t\t<\/article>\n\t\t\t\t<article class=\"elementor-post elementor-grid-item post-382 post type-post status-publish format-standard hentry category-noticias\">\n\t\t\t<div class=\"elementor-post__card\">\n\t\t\t\t<div class=\"elementor-post__text\">\n\t\t\t\t<h2 class=\"elementor-post__title\">\n\t\t\t<a href=\"https:\/\/gijonbasket.com\/en\/2023\/03\/19\/association-sportive-des-douanes-dakar\/\" >\n\t\t\t\tAssociation Sportive des Douanes Dakar\t\t\t<\/a>\n\t\t<\/h2>\n\t\t\t\t<div class=\"elementor-post__excerpt\">\n\t\t\t<p>Signing of Marcus Crawford (Memphis East).<\/p>\n\t\t<\/div>\n\t\t\n\t\t<a class=\"elementor-post__read-more\" href=\"https:\/\/gijonbasket.com\/en\/2023\/03\/19\/association-sportive-des-douanes-dakar\/\" aria-label=\"Read more about Association Sportive des Douanes Dakar\" tabindex=\"-1\" >\n\t\t\tRead more &#034;\t\t<\/a>\n\n\t\t\t\t<\/div>\n\t\t\t\t<div class=\"elementor-post__meta-data\">\n\t\t\t\t\t<span class=\"elementor-post-date\">\n\t\t\t19 March 2023\t\t<\/span>\n\t\t\t\t<\/div>\n\t\t\t\t\t<\/div>\n\t\t<\/article>\n\t\t\t\t<article class=\"elementor-post elementor-grid-item post-387 post type-post status-publish format-standard hentry category-noticias\">\n\t\t\t<div class=\"elementor-post__card\">\n\t\t\t\t<div class=\"elementor-post__text\">\n\t\t\t\t<h2 class=\"elementor-post__title\">\n\t\t\t<a href=\"https:\/\/gijonbasket.com\/en\/2023\/03\/19\/cocodrilos-de-caracas\/\" >\n\t\t\t\tCrocodiles of Caracas\t\t\t<\/a>\n\t\t<\/h2>\n\t\t\t\t<div class=\"elementor-post__excerpt\">\n\t\t\t<p>Signing of Luis Montero (The wild Beasts of The Villa).<\/p>\n\t\t<\/div>\n\t\t\n\t\t<a class=\"elementor-post__read-more\" href=\"https:\/\/gijonbasket.com\/en\/2023\/03\/19\/cocodrilos-de-caracas\/\" aria-label=\"Read more about Cocodrilos de Caracas\" tabindex=\"-1\" >\n\t\t\tRead more &#034;\t\t<\/a>\n\n\t\t\t\t<\/div>\n\t\t\t\t<div class=\"elementor-post__meta-data\">\n\t\t\t\t\t<span class=\"elementor-post-date\">\n\t\t\t19 March 2023\t\t<\/span>\n\t\t\t\t<\/div>\n\t\t\t\t\t<\/div>\n\t\t<\/article>\n\t\t\t\t<article class=\"elementor-post elementor-grid-item post-389 post type-post status-publish format-standard hentry category-noticias\">\n\t\t\t<div class=\"elementor-post__card\">\n\t\t\t\t<div class=\"elementor-post__text\">\n\t\t\t\t<h2 class=\"elementor-post__title\">\n\t\t\t<a href=\"https:\/\/gijonbasket.com\/en\/2023\/03\/18\/gijonbasket\/\" >\n\t\t\t\tDurand Scott nuevo fichaje del Alimerka Oviedo Baloncesto\t\t\t<\/a>\n\t\t<\/h2>\n\t\t\t\t<div class=\"elementor-post__excerpt\">\n\t\t\t<p>Durand Scott (Maccabi Ashdod BC), escolta estadounidense con nacionalidad jamaicana de 33 a\u00f1os y 1.96 m., nuevo fichaje del Alimerka Oviedo Baloncesto con una opci\u00f3n<\/p>\n\t\t<\/div>\n\t\t\n\t\t<a class=\"elementor-post__read-more\" href=\"https:\/\/gijonbasket.com\/en\/2023\/03\/18\/gijonbasket\/\" aria-label=\"Read more about Durand Scott nuevo fichaje del Alimerka Oviedo Baloncesto\" tabindex=\"-1\" >\n\t\t\tRead more &#034;\t\t<\/a>\n\n\t\t\t\t<\/div>\n\t\t\t\t<div class=\"elementor-post__meta-data\">\n\t\t\t\t\t<span class=\"elementor-post-date\">\n\t\t\t18 de March de 2023\t\t<\/span>\n\t\t\t\t<\/div>\n\t\t\t\t\t<\/div>\n\t\t<\/article>\n\t\t\t\t<article class=\"elementor-post elementor-grid-item post-391 post type-post status-publish format-standard hentry category-noticias\">\n\t\t\t<div class=\"elementor-post__card\">\n\t\t\t\t<div class=\"elementor-post__text\">\n\t\t\t\t<h2 class=\"elementor-post__title\">\n\t\t\t<a href=\"https:\/\/gijonbasket.com\/en\/2023\/03\/18\/cb-almansa-con-afanion\/\" >\n\t\t\t\tCB Almansa con AFANION\t\t\t<\/a>\n\t\t<\/h2>\n\t\t\t\t<div class=\"elementor-post__excerpt\">\n\t\t\t<p>Fichaje de Petar Aranitovic (Itzehoe Eagles).<\/p>\n\t\t<\/div>\n\t\t\n\t\t<a class=\"elementor-post__read-more\" href=\"https:\/\/gijonbasket.com\/en\/2023\/03\/18\/cb-almansa-con-afanion\/\" aria-label=\"Read more about CB Almansa con AFANION\" tabindex=\"-1\" >\n\t\t\tRead more &#034;\t\t<\/a>\n\n\t\t\t\t<\/div>\n\t\t\t\t<div class=\"elementor-post__meta-data\">\n\t\t\t\t\t<span class=\"elementor-post-date\">\n\t\t\t18 de March de 2023\t\t<\/span>\n\t\t\t\t<\/div>\n\t\t\t\t\t<\/div>\n\t\t<\/article>\n\t\t\t\t<article class=\"elementor-post elementor-grid-item post-398 post type-post status-publish format-standard hentry category-noticias\">\n\t\t\t<div class=\"elementor-post__card\">\n\t\t\t\t<div class=\"elementor-post__text\">\n\t\t\t\t<h2 class=\"elementor-post__title\">\n\t\t\t<a href=\"https:\/\/gijonbasket.com\/en\/2023\/03\/18\/sacramento-kings\/\" >\n\t\t\t\tSacramento Kings\t\t\t<\/a>\n\t\t<\/h2>\n\t\t\t\t<div class=\"elementor-post__excerpt\">\n\t\t\t<p>Baja de Kevin Huerter al sufrir una dolencia en el tend\u00f3n de la corva de su pierna derecha.<\/p>\n\t\t<\/div>\n\t\t\n\t\t<a class=\"elementor-post__read-more\" href=\"https:\/\/gijonbasket.com\/en\/2023\/03\/18\/sacramento-kings\/\" aria-label=\"Read more about Sacramento Kings\" tabindex=\"-1\" >\n\t\t\tRead more &#034;\t\t<\/a>\n\n\t\t\t\t<\/div>\n\t\t\t\t<div class=\"elementor-post__meta-data\">\n\t\t\t\t\t<span class=\"elementor-post-date\">\n\t\t\t18 de March de 2023\t\t<\/span>\n\t\t\t\t<\/div>\n\t\t\t\t\t<\/div>\n\t\t<\/article>\n\t\t\t\t<article class=\"elementor-post elementor-grid-item post-400 post type-post status-publish format-standard hentry category-noticias\">\n\t\t\t<div class=\"elementor-post__card\">\n\t\t\t\t<div class=\"elementor-post__text\">\n\t\t\t\t<h2 class=\"elementor-post__title\">\n\t\t\t<a href=\"https:\/\/gijonbasket.com\/en\/2023\/03\/18\/dynamo-libano\/\" >\n\t\t\t\tDynamo Libano\t\t\t<\/a>\n\t\t<\/h2>\n\t\t\t\t<div class=\"elementor-post__excerpt\">\n\t\t\t<p>Fichaje de Marlon Johnson (Taichung Suns).<\/p>\n\t\t<\/div>\n\t\t\n\t\t<a class=\"elementor-post__read-more\" href=\"https:\/\/gijonbasket.com\/en\/2023\/03\/18\/dynamo-libano\/\" aria-label=\"Read more about Dynamo Libano\" tabindex=\"-1\" >\n\t\t\tRead more &#034;\t\t<\/a>\n\n\t\t\t\t<\/div>\n\t\t\t\t<div class=\"elementor-post__meta-data\">\n\t\t\t\t\t<span class=\"elementor-post-date\">\n\t\t\t18 de March de 2023\t\t<\/span>\n\t\t\t\t<\/div>\n\t\t\t\t\t<\/div>\n\t\t<\/article>\n\t\t\t\t<article class=\"elementor-post elementor-grid-item post-403 post type-post status-publish format-standard hentry category-noticias\">\n\t\t\t<div class=\"elementor-post__card\">\n\t\t\t\t<div class=\"elementor-post__text\">\n\t\t\t\t<h2 class=\"elementor-post__title\">\n\t\t\t<a href=\"https:\/\/gijonbasket.com\/en\/2023\/03\/18\/sporting-al-riyadi-beirut\/\" >\n\t\t\t\tSporting Al Riyadi Beirut\t\t\t<\/a>\n\t\t<\/h2>\n\t\t\t\t<div class=\"elementor-post__excerpt\">\n\t\t\t<p>Fichaje de Kevin Murphy (North Port Batang Pier).<\/p>\n\t\t<\/div>\n\t\t\n\t\t<a class=\"elementor-post__read-more\" href=\"https:\/\/gijonbasket.com\/en\/2023\/03\/18\/sporting-al-riyadi-beirut\/\" aria-label=\"Read more about Sporting Al Riyadi Beirut\" tabindex=\"-1\" >\n\t\t\tRead more &#034;\t\t<\/a>\n\n\t\t\t\t<\/div>\n\t\t\t\t<div class=\"elementor-post__meta-data\">\n\t\t\t\t\t<span class=\"elementor-post-date\">\n\t\t\t18 de March de 2023\t\t<\/span>\n\t\t\t\t<\/div>\n\t\t\t\t\t<\/div>\n\t\t<\/article>\n\t\t\t\t<article class=\"elementor-post elementor-grid-item post-405 post type-post status-publish format-standard hentry category-noticias\">\n\t\t\t<div class=\"elementor-post__card\">\n\t\t\t\t<div class=\"elementor-post__text\">\n\t\t\t\t<h2 class=\"elementor-post__title\">\n\t\t\t<a href=\"https:\/\/gijonbasket.com\/en\/2023\/03\/17\/gijonbasket-2\/\" >\n\t\t\t\tTic Tac, Tic Tac, Tic Tac para el Basket en Gij\u00f3n\t\t\t<\/a>\n\t\t<\/h2>\n\t\t\t\t<div class=\"elementor-post__excerpt\">\n\t\t\t<p>Tic Tac, Tic Tac, Tic Tac para el Basket en Gij\u00f3n.<\/p>\n\t\t<\/div>\n\t\t\n\t\t<a class=\"elementor-post__read-more\" href=\"https:\/\/gijonbasket.com\/en\/2023\/03\/17\/gijonbasket-2\/\" aria-label=\"Read more about Tic Tac, Tic Tac, Tic Tac para el Basket en Gij\u00f3n\" tabindex=\"-1\" >\n\t\t\tRead more &#034;\t\t<\/a>\n\n\t\t\t\t<\/div>\n\t\t\t\t<div class=\"elementor-post__meta-data\">\n\t\t\t\t\t<span class=\"elementor-post-date\">\n\t\t\t17 de March de 2023\t\t<\/span>\n\t\t\t\t<\/div>\n\t\t\t\t\t<\/div>\n\t\t<\/article>\n\t\t\t\t<article class=\"elementor-post elementor-grid-item post-410 post type-post status-publish format-standard hentry category-noticias\">\n\t\t\t<div class=\"elementor-post__card\">\n\t\t\t\t<div class=\"elementor-post__text\">\n\t\t\t\t<h2 class=\"elementor-post__title\">\n\t\t\t<a href=\"https:\/\/gijonbasket.com\/en\/2023\/03\/17\/dallas-mavericks\/\" >\n\t\t\t\tDallas Mavericks\t\t\t<\/a>\n\t\t<\/h2>\n\t\t\t\t<div class=\"elementor-post__excerpt\">\n\t\t\t<p>Baja de Charies Bassey al sufrir una fractura de r\u00f3tula no desplazada.<\/p>\n\t\t<\/div>\n\t\t\n\t\t<a class=\"elementor-post__read-more\" href=\"https:\/\/gijonbasket.com\/en\/2023\/03\/17\/dallas-mavericks\/\" aria-label=\"Read more about Dallas Mavericks\" tabindex=\"-1\" >\n\t\t\tRead more &#034;\t\t<\/a>\n\n\t\t\t\t<\/div>\n\t\t\t\t<div class=\"elementor-post__meta-data\">\n\t\t\t\t\t<span class=\"elementor-post-date\">\n\t\t\t17 de March de 2023\t\t<\/span>\n\t\t\t\t<\/div>\n\t\t\t\t\t<\/div>\n\t\t<\/article>\n\t\t\t\t<article class=\"elementor-post elementor-grid-item post-408 post type-post status-publish format-standard hentry category-noticias\">\n\t\t\t<div class=\"elementor-post__card\">\n\t\t\t\t<div class=\"elementor-post__text\">\n\t\t\t\t<h2 class=\"elementor-post__title\">\n\t\t\t<a href=\"https:\/\/gijonbasket.com\/en\/2023\/03\/17\/golden-state-warriors\/\" >\n\t\t\t\tGolden State Warriors\t\t\t<\/a>\n\t\t<\/h2>\n\t\t\t\t<div class=\"elementor-post__excerpt\">\n\t\t\t<p>Baja de Andre Iguodala por una fractura en su mu\u00f1eca izquierda.<\/p>\n\t\t<\/div>\n\t\t\n\t\t<a class=\"elementor-post__read-more\" href=\"https:\/\/gijonbasket.com\/en\/2023\/03\/17\/golden-state-warriors\/\" aria-label=\"Read more about Golden State Warriors\" tabindex=\"-1\" >\n\t\t\tRead more &#034;\t\t<\/a>\n\n\t\t\t\t<\/div>\n\t\t\t\t<div class=\"elementor-post__meta-data\">\n\t\t\t\t\t<span class=\"elementor-post-date\">\n\t\t\t17 de March de 2023\t\t<\/span>\n\t\t\t\t<\/div>\n\t\t\t\t\t<\/div>\n\t\t<\/article>\n\t\t\t\t<article class=\"elementor-post elementor-grid-item post-412 post type-post status-publish format-standard hentry category-noticias\">\n\t\t\t<div class=\"elementor-post__card\">\n\t\t\t\t<div class=\"elementor-post__text\">\n\t\t\t\t<h2 class=\"elementor-post__title\">\n\t\t\t<a href=\"https:\/\/gijonbasket.com\/en\/2023\/03\/17\/brooklyn-nets\/\" >\n\t\t\t\tBrooklyn Nets\t\t\t<\/a>\n\t\t<\/h2>\n\t\t\t\t<div class=\"elementor-post__excerpt\">\n\t\t\t<p>Pr\u00f3ximo a cerrar el fichaje de Moses Brown (Los \u00c1ngeles Clippers).<\/p>\n\t\t<\/div>\n\t\t\n\t\t<a class=\"elementor-post__read-more\" href=\"https:\/\/gijonbasket.com\/en\/2023\/03\/17\/brooklyn-nets\/\" aria-label=\"Read more about Brooklyn Nets\" tabindex=\"-1\" >\n\t\t\tRead more &#034;\t\t<\/a>\n\n\t\t\t\t<\/div>\n\t\t\t\t<div class=\"elementor-post__meta-data\">\n\t\t\t\t\t<span class=\"elementor-post-date\">\n\t\t\t17 de March de 2023\t\t<\/span>\n\t\t\t\t<\/div>\n\t\t\t\t\t<\/div>\n\t\t<\/article>\n\t\t\t\t<article class=\"elementor-post elementor-grid-item post-414 post type-post status-publish format-standard hentry category-noticias\">\n\t\t\t<div class=\"elementor-post__card\">\n\t\t\t\t<div class=\"elementor-post__text\">\n\t\t\t\t<h2 class=\"elementor-post__title\">\n\t\t\t<a href=\"https:\/\/gijonbasket.com\/en\/2023\/03\/17\/cs-rapid-bucarest\/\" >\n\t\t\t\tCS Rapid Bucarest\t\t\t<\/a>\n\t\t<\/h2>\n\t\t\t\t<div class=\"elementor-post__excerpt\">\n\t\t\t<p>Fichaje de Jay Threatt (FC Oporto).<\/p>\n\t\t<\/div>\n\t\t\n\t\t<a class=\"elementor-post__read-more\" href=\"https:\/\/gijonbasket.com\/en\/2023\/03\/17\/cs-rapid-bucarest\/\" aria-label=\"Read more about CS Rapid Bucarest\" tabindex=\"-1\" >\n\t\t\tRead more &#034;\t\t<\/a>\n\n\t\t\t\t<\/div>\n\t\t\t\t<div class=\"elementor-post__meta-data\">\n\t\t\t\t\t<span class=\"elementor-post-date\">\n\t\t\t17 de March de 2023\t\t<\/span>\n\t\t\t\t<\/div>\n\t\t\t\t\t<\/div>\n\t\t<\/article>\n\t\t\t\t<article class=\"elementor-post elementor-grid-item post-416 post type-post status-publish format-standard hentry category-noticias\">\n\t\t\t<div class=\"elementor-post__card\">\n\t\t\t\t<div class=\"elementor-post__text\">\n\t\t\t\t<h2 class=\"elementor-post__title\">\n\t\t\t<a href=\"https:\/\/gijonbasket.com\/en\/2023\/03\/16\/gran-canaria\/\" >\n\t\t\t\tGran Canaria\t\t\t<\/a>\n\t\t<\/h2>\n\t\t\t\t<div class=\"elementor-post__excerpt\">\n\t\t\t<p>Fichaje de Michael Carrera (ICG For\u00e7a Lleida) ante la baja por lesi\u00f3n de Damien Inglis<\/p>\n\t\t<\/div>\n\t\t\n\t\t<a class=\"elementor-post__read-more\" href=\"https:\/\/gijonbasket.com\/en\/2023\/03\/16\/gran-canaria\/\" aria-label=\"Read more about Gran Canaria\" tabindex=\"-1\" >\n\t\t\tRead more &#034;\t\t<\/a>\n\n\t\t\t\t<\/div>\n\t\t\t\t<div class=\"elementor-post__meta-data\">\n\t\t\t\t\t<span class=\"elementor-post-date\">\n\t\t\t16 de March de 2023\t\t<\/span>\n\t\t\t\t<\/div>\n\t\t\t\t\t<\/div>\n\t\t<\/article>\n\t\t\t\t<article class=\"elementor-post elementor-grid-item post-419 post type-post status-publish format-standard hentry category-noticias\">\n\t\t\t<div class=\"elementor-post__card\">\n\t\t\t\t<div class=\"elementor-post__text\">\n\t\t\t\t<h2 class=\"elementor-post__title\">\n\t\t\t<a href=\"https:\/\/gijonbasket.com\/en\/2023\/03\/16\/frutti-extra-bursaspor\/\" >\n\t\t\t\tFrutti Extra Bursaspor\t\t\t<\/a>\n\t\t<\/h2>\n\t\t\t\t<div class=\"elementor-post__excerpt\">\n\t\t\t<p>Fichaje de Andrew Andrews (Panathinaikos).<\/p>\n\t\t<\/div>\n\t\t\n\t\t<a class=\"elementor-post__read-more\" href=\"https:\/\/gijonbasket.com\/en\/2023\/03\/16\/frutti-extra-bursaspor\/\" aria-label=\"Read more about Frutti Extra Bursaspor\" tabindex=\"-1\" >\n\t\t\tRead more &#034;\t\t<\/a>\n\n\t\t\t\t<\/div>\n\t\t\t\t<div class=\"elementor-post__meta-data\">\n\t\t\t\t\t<span class=\"elementor-post-date\">\n\t\t\t16 de March de 2023\t\t<\/span>\n\t\t\t\t<\/div>\n\t\t\t\t\t<\/div>\n\t\t<\/article>\n\t\t\t\t<article class=\"elementor-post elementor-grid-item post-421 post type-post status-publish format-standard hentry category-noticias\">\n\t\t\t<div class=\"elementor-post__card\">\n\t\t\t\t<div class=\"elementor-post__text\">\n\t\t\t\t<h2 class=\"elementor-post__title\">\n\t\t\t<a href=\"https:\/\/gijonbasket.com\/en\/2023\/03\/16\/gijonbasket-elecciones-en-corinto-gijon-basket\/\" >\n\t\t\t\tGijonBasket : Elecciones en Corinto Gij\u00f3n Basket.\t\t\t<\/a>\n\t\t<\/h2>\n\t\t\t\t<div class=\"elementor-post__excerpt\">\n\t\t\t<p>20 de abril d\u00eda elegido para proclamar al nuevo presidente del conjunto rojiblanco. 5 de abril \u00faltimo d\u00eda para la presentaci\u00f3n de candidaturas.<\/p>\n\t\t<\/div>\n\t\t\n\t\t<a class=\"elementor-post__read-more\" href=\"https:\/\/gijonbasket.com\/en\/2023\/03\/16\/gijonbasket-elecciones-en-corinto-gijon-basket\/\" aria-label=\"Read more about GijonBasket : Elecciones en Corinto Gij\u00f3n Basket.\" tabindex=\"-1\" >\n\t\t\tRead more &#034;\t\t<\/a>\n\n\t\t\t\t<\/div>\n\t\t\t\t<div class=\"elementor-post__meta-data\">\n\t\t\t\t\t<span class=\"elementor-post-date\">\n\t\t\t16 de March de 2023\t\t<\/span>\n\t\t\t\t<\/div>\n\t\t\t\t\t<\/div>\n\t\t<\/article>\n\t\t\t\t<article class=\"elementor-post elementor-grid-item post-426 post type-post status-publish format-standard hentry category-noticias\">\n\t\t\t<div class=\"elementor-post__card\">\n\t\t\t\t<div class=\"elementor-post__text\">\n\t\t\t\t<h2 class=\"elementor-post__title\">\n\t\t\t<a href=\"https:\/\/gijonbasket.com\/en\/2023\/03\/15\/gran-canaria-2\/\" >\n\t\t\t\tGran Canaria\t\t\t<\/a>\n\t\t<\/h2>\n\t\t\t\t<div class=\"elementor-post__excerpt\">\n\t\t\t<p>Inter\u00e9s por Michael Carrera (ICG For\u00e7a Lleida) ante la baja por lesi\u00f3n de Damien Inglis. Inglis sufri\u00f3 un esguince en el ligamento lateral interno de<\/p>\n\t\t<\/div>\n\t\t\n\t\t<a class=\"elementor-post__read-more\" href=\"https:\/\/gijonbasket.com\/en\/2023\/03\/15\/gran-canaria-2\/\" aria-label=\"Read more about Gran Canaria\" tabindex=\"-1\" >\n\t\t\tRead more &#034;\t\t<\/a>\n\n\t\t\t\t<\/div>\n\t\t\t\t<div class=\"elementor-post__meta-data\">\n\t\t\t\t\t<span class=\"elementor-post-date\">\n\t\t\t15 de March de 2023\t\t<\/span>\n\t\t\t\t<\/div>\n\t\t\t\t\t<\/div>\n\t\t<\/article>\n\t\t\t\t<article class=\"elementor-post elementor-grid-item post-428 post type-post status-publish format-standard hentry category-noticias\">\n\t\t\t<div class=\"elementor-post__card\">\n\t\t\t\t<div class=\"elementor-post__text\">\n\t\t\t\t<h2 class=\"elementor-post__title\">\n\t\t\t<a href=\"https:\/\/gijonbasket.com\/en\/2023\/03\/15\/cazoo-baskonia\/\" >\n\t\t\t\tCazoo Baskonia\t\t\t<\/a>\n\t\t<\/h2>\n\t\t\t\t<div class=\"elementor-post__excerpt\">\n\t\t\t<p>Baja de Tadas Sedekerskis al sufrir una lesi\u00f3n fibrilar en su pierna izquierda.<\/p>\n\t\t<\/div>\n\t\t\n\t\t<a class=\"elementor-post__read-more\" href=\"https:\/\/gijonbasket.com\/en\/2023\/03\/15\/cazoo-baskonia\/\" aria-label=\"Read more about Cazoo Baskonia\" tabindex=\"-1\" >\n\t\t\tRead more &#034;\t\t<\/a>\n\n\t\t\t\t<\/div>\n\t\t\t\t<div class=\"elementor-post__meta-data\">\n\t\t\t\t\t<span class=\"elementor-post-date\">\n\t\t\t15 de March de 2023\t\t<\/span>\n\t\t\t\t<\/div>\n\t\t\t\t\t<\/div>\n\t\t<\/article>\n\t\t\t\t<article class=\"elementor-post elementor-grid-item post-430 post type-post status-publish format-standard hentry category-noticias\">\n\t\t\t<div class=\"elementor-post__card\">\n\t\t\t\t<div class=\"elementor-post__text\">\n\t\t\t\t<h2 class=\"elementor-post__title\">\n\t\t\t<a href=\"https:\/\/gijonbasket.com\/en\/2023\/03\/15\/real-betis-baloncesto\/\" >\n\t\t\t\tReal Betis Baloncesto\t\t\t<\/a>\n\t\t<\/h2>\n\t\t\t\t<div class=\"elementor-post__excerpt\">\n\t\t\t<p>Baja de Pepe Pozas al sufrir una rotura completa del tend\u00f3n rotuliano de su rodilla derecha.<\/p>\n\t\t<\/div>\n\t\t\n\t\t<a class=\"elementor-post__read-more\" href=\"https:\/\/gijonbasket.com\/en\/2023\/03\/15\/real-betis-baloncesto\/\" aria-label=\"Read more about Real Betis Baloncesto\" tabindex=\"-1\" >\n\t\t\tRead more &#034;\t\t<\/a>\n\n\t\t\t\t<\/div>\n\t\t\t\t<div class=\"elementor-post__meta-data\">\n\t\t\t\t\t<span class=\"elementor-post-date\">\n\t\t\t15 de March de 2023\t\t<\/span>\n\t\t\t\t<\/div>\n\t\t\t\t\t<\/div>\n\t\t<\/article>\n\t\t\t\t<article class=\"elementor-post elementor-grid-item post-432 post type-post status-publish format-standard hentry category-noticias\">\n\t\t\t<div class=\"elementor-post__card\">\n\t\t\t\t<div class=\"elementor-post__text\">\n\t\t\t\t<h2 class=\"elementor-post__title\">\n\t\t\t<a href=\"https:\/\/gijonbasket.com\/en\/2023\/03\/15\/heroes-de-falcon\/\" >\n\t\t\t\tHeroes de Falcon\t\t\t<\/a>\n\t\t<\/h2>\n\t\t\t\t<div class=\"elementor-post__excerpt\">\n\t\t\t<p>Fichaje de Moises Galaviz (CD Tinguiririca San Fernando).<\/p>\n\t\t<\/div>\n\t\t\n\t\t<a class=\"elementor-post__read-more\" href=\"https:\/\/gijonbasket.com\/en\/2023\/03\/15\/heroes-de-falcon\/\" aria-label=\"Read more about Heroes de Falcon\" tabindex=\"-1\" >\n\t\t\tRead more &#034;\t\t<\/a>\n\n\t\t\t\t<\/div>\n\t\t\t\t<div class=\"elementor-post__meta-data\">\n\t\t\t\t\t<span class=\"elementor-post-date\">\n\t\t\t15 de March de 2023\t\t<\/span>\n\t\t\t\t<\/div>\n\t\t\t\t\t<\/div>\n\t\t<\/article>\n\t\t\t\t<article class=\"elementor-post elementor-grid-item post-434 post type-post status-publish format-standard hentry category-noticias\">\n\t\t\t<div class=\"elementor-post__card\">\n\t\t\t\t<div class=\"elementor-post__text\">\n\t\t\t\t<h2 class=\"elementor-post__title\">\n\t\t\t<a href=\"https:\/\/gijonbasket.com\/en\/2023\/03\/15\/gigantes-de-guayana\/\" >\n\t\t\t\tGigantes de Guayana\t\t\t<\/a>\n\t\t<\/h2>\n\t\t\t\t<div class=\"elementor-post__excerpt\">\n\t\t\t<p>Fichaje de Aaron Fuller (Urunday Universitario Montevideo).<\/p>\n\t\t<\/div>\n\t\t\n\t\t<a class=\"elementor-post__read-more\" href=\"https:\/\/gijonbasket.com\/en\/2023\/03\/15\/gigantes-de-guayana\/\" aria-label=\"Read more about Gigantes de Guayana\" tabindex=\"-1\" >\n\t\t\tRead more &#034;\t\t<\/a>\n\n\t\t\t\t<\/div>\n\t\t\t\t<div class=\"elementor-post__meta-data\">\n\t\t\t\t\t<span class=\"elementor-post-date\">\n\t\t\t15 de March de 2023\t\t<\/span>\n\t\t\t\t<\/div>\n\t\t\t\t\t<\/div>\n\t\t<\/article>\n\t\t\t\t<article class=\"elementor-post elementor-grid-item post-436 post type-post status-publish format-standard hentry category-noticias\">\n\t\t\t<div class=\"elementor-post__card\">\n\t\t\t\t<div class=\"elementor-post__text\">\n\t\t\t\t<h2 class=\"elementor-post__title\">\n\t\t\t<a href=\"https:\/\/gijonbasket.com\/en\/2023\/03\/15\/panathinaikos\/\" >\n\t\t\t\tPanathinaikos\t\t\t<\/a>\n\t\t<\/h2>\n\t\t\t\t<div class=\"elementor-post__excerpt\">\n\t\t\t<p>No continuidad de Andrew Andrews.<\/p>\n\t\t<\/div>\n\t\t\n\t\t<a class=\"elementor-post__read-more\" href=\"https:\/\/gijonbasket.com\/en\/2023\/03\/15\/panathinaikos\/\" aria-label=\"Read more about Panathinaikos\" tabindex=\"-1\" >\n\t\t\tRead more &#034;\t\t<\/a>\n\n\t\t\t\t<\/div>\n\t\t\t\t<div class=\"elementor-post__meta-data\">\n\t\t\t\t\t<span class=\"elementor-post-date\">\n\t\t\t15 de March de 2023\t\t<\/span>\n\t\t\t\t<\/div>\n\t\t\t\t\t<\/div>\n\t\t<\/article>\n\t\t\t\t<article class=\"elementor-post elementor-grid-item post-440 post type-post status-publish format-standard hentry category-noticias\">\n\t\t\t<div class=\"elementor-post__card\">\n\t\t\t\t<div class=\"elementor-post__text\">\n\t\t\t\t<h2 class=\"elementor-post__title\">\n\t\t\t<a href=\"https:\/\/gijonbasket.com\/en\/2023\/03\/14\/socar-petkimspor\/\" >\n\t\t\t\tSocar Petkimspor\t\t\t<\/a>\n\t\t<\/h2>\n\t\t\t\t<div class=\"elementor-post__excerpt\">\n\t\t\t<p>Fichaje de Josh Perkins (BM Stal Ostrow Wielkopolski).<\/p>\n\t\t<\/div>\n\t\t\n\t\t<a class=\"elementor-post__read-more\" href=\"https:\/\/gijonbasket.com\/en\/2023\/03\/14\/socar-petkimspor\/\" aria-label=\"Read more about Socar Petkimspor\" tabindex=\"-1\" >\n\t\t\tRead more &#034;\t\t<\/a>\n\n\t\t\t\t<\/div>\n\t\t\t\t<div class=\"elementor-post__meta-data\">\n\t\t\t\t\t<span class=\"elementor-post-date\">\n\t\t\t14 de March de 2023\t\t<\/span>\n\t\t\t\t<\/div>\n\t\t\t\t\t<\/div>\n\t\t<\/article>\n\t\t\t\t<article class=\"elementor-post elementor-grid-item post-442 post type-post status-publish format-standard hentry category-noticias\">\n\t\t\t<div class=\"elementor-post__card\">\n\t\t\t\t<div class=\"elementor-post__text\">\n\t\t\t\t<h2 class=\"elementor-post__title\">\n\t\t\t<a href=\"https:\/\/gijonbasket.com\/en\/2023\/03\/14\/association-sportive-des-douanes-dakar-2\/\" >\n\t\t\t\tAssociation Sportive des Douanes Dakar\t\t\t<\/a>\n\t\t<\/h2>\n\t\t\t\t<div class=\"elementor-post__excerpt\">\n\t\t\t<p>Fichaje de Terrell Stoglin (Al Ittihad Aleppo).<\/p>\n\t\t<\/div>\n\t\t\n\t\t<a class=\"elementor-post__read-more\" href=\"https:\/\/gijonbasket.com\/en\/2023\/03\/14\/association-sportive-des-douanes-dakar-2\/\" aria-label=\"Read more about Association Sportive des Douanes Dakar\" tabindex=\"-1\" >\n\t\t\tRead more &#034;\t\t<\/a>\n\n\t\t\t\t<\/div>\n\t\t\t\t<div class=\"elementor-post__meta-data\">\n\t\t\t\t\t<span class=\"elementor-post-date\">\n\t\t\t14 de March de 2023\t\t<\/span>\n\t\t\t\t<\/div>\n\t\t\t\t\t<\/div>\n\t\t<\/article>\n\t\t\t\t<article class=\"elementor-post elementor-grid-item post-444 post type-post status-publish format-standard hentry category-noticias\">\n\t\t\t<div class=\"elementor-post__card\">\n\t\t\t\t<div class=\"elementor-post__text\">\n\t\t\t\t<h2 class=\"elementor-post__title\">\n\t\t\t<a href=\"https:\/\/gijonbasket.com\/en\/2023\/03\/14\/panteras-de-miranda-2\/\" >\n\t\t\t\tPanthers Miranda\t\t\t<\/a>\n\t\t<\/h2>\n\t\t\t\t<div class=\"elementor-post__excerpt\">\n\t\t\t<p>Fichaje de Pedro Chourio (Cocodrilos de Caracas).<\/p>\n\t\t<\/div>\n\t\t\n\t\t<a class=\"elementor-post__read-more\" href=\"https:\/\/gijonbasket.com\/en\/2023\/03\/14\/panteras-de-miranda-2\/\" aria-label=\"Read more about Panteras de Miranda\" tabindex=\"-1\" >\n\t\t\tRead more &#034;\t\t<\/a>\n\n\t\t\t\t<\/div>\n\t\t\t\t<div class=\"elementor-post__meta-data\">\n\t\t\t\t\t<span class=\"elementor-post-date\">\n\t\t\t14 de March de 2023\t\t<\/span>\n\t\t\t\t<\/div>\n\t\t\t\t\t<\/div>\n\t\t<\/article>\n\t\t\t\t<article class=\"elementor-post elementor-grid-item post-447 post type-post status-publish format-standard hentry category-noticias\">\n\t\t\t<div class=\"elementor-post__card\">\n\t\t\t\t<div class=\"elementor-post__text\">\n\t\t\t\t<h2 class=\"elementor-post__title\">\n\t\t\t<a href=\"https:\/\/gijonbasket.com\/en\/2023\/03\/13\/hsinchu-lioneers\/\" >\n\t\t\t\tHsinchu Lioneers\t\t\t<\/a>\n\t\t<\/h2>\n\t\t\t\t<div class=\"elementor-post__excerpt\">\n\t\t\t<p>Fichaje de Jeremy Tyler (Piratas de Quebradillas).<\/p>\n\t\t<\/div>\n\t\t\n\t\t<a class=\"elementor-post__read-more\" href=\"https:\/\/gijonbasket.com\/en\/2023\/03\/13\/hsinchu-lioneers\/\" aria-label=\"Read more about Hsinchu Lioneers\" tabindex=\"-1\" >\n\t\t\tRead more &#034;\t\t<\/a>\n\n\t\t\t\t<\/div>\n\t\t\t\t<div class=\"elementor-post__meta-data\">\n\t\t\t\t\t<span class=\"elementor-post-date\">\n\t\t\t13 de March de 2023\t\t<\/span>\n\t\t\t\t<\/div>\n\t\t\t\t\t<\/div>\n\t\t<\/article>\n\t\t\t\t<article class=\"elementor-post elementor-grid-item post-449 post type-post status-publish format-standard hentry category-noticias\">\n\t\t\t<div class=\"elementor-post__card\">\n\t\t\t\t<div class=\"elementor-post__text\">\n\t\t\t\t<h2 class=\"elementor-post__title\">\n\t\t\t<a href=\"https:\/\/gijonbasket.com\/en\/2023\/03\/13\/bkm-lucenec\/\" >\n\t\t\t\tBKM Lucenec\t\t\t<\/a>\n\t\t<\/h2>\n\t\t\t\t<div class=\"elementor-post__excerpt\">\n\t\t\t<p>No continuidad de Tahj Eaddy.<\/p>\n\t\t<\/div>\n\t\t\n\t\t<a class=\"elementor-post__read-more\" href=\"https:\/\/gijonbasket.com\/en\/2023\/03\/13\/bkm-lucenec\/\" aria-label=\"Read more about BKM Lucenec\" tabindex=\"-1\" >\n\t\t\tRead more &#034;\t\t<\/a>\n\n\t\t\t\t<\/div>\n\t\t\t\t<div class=\"elementor-post__meta-data\">\n\t\t\t\t\t<span class=\"elementor-post-date\">\n\t\t\t13 de March de 2023\t\t<\/span>\n\t\t\t\t<\/div>\n\t\t\t\t\t<\/div>\n\t\t<\/article>\n\t\t\t\t<article class=\"elementor-post elementor-grid-item post-451 post type-post status-publish format-standard hentry category-noticias\">\n\t\t\t<div class=\"elementor-post__card\">\n\t\t\t\t<div class=\"elementor-post__text\">\n\t\t\t\t<h2 class=\"elementor-post__title\">\n\t\t\t<a href=\"https:\/\/gijonbasket.com\/en\/2023\/03\/13\/atleticos-de-san-german\/\" >\n\t\t\t\tAtl\u00e9ticos de San Germ\u00e1n\t\t\t<\/a>\n\t\t<\/h2>\n\t\t\t\t<div class=\"elementor-post__excerpt\">\n\t\t\t<p>Fichaje de Antonio Gordon (Oklahoma Christian University).<\/p>\n\t\t<\/div>\n\t\t\n\t\t<a class=\"elementor-post__read-more\" href=\"https:\/\/gijonbasket.com\/en\/2023\/03\/13\/atleticos-de-san-german\/\" aria-label=\"Read more about Atl\u00e9ticos de San Germ\u00e1n\" tabindex=\"-1\" >\n\t\t\tRead more &#034;\t\t<\/a>\n\n\t\t\t\t<\/div>\n\t\t\t\t<div class=\"elementor-post__meta-data\">\n\t\t\t\t\t<span class=\"elementor-post-date\">\n\t\t\t13 de March de 2023\t\t<\/span>\n\t\t\t\t<\/div>\n\t\t\t\t\t<\/div>\n\t\t<\/article>\n\t\t\t\t<article class=\"elementor-post elementor-grid-item post-453 post type-post status-publish format-standard hentry category-noticias\">\n\t\t\t<div class=\"elementor-post__card\">\n\t\t\t\t<div class=\"elementor-post__text\">\n\t\t\t\t<h2 class=\"elementor-post__title\">\n\t\t\t<a href=\"https:\/\/gijonbasket.com\/en\/2023\/03\/13\/taishin-dreamers\/\" >\n\t\t\t\tTaishin Dreamers\t\t\t<\/a>\n\t\t<\/h2>\n\t\t\t\t<div class=\"elementor-post__excerpt\">\n\t\t\t<p>Fichaje de Chris Mc.Cullough (New Taipei Kings).(<\/p>\n\t\t<\/div>\n\t\t\n\t\t<a class=\"elementor-post__read-more\" href=\"https:\/\/gijonbasket.com\/en\/2023\/03\/13\/taishin-dreamers\/\" aria-label=\"Read more about Taishin Dreamers\" tabindex=\"-1\" >\n\t\t\tRead more &#034;\t\t<\/a>\n\n\t\t\t\t<\/div>\n\t\t\t\t<div class=\"elementor-post__meta-data\">\n\t\t\t\t\t<span class=\"elementor-post-date\">\n\t\t\t13 de March de 2023\t\t<\/span>\n\t\t\t\t<\/div>\n\t\t\t\t\t<\/div>\n\t\t<\/article>\n\t\t\t\t<article class=\"elementor-post elementor-grid-item post-460 post type-post status-publish format-standard hentry category-noticias\">\n\t\t\t<div class=\"elementor-post__card\">\n\t\t\t\t<div class=\"elementor-post__text\">\n\t\t\t\t<h2 class=\"elementor-post__title\">\n\t\t\t<a href=\"https:\/\/gijonbasket.com\/en\/2023\/03\/12\/corinto-gijon-basket-mundioma-marin-ence-peixegalego-72-81\/\" >\n\t\t\t\tCorinto Gij\u00f3n Basket &#8211; Mundioma Mar\u00edn Ence PeixeGalego (72-81)\t\t\t<\/a>\n\t\t<\/h2>\n\t\t\t\t<div class=\"elementor-post__excerpt\">\n\t\t\t<p>Corinto Gij\u00f3n Basket cort\u00f3 su racha de tres victorias consecutivas, tras presentar una gran resistencia al Mundioma Mar\u00edn Ence PeixeGalego, que sum\u00f3 su s\u00e9ptimo triunfo<\/p>\n\t\t<\/div>\n\t\t\n\t\t<a class=\"elementor-post__read-more\" href=\"https:\/\/gijonbasket.com\/en\/2023\/03\/12\/corinto-gijon-basket-mundioma-marin-ence-peixegalego-72-81\/\" aria-label=\"Read more about Corinto Gij\u00f3n Basket &#8211; Mundioma Mar\u00edn Ence PeixeGalego (72-81)\" tabindex=\"-1\" >\n\t\t\tRead more &#034;\t\t<\/a>\n\n\t\t\t\t<\/div>\n\t\t\t\t<div class=\"elementor-post__meta-data\">\n\t\t\t\t\t<span class=\"elementor-post-date\">\n\t\t\t12 de March de 2023\t\t<\/span>\n\t\t\t\t<\/div>\n\t\t\t\t\t<\/div>\n\t\t<\/article>\n\t\t\t\t<article class=\"elementor-post elementor-grid-item post-459 post type-post status-publish format-standard hentry category-noticias\">\n\t\t\t<div class=\"elementor-post__card\">\n\t\t\t\t<div class=\"elementor-post__text\">\n\t\t\t\t<h2 class=\"elementor-post__title\">\n\t\t\t<a href=\"https:\/\/gijonbasket.com\/en\/2023\/03\/12\/fribourg-olympic\/\" >\n\t\t\t\tFribourg Olympic\t\t\t<\/a>\n\t\t<\/h2>\n\t\t\t\t<div class=\"elementor-post__excerpt\">\n\t\t\t<p>Fichaje de Antonio Ballard (Lahti Basketball).<\/p>\n\t\t<\/div>\n\t\t\n\t\t<a class=\"elementor-post__read-more\" href=\"https:\/\/gijonbasket.com\/en\/2023\/03\/12\/fribourg-olympic\/\" aria-label=\"Read more about Fribourg Olympic\" tabindex=\"-1\" >\n\t\t\tRead more &#034;\t\t<\/a>\n\n\t\t\t\t<\/div>\n\t\t\t\t<div class=\"elementor-post__meta-data\">\n\t\t\t\t\t<span class=\"elementor-post-date\">\n\t\t\t12 de March de 2023\t\t<\/span>\n\t\t\t\t<\/div>\n\t\t\t\t\t<\/div>\n\t\t<\/article>\n\t\t\t\t<article class=\"elementor-post elementor-grid-item post-458 post type-post status-publish format-standard hentry category-noticias\">\n\t\t\t<div class=\"elementor-post__card\">\n\t\t\t\t<div class=\"elementor-post__text\">\n\t\t\t\t<h2 class=\"elementor-post__title\">\n\t\t\t<a href=\"https:\/\/gijonbasket.com\/en\/2023\/03\/12\/polski-cukier-start-lublin\/\" >\n\t\t\t\tPolski Cukier Start Lublin\t\t\t<\/a>\n\t\t<\/h2>\n\t\t\t\t<div class=\"elementor-post__excerpt\">\n\t\t\t<p>Fichaje de Benas Griciunas (Panevezys 7bet Lietkabelis).<\/p>\n\t\t<\/div>\n\t\t\n\t\t<a class=\"elementor-post__read-more\" href=\"https:\/\/gijonbasket.com\/en\/2023\/03\/12\/polski-cukier-start-lublin\/\" aria-label=\"Read more about Polski Cukier Start Lublin\" tabindex=\"-1\" >\n\t\t\tRead more &#034;\t\t<\/a>\n\n\t\t\t\t<\/div>\n\t\t\t\t<div class=\"elementor-post__meta-data\">\n\t\t\t\t\t<span class=\"elementor-post-date\">\n\t\t\t12 de March de 2023\t\t<\/span>\n\t\t\t\t<\/div>\n\t\t\t\t\t<\/div>\n\t\t<\/article>\n\t\t\t\t<article class=\"elementor-post elementor-grid-item post-457 post type-post status-publish format-standard hentry category-noticias\">\n\t\t\t<div class=\"elementor-post__card\">\n\t\t\t\t<div class=\"elementor-post__text\">\n\t\t\t\t<h2 class=\"elementor-post__title\">\n\t\t\t<a href=\"https:\/\/gijonbasket.com\/en\/2023\/03\/12\/guaros-de-lara\/\" >\n\t\t\t\tGuaros de Lara\t\t\t<\/a>\n\t\t<\/h2>\n\t\t\t\t<div class=\"elementor-post__excerpt\">\n\t\t\t<p>Fichaje de Rodney Green (Club Atl\u00e9tico Pe\u00f1arol Montevideo).<\/p>\n\t\t<\/div>\n\t\t\n\t\t<a class=\"elementor-post__read-more\" href=\"https:\/\/gijonbasket.com\/en\/2023\/03\/12\/guaros-de-lara\/\" aria-label=\"Read more about Guaros de Lara\" tabindex=\"-1\" >\n\t\t\tRead more &#034;\t\t<\/a>\n\n\t\t\t\t<\/div>\n\t\t\t\t<div class=\"elementor-post__meta-data\">\n\t\t\t\t\t<span class=\"elementor-post-date\">\n\t\t\t12 de March de 2023\t\t<\/span>\n\t\t\t\t<\/div>\n\t\t\t\t\t<\/div>\n\t\t<\/article>\n\t\t\t\t<article class=\"elementor-post elementor-grid-item post-456 post type-post status-publish format-standard hentry category-noticias\">\n\t\t\t<div class=\"elementor-post__card\">\n\t\t\t\t<div class=\"elementor-post__text\">\n\t\t\t\t<h2 class=\"elementor-post__title\">\n\t\t\t<a href=\"https:\/\/gijonbasket.com\/en\/2023\/03\/12\/cocodrilos-de-caracas-2\/\" >\n\t\t\t\tCrocodiles of Caracas\t\t\t<\/a>\n\t\t<\/h2>\n\t\t\t\t<div class=\"elementor-post__excerpt\">\n\t\t\t<p>Fichaje de Devin Brooks (Reales de La Vega).<\/p>\n\t\t<\/div>\n\t\t\n\t\t<a class=\"elementor-post__read-more\" href=\"https:\/\/gijonbasket.com\/en\/2023\/03\/12\/cocodrilos-de-caracas-2\/\" aria-label=\"Read more about Cocodrilos de Caracas\" tabindex=\"-1\" >\n\t\t\tRead more &#034;\t\t<\/a>\n\n\t\t\t\t<\/div>\n\t\t\t\t<div class=\"elementor-post__meta-data\">\n\t\t\t\t\t<span class=\"elementor-post-date\">\n\t\t\t12 de March de 2023\t\t<\/span>\n\t\t\t\t<\/div>\n\t\t\t\t\t<\/div>\n\t\t<\/article>\n\t\t\t\t<article class=\"elementor-post elementor-grid-item post-470 post type-post status-publish format-standard hentry category-noticias\">\n\t\t\t<div class=\"elementor-post__card\">\n\t\t\t\t<div class=\"elementor-post__text\">\n\t\t\t\t<h2 class=\"elementor-post__title\">\n\t\t\t<a href=\"https:\/\/gijonbasket.com\/en\/2023\/03\/11\/icg-forca-lleida-alimerka-oviedo-baloncesto-76-65\/\" >\n\t\t\t\tICG For\u00e7a Lleida &#8211; Alimerka Oviedo Baloncesto (76-65).\t\t\t<\/a>\n\t\t<\/h2>\n\t\t\t\t<div class=\"elementor-post__excerpt\">\n\t\t\t<p>Cuarta victoria consecutiva del ICG For\u00e7a Lleida ante un combativo Alimerka Oviedo Baloncesto que cont\u00f3 con la baja de Nigel Pruitt. Fernando Su\u00e1rez form\u00f3 parte<\/p>\n\t\t<\/div>\n\t\t\n\t\t<a class=\"elementor-post__read-more\" href=\"https:\/\/gijonbasket.com\/en\/2023\/03\/11\/icg-forca-lleida-alimerka-oviedo-baloncesto-76-65\/\" aria-label=\"Read more about ICG For\u00e7a Lleida &#8211; Alimerka Oviedo Baloncesto (76-65).\" tabindex=\"-1\" >\n\t\t\tRead more &#034;\t\t<\/a>\n\n\t\t\t\t<\/div>\n\t\t\t\t<div class=\"elementor-post__meta-data\">\n\t\t\t\t\t<span class=\"elementor-post-date\">\n\t\t\t11 de March de 2023\t\t<\/span>\n\t\t\t\t<\/div>\n\t\t\t\t\t<\/div>\n\t\t<\/article>\n\t\t\t\t<article class=\"elementor-post elementor-grid-item post-469 post type-post status-publish format-standard hentry category-noticias\">\n\t\t\t<div class=\"elementor-post__card\">\n\t\t\t\t<div class=\"elementor-post__text\">\n\t\t\t\t<h2 class=\"elementor-post__title\">\n\t\t\t<a href=\"https:\/\/gijonbasket.com\/en\/2023\/03\/11\/gran-canaria-3\/\" >\n\t\t\t\tGran Canaria\t\t\t<\/a>\n\t\t<\/h2>\n\t\t\t\t<div class=\"elementor-post__excerpt\">\n\t\t\t<p>Renovaci\u00f3n de Jaka Lakovic como t\u00e9cnico del conjunto canario hasta el final de la temporada 2024\/2025.<\/p>\n\t\t<\/div>\n\t\t\n\t\t<a class=\"elementor-post__read-more\" href=\"https:\/\/gijonbasket.com\/en\/2023\/03\/11\/gran-canaria-3\/\" aria-label=\"Read more about Gran Canaria\" tabindex=\"-1\" >\n\t\t\tRead more &#034;\t\t<\/a>\n\n\t\t\t\t<\/div>\n\t\t\t\t<div class=\"elementor-post__meta-data\">\n\t\t\t\t\t<span class=\"elementor-post-date\">\n\t\t\t11 de March de 2023\t\t<\/span>\n\t\t\t\t<\/div>\n\t\t\t\t\t<\/div>\n\t\t<\/article>\n\t\t\t\t<article class=\"elementor-post elementor-grid-item post-468 post type-post status-publish format-standard hentry category-noticias\">\n\t\t\t<div class=\"elementor-post__card\">\n\t\t\t\t<div class=\"elementor-post__text\">\n\t\t\t\t<h2 class=\"elementor-post__title\">\n\t\t\t<a href=\"https:\/\/gijonbasket.com\/en\/2023\/03\/11\/rio-breogan\/\" >\n\t\t\t\tR\u00edo Breog\u00e1n\t\t\t<\/a>\n\t\t<\/h2>\n\t\t\t\t<div class=\"elementor-post__excerpt\">\n\t\t\t<p>Renovaci\u00f3n de contrato a Veljko Mrsic como t\u00e9cnico del conjunto lucense para la pr\u00f3xima temporada.<\/p>\n\t\t<\/div>\n\t\t\n\t\t<a class=\"elementor-post__read-more\" href=\"https:\/\/gijonbasket.com\/en\/2023\/03\/11\/rio-breogan\/\" aria-label=\"Read more about R\u00edo Breog\u00e1n\" tabindex=\"-1\" >\n\t\t\tRead more &#034;\t\t<\/a>\n\n\t\t\t\t<\/div>\n\t\t\t\t<div class=\"elementor-post__meta-data\">\n\t\t\t\t\t<span class=\"elementor-post-date\">\n\t\t\t11 de March de 2023\t\t<\/span>\n\t\t\t\t<\/div>\n\t\t\t\t\t<\/div>\n\t\t<\/article>\n\t\t\t\t<article class=\"elementor-post elementor-grid-item post-467 post type-post status-publish format-standard hentry category-noticias\">\n\t\t\t<div class=\"elementor-post__card\">\n\t\t\t\t<div class=\"elementor-post__text\">\n\t\t\t\t<h2 class=\"elementor-post__title\">\n\t\t\t<a href=\"https:\/\/gijonbasket.com\/en\/2023\/03\/11\/detroit-pistons\/\" >\n\t\t\t\tDetroit Pistons\t\t\t<\/a>\n\t\t<\/h2>\n\t\t\t\t<div class=\"elementor-post__excerpt\">\n\t\t\t<p>Baja de Isaiah Stewart por lo que resta de temporada debido a un pinzamiento en su hombro izquierdo.<\/p>\n\t\t<\/div>\n\t\t\n\t\t<a class=\"elementor-post__read-more\" href=\"https:\/\/gijonbasket.com\/en\/2023\/03\/11\/detroit-pistons\/\" aria-label=\"Read more about Detroit Pistons\" tabindex=\"-1\" >\n\t\t\tRead more &#034;\t\t<\/a>\n\n\t\t\t\t<\/div>\n\t\t\t\t<div class=\"elementor-post__meta-data\">\n\t\t\t\t\t<span class=\"elementor-post-date\">\n\t\t\t11 de March de 2023\t\t<\/span>\n\t\t\t\t<\/div>\n\t\t\t\t\t<\/div>\n\t\t<\/article>\n\t\t\t\t<article class=\"elementor-post elementor-grid-item post-562 post type-post status-publish format-standard hentry category-noticias\">\n\t\t\t<div class=\"elementor-post__card\">\n\t\t\t\t<div class=\"elementor-post__text\">\n\t\t\t\t<h2 class=\"elementor-post__title\">\n\t\t\t<a href=\"https:\/\/gijonbasket.com\/en\/2023\/03\/11\/icg-forca-lleida-alimerka-oviedo-baloncesto-76-65-2\/\" >\n\t\t\t\tICG For\u00e7a Lleida &#8211; Alimerka Oviedo Baloncesto (76-65)\t\t\t<\/a>\n\t\t<\/h2>\n\t\t\t\t<div class=\"elementor-post__excerpt\">\n\t\t\t<p>Cuarta victoria consecutiva del ICG For\u00e7a Lleida ante un combativo Alimerka Oviedo Baloncesto que cont\u00f3 con la baja de Nigel Pruitt. Fernando Su\u00e1rez form\u00f3 parte<\/p>\n\t\t<\/div>\n\t\t\n\t\t<a class=\"elementor-post__read-more\" href=\"https:\/\/gijonbasket.com\/en\/2023\/03\/11\/icg-forca-lleida-alimerka-oviedo-baloncesto-76-65-2\/\" aria-label=\"Read more about ICG For\u00e7a Lleida &#8211; Alimerka Oviedo Baloncesto (76-65)\" tabindex=\"-1\" >\n\t\t\tRead more &#034;\t\t<\/a>\n\n\t\t\t\t<\/div>\n\t\t\t\t<div class=\"elementor-post__meta-data\">\n\t\t\t\t\t<span class=\"elementor-post-date\">\n\t\t\t11 de March de 2023\t\t<\/span>\n\t\t\t\t<\/div>\n\t\t\t\t\t<\/div>\n\t\t<\/article>\n\t\t\t\t<article class=\"elementor-post elementor-grid-item post-497 post type-post status-publish format-standard hentry category-noticias\">\n\t\t\t<div class=\"elementor-post__card\">\n\t\t\t\t<div class=\"elementor-post__text\">\n\t\t\t\t<h2 class=\"elementor-post__title\">\n\t\t\t<a href=\"https:\/\/gijonbasket.com\/en\/2023\/03\/10\/gijonbasket-3\/\" >\n\t\t\t\tGijonBasket\t\t\t<\/a>\n\t\t<\/h2>\n\t\t\t\t<div class=\"elementor-post__excerpt\">\n\t\t\t<p>Nueva baja en el Alimerka Oviedo Baloncesto tras la rescisi\u00f3n de contrato a Craig LeCesne. El ala-p\u00edvot sueco abandona el conjunto carbay\u00f3n tras disputar 17<\/p>\n\t\t<\/div>\n\t\t\n\t\t<a class=\"elementor-post__read-more\" href=\"https:\/\/gijonbasket.com\/en\/2023\/03\/10\/gijonbasket-3\/\" aria-label=\"Read more about GijonBasket\" tabindex=\"-1\" >\n\t\t\tRead more &#034;\t\t<\/a>\n\n\t\t\t\t<\/div>\n\t\t\t\t<div class=\"elementor-post__meta-data\">\n\t\t\t\t\t<span class=\"elementor-post-date\">\n\t\t\t10 de March de 2023\t\t<\/span>\n\t\t\t\t<\/div>\n\t\t\t\t\t<\/div>\n\t\t<\/article>\n\t\t\t\t<article class=\"elementor-post elementor-grid-item post-496 post type-post status-publish format-standard hentry category-noticias\">\n\t\t\t<div class=\"elementor-post__card\">\n\t\t\t\t<div class=\"elementor-post__text\">\n\t\t\t\t<h2 class=\"elementor-post__title\">\n\t\t\t<a href=\"https:\/\/gijonbasket.com\/en\/2023\/03\/10\/phoenix-suns\/\" >\n\t\t\t\tPhoenix Suns\t\t\t<\/a>\n\t\t<\/h2>\n\t\t\t\t<div class=\"elementor-post__excerpt\">\n\t\t\t<p>Baja de Kevin Durant para tres semanas por un esguince en su tobillo izquierdo.<\/p>\n\t\t<\/div>\n\t\t\n\t\t<a class=\"elementor-post__read-more\" href=\"https:\/\/gijonbasket.com\/en\/2023\/03\/10\/phoenix-suns\/\" aria-label=\"Read more about Phoenix Suns\" tabindex=\"-1\" >\n\t\t\tRead more &#034;\t\t<\/a>\n\n\t\t\t\t<\/div>\n\t\t\t\t<div class=\"elementor-post__meta-data\">\n\t\t\t\t\t<span class=\"elementor-post-date\">\n\t\t\t10 de March de 2023\t\t<\/span>\n\t\t\t\t<\/div>\n\t\t\t\t\t<\/div>\n\t\t<\/article>\n\t\t\t\t<article class=\"elementor-post elementor-grid-item post-495 post type-post status-publish format-standard hentry category-noticias\">\n\t\t\t<div class=\"elementor-post__card\">\n\t\t\t\t<div class=\"elementor-post__text\">\n\t\t\t\t<h2 class=\"elementor-post__title\">\n\t\t\t<a href=\"https:\/\/gijonbasket.com\/en\/2023\/03\/10\/memphis-grizzlies\/\" >\n\t\t\t\tMemphis Grizzlies\t\t\t<\/a>\n\t\t<\/h2>\n\t\t\t\t<div class=\"elementor-post__excerpt\">\n\t\t\t<p>Baja de Steven Adams para un mes m\u00e1s por su lesi\u00f3n del esguince en el ligamento cruzado posterior de su rodilla derecha.<\/p>\n\t\t<\/div>\n\t\t\n\t\t<a class=\"elementor-post__read-more\" href=\"https:\/\/gijonbasket.com\/en\/2023\/03\/10\/memphis-grizzlies\/\" aria-label=\"Read more about Memphis Grizzlies\" tabindex=\"-1\" >\n\t\t\tRead more &#034;\t\t<\/a>\n\n\t\t\t\t<\/div>\n\t\t\t\t<div class=\"elementor-post__meta-data\">\n\t\t\t\t\t<span class=\"elementor-post-date\">\n\t\t\t10 de March de 2023\t\t<\/span>\n\t\t\t\t<\/div>\n\t\t\t\t\t<\/div>\n\t\t<\/article>\n\t\t\t\t<article class=\"elementor-post elementor-grid-item post-490 post type-post status-publish format-standard hentry category-noticias\">\n\t\t\t<div class=\"elementor-post__card\">\n\t\t\t\t<div class=\"elementor-post__text\">\n\t\t\t\t<h2 class=\"elementor-post__title\">\n\t\t\t<a href=\"https:\/\/gijonbasket.com\/en\/2023\/03\/10\/new-york-knicks\/\" >\n\t\t\t\tNew York Knicks\t\t\t<\/a>\n\t\t<\/h2>\n\t\t\t\t<div class=\"elementor-post__excerpt\">\n\t\t\t<p>Fichaje de Moses Brown (Los \u00c1ngeles Clippers).<\/p>\n\t\t<\/div>\n\t\t\n\t\t<a class=\"elementor-post__read-more\" href=\"https:\/\/gijonbasket.com\/en\/2023\/03\/10\/new-york-knicks\/\" aria-label=\"Read more about New York Knicks\" tabindex=\"-1\" >\n\t\t\tRead more &#034;\t\t<\/a>\n\n\t\t\t\t<\/div>\n\t\t\t\t<div class=\"elementor-post__meta-data\">\n\t\t\t\t\t<span class=\"elementor-post-date\">\n\t\t\t10 de March de 2023\t\t<\/span>\n\t\t\t\t<\/div>\n\t\t\t\t\t<\/div>\n\t\t<\/article>\n\t\t\t\t<article class=\"elementor-post elementor-grid-item post-489 post type-post status-publish format-standard hentry category-noticias\">\n\t\t\t<div class=\"elementor-post__card\">\n\t\t\t\t<div class=\"elementor-post__text\">\n\t\t\t\t<h2 class=\"elementor-post__title\">\n\t\t\t<a href=\"https:\/\/gijonbasket.com\/en\/2023\/03\/10\/cb-almansa-con-afanion-2\/\" >\n\t\t\t\tCB Almansa con AFANION\t\t\t<\/a>\n\t\t<\/h2>\n\t\t\t\t<div class=\"elementor-post__excerpt\">\n\t\t\t<p>No continuidad de Lamar Morgan.<\/p>\n\t\t<\/div>\n\t\t\n\t\t<a class=\"elementor-post__read-more\" href=\"https:\/\/gijonbasket.com\/en\/2023\/03\/10\/cb-almansa-con-afanion-2\/\" aria-label=\"Read more about CB Almansa con AFANION\" tabindex=\"-1\" >\n\t\t\tRead more &#034;\t\t<\/a>\n\n\t\t\t\t<\/div>\n\t\t\t\t<div class=\"elementor-post__meta-data\">\n\t\t\t\t\t<span class=\"elementor-post-date\">\n\t\t\t10 de March de 2023\t\t<\/span>\n\t\t\t\t<\/div>\n\t\t\t\t\t<\/div>\n\t\t<\/article>\n\t\t\t\t<article class=\"elementor-post elementor-grid-item post-488 post type-post status-publish format-standard hentry category-noticias\">\n\t\t\t<div class=\"elementor-post__card\">\n\t\t\t\t<div class=\"elementor-post__text\">\n\t\t\t\t<h2 class=\"elementor-post__title\">\n\t\t\t<a href=\"https:\/\/gijonbasket.com\/en\/2023\/03\/10\/morabanc-andorra\/\" >\n\t\t\t\tMoraBanc Andorra\t\t\t<\/a>\n\t\t<\/h2>\n\t\t\t\t<div class=\"elementor-post__excerpt\">\n\t\t\t<p>Baja de Micah Speight para cuatro semanas por una lesi\u00f3n muscular en el recto anterior del cuadriceps de su pierna derecha.<\/p>\n\t\t<\/div>\n\t\t\n\t\t<a class=\"elementor-post__read-more\" href=\"https:\/\/gijonbasket.com\/en\/2023\/03\/10\/morabanc-andorra\/\" aria-label=\"Read more about MoraBanc Andorra\" tabindex=\"-1\" >\n\t\t\tRead more &#034;\t\t<\/a>\n\n\t\t\t\t<\/div>\n\t\t\t\t<div class=\"elementor-post__meta-data\">\n\t\t\t\t\t<span class=\"elementor-post-date\">\n\t\t\t10 de March de 2023\t\t<\/span>\n\t\t\t\t<\/div>\n\t\t\t\t\t<\/div>\n\t\t<\/article>\n\t\t\t\t<article class=\"elementor-post elementor-grid-item post-484 post type-post status-publish format-standard hentry category-noticias\">\n\t\t\t<div class=\"elementor-post__card\">\n\t\t\t\t<div class=\"elementor-post__text\">\n\t\t\t\t<h2 class=\"elementor-post__title\">\n\t\t\t<a href=\"https:\/\/gijonbasket.com\/en\/2023\/03\/10\/alm-evreux-basket\/\" >\n\t\t\t\tALM Evreux Basket\t\t\t<\/a>\n\t\t<\/h2>\n\t\t\t\t<div class=\"elementor-post__excerpt\">\n\t\t\t<p>No continuidad de Paolo Marinelli.<\/p>\n\t\t<\/div>\n\t\t\n\t\t<a class=\"elementor-post__read-more\" href=\"https:\/\/gijonbasket.com\/en\/2023\/03\/10\/alm-evreux-basket\/\" aria-label=\"Read more about ALM Evreux Basket\" tabindex=\"-1\" >\n\t\t\tRead more &#034;\t\t<\/a>\n\n\t\t\t\t<\/div>\n\t\t\t\t<div class=\"elementor-post__meta-data\">\n\t\t\t\t\t<span class=\"elementor-post-date\">\n\t\t\t10 de March de 2023\t\t<\/span>\n\t\t\t\t<\/div>\n\t\t\t\t\t<\/div>\n\t\t<\/article>\n\t\t\t\t<article class=\"elementor-post elementor-grid-item post-483 post type-post status-publish format-standard hentry category-noticias\">\n\t\t\t<div class=\"elementor-post__card\">\n\t\t\t\t<div class=\"elementor-post__text\">\n\t\t\t\t<h2 class=\"elementor-post__title\">\n\t\t\t<a href=\"https:\/\/gijonbasket.com\/en\/2023\/03\/10\/sem77-yalova-belediye\/\" >\n\t\t\t\tSem77 Yalova Belediye\t\t\t<\/a>\n\t\t<\/h2>\n\t\t\t\t<div class=\"elementor-post__excerpt\">\n\t\t\t<p>Fichaje de Ricky Ledo (Sporting Al Riyadi Beirut).<\/p>\n\t\t<\/div>\n\t\t\n\t\t<a class=\"elementor-post__read-more\" href=\"https:\/\/gijonbasket.com\/en\/2023\/03\/10\/sem77-yalova-belediye\/\" aria-label=\"Read more about Sem77 Yalova Belediye\" tabindex=\"-1\" >\n\t\t\tRead more &#034;\t\t<\/a>\n\n\t\t\t\t<\/div>\n\t\t\t\t<div class=\"elementor-post__meta-data\">\n\t\t\t\t\t<span class=\"elementor-post-date\">\n\t\t\t10 de March de 2023\t\t<\/span>\n\t\t\t\t<\/div>\n\t\t\t\t\t<\/div>\n\t\t<\/article>\n\t\t\t\t<article class=\"elementor-post elementor-grid-item post-482 post type-post status-publish format-standard hentry category-noticias\">\n\t\t\t<div class=\"elementor-post__card\">\n\t\t\t\t<div class=\"elementor-post__text\">\n\t\t\t\t<h2 class=\"elementor-post__title\">\n\t\t\t<a href=\"https:\/\/gijonbasket.com\/en\/2023\/03\/10\/lille-metropole-basket-red-giants\/\" >\n\t\t\t\tLille Metropole Basket Red Giants\t\t\t<\/a>\n\t\t<\/h2>\n\t\t\t\t<div class=\"elementor-post__excerpt\">\n\t\t\t<p>Fichaje de Thomas Ceci-Diop (Jean D&#8217;Arc Vichy Clermont Metropole).<\/p>\n\t\t<\/div>\n\t\t\n\t\t<a class=\"elementor-post__read-more\" href=\"https:\/\/gijonbasket.com\/en\/2023\/03\/10\/lille-metropole-basket-red-giants\/\" aria-label=\"Read more about Lille Metropole Basket Red Giants\" tabindex=\"-1\" >\n\t\t\tRead more &#034;\t\t<\/a>\n\n\t\t\t\t<\/div>\n\t\t\t\t<div class=\"elementor-post__meta-data\">\n\t\t\t\t\t<span class=\"elementor-post-date\">\n\t\t\t10 de March de 2023\t\t<\/span>\n\t\t\t\t<\/div>\n\t\t\t\t\t<\/div>\n\t\t<\/article>\n\t\t\t\t<article class=\"elementor-post elementor-grid-item post-478 post type-post status-publish format-standard hentry category-noticias\">\n\t\t\t<div class=\"elementor-post__card\">\n\t\t\t\t<div class=\"elementor-post__text\">\n\t\t\t\t<h2 class=\"elementor-post__title\">\n\t\t\t<a href=\"https:\/\/gijonbasket.com\/en\/2023\/03\/10\/brillantes-de-zulia\/\" >\n\t\t\t\tBrillantes de Zulia\t\t\t<\/a>\n\t\t<\/h2>\n\t\t\t\t<div class=\"elementor-post__excerpt\">\n\t\t\t<p>Fichaje de Glen Rice Jr. (Next Urban Maccabi Haifa).<\/p>\n\t\t<\/div>\n\t\t\n\t\t<a class=\"elementor-post__read-more\" href=\"https:\/\/gijonbasket.com\/en\/2023\/03\/10\/brillantes-de-zulia\/\" aria-label=\"Read more about Brillantes de Zulia\" tabindex=\"-1\" >\n\t\t\tRead more &#034;\t\t<\/a>\n\n\t\t\t\t<\/div>\n\t\t\t\t<div class=\"elementor-post__meta-data\">\n\t\t\t\t\t<span class=\"elementor-post-date\">\n\t\t\t10 de March de 2023\t\t<\/span>\n\t\t\t\t<\/div>\n\t\t\t\t\t<\/div>\n\t\t<\/article>\n\t\t\t\t<article class=\"elementor-post elementor-grid-item post-477 post type-post status-publish format-standard hentry category-noticias\">\n\t\t\t<div class=\"elementor-post__card\">\n\t\t\t\t<div class=\"elementor-post__text\">\n\t\t\t\t<h2 class=\"elementor-post__title\">\n\t\t\t<a href=\"https:\/\/gijonbasket.com\/en\/2023\/03\/10\/mhp-riesen-ludwigsburg\/\" >\n\t\t\t\tMHP Riesen Ludwigsburg\t\t\t<\/a>\n\t\t<\/h2>\n\t\t\t\t<div class=\"elementor-post__excerpt\">\n\t\t\t<p>Fichaje de Tommy Kuhse (Austin Spurs).<\/p>\n\t\t<\/div>\n\t\t\n\t\t<a class=\"elementor-post__read-more\" href=\"https:\/\/gijonbasket.com\/en\/2023\/03\/10\/mhp-riesen-ludwigsburg\/\" aria-label=\"Read more about MHP Riesen Ludwigsburg\" tabindex=\"-1\" >\n\t\t\tRead more &#034;\t\t<\/a>\n\n\t\t\t\t<\/div>\n\t\t\t\t<div class=\"elementor-post__meta-data\">\n\t\t\t\t\t<span class=\"elementor-post-date\">\n\t\t\t10 de March de 2023\t\t<\/span>\n\t\t\t\t<\/div>\n\t\t\t\t\t<\/div>\n\t\t<\/article>\n\t\t\t\t<article class=\"elementor-post elementor-grid-item post-476 post type-post status-publish format-standard hentry category-noticias\">\n\t\t\t<div class=\"elementor-post__card\">\n\t\t\t\t<div class=\"elementor-post__text\">\n\t\t\t\t<h2 class=\"elementor-post__title\">\n\t\t\t<a href=\"https:\/\/gijonbasket.com\/en\/2023\/03\/10\/fenerbahce-beko-istanbul\/\" >\n\t\t\t\tFenerbahce Beko Istanbul\t\t\t<\/a>\n\t\t<\/h2>\n\t\t\t\t<div class=\"elementor-post__excerpt\">\n\t\t\t<p>Renovaci\u00f3n de contrato a Marko Guduric hasta el final de la temporada 2025\/2026.<\/p>\n\t\t<\/div>\n\t\t\n\t\t<a class=\"elementor-post__read-more\" href=\"https:\/\/gijonbasket.com\/en\/2023\/03\/10\/fenerbahce-beko-istanbul\/\" aria-label=\"Read more about Fenerbahce Beko Istanbul\" tabindex=\"-1\" >\n\t\t\tRead more &#034;\t\t<\/a>\n\n\t\t\t\t<\/div>\n\t\t\t\t<div class=\"elementor-post__meta-data\">\n\t\t\t\t\t<span class=\"elementor-post-date\">\n\t\t\t10 de March de 2023\t\t<\/span>\n\t\t\t\t<\/div>\n\t\t\t\t\t<\/div>\n\t\t<\/article>\n\t\t\t\t<article class=\"elementor-post elementor-grid-item post-512 post type-post status-publish format-standard hentry category-noticias\">\n\t\t\t<div class=\"elementor-post__card\">\n\t\t\t\t<div class=\"elementor-post__text\">\n\t\t\t\t<h2 class=\"elementor-post__title\">\n\t\t\t<a href=\"https:\/\/gijonbasket.com\/en\/2023\/03\/09\/gijonbasket-corinto-gijon-basket-mundioma-marin-ence-peixegalego-ultima-hora\/\" >\n\t\t\t\tGijonBasket : Corinto Gij\u00f3n Basket &#8211; Mundioma Mar\u00edn Ence PeixeGalego. \u00daltima Hora.\t\t\t<\/a>\n\t\t<\/h2>\n\t\t\t\t<div class=\"elementor-post__excerpt\">\n\t\t\t<p>Corinto Gij\u00f3n Basket prepara el encuentro de este s\u00e1bado ante el Mundioma Mar\u00edn Ence PeixeGalego (s\u00e1bado 11 marzo &#8211; 20:00). Con la permanencia virtualmente asegurada<\/p>\n\t\t<\/div>\n\t\t\n\t\t<a class=\"elementor-post__read-more\" href=\"https:\/\/gijonbasket.com\/en\/2023\/03\/09\/gijonbasket-corinto-gijon-basket-mundioma-marin-ence-peixegalego-ultima-hora\/\" aria-label=\"Read more about GijonBasket : Corinto Gij\u00f3n Basket &#8211; Mundioma Mar\u00edn Ence PeixeGalego. \u00daltima Hora.\" tabindex=\"-1\" >\n\t\t\tRead more &#034;\t\t<\/a>\n\n\t\t\t\t<\/div>\n\t\t\t\t<div class=\"elementor-post__meta-data\">\n\t\t\t\t\t<span class=\"elementor-post-date\">\n\t\t\t9 de March de 2023\t\t<\/span>\n\t\t\t\t<\/div>\n\t\t\t\t\t<\/div>\n\t\t<\/article>\n\t\t\t\t<article class=\"elementor-post elementor-grid-item post-511 post type-post status-publish format-standard hentry category-noticias\">\n\t\t\t<div class=\"elementor-post__card\">\n\t\t\t\t<div class=\"elementor-post__text\">\n\t\t\t\t<h2 class=\"elementor-post__title\">\n\t\t\t<a href=\"https:\/\/gijonbasket.com\/en\/2023\/03\/09\/carpegna-prosciutto-pesaro\/\" >\n\t\t\t\tCarpegna Prosciutto Pesaro\t\t\t<\/a>\n\t\t<\/h2>\n\t\t\t\t<div class=\"elementor-post__excerpt\">\n\t\t\t<p>Fichaje de Austin Daye (New Taipei Kings).<\/p>\n\t\t<\/div>\n\t\t\n\t\t<a class=\"elementor-post__read-more\" href=\"https:\/\/gijonbasket.com\/en\/2023\/03\/09\/carpegna-prosciutto-pesaro\/\" aria-label=\"Read more about Carpegna Prosciutto Pesaro\" tabindex=\"-1\" >\n\t\t\tRead more &#034;\t\t<\/a>\n\n\t\t\t\t<\/div>\n\t\t\t\t<div class=\"elementor-post__meta-data\">\n\t\t\t\t\t<span class=\"elementor-post-date\">\n\t\t\t9 de March de 2023\t\t<\/span>\n\t\t\t\t<\/div>\n\t\t\t\t\t<\/div>\n\t\t<\/article>\n\t\t\t\t<article class=\"elementor-post elementor-grid-item post-505 post type-post status-publish format-standard hentry category-noticias\">\n\t\t\t<div class=\"elementor-post__card\">\n\t\t\t\t<div class=\"elementor-post__text\">\n\t\t\t\t<h2 class=\"elementor-post__title\">\n\t\t\t<a href=\"https:\/\/gijonbasket.com\/en\/2023\/03\/09\/pallacanestro-trieste\/\" >\n\t\t\t\tPallacanestro Trieste\t\t\t<\/a>\n\t\t<\/h2>\n\t\t\t\t<div class=\"elementor-post__excerpt\">\n\t\t\t<p>Fichaje de Jalen Hudson (Talk N Text Tropang Giga).<\/p>\n\t\t<\/div>\n\t\t\n\t\t<a class=\"elementor-post__read-more\" href=\"https:\/\/gijonbasket.com\/en\/2023\/03\/09\/pallacanestro-trieste\/\" aria-label=\"Read more about Pallacanestro Trieste\" tabindex=\"-1\" >\n\t\t\tRead more &#034;\t\t<\/a>\n\n\t\t\t\t<\/div>\n\t\t\t\t<div class=\"elementor-post__meta-data\">\n\t\t\t\t\t<span class=\"elementor-post-date\">\n\t\t\t9 de March de 2023\t\t<\/span>\n\t\t\t\t<\/div>\n\t\t\t\t\t<\/div>\n\t\t<\/article>\n\t\t\t\t<article class=\"elementor-post elementor-grid-item post-504 post type-post status-publish format-standard hentry category-noticias\">\n\t\t\t<div class=\"elementor-post__card\">\n\t\t\t\t<div class=\"elementor-post__text\">\n\t\t\t\t<h2 class=\"elementor-post__title\">\n\t\t\t<a href=\"https:\/\/gijonbasket.com\/en\/2023\/03\/09\/piratas-de-quebradillas\/\" >\n\t\t\t\tPiratas de Quebradillas\t\t\t<\/a>\n\t\t<\/h2>\n\t\t\t\t<div class=\"elementor-post__excerpt\">\n\t\t\t<p>Fichaje de Bobby Harris (CB Almansa con AFANION).<\/p>\n\t\t<\/div>\n\t\t\n\t\t<a class=\"elementor-post__read-more\" href=\"https:\/\/gijonbasket.com\/en\/2023\/03\/09\/piratas-de-quebradillas\/\" aria-label=\"Read more about Piratas de Quebradillas\" tabindex=\"-1\" >\n\t\t\tRead more &#034;\t\t<\/a>\n\n\t\t\t\t<\/div>\n\t\t\t\t<div class=\"elementor-post__meta-data\">\n\t\t\t\t\t<span class=\"elementor-post-date\">\n\t\t\t9 de March de 2023\t\t<\/span>\n\t\t\t\t<\/div>\n\t\t\t\t\t<\/div>\n\t\t<\/article>\n\t\t\t\t<article class=\"elementor-post elementor-grid-item post-503 post type-post status-publish format-standard hentry category-noticias\">\n\t\t\t<div class=\"elementor-post__card\">\n\t\t\t\t<div class=\"elementor-post__text\">\n\t\t\t\t<h2 class=\"elementor-post__title\">\n\t\t\t<a href=\"https:\/\/gijonbasket.com\/en\/2023\/03\/09\/leones-de-ponce\/\" >\n\t\t\t\tLeones de Ponce\t\t\t<\/a>\n\t\t<\/h2>\n\t\t\t\t<div class=\"elementor-post__excerpt\">\n\t\t\t<p>Fichaje de Eric Paschall (Utah Jazz).<\/p>\n\t\t<\/div>\n\t\t\n\t\t<a class=\"elementor-post__read-more\" href=\"https:\/\/gijonbasket.com\/en\/2023\/03\/09\/leones-de-ponce\/\" aria-label=\"Read more about Leones de Ponce\" tabindex=\"-1\" >\n\t\t\tRead more &#034;\t\t<\/a>\n\n\t\t\t\t<\/div>\n\t\t\t\t<div class=\"elementor-post__meta-data\">\n\t\t\t\t\t<span class=\"elementor-post-date\">\n\t\t\t9 de March de 2023\t\t<\/span>\n\t\t\t\t<\/div>\n\t\t\t\t\t<\/div>\n\t\t<\/article>\n\t\t\t\t<article class=\"elementor-post elementor-grid-item post-502 post type-post status-publish format-standard hentry category-noticias\">\n\t\t\t<div class=\"elementor-post__card\">\n\t\t\t\t<div class=\"elementor-post__text\">\n\t\t\t\t<h2 class=\"elementor-post__title\">\n\t\t\t<a href=\"https:\/\/gijonbasket.com\/en\/2023\/03\/09\/paris-basketball\/\" >\n\t\t\t\tParis Basketball\t\t\t<\/a>\n\t\t<\/h2>\n\t\t\t\t<div class=\"elementor-post__excerpt\">\n\t\t\t<p>Fichaje de Chris Goulding (Melbourne United).<\/p>\n\t\t<\/div>\n\t\t\n\t\t<a class=\"elementor-post__read-more\" href=\"https:\/\/gijonbasket.com\/en\/2023\/03\/09\/paris-basketball\/\" aria-label=\"Read more about Paris Basketball\" tabindex=\"-1\" >\n\t\t\tRead more &#034;\t\t<\/a>\n\n\t\t\t\t<\/div>\n\t\t\t\t<div class=\"elementor-post__meta-data\">\n\t\t\t\t\t<span class=\"elementor-post-date\">\n\t\t\t9 de March de 2023\t\t<\/span>\n\t\t\t\t<\/div>\n\t\t\t\t\t<\/div>\n\t\t<\/article>\n\t\t\t\t<article class=\"elementor-post elementor-grid-item post-501 post type-post status-publish format-standard hentry category-noticias\">\n\t\t\t<div class=\"elementor-post__card\">\n\t\t\t\t<div class=\"elementor-post__text\">\n\t\t\t\t<h2 class=\"elementor-post__title\">\n\t\t\t<a href=\"https:\/\/gijonbasket.com\/en\/2023\/03\/09\/marinos-de-anzoategui\/\" >\n\t\t\t\tMarinos de Anzoategui\t\t\t<\/a>\n\t\t<\/h2>\n\t\t\t\t<div class=\"elementor-post__excerpt\">\n\t\t\t<p>Fichaje de Melvin Zambrano (Spartans de Distrito Capital Caracas).<\/p>\n\t\t<\/div>\n\t\t\n\t\t<a class=\"elementor-post__read-more\" href=\"https:\/\/gijonbasket.com\/en\/2023\/03\/09\/marinos-de-anzoategui\/\" aria-label=\"Read more about Marinos de Anzoategui\" tabindex=\"-1\" >\n\t\t\tRead more &#034;\t\t<\/a>\n\n\t\t\t\t<\/div>\n\t\t\t\t<div class=\"elementor-post__meta-data\">\n\t\t\t\t\t<span class=\"elementor-post-date\">\n\t\t\t9 de March de 2023\t\t<\/span>\n\t\t\t\t<\/div>\n\t\t\t\t\t<\/div>\n\t\t<\/article>\n\t\t\t\t<article class=\"elementor-post elementor-grid-item post-521 post type-post status-publish format-standard hentry category-noticias\">\n\t\t\t<div class=\"elementor-post__card\">\n\t\t\t\t<div class=\"elementor-post__text\">\n\t\t\t\t<h2 class=\"elementor-post__title\">\n\t\t\t<a href=\"https:\/\/gijonbasket.com\/en\/2023\/03\/08\/trotamundos-de-carabobo\/\" >\n\t\t\t\tTrotamundos de Carabobo\t\t\t<\/a>\n\t\t<\/h2>\n\t\t\t\t<div class=\"elementor-post__excerpt\">\n\t\t\t<p>Fichaje de Jhornan Zamora (Club Ourense Baloncesto).<\/p>\n\t\t<\/div>\n\t\t\n\t\t<a class=\"elementor-post__read-more\" href=\"https:\/\/gijonbasket.com\/en\/2023\/03\/08\/trotamundos-de-carabobo\/\" aria-label=\"Read more about Trotamundos de Carabobo\" tabindex=\"-1\" >\n\t\t\tRead more &#034;\t\t<\/a>\n\n\t\t\t\t<\/div>\n\t\t\t\t<div class=\"elementor-post__meta-data\">\n\t\t\t\t\t<span class=\"elementor-post-date\">\n\t\t\t8 de March de 2023\t\t<\/span>\n\t\t\t\t<\/div>\n\t\t\t\t\t<\/div>\n\t\t<\/article>\n\t\t\t\t<article class=\"elementor-post elementor-grid-item post-520 post type-post status-publish format-standard hentry category-noticias\">\n\t\t\t<div class=\"elementor-post__card\">\n\t\t\t\t<div class=\"elementor-post__text\">\n\t\t\t\t<h2 class=\"elementor-post__title\">\n\t\t\t<a href=\"https:\/\/gijonbasket.com\/en\/2023\/03\/08\/c-b-lhorta-godella\/\" >\n\t\t\t\tC.B. L\u00b4Horta Godella\t\t\t<\/a>\n\t\t<\/h2>\n\t\t\t\t<div class=\"elementor-post__excerpt\">\n\t\t\t<p>Fichaje de Josep P\u00e9rez (MoraBanc Andorra).<\/p>\n\t\t<\/div>\n\t\t\n\t\t<a class=\"elementor-post__read-more\" href=\"https:\/\/gijonbasket.com\/en\/2023\/03\/08\/c-b-lhorta-godella\/\" aria-label=\"Read more about C.B. L\u00b4Horta Godella\" tabindex=\"-1\" >\n\t\t\tRead more &#034;\t\t<\/a>\n\n\t\t\t\t<\/div>\n\t\t\t\t<div class=\"elementor-post__meta-data\">\n\t\t\t\t\t<span class=\"elementor-post-date\">\n\t\t\t8 de March de 2023\t\t<\/span>\n\t\t\t\t<\/div>\n\t\t\t\t\t<\/div>\n\t\t<\/article>\n\t\t\t\t<article class=\"elementor-post elementor-grid-item post-519 post type-post status-publish format-standard hentry category-noticias\">\n\t\t\t<div class=\"elementor-post__card\">\n\t\t\t\t<div class=\"elementor-post__text\">\n\t\t\t\t<h2 class=\"elementor-post__title\">\n\t\t\t<a href=\"https:\/\/gijonbasket.com\/en\/2023\/03\/08\/cb-almansa-con-afanion-3\/\" >\n\t\t\t\tCB Almansa con AFANION\t\t\t<\/a>\n\t\t<\/h2>\n\t\t\t\t<div class=\"elementor-post__excerpt\">\n\t\t\t<p>No continuidad de Bobby Harris por motivos personales.<\/p>\n\t\t<\/div>\n\t\t\n\t\t<a class=\"elementor-post__read-more\" href=\"https:\/\/gijonbasket.com\/en\/2023\/03\/08\/cb-almansa-con-afanion-3\/\" aria-label=\"Read more about CB Almansa con AFANION\" tabindex=\"-1\" >\n\t\t\tRead more &#034;\t\t<\/a>\n\n\t\t\t\t<\/div>\n\t\t\t\t<div class=\"elementor-post__meta-data\">\n\t\t\t\t\t<span class=\"elementor-post-date\">\n\t\t\t8 de March de 2023\t\t<\/span>\n\t\t\t\t<\/div>\n\t\t\t\t\t<\/div>\n\t\t<\/article>\n\t\t\t\t<article class=\"elementor-post elementor-grid-item post-518 post type-post status-publish format-standard hentry category-noticias\">\n\t\t\t<div class=\"elementor-post__card\">\n\t\t\t\t<div class=\"elementor-post__text\">\n\t\t\t\t<h2 class=\"elementor-post__title\">\n\t\t\t<a href=\"https:\/\/gijonbasket.com\/en\/2023\/03\/08\/real-betis-baloncesto-2\/\" >\n\t\t\t\tReal Betis Baloncesto\t\t\t<\/a>\n\t\t<\/h2>\n\t\t\t\t<div class=\"elementor-post__excerpt\">\n\t\t\t<p>Baja de BJ Johnson al sufrir una rotura de grado II de la uni\u00f3n miofascial del aductor del muslo izquierdo.<\/p>\n\t\t<\/div>\n\t\t\n\t\t<a class=\"elementor-post__read-more\" href=\"https:\/\/gijonbasket.com\/en\/2023\/03\/08\/real-betis-baloncesto-2\/\" aria-label=\"Read more about Real Betis Baloncesto\" tabindex=\"-1\" >\n\t\t\tRead more &#034;\t\t<\/a>\n\n\t\t\t\t<\/div>\n\t\t\t\t<div class=\"elementor-post__meta-data\">\n\t\t\t\t\t<span class=\"elementor-post-date\">\n\t\t\t8 de March de 2023\t\t<\/span>\n\t\t\t\t<\/div>\n\t\t\t\t\t<\/div>\n\t\t<\/article>\n\t\t\t\t<article class=\"elementor-post elementor-grid-item post-517 post type-post status-publish format-standard hentry category-noticias\">\n\t\t\t<div class=\"elementor-post__card\">\n\t\t\t\t<div class=\"elementor-post__text\">\n\t\t\t\t<h2 class=\"elementor-post__title\">\n\t\t\t<a href=\"https:\/\/gijonbasket.com\/en\/2023\/03\/08\/gigantes-de-guayana-2\/\" >\n\t\t\t\tGigantes de Guayana\t\t\t<\/a>\n\t\t<\/h2>\n\t\t\t\t<div class=\"elementor-post__excerpt\">\n\t\t\t<p>Fichaje de Fernando Lucena (Caribbean Storm Islands).<\/p>\n\t\t<\/div>\n\t\t\n\t\t<a class=\"elementor-post__read-more\" href=\"https:\/\/gijonbasket.com\/en\/2023\/03\/08\/gigantes-de-guayana-2\/\" aria-label=\"Read more about Gigantes de Guayana\" tabindex=\"-1\" >\n\t\t\tRead more &#034;\t\t<\/a>\n\n\t\t\t\t<\/div>\n\t\t\t\t<div class=\"elementor-post__meta-data\">\n\t\t\t\t\t<span class=\"elementor-post-date\">\n\t\t\t8 de March de 2023\t\t<\/span>\n\t\t\t\t<\/div>\n\t\t\t\t\t<\/div>\n\t\t<\/article>\n\t\t\t\t<article class=\"elementor-post elementor-grid-item post-516 post type-post status-publish format-standard hentry category-noticias\">\n\t\t\t<div class=\"elementor-post__card\">\n\t\t\t\t<div class=\"elementor-post__text\">\n\t\t\t\t<h2 class=\"elementor-post__title\">\n\t\t\t<a href=\"https:\/\/gijonbasket.com\/en\/2023\/03\/08\/bk-grodno-93\/\" >\n\t\t\t\tBK Grodno-93\t\t\t<\/a>\n\t\t<\/h2>\n\t\t\t\t<div class=\"elementor-post__excerpt\">\n\t\t\t<p>Fichaje de Filip Simic (Academica EFAPEL Coimbra).<\/p>\n\t\t<\/div>\n\t\t\n\t\t<a class=\"elementor-post__read-more\" href=\"https:\/\/gijonbasket.com\/en\/2023\/03\/08\/bk-grodno-93\/\" aria-label=\"Read more about BK Grodno-93\" tabindex=\"-1\" >\n\t\t\tRead more &#034;\t\t<\/a>\n\n\t\t\t\t<\/div>\n\t\t\t\t<div class=\"elementor-post__meta-data\">\n\t\t\t\t\t<span class=\"elementor-post-date\">\n\t\t\t8 de March de 2023\t\t<\/span>\n\t\t\t\t<\/div>\n\t\t\t\t\t<\/div>\n\t\t<\/article>\n\t\t\t\t<article class=\"elementor-post elementor-grid-item post-515 post type-post status-publish format-standard hentry category-noticias\">\n\t\t\t<div class=\"elementor-post__card\">\n\t\t\t\t<div class=\"elementor-post__text\">\n\t\t\t\t<h2 class=\"elementor-post__title\">\n\t\t\t<a href=\"https:\/\/gijonbasket.com\/en\/2023\/03\/08\/hapoel-unet-holon\/\" >\n\t\t\t\tHapoel UNET Holon\t\t\t<\/a>\n\t\t<\/h2>\n\t\t\t\t<div class=\"elementor-post__excerpt\">\n\t\t\t<p>Fichaje de Manny Harris (Kaohsiung Steelers).<\/p>\n\t\t<\/div>\n\t\t\n\t\t<a class=\"elementor-post__read-more\" href=\"https:\/\/gijonbasket.com\/en\/2023\/03\/08\/hapoel-unet-holon\/\" aria-label=\"Read more about Hapoel UNET Holon\" tabindex=\"-1\" >\n\t\t\tRead more &#034;\t\t<\/a>\n\n\t\t\t\t<\/div>\n\t\t\t\t<div class=\"elementor-post__meta-data\">\n\t\t\t\t\t<span class=\"elementor-post-date\">\n\t\t\t8 de March de 2023\t\t<\/span>\n\t\t\t\t<\/div>\n\t\t\t\t\t<\/div>\n\t\t<\/article>\n\t\t\t\t<article class=\"elementor-post elementor-grid-item post-540 post type-post status-publish format-standard hentry category-noticias\">\n\t\t\t<div class=\"elementor-post__card\">\n\t\t\t\t<div class=\"elementor-post__text\">\n\t\t\t\t<h2 class=\"elementor-post__title\">\n\t\t\t<a href=\"https:\/\/gijonbasket.com\/en\/2023\/03\/07\/gijonbasket-4\/\" >\n\t\t\t\tGijonBasket\t\t\t<\/a>\n\t\t<\/h2>\n\t\t\t\t<div class=\"elementor-post__excerpt\">\n\t\t\t<p>Malik Wineglass (Sitra Club), que milit\u00f3 en Huniko Gij\u00f3n Basket durante las temporadas 2017\/2018 y 2018\/2019, nuevo fichaje del Al Muharraq en Bahrein.<\/p>\n\t\t<\/div>\n\t\t\n\t\t<a class=\"elementor-post__read-more\" href=\"https:\/\/gijonbasket.com\/en\/2023\/03\/07\/gijonbasket-4\/\" aria-label=\"Read more about GijonBasket\" tabindex=\"-1\" >\n\t\t\tRead more &#034;\t\t<\/a>\n\n\t\t\t\t<\/div>\n\t\t\t\t<div class=\"elementor-post__meta-data\">\n\t\t\t\t\t<span class=\"elementor-post-date\">\n\t\t\t7 de March de 2023\t\t<\/span>\n\t\t\t\t<\/div>\n\t\t\t\t\t<\/div>\n\t\t<\/article>\n\t\t\t\t<article class=\"elementor-post elementor-grid-item post-539 post type-post status-publish format-standard hentry category-noticias\">\n\t\t\t<div class=\"elementor-post__card\">\n\t\t\t\t<div class=\"elementor-post__text\">\n\t\t\t\t<h2 class=\"elementor-post__title\">\n\t\t\t<a href=\"https:\/\/gijonbasket.com\/en\/2023\/03\/07\/boston-celtics\/\" >\n\t\t\t\tBoston Celtics\t\t\t<\/a>\n\t\t<\/h2>\n\t\t\t\t<div class=\"elementor-post__excerpt\">\n\t\t\t<p>Baja de Robert Williams para una semana por una contractura en el isquiotibial de su pierna izquierda.<\/p>\n\t\t<\/div>\n\t\t\n\t\t<a class=\"elementor-post__read-more\" href=\"https:\/\/gijonbasket.com\/en\/2023\/03\/07\/boston-celtics\/\" aria-label=\"Read more about Boston Celtics\" tabindex=\"-1\" >\n\t\t\tRead more &#034;\t\t<\/a>\n\n\t\t\t\t<\/div>\n\t\t\t\t<div class=\"elementor-post__meta-data\">\n\t\t\t\t\t<span class=\"elementor-post-date\">\n\t\t\t7 de March de 2023\t\t<\/span>\n\t\t\t\t<\/div>\n\t\t\t\t\t<\/div>\n\t\t<\/article>\n\t\t\t\t<article class=\"elementor-post elementor-grid-item post-538 post type-post status-publish format-standard hentry category-noticias\">\n\t\t\t<div class=\"elementor-post__card\">\n\t\t\t\t<div class=\"elementor-post__text\">\n\t\t\t\t<h2 class=\"elementor-post__title\">\n\t\t\t<a href=\"https:\/\/gijonbasket.com\/en\/2023\/03\/07\/washington-wizards\/\" >\n\t\t\t\tWashington Wizards\t\t\t<\/a>\n\t\t<\/h2>\n\t\t\t\t<div class=\"elementor-post__excerpt\">\n\t\t\t<p>Fichaje de Xavier Cooks (Sydney Kings).<\/p>\n\t\t<\/div>\n\t\t\n\t\t<a class=\"elementor-post__read-more\" href=\"https:\/\/gijonbasket.com\/en\/2023\/03\/07\/washington-wizards\/\" aria-label=\"Read more about Washington Wizards\" tabindex=\"-1\" >\n\t\t\tRead more &#034;\t\t<\/a>\n\n\t\t\t\t<\/div>\n\t\t\t\t<div class=\"elementor-post__meta-data\">\n\t\t\t\t\t<span class=\"elementor-post-date\">\n\t\t\t7 de March de 2023\t\t<\/span>\n\t\t\t\t<\/div>\n\t\t\t\t\t<\/div>\n\t\t<\/article>\n\t\t\t\t<article class=\"elementor-post elementor-grid-item post-537 post type-post status-publish format-standard hentry category-noticias\">\n\t\t\t<div class=\"elementor-post__card\">\n\t\t\t\t<div class=\"elementor-post__text\">\n\t\t\t\t<h2 class=\"elementor-post__title\">\n\t\t\t<a href=\"https:\/\/gijonbasket.com\/en\/2023\/03\/07\/hla-alicante\/\" >\n\t\t\t\tHLA Alicante\t\t\t<\/a>\n\t\t<\/h2>\n\t\t\t\t<div class=\"elementor-post__excerpt\">\n\t\t\t<p>Fichaje de Kadeem Coleby (Akita Northern Happinets).<\/p>\n\t\t<\/div>\n\t\t\n\t\t<a class=\"elementor-post__read-more\" href=\"https:\/\/gijonbasket.com\/en\/2023\/03\/07\/hla-alicante\/\" aria-label=\"Read more about HLA Alicante\" tabindex=\"-1\" >\n\t\t\tRead more &#034;\t\t<\/a>\n\n\t\t\t\t<\/div>\n\t\t\t\t<div class=\"elementor-post__meta-data\">\n\t\t\t\t\t<span class=\"elementor-post-date\">\n\t\t\t7 de March de 2023\t\t<\/span>\n\t\t\t\t<\/div>\n\t\t\t\t\t<\/div>\n\t\t<\/article>\n\t\t\t\t<article class=\"elementor-post elementor-grid-item post-532 post type-post status-publish format-standard hentry category-noticias\">\n\t\t\t<div class=\"elementor-post__card\">\n\t\t\t\t<div class=\"elementor-post__text\">\n\t\t\t\t<h2 class=\"elementor-post__title\">\n\t\t\t<a href=\"https:\/\/gijonbasket.com\/en\/2023\/03\/07\/al-gharafa-doha\/\" >\n\t\t\t\tAl Gharafa Doha\t\t\t<\/a>\n\t\t<\/h2>\n\t\t\t\t<div class=\"elementor-post__excerpt\">\n\t\t\t<p>Fichaje de Max Clark (Montana Western University).<\/p>\n\t\t<\/div>\n\t\t\n\t\t<a class=\"elementor-post__read-more\" href=\"https:\/\/gijonbasket.com\/en\/2023\/03\/07\/al-gharafa-doha\/\" aria-label=\"Read more about Al Gharafa Doha\" tabindex=\"-1\" >\n\t\t\tRead more &#034;\t\t<\/a>\n\n\t\t\t\t<\/div>\n\t\t\t\t<div class=\"elementor-post__meta-data\">\n\t\t\t\t\t<span class=\"elementor-post-date\">\n\t\t\t7 de March de 2023\t\t<\/span>\n\t\t\t\t<\/div>\n\t\t\t\t\t<\/div>\n\t\t<\/article>\n\t\t\t\t<article class=\"elementor-post elementor-grid-item post-531 post type-post status-publish format-standard hentry category-noticias\">\n\t\t\t<div class=\"elementor-post__card\">\n\t\t\t\t<div class=\"elementor-post__text\">\n\t\t\t\t<h2 class=\"elementor-post__title\">\n\t\t\t<a href=\"https:\/\/gijonbasket.com\/en\/2023\/03\/07\/southland-sharks\/\" >\n\t\t\t\tSouthland Sharks\t\t\t<\/a>\n\t\t<\/h2>\n\t\t\t\t<div class=\"elementor-post__excerpt\">\n\t\t\t<p>Fichaje de Grant Anticevich (South East Melbourne Phoenix).<\/p>\n\t\t<\/div>\n\t\t\n\t\t<a class=\"elementor-post__read-more\" href=\"https:\/\/gijonbasket.com\/en\/2023\/03\/07\/southland-sharks\/\" aria-label=\"Read more about Southland Sharks\" tabindex=\"-1\" >\n\t\t\tRead more &#034;\t\t<\/a>\n\n\t\t\t\t<\/div>\n\t\t\t\t<div class=\"elementor-post__meta-data\">\n\t\t\t\t\t<span class=\"elementor-post-date\">\n\t\t\t7 de March de 2023\t\t<\/span>\n\t\t\t\t<\/div>\n\t\t\t\t\t<\/div>\n\t\t<\/article>\n\t\t\t\t<article class=\"elementor-post elementor-grid-item post-530 post type-post status-publish format-standard hentry category-noticias\">\n\t\t\t<div class=\"elementor-post__card\">\n\t\t\t\t<div class=\"elementor-post__text\">\n\t\t\t\t<h2 class=\"elementor-post__title\">\n\t\t\t<a href=\"https:\/\/gijonbasket.com\/en\/2023\/03\/07\/wellington-saints\/\" >\n\t\t\t\tWellington Saints\t\t\t<\/a>\n\t\t<\/h2>\n\t\t\t\t<div class=\"elementor-post__excerpt\">\n\t\t\t<p>Fichaje de Kyle Adnam (South East Melbourne Phoenix).<\/p>\n\t\t<\/div>\n\t\t\n\t\t<a class=\"elementor-post__read-more\" href=\"https:\/\/gijonbasket.com\/en\/2023\/03\/07\/wellington-saints\/\" aria-label=\"Read more about Wellington Saints\" tabindex=\"-1\" >\n\t\t\tRead more &#034;\t\t<\/a>\n\n\t\t\t\t<\/div>\n\t\t\t\t<div class=\"elementor-post__meta-data\">\n\t\t\t\t\t<span class=\"elementor-post-date\">\n\t\t\t7 de March de 2023\t\t<\/span>\n\t\t\t\t<\/div>\n\t\t\t\t\t<\/div>\n\t\t<\/article>\n\t\t\t\t<article class=\"elementor-post elementor-grid-item post-529 post type-post status-publish format-standard hentry category-noticias\">\n\t\t\t<div class=\"elementor-post__card\">\n\t\t\t\t<div class=\"elementor-post__text\">\n\t\t\t\t<h2 class=\"elementor-post__title\">\n\t\t\t<a href=\"https:\/\/gijonbasket.com\/en\/2023\/03\/07\/kyoto-hannaryz\/\" >\n\t\t\t\tKyoto Hannaryz\t\t\t<\/a>\n\t\t<\/h2>\n\t\t\t\t<div class=\"elementor-post__excerpt\">\n\t\t\t<p>Fichaje de Ekpe Udoh (Shimane Susanoo Magic)<\/p>\n\t\t<\/div>\n\t\t\n\t\t<a class=\"elementor-post__read-more\" href=\"https:\/\/gijonbasket.com\/en\/2023\/03\/07\/kyoto-hannaryz\/\" aria-label=\"Read more about Kyoto Hannaryz\" tabindex=\"-1\" >\n\t\t\tRead more &#034;\t\t<\/a>\n\n\t\t\t\t<\/div>\n\t\t\t\t<div class=\"elementor-post__meta-data\">\n\t\t\t\t\t<span class=\"elementor-post-date\">\n\t\t\t7 de March de 2023\t\t<\/span>\n\t\t\t\t<\/div>\n\t\t\t\t\t<\/div>\n\t\t<\/article>\n\t\t\t\t<article class=\"elementor-post elementor-grid-item post-756 post type-post status-publish format-standard hentry category-noticias\">\n\t\t\t<div class=\"elementor-post__card\">\n\t\t\t\t<div class=\"elementor-post__text\">\n\t\t\t\t<h2 class=\"elementor-post__title\">\n\t\t\t<a href=\"https:\/\/gijonbasket.com\/en\/2023\/03\/06\/alimerka-oviedo-baloncesto-juaristi-isb-84-78\/\" >\n\t\t\t\tAlimerka Oviedo Baloncesto &#8211; Juaristi ISB (84-78)\t\t\t<\/a>\n\t\t<\/h2>\n\t\t\t\t<div class=\"elementor-post__excerpt\">\n\t\t\t<p>Primera final ganada por el Alimerka Oviedo Baloncesto en el objetivo de la permanencia y primer triunfo de Guillermo Arenas en su vuelta al banquillo<\/p>\n\t\t<\/div>\n\t\t\n\t\t<a class=\"elementor-post__read-more\" href=\"https:\/\/gijonbasket.com\/en\/2023\/03\/06\/alimerka-oviedo-baloncesto-juaristi-isb-84-78\/\" aria-label=\"Read more about Alimerka Oviedo Baloncesto &#8211; Juaristi ISB (84-78)\" tabindex=\"-1\" >\n\t\t\tRead more &#034;\t\t<\/a>\n\n\t\t\t\t<\/div>\n\t\t\t\t<div class=\"elementor-post__meta-data\">\n\t\t\t\t\t<span class=\"elementor-post-date\">\n\t\t\t6 de March de 2023\t\t<\/span>\n\t\t\t\t<\/div>\n\t\t\t\t\t<\/div>\n\t\t<\/article>\n\t\t\t\t<article class=\"elementor-post elementor-grid-item post-754 post type-post status-publish format-standard hentry category-noticias\">\n\t\t\t<div class=\"elementor-post__card\">\n\t\t\t\t<div class=\"elementor-post__text\">\n\t\t\t\t<h2 class=\"elementor-post__title\">\n\t\t\t<a href=\"https:\/\/gijonbasket.com\/en\/2023\/02\/27\/sergio-martinez-adios-a-corinto-gijon-basket\/\" >\n\t\t\t\tSergio Mart\u00ednez adi\u00f3s a Corinto Gij\u00f3n Basket\t\t\t<\/a>\n\t\t<\/h2>\n\t\t\t\t<div class=\"elementor-post__excerpt\">\n\t\t\t<p>Con la permanencia virtualmente al alcance de la mano, Corinto Gij\u00f3n Basket, sufre una nueva baja en su plantilla con el protagonismo de Sergio Mart\u00ednez.<\/p>\n\t\t<\/div>\n\t\t\n\t\t<a class=\"elementor-post__read-more\" href=\"https:\/\/gijonbasket.com\/en\/2023\/02\/27\/sergio-martinez-adios-a-corinto-gijon-basket\/\" aria-label=\"Read more about Sergio Mart\u00ednez adi\u00f3s a Corinto Gij\u00f3n Basket\" tabindex=\"-1\" >\n\t\t\tRead more &#034;\t\t<\/a>\n\n\t\t\t\t<\/div>\n\t\t\t\t<div class=\"elementor-post__meta-data\">\n\t\t\t\t\t<span class=\"elementor-post-date\">\n\t\t\t27 de February de 2023\t\t<\/span>\n\t\t\t\t<\/div>\n\t\t\t\t\t<\/div>\n\t\t<\/article>\n\t\t\t\t<article class=\"elementor-post elementor-grid-item post-752 post type-post status-publish format-standard hentry category-noticias\">\n\t\t\t<div class=\"elementor-post__card\">\n\t\t\t\t<div class=\"elementor-post__text\">\n\t\t\t\t<h2 class=\"elementor-post__title\">\n\t\t\t<a href=\"https:\/\/gijonbasket.com\/en\/2023\/02\/26\/corinto-gijon-basket-c-b-la-flecha-73-63\/\" >\n\t\t\t\tCorinto Gij\u00f3n Basket &#8211; C.B. La Flecha (73-63)\t\t\t<\/a>\n\t\t<\/h2>\n\t\t\t\t<div class=\"elementor-post__excerpt\">\n\t\t\t<p>Corinto Gij\u00f3n Basket sum\u00f3 su segunda victoria consecutiva tras imponerse al C.B. La Flecha y as\u00ed acercarse a\u00fan m\u00e1s al objetivo de la permaenecia a<\/p>\n\t\t<\/div>\n\t\t\n\t\t<a class=\"elementor-post__read-more\" href=\"https:\/\/gijonbasket.com\/en\/2023\/02\/26\/corinto-gijon-basket-c-b-la-flecha-73-63\/\" aria-label=\"Read more about Corinto Gij\u00f3n Basket &#8211; C.B. La Flecha (73-63)\" tabindex=\"-1\" >\n\t\t\tRead more &#034;\t\t<\/a>\n\n\t\t\t\t<\/div>\n\t\t\t\t<div class=\"elementor-post__meta-data\">\n\t\t\t\t\t<span class=\"elementor-post-date\">\n\t\t\t26 de February de 2023\t\t<\/span>\n\t\t\t\t<\/div>\n\t\t\t\t\t<\/div>\n\t\t<\/article>\n\t\t\t\t<article class=\"elementor-post elementor-grid-item post-758 post type-post status-publish format-standard hentry category-exclusivas\">\n\t\t\t<div class=\"elementor-post__card\">\n\t\t\t\t<div class=\"elementor-post__text\">\n\t\t\t\t<h2 class=\"elementor-post__title\">\n\t\t\t<a href=\"https:\/\/gijonbasket.com\/en\/2023\/02\/23\/bruno-ramos-principal-candidato-para-ser-entrenador-ayudante-de-saul-pastur-2\/\" >\n\t\t\t\tBruno Ramos principal candidato para ser entrenador ayudante de Sa\u00fal Pastur\t\t\t<\/a>\n\t\t<\/h2>\n\t\t\t\t<div class=\"elementor-post__excerpt\">\n\t\t\t<p>Bruno Ramos principal candidato para ser entrenador ayudante de Sa\u00fal Pastur. Corinto Gij\u00f3n Basket no cont\u00f3 con entrenador ayudante, en el encuentro ante el Real<\/p>\n\t\t<\/div>\n\t\t\n\t\t<a class=\"elementor-post__read-more\" href=\"https:\/\/gijonbasket.com\/en\/2023\/02\/23\/bruno-ramos-principal-candidato-para-ser-entrenador-ayudante-de-saul-pastur-2\/\" aria-label=\"Read more about Bruno Ramos principal candidato para ser entrenador ayudante de Sa\u00fal Pastur\" tabindex=\"-1\" >\n\t\t\tRead more &#034;\t\t<\/a>\n\n\t\t\t\t<\/div>\n\t\t\t\t<div class=\"elementor-post__meta-data\">\n\t\t\t\t\t<span class=\"elementor-post-date\">\n\t\t\tFebruary 23rd, 2023\t\t<\/span>\n\t\t\t\t<\/div>\n\t\t\t\t\t<\/div>\n\t\t<\/article>\n\t\t\t\t<article class=\"elementor-post elementor-grid-item post-750 post type-post status-publish format-standard hentry category-noticias\">\n\t\t\t<div class=\"elementor-post__card\">\n\t\t\t\t<div class=\"elementor-post__text\">\n\t\t\t\t<h2 class=\"elementor-post__title\">\n\t\t\t<a href=\"https:\/\/gijonbasket.com\/en\/2023\/02\/20\/real-grupo-de-cultura-covadonga-corinto-gijon-basket-58-75\/\" >\n\t\t\t\tReal Grupo de Cultura Covadonga &#8211; Corinto Gij\u00f3n Basket (58-75)\t\t\t<\/a>\n\t\t<\/h2>\n\t\t\t\t<div class=\"elementor-post__excerpt\">\n\t\t\t<p>Victoria de Corinto Gij\u00f3n Basket, cortando una racha de tres derrotas consecutivas, ante el Real Grupo de Cultura Covadonga que sigue sin conocer la victoria<\/p>\n\t\t<\/div>\n\t\t\n\t\t<a class=\"elementor-post__read-more\" href=\"https:\/\/gijonbasket.com\/en\/2023\/02\/20\/real-grupo-de-cultura-covadonga-corinto-gijon-basket-58-75\/\" aria-label=\"Read more about Real Grupo de Cultura Covadonga &#8211; Corinto Gij\u00f3n Basket (58-75)\" tabindex=\"-1\" >\n\t\t\tRead more &#034;\t\t<\/a>\n\n\t\t\t\t<\/div>\n\t\t\t\t<div class=\"elementor-post__meta-data\">\n\t\t\t\t\t<span class=\"elementor-post-date\">\n\t\t\t20 de February de 2023\t\t<\/span>\n\t\t\t\t<\/div>\n\t\t\t\t\t<\/div>\n\t\t<\/article>\n\t\t\t\t<article class=\"elementor-post elementor-grid-item post-748 post type-post status-publish format-standard hentry category-noticias\">\n\t\t\t<div class=\"elementor-post__card\">\n\t\t\t\t<div class=\"elementor-post__text\">\n\t\t\t\t<h2 class=\"elementor-post__title\">\n\t\t\t<a href=\"https:\/\/gijonbasket.com\/en\/2023\/02\/15\/mercado-de-fichajes-17\/\" >\n\t\t\t\tMercado de Fichajes\t\t\t<\/a>\n\t\t<\/h2>\n\t\t\t\t<div class=\"elementor-post__excerpt\">\n\t\t\t<p>Hereda San Pablo Burgos :\u00a0Incorporaci\u00f3n de Carlos Su\u00e1rez (Unicaja), inactivo desde abril de 2022, en periodo de prueba. Club Ourense Baloncesto :\u00a0Fichaje de Txemi Urtasun<\/p>\n\t\t<\/div>\n\t\t\n\t\t<a class=\"elementor-post__read-more\" href=\"https:\/\/gijonbasket.com\/en\/2023\/02\/15\/mercado-de-fichajes-17\/\" aria-label=\"Read more about Mercado de Fichajes\" tabindex=\"-1\" >\n\t\t\tRead more &#034;\t\t<\/a>\n\n\t\t\t\t<\/div>\n\t\t\t\t<div class=\"elementor-post__meta-data\">\n\t\t\t\t\t<span class=\"elementor-post-date\">\n\t\t\t15 de February de 2023\t\t<\/span>\n\t\t\t\t<\/div>\n\t\t\t\t\t<\/div>\n\t\t<\/article>\n\t\t\t\t<article class=\"elementor-post elementor-grid-item post-746 post type-post status-publish format-standard hentry category-noticias\">\n\t\t\t<div class=\"elementor-post__card\">\n\t\t\t\t<div class=\"elementor-post__text\">\n\t\t\t\t<h2 class=\"elementor-post__title\">\n\t\t\t<a href=\"https:\/\/gijonbasket.com\/en\/2023\/02\/14\/guillermo-arenas-nuevo-entrenador-del-alimerka-oviedo-baloncesto\/\" >\n\t\t\t\tGuillermo Arenas nuevo entrenador del Alimerka Oviedo Baloncesto.\t\t\t<\/a>\n\t\t<\/h2>\n\t\t\t\t<div class=\"elementor-post__excerpt\">\n\t\t\t<p>Como estaba previsto, ayer a las 21:49 con el Comunicado Oficial, se confirm\u00f3 el regreso de Guillermo Arenas al Alimerka Oviedo Baloncesto. El t\u00e9cnico ovetense<\/p>\n\t\t<\/div>\n\t\t\n\t\t<a class=\"elementor-post__read-more\" href=\"https:\/\/gijonbasket.com\/en\/2023\/02\/14\/guillermo-arenas-nuevo-entrenador-del-alimerka-oviedo-baloncesto\/\" aria-label=\"Read more about Guillermo Arenas nuevo entrenador del Alimerka Oviedo Baloncesto.\" tabindex=\"-1\" >\n\t\t\tRead more &#034;\t\t<\/a>\n\n\t\t\t\t<\/div>\n\t\t\t\t<div class=\"elementor-post__meta-data\">\n\t\t\t\t\t<span class=\"elementor-post-date\">\n\t\t\t14 de February de 2023\t\t<\/span>\n\t\t\t\t<\/div>\n\t\t\t\t\t<\/div>\n\t\t<\/article>\n\t\t\t\t<article class=\"elementor-post elementor-grid-item post-743 post type-post status-publish format-standard hentry category-noticias\">\n\t\t\t<div class=\"elementor-post__card\">\n\t\t\t\t<div class=\"elementor-post__text\">\n\t\t\t\t<h2 class=\"elementor-post__title\">\n\t\t\t<a href=\"https:\/\/gijonbasket.com\/en\/2023\/02\/13\/destitucion-de-trifon-poch-como-tecnico-del-alimerka-oviedo-baloncesto\/\" >\n\t\t\t\tDestituci\u00f3n de Trif\u00f3n Poch como t\u00e9cnico del Alimerka Oviedo Baloncesto\t\t\t<\/a>\n\t\t<\/h2>\n\t\t\t\t<div class=\"elementor-post__excerpt\">\n\t\t\t<p>El t\u00e9cnico cordob\u00e9s deja al Alimerka Oviedo Baloncesto 16\u00ba con un balance de 5 victorias &#8211; 15 derrotas en posici\u00f3n de descenso. Su etapa en<\/p>\n\t\t<\/div>\n\t\t\n\t\t<a class=\"elementor-post__read-more\" href=\"https:\/\/gijonbasket.com\/en\/2023\/02\/13\/destitucion-de-trifon-poch-como-tecnico-del-alimerka-oviedo-baloncesto\/\" aria-label=\"Read more about Destituci\u00f3n de Trif\u00f3n Poch como t\u00e9cnico del Alimerka Oviedo Baloncesto\" tabindex=\"-1\" >\n\t\t\tRead more &#034;\t\t<\/a>\n\n\t\t\t\t<\/div>\n\t\t\t\t<div class=\"elementor-post__meta-data\">\n\t\t\t\t\t<span class=\"elementor-post-date\">\n\t\t\t13 de February de 2023\t\t<\/span>\n\t\t\t\t<\/div>\n\t\t\t\t\t<\/div>\n\t\t<\/article>\n\t\t\t\t<article class=\"elementor-post elementor-grid-item post-740 post type-post status-publish format-standard hentry category-noticias\">\n\t\t\t<div class=\"elementor-post__card\">\n\t\t\t\t<div class=\"elementor-post__text\">\n\t\t\t\t<h2 class=\"elementor-post__title\">\n\t\t\t<a href=\"https:\/\/gijonbasket.com\/en\/2023\/02\/12\/corinto-gijon-basket-circulo-gijon-baloncesto-71-76\/\" >\n\t\t\t\tCorinto Gij\u00f3n Basket &#8211; C\u00edrculo Gij\u00f3n Baloncesto (71-76)\t\t\t<\/a>\n\t\t<\/h2>\n\t\t\t\t<div class=\"elementor-post__excerpt\">\n\t\t\t<p>Victoria in extremis del C\u00edrculo Gij\u00f3n Baloncesto ante Corinto Gij\u00f3n Basket. Corinto Gij\u00f3n Basket tuvo contra las cuerdas al C\u00edrculo Gij\u00f3n Baloncesto, al que domin\u00f3<\/p>\n\t\t<\/div>\n\t\t\n\t\t<a class=\"elementor-post__read-more\" href=\"https:\/\/gijonbasket.com\/en\/2023\/02\/12\/corinto-gijon-basket-circulo-gijon-baloncesto-71-76\/\" aria-label=\"Read more about Corinto Gij\u00f3n Basket &#8211; C\u00edrculo Gij\u00f3n Baloncesto (71-76)\" tabindex=\"-1\" >\n\t\t\tRead more &#034;\t\t<\/a>\n\n\t\t\t\t<\/div>\n\t\t\t\t<div class=\"elementor-post__meta-data\">\n\t\t\t\t\t<span class=\"elementor-post-date\">\n\t\t\t12 de February de 2023\t\t<\/span>\n\t\t\t\t<\/div>\n\t\t\t\t\t<\/div>\n\t\t<\/article>\n\t\t\t\t<article class=\"elementor-post elementor-grid-item post-736 post type-post status-publish format-standard hentry category-noticias\">\n\t\t\t<div class=\"elementor-post__card\">\n\t\t\t\t<div class=\"elementor-post__text\">\n\t\t\t\t<h2 class=\"elementor-post__title\">\n\t\t\t<a href=\"https:\/\/gijonbasket.com\/en\/2023\/02\/11\/corinto-gijon-basket-circulo-gijon-baloncesto-previa-declaraciones-de-nacho-galan\/\" >\n\t\t\t\tCorinto Gij\u00f3n Basket &#8211; C\u00edrculo Gij\u00f3n Baloncesto. Previa. Declaraciones de Nacho Gal\u00e1n.\t\t\t<\/a>\n\t\t<\/h2>\n\t\t\t\t<div class=\"elementor-post__excerpt\">\n\t\t\t<p>Declaraciones de Nacho Gal\u00e1n (C\u00edrculo Gij\u00f3n Baloncesto) previas al encuentro Corinto Gij\u00f3n Basket &#8211; C\u00edrculo Gij\u00f3n Baloncesto a partir de las 20:00 en el Palacio<\/p>\n\t\t<\/div>\n\t\t\n\t\t<a class=\"elementor-post__read-more\" href=\"https:\/\/gijonbasket.com\/en\/2023\/02\/11\/corinto-gijon-basket-circulo-gijon-baloncesto-previa-declaraciones-de-nacho-galan\/\" aria-label=\"Read more about Corinto Gij\u00f3n Basket &#8211; C\u00edrculo Gij\u00f3n Baloncesto. Previa. Declaraciones de Nacho Gal\u00e1n.\" tabindex=\"-1\" >\n\t\t\tRead more &#034;\t\t<\/a>\n\n\t\t\t\t<\/div>\n\t\t\t\t<div class=\"elementor-post__meta-data\">\n\t\t\t\t\t<span class=\"elementor-post-date\">\n\t\t\t11 de February de 2023\t\t<\/span>\n\t\t\t\t<\/div>\n\t\t\t\t\t<\/div>\n\t\t<\/article>\n\t\t\t\t<article class=\"elementor-post elementor-grid-item post-89 post type-post status-publish format-standard hentry category-exclusivas\">\n\t\t\t<div class=\"elementor-post__card\">\n\t\t\t\t<div class=\"elementor-post__text\">\n\t\t\t\t<h2 class=\"elementor-post__title\">\n\t\t\t<a href=\"https:\/\/gijonbasket.com\/en\/2023\/02\/10\/alberto-fernandez-hevia-sera-el-nuevo-tecnico-de-corinto-gijon-basket\/\" >\n\t\t\t\tAlberto Fern\u00e1ndez-Hevia will be the new coach of Corinth Gij\u00f3n Basket.\t\t\t<\/a>\n\t\t<\/h2>\n\t\t\t\t<div class=\"elementor-post__excerpt\">\n\t\t\t<p>Since last Sunday when in www.gijonbasket.com, we proceeded with the exclusive resignation irrevocable Juanfran Arias, joined to all the developments that have arisen during the week,<\/p>\n\t\t<\/div>\n\t\t\n\t\t<a class=\"elementor-post__read-more\" href=\"https:\/\/gijonbasket.com\/en\/2023\/02\/10\/alberto-fernandez-hevia-sera-el-nuevo-tecnico-de-corinto-gijon-basket\/\" aria-label=\"Read more about Alberto Fern\u00e1ndez-Hevia ser\u00e1 el nuevo t\u00e9cnico de Corinto Gij\u00f3n Basket.\" tabindex=\"-1\" >\n\t\t\tRead more &#034;\t\t<\/a>\n\n\t\t\t\t<\/div>\n\t\t\t\t<div class=\"elementor-post__meta-data\">\n\t\t\t\t\t<span class=\"elementor-post-date\">\n\t\t\t10 February 2023\t\t<\/span>\n\t\t\t\t<\/div>\n\t\t\t\t\t<\/div>\n\t\t<\/article>\n\t\t\t\t<article class=\"elementor-post elementor-grid-item post-134 post type-post status-publish format-standard hentry category-noticias\">\n\t\t\t<div class=\"elementor-post__card\">\n\t\t\t\t<div class=\"elementor-post__text\">\n\t\t\t\t<h2 class=\"elementor-post__title\">\n\t\t\t<a href=\"https:\/\/gijonbasket.com\/en\/2023\/02\/08\/corinto-gijon-basket-a-la-busqueda-de-un-nuevo-entrenador\/\" >\n\t\t\t\tCorinto Gij\u00f3n Basket a la b\u00fasqueda de un nuevo entrenador.\t\t\t<\/a>\n\t\t<\/h2>\n\t\t\t\t<div class=\"elementor-post__excerpt\">\n\t\t\t<p>El conjunto gijon\u00e9s toc\u00f3 la opci\u00f3n de Guillermo Arenas que planteamos este pasado domingo. Primera respuesta negativa aunque podr\u00eda haber una segunda oportunidad. Alberto Fern\u00e1ndez-Hevia<\/p>\n\t\t<\/div>\n\t\t\n\t\t<a class=\"elementor-post__read-more\" href=\"https:\/\/gijonbasket.com\/en\/2023\/02\/08\/corinto-gijon-basket-a-la-busqueda-de-un-nuevo-entrenador\/\" aria-label=\"Read more about Corinto Gij\u00f3n Basket a la b\u00fasqueda de un nuevo entrenador.\" tabindex=\"-1\" >\n\t\t\tRead more &#034;\t\t<\/a>\n\n\t\t\t\t<\/div>\n\t\t\t\t<div class=\"elementor-post__meta-data\">\n\t\t\t\t\t<span class=\"elementor-post-date\">\n\t\t\t8 de February de 2023\t\t<\/span>\n\t\t\t\t<\/div>\n\t\t\t\t\t<\/div>\n\t\t<\/article>\n\t\t\t\t<article class=\"elementor-post elementor-grid-item post-217 post type-post status-publish format-standard hentry category-exclusivas\">\n\t\t\t<div class=\"elementor-post__card\">\n\t\t\t\t<div class=\"elementor-post__text\">\n\t\t\t\t<h2 class=\"elementor-post__title\">\n\t\t\t<a href=\"https:\/\/gijonbasket.com\/en\/2023\/02\/07\/juanfran-arias-adios-a-corinto-gijon-basket\/\" >\n\t\t\t\tJuanfran Arias goodbye to Corinth Gij\u00f3n Basket.\t\t\t<\/a>\n\t\t<\/h2>\n\t\t\t\t<div class=\"elementor-post__excerpt\">\n\t\t\t<p>Confirmation of the exclusive www.gijonbasket.com published this past Sunday where adelantabamos what in the end has made it official today, Tuesday. Juanfran Arias presented<\/p>\n\t\t<\/div>\n\t\t\n\t\t<a class=\"elementor-post__read-more\" href=\"https:\/\/gijonbasket.com\/en\/2023\/02\/07\/juanfran-arias-adios-a-corinto-gijon-basket\/\" aria-label=\"Read more about Juanfran Arias adi\u00f3s a Corinto Gij\u00f3n Basket.\" tabindex=\"-1\" >\n\t\t\tRead more &#034;\t\t<\/a>\n\n\t\t\t\t<\/div>\n\t\t\t\t<div class=\"elementor-post__meta-data\">\n\t\t\t\t\t<span class=\"elementor-post-date\">\n\t\t\t7 February 2023\t\t<\/span>\n\t\t\t\t<\/div>\n\t\t\t\t\t<\/div>\n\t\t<\/article>\n\t\t\t\t<article class=\"elementor-post elementor-grid-item post-570 post type-post status-publish format-standard hentry category-noticias\">\n\t\t\t<div class=\"elementor-post__card\">\n\t\t\t\t<div class=\"elementor-post__text\">\n\t\t\t\t<h2 class=\"elementor-post__title\">\n\t\t\t<a href=\"https:\/\/gijonbasket.com\/en\/2023\/02\/06\/ivan-petrovich-no-se-presentara-a-la-reeleccion-como-presidente-de-corinto-gijon-basket\/\" >\n\t\t\t\tIv\u00e1n Petrovich no se presentar\u00e1 a la reelecci\u00f3n como Presidente de Corinto Gij\u00f3n Basket\t\t\t<\/a>\n\t\t<\/h2>\n\t\t\t\t<div class=\"elementor-post__excerpt\">\n\t\t\t<p>M\u00e1s cambios en Corinto Gij\u00f3n Basket coincidiendo con a\u00f1o electoral. El 7 de junio de 2019 fue proclamado Presidente. Mandato marcado por la estabilidad econ\u00f3mica<\/p>\n\t\t<\/div>\n\t\t\n\t\t<a class=\"elementor-post__read-more\" href=\"https:\/\/gijonbasket.com\/en\/2023\/02\/06\/ivan-petrovich-no-se-presentara-a-la-reeleccion-como-presidente-de-corinto-gijon-basket\/\" aria-label=\"Read more about Iv\u00e1n Petrovich no se presentar\u00e1 a la reelecci\u00f3n como Presidente de Corinto Gij\u00f3n Basket\" tabindex=\"-1\" >\n\t\t\tRead more &#034;\t\t<\/a>\n\n\t\t\t\t<\/div>\n\t\t\t\t<div class=\"elementor-post__meta-data\">\n\t\t\t\t\t<span class=\"elementor-post-date\">\n\t\t\t6 de February de 2023\t\t<\/span>\n\t\t\t\t<\/div>\n\t\t\t\t\t<\/div>\n\t\t<\/article>\n\t\t\t\t<article class=\"elementor-post elementor-grid-item post-220 post type-post status-publish format-standard hentry category-noticias\">\n\t\t\t<div class=\"elementor-post__card\">\n\t\t\t\t<div class=\"elementor-post__text\">\n\t\t\t\t<h2 class=\"elementor-post__title\">\n\t\t\t<a href=\"https:\/\/gijonbasket.com\/en\/2023\/02\/05\/aguas-revueltas-en-corinto-gijon-basket\/\" >\n\t\t\t\tAguas revueltas en Corinto Gij\u00f3n Basket\t\t\t<\/a>\n\t\t<\/h2>\n\t\t\t\t<div class=\"elementor-post__excerpt\">\n\t\t\t<p>Continuidad en el aire de Juanfran Arias tras la derrota en la cancha de Calvo Basket Xiria. El t\u00e9cnico gijon\u00e9s presuntamente present\u00f3 su dimisi\u00f3n irrevocable<\/p>\n\t\t<\/div>\n\t\t\n\t\t<a class=\"elementor-post__read-more\" href=\"https:\/\/gijonbasket.com\/en\/2023\/02\/05\/aguas-revueltas-en-corinto-gijon-basket\/\" aria-label=\"Read more about Aguas revueltas en Corinto Gij\u00f3n Basket\" tabindex=\"-1\" >\n\t\t\tRead more &#034;\t\t<\/a>\n\n\t\t\t\t<\/div>\n\t\t\t\t<div class=\"elementor-post__meta-data\">\n\t\t\t\t\t<span class=\"elementor-post-date\">\n\t\t\t5 de February de 2023\t\t<\/span>\n\t\t\t\t<\/div>\n\t\t\t\t\t<\/div>\n\t\t<\/article>\n\t\t\t\t<article class=\"elementor-post elementor-grid-item post-572 post type-post status-publish format-standard hentry category-exclusivas\">\n\t\t\t<div class=\"elementor-post__card\">\n\t\t\t\t<div class=\"elementor-post__text\">\n\t\t\t\t<h2 class=\"elementor-post__title\">\n\t\t\t<a href=\"https:\/\/gijonbasket.com\/en\/2023\/02\/05\/aguas-revueltas-en-corinto-gijon-basket-2\/\" >\n\t\t\t\tAguas revueltas en Corinto Gij\u00f3n Basket.\t\t\t<\/a>\n\t\t<\/h2>\n\t\t\t\t<div class=\"elementor-post__excerpt\">\n\t\t\t<p>Continuidad en el aire de Juanfran Arias tras la derrota en la cancha de Calvo Basket Xiria. El t\u00e9cnico gijon\u00e9s presuntamente present\u00f3 su dimisi\u00f3n irrevocable<\/p>\n\t\t<\/div>\n\t\t\n\t\t<a class=\"elementor-post__read-more\" href=\"https:\/\/gijonbasket.com\/en\/2023\/02\/05\/aguas-revueltas-en-corinto-gijon-basket-2\/\" aria-label=\"Read more about Aguas revueltas en Corinto Gij\u00f3n Basket.\" tabindex=\"-1\" >\n\t\t\tRead more &#034;\t\t<\/a>\n\n\t\t\t\t<\/div>\n\t\t\t\t<div class=\"elementor-post__meta-data\">\n\t\t\t\t\t<span class=\"elementor-post-date\">\n\t\t\t5 de February de 2023\t\t<\/span>\n\t\t\t\t<\/div>\n\t\t\t\t\t<\/div>\n\t\t<\/article>\n\t\t\t\t<article class=\"elementor-post elementor-grid-item post-734 post type-post status-publish format-standard hentry category-noticias\">\n\t\t\t<div class=\"elementor-post__card\">\n\t\t\t\t<div class=\"elementor-post__text\">\n\t\t\t\t<h2 class=\"elementor-post__title\">\n\t\t\t<a href=\"https:\/\/gijonbasket.com\/en\/2023\/02\/05\/alimerka-oviedo-baloncesto-zunder-palencia-56-67\/\" >\n\t\t\t\tAlimerka Oviedo Baloncesto &#8211; Zunder Palencia (56-67)\t\t\t<\/a>\n\t\t<\/h2>\n\t\t\t\t<div class=\"elementor-post__excerpt\">\n\t\t\t<p>Derrota del Alimerka Oviedo Baloncesto ante el Zunder Palencia en un encuentro que se resolvi\u00f3 en los \u00faltimos seis minutos de juego. El Alimerka Oviedo<\/p>\n\t\t<\/div>\n\t\t\n\t\t<a class=\"elementor-post__read-more\" href=\"https:\/\/gijonbasket.com\/en\/2023\/02\/05\/alimerka-oviedo-baloncesto-zunder-palencia-56-67\/\" aria-label=\"Read more about Alimerka Oviedo Baloncesto &#8211; Zunder Palencia (56-67)\" tabindex=\"-1\" >\n\t\t\tRead more &#034;\t\t<\/a>\n\n\t\t\t\t<\/div>\n\t\t\t\t<div class=\"elementor-post__meta-data\">\n\t\t\t\t\t<span class=\"elementor-post-date\">\n\t\t\t5 de February de 2023\t\t<\/span>\n\t\t\t\t<\/div>\n\t\t\t\t\t<\/div>\n\t\t<\/article>\n\t\t\t\t<article class=\"elementor-post elementor-grid-item post-789 post type-post status-publish format-standard hentry category-exclusivas\">\n\t\t\t<div class=\"elementor-post__card\">\n\t\t\t\t<div class=\"elementor-post__text\">\n\t\t\t\t<h2 class=\"elementor-post__title\">\n\t\t\t<a href=\"https:\/\/gijonbasket.com\/en\/2023\/02\/03\/juan-noguero-refuerzo-para-el-real-grupo-de-cultura-covadonga\/\" >\n\t\t\t\tJuan Noguero refuerzo para el Real Grupo de Cultura Covadonga\t\t\t<\/a>\n\t\t<\/h2>\n\t\t\t\t<div class=\"elementor-post__excerpt\">\n\t\t\t<p>El Real Grupo de Cultura Covadonga incorpora a Juan Noguero, primero de Jes\u00fas e In\u00e9s, que tras finalizar su ciclo Erasmus regresa al conjunto grupista.<\/p>\n\t\t<\/div>\n\t\t\n\t\t<a class=\"elementor-post__read-more\" href=\"https:\/\/gijonbasket.com\/en\/2023\/02\/03\/juan-noguero-refuerzo-para-el-real-grupo-de-cultura-covadonga\/\" aria-label=\"Read more about Juan Noguero refuerzo para el Real Grupo de Cultura Covadonga\" tabindex=\"-1\" >\n\t\t\tRead more &#034;\t\t<\/a>\n\n\t\t\t\t<\/div>\n\t\t\t\t<div class=\"elementor-post__meta-data\">\n\t\t\t\t\t<span class=\"elementor-post-date\">\n\t\t\t3 de February de 2023\t\t<\/span>\n\t\t\t\t<\/div>\n\t\t\t\t\t<\/div>\n\t\t<\/article>\n\t\t\t\t<article class=\"elementor-post elementor-grid-item post-732 post type-post status-publish format-standard hentry category-noticias\">\n\t\t\t<div class=\"elementor-post__card\">\n\t\t\t\t<div class=\"elementor-post__text\">\n\t\t\t\t<h2 class=\"elementor-post__title\">\n\t\t\t<a href=\"https:\/\/gijonbasket.com\/en\/2023\/02\/02\/caceres-patrimonio-de-la-humanidad-alimerka-oviedo-baloncesto-70-68\/\" >\n\t\t\t\tC\u00e1ceres Patrimonio de la Humanidad &#8211; Alimerka Oviedo Baloncesto (70-68)\t\t\t<\/a>\n\t\t<\/h2>\n\t\t\t\t<div class=\"elementor-post__excerpt\">\n\t\t\t<p>El \u00faltimo cuarto volvi\u00f3 a ser fat\u00eddico para el Alimerka Oviedo Baloncesto en un igualado final ante el C\u00e1ceres Patrimonio de la Humanidad. El conjunto<\/p>\n\t\t<\/div>\n\t\t\n\t\t<a class=\"elementor-post__read-more\" href=\"https:\/\/gijonbasket.com\/en\/2023\/02\/02\/caceres-patrimonio-de-la-humanidad-alimerka-oviedo-baloncesto-70-68\/\" aria-label=\"Read more about C\u00e1ceres Patrimonio de la Humanidad &#8211; Alimerka Oviedo Baloncesto (70-68)\" tabindex=\"-1\" >\n\t\t\tRead more &#034;\t\t<\/a>\n\n\t\t\t\t<\/div>\n\t\t\t\t<div class=\"elementor-post__meta-data\">\n\t\t\t\t\t<span class=\"elementor-post-date\">\n\t\t\t2 de February de 2023\t\t<\/span>\n\t\t\t\t<\/div>\n\t\t\t\t\t<\/div>\n\t\t<\/article>\n\t\t\t\t<article class=\"elementor-post elementor-grid-item post-730 post type-post status-publish format-standard hentry category-noticias\">\n\t\t\t<div class=\"elementor-post__card\">\n\t\t\t\t<div class=\"elementor-post__text\">\n\t\t\t\t<h2 class=\"elementor-post__title\">\n\t\t\t<a href=\"https:\/\/gijonbasket.com\/en\/2023\/01\/29\/corinto-gijon-basket-hereda-avila-autentica-el-bulevar-59-68\/\" >\n\t\t\t\tCorinto Gij\u00f3n Basket &#8211; Hereda-\u00c1vila Aut\u00e9ntica-El Bulevar (59-68)\t\t\t<\/a>\n\t\t<\/h2>\n\t\t\t\t<div class=\"elementor-post__excerpt\">\n\t\t\t<p>Paso atr\u00e1s de Corinto Gij\u00f3n Basket en un mal encuentro para caer ante el Hereda-\u00c1vila Aut\u00e9ntica-El Bulevar. S\u00e9ptima victoria consecutiva del Hereda-\u00c1vila Aut\u00e9ntica-El Bulevar. Corinto<\/p>\n\t\t<\/div>\n\t\t\n\t\t<a class=\"elementor-post__read-more\" href=\"https:\/\/gijonbasket.com\/en\/2023\/01\/29\/corinto-gijon-basket-hereda-avila-autentica-el-bulevar-59-68\/\" aria-label=\"Read more about Corinto Gij\u00f3n Basket &#8211; Hereda-\u00c1vila Aut\u00e9ntica-El Bulevar (59-68)\" tabindex=\"-1\" >\n\t\t\tRead more &#034;\t\t<\/a>\n\n\t\t\t\t<\/div>\n\t\t\t\t<div class=\"elementor-post__meta-data\">\n\t\t\t\t\t<span class=\"elementor-post-date\">\n\t\t\t29 de January de 2023\t\t<\/span>\n\t\t\t\t<\/div>\n\t\t\t\t\t<\/div>\n\t\t<\/article>\n\t\t\t\t<article class=\"elementor-post elementor-grid-item post-728 post type-post status-publish format-standard hentry category-noticias\">\n\t\t\t<div class=\"elementor-post__card\">\n\t\t\t\t<div class=\"elementor-post__text\">\n\t\t\t\t<h2 class=\"elementor-post__title\">\n\t\t\t<a href=\"https:\/\/gijonbasket.com\/en\/2023\/01\/28\/alimerka-oviedo-baloncesto-bueno-arenas-albacete-basket-63-57\/\" >\n\t\t\t\tAlimerka Oviedo Baloncesto &#8211; Bueno Arenas Albacete Basket (63-57)\t\t\t<\/a>\n\t\t<\/h2>\n\t\t\t\t<div class=\"elementor-post__excerpt\">\n\t\t\t<p>El Alimerka Oviedo Baloncesto cort\u00f3 la racha de cinco derrotas consecutivas con la victoria sobre el Bueno Arenas Albacete Basket. Partido dominado en su totalidad<\/p>\n\t\t<\/div>\n\t\t\n\t\t<a class=\"elementor-post__read-more\" href=\"https:\/\/gijonbasket.com\/en\/2023\/01\/28\/alimerka-oviedo-baloncesto-bueno-arenas-albacete-basket-63-57\/\" aria-label=\"Read more about Alimerka Oviedo Baloncesto &#8211; Bueno Arenas Albacete Basket (63-57)\" tabindex=\"-1\" >\n\t\t\tRead more &#034;\t\t<\/a>\n\n\t\t\t\t<\/div>\n\t\t\t\t<div class=\"elementor-post__meta-data\">\n\t\t\t\t\t<span class=\"elementor-post-date\">\n\t\t\t28 de January de 2023\t\t<\/span>\n\t\t\t\t<\/div>\n\t\t\t\t\t<\/div>\n\t\t<\/article>\n\t\t\t\t<article class=\"elementor-post elementor-grid-item post-726 post type-post status-publish format-standard hentry category-noticias\">\n\t\t\t<div class=\"elementor-post__card\">\n\t\t\t\t<div class=\"elementor-post__text\">\n\t\t\t\t<h2 class=\"elementor-post__title\">\n\t\t\t<a href=\"https:\/\/gijonbasket.com\/en\/2023\/01\/23\/real-grupo-de-cultura-covadonga-cultural-y-deportiva-leonesa-56-88\/\" >\n\t\t\t\tReal Grupo de Cultura Covadonga &#8211; Cultural y Deportiva Leonesa (56-88)\t\t\t<\/a>\n\t\t<\/h2>\n\t\t\t\t<div class=\"elementor-post__excerpt\">\n\t\t\t<p>La Cultural y Deportiva Leonesa cumpli\u00f3 con el pron\u00f3stico, imponi\u00e9ndose al Real Grupo de Cultura Covadonga, que sigue sin conocer la victoria esta temporada. La<\/p>\n\t\t<\/div>\n\t\t\n\t\t<a class=\"elementor-post__read-more\" href=\"https:\/\/gijonbasket.com\/en\/2023\/01\/23\/real-grupo-de-cultura-covadonga-cultural-y-deportiva-leonesa-56-88\/\" aria-label=\"Read more about Real Grupo de Cultura Covadonga &#8211; Cultural y Deportiva Leonesa (56-88)\" tabindex=\"-1\" >\n\t\t\tRead more &#034;\t\t<\/a>\n\n\t\t\t\t<\/div>\n\t\t\t\t<div class=\"elementor-post__meta-data\">\n\t\t\t\t\t<span class=\"elementor-post-date\">\n\t\t\t23 de January de 2023\t\t<\/span>\n\t\t\t\t<\/div>\n\t\t\t\t\t<\/div>\n\t\t<\/article>\n\t\t\t\t<article class=\"elementor-post elementor-grid-item post-724 post type-post status-publish format-standard hentry category-noticias\">\n\t\t\t<div class=\"elementor-post__card\">\n\t\t\t\t<div class=\"elementor-post__text\">\n\t\t\t\t<h2 class=\"elementor-post__title\">\n\t\t\t<a href=\"https:\/\/gijonbasket.com\/en\/2023\/01\/22\/alimerka-oviedo-baloncesto-grupo-alega-cantabria-cbt-62-69\/\" >\n\t\t\t\tAlimerka Oviedo Baloncesto &#8211; Grupo Alega Cantabria CBT (62-69)\t\t\t<\/a>\n\t\t<\/h2>\n\t\t\t\t<div class=\"elementor-post__excerpt\">\n\t\t\t<p>Quinta derrota consecutiva del Alimerka Oviedo Baloncesto en el \u00faltimo partido de la primera vuelta. El \u00faltimo cuarto (7-19) tir\u00f3 por la borda el dominio<\/p>\n\t\t<\/div>\n\t\t\n\t\t<a class=\"elementor-post__read-more\" href=\"https:\/\/gijonbasket.com\/en\/2023\/01\/22\/alimerka-oviedo-baloncesto-grupo-alega-cantabria-cbt-62-69\/\" aria-label=\"Read more about Alimerka Oviedo Baloncesto &#8211; Grupo Alega Cantabria CBT (62-69)\" tabindex=\"-1\" >\n\t\t\tRead more &#034;\t\t<\/a>\n\n\t\t\t\t<\/div>\n\t\t\t\t<div class=\"elementor-post__meta-data\">\n\t\t\t\t\t<span class=\"elementor-post-date\">\n\t\t\t22 de January de 2023\t\t<\/span>\n\t\t\t\t<\/div>\n\t\t\t\t\t<\/div>\n\t\t<\/article>\n\t\t\t\t<article class=\"elementor-post elementor-grid-item post-722 post type-post status-publish format-standard hentry category-noticias\">\n\t\t\t<div class=\"elementor-post__card\">\n\t\t\t\t<div class=\"elementor-post__text\">\n\t\t\t\t<h2 class=\"elementor-post__title\">\n\t\t\t<a href=\"https:\/\/gijonbasket.com\/en\/2023\/01\/15\/ucoga-seguros-c-b-chantada-corinto-gijon-basket-73-57\/\" >\n\t\t\t\tUcoga Seguros C.B. Chantada &#8211; Corinto Gij\u00f3n Basket (73-57)\t\t\t<\/a>\n\t\t<\/h2>\n\t\t\t\t<div class=\"elementor-post__excerpt\">\n\t\t\t<p>Derrota de Corinto Gij\u00f3n Basket tras hundirse en el \u00faltimo cuarto donde encaj\u00f3 un parcial de 17-6 cuando al t\u00e9rmino del tercer cuarto la ventaja<\/p>\n\t\t<\/div>\n\t\t\n\t\t<a class=\"elementor-post__read-more\" href=\"https:\/\/gijonbasket.com\/en\/2023\/01\/15\/ucoga-seguros-c-b-chantada-corinto-gijon-basket-73-57\/\" aria-label=\"Read more about Ucoga Seguros C.B. Chantada &#8211; Corinto Gij\u00f3n Basket (73-57)\" tabindex=\"-1\" >\n\t\t\tRead more &#034;\t\t<\/a>\n\n\t\t\t\t<\/div>\n\t\t\t\t<div class=\"elementor-post__meta-data\">\n\t\t\t\t\t<span class=\"elementor-post-date\">\n\t\t\t15 de January de 2023\t\t<\/span>\n\t\t\t\t<\/div>\n\t\t\t\t\t<\/div>\n\t\t<\/article>\n\t\t\t\t<article class=\"elementor-post elementor-grid-item post-720 post type-post status-publish format-standard hentry category-noticias\">\n\t\t\t<div class=\"elementor-post__card\">\n\t\t\t\t<div class=\"elementor-post__text\">\n\t\t\t\t<h2 class=\"elementor-post__title\">\n\t\t\t<a href=\"https:\/\/gijonbasket.com\/en\/2023\/01\/14\/tau-castello-alimerka-oviedo-baloncesto-75-71\/\" >\n\t\t\t\tTAU Castell\u00f3 &#8211; Alimerka Oviedo Baloncesto (75-71)\t\t\t<\/a>\n\t\t<\/h2>\n\t\t\t\t<div class=\"elementor-post__excerpt\">\n\t\t\t<p>Cuarta derrota consecutiva del Alimerka Oviedo Baloncesto tras caer ayer ante el TAU Castell\u00f3. Un parcial de 11-0 a falta de 02:52, pasando del 63-69<\/p>\n\t\t<\/div>\n\t\t\n\t\t<a class=\"elementor-post__read-more\" href=\"https:\/\/gijonbasket.com\/en\/2023\/01\/14\/tau-castello-alimerka-oviedo-baloncesto-75-71\/\" aria-label=\"Read more about TAU Castell\u00f3 &#8211; Alimerka Oviedo Baloncesto (75-71)\" tabindex=\"-1\" >\n\t\t\tRead more &#034;\t\t<\/a>\n\n\t\t\t\t<\/div>\n\t\t\t\t<div class=\"elementor-post__meta-data\">\n\t\t\t\t\t<span class=\"elementor-post-date\">\n\t\t\t14 de January de 2023\t\t<\/span>\n\t\t\t\t<\/div>\n\t\t\t\t\t<\/div>\n\t\t<\/article>\n\t\t\t\t<article class=\"elementor-post elementor-grid-item post-718 post type-post status-publish format-standard hentry category-noticias\">\n\t\t\t<div class=\"elementor-post__card\">\n\t\t\t\t<div class=\"elementor-post__text\">\n\t\t\t\t<h2 class=\"elementor-post__title\">\n\t\t\t<a href=\"https:\/\/gijonbasket.com\/en\/2023\/01\/08\/corinto-gijon-basket-construcciones-riveira-e-d-m-a-estrada-84-73\/\" >\n\t\t\t\tCorinto Gij\u00f3n Basket &#8211; Construcciones Riveira-E.D.M. A Estrada (84-73)\t\t\t<\/a>\n\t\t<\/h2>\n\t\t\t\t<div class=\"elementor-post__excerpt\">\n\t\t\t<p>Corinto Gij\u00f3n Basket, logr\u00f3 ayer la primera victoria del a\u00f1o, para imponerse al Construcciones Riveira-E.D.M. A Estrada (84-73). Espectacular actuaci\u00f3n de Fernando Bello con 40<\/p>\n\t\t<\/div>\n\t\t\n\t\t<a class=\"elementor-post__read-more\" href=\"https:\/\/gijonbasket.com\/en\/2023\/01\/08\/corinto-gijon-basket-construcciones-riveira-e-d-m-a-estrada-84-73\/\" aria-label=\"Read more about Corinto Gij\u00f3n Basket &#8211; Construcciones Riveira-E.D.M. A Estrada (84-73)\" tabindex=\"-1\" >\n\t\t\tRead more &#034;\t\t<\/a>\n\n\t\t\t\t<\/div>\n\t\t\t\t<div class=\"elementor-post__meta-data\">\n\t\t\t\t\t<span class=\"elementor-post-date\">\n\t\t\t8 de January de 2023\t\t<\/span>\n\t\t\t\t<\/div>\n\t\t\t\t\t<\/div>\n\t\t<\/article>\n\t\t\t\t<\/div>\n\t\t\n\t\t\t\t\t\t<\/div>\n\t\t\t\t<\/div>\n\t\t\t\t\t<\/div>\n\t\t<\/div>\n\t\t\t\t<div class=\"elementor-column elementor-col-16 elementor-top-column elementor-element elementor-element-88ac0b3\" data-id=\"88ac0b3\" data-element_type=\"column\" data-e-type=\"column\">\n\t\t\t<div class=\"elementor-widget-wrap elementor-element-populated\">\n\t\t\t\t\t\t<div class=\"elementor-element elementor-element-68cf05d elementor-hidden-mobile elementor-widget elementor-widget-sidebar\" data-id=\"68cf05d\" data-element_type=\"widget\" data-e-type=\"widget\" data-widget_type=\"sidebar.default\">\n\t\t\t\t<div class=\"elementor-widget-container\">\n\t\t\t\t\t\t\t<div id=\"sponsors_widget-3\" class=\"widget widget_sponsors_widget\">\t\t        <ul class=\"vertical\">\n\t\t\t\t\t\t\t                <li class=\"sponsors-item\">\n                                            <a href=\"https:\/\/zerocontrol.es\/\"  target=\"_blank\" rel=\"nofollow\" >\n                        <img fetchpriority=\"high\" decoding=\"async\" width=\"293\" height=\"300\" src=\"https:\/\/gijonbasket.com\/wp-content\/uploads\/2023\/03\/LogoZerotekCuadro.png\" class=\"attachment-medium size-medium wp-post-image\" alt=\"\" \/><\/a>                <\/li>\n\t\t\t\t\t\t\t                <li class=\"sponsors-item\">\n                                            <a href=\"https:\/\/zerotek.es\/\"  target=\"_blank\" rel=\"nofollow\" >\n                        <img fetchpriority=\"high\" decoding=\"async\" width=\"293\" height=\"300\" src=\"https:\/\/gijonbasket.com\/wp-content\/uploads\/2023\/03\/LogoZerotekCuadro.png\" class=\"attachment-medium size-medium wp-post-image\" alt=\"\" \/><\/a>                <\/li>\n\t\t\t        <\/ul>\n\t\t<\/div>\t\t\t\t\t\t<\/div>\n\t\t\t\t<\/div>\n\t\t\t\t\t<\/div>\n\t\t<\/div>\n\t\t\t\t\t<\/div>\n\t\t<\/section>\n\t\t\t\t<\/div>","protected":false},"excerpt":{"rendered":"<p>Archivo 2023<\/p>","protected":false},"author":1,"featured_media":0,"parent":0,"menu_order":0,"comment_status":"closed","ping_status":"closed","template":"page-templates\/template-pagebuilder-full-width.php","meta":{"neve_meta_sidebar":"","neve_meta_container":"","neve_meta_enable_content_width":"","neve_meta_content_width":0,"neve_meta_title_alignment":"","neve_meta_author_avatar":"","neve_post_elements_order":"","neve_meta_disable_header":"","neve_meta_disable_footer":"","neve_meta_disable_title":"","footnotes":""},"class_list":["post-172","page","type-page","status-publish","hentry"],"yoast_head":"<!-- This site is optimized with the Yoast SEO plugin v23.4 - https:\/\/yoast.com\/wordpress\/plugins\/seo\/ -->\n<title>Archivo Noticias 2023 - gijonbasket<\/title>\n<meta name=\"robots\" content=\"index, follow, max-snippet:-1, max-image-preview:large, max-video-preview:-1\" \/>\n<link rel=\"canonical\" href=\"https:\/\/gijonbasket.com\/en\/archivo-noticias-2023\/\" \/>\n<meta property=\"og:locale\" content=\"en_US\" \/>\n<meta property=\"og:type\" content=\"article\" \/>\n<meta property=\"og:title\" content=\"Archivo Noticias 2023 - gijonbasket\" \/>\n<meta property=\"og:description\" content=\"Archivo 2023\" \/>\n<meta property=\"og:url\" content=\"https:\/\/gijonbasket.com\/en\/archivo-noticias-2023\/\" \/>\n<meta property=\"og:site_name\" content=\"gijonbasket\" \/>\n<meta property=\"article:modified_time\" content=\"2024-12-30T09:07:25+00:00\" \/>\n<meta name=\"twitter:card\" content=\"summary_large_image\" \/>\n<meta name=\"twitter:label1\" content=\"Est. reading time\" \/>\n\t<meta name=\"twitter:data1\" content=\"291 minutes\" \/>\n<script type=\"application\/ld+json\" class=\"yoast-schema-graph\">{\"@context\":\"https:\/\/schema.org\",\"@graph\":[{\"@type\":\"WebPage\",\"@id\":\"https:\/\/gijonbasket.com\/archivo-noticias-2023\/\",\"url\":\"https:\/\/gijonbasket.com\/archivo-noticias-2023\/\",\"name\":\"Archivo Noticias 2023 - gijonbasket\",\"isPartOf\":{\"@id\":\"https:\/\/gijonbasket.com\/#website\"},\"datePublished\":\"2023-03-06T10:08:43+00:00\",\"dateModified\":\"2024-12-30T09:07:25+00:00\",\"breadcrumb\":{\"@id\":\"https:\/\/gijonbasket.com\/archivo-noticias-2023\/#breadcrumb\"},\"inLanguage\":\"en-US\",\"potentialAction\":[{\"@type\":\"ReadAction\",\"target\":[\"https:\/\/gijonbasket.com\/archivo-noticias-2023\/\"]}]},{\"@type\":\"BreadcrumbList\",\"@id\":\"https:\/\/gijonbasket.com\/archivo-noticias-2023\/#breadcrumb\",\"itemListElement\":[{\"@type\":\"ListItem\",\"position\":1,\"name\":\"Portada\",\"item\":\"https:\/\/gijonbasket.com\/\"},{\"@type\":\"ListItem\",\"position\":2,\"name\":\"Archivo Noticias 2023\"}]},{\"@type\":\"WebSite\",\"@id\":\"https:\/\/gijonbasket.com\/#website\",\"url\":\"https:\/\/gijonbasket.com\/\",\"name\":\"gijonbasket\",\"description\":\"\",\"publisher\":{\"@id\":\"https:\/\/gijonbasket.com\/#organization\"},\"potentialAction\":[{\"@type\":\"SearchAction\",\"target\":{\"@type\":\"EntryPoint\",\"urlTemplate\":\"https:\/\/gijonbasket.com\/?s={search_term_string}\"},\"query-input\":{\"@type\":\"PropertyValueSpecification\",\"valueRequired\":true,\"valueName\":\"search_term_string\"}}],\"inLanguage\":\"en-US\"},{\"@type\":\"Organization\",\"@id\":\"https:\/\/gijonbasket.com\/#organization\",\"name\":\"gijonbasket\",\"url\":\"https:\/\/gijonbasket.com\/\",\"logo\":{\"@type\":\"ImageObject\",\"inLanguage\":\"en-US\",\"@id\":\"https:\/\/gijonbasket.com\/#\/schema\/logo\/image\/\",\"url\":\"https:\/\/gijonbasket.com\/wp-content\/uploads\/2023\/03\/LogoGijonBasket2.jpg\",\"contentUrl\":\"https:\/\/gijonbasket.com\/wp-content\/uploads\/2023\/03\/LogoGijonBasket2.jpg\",\"width\":2000,\"height\":550,\"caption\":\"gijonbasket\"},\"image\":{\"@id\":\"https:\/\/gijonbasket.com\/#\/schema\/logo\/image\/\"}}]}<\/script>\n<!-- \/ Yoast SEO plugin. -->","yoast_head_json":{"title":"Archivo Noticias 2023 - gijonbasket","robots":{"index":"index","follow":"follow","max-snippet":"max-snippet:-1","max-image-preview":"max-image-preview:large","max-video-preview":"max-video-preview:-1"},"canonical":"https:\/\/gijonbasket.com\/en\/archivo-noticias-2023\/","og_locale":"en_US","og_type":"article","og_title":"Archivo Noticias 2023 - gijonbasket","og_description":"Archivo 2023","og_url":"https:\/\/gijonbasket.com\/en\/archivo-noticias-2023\/","og_site_name":"gijonbasket","article_modified_time":"2024-12-30T09:07:25+00:00","twitter_card":"summary_large_image","twitter_misc":{"Est. reading time":"291 minutes"},"schema":{"@context":"https:\/\/schema.org","@graph":[{"@type":"WebPage","@id":"https:\/\/gijonbasket.com\/archivo-noticias-2023\/","url":"https:\/\/gijonbasket.com\/archivo-noticias-2023\/","name":"Archivo Noticias 2023 - gijonbasket","isPartOf":{"@id":"https:\/\/gijonbasket.com\/#website"},"datePublished":"2023-03-06T10:08:43+00:00","dateModified":"2024-12-30T09:07:25+00:00","breadcrumb":{"@id":"https:\/\/gijonbasket.com\/archivo-noticias-2023\/#breadcrumb"},"inLanguage":"en-US","potentialAction":[{"@type":"ReadAction","target":["https:\/\/gijonbasket.com\/archivo-noticias-2023\/"]}]},{"@type":"BreadcrumbList","@id":"https:\/\/gijonbasket.com\/archivo-noticias-2023\/#breadcrumb","itemListElement":[{"@type":"ListItem","position":1,"name":"Portada","item":"https:\/\/gijonbasket.com\/"},{"@type":"ListItem","position":2,"name":"Archivo Noticias 2023"}]},{"@type":"WebSite","@id":"https:\/\/gijonbasket.com\/#website","url":"https:\/\/gijonbasket.com\/","name":"gijonbasket","description":"","publisher":{"@id":"https:\/\/gijonbasket.com\/#organization"},"potentialAction":[{"@type":"SearchAction","target":{"@type":"EntryPoint","urlTemplate":"https:\/\/gijonbasket.com\/?s={search_term_string}"},"query-input":{"@type":"PropertyValueSpecification","valueRequired":true,"valueName":"search_term_string"}}],"inLanguage":"en-US"},{"@type":"Organization","@id":"https:\/\/gijonbasket.com\/#organization","name":"gijonbasket","url":"https:\/\/gijonbasket.com\/","logo":{"@type":"ImageObject","inLanguage":"en-US","@id":"https:\/\/gijonbasket.com\/#\/schema\/logo\/image\/","url":"https:\/\/gijonbasket.com\/wp-content\/uploads\/2023\/03\/LogoGijonBasket2.jpg","contentUrl":"https:\/\/gijonbasket.com\/wp-content\/uploads\/2023\/03\/LogoGijonBasket2.jpg","width":2000,"height":550,"caption":"gijonbasket"},"image":{"@id":"https:\/\/gijonbasket.com\/#\/schema\/logo\/image\/"}}]}},"_links":{"self":[{"href":"https:\/\/gijonbasket.com\/en\/wp-json\/wp\/v2\/pages\/172","targetHints":{"allow":["GET"]}}],"collection":[{"href":"https:\/\/gijonbasket.com\/en\/wp-json\/wp\/v2\/pages"}],"about":[{"href":"https:\/\/gijonbasket.com\/en\/wp-json\/wp\/v2\/types\/page"}],"author":[{"embeddable":true,"href":"https:\/\/gijonbasket.com\/en\/wp-json\/wp\/v2\/users\/1"}],"replies":[{"embeddable":true,"href":"https:\/\/gijonbasket.com\/en\/wp-json\/wp\/v2\/comments?post=172"}],"version-history":[{"count":31,"href":"https:\/\/gijonbasket.com\/en\/wp-json\/wp\/v2\/pages\/172\/revisions"}],"predecessor-version":[{"id":5759,"href":"https:\/\/gijonbasket.com\/en\/wp-json\/wp\/v2\/pages\/172\/revisions\/5759"}],"wp:attachment":[{"href":"https:\/\/gijonbasket.com\/en\/wp-json\/wp\/v2\/media?parent=172"}],"curies":[{"name":"wp","href":"https:\/\/api.w.org\/{rel}","templated":true}]}}